{"id":10201,"date":"2021-10-08T08:59:25","date_gmt":"2021-10-08T08:59:25","guid":{"rendered":"https:\/\/tajkertesz.com\/?post_type=product&#038;p=10201"},"modified":"2022-12-07T14:11:58","modified_gmt":"2022-12-07T14:11:58","slug":"pinus-densiflora-jane-kluis-torpe-japan-erdeifenyo","status":"publish","type":"product","link":"https:\/\/tajkertesz.com\/en_US\/product\/pinus-densiflora-jane-kluis-torpe-japan-erdeifenyo\/","title":{"rendered":"Pinus densiflora &#8216;Jane Kluis&#8217; \u2013 T\u00f6rpe jap\u00e1n erdeifeny\u0151"},"content":{"rendered":"<h1 class=\"product-page-heading\"><span class=\"product-page-product-name\">Pinus densiflora &#8216;Jane Kluis&#8217; \u2013 T\u00f6rpe jap\u00e1n erdeifeny\u0151<\/span><\/h1>\n<p class=\"product-page-heading\"><span class=\"product-page-product-name\">Pinus densiflora &#8216;Jane Kluis&#8217; \u2013 T\u00f6rpe jap\u00e1n erdeifeny\u0151, igen dekorat\u00edv t\u00f6rpe erdeifeny\u0151 fajta. G\u00f6mb habitussal rendelkezik, mely az id\u0151k sor\u00e1n kisz\u00e9lesedik.Hajt\u00e1sai s\u0171r\u0171n \u00e9s t\u00f6m\u00f6tten \u00e1llnak, nagyon lassan n\u00f6vekszik, egy \u00e9v leforg\u00e1sa alatt mind\u00f6ssze 6-8 cm hajt\u00e1sn\u00f6veked\u00e9st hoz.Feln\u0151tt kor\u00e1ban is csak 1-1,5 m\u00e9ter magas, \u00e9s 1,5-2 m\u00e9ter sz\u00e9les, 4-6 cm hossz\u00fa t\u0171levelei vil\u00e1gosz\u00f6ld sz\u00edn\u0171ek, melyek az \u00e1gakon kettes csom\u00f3kban \u00fclnek.Napos helyre \u00fcltesse, j\u00f3 v\u00edzgazd\u00e1lkod\u00e1s\u00fa talajban fejl\u0151dik a legjobban.A sz\u00e1razs\u00e1got j\u00f3l t\u0171ri, a pang\u00f3 vizet azonban megs\u00ednyli, ak\u00e1r a pusztul\u00e1s\u00e1t is okozhatja.<br \/>\n<\/span><\/p>\n<p>M\u00e9rete: 40\/50 cm +f\u00f6ldlabda<\/p>\n<p>&nbsp;<\/p>\n<p><span style=\"font-family: 'Ubuntu',serif; color: black;\">K\u00e9szlet\u00fcnk napi szinten v\u00e1ltozik, ez\u00e9rt k\u00e9rj\u00fck, \u00e9rdekl\u0151dj\u00f6n szem\u00e9lyesen, telefonon vagy email-en.<\/span><\/p>\n<p style=\"line-height: 18.0pt; background: white; margin: 0cm 0cm 15.0pt 0cm;\"><b><span style=\"font-family: 'Ubuntu',serif; color: black;\">A v\u00e1ltoztat\u00e1s jog\u00e1t fenntartjuk!\u00a0<\/span><\/b><\/p>\n<p><a href=\"https:\/\/tajkertesz.com\/\">https:\/\/tajkertesz.com\/<\/a><\/p>\n<p><a href=\"https:\/\/www.facebook.com\/tajkertesz\">https:\/\/www.facebook.com\/tajkertesz<\/a><\/p>\n<p>Sz\u00e1ll\u00edt\u00e1s fut\u00e1rszolg\u00e1lattal 200 cm \u00e9s 40 kg-ig lehets\u00e9ges, ezen m\u00e9retek felett egyedi sz\u00e1ll\u00edt\u00e1s egyeztet\u00e9se sz\u00fcks\u00e9ges.<\/p>\n<p><strong><i><span style=\"color: #ffffff;\">A meleg \u00e1gy\u00e1s val\u00f3j\u00e1ban nem m\u00e1s mint egy vastag tr\u00e1gyar\u00e9teg besz\u00f3rva valamennyi f\u00f6lddel. A meleg\u00e1gy tr\u00e1gyakever\u00e9ke att\u00f3l f\u00fcgg milyen id\u0151tartamra k\u00e9ri a meleget a rajta termeszteni k\u00edv\u00e1nt n\u00f6v\u00e9nykult\u00fara. A l\u00f3tr\u00e1gya hirtelen ad sok meleget. Ez\u00e9rt ezt t\u00e9l v\u00e9ge fel\u00e9 alkalmazt\u00e1k. A marhatr\u00e1gya lassan ad kevesebb meleget, de huzamosabb ideig. A l\u00f3 \u00e9s szarvasmarha tr\u00e1gya kever\u00e9k\u00e9t annak megfelel\u0151en kevert\u00e9k be hogy t\u00f6bb meleg kellett hirtelen, vagy kevesebb meleg hosszabb t\u00e1von. Ha kev\u00e9s a szerves tr\u00e1gya a meleg\u00e1gy al\u00e1, akkor p\u00f3tolhat\u00f3 szalm\u00e1val, \u00e9s m\u0171tr\u00e1gy\u00e1val. A meleg\u00e1gy minden esetben fedhet\u0151 az \u00e9jjeli leh\u0171l\u00e9s megakad\u00e1lyoz\u00e1s\u00e1ra.A meleg \u00e1gy\u00e1s val\u00f3j\u00e1ban nem m\u00e1s mint egy vastag tr\u00e1gyar\u00e9teg besz\u00f3rva valamennyi f\u00f6lddel. A meleg\u00e1gy tr\u00e1gyakever\u00e9ke att\u00f3l f\u00fcgg milyen id\u0151tartamra k\u00e9ri a meleget a rajta termeszteni k\u00edv\u00e1nt n\u00f6v\u00e9nykult\u00fara. A l\u00f3tr\u00e1gya hirtelen ad sok meleget. Ez\u00e9rt ezt t\u00e9l v\u00e9ge fel\u00e9 alkalmazt\u00e1k. A marhatr\u00e1gya lassan ad kevesebb meleget, de huzamosabb ideig. A l\u00f3 \u00e9s szarvasmarha tr\u00e1gya kever\u00e9k\u00e9t annak megfelel\u0151en kevert\u00e9k be hogy t\u00f6bb meleg kellett hirtelen, vagy kevesebb meleg hosszabb t\u00e1von. Ha kev\u00e9s a szerves tr\u00e1gya a meleg\u00e1gy al\u00e1, akkor p\u00f3tolhat\u00f3 szalm\u00e1val, \u00e9s m\u0171tr\u00e1gy\u00e1val. A meleg\u00e1gy minden esetben fedhet\u0151 az \u00e9jjeli leh\u0171l\u00e9s megakad\u00e1lyoz\u00e1s\u00e1ra.<\/span><\/i><\/strong><\/p>","protected":false},"excerpt":{"rendered":"<p class=\"LC20lb DKV0Md\" style=\"text-align: center;\"><span class=\"product-page-product-name\">Pinus densiflora &#8216;Jane Kluis&#8217; \u2013 T\u00f6rpe jap\u00e1n erdeifeny\u0151<\/span><\/p>","protected":false},"featured_media":10202,"template":"","meta":{"_et_pb_use_builder":"","_et_pb_old_content":"","_et_gb_content_width":""},"product_brand":[],"product_cat":[4078],"product_tag":[2935],"class_list":{"0":"post-10201","1":"product","2":"type-product","3":"status-publish","4":"has-post-thumbnail","6":"product_cat-egyeb-fenyofekek","7":"product_tag-pinus-densiflora-jane-kluis-torpe-japan-erdeifenyo","9":"first","10":"outofstock","11":"shipping-taxable","12":"product-type-simple"},"yoast_head":"<!-- This site is optimized with the Yoast SEO plugin v27.5 - https:\/\/yoast.com\/product\/yoast-seo-wordpress\/ -->\n<title>Pinus densiflora &#039;Jane Kluis&#039; \u2013 T\u00f6rpe jap\u00e1n erdeifeny\u0151 - T\u00e1jkert\u00e9sz<\/title>\n<meta name=\"description\" content=\"Pinus densiflora &#039;Jane Kluis&#039; \u2013T\u00f6rpe jap\u00e1n erdeifeny\u0151. V\u00e1s\u00e1rolja meg kedvenc n\u00f6v\u00e9nyeit kert\u00e9szet\u00fcnkb\u0151l szem\u00e9lyesen, vagy web\u00e1ruh\u00e1zunkb\u00f3l h\u00e1zhozsz\u00e1ll\u00edt\u00e1ssal.\" \/>\n<meta name=\"robots\" content=\"index, follow, max-snippet:-1, max-image-preview:large, max-video-preview:-1\" \/>\n<link rel=\"canonical\" href=\"https:\/\/tajkertesz.com\/en_US\/product\/pinus-densiflora-jane-kluis-torpe-japan-erdeifenyo\/\" \/>\n<meta property=\"og:locale\" content=\"en_US\" \/>\n<meta property=\"og:type\" content=\"article\" \/>\n<meta property=\"og:title\" content=\"Pinus densiflora &#039;Jane Kluis&#039; \u2013 T\u00f6rpe jap\u00e1n erdeifeny\u0151 - T\u00e1jkert\u00e9sz\" \/>\n<meta property=\"og:description\" content=\"Pinus densiflora &#039;Jane Kluis&#039; \u2013T\u00f6rpe jap\u00e1n erdeifeny\u0151. V\u00e1s\u00e1rolja meg kedvenc n\u00f6v\u00e9nyeit kert\u00e9szet\u00fcnkb\u0151l szem\u00e9lyesen, vagy web\u00e1ruh\u00e1zunkb\u00f3l h\u00e1zhozsz\u00e1ll\u00edt\u00e1ssal.\" \/>\n<meta property=\"og:url\" content=\"https:\/\/tajkertesz.com\/en_US\/product\/pinus-densiflora-jane-kluis-torpe-japan-erdeifenyo\/\" \/>\n<meta property=\"og:site_name\" content=\"T\u00e1jkert\u00e9sz\" \/>\n<meta property=\"article:publisher\" content=\"https:\/\/www.facebook.com\/Tajkertesz\/\" \/>\n<meta property=\"article:modified_time\" content=\"2022-12-07T14:11:58+00:00\" \/>\n<meta property=\"og:image\" content=\"https:\/\/tajkertesz.com\/wp-content\/uploads\/2021\/10\/JaneKluisgarden.jpg\" \/>\n\t<meta property=\"og:image:width\" content=\"1600\" \/>\n\t<meta property=\"og:image:height\" content=\"1064\" \/>\n\t<meta property=\"og:image:type\" content=\"image\/jpeg\" \/>\n<meta name=\"twitter:card\" content=\"summary_large_image\" \/>\n<meta name=\"twitter:label1\" content=\"Est. reading time\" \/>\n\t<meta name=\"twitter:data1\" content=\"2 minutes\" \/>\n<script type=\"application\/ld+json\" class=\"yoast-schema-graph\">{\"@context\":\"https:\\\/\\\/schema.org\",\"@graph\":[{\"@type\":\"WebPage\",\"@id\":\"https:\\\/\\\/tajkertesz.com\\\/termek\\\/pinus-densiflora-jane-kluis-torpe-japan-erdeifenyo\\\/\",\"url\":\"https:\\\/\\\/tajkertesz.com\\\/termek\\\/pinus-densiflora-jane-kluis-torpe-japan-erdeifenyo\\\/\",\"name\":\"Pinus densiflora 'Jane Kluis' \u2013 T\u00f6rpe jap\u00e1n erdeifeny\u0151 - T\u00e1jkert\u00e9sz\",\"isPartOf\":{\"@id\":\"https:\\\/\\\/tajkertesz.com\\\/#website\"},\"primaryImageOfPage\":{\"@id\":\"https:\\\/\\\/tajkertesz.com\\\/termek\\\/pinus-densiflora-jane-kluis-torpe-japan-erdeifenyo\\\/#primaryimage\"},\"image\":{\"@id\":\"https:\\\/\\\/tajkertesz.com\\\/termek\\\/pinus-densiflora-jane-kluis-torpe-japan-erdeifenyo\\\/#primaryimage\"},\"thumbnailUrl\":\"https:\\\/\\\/tajkertesz.com\\\/wp-content\\\/uploads\\\/2021\\\/10\\\/JaneKluisgarden.jpg\",\"datePublished\":\"2021-10-08T08:59:25+00:00\",\"dateModified\":\"2022-12-07T14:11:58+00:00\",\"description\":\"Pinus densiflora 'Jane Kluis' \u2013T\u00f6rpe jap\u00e1n erdeifeny\u0151. V\u00e1s\u00e1rolja meg kedvenc n\u00f6v\u00e9nyeit kert\u00e9szet\u00fcnkb\u0151l szem\u00e9lyesen, vagy web\u00e1ruh\u00e1zunkb\u00f3l h\u00e1zhozsz\u00e1ll\u00edt\u00e1ssal.\",\"breadcrumb\":{\"@id\":\"https:\\\/\\\/tajkertesz.com\\\/termek\\\/pinus-densiflora-jane-kluis-torpe-japan-erdeifenyo\\\/#breadcrumb\"},\"inLanguage\":\"en-US\",\"potentialAction\":[{\"@type\":\"ReadAction\",\"target\":[\"https:\\\/\\\/tajkertesz.com\\\/termek\\\/pinus-densiflora-jane-kluis-torpe-japan-erdeifenyo\\\/\"]}]},{\"@type\":\"ImageObject\",\"inLanguage\":\"en-US\",\"@id\":\"https:\\\/\\\/tajkertesz.com\\\/termek\\\/pinus-densiflora-jane-kluis-torpe-japan-erdeifenyo\\\/#primaryimage\",\"url\":\"https:\\\/\\\/tajkertesz.com\\\/wp-content\\\/uploads\\\/2021\\\/10\\\/JaneKluisgarden.jpg\",\"contentUrl\":\"https:\\\/\\\/tajkertesz.com\\\/wp-content\\\/uploads\\\/2021\\\/10\\\/JaneKluisgarden.jpg\",\"width\":1600,\"height\":1064},{\"@type\":\"BreadcrumbList\",\"@id\":\"https:\\\/\\\/tajkertesz.com\\\/termek\\\/pinus-densiflora-jane-kluis-torpe-japan-erdeifenyo\\\/#breadcrumb\",\"itemListElement\":[{\"@type\":\"ListItem\",\"position\":1,\"name\":\"Home\",\"item\":\"https:\\\/\\\/tajkertesz.com\\\/\"},{\"@type\":\"ListItem\",\"position\":2,\"name\":\"Kezd\u0151lap\",\"item\":\"https:\\\/\\\/tajkertesz.com\\\/\"},{\"@type\":\"ListItem\",\"position\":3,\"name\":\"Pinus densiflora &#8216;Jane Kluis&#8217; \u2013 T\u00f6rpe jap\u00e1n erdeifeny\u0151\"}]},{\"@type\":\"WebSite\",\"@id\":\"https:\\\/\\\/tajkertesz.com\\\/#website\",\"url\":\"https:\\\/\\\/tajkertesz.com\\\/\",\"name\":\"T\u00e1j-Kert\u00e9sz 84 Kft.\",\"description\":\"Kert\u00e9szeti kis- \u00e9s nagykeresked\u00e9s, D\u00edszn\u00f6v\u00e9ny web\u00e1ruh\u00e1z orsz\u00e1gos h\u00e1zhozsz\u00e1ll\u00edt\u00e1ssal!\",\"publisher\":{\"@id\":\"https:\\\/\\\/tajkertesz.com\\\/#organization\"},\"potentialAction\":[{\"@type\":\"SearchAction\",\"target\":{\"@type\":\"EntryPoint\",\"urlTemplate\":\"https:\\\/\\\/tajkertesz.com\\\/?s={search_term_string}\"},\"query-input\":{\"@type\":\"PropertyValueSpecification\",\"valueRequired\":true,\"valueName\":\"search_term_string\"}}],\"inLanguage\":\"en-US\"},{\"@type\":\"Organization\",\"@id\":\"https:\\\/\\\/tajkertesz.com\\\/#organization\",\"name\":\"T\u00e1j-Kert\u00e9sz 84 Kft.\",\"url\":\"https:\\\/\\\/tajkertesz.com\\\/\",\"logo\":{\"@type\":\"ImageObject\",\"inLanguage\":\"en-US\",\"@id\":\"https:\\\/\\\/tajkertesz.com\\\/#\\\/schema\\\/logo\\\/image\\\/\",\"url\":\"https:\\\/\\\/tajkertesz.com\\\/wp-content\\\/uploads\\\/2018\\\/02\\\/logo-2-e1518678052539.png\",\"contentUrl\":\"https:\\\/\\\/tajkertesz.com\\\/wp-content\\\/uploads\\\/2018\\\/02\\\/logo-2-e1518678052539.png\",\"width\":81,\"height\":140,\"caption\":\"T\u00e1j-Kert\u00e9sz 84 Kft.\"},\"image\":{\"@id\":\"https:\\\/\\\/tajkertesz.com\\\/#\\\/schema\\\/logo\\\/image\\\/\"},\"sameAs\":[\"https:\\\/\\\/www.facebook.com\\\/Tajkertesz\\\/\"]}]}<\/script>\n<!-- \/ Yoast SEO plugin. -->","yoast_head_json":{"title":"Pinus densiflora 'Jane Kluis' \u2013 T\u00f6rpe jap\u00e1n erdeifeny\u0151 - T\u00e1jkert\u00e9sz","description":"Pinus densiflora 'Jane Kluis' \u2013T\u00f6rpe jap\u00e1n erdeifeny\u0151. V\u00e1s\u00e1rolja meg kedvenc n\u00f6v\u00e9nyeit kert\u00e9szet\u00fcnkb\u0151l szem\u00e9lyesen, vagy web\u00e1ruh\u00e1zunkb\u00f3l h\u00e1zhozsz\u00e1ll\u00edt\u00e1ssal.","robots":{"index":"index","follow":"follow","max-snippet":"max-snippet:-1","max-image-preview":"max-image-preview:large","max-video-preview":"max-video-preview:-1"},"canonical":"https:\/\/tajkertesz.com\/en_US\/product\/pinus-densiflora-jane-kluis-torpe-japan-erdeifenyo\/","og_locale":"en_US","og_type":"article","og_title":"Pinus densiflora 'Jane Kluis' \u2013 T\u00f6rpe jap\u00e1n erdeifeny\u0151 - T\u00e1jkert\u00e9sz","og_description":"Pinus densiflora 'Jane Kluis' \u2013T\u00f6rpe jap\u00e1n erdeifeny\u0151. V\u00e1s\u00e1rolja meg kedvenc n\u00f6v\u00e9nyeit kert\u00e9szet\u00fcnkb\u0151l szem\u00e9lyesen, vagy web\u00e1ruh\u00e1zunkb\u00f3l h\u00e1zhozsz\u00e1ll\u00edt\u00e1ssal.","og_url":"https:\/\/tajkertesz.com\/en_US\/product\/pinus-densiflora-jane-kluis-torpe-japan-erdeifenyo\/","og_site_name":"T\u00e1jkert\u00e9sz","article_publisher":"https:\/\/www.facebook.com\/Tajkertesz\/","article_modified_time":"2022-12-07T14:11:58+00:00","og_image":[{"width":1600,"height":1064,"url":"https:\/\/tajkertesz.com\/wp-content\/uploads\/2021\/10\/JaneKluisgarden.jpg","type":"image\/jpeg"}],"twitter_card":"summary_large_image","twitter_misc":{"Est. reading time":"2 minutes"},"schema":{"@context":"https:\/\/schema.org","@graph":[{"@type":"WebPage","@id":"https:\/\/tajkertesz.com\/termek\/pinus-densiflora-jane-kluis-torpe-japan-erdeifenyo\/","url":"https:\/\/tajkertesz.com\/termek\/pinus-densiflora-jane-kluis-torpe-japan-erdeifenyo\/","name":"Pinus densiflora 'Jane Kluis' \u2013 T\u00f6rpe jap\u00e1n erdeifeny\u0151 - T\u00e1jkert\u00e9sz","isPartOf":{"@id":"https:\/\/tajkertesz.com\/#website"},"primaryImageOfPage":{"@id":"https:\/\/tajkertesz.com\/termek\/pinus-densiflora-jane-kluis-torpe-japan-erdeifenyo\/#primaryimage"},"image":{"@id":"https:\/\/tajkertesz.com\/termek\/pinus-densiflora-jane-kluis-torpe-japan-erdeifenyo\/#primaryimage"},"thumbnailUrl":"https:\/\/tajkertesz.com\/wp-content\/uploads\/2021\/10\/JaneKluisgarden.jpg","datePublished":"2021-10-08T08:59:25+00:00","dateModified":"2022-12-07T14:11:58+00:00","description":"Pinus densiflora 'Jane Kluis' \u2013T\u00f6rpe jap\u00e1n erdeifeny\u0151. V\u00e1s\u00e1rolja meg kedvenc n\u00f6v\u00e9nyeit kert\u00e9szet\u00fcnkb\u0151l szem\u00e9lyesen, vagy web\u00e1ruh\u00e1zunkb\u00f3l h\u00e1zhozsz\u00e1ll\u00edt\u00e1ssal.","breadcrumb":{"@id":"https:\/\/tajkertesz.com\/termek\/pinus-densiflora-jane-kluis-torpe-japan-erdeifenyo\/#breadcrumb"},"inLanguage":"en-US","potentialAction":[{"@type":"ReadAction","target":["https:\/\/tajkertesz.com\/termek\/pinus-densiflora-jane-kluis-torpe-japan-erdeifenyo\/"]}]},{"@type":"ImageObject","inLanguage":"en-US","@id":"https:\/\/tajkertesz.com\/termek\/pinus-densiflora-jane-kluis-torpe-japan-erdeifenyo\/#primaryimage","url":"https:\/\/tajkertesz.com\/wp-content\/uploads\/2021\/10\/JaneKluisgarden.jpg","contentUrl":"https:\/\/tajkertesz.com\/wp-content\/uploads\/2021\/10\/JaneKluisgarden.jpg","width":1600,"height":1064},{"@type":"BreadcrumbList","@id":"https:\/\/tajkertesz.com\/termek\/pinus-densiflora-jane-kluis-torpe-japan-erdeifenyo\/#breadcrumb","itemListElement":[{"@type":"ListItem","position":1,"name":"Home","item":"https:\/\/tajkertesz.com\/"},{"@type":"ListItem","position":2,"name":"Kezd\u0151lap","item":"https:\/\/tajkertesz.com\/"},{"@type":"ListItem","position":3,"name":"Pinus densiflora &#8216;Jane Kluis&#8217; \u2013 T\u00f6rpe jap\u00e1n erdeifeny\u0151"}]},{"@type":"WebSite","@id":"https:\/\/tajkertesz.com\/#website","url":"https:\/\/tajkertesz.com\/","name":"T\u00e1j-Kert\u00e9sz 84 Kft.","description":"Kert\u00e9szeti kis- \u00e9s nagykeresked\u00e9s, D\u00edszn\u00f6v\u00e9ny web\u00e1ruh\u00e1z orsz\u00e1gos h\u00e1zhozsz\u00e1ll\u00edt\u00e1ssal!","publisher":{"@id":"https:\/\/tajkertesz.com\/#organization"},"potentialAction":[{"@type":"SearchAction","target":{"@type":"EntryPoint","urlTemplate":"https:\/\/tajkertesz.com\/?s={search_term_string}"},"query-input":{"@type":"PropertyValueSpecification","valueRequired":true,"valueName":"search_term_string"}}],"inLanguage":"en-US"},{"@type":"Organization","@id":"https:\/\/tajkertesz.com\/#organization","name":"T\u00e1j-Kert\u00e9sz 84 Kft.","url":"https:\/\/tajkertesz.com\/","logo":{"@type":"ImageObject","inLanguage":"en-US","@id":"https:\/\/tajkertesz.com\/#\/schema\/logo\/image\/","url":"https:\/\/tajkertesz.com\/wp-content\/uploads\/2018\/02\/logo-2-e1518678052539.png","contentUrl":"https:\/\/tajkertesz.com\/wp-content\/uploads\/2018\/02\/logo-2-e1518678052539.png","width":81,"height":140,"caption":"T\u00e1j-Kert\u00e9sz 84 Kft."},"image":{"@id":"https:\/\/tajkertesz.com\/#\/schema\/logo\/image\/"},"sameAs":["https:\/\/www.facebook.com\/Tajkertesz\/"]}]}},"_links":{"self":[{"href":"https:\/\/tajkertesz.com\/en_US\/wp-json\/wp\/v2\/product\/10201","targetHints":{"allow":["GET"]}}],"collection":[{"href":"https:\/\/tajkertesz.com\/en_US\/wp-json\/wp\/v2\/product"}],"about":[{"href":"https:\/\/tajkertesz.com\/en_US\/wp-json\/wp\/v2\/types\/product"}],"wp:featuredmedia":[{"embeddable":true,"href":"https:\/\/tajkertesz.com\/en_US\/wp-json\/wp\/v2\/media\/10202"}],"wp:attachment":[{"href":"https:\/\/tajkertesz.com\/en_US\/wp-json\/wp\/v2\/media?parent=10201"}],"wp:term":[{"taxonomy":"product_brand","embeddable":true,"href":"https:\/\/tajkertesz.com\/en_US\/wp-json\/wp\/v2\/product_brand?post=10201"},{"taxonomy":"product_cat","embeddable":true,"href":"https:\/\/tajkertesz.com\/en_US\/wp-json\/wp\/v2\/product_cat?post=10201"},{"taxonomy":"product_tag","embeddable":true,"href":"https:\/\/tajkertesz.com\/en_US\/wp-json\/wp\/v2\/product_tag?post=10201"}],"curies":[{"name":"wp","href":"https:\/\/api.w.org\/{rel}","templated":true}]}}