{"id":10398,"date":"2024-10-30T08:05:54","date_gmt":"2024-10-30T08:05:54","guid":{"rendered":"https:\/\/tajkertesz.com\/?post_type=product&#038;p=10398"},"modified":"2026-03-09T11:57:02","modified_gmt":"2026-03-09T11:57:02","slug":"rubus-idaeus-fertodi-zamatos-malna","status":"publish","type":"product","link":"https:\/\/tajkertesz.com\/en_US\/product\/rubus-idaeus-fertodi-zamatos-malna\/","title":{"rendered":"Rubus idaeus &#8216;Fert\u0151di Zamatos&#8217; \u2013 M\u00e1lna"},"content":{"rendered":"<h1 class=\"LC20lb DKV0Md\">Rubus idaeus &#8216;Fert\u0151di Zamatos&#8217; \u2013 M\u00e1lna<\/h1>\n<p>A Rubus idaeus &#8216;Fert\u0151di Zamatos&#8217; \u2013 M\u00e1lna egy kiv\u00e1l\u00f3 min\u0151s\u00e9g\u0171, rezisztens fajta, amelyet Dr. Koll\u00e1nyi L\u00e1szl\u00f3 \u00e9s munkat\u00e1rsai nemes\u00edtettek a Fert\u0151di Kutat\u00f3 Int\u00e9zetben 1978-ban. Ez a fajta az \u2018F. Hung\u00e1ria\u2019 \u00e9s a \u2018Canby\u2019 fajt\u00e1k keresztez\u00e9s\u00e9vel j\u00f6tt l\u00e9tre, \u00e9s 1986-ban kapott \u00e1llami elismer\u00e9st. Magyarorsz\u00e1gon piacvezet\u0151, \u00e9s Eur\u00f3pa t\u00f6bb orsz\u00e1g\u00e1ban, valamint K\u00edn\u00e1ban is nagy ter\u00fcleteken termesztik.<\/p>\n<h2>A Rubus idaeus &#8216;Fert\u0151di Zamatos&#8217; jellemz\u0151i<\/h2>\n<p>Er\u0151teljes n\u00f6veked\u00e9s\u0171, kifejlett magass\u00e1ga 1,5-1,8 m\u00e9ter. A n\u00f6v\u00e9ny gazdagon sarjadzik \u00e9s rendk\u00edv\u00fcl j\u00f3l meg\u00fajul.<\/p>\n<p>A m\u00e1lna levelei \u00e9l\u00e9nkz\u00f6ldek, \u00f6sszetettek, jellemz\u0151en h\u00e1rom, ritk\u00e1bban \u00f6t tag\u00faak. A gy\u00fcm\u00f6lcs j\u00fanius k\u00f6zep\u00e9t\u0151l augusztusig \u00e9rik, k\u00f6z\u00e9pnagy (3,4 g), g\u00f6mb\u00f6lyded, f\u00e9nyes, kem\u00e9ny, s\u00f6t\u00e9tpiros \u00e9s gurul\u00f3s. A gy\u00fcm\u00f6lcs\u00f6k puhul\u00e1sra kev\u00e9sb\u00e9 hajlamosak, k\u00f6nnyen sz\u00fcretelhet\u0151k, \u00e9s szed\u00e9s k\u00f6zben nem morzsol\u00f3dnak sz\u00e9t. H\u00fasa l\u00e9d\u00fas, kellemes m\u00e1lna\u00edz\u0171, zamatos, harmonikusan \u00e9des-savanyk\u00e1s. Friss fogyaszt\u00e1sra, konyhai feldolgoz\u00e1sra (lekv\u00e1r, bef\u0151tt, gy\u00fcm\u00f6lcsl\u00e9, s\u00fctem\u00e9nyek) \u00e9s fagyaszt\u00e1sra kiv\u00e1l\u00f3an alkalmas.<\/p>\n<h3>A\u00a0 m\u00e1lna gondoz\u00e1sa<\/h3>\n<p>A\u00a0 m\u00e1lna j\u00f3 v\u00edz- \u00e9s leveg\u0151gazd\u00e1lkod\u00e1s\u00fa, humuszban \u00e9s t\u00e1panyagban gazdag, k\u00f6z\u00e9pk\u00f6t\u00f6tt talajt ig\u00e9nyel. K\u00f6zepes f\u00e9ny- \u00e9s h\u0151ig\u00e9ny\u0171, sz\u00e9lv\u00e9dett, napos vagy f\u00e9l\u00e1rny\u00e9kos fekv\u00e9sben fejl\u0151dik a legszebben.<\/p>\n<h4><strong>\ud83d\udd04 K\u00e9szletinform\u00e1ci\u00f3<\/strong><\/h4>\n<p><strong>K\u00e9szlet\u00fcnk napi szinten v\u00e1ltozik, \u00edgy a webshopban szerepl<\/strong><strong>\u0151<\/strong><strong>\u00a0term\u00e9kek el\u00e9rhet<\/strong><strong>\u0151<\/strong><strong>s\u00e9ge nem garant\u00e1lt.<br \/>\n\ud83d\udcde A megrendel\u00e9s el<\/strong><strong>\u0151<\/strong><strong>tt k\u00e9rj\u00fck, \u00e9rdekl<\/strong><strong>\u0151<\/strong><strong>dj\u00f6n szem\u00e9lyesen, telefonon vagy e-mailben!<\/strong><\/p>\n<h4><strong>\u27a1\ufe0f Kapcsolat:<\/strong><\/h4>\n<ul>\n<li><strong>Weboldal:\u00a0<\/strong><a href=\"https:\/\/tajkertesz.com\/\"><strong>tajkertesz.com<\/strong><\/a><\/li>\n<li><strong>Facebook:\u00a0<\/strong><a href=\"https:\/\/www.facebook.com\/tajkertesz\/\"><strong>facebook.com\/tajkertesz<\/strong><\/a><\/li>\n<li><strong>Telefonsz\u00e1m, e-mail: +36\/20-319-3770\u00a0<\/strong><a href=\"mailto:tajkerteszaruda@gmail.com\"><strong>tajkerteszaruda@gmail.com<\/strong><\/a><\/li>\n<\/ul>\n<h4><strong>\ud83d\ude9a Sz\u00e1ll\u00edt\u00e1si inform\u00e1ci\u00f3k<\/strong><\/h4>\n<p><strong>A megrendelt n\u00f6v\u00e9nyek kisz\u00e1ll\u00edt\u00e1sa az al\u00e1bbi felt\u00e9telek mellett t\u00f6rt\u00e9nik:<\/strong><\/p>\n<h4><strong>\ud83d\udce6 Fut\u00e1rszolg\u00e1latos sz\u00e1ll\u00edt\u00e1s<\/strong><\/h4>\n<ul>\n<li><strong>Maxim\u00e1lis m\u00e9ret: 200 cm (hossz\u00fas\u00e1g)<\/strong><\/li>\n<li><strong>Maxim\u00e1lis s\u00faly: 40 kg<\/strong><\/li>\n<li><strong>Az enn\u00e9l kisebb \u00e9s k\u00f6nnyebb csomagokat fut\u00e1rszolg\u00e1lattal k\u00e9zbes\u00edtj\u00fck a lehet<\/strong><strong>\u0151<\/strong><strong>\u00a0legbiztons\u00e1gosabb csomagol\u00e1sban.<\/strong><\/li>\n<\/ul>\n<h4><strong>\ud83d\udefb Szem\u00e9lyes \u00e1tv\u00e9tel<\/strong><\/h4>\n<ul>\n<li><strong>1173 Budapest, Bakancsos utca 7. sz\u00e1m alatt nyitvatart\u00e1si id<\/strong><strong>\u0151<\/strong><strong>ben szem\u00e9lyesen \u00e1tvehet<\/strong><strong>\u0151<\/strong><strong>\u00a0kert\u00e9szeti \u00e1rud\u00e1nkban.<\/strong><\/li>\n<li><strong>K\u00f6lts\u00e9ghat\u00e9kony megold\u00e1s nagyobb, t\u00f6r\u00e9kenyebb vagy t\u00falm\u00e9retes n\u00f6v\u00e9nyek eset\u00e9n.<\/strong><\/li>\n<\/ul>\n<h4><strong>\ud83d\udcde Nagy m\u00e9ret<\/strong><strong>\u0171<\/strong><strong>\u00a0vagy s\u00faly\u00fa n\u00f6v\u00e9nyek eset\u00e9n<\/strong><\/h4>\n<p><strong>Ha a term\u00e9k:<\/strong><\/p>\n<ul>\n<li><strong>meghaladja a 200 cm hossz\u00fas\u00e1got vagy<\/strong><\/li>\n<li><strong>meghaladja a 40 kg s\u00falyt,<\/strong><\/li>\n<\/ul>\n<p><strong>akkor szem\u00e9lyes \u00e1tv\u00e9tellel vagy egyedi, el<\/strong><strong>\u0151<\/strong><strong>re egyeztetett sz\u00e1ll\u00edt\u00e1si felt\u00e9telek mellett t\u00f6rt\u00e9nik.<br \/>\nK\u00e9rj\u00fck, ilyen esetben rendel\u00e9s el<\/strong><strong>\u0151<\/strong><strong>tt vegye fel vel\u00fcnk a kapcsolatot, hogy a lehet<\/strong><strong>\u0151<\/strong><strong>\u00a0legmegfelel<\/strong><strong>\u0151<\/strong><strong>bb sz\u00e1ll\u00edt\u00e1si megold\u00e1st k\u00edn\u00e1lhassuk.<\/strong><\/p>\n<p><strong>\ud83d\udd14 Fontos: A n\u00f6v\u00e9nyeket minden esetben igyeksz\u00fcnk gondosan, egyes\u00e9vel csomagolni, azonban a sz\u00e1ll\u00edt\u00e1s sor\u00e1n kisebb eszt\u00e9tikai s\u00e9r\u00fcl\u00e9sek el<\/strong><strong>\u0151<\/strong><strong>fordulhatnak (pl. lev\u00e9lhull\u00e1s). Ez nem min<\/strong><strong>\u0151<\/strong><strong>s\u00fcl hib\u00e1s teljes\u00edt\u00e9snek.<\/strong><\/p>\n<h4><strong>\ud83d\udcf7 Fontos tudni a k\u00e9pekr<\/strong><strong>\u0151<\/strong><strong>l<\/strong><\/h4>\n<p><strong>A webshopban szerepl<\/strong><strong>\u0151<\/strong><strong>\u00a0k\u00e9pek illusztr\u00e1ci\u00f3k, a n\u00f6v\u00e9nyek term\u00e9szet\u00fckn\u00e9l fogva egyediek, \u00edgy m\u00e9retben, alakban \u00e9s sz\u00ednben minim\u00e1lis elt\u00e9r\u00e9sek el<\/strong><strong>\u0151<\/strong><strong>fordulhatnak a k\u00e9pen l\u00e1that\u00f3 \u00e9s a val\u00f3s p\u00e9ld\u00e1nyok k\u00f6z\u00f6tt.<\/strong><\/p>\n<h4><strong>\ud83e\uddfe \u00c1rak \u00e9s el\u00e1ll\u00e1si jog<\/strong><\/h4>\n<ul>\n<li><strong>Az \u00e1rak egy darab\u00a0n\u00f6v\u00e9nyre vonatkoznak.<\/strong><\/li>\n<li><strong>\u00c9l<\/strong><strong>\u0151<\/strong><strong>\u00a0n\u00f6v\u00e9nyek rendel\u00e9se eset\u00e9n a 14 napos el\u00e1ll\u00e1s joga nem \u00e9rv\u00e9nyes\u00edthet<\/strong><strong>\u0151<\/strong><strong>, mivel azok romland\u00f3, biol\u00f3giailag \u00e9l<\/strong><strong>\u0151<\/strong><strong>\u00a0term\u00e9keknek min<\/strong><strong>\u0151<\/strong><strong>s\u00fclnek.<br \/>\n\ud83d\udd12 (17\/1999. (II. 5.) Korm. rendelet 5. \u00a7 c) pontja alapj\u00e1n)<\/strong><\/li>\n<\/ul>\n<h4><strong>\ud83d\udce6 K\u00e9zbes\u00edt\u00e9s ut\u00e1ni teend<\/strong><strong>\u0151<\/strong><strong>k<\/strong><\/h4>\n<p><strong>A k\u00e9zbes\u00edt\u00e9st k\u00f6vet<\/strong><strong>\u0151<\/strong><strong>en a csomagot azonnal bontsuk ki, \u00e9s a n\u00f6v\u00e9nyt helyezz\u00fck el megfelel<\/strong><strong>\u0151<\/strong><strong>\u00a0k\u00f6rnyezetben.<br \/>\nFontos: ha a n\u00f6v\u00e9ny nem r\u00e9szes\u00fcl megfelel<\/strong><strong>\u0151<\/strong><strong>\u00a0gondoz\u00e1sban \u00e9s ennek k\u00f6vetkezt\u00e9ben k\u00e1rosodik vagy elpusztul, felel<\/strong><strong>\u0151<\/strong><strong>ss\u00e9get nem tudunk v\u00e1llalni.<\/strong><\/p>\n<p><strong>\u00a0<\/strong><\/p>","protected":false},"excerpt":{"rendered":"<p>A Rubus idaeus &#8216;Fert\u0151di Zamatos&#8217; magyar nemes\u00edt\u00e9s\u0171, rendk\u00edv\u00fcl b\u0151term\u0151 m\u00e1lnafajta. Nagy, \u00e9des \u00e9s arom\u00e1s bogy\u00f3kat terem j\u00fanius\u2013j\u00falius h\u00f3napban. Er\u0151s n\u00f6veked\u00e9s\u0171, ig\u00e9nytelen, h\u00e1zikertbe \u00e9s \u00fcltetv\u00e9nybe egyar\u00e1nt kiv\u00e1l\u00f3.<\/p>\n<p>M\u00e9rete: 9&#215;9 cm csere\u00e9pben, 5\/10 cm magas.<\/p>","protected":false},"featured_media":10401,"template":"","meta":{"_et_pb_use_builder":"","_et_pb_old_content":"","_et_gb_content_width":""},"product_brand":[],"product_cat":[5384],"product_tag":[7055,7319,7726,7061,7724,726,7320,7725,7723,7727],"class_list":{"0":"post-10398","1":"product","2":"type-product","3":"status-publish","4":"has-post-thumbnail","6":"product_cat-malna","7":"product_tag-bogyos-gyumolcs","8":"product_tag-botermo-malna","9":"product_tag-edes-malna","10":"product_tag-gyumolcstermo-noveny","11":"product_tag-magyar-malna-fajta","12":"product_tag-malna","13":"product_tag-nagy-szemu-malna","14":"product_tag-nyari-eresu-malna","15":"product_tag-rubus-idaeus-fertodi-zamatos","16":"product_tag-ultetvenybe-valo-malna","18":"first","19":"outofstock","20":"shipping-taxable","21":"purchasable","22":"product-type-simple"},"yoast_head":"<!-- This site is optimized with the Yoast SEO plugin v27.5 - https:\/\/yoast.com\/product\/yoast-seo-wordpress\/ -->\n<title>Rubus idaeus &#039;Fert\u0151di Zamatos&#039; \u2013 M\u00e1lna - T\u00e1jkert\u00e9sz<\/title>\n<meta name=\"description\" content=\"Rubus idaeus &#039;Fert\u0151di Zamatos&#039; \u2013 M\u00e1lna j\u00fanius k\u00f6zep\u00e9t\u0151l augusztusig \u00e9rik, k\u00f6z\u00e9pnagy, g\u00f6mb\u00f6lyded, f\u00e9nyes, kem\u00e9ny, s\u00f6t\u00e9tpiros \u00e9s gurul\u00f3s.\" \/>\n<meta name=\"robots\" content=\"index, follow, max-snippet:-1, max-image-preview:large, max-video-preview:-1\" \/>\n<link rel=\"canonical\" href=\"https:\/\/tajkertesz.com\/en_US\/product\/rubus-idaeus-fertodi-zamatos-malna\/\" \/>\n<meta property=\"og:locale\" content=\"en_US\" \/>\n<meta property=\"og:type\" content=\"article\" \/>\n<meta property=\"og:title\" content=\"Rubus idaeus &#039;Fert\u0151di Zamatos&#039; \u2013 M\u00e1lna - T\u00e1jkert\u00e9sz\" \/>\n<meta property=\"og:description\" content=\"Rubus idaeus &#039;Fert\u0151di Zamatos&#039; \u2013 M\u00e1lna j\u00fanius k\u00f6zep\u00e9t\u0151l augusztusig \u00e9rik, k\u00f6z\u00e9pnagy, g\u00f6mb\u00f6lyded, f\u00e9nyes, kem\u00e9ny, s\u00f6t\u00e9tpiros \u00e9s gurul\u00f3s.\" \/>\n<meta property=\"og:url\" content=\"https:\/\/tajkertesz.com\/en_US\/product\/rubus-idaeus-fertodi-zamatos-malna\/\" \/>\n<meta property=\"og:site_name\" content=\"T\u00e1jkert\u00e9sz\" \/>\n<meta property=\"article:publisher\" content=\"https:\/\/www.facebook.com\/Tajkertesz\/\" \/>\n<meta property=\"article:modified_time\" content=\"2026-03-09T11:57:02+00:00\" \/>\n<meta property=\"og:image\" content=\"https:\/\/tajkertesz.com\/wp-content\/uploads\/2021\/10\/fertodi-zamatos-malna.jpg\" \/>\n\t<meta property=\"og:image:width\" content=\"670\" \/>\n\t<meta property=\"og:image:height\" content=\"564\" \/>\n\t<meta property=\"og:image:type\" content=\"image\/jpeg\" \/>\n<meta name=\"twitter:card\" content=\"summary_large_image\" \/>\n<meta name=\"twitter:label1\" content=\"Est. reading time\" \/>\n\t<meta name=\"twitter:data1\" content=\"3 minutes\" \/>\n<script type=\"application\/ld+json\" class=\"yoast-schema-graph\">{\"@context\":\"https:\\\/\\\/schema.org\",\"@graph\":[{\"@type\":\"WebPage\",\"@id\":\"https:\\\/\\\/tajkertesz.com\\\/termek\\\/rubus-idaeus-fertodi-zamatos-malna\\\/\",\"url\":\"https:\\\/\\\/tajkertesz.com\\\/termek\\\/rubus-idaeus-fertodi-zamatos-malna\\\/\",\"name\":\"Rubus idaeus 'Fert\u0151di Zamatos' \u2013 M\u00e1lna - T\u00e1jkert\u00e9sz\",\"isPartOf\":{\"@id\":\"https:\\\/\\\/tajkertesz.com\\\/#website\"},\"primaryImageOfPage\":{\"@id\":\"https:\\\/\\\/tajkertesz.com\\\/termek\\\/rubus-idaeus-fertodi-zamatos-malna\\\/#primaryimage\"},\"image\":{\"@id\":\"https:\\\/\\\/tajkertesz.com\\\/termek\\\/rubus-idaeus-fertodi-zamatos-malna\\\/#primaryimage\"},\"thumbnailUrl\":\"https:\\\/\\\/tajkertesz.com\\\/wp-content\\\/uploads\\\/2021\\\/10\\\/fertodi-zamatos-malna.jpg\",\"datePublished\":\"2024-10-30T08:05:54+00:00\",\"dateModified\":\"2026-03-09T11:57:02+00:00\",\"description\":\"Rubus idaeus 'Fert\u0151di Zamatos' \u2013 M\u00e1lna j\u00fanius k\u00f6zep\u00e9t\u0151l augusztusig \u00e9rik, k\u00f6z\u00e9pnagy, g\u00f6mb\u00f6lyded, f\u00e9nyes, kem\u00e9ny, s\u00f6t\u00e9tpiros \u00e9s gurul\u00f3s.\",\"breadcrumb\":{\"@id\":\"https:\\\/\\\/tajkertesz.com\\\/termek\\\/rubus-idaeus-fertodi-zamatos-malna\\\/#breadcrumb\"},\"inLanguage\":\"en-US\",\"potentialAction\":[{\"@type\":\"ReadAction\",\"target\":[\"https:\\\/\\\/tajkertesz.com\\\/termek\\\/rubus-idaeus-fertodi-zamatos-malna\\\/\"]}]},{\"@type\":\"ImageObject\",\"inLanguage\":\"en-US\",\"@id\":\"https:\\\/\\\/tajkertesz.com\\\/termek\\\/rubus-idaeus-fertodi-zamatos-malna\\\/#primaryimage\",\"url\":\"https:\\\/\\\/tajkertesz.com\\\/wp-content\\\/uploads\\\/2021\\\/10\\\/fertodi-zamatos-malna.jpg\",\"contentUrl\":\"https:\\\/\\\/tajkertesz.com\\\/wp-content\\\/uploads\\\/2021\\\/10\\\/fertodi-zamatos-malna.jpg\",\"width\":670,\"height\":564,\"caption\":\"Rubus idaeus 'Fert\u0151di Zamatos' \u2013 M\u00e1lna\"},{\"@type\":\"BreadcrumbList\",\"@id\":\"https:\\\/\\\/tajkertesz.com\\\/termek\\\/rubus-idaeus-fertodi-zamatos-malna\\\/#breadcrumb\",\"itemListElement\":[{\"@type\":\"ListItem\",\"position\":1,\"name\":\"Home\",\"item\":\"https:\\\/\\\/tajkertesz.com\\\/\"},{\"@type\":\"ListItem\",\"position\":2,\"name\":\"Kezd\u0151lap\",\"item\":\"https:\\\/\\\/tajkertesz.com\\\/\"},{\"@type\":\"ListItem\",\"position\":3,\"name\":\"Rubus idaeus &#8216;Fert\u0151di Zamatos&#8217; \u2013 M\u00e1lna\"}]},{\"@type\":\"WebSite\",\"@id\":\"https:\\\/\\\/tajkertesz.com\\\/#website\",\"url\":\"https:\\\/\\\/tajkertesz.com\\\/\",\"name\":\"T\u00e1j-Kert\u00e9sz 84 Kft.\",\"description\":\"Kert\u00e9szeti kis- \u00e9s nagykeresked\u00e9s, D\u00edszn\u00f6v\u00e9ny web\u00e1ruh\u00e1z orsz\u00e1gos h\u00e1zhozsz\u00e1ll\u00edt\u00e1ssal!\",\"publisher\":{\"@id\":\"https:\\\/\\\/tajkertesz.com\\\/#organization\"},\"potentialAction\":[{\"@type\":\"SearchAction\",\"target\":{\"@type\":\"EntryPoint\",\"urlTemplate\":\"https:\\\/\\\/tajkertesz.com\\\/?s={search_term_string}\"},\"query-input\":{\"@type\":\"PropertyValueSpecification\",\"valueRequired\":true,\"valueName\":\"search_term_string\"}}],\"inLanguage\":\"en-US\"},{\"@type\":\"Organization\",\"@id\":\"https:\\\/\\\/tajkertesz.com\\\/#organization\",\"name\":\"T\u00e1j-Kert\u00e9sz 84 Kft.\",\"url\":\"https:\\\/\\\/tajkertesz.com\\\/\",\"logo\":{\"@type\":\"ImageObject\",\"inLanguage\":\"en-US\",\"@id\":\"https:\\\/\\\/tajkertesz.com\\\/#\\\/schema\\\/logo\\\/image\\\/\",\"url\":\"https:\\\/\\\/tajkertesz.com\\\/wp-content\\\/uploads\\\/2018\\\/02\\\/logo-2-e1518678052539.png\",\"contentUrl\":\"https:\\\/\\\/tajkertesz.com\\\/wp-content\\\/uploads\\\/2018\\\/02\\\/logo-2-e1518678052539.png\",\"width\":81,\"height\":140,\"caption\":\"T\u00e1j-Kert\u00e9sz 84 Kft.\"},\"image\":{\"@id\":\"https:\\\/\\\/tajkertesz.com\\\/#\\\/schema\\\/logo\\\/image\\\/\"},\"sameAs\":[\"https:\\\/\\\/www.facebook.com\\\/Tajkertesz\\\/\"]}]}<\/script>\n<!-- \/ Yoast SEO plugin. -->","yoast_head_json":{"title":"Rubus idaeus 'Fert\u0151di Zamatos' \u2013 M\u00e1lna - T\u00e1jkert\u00e9sz","description":"Rubus idaeus 'Fert\u0151di Zamatos' \u2013 M\u00e1lna j\u00fanius k\u00f6zep\u00e9t\u0151l augusztusig \u00e9rik, k\u00f6z\u00e9pnagy, g\u00f6mb\u00f6lyded, f\u00e9nyes, kem\u00e9ny, s\u00f6t\u00e9tpiros \u00e9s gurul\u00f3s.","robots":{"index":"index","follow":"follow","max-snippet":"max-snippet:-1","max-image-preview":"max-image-preview:large","max-video-preview":"max-video-preview:-1"},"canonical":"https:\/\/tajkertesz.com\/en_US\/product\/rubus-idaeus-fertodi-zamatos-malna\/","og_locale":"en_US","og_type":"article","og_title":"Rubus idaeus 'Fert\u0151di Zamatos' \u2013 M\u00e1lna - T\u00e1jkert\u00e9sz","og_description":"Rubus idaeus 'Fert\u0151di Zamatos' \u2013 M\u00e1lna j\u00fanius k\u00f6zep\u00e9t\u0151l augusztusig \u00e9rik, k\u00f6z\u00e9pnagy, g\u00f6mb\u00f6lyded, f\u00e9nyes, kem\u00e9ny, s\u00f6t\u00e9tpiros \u00e9s gurul\u00f3s.","og_url":"https:\/\/tajkertesz.com\/en_US\/product\/rubus-idaeus-fertodi-zamatos-malna\/","og_site_name":"T\u00e1jkert\u00e9sz","article_publisher":"https:\/\/www.facebook.com\/Tajkertesz\/","article_modified_time":"2026-03-09T11:57:02+00:00","og_image":[{"width":670,"height":564,"url":"https:\/\/tajkertesz.com\/wp-content\/uploads\/2021\/10\/fertodi-zamatos-malna.jpg","type":"image\/jpeg"}],"twitter_card":"summary_large_image","twitter_misc":{"Est. reading time":"3 minutes"},"schema":{"@context":"https:\/\/schema.org","@graph":[{"@type":"WebPage","@id":"https:\/\/tajkertesz.com\/termek\/rubus-idaeus-fertodi-zamatos-malna\/","url":"https:\/\/tajkertesz.com\/termek\/rubus-idaeus-fertodi-zamatos-malna\/","name":"Rubus idaeus 'Fert\u0151di Zamatos' \u2013 M\u00e1lna - T\u00e1jkert\u00e9sz","isPartOf":{"@id":"https:\/\/tajkertesz.com\/#website"},"primaryImageOfPage":{"@id":"https:\/\/tajkertesz.com\/termek\/rubus-idaeus-fertodi-zamatos-malna\/#primaryimage"},"image":{"@id":"https:\/\/tajkertesz.com\/termek\/rubus-idaeus-fertodi-zamatos-malna\/#primaryimage"},"thumbnailUrl":"https:\/\/tajkertesz.com\/wp-content\/uploads\/2021\/10\/fertodi-zamatos-malna.jpg","datePublished":"2024-10-30T08:05:54+00:00","dateModified":"2026-03-09T11:57:02+00:00","description":"Rubus idaeus 'Fert\u0151di Zamatos' \u2013 M\u00e1lna j\u00fanius k\u00f6zep\u00e9t\u0151l augusztusig \u00e9rik, k\u00f6z\u00e9pnagy, g\u00f6mb\u00f6lyded, f\u00e9nyes, kem\u00e9ny, s\u00f6t\u00e9tpiros \u00e9s gurul\u00f3s.","breadcrumb":{"@id":"https:\/\/tajkertesz.com\/termek\/rubus-idaeus-fertodi-zamatos-malna\/#breadcrumb"},"inLanguage":"en-US","potentialAction":[{"@type":"ReadAction","target":["https:\/\/tajkertesz.com\/termek\/rubus-idaeus-fertodi-zamatos-malna\/"]}]},{"@type":"ImageObject","inLanguage":"en-US","@id":"https:\/\/tajkertesz.com\/termek\/rubus-idaeus-fertodi-zamatos-malna\/#primaryimage","url":"https:\/\/tajkertesz.com\/wp-content\/uploads\/2021\/10\/fertodi-zamatos-malna.jpg","contentUrl":"https:\/\/tajkertesz.com\/wp-content\/uploads\/2021\/10\/fertodi-zamatos-malna.jpg","width":670,"height":564,"caption":"Rubus idaeus 'Fert\u0151di Zamatos' \u2013 M\u00e1lna"},{"@type":"BreadcrumbList","@id":"https:\/\/tajkertesz.com\/termek\/rubus-idaeus-fertodi-zamatos-malna\/#breadcrumb","itemListElement":[{"@type":"ListItem","position":1,"name":"Home","item":"https:\/\/tajkertesz.com\/"},{"@type":"ListItem","position":2,"name":"Kezd\u0151lap","item":"https:\/\/tajkertesz.com\/"},{"@type":"ListItem","position":3,"name":"Rubus idaeus &#8216;Fert\u0151di Zamatos&#8217; \u2013 M\u00e1lna"}]},{"@type":"WebSite","@id":"https:\/\/tajkertesz.com\/#website","url":"https:\/\/tajkertesz.com\/","name":"T\u00e1j-Kert\u00e9sz 84 Kft.","description":"Kert\u00e9szeti kis- \u00e9s nagykeresked\u00e9s, D\u00edszn\u00f6v\u00e9ny web\u00e1ruh\u00e1z orsz\u00e1gos h\u00e1zhozsz\u00e1ll\u00edt\u00e1ssal!","publisher":{"@id":"https:\/\/tajkertesz.com\/#organization"},"potentialAction":[{"@type":"SearchAction","target":{"@type":"EntryPoint","urlTemplate":"https:\/\/tajkertesz.com\/?s={search_term_string}"},"query-input":{"@type":"PropertyValueSpecification","valueRequired":true,"valueName":"search_term_string"}}],"inLanguage":"en-US"},{"@type":"Organization","@id":"https:\/\/tajkertesz.com\/#organization","name":"T\u00e1j-Kert\u00e9sz 84 Kft.","url":"https:\/\/tajkertesz.com\/","logo":{"@type":"ImageObject","inLanguage":"en-US","@id":"https:\/\/tajkertesz.com\/#\/schema\/logo\/image\/","url":"https:\/\/tajkertesz.com\/wp-content\/uploads\/2018\/02\/logo-2-e1518678052539.png","contentUrl":"https:\/\/tajkertesz.com\/wp-content\/uploads\/2018\/02\/logo-2-e1518678052539.png","width":81,"height":140,"caption":"T\u00e1j-Kert\u00e9sz 84 Kft."},"image":{"@id":"https:\/\/tajkertesz.com\/#\/schema\/logo\/image\/"},"sameAs":["https:\/\/www.facebook.com\/Tajkertesz\/"]}]}},"_links":{"self":[{"href":"https:\/\/tajkertesz.com\/en_US\/wp-json\/wp\/v2\/product\/10398","targetHints":{"allow":["GET"]}}],"collection":[{"href":"https:\/\/tajkertesz.com\/en_US\/wp-json\/wp\/v2\/product"}],"about":[{"href":"https:\/\/tajkertesz.com\/en_US\/wp-json\/wp\/v2\/types\/product"}],"wp:featuredmedia":[{"embeddable":true,"href":"https:\/\/tajkertesz.com\/en_US\/wp-json\/wp\/v2\/media\/10401"}],"wp:attachment":[{"href":"https:\/\/tajkertesz.com\/en_US\/wp-json\/wp\/v2\/media?parent=10398"}],"wp:term":[{"taxonomy":"product_brand","embeddable":true,"href":"https:\/\/tajkertesz.com\/en_US\/wp-json\/wp\/v2\/product_brand?post=10398"},{"taxonomy":"product_cat","embeddable":true,"href":"https:\/\/tajkertesz.com\/en_US\/wp-json\/wp\/v2\/product_cat?post=10398"},{"taxonomy":"product_tag","embeddable":true,"href":"https:\/\/tajkertesz.com\/en_US\/wp-json\/wp\/v2\/product_tag?post=10398"}],"curies":[{"name":"wp","href":"https:\/\/api.w.org\/{rel}","templated":true}]}}