{"id":10811,"date":"2021-10-22T10:03:41","date_gmt":"2021-10-22T10:03:41","guid":{"rendered":"https:\/\/tajkertesz.com\/?post_type=product&#038;p=10811"},"modified":"2026-02-24T15:43:54","modified_gmt":"2026-02-24T15:43:54","slug":"nandina-domestica-obsessed-torpe-japan-szentfa","status":"publish","type":"product","link":"https:\/\/tajkertesz.com\/en_US\/product\/nandina-domestica-obsessed-torpe-japan-szentfa\/","title":{"rendered":"Nandina domestica &#8216;Obsessed&#8217; &#8211; T\u00f6rpe jap\u00e1n szentfa"},"content":{"rendered":"<h1 class=\"LC20lb DKV0Md\">Nandina domestica &#8216;Obsessed&#8217; &#8211; T\u00f6rpe jap\u00e1n szentfa<\/h1>\n<p data-start=\"598\" data-end=\"859\">A Nandina domestica &#8216;Obsessed&#8217; &#8211; T\u00f6rpe jap\u00e1n szentfa az egyik legn\u00e9pszer\u0171bb modern kert\u00e9szeti fajta. K\u00fcl\u00f6nlegess\u00e9ge, hogy <strong data-start=\"738\" data-end=\"772\">nem n\u0151 60\u201380 cm-n\u00e9l magasabbra<\/strong>, \u00edgy ide\u00e1lis kis kertekbe, \u00e1gy\u00e1sszeg\u00e9lybe, bej\u00e1ratok mell\u00e9 \u00e9s ed\u00e9nyes be\u00fcltet\u00e9sekhez.<\/p>\n<p data-start=\"861\" data-end=\"895\">Lombsz\u00edne \u00e9vszakonk\u00e9nt v\u00e1ltozik:<\/p>\n<ul data-start=\"896\" data-end=\"1047\">\n<li data-start=\"896\" data-end=\"953\">\n<p data-start=\"898\" data-end=\"953\"><strong data-start=\"898\" data-end=\"911\">Tavasszal<\/strong> friss, \u00e9l\u00e9nkpiros hajt\u00e1sok jelennek meg<\/p>\n<\/li>\n<li data-start=\"954\" data-end=\"994\">\n<p data-start=\"956\" data-end=\"994\"><strong data-start=\"956\" data-end=\"966\">Ny\u00e1ron<\/strong> f\u00e9nyes, m\u00e9lyz\u00f6ld lombozat<\/p>\n<\/li>\n<li data-start=\"995\" data-end=\"1047\">\n<p data-start=\"997\" data-end=\"1047\"><strong data-start=\"997\" data-end=\"1016\">\u0150sszel \u00e9s t\u00e9len<\/strong> \u00fajra intenz\u00edv piros \u00e1rnyalatok<\/p>\n<\/li>\n<\/ul>\n<p data-start=\"1049\" data-end=\"1181\">A fajta k\u00fcl\u00f6n\u00f6sen form\u00e1s, t\u00f6m\u00f6tt, kompakt n\u00f6veked\u00e9st mutat, metsz\u00e9st alig ig\u00e9nyel. Szoliterk\u00e9nt \u00e9s t\u00f6megesen is rendk\u00edv\u00fcl dekorat\u00edv.<\/p>\n<h4 data-start=\"1183\" data-end=\"1202\">\u2b50 <strong data-start=\"1189\" data-end=\"1202\">Jellemz\u0151k<\/strong><\/h4>\n<ul data-start=\"1203\" data-end=\"1590\">\n<li data-start=\"1203\" data-end=\"1229\">\n<p data-start=\"1205\" data-end=\"1229\"><strong data-start=\"1205\" data-end=\"1218\">Magass\u00e1g:<\/strong> 60\u201380 cm<\/p>\n<\/li>\n<li data-start=\"1230\" data-end=\"1257\">\n<p data-start=\"1232\" data-end=\"1257\"><strong data-start=\"1232\" data-end=\"1246\">Sz\u00e9less\u00e9g:<\/strong> 40\u201360 cm<\/p>\n<\/li>\n<li data-start=\"1258\" data-end=\"1290\">\n<p data-start=\"1260\" data-end=\"1290\"><strong data-start=\"1260\" data-end=\"1274\">N\u00f6veked\u00e9s:<\/strong> lass\u00fa\u2013k\u00f6zepes<\/p>\n<\/li>\n<li data-start=\"1291\" data-end=\"1360\">\n<p data-start=\"1293\" data-end=\"1360\"><strong data-start=\"1293\" data-end=\"1306\">Lombozat:<\/strong> \u00f6r\u00f6kz\u00f6ld, \u00e9vszakokkal v\u00e1ltoz\u00f3 piros-z\u00f6ld \u00e1rnyalatok<\/p>\n<\/li>\n<li data-start=\"1361\" data-end=\"1411\">\n<p data-start=\"1363\" data-end=\"1411\"><strong data-start=\"1363\" data-end=\"1376\">Vir\u00e1gz\u00e1s:<\/strong> ny\u00e1r elej\u00e9n \u2013 feh\u00e9r bugavir\u00e1gzat<\/p>\n<\/li>\n<li data-start=\"1412\" data-end=\"1455\">\n<p data-start=\"1414\" data-end=\"1455\"><strong data-start=\"1414\" data-end=\"1425\">Term\u00e9s:<\/strong> piros bogy\u00f3k (\u0151szt\u0151l t\u00e9lig)<\/p>\n<\/li>\n<li data-start=\"1456\" data-end=\"1499\">\n<p data-start=\"1458\" data-end=\"1499\"><strong data-start=\"1458\" data-end=\"1472\">F\u00e9nyig\u00e9ny:<\/strong> napos \/ f\u00e9l\u00e1rny\u00e9kos hely<\/p>\n<\/li>\n<li data-start=\"1500\" data-end=\"1546\">\n<p data-start=\"1502\" data-end=\"1546\"><strong data-start=\"1502\" data-end=\"1512\">Talaj:<\/strong> j\u00f3 v\u00edz\u00e1tereszt\u0151, humuszos talaj<\/p>\n<\/li>\n<li data-start=\"1547\" data-end=\"1590\">\n<p data-start=\"1549\" data-end=\"1590\"><strong data-start=\"1549\" data-end=\"1564\">T\u00e9l\u00e1ll\u00f3s\u00e1g:<\/strong> j\u00f3, -15\u00b0C-ig megb\u00edzhat\u00f3<\/p>\n<\/li>\n<\/ul>\n<h4 data-start=\"1592\" data-end=\"1615\">\ud83c\udf31 <strong data-start=\"1599\" data-end=\"1615\">Felhaszn\u00e1l\u00e1s<\/strong><\/h4>\n<ul data-start=\"1616\" data-end=\"1743\">\n<li data-start=\"1616\" data-end=\"1631\">\n<p data-start=\"1618\" data-end=\"1631\">el\u0151kertekbe<\/p>\n<\/li>\n<li data-start=\"1632\" data-end=\"1652\">\n<p data-start=\"1634\" data-end=\"1652\">modern \u00e1gy\u00e1sokba<\/p>\n<\/li>\n<li data-start=\"1653\" data-end=\"1679\">\n<p data-start=\"1655\" data-end=\"1679\">d\u00e9zs\u00e1ba \/ balkonl\u00e1d\u00e1ba<\/p>\n<\/li>\n<li data-start=\"1680\" data-end=\"1696\">\n<p data-start=\"1682\" data-end=\"1696\">\u00e1gy\u00e1sszeg\u00e9ly<\/p>\n<\/li>\n<li data-start=\"1697\" data-end=\"1714\">\n<p data-start=\"1699\" data-end=\"1714\">jap\u00e1nkertekbe<\/p>\n<\/li>\n<li data-start=\"1715\" data-end=\"1743\">\n<p data-start=\"1717\" data-end=\"1743\">sz\u00ednfoltk\u00e9nt eg\u00e9sz \u00e9vben<\/p>\n<\/li>\n<\/ul>\n<h4 data-start=\"1745\" data-end=\"1765\">\ud83c\udf27\ufe0f <strong data-start=\"1753\" data-end=\"1765\">Gondoz\u00e1s<\/strong><\/h4>\n<p data-start=\"1766\" data-end=\"1922\">A Nandina j\u00f3l viseli a meleget \u00e9s a hideget is. Kedveli a rendszeres \u00f6nt\u00f6z\u00e9st, de nem t\u0171ri az \u00e1ll\u00f3vizet. Metsz\u00e9st nem ig\u00e9nyel, alakj\u00e1t term\u00e9szetesen tartja.<\/p>\n<h4><strong>\ud83d\udd04 K\u00e9szletinform\u00e1ci\u00f3<\/strong><\/h4>\n<p><strong>K\u00e9szlet\u00fcnk napi szinten v\u00e1ltozik, \u00edgy a webshopban szerepl<\/strong><strong>\u0151<\/strong><strong>\u00a0term\u00e9kek el\u00e9rhet<\/strong><strong>\u0151<\/strong><strong>s\u00e9ge nem garant\u00e1lt.<br \/>\n\ud83d\udcde A megrendel\u00e9s el<\/strong><strong>\u0151<\/strong><strong>tt k\u00e9rj\u00fck, \u00e9rdekl<\/strong><strong>\u0151<\/strong><strong>dj\u00f6n szem\u00e9lyesen, telefonon vagy e-mailben!<\/strong><\/p>\n<h4><strong>\u27a1\ufe0f Kapcsolat:<\/strong><\/h4>\n<ul>\n<li><strong>Weboldal:\u00a0<\/strong><a href=\"https:\/\/tajkertesz.com\/\"><strong>tajkertesz.com<\/strong><\/a><\/li>\n<li><strong>Facebook:\u00a0<\/strong><a href=\"https:\/\/www.facebook.com\/tajkertesz\/\"><strong>facebook.com\/tajkertesz<\/strong><\/a><\/li>\n<li><strong>Telefonsz\u00e1m, e-mail: +36\/20-319-3770\u00a0<\/strong><a href=\"mailto:tajkerteszaruda@gmail.com\"><strong>tajkerteszaruda@gmail.com<\/strong><\/a><\/li>\n<\/ul>\n<h4><strong>\ud83d\ude9a Sz\u00e1ll\u00edt\u00e1si inform\u00e1ci\u00f3k<\/strong><\/h4>\n<p><strong>A megrendelt n\u00f6v\u00e9nyek kisz\u00e1ll\u00edt\u00e1sa az al\u00e1bbi felt\u00e9telek mellett t\u00f6rt\u00e9nik:<\/strong><\/p>\n<h4><strong>\ud83d\udce6 Fut\u00e1rszolg\u00e1latos sz\u00e1ll\u00edt\u00e1s<\/strong><\/h4>\n<ul>\n<li><strong>Maxim\u00e1lis m\u00e9ret: 200 cm (hossz\u00fas\u00e1g)<\/strong><\/li>\n<li><strong>Maxim\u00e1lis s\u00faly: 40 kg<\/strong><\/li>\n<li><strong>Az enn\u00e9l kisebb \u00e9s k\u00f6nnyebb csomagokat fut\u00e1rszolg\u00e1lattal k\u00e9zbes\u00edtj\u00fck a lehet<\/strong><strong>\u0151<\/strong><strong>\u00a0legbiztons\u00e1gosabb csomagol\u00e1sban.<\/strong><\/li>\n<\/ul>\n<h4><strong>\ud83d\udefb Szem\u00e9lyes \u00e1tv\u00e9tel<\/strong><\/h4>\n<ul>\n<li><strong>1173 Budapest, Bakancsos utca 7. sz\u00e1m alatt nyitvatart\u00e1si id<\/strong><strong>\u0151<\/strong><strong>ben szem\u00e9lyesen \u00e1tvehet<\/strong><strong>\u0151<\/strong><strong>\u00a0kert\u00e9szeti \u00e1rud\u00e1nkban.<\/strong><\/li>\n<li><strong>K\u00f6lts\u00e9ghat\u00e9kony megold\u00e1s nagyobb, t\u00f6r\u00e9kenyebb vagy t\u00falm\u00e9retes n\u00f6v\u00e9nyek eset\u00e9n.<\/strong><\/li>\n<\/ul>\n<h4><strong>\ud83d\udcde Nagy m\u00e9ret<\/strong><strong>\u0171<\/strong><strong>\u00a0vagy s\u00faly\u00fa n\u00f6v\u00e9nyek eset\u00e9n<\/strong><\/h4>\n<p><strong>Ha a term\u00e9k:<\/strong><\/p>\n<ul>\n<li><strong>meghaladja a 200 cm hossz\u00fas\u00e1got vagy<\/strong><\/li>\n<li><strong>meghaladja a 40 kg s\u00falyt,<\/strong><\/li>\n<\/ul>\n<p><strong>akkor szem\u00e9lyes \u00e1tv\u00e9tellel vagy egyedi, el<\/strong><strong>\u0151<\/strong><strong>re egyeztetett sz\u00e1ll\u00edt\u00e1si felt\u00e9telek mellett t\u00f6rt\u00e9nik.<br \/>\nK\u00e9rj\u00fck, ilyen esetben rendel\u00e9s el<\/strong><strong>\u0151<\/strong><strong>tt vegye fel vel\u00fcnk a kapcsolatot, hogy a lehet<\/strong><strong>\u0151<\/strong><strong>\u00a0legmegfelel<\/strong><strong>\u0151<\/strong><strong>bb sz\u00e1ll\u00edt\u00e1si megold\u00e1st k\u00edn\u00e1lhassuk.<\/strong><\/p>\n<p><strong>\ud83d\udd14 Fontos: A n\u00f6v\u00e9nyeket minden esetben igyeksz\u00fcnk gondosan, egyes\u00e9vel csomagolni, azonban a sz\u00e1ll\u00edt\u00e1s sor\u00e1n kisebb eszt\u00e9tikai s\u00e9r\u00fcl\u00e9sek el<\/strong><strong>\u0151<\/strong><strong>fordulhatnak (pl. lev\u00e9lhull\u00e1s). Ez nem min<\/strong><strong>\u0151<\/strong><strong>s\u00fcl hib\u00e1s teljes\u00edt\u00e9snek.<\/strong><\/p>\n<h4><strong>\ud83d\udcf7 Fontos tudni a k\u00e9pekr<\/strong><strong>\u0151<\/strong><strong>l<\/strong><\/h4>\n<p><strong>A webshopban szerepl<\/strong><strong>\u0151<\/strong><strong>\u00a0k\u00e9pek illusztr\u00e1ci\u00f3k, a n\u00f6v\u00e9nyek term\u00e9szet\u00fckn\u00e9l fogva egyediek, \u00edgy m\u00e9retben, alakban \u00e9s sz\u00ednben minim\u00e1lis elt\u00e9r\u00e9sek el<\/strong><strong>\u0151<\/strong><strong>fordulhatnak a k\u00e9pen l\u00e1that\u00f3 \u00e9s a val\u00f3s p\u00e9ld\u00e1nyok k\u00f6z\u00f6tt.<\/strong><\/p>\n<h4><strong>\ud83e\uddfe \u00c1rak \u00e9s el\u00e1ll\u00e1si jog<\/strong><\/h4>\n<ul>\n<li><strong>Az \u00e1rak egy darab\u00a0n\u00f6v\u00e9nyre vonatkoznak.<\/strong><\/li>\n<li><strong>\u00c9l<\/strong><strong>\u0151<\/strong><strong>\u00a0n\u00f6v\u00e9nyek rendel\u00e9se eset\u00e9n a 14 napos el\u00e1ll\u00e1s joga nem \u00e9rv\u00e9nyes\u00edthet<\/strong><strong>\u0151<\/strong><strong>, mivel azok romland\u00f3, biol\u00f3giailag \u00e9l<\/strong><strong>\u0151<\/strong><strong>\u00a0term\u00e9keknek min<\/strong><strong>\u0151<\/strong><strong>s\u00fclnek.<br \/>\n\ud83d\udd12 (17\/1999. (II. 5.) Korm. rendelet 5. \u00a7 c) pontja alapj\u00e1n)<\/strong><\/li>\n<\/ul>\n<h4><strong>\ud83d\udce6 K\u00e9zbes\u00edt\u00e9s ut\u00e1ni teend<\/strong><strong>\u0151<\/strong><strong>k<\/strong><\/h4>\n<p><strong>A k\u00e9zbes\u00edt\u00e9st k\u00f6vet<\/strong><strong>\u0151<\/strong><strong>en a csomagot azonnal bontsuk ki, \u00e9s a n\u00f6v\u00e9nyt helyezz\u00fck el megfelel<\/strong><strong>\u0151<\/strong><strong>\u00a0k\u00f6rnyezetben.<br \/>\nFontos: ha a n\u00f6v\u00e9ny nem r\u00e9szes\u00fcl megfelel<\/strong><strong>\u0151<\/strong><strong>\u00a0gondoz\u00e1sban \u00e9s ennek k\u00f6vetkezt\u00e9ben k\u00e1rosodik vagy elpusztul, felel<\/strong><strong>\u0151<\/strong><strong>ss\u00e9get nem tudunk v\u00e1llalni.<\/strong><\/p>","protected":false},"excerpt":{"rendered":"<p data-start=\"308\" data-end=\"566\">A <strong data-start=\"310\" data-end=\"342\">Nandina domestica \u2018Obsessed\u2019<\/strong> kompakt, lass\u00fa n\u00f6veked\u00e9s\u0171, \u00f6r\u00f6kz\u00f6ld d\u00edszcserje, amely eg\u00e9sz \u00e9vben l\u00e1tv\u00e1nyos lombozattal d\u00edsz\u00edt. Tavaszi\u2013ny\u00e1ri f\u00e9nyes z\u00f6ld levelei \u0151sszel \u00e9s t\u00e9len \u00e9l\u00e9nkpirosra sz\u00ednez\u0151dnek, \u00edgy kiv\u00e1l\u00f3 sz\u00ednfolt kisebb kertekbe \u00e9s d\u00e9zs\u00e1kba is.<\/p>\n<p data-start=\"308\" data-end=\"566\">M\u00e9rete: 25-35 cm magas, 3 literes kont\u00e9nerben.<\/p>","protected":false},"featured_media":25455,"template":"","meta":{"_et_pb_use_builder":"","_et_pb_old_content":"","_et_gb_content_width":""},"product_brand":[],"product_cat":[26],"product_tag":[5849,338,4564,7534,339,7581,6444,7578,7582],"class_list":{"0":"post-10811","1":"product","2":"type-product","3":"status-publish","4":"has-post-thumbnail","6":"product_cat-orokzold-novenyek","7":"product_tag-diszcserje","8":"product_tag-japan-szentfa","9":"product_tag-kerteszet","10":"product_tag-kompakt-novekedesu-cserje","11":"product_tag-nandina-domestica","12":"product_tag-obsessed","13":"product_tag-orokzold-diszcserje","14":"product_tag-piros-levelu-noveny","15":"product_tag-torpe-szentfa","17":"first","18":"instock","19":"shipping-taxable","20":"purchasable","21":"product-type-simple"},"yoast_head":"<!-- This site is optimized with the Yoast SEO plugin v27.5 - https:\/\/yoast.com\/product\/yoast-seo-wordpress\/ -->\n<title>Nandina domestica &#039;Obsessed&#039; - T\u00f6rpe jap\u00e1n szentfa - T\u00e1jkert\u00e9sz<\/title>\n<meta name=\"description\" content=\"Nandina domestica &#039;Obsessed&#039; - T\u00f6rpe jap\u00e1n szentfa 60-70 cm magas \u00f6r\u00f6kz\u00f6ld cserje. ny\u00e1ron z\u00f6ldek v\u00f6r\u00f6shajt\u00e1sokkal, \u0151szre b\u00edborv\u00f6r\u00f6s \u00e1rnyalat\u00faak lesznek.\" \/>\n<meta name=\"robots\" content=\"index, follow, max-snippet:-1, max-image-preview:large, max-video-preview:-1\" \/>\n<link rel=\"canonical\" href=\"https:\/\/tajkertesz.com\/en_US\/product\/nandina-domestica-obsessed-torpe-japan-szentfa\/\" \/>\n<meta property=\"og:locale\" content=\"en_US\" \/>\n<meta property=\"og:type\" content=\"article\" \/>\n<meta property=\"og:title\" content=\"Nandina domestica &#039;Obsessed&#039; - T\u00f6rpe jap\u00e1n szentfa - T\u00e1jkert\u00e9sz\" \/>\n<meta property=\"og:description\" content=\"Nandina domestica &#039;Obsessed&#039; - T\u00f6rpe jap\u00e1n szentfa 60-70 cm magas \u00f6r\u00f6kz\u00f6ld cserje. ny\u00e1ron z\u00f6ldek v\u00f6r\u00f6shajt\u00e1sokkal, \u0151szre b\u00edborv\u00f6r\u00f6s \u00e1rnyalat\u00faak lesznek.\" \/>\n<meta property=\"og:url\" content=\"https:\/\/tajkertesz.com\/en_US\/product\/nandina-domestica-obsessed-torpe-japan-szentfa\/\" \/>\n<meta property=\"og:site_name\" content=\"T\u00e1jkert\u00e9sz\" \/>\n<meta property=\"article:publisher\" content=\"https:\/\/www.facebook.com\/Tajkertesz\/\" \/>\n<meta property=\"article:modified_time\" content=\"2026-02-24T15:43:54+00:00\" \/>\n<meta property=\"og:image\" content=\"https:\/\/tajkertesz.com\/wp-content\/uploads\/2021\/10\/20251129_081905-1-scaled.jpg\" \/>\n\t<meta property=\"og:image:width\" content=\"1920\" \/>\n\t<meta property=\"og:image:height\" content=\"2228\" \/>\n\t<meta property=\"og:image:type\" content=\"image\/jpeg\" \/>\n<meta name=\"twitter:card\" content=\"summary_large_image\" \/>\n<meta name=\"twitter:label1\" content=\"Est. reading time\" \/>\n\t<meta name=\"twitter:data1\" content=\"3 minutes\" \/>\n<script type=\"application\/ld+json\" class=\"yoast-schema-graph\">{\"@context\":\"https:\\\/\\\/schema.org\",\"@graph\":[{\"@type\":\"WebPage\",\"@id\":\"https:\\\/\\\/tajkertesz.com\\\/termek\\\/nandina-domestica-obsessed-torpe-japan-szentfa\\\/\",\"url\":\"https:\\\/\\\/tajkertesz.com\\\/termek\\\/nandina-domestica-obsessed-torpe-japan-szentfa\\\/\",\"name\":\"Nandina domestica 'Obsessed' - T\u00f6rpe jap\u00e1n szentfa - T\u00e1jkert\u00e9sz\",\"isPartOf\":{\"@id\":\"https:\\\/\\\/tajkertesz.com\\\/#website\"},\"primaryImageOfPage\":{\"@id\":\"https:\\\/\\\/tajkertesz.com\\\/termek\\\/nandina-domestica-obsessed-torpe-japan-szentfa\\\/#primaryimage\"},\"image\":{\"@id\":\"https:\\\/\\\/tajkertesz.com\\\/termek\\\/nandina-domestica-obsessed-torpe-japan-szentfa\\\/#primaryimage\"},\"thumbnailUrl\":\"https:\\\/\\\/tajkertesz.com\\\/wp-content\\\/uploads\\\/2021\\\/10\\\/20251129_081905-1-scaled.jpg\",\"datePublished\":\"2021-10-22T10:03:41+00:00\",\"dateModified\":\"2026-02-24T15:43:54+00:00\",\"description\":\"Nandina domestica 'Obsessed' - T\u00f6rpe jap\u00e1n szentfa 60-70 cm magas \u00f6r\u00f6kz\u00f6ld cserje. ny\u00e1ron z\u00f6ldek v\u00f6r\u00f6shajt\u00e1sokkal, \u0151szre b\u00edborv\u00f6r\u00f6s \u00e1rnyalat\u00faak lesznek.\",\"breadcrumb\":{\"@id\":\"https:\\\/\\\/tajkertesz.com\\\/termek\\\/nandina-domestica-obsessed-torpe-japan-szentfa\\\/#breadcrumb\"},\"inLanguage\":\"en-US\",\"potentialAction\":[{\"@type\":\"ReadAction\",\"target\":[\"https:\\\/\\\/tajkertesz.com\\\/termek\\\/nandina-domestica-obsessed-torpe-japan-szentfa\\\/\"]}]},{\"@type\":\"ImageObject\",\"inLanguage\":\"en-US\",\"@id\":\"https:\\\/\\\/tajkertesz.com\\\/termek\\\/nandina-domestica-obsessed-torpe-japan-szentfa\\\/#primaryimage\",\"url\":\"https:\\\/\\\/tajkertesz.com\\\/wp-content\\\/uploads\\\/2021\\\/10\\\/20251129_081905-1-scaled.jpg\",\"contentUrl\":\"https:\\\/\\\/tajkertesz.com\\\/wp-content\\\/uploads\\\/2021\\\/10\\\/20251129_081905-1-scaled.jpg\",\"width\":1920,\"height\":2228,\"caption\":\"Nandina domestica 'Obsessed' - T\u00f6rpe jap\u00e1n szentfa\"},{\"@type\":\"BreadcrumbList\",\"@id\":\"https:\\\/\\\/tajkertesz.com\\\/termek\\\/nandina-domestica-obsessed-torpe-japan-szentfa\\\/#breadcrumb\",\"itemListElement\":[{\"@type\":\"ListItem\",\"position\":1,\"name\":\"Home\",\"item\":\"https:\\\/\\\/tajkertesz.com\\\/\"},{\"@type\":\"ListItem\",\"position\":2,\"name\":\"Kezd\u0151lap\",\"item\":\"https:\\\/\\\/tajkertesz.com\\\/\"},{\"@type\":\"ListItem\",\"position\":3,\"name\":\"Nandina domestica &#8216;Obsessed&#8217; &#8211; T\u00f6rpe jap\u00e1n szentfa\"}]},{\"@type\":\"WebSite\",\"@id\":\"https:\\\/\\\/tajkertesz.com\\\/#website\",\"url\":\"https:\\\/\\\/tajkertesz.com\\\/\",\"name\":\"T\u00e1j-Kert\u00e9sz 84 Kft.\",\"description\":\"Kert\u00e9szeti kis- \u00e9s nagykeresked\u00e9s, D\u00edszn\u00f6v\u00e9ny web\u00e1ruh\u00e1z orsz\u00e1gos h\u00e1zhozsz\u00e1ll\u00edt\u00e1ssal!\",\"publisher\":{\"@id\":\"https:\\\/\\\/tajkertesz.com\\\/#organization\"},\"potentialAction\":[{\"@type\":\"SearchAction\",\"target\":{\"@type\":\"EntryPoint\",\"urlTemplate\":\"https:\\\/\\\/tajkertesz.com\\\/?s={search_term_string}\"},\"query-input\":{\"@type\":\"PropertyValueSpecification\",\"valueRequired\":true,\"valueName\":\"search_term_string\"}}],\"inLanguage\":\"en-US\"},{\"@type\":\"Organization\",\"@id\":\"https:\\\/\\\/tajkertesz.com\\\/#organization\",\"name\":\"T\u00e1j-Kert\u00e9sz 84 Kft.\",\"url\":\"https:\\\/\\\/tajkertesz.com\\\/\",\"logo\":{\"@type\":\"ImageObject\",\"inLanguage\":\"en-US\",\"@id\":\"https:\\\/\\\/tajkertesz.com\\\/#\\\/schema\\\/logo\\\/image\\\/\",\"url\":\"https:\\\/\\\/tajkertesz.com\\\/wp-content\\\/uploads\\\/2018\\\/02\\\/logo-2-e1518678052539.png\",\"contentUrl\":\"https:\\\/\\\/tajkertesz.com\\\/wp-content\\\/uploads\\\/2018\\\/02\\\/logo-2-e1518678052539.png\",\"width\":81,\"height\":140,\"caption\":\"T\u00e1j-Kert\u00e9sz 84 Kft.\"},\"image\":{\"@id\":\"https:\\\/\\\/tajkertesz.com\\\/#\\\/schema\\\/logo\\\/image\\\/\"},\"sameAs\":[\"https:\\\/\\\/www.facebook.com\\\/Tajkertesz\\\/\"]}]}<\/script>\n<!-- \/ Yoast SEO plugin. -->","yoast_head_json":{"title":"Nandina domestica 'Obsessed' - T\u00f6rpe jap\u00e1n szentfa - T\u00e1jkert\u00e9sz","description":"Nandina domestica 'Obsessed' - T\u00f6rpe jap\u00e1n szentfa 60-70 cm magas \u00f6r\u00f6kz\u00f6ld cserje. ny\u00e1ron z\u00f6ldek v\u00f6r\u00f6shajt\u00e1sokkal, \u0151szre b\u00edborv\u00f6r\u00f6s \u00e1rnyalat\u00faak lesznek.","robots":{"index":"index","follow":"follow","max-snippet":"max-snippet:-1","max-image-preview":"max-image-preview:large","max-video-preview":"max-video-preview:-1"},"canonical":"https:\/\/tajkertesz.com\/en_US\/product\/nandina-domestica-obsessed-torpe-japan-szentfa\/","og_locale":"en_US","og_type":"article","og_title":"Nandina domestica 'Obsessed' - T\u00f6rpe jap\u00e1n szentfa - T\u00e1jkert\u00e9sz","og_description":"Nandina domestica 'Obsessed' - T\u00f6rpe jap\u00e1n szentfa 60-70 cm magas \u00f6r\u00f6kz\u00f6ld cserje. ny\u00e1ron z\u00f6ldek v\u00f6r\u00f6shajt\u00e1sokkal, \u0151szre b\u00edborv\u00f6r\u00f6s \u00e1rnyalat\u00faak lesznek.","og_url":"https:\/\/tajkertesz.com\/en_US\/product\/nandina-domestica-obsessed-torpe-japan-szentfa\/","og_site_name":"T\u00e1jkert\u00e9sz","article_publisher":"https:\/\/www.facebook.com\/Tajkertesz\/","article_modified_time":"2026-02-24T15:43:54+00:00","og_image":[{"width":1920,"height":2228,"url":"https:\/\/tajkertesz.com\/wp-content\/uploads\/2021\/10\/20251129_081905-1-scaled.jpg","type":"image\/jpeg"}],"twitter_card":"summary_large_image","twitter_misc":{"Est. reading time":"3 minutes"},"schema":{"@context":"https:\/\/schema.org","@graph":[{"@type":"WebPage","@id":"https:\/\/tajkertesz.com\/termek\/nandina-domestica-obsessed-torpe-japan-szentfa\/","url":"https:\/\/tajkertesz.com\/termek\/nandina-domestica-obsessed-torpe-japan-szentfa\/","name":"Nandina domestica 'Obsessed' - T\u00f6rpe jap\u00e1n szentfa - T\u00e1jkert\u00e9sz","isPartOf":{"@id":"https:\/\/tajkertesz.com\/#website"},"primaryImageOfPage":{"@id":"https:\/\/tajkertesz.com\/termek\/nandina-domestica-obsessed-torpe-japan-szentfa\/#primaryimage"},"image":{"@id":"https:\/\/tajkertesz.com\/termek\/nandina-domestica-obsessed-torpe-japan-szentfa\/#primaryimage"},"thumbnailUrl":"https:\/\/tajkertesz.com\/wp-content\/uploads\/2021\/10\/20251129_081905-1-scaled.jpg","datePublished":"2021-10-22T10:03:41+00:00","dateModified":"2026-02-24T15:43:54+00:00","description":"Nandina domestica 'Obsessed' - T\u00f6rpe jap\u00e1n szentfa 60-70 cm magas \u00f6r\u00f6kz\u00f6ld cserje. ny\u00e1ron z\u00f6ldek v\u00f6r\u00f6shajt\u00e1sokkal, \u0151szre b\u00edborv\u00f6r\u00f6s \u00e1rnyalat\u00faak lesznek.","breadcrumb":{"@id":"https:\/\/tajkertesz.com\/termek\/nandina-domestica-obsessed-torpe-japan-szentfa\/#breadcrumb"},"inLanguage":"en-US","potentialAction":[{"@type":"ReadAction","target":["https:\/\/tajkertesz.com\/termek\/nandina-domestica-obsessed-torpe-japan-szentfa\/"]}]},{"@type":"ImageObject","inLanguage":"en-US","@id":"https:\/\/tajkertesz.com\/termek\/nandina-domestica-obsessed-torpe-japan-szentfa\/#primaryimage","url":"https:\/\/tajkertesz.com\/wp-content\/uploads\/2021\/10\/20251129_081905-1-scaled.jpg","contentUrl":"https:\/\/tajkertesz.com\/wp-content\/uploads\/2021\/10\/20251129_081905-1-scaled.jpg","width":1920,"height":2228,"caption":"Nandina domestica 'Obsessed' - T\u00f6rpe jap\u00e1n szentfa"},{"@type":"BreadcrumbList","@id":"https:\/\/tajkertesz.com\/termek\/nandina-domestica-obsessed-torpe-japan-szentfa\/#breadcrumb","itemListElement":[{"@type":"ListItem","position":1,"name":"Home","item":"https:\/\/tajkertesz.com\/"},{"@type":"ListItem","position":2,"name":"Kezd\u0151lap","item":"https:\/\/tajkertesz.com\/"},{"@type":"ListItem","position":3,"name":"Nandina domestica &#8216;Obsessed&#8217; &#8211; T\u00f6rpe jap\u00e1n szentfa"}]},{"@type":"WebSite","@id":"https:\/\/tajkertesz.com\/#website","url":"https:\/\/tajkertesz.com\/","name":"T\u00e1j-Kert\u00e9sz 84 Kft.","description":"Kert\u00e9szeti kis- \u00e9s nagykeresked\u00e9s, D\u00edszn\u00f6v\u00e9ny web\u00e1ruh\u00e1z orsz\u00e1gos h\u00e1zhozsz\u00e1ll\u00edt\u00e1ssal!","publisher":{"@id":"https:\/\/tajkertesz.com\/#organization"},"potentialAction":[{"@type":"SearchAction","target":{"@type":"EntryPoint","urlTemplate":"https:\/\/tajkertesz.com\/?s={search_term_string}"},"query-input":{"@type":"PropertyValueSpecification","valueRequired":true,"valueName":"search_term_string"}}],"inLanguage":"en-US"},{"@type":"Organization","@id":"https:\/\/tajkertesz.com\/#organization","name":"T\u00e1j-Kert\u00e9sz 84 Kft.","url":"https:\/\/tajkertesz.com\/","logo":{"@type":"ImageObject","inLanguage":"en-US","@id":"https:\/\/tajkertesz.com\/#\/schema\/logo\/image\/","url":"https:\/\/tajkertesz.com\/wp-content\/uploads\/2018\/02\/logo-2-e1518678052539.png","contentUrl":"https:\/\/tajkertesz.com\/wp-content\/uploads\/2018\/02\/logo-2-e1518678052539.png","width":81,"height":140,"caption":"T\u00e1j-Kert\u00e9sz 84 Kft."},"image":{"@id":"https:\/\/tajkertesz.com\/#\/schema\/logo\/image\/"},"sameAs":["https:\/\/www.facebook.com\/Tajkertesz\/"]}]}},"_links":{"self":[{"href":"https:\/\/tajkertesz.com\/en_US\/wp-json\/wp\/v2\/product\/10811","targetHints":{"allow":["GET"]}}],"collection":[{"href":"https:\/\/tajkertesz.com\/en_US\/wp-json\/wp\/v2\/product"}],"about":[{"href":"https:\/\/tajkertesz.com\/en_US\/wp-json\/wp\/v2\/types\/product"}],"wp:featuredmedia":[{"embeddable":true,"href":"https:\/\/tajkertesz.com\/en_US\/wp-json\/wp\/v2\/media\/25455"}],"wp:attachment":[{"href":"https:\/\/tajkertesz.com\/en_US\/wp-json\/wp\/v2\/media?parent=10811"}],"wp:term":[{"taxonomy":"product_brand","embeddable":true,"href":"https:\/\/tajkertesz.com\/en_US\/wp-json\/wp\/v2\/product_brand?post=10811"},{"taxonomy":"product_cat","embeddable":true,"href":"https:\/\/tajkertesz.com\/en_US\/wp-json\/wp\/v2\/product_cat?post=10811"},{"taxonomy":"product_tag","embeddable":true,"href":"https:\/\/tajkertesz.com\/en_US\/wp-json\/wp\/v2\/product_tag?post=10811"}],"curies":[{"name":"wp","href":"https:\/\/api.w.org\/{rel}","templated":true}]}}