{"id":11022,"date":"2021-10-28T14:30:59","date_gmt":"2021-10-28T14:30:59","guid":{"rendered":"https:\/\/tajkertesz.com\/?post_type=product&#038;p=11022"},"modified":"2024-02-06T14:38:01","modified_gmt":"2024-02-06T14:38:01","slug":"tulipa-darwin-hybrid-van-eijk","status":"publish","type":"product","link":"https:\/\/tajkertesz.com\/en_US\/product\/tulipa-darwin-hybrid-van-eijk\/","title":{"rendered":"Tulipa Darwin hybrid &#8211; Van Eijk -piros tulip\u00e1n"},"content":{"rendered":"<p>Tulipa Darwin hybrid &#8211; Van Eijk -piros tulip\u00e1n<\/p>\n<p>A Tulipa Darwin hybrid &#8211; Van Eijk -piros tulip\u00e1n magas er\u0151s sz\u00e1rukon egy, nagym\u00e9ret\u0171 vir\u00e1g fejl\u0151dik, amely kiny\u00edlva a 10-15 cm-es m\u00e9retet is el\u00e9rheti.<\/p>\n<p>A vir\u00e1gok sz\u00edne rendk\u00edv\u00fcl \u00e9l\u00e9nk, ragyog\u00f3, vil\u00e1g\u00edt\u00f3.<\/p>\n<p>Az er\u0151s sz\u00e1r \u00e9s a ragyog\u00f3 sz\u00ednek miatt nagy fel\u00fclet\u0171 ki\u00fcltet\u00e9sekben, parkokban, vir\u00e1g\u00e1gyban rendk\u00edv\u00fcl mutat\u00f3sak.<\/p>\n<p>V\u00e1gott vir\u00e1gnak is kiv\u00e1l\u00f3ak, haz\u00e1nkban r\u00e9gebben a kereskedelemben kaphat\u00f3 tulip\u00e1n v\u00e1gott vir\u00e1got f\u0151leg ezek a fajt\u00e1k adt\u00e1k.<\/p>\n<p>T\u00e9l\u00e1ll\u00f3.<\/p>\n<ul>\n<li>M\u00e9ret: 55 cm<\/li>\n<li>Vir\u00e1gz\u00e1s: \u00e1prilis<\/li>\n<li>\u00dcltet\u00e9s: augusztus\/okt\u00f3ber<\/li>\n<li>F\u00e9nyig\u00e9ny: nap, f\u00e9l\u00e1rny\u00e9k<\/li>\n<li>T\u00e9l\u00e1ll\u00f3s\u00e1g: igen<\/li>\n<li>Felhaszn\u00e1l\u00e1s: \u00e9vel\u0151\u00e1gy, v\u00e1gott-vir\u00e1g, vir\u00e1gszeg\u00e9ly, park<\/li>\n<li><span class=\"fekete2\">Kiszerel\u00e9s: 5 db\/csomag<\/span><\/li>\n<\/ul>\n<p><strong>K\u00e9szlet\u00fcnk napi szinten v\u00e1ltozik, ez\u00e9rt a v\u00e1ltoz\u00e1s jog\u00e1t fenntartjuk!<\/strong><\/p>\n<p><strong>Amennyiben nagyobb mennyis\u00e9gre lenne sz\u00fcks\u00e9g, vegye fel vel\u00fcnk a kapcsolatot \u00e9s beszerezz\u00fck!<\/strong><\/p>\n<p>&nbsp;<\/p>\n<p><a href=\"https:\/\/tajkertesz.com\/\">https:\/\/tajkertesz.com\/<\/a><\/p>\n<p><a href=\"https:\/\/www.facebook.com\/tajkertesz\/\">https:\/\/www.facebook.com\/tajkertesz\/<\/a><\/p>\n<p>&nbsp;<\/p>\n<h2><span style=\"color: #ffffff;\"><span id=\"Elterjed\u00e9s\u00e9nek_t\u00f6rt\u00e9nete\" class=\"mw-headline\">Elterjed\u00e9s\u00e9nek t\u00f6rt\u00e9nete<\/span><span class=\"mw-editsection\"><span class=\"mw-editsection-bracket\">[<\/span><a style=\"color: #ffffff;\" title=\"Szakasz szerkeszt\u00e9se: Elterjed\u00e9s\u00e9nek t\u00f6rt\u00e9nete\" href=\"https:\/\/hu.wikipedia.org\/w\/index.php?title=Tulip%C3%A1n&amp;action=edit&amp;section=1\">szerkeszt\u00e9s<\/a><span class=\"mw-editsection-bracket\">]<\/span><\/span><\/span><\/h2>\n<p><span style=\"color: #ffffff;\">A tulip\u00e1n fajok nagy r\u00e9sze\u00a0<a style=\"color: #ffffff;\" title=\"K\u00f6z\u00e9p-\u00c1zsia\" href=\"https:\/\/hu.wikipedia.org\/wiki\/K%C3%B6z%C3%A9p-%C3%81zsia\">K\u00f6z\u00e9p-\u00c1zsi\u00e1ban<\/a>\u00a0tal\u00e1lhat\u00f3 meg vadon, de \u0151shonosak\u00a0<a style=\"color: #ffffff;\" title=\"\u00c9szak-Afrika\" href=\"https:\/\/hu.wikipedia.org\/wiki\/%C3%89szak-Afrika\">\u00c9szak-Afrik\u00e1ban<\/a>, a\u00a0<a style=\"color: #ffffff;\" title=\"K\u00f6zel-Kelet\" href=\"https:\/\/hu.wikipedia.org\/wiki\/K%C3%B6zel-Kelet\">K\u00f6zel-Keleten<\/a>,\u00a0<a style=\"color: #ffffff;\" title=\"T\u00e1vol-Kelet\" href=\"https:\/\/hu.wikipedia.org\/wiki\/T%C3%A1vol-Kelet\">T\u00e1vol-Keleten<\/a>\u00a0\u00e9s\u00a0<a style=\"color: #ffffff;\" title=\"Eur\u00f3pa\" href=\"https:\/\/hu.wikipedia.org\/wiki\/Eur%C3%B3pa\">Eur\u00f3p\u00e1ban<\/a>\u00a0is. Ezeken a vid\u00e9keken mintegy 125 vad faj\u00e1t ismerj\u00fck. Feltehet\u0151en a\u00a0<a style=\"color: #ffffff;\" title=\"Tien-san\" href=\"https:\/\/hu.wikipedia.org\/wiki\/Tien-san\">Tien-san<\/a>\u00a0\u00e9s a\u00a0<a style=\"color: #ffffff;\" title=\"Pam\u00edr\" href=\"https:\/\/hu.wikipedia.org\/wiki\/Pam%C3%ADr\">Pam\u00edr<\/a>&#8211;<a style=\"color: #ffffff;\" title=\"Altaj\" href=\"https:\/\/hu.wikipedia.org\/wiki\/Altaj\">Altaj<\/a>\u00a0k\u00f6rny\u00e9k\u00e9n kezdt\u00e9k termeszteni, ott, ahol mintegy 1000\u00a0km sugar\u00fa k\u00f6rben 51 faja \u00e9l. Eur\u00f3p\u00e1ban is tal\u00e1lunk \u0151shonos tulip\u00e1nfajokat. A\u00a0<a style=\"color: #ffffff;\" title=\"K\u00e1rp\u00e1t-medence\" href=\"https:\/\/hu.wikipedia.org\/wiki\/K%C3%A1rp%C3%A1t-medence\">K\u00e1rp\u00e1t-medenc\u00e9ben<\/a>\u00a0n\u00e9gy faj \u00e9l vadon, k\u00f6z\u00fcl\u00fck legismertebb a\u00a0<a style=\"color: #ffffff;\" title=\"Praemoesicum fl\u00f3ratartom\u00e1ny\" href=\"https:\/\/hu.wikipedia.org\/wiki\/Praemoesicum_fl%C3%B3ratartom%C3%A1ny\">b\u00e1ns\u00e1gi fl\u00f3ratartom\u00e1nyban<\/a>\u00a0a\u00a0<a style=\"color: #ffffff;\" title=\"Kaz\u00e1n-szoros\" href=\"https:\/\/hu.wikipedia.org\/wiki\/Kaz%C3%A1n-szoros\">Kaz\u00e1n-szorosban<\/a>\u00a0\u00e9s a\u00a0<a style=\"color: #ffffff;\" title=\"Vaskapu-szoros\" href=\"https:\/\/hu.wikipedia.org\/wiki\/Vaskapu-szoros\">Vaskapu-szorosban<\/a>\u00a0\u00e9l\u0151, 40\u201350\u00a0cm magas, \u00e1prilisban ny\u00edl\u00f3\u00a0<a style=\"color: #ffffff;\" title=\"Magyar tulip\u00e1n\" href=\"https:\/\/hu.wikipedia.org\/wiki\/Magyar_tulip%C3%A1n\">magyar tulip\u00e1n<\/a>\u00a0(s\u00e1rga tulip\u00e1n,\u00a0<i>Tulipa hungarica<\/i>\u00a0Borb\u00e1s).<\/span><\/p>\n<p><span style=\"color: #ffffff;\">Kr. u. 1000 k\u00f6r\u00fcl m\u00e1r \u00edr\u00e1sos feljegyz\u00e9sek eml\u00edtik. A k\u00e9s\u0151bbi id\u0151kben a t\u00f6r\u00f6k\u00f6k teny\u00e9sztett\u00e9k ki a tulip\u00e1n legszebb p\u00e9ld\u00e1nyait. I. Szulejm\u00e1n cs\u00e1sz\u00e1r uralkod\u00e1sa idej\u00e9ben 1494-1566 t\u00e1j\u00e9k\u00e1n m\u00e1r k\u00eds\u00e9rleteztek is vele, sz\u00e1mos v\u00e1ltozat\u00e1t kifejlesztett\u00e9k.<\/span><\/p>\n<p><span style=\"color: #ffffff;\">kkor ismert\u00e9k meg az eur\u00f3paiak ezt a n\u00f6v\u00e9nyt. A tulip\u00e1nt 1555-ben a b\u00e9csi udvar isztambuli nagyk\u00f6vete Ogier Ghiselin de Busbecq hozta az Oszm\u00e1n Birodalomb\u00f3l Nyugat-Eur\u00f3p\u00e1ba.\u00a0<a style=\"color: #ffffff;\" title=\"III. Ahmed oszm\u00e1n szult\u00e1n\" href=\"https:\/\/hu.wikipedia.org\/wiki\/III._Ahmed_oszm%C3%A1n_szult%C3%A1n\">III. Ahmed osz<\/a>\u00a0\u201etulip\u00e1n\u0151r\u00fclet\u201d id\u0151szaka\u00a0<a style=\"color: #ffffff;\" title=\"1633\" href=\"https:\/\/hu.wikipedia.org\/wiki\/1633\">1633<\/a>\u2013<a style=\"color: #ffffff;\" title=\"1637\" href=\"https:\/\/hu.wikipedia.org\/wiki\/1637\">1637<\/a>; ennek v\u00e9g\u00e9n a spekul\u00e1ci\u00f3s piac \u00f6sszeomlott. A hagym\u00e1k \u00e1ra hirtelen a kor\u00e1bbi t\u00f6red\u00e9k\u00e9re cs\u00f6kkent, \u00e9s nagyon sok csal\u00e1d elvesz\u00edtette erre alapozott vagyon\u00e1t. Magyarorsz\u00e1gon is a 16. sz\u00e1zad v\u00e9ge \u00f3ta termesztik. M\u00e1ra mintegy 3\u20134000 k\u00fcl\u00f6nb\u00f6z\u0151 termet\u0171 \u00e9s vir\u00e1g\u00fa faj\u00e1t nemes\u00edtett\u00e9k ki. A tulip\u00e1n vir\u00e1ga a k\u00e9k kiv\u00e9tel\u00e9vel b\u00e1rmilyen sz\u00edn\u0171 \u00e9s v\u00e1ltozatos mint\u00e1j\u00fa lehet; m\u00e9g (csaknem fekete) s\u00f6t\u00e9t ibolya \u00e9s z\u00f6ld vir\u00e1g\u00fa fajt\u00e1k is vannak.<\/span><\/p>\n","protected":false},"excerpt":{"rendered":"<p>&nbsp;<\/p>\n<p>A Tulipa Darwin hybrid &#8211; Van Eijk -piros tulip\u00e1n magas er\u0151s sz\u00e1rukon egy, nagym\u00e9ret\u0171 vir\u00e1g fejl\u0151dik, amely kiny\u00edlva a 10-15 cm-es m\u00e9retet is el\u00e9rheti.<\/p>\n<p>A vir\u00e1gok sz\u00edne rendk\u00edv\u00fcl \u00e9l\u00e9nk, ragyog\u00f3, vil\u00e1g\u00edt\u00f3.<\/p>\n<p>Az er\u0151s sz\u00e1r \u00e9s a ragyog\u00f3 sz\u00ednek miatt nagy fel\u00fclet\u0171 ki\u00fcltet\u00e9sekben, parkokban, vir\u00e1g\u00e1gyban rendk\u00edv\u00fcl mutat\u00f3sak.<\/p>\n<p>V\u00e1gott vir\u00e1gnak is kiv\u00e1l\u00f3ak, haz\u00e1nkban r\u00e9gebben a kereskedelemben kaphat\u00f3 tulip\u00e1n v\u00e1gott vir\u00e1got f\u0151leg ezek a fajt\u00e1k adt\u00e1k.<\/p>\n<p>T\u00e9l\u00e1ll\u00f3.<\/p>\n<ul>\n<li>M\u00e9ret: 55 cm<\/li>\n<li>Vir\u00e1gz\u00e1s: \u00e1prilis<\/li>\n<li>\u00dcltet\u00e9s: augusztus\/okt\u00f3ber<\/li>\n<li>F\u00e9nyig\u00e9ny: nap, f\u00e9l\u00e1rny\u00e9k<\/li>\n<li>T\u00e9l\u00e1ll\u00f3s\u00e1g: igen<\/li>\n<li>Felhaszn\u00e1l\u00e1s: \u00e9vel\u0151\u00e1gy, v\u00e1gott-vir\u00e1g, vir\u00e1gszeg\u00e9ly, park<\/li>\n<li><span class=\"fekete2\">Kiszerel\u00e9s: 5 db\/csomag<\/span><\/li>\n<\/ul>","protected":false},"featured_media":11024,"template":"","meta":{"_et_pb_use_builder":"","_et_pb_old_content":"","_et_gb_content_width":""},"product_brand":[],"product_cat":[3857],"product_tag":[3135],"class_list":{"0":"post-11022","1":"product","2":"type-product","3":"status-publish","4":"has-post-thumbnail","6":"product_cat-viraghagyma-dughagyma","7":"product_tag-van-eijk","9":"first","10":"outofstock","11":"shipping-taxable","12":"product-type-simple"},"yoast_head":"<!-- This site is optimized with the Yoast SEO plugin v27.5 - https:\/\/yoast.com\/product\/yoast-seo-wordpress\/ -->\n<title>Tulipa Darwin hybrid - Van Eijk -piros tulip\u00e1n - T\u00e1jkert\u00e9sz<\/title>\n<meta name=\"description\" content=\"Tulipa Darwin hybrid - Van Eijk piros vir\u00e1g\u00fa tulip\u00e1n. A vir\u00e1gok sz\u00edne rendk\u00edv\u00fcl \u00e9l\u00e9nk, ragyog\u00f3, vil\u00e1g\u00edt\u00f3. V\u00e1gott vir\u00e1gnak is kiv\u00e1l\u00f3ak.\" \/>\n<meta name=\"robots\" content=\"index, follow, max-snippet:-1, max-image-preview:large, max-video-preview:-1\" \/>\n<link rel=\"canonical\" href=\"https:\/\/tajkertesz.com\/en_US\/product\/tulipa-darwin-hybrid-van-eijk\/\" \/>\n<meta property=\"og:locale\" content=\"en_US\" \/>\n<meta property=\"og:type\" content=\"article\" \/>\n<meta property=\"og:title\" content=\"Tulipa Darwin hybrid - Van Eijk -piros tulip\u00e1n - T\u00e1jkert\u00e9sz\" \/>\n<meta property=\"og:description\" content=\"Tulipa Darwin hybrid - Van Eijk piros vir\u00e1g\u00fa tulip\u00e1n. A vir\u00e1gok sz\u00edne rendk\u00edv\u00fcl \u00e9l\u00e9nk, ragyog\u00f3, vil\u00e1g\u00edt\u00f3. V\u00e1gott vir\u00e1gnak is kiv\u00e1l\u00f3ak.\" \/>\n<meta property=\"og:url\" content=\"https:\/\/tajkertesz.com\/en_US\/product\/tulipa-darwin-hybrid-van-eijk\/\" \/>\n<meta property=\"og:site_name\" content=\"T\u00e1jkert\u00e9sz\" \/>\n<meta property=\"article:publisher\" content=\"https:\/\/www.facebook.com\/Tajkertesz\/\" \/>\n<meta property=\"article:modified_time\" content=\"2024-02-06T14:38:01+00:00\" \/>\n<meta property=\"og:image\" content=\"https:\/\/tajkertesz.com\/wp-content\/uploads\/2021\/10\/Van-eijk.jpg\" \/>\n\t<meta property=\"og:image:width\" content=\"703\" \/>\n\t<meta property=\"og:image:height\" content=\"937\" \/>\n\t<meta property=\"og:image:type\" content=\"image\/jpeg\" \/>\n<meta name=\"twitter:card\" content=\"summary_large_image\" \/>\n<meta name=\"twitter:label1\" content=\"Est. reading time\" \/>\n\t<meta name=\"twitter:data1\" content=\"2 minutes\" \/>\n<script type=\"application\/ld+json\" class=\"yoast-schema-graph\">{\"@context\":\"https:\\\/\\\/schema.org\",\"@graph\":[{\"@type\":\"WebPage\",\"@id\":\"https:\\\/\\\/tajkertesz.com\\\/termek\\\/tulipa-darwin-hybrid-van-eijk\\\/\",\"url\":\"https:\\\/\\\/tajkertesz.com\\\/termek\\\/tulipa-darwin-hybrid-van-eijk\\\/\",\"name\":\"Tulipa Darwin hybrid - Van Eijk -piros tulip\u00e1n - T\u00e1jkert\u00e9sz\",\"isPartOf\":{\"@id\":\"https:\\\/\\\/tajkertesz.com\\\/#website\"},\"primaryImageOfPage\":{\"@id\":\"https:\\\/\\\/tajkertesz.com\\\/termek\\\/tulipa-darwin-hybrid-van-eijk\\\/#primaryimage\"},\"image\":{\"@id\":\"https:\\\/\\\/tajkertesz.com\\\/termek\\\/tulipa-darwin-hybrid-van-eijk\\\/#primaryimage\"},\"thumbnailUrl\":\"https:\\\/\\\/tajkertesz.com\\\/wp-content\\\/uploads\\\/2021\\\/10\\\/Van-eijk.jpg\",\"datePublished\":\"2021-10-28T14:30:59+00:00\",\"dateModified\":\"2024-02-06T14:38:01+00:00\",\"description\":\"Tulipa Darwin hybrid - Van Eijk piros vir\u00e1g\u00fa tulip\u00e1n. A vir\u00e1gok sz\u00edne rendk\u00edv\u00fcl \u00e9l\u00e9nk, ragyog\u00f3, vil\u00e1g\u00edt\u00f3. V\u00e1gott vir\u00e1gnak is kiv\u00e1l\u00f3ak.\",\"breadcrumb\":{\"@id\":\"https:\\\/\\\/tajkertesz.com\\\/termek\\\/tulipa-darwin-hybrid-van-eijk\\\/#breadcrumb\"},\"inLanguage\":\"en-US\",\"potentialAction\":[{\"@type\":\"ReadAction\",\"target\":[\"https:\\\/\\\/tajkertesz.com\\\/termek\\\/tulipa-darwin-hybrid-van-eijk\\\/\"]}]},{\"@type\":\"ImageObject\",\"inLanguage\":\"en-US\",\"@id\":\"https:\\\/\\\/tajkertesz.com\\\/termek\\\/tulipa-darwin-hybrid-van-eijk\\\/#primaryimage\",\"url\":\"https:\\\/\\\/tajkertesz.com\\\/wp-content\\\/uploads\\\/2021\\\/10\\\/Van-eijk.jpg\",\"contentUrl\":\"https:\\\/\\\/tajkertesz.com\\\/wp-content\\\/uploads\\\/2021\\\/10\\\/Van-eijk.jpg\",\"width\":703,\"height\":937},{\"@type\":\"BreadcrumbList\",\"@id\":\"https:\\\/\\\/tajkertesz.com\\\/termek\\\/tulipa-darwin-hybrid-van-eijk\\\/#breadcrumb\",\"itemListElement\":[{\"@type\":\"ListItem\",\"position\":1,\"name\":\"Home\",\"item\":\"https:\\\/\\\/tajkertesz.com\\\/\"},{\"@type\":\"ListItem\",\"position\":2,\"name\":\"Kezd\u0151lap\",\"item\":\"https:\\\/\\\/tajkertesz.com\\\/\"},{\"@type\":\"ListItem\",\"position\":3,\"name\":\"Tulipa Darwin hybrid &#8211; Van Eijk -piros tulip\u00e1n\"}]},{\"@type\":\"WebSite\",\"@id\":\"https:\\\/\\\/tajkertesz.com\\\/#website\",\"url\":\"https:\\\/\\\/tajkertesz.com\\\/\",\"name\":\"T\u00e1j-Kert\u00e9sz 84 Kft.\",\"description\":\"Kert\u00e9szeti kis- \u00e9s nagykeresked\u00e9s, D\u00edszn\u00f6v\u00e9ny web\u00e1ruh\u00e1z orsz\u00e1gos h\u00e1zhozsz\u00e1ll\u00edt\u00e1ssal!\",\"publisher\":{\"@id\":\"https:\\\/\\\/tajkertesz.com\\\/#organization\"},\"potentialAction\":[{\"@type\":\"SearchAction\",\"target\":{\"@type\":\"EntryPoint\",\"urlTemplate\":\"https:\\\/\\\/tajkertesz.com\\\/?s={search_term_string}\"},\"query-input\":{\"@type\":\"PropertyValueSpecification\",\"valueRequired\":true,\"valueName\":\"search_term_string\"}}],\"inLanguage\":\"en-US\"},{\"@type\":\"Organization\",\"@id\":\"https:\\\/\\\/tajkertesz.com\\\/#organization\",\"name\":\"T\u00e1j-Kert\u00e9sz 84 Kft.\",\"url\":\"https:\\\/\\\/tajkertesz.com\\\/\",\"logo\":{\"@type\":\"ImageObject\",\"inLanguage\":\"en-US\",\"@id\":\"https:\\\/\\\/tajkertesz.com\\\/#\\\/schema\\\/logo\\\/image\\\/\",\"url\":\"https:\\\/\\\/tajkertesz.com\\\/wp-content\\\/uploads\\\/2018\\\/02\\\/logo-2-e1518678052539.png\",\"contentUrl\":\"https:\\\/\\\/tajkertesz.com\\\/wp-content\\\/uploads\\\/2018\\\/02\\\/logo-2-e1518678052539.png\",\"width\":81,\"height\":140,\"caption\":\"T\u00e1j-Kert\u00e9sz 84 Kft.\"},\"image\":{\"@id\":\"https:\\\/\\\/tajkertesz.com\\\/#\\\/schema\\\/logo\\\/image\\\/\"},\"sameAs\":[\"https:\\\/\\\/www.facebook.com\\\/Tajkertesz\\\/\"]}]}<\/script>\n<!-- \/ Yoast SEO plugin. -->","yoast_head_json":{"title":"Tulipa Darwin hybrid - Van Eijk -piros tulip\u00e1n - T\u00e1jkert\u00e9sz","description":"Tulipa Darwin hybrid - Van Eijk piros vir\u00e1g\u00fa tulip\u00e1n. A vir\u00e1gok sz\u00edne rendk\u00edv\u00fcl \u00e9l\u00e9nk, ragyog\u00f3, vil\u00e1g\u00edt\u00f3. V\u00e1gott vir\u00e1gnak is kiv\u00e1l\u00f3ak.","robots":{"index":"index","follow":"follow","max-snippet":"max-snippet:-1","max-image-preview":"max-image-preview:large","max-video-preview":"max-video-preview:-1"},"canonical":"https:\/\/tajkertesz.com\/en_US\/product\/tulipa-darwin-hybrid-van-eijk\/","og_locale":"en_US","og_type":"article","og_title":"Tulipa Darwin hybrid - Van Eijk -piros tulip\u00e1n - T\u00e1jkert\u00e9sz","og_description":"Tulipa Darwin hybrid - Van Eijk piros vir\u00e1g\u00fa tulip\u00e1n. A vir\u00e1gok sz\u00edne rendk\u00edv\u00fcl \u00e9l\u00e9nk, ragyog\u00f3, vil\u00e1g\u00edt\u00f3. V\u00e1gott vir\u00e1gnak is kiv\u00e1l\u00f3ak.","og_url":"https:\/\/tajkertesz.com\/en_US\/product\/tulipa-darwin-hybrid-van-eijk\/","og_site_name":"T\u00e1jkert\u00e9sz","article_publisher":"https:\/\/www.facebook.com\/Tajkertesz\/","article_modified_time":"2024-02-06T14:38:01+00:00","og_image":[{"width":703,"height":937,"url":"https:\/\/tajkertesz.com\/wp-content\/uploads\/2021\/10\/Van-eijk.jpg","type":"image\/jpeg"}],"twitter_card":"summary_large_image","twitter_misc":{"Est. reading time":"2 minutes"},"schema":{"@context":"https:\/\/schema.org","@graph":[{"@type":"WebPage","@id":"https:\/\/tajkertesz.com\/termek\/tulipa-darwin-hybrid-van-eijk\/","url":"https:\/\/tajkertesz.com\/termek\/tulipa-darwin-hybrid-van-eijk\/","name":"Tulipa Darwin hybrid - Van Eijk -piros tulip\u00e1n - T\u00e1jkert\u00e9sz","isPartOf":{"@id":"https:\/\/tajkertesz.com\/#website"},"primaryImageOfPage":{"@id":"https:\/\/tajkertesz.com\/termek\/tulipa-darwin-hybrid-van-eijk\/#primaryimage"},"image":{"@id":"https:\/\/tajkertesz.com\/termek\/tulipa-darwin-hybrid-van-eijk\/#primaryimage"},"thumbnailUrl":"https:\/\/tajkertesz.com\/wp-content\/uploads\/2021\/10\/Van-eijk.jpg","datePublished":"2021-10-28T14:30:59+00:00","dateModified":"2024-02-06T14:38:01+00:00","description":"Tulipa Darwin hybrid - Van Eijk piros vir\u00e1g\u00fa tulip\u00e1n. A vir\u00e1gok sz\u00edne rendk\u00edv\u00fcl \u00e9l\u00e9nk, ragyog\u00f3, vil\u00e1g\u00edt\u00f3. V\u00e1gott vir\u00e1gnak is kiv\u00e1l\u00f3ak.","breadcrumb":{"@id":"https:\/\/tajkertesz.com\/termek\/tulipa-darwin-hybrid-van-eijk\/#breadcrumb"},"inLanguage":"en-US","potentialAction":[{"@type":"ReadAction","target":["https:\/\/tajkertesz.com\/termek\/tulipa-darwin-hybrid-van-eijk\/"]}]},{"@type":"ImageObject","inLanguage":"en-US","@id":"https:\/\/tajkertesz.com\/termek\/tulipa-darwin-hybrid-van-eijk\/#primaryimage","url":"https:\/\/tajkertesz.com\/wp-content\/uploads\/2021\/10\/Van-eijk.jpg","contentUrl":"https:\/\/tajkertesz.com\/wp-content\/uploads\/2021\/10\/Van-eijk.jpg","width":703,"height":937},{"@type":"BreadcrumbList","@id":"https:\/\/tajkertesz.com\/termek\/tulipa-darwin-hybrid-van-eijk\/#breadcrumb","itemListElement":[{"@type":"ListItem","position":1,"name":"Home","item":"https:\/\/tajkertesz.com\/"},{"@type":"ListItem","position":2,"name":"Kezd\u0151lap","item":"https:\/\/tajkertesz.com\/"},{"@type":"ListItem","position":3,"name":"Tulipa Darwin hybrid &#8211; Van Eijk -piros tulip\u00e1n"}]},{"@type":"WebSite","@id":"https:\/\/tajkertesz.com\/#website","url":"https:\/\/tajkertesz.com\/","name":"T\u00e1j-Kert\u00e9sz 84 Kft.","description":"Kert\u00e9szeti kis- \u00e9s nagykeresked\u00e9s, D\u00edszn\u00f6v\u00e9ny web\u00e1ruh\u00e1z orsz\u00e1gos h\u00e1zhozsz\u00e1ll\u00edt\u00e1ssal!","publisher":{"@id":"https:\/\/tajkertesz.com\/#organization"},"potentialAction":[{"@type":"SearchAction","target":{"@type":"EntryPoint","urlTemplate":"https:\/\/tajkertesz.com\/?s={search_term_string}"},"query-input":{"@type":"PropertyValueSpecification","valueRequired":true,"valueName":"search_term_string"}}],"inLanguage":"en-US"},{"@type":"Organization","@id":"https:\/\/tajkertesz.com\/#organization","name":"T\u00e1j-Kert\u00e9sz 84 Kft.","url":"https:\/\/tajkertesz.com\/","logo":{"@type":"ImageObject","inLanguage":"en-US","@id":"https:\/\/tajkertesz.com\/#\/schema\/logo\/image\/","url":"https:\/\/tajkertesz.com\/wp-content\/uploads\/2018\/02\/logo-2-e1518678052539.png","contentUrl":"https:\/\/tajkertesz.com\/wp-content\/uploads\/2018\/02\/logo-2-e1518678052539.png","width":81,"height":140,"caption":"T\u00e1j-Kert\u00e9sz 84 Kft."},"image":{"@id":"https:\/\/tajkertesz.com\/#\/schema\/logo\/image\/"},"sameAs":["https:\/\/www.facebook.com\/Tajkertesz\/"]}]}},"_links":{"self":[{"href":"https:\/\/tajkertesz.com\/en_US\/wp-json\/wp\/v2\/product\/11022","targetHints":{"allow":["GET"]}}],"collection":[{"href":"https:\/\/tajkertesz.com\/en_US\/wp-json\/wp\/v2\/product"}],"about":[{"href":"https:\/\/tajkertesz.com\/en_US\/wp-json\/wp\/v2\/types\/product"}],"wp:featuredmedia":[{"embeddable":true,"href":"https:\/\/tajkertesz.com\/en_US\/wp-json\/wp\/v2\/media\/11024"}],"wp:attachment":[{"href":"https:\/\/tajkertesz.com\/en_US\/wp-json\/wp\/v2\/media?parent=11022"}],"wp:term":[{"taxonomy":"product_brand","embeddable":true,"href":"https:\/\/tajkertesz.com\/en_US\/wp-json\/wp\/v2\/product_brand?post=11022"},{"taxonomy":"product_cat","embeddable":true,"href":"https:\/\/tajkertesz.com\/en_US\/wp-json\/wp\/v2\/product_cat?post=11022"},{"taxonomy":"product_tag","embeddable":true,"href":"https:\/\/tajkertesz.com\/en_US\/wp-json\/wp\/v2\/product_tag?post=11022"}],"curies":[{"name":"wp","href":"https:\/\/api.w.org\/{rel}","templated":true}]}}