{"id":11617,"date":"2021-11-19T11:23:44","date_gmt":"2021-11-19T11:23:44","guid":{"rendered":"https:\/\/tajkertesz.com\/?post_type=product&#038;p=11617"},"modified":"2026-02-25T09:51:05","modified_gmt":"2026-02-25T09:51:05","slug":"picea-glauca-conica-cukorsuvegfenyo-2","status":"publish","type":"product","link":"https:\/\/tajkertesz.com\/en_US\/product\/picea-glauca-conica-cukorsuvegfenyo-2\/","title":{"rendered":"Picea glauca &#8216;Conica&#8217; \u2013 Cukors\u00fcvegfeny\u0151 40\/50cm"},"content":{"rendered":"<h1 class=\"product-page-heading\">Picea glauca &#8216;Conica&#8217; \u2013 Cukors\u00fcvegfeny\u0151 40\/50cm<\/h1>\n<p class=\"product-page-heading\">Picea glauca &#8216;Conica&#8217; \u2013 Cukors\u00fcvegfeny\u0151,t\u00f6rpen\u00f6v\u00e9s\u0171, szab\u00e1lyos k\u00fap alak\u00fa, igen kedvelt \u00f6r\u00f6kz\u00f6ld, amely 1,5 &#8211; 2 m\u00e9ter magasra n\u0151 meg. T\u0171levelei vil\u00e1gosz\u00f6ldek, kiss\u00e9 sz\u00far\u00f3sak. Sz\u00e1raz kertekben ink\u00e1bb f\u00e9l\u00e1rny\u00e9kba \u00fcltess\u00fck. J\u00f3 v\u00edzell\u00e1totts\u00e1g\u00fa, t\u00e1panyagd\u00fas talajt ig\u00e9nyel.<\/p>\n<p class=\"product-page-heading\">Az \u00f6r\u00f6kz\u00f6ld n\u00f6v\u00e9nyek minim\u00e1lis gondoz\u00e1s mellett kert\u00fcnk, teraszunk vagy ak\u00e1r d\u00e9zs\u00e1ban nevelve erk\u00e9ly\u00fcnk gy\u00f6ngyszemei lehetnek. Picea glauca \u2018Conica\u2019 \u2013 Cukors\u00fcvegfeny\u0151, t\u00f6rpen\u00f6v\u00e9s\u0171, szab\u00e1lyos k\u00fap alak\u00fa, igen kedvelt \u00f6r\u00f6kz\u00f6ld, amely 1,5 \u2013 2 m\u00e9ter magasra n\u0151 meg. T\u0171levelei vil\u00e1gosz\u00f6ldek, kiss\u00e9 sz\u00far\u00f3sak. Sz\u00e1raz kertekben ink\u00e1bb f\u00e9l\u00e1rny\u00e9kba \u00fcltess\u00fck, de napos helyen mindig szebben, egyenletesebben fejl\u0151dnek, mint f\u00e9l\u00e1rny\u00e9kban, \u00e1rny\u00e9kban. J\u00f3 v\u00edzell\u00e1totts\u00e1g\u00fa, t\u00e1panyagd\u00fas talajt ig\u00e9nyel. \u00dcltet\u00e9skor haszn\u00e1ljunk t\u0151zeget az \u00fcltet\u0151g\u00f6d\u00f6rbe, biztos\u00edtva a savany\u00fa k\u00f6zeget.<\/p>\n<p>Kertbe \u00fcltet\u00e9skor javasoljuk a marhatr\u00e1gya haszn\u00e1lat\u00e1t az \u00fcltet\u0151 g\u00f6d\u00f6rbe!\u00a0<a href=\"https:\/\/tajkertesz.com\/termek\/marhatragya-15-literes\/\">Katt. ide!<\/a><\/p>\n<p>Valamint a t\u0151zeget:\u00a0<a href=\"https:\/\/tajkertesz.com\/termek\/florimo-tozegkocka-25-l\/\">Katt. ide!<\/a><\/p>\n<p>Balkonl\u00e1d\u00e1ba\/d\u00e9zs\u00e1ba \u00fcltetve az \u00f6r\u00f6kz\u00f6ldeknek val\u00f3 f\u00f6ldet javasoljuk:\u00a0Katt. ide.<\/p>\n<p>&nbsp;<\/p>\n<p>kb. 40\/50 + kont\u00e9ner<\/p>\n<p><b><span style=\"font-family: 'Ubuntu',serif; color: black;\">K\u00e9szlet\u00fcnk napi szinten v\u00e1ltozik, ez\u00e9rt k\u00e9rj\u00fck, \u00e9rdekl\u0151dj\u00f6n szem\u00e9lyesen, telefonon vagy email-en.<\/span><\/b><\/p>\n<p style=\"line-height: 18.0pt; background: white; margin: 0cm 0cm 15.0pt 0cm;\"><b><span style=\"font-family: 'Ubuntu',serif; color: black;\">A v\u00e1ltoztat\u00e1s jog\u00e1t fenntartjuk!\u00a0<\/span><\/b><\/p>\n<p><a href=\"https:\/\/tajkertesz.com\/\">https:\/\/tajkertesz.com\/<\/a><\/p>\n<p><a href=\"https:\/\/www.facebook.com\/tajkertesz\">https:\/\/www.facebook.com\/tajkertesz<\/a><\/p>\n<p>El\u00e9rhet\u0151 t\u00f6bbf\u00e9le m\u00e9retben \u00e9s \u00e1rban.<\/p>\n<p><strong>K\u00e9szlet\u00fcnk napi szinten v\u00e1ltozik, ez\u00e9rt k\u00e9rj\u00fck, \u00e9rdekl\u0151dj\u00f6n szem\u00e9lyesen, telefonon vagy email-en.<br \/>\nA v\u00e1ltoztat\u00e1s jog\u00e1t fenntartjuk!\u00a0<\/strong><\/p>\n<p>&nbsp;<\/p>\n<p>Kisz\u00e1ll\u00edt\u00e1s: 200cm-ig \u00a0\u00e9s 40 kg-ig a sz\u00e1ll\u00edt\u00e1s fut\u00e1rszolg\u00e1lattal \u00a0t\u00f6rt\u00e9nik.<\/p>\n<p>Szem\u00e9lyes \u00e1tv\u00e9tel nyitvatart\u00e1si id\u0151ben a 17. ker\u00fclet Bakancsos utca 7. sz\u00e1m alatti Kert\u00e9szeti \u00e1rud\u00e1ban.<\/p>\n<p class=\"product-page-heading\">","protected":false},"excerpt":{"rendered":"<p>Picea glauca &#8216;Conica&#8217; \u2013 Cukors\u00fcvegfeny\u0151,t\u00f6rpen\u00f6v\u00e9s\u0171, szab\u00e1lyos k\u00fap alak\u00fa, igen kedvelt \u00f6r\u00f6kz\u00f6ld, amely 1,5 &#8211; 2 m\u00e9ter magasra n\u0151 meg.<\/p>\n<p>N\u00f6v\u00e9ny m\u00e9rete: kb. 40\/50 + kont\u00e9ner<\/p>","protected":false},"featured_media":25503,"template":"","meta":{"_et_pb_use_builder":"","_et_pb_old_content":"","_et_gb_content_width":""},"product_brand":[],"product_cat":[4033],"product_tag":[4498,1447,3383],"class_list":{"0":"post-11617","1":"product","2":"type-product","3":"status-publish","4":"has-post-thumbnail","6":"product_cat-cukorsuveg-fenyok","7":"product_tag-cukorsuveg","8":"product_tag-fenyo","9":"product_tag-picea-glauca-conica-cukorsuvegfenyo","11":"first","12":"instock","13":"shipping-taxable","14":"purchasable","15":"product-type-simple"},"yoast_head":"<!-- This site is optimized with the Yoast SEO plugin v27.5 - https:\/\/yoast.com\/product\/yoast-seo-wordpress\/ -->\n<title>Picea glauca &#039;Conica&#039; \u2013 Cukors\u00fcvegfeny\u0151 40\/50cm - T\u00e1jkert\u00e9sz<\/title>\n<meta name=\"description\" content=\"Picea glauca &#039;Conica&#039; \u2013 Cukors\u00fcvegfeny\u0151, t\u00f6rpen\u00f6v\u00e9s\u0171, szab\u00e1lyos k\u00fap alak\u00fa, igen kedvelt \u00f6r\u00f6kz\u00f6ld, amely 1,5 - 2 m\u00e9ter magasra n\u0151 meg.\" \/>\n<meta name=\"robots\" content=\"index, follow, max-snippet:-1, max-image-preview:large, max-video-preview:-1\" \/>\n<link rel=\"canonical\" href=\"https:\/\/tajkertesz.com\/en_US\/product\/picea-glauca-conica-cukorsuvegfenyo-2\/\" \/>\n<meta property=\"og:locale\" content=\"en_US\" \/>\n<meta property=\"og:type\" content=\"article\" \/>\n<meta property=\"og:title\" content=\"Picea glauca &#039;Conica&#039; \u2013 Cukors\u00fcvegfeny\u0151 40\/50cm - T\u00e1jkert\u00e9sz\" \/>\n<meta property=\"og:description\" content=\"Picea glauca &#039;Conica&#039; \u2013 Cukors\u00fcvegfeny\u0151, t\u00f6rpen\u00f6v\u00e9s\u0171, szab\u00e1lyos k\u00fap alak\u00fa, igen kedvelt \u00f6r\u00f6kz\u00f6ld, amely 1,5 - 2 m\u00e9ter magasra n\u0151 meg.\" \/>\n<meta property=\"og:url\" content=\"https:\/\/tajkertesz.com\/en_US\/product\/picea-glauca-conica-cukorsuvegfenyo-2\/\" \/>\n<meta property=\"og:site_name\" content=\"T\u00e1jkert\u00e9sz\" \/>\n<meta property=\"article:publisher\" content=\"https:\/\/www.facebook.com\/Tajkertesz\/\" \/>\n<meta property=\"article:modified_time\" content=\"2026-02-25T09:51:05+00:00\" \/>\n<meta property=\"og:image\" content=\"https:\/\/tajkertesz.com\/wp-content\/uploads\/2021\/11\/20251204_073455-scaled.jpg\" \/>\n\t<meta property=\"og:image:width\" content=\"1442\" \/>\n\t<meta property=\"og:image:height\" content=\"2560\" \/>\n\t<meta property=\"og:image:type\" content=\"image\/jpeg\" \/>\n<meta name=\"twitter:card\" content=\"summary_large_image\" \/>\n<meta name=\"twitter:label1\" content=\"Est. reading time\" \/>\n\t<meta name=\"twitter:data1\" content=\"2 minutes\" \/>\n<script type=\"application\/ld+json\" class=\"yoast-schema-graph\">{\"@context\":\"https:\\\/\\\/schema.org\",\"@graph\":[{\"@type\":\"WebPage\",\"@id\":\"https:\\\/\\\/tajkertesz.com\\\/termek\\\/picea-glauca-conica-cukorsuvegfenyo-2\\\/\",\"url\":\"https:\\\/\\\/tajkertesz.com\\\/termek\\\/picea-glauca-conica-cukorsuvegfenyo-2\\\/\",\"name\":\"Picea glauca 'Conica' \u2013 Cukors\u00fcvegfeny\u0151 40\\\/50cm - T\u00e1jkert\u00e9sz\",\"isPartOf\":{\"@id\":\"https:\\\/\\\/tajkertesz.com\\\/#website\"},\"primaryImageOfPage\":{\"@id\":\"https:\\\/\\\/tajkertesz.com\\\/termek\\\/picea-glauca-conica-cukorsuvegfenyo-2\\\/#primaryimage\"},\"image\":{\"@id\":\"https:\\\/\\\/tajkertesz.com\\\/termek\\\/picea-glauca-conica-cukorsuvegfenyo-2\\\/#primaryimage\"},\"thumbnailUrl\":\"https:\\\/\\\/tajkertesz.com\\\/wp-content\\\/uploads\\\/2021\\\/11\\\/20251204_073455-scaled.jpg\",\"datePublished\":\"2021-11-19T11:23:44+00:00\",\"dateModified\":\"2026-02-25T09:51:05+00:00\",\"description\":\"Picea glauca 'Conica' \u2013 Cukors\u00fcvegfeny\u0151, t\u00f6rpen\u00f6v\u00e9s\u0171, szab\u00e1lyos k\u00fap alak\u00fa, igen kedvelt \u00f6r\u00f6kz\u00f6ld, amely 1,5 - 2 m\u00e9ter magasra n\u0151 meg.\",\"breadcrumb\":{\"@id\":\"https:\\\/\\\/tajkertesz.com\\\/termek\\\/picea-glauca-conica-cukorsuvegfenyo-2\\\/#breadcrumb\"},\"inLanguage\":\"en-US\",\"potentialAction\":[{\"@type\":\"ReadAction\",\"target\":[\"https:\\\/\\\/tajkertesz.com\\\/termek\\\/picea-glauca-conica-cukorsuvegfenyo-2\\\/\"]}]},{\"@type\":\"ImageObject\",\"inLanguage\":\"en-US\",\"@id\":\"https:\\\/\\\/tajkertesz.com\\\/termek\\\/picea-glauca-conica-cukorsuvegfenyo-2\\\/#primaryimage\",\"url\":\"https:\\\/\\\/tajkertesz.com\\\/wp-content\\\/uploads\\\/2021\\\/11\\\/20251204_073455-scaled.jpg\",\"contentUrl\":\"https:\\\/\\\/tajkertesz.com\\\/wp-content\\\/uploads\\\/2021\\\/11\\\/20251204_073455-scaled.jpg\",\"width\":1442,\"height\":2560},{\"@type\":\"BreadcrumbList\",\"@id\":\"https:\\\/\\\/tajkertesz.com\\\/termek\\\/picea-glauca-conica-cukorsuvegfenyo-2\\\/#breadcrumb\",\"itemListElement\":[{\"@type\":\"ListItem\",\"position\":1,\"name\":\"Home\",\"item\":\"https:\\\/\\\/tajkertesz.com\\\/\"},{\"@type\":\"ListItem\",\"position\":2,\"name\":\"Kezd\u0151lap\",\"item\":\"https:\\\/\\\/tajkertesz.com\\\/\"},{\"@type\":\"ListItem\",\"position\":3,\"name\":\"Picea glauca &#8216;Conica&#8217; \u2013 Cukors\u00fcvegfeny\u0151 40\\\/50cm\"}]},{\"@type\":\"WebSite\",\"@id\":\"https:\\\/\\\/tajkertesz.com\\\/#website\",\"url\":\"https:\\\/\\\/tajkertesz.com\\\/\",\"name\":\"T\u00e1j-Kert\u00e9sz 84 Kft.\",\"description\":\"Kert\u00e9szeti kis- \u00e9s nagykeresked\u00e9s, D\u00edszn\u00f6v\u00e9ny web\u00e1ruh\u00e1z orsz\u00e1gos h\u00e1zhozsz\u00e1ll\u00edt\u00e1ssal!\",\"publisher\":{\"@id\":\"https:\\\/\\\/tajkertesz.com\\\/#organization\"},\"potentialAction\":[{\"@type\":\"SearchAction\",\"target\":{\"@type\":\"EntryPoint\",\"urlTemplate\":\"https:\\\/\\\/tajkertesz.com\\\/?s={search_term_string}\"},\"query-input\":{\"@type\":\"PropertyValueSpecification\",\"valueRequired\":true,\"valueName\":\"search_term_string\"}}],\"inLanguage\":\"en-US\"},{\"@type\":\"Organization\",\"@id\":\"https:\\\/\\\/tajkertesz.com\\\/#organization\",\"name\":\"T\u00e1j-Kert\u00e9sz 84 Kft.\",\"url\":\"https:\\\/\\\/tajkertesz.com\\\/\",\"logo\":{\"@type\":\"ImageObject\",\"inLanguage\":\"en-US\",\"@id\":\"https:\\\/\\\/tajkertesz.com\\\/#\\\/schema\\\/logo\\\/image\\\/\",\"url\":\"https:\\\/\\\/tajkertesz.com\\\/wp-content\\\/uploads\\\/2018\\\/02\\\/logo-2-e1518678052539.png\",\"contentUrl\":\"https:\\\/\\\/tajkertesz.com\\\/wp-content\\\/uploads\\\/2018\\\/02\\\/logo-2-e1518678052539.png\",\"width\":81,\"height\":140,\"caption\":\"T\u00e1j-Kert\u00e9sz 84 Kft.\"},\"image\":{\"@id\":\"https:\\\/\\\/tajkertesz.com\\\/#\\\/schema\\\/logo\\\/image\\\/\"},\"sameAs\":[\"https:\\\/\\\/www.facebook.com\\\/Tajkertesz\\\/\"]}]}<\/script>\n<!-- \/ Yoast SEO plugin. -->","yoast_head_json":{"title":"Picea glauca 'Conica' \u2013 Cukors\u00fcvegfeny\u0151 40\/50cm - T\u00e1jkert\u00e9sz","description":"Picea glauca 'Conica' \u2013 Cukors\u00fcvegfeny\u0151, t\u00f6rpen\u00f6v\u00e9s\u0171, szab\u00e1lyos k\u00fap alak\u00fa, igen kedvelt \u00f6r\u00f6kz\u00f6ld, amely 1,5 - 2 m\u00e9ter magasra n\u0151 meg.","robots":{"index":"index","follow":"follow","max-snippet":"max-snippet:-1","max-image-preview":"max-image-preview:large","max-video-preview":"max-video-preview:-1"},"canonical":"https:\/\/tajkertesz.com\/en_US\/product\/picea-glauca-conica-cukorsuvegfenyo-2\/","og_locale":"en_US","og_type":"article","og_title":"Picea glauca 'Conica' \u2013 Cukors\u00fcvegfeny\u0151 40\/50cm - T\u00e1jkert\u00e9sz","og_description":"Picea glauca 'Conica' \u2013 Cukors\u00fcvegfeny\u0151, t\u00f6rpen\u00f6v\u00e9s\u0171, szab\u00e1lyos k\u00fap alak\u00fa, igen kedvelt \u00f6r\u00f6kz\u00f6ld, amely 1,5 - 2 m\u00e9ter magasra n\u0151 meg.","og_url":"https:\/\/tajkertesz.com\/en_US\/product\/picea-glauca-conica-cukorsuvegfenyo-2\/","og_site_name":"T\u00e1jkert\u00e9sz","article_publisher":"https:\/\/www.facebook.com\/Tajkertesz\/","article_modified_time":"2026-02-25T09:51:05+00:00","og_image":[{"width":1442,"height":2560,"url":"https:\/\/tajkertesz.com\/wp-content\/uploads\/2021\/11\/20251204_073455-scaled.jpg","type":"image\/jpeg"}],"twitter_card":"summary_large_image","twitter_misc":{"Est. reading time":"2 minutes"},"schema":{"@context":"https:\/\/schema.org","@graph":[{"@type":"WebPage","@id":"https:\/\/tajkertesz.com\/termek\/picea-glauca-conica-cukorsuvegfenyo-2\/","url":"https:\/\/tajkertesz.com\/termek\/picea-glauca-conica-cukorsuvegfenyo-2\/","name":"Picea glauca 'Conica' \u2013 Cukors\u00fcvegfeny\u0151 40\/50cm - T\u00e1jkert\u00e9sz","isPartOf":{"@id":"https:\/\/tajkertesz.com\/#website"},"primaryImageOfPage":{"@id":"https:\/\/tajkertesz.com\/termek\/picea-glauca-conica-cukorsuvegfenyo-2\/#primaryimage"},"image":{"@id":"https:\/\/tajkertesz.com\/termek\/picea-glauca-conica-cukorsuvegfenyo-2\/#primaryimage"},"thumbnailUrl":"https:\/\/tajkertesz.com\/wp-content\/uploads\/2021\/11\/20251204_073455-scaled.jpg","datePublished":"2021-11-19T11:23:44+00:00","dateModified":"2026-02-25T09:51:05+00:00","description":"Picea glauca 'Conica' \u2013 Cukors\u00fcvegfeny\u0151, t\u00f6rpen\u00f6v\u00e9s\u0171, szab\u00e1lyos k\u00fap alak\u00fa, igen kedvelt \u00f6r\u00f6kz\u00f6ld, amely 1,5 - 2 m\u00e9ter magasra n\u0151 meg.","breadcrumb":{"@id":"https:\/\/tajkertesz.com\/termek\/picea-glauca-conica-cukorsuvegfenyo-2\/#breadcrumb"},"inLanguage":"en-US","potentialAction":[{"@type":"ReadAction","target":["https:\/\/tajkertesz.com\/termek\/picea-glauca-conica-cukorsuvegfenyo-2\/"]}]},{"@type":"ImageObject","inLanguage":"en-US","@id":"https:\/\/tajkertesz.com\/termek\/picea-glauca-conica-cukorsuvegfenyo-2\/#primaryimage","url":"https:\/\/tajkertesz.com\/wp-content\/uploads\/2021\/11\/20251204_073455-scaled.jpg","contentUrl":"https:\/\/tajkertesz.com\/wp-content\/uploads\/2021\/11\/20251204_073455-scaled.jpg","width":1442,"height":2560},{"@type":"BreadcrumbList","@id":"https:\/\/tajkertesz.com\/termek\/picea-glauca-conica-cukorsuvegfenyo-2\/#breadcrumb","itemListElement":[{"@type":"ListItem","position":1,"name":"Home","item":"https:\/\/tajkertesz.com\/"},{"@type":"ListItem","position":2,"name":"Kezd\u0151lap","item":"https:\/\/tajkertesz.com\/"},{"@type":"ListItem","position":3,"name":"Picea glauca &#8216;Conica&#8217; \u2013 Cukors\u00fcvegfeny\u0151 40\/50cm"}]},{"@type":"WebSite","@id":"https:\/\/tajkertesz.com\/#website","url":"https:\/\/tajkertesz.com\/","name":"T\u00e1j-Kert\u00e9sz 84 Kft.","description":"Kert\u00e9szeti kis- \u00e9s nagykeresked\u00e9s, D\u00edszn\u00f6v\u00e9ny web\u00e1ruh\u00e1z orsz\u00e1gos h\u00e1zhozsz\u00e1ll\u00edt\u00e1ssal!","publisher":{"@id":"https:\/\/tajkertesz.com\/#organization"},"potentialAction":[{"@type":"SearchAction","target":{"@type":"EntryPoint","urlTemplate":"https:\/\/tajkertesz.com\/?s={search_term_string}"},"query-input":{"@type":"PropertyValueSpecification","valueRequired":true,"valueName":"search_term_string"}}],"inLanguage":"en-US"},{"@type":"Organization","@id":"https:\/\/tajkertesz.com\/#organization","name":"T\u00e1j-Kert\u00e9sz 84 Kft.","url":"https:\/\/tajkertesz.com\/","logo":{"@type":"ImageObject","inLanguage":"en-US","@id":"https:\/\/tajkertesz.com\/#\/schema\/logo\/image\/","url":"https:\/\/tajkertesz.com\/wp-content\/uploads\/2018\/02\/logo-2-e1518678052539.png","contentUrl":"https:\/\/tajkertesz.com\/wp-content\/uploads\/2018\/02\/logo-2-e1518678052539.png","width":81,"height":140,"caption":"T\u00e1j-Kert\u00e9sz 84 Kft."},"image":{"@id":"https:\/\/tajkertesz.com\/#\/schema\/logo\/image\/"},"sameAs":["https:\/\/www.facebook.com\/Tajkertesz\/"]}]}},"_links":{"self":[{"href":"https:\/\/tajkertesz.com\/en_US\/wp-json\/wp\/v2\/product\/11617","targetHints":{"allow":["GET"]}}],"collection":[{"href":"https:\/\/tajkertesz.com\/en_US\/wp-json\/wp\/v2\/product"}],"about":[{"href":"https:\/\/tajkertesz.com\/en_US\/wp-json\/wp\/v2\/types\/product"}],"wp:featuredmedia":[{"embeddable":true,"href":"https:\/\/tajkertesz.com\/en_US\/wp-json\/wp\/v2\/media\/25503"}],"wp:attachment":[{"href":"https:\/\/tajkertesz.com\/en_US\/wp-json\/wp\/v2\/media?parent=11617"}],"wp:term":[{"taxonomy":"product_brand","embeddable":true,"href":"https:\/\/tajkertesz.com\/en_US\/wp-json\/wp\/v2\/product_brand?post=11617"},{"taxonomy":"product_cat","embeddable":true,"href":"https:\/\/tajkertesz.com\/en_US\/wp-json\/wp\/v2\/product_cat?post=11617"},{"taxonomy":"product_tag","embeddable":true,"href":"https:\/\/tajkertesz.com\/en_US\/wp-json\/wp\/v2\/product_tag?post=11617"}],"curies":[{"name":"wp","href":"https:\/\/api.w.org\/{rel}","templated":true}]}}