{"id":12516,"date":"2022-02-21T15:03:49","date_gmt":"2022-02-21T15:03:49","guid":{"rendered":"https:\/\/tajkertesz.com\/?post_type=product&#038;p=12516"},"modified":"2026-02-20T13:52:45","modified_gmt":"2026-02-20T13:52:45","slug":"polianthes-tuberosa-the-pearl-tubarozsa","status":"publish","type":"product","link":"https:\/\/tajkertesz.com\/en_US\/product\/polianthes-tuberosa-the-pearl-tubarozsa\/","title":{"rendered":"Polianthes tuberosa The Pearl \/ Tubar\u00f3zsa"},"content":{"rendered":"<h1 class=\"product_title entry-title\">Polianthes tuberosa The Pearl \/ Tubar\u00f3zsa<\/h1>\n<p>&nbsp;<\/p>\n<h4 class=\"product_title entry-title\">A Polianthes tuberosa The Pearl \/ Tubar\u00f3zsa b\u0151s\u00e9ges v\u00edzell\u00e1t\u00e1st mellett,cser\u00e9pben is nevelhet\u0151.\u00a0\u00a0Igen er\u0151s \u00e9s k\u00fcl\u00f6nleges illata miatt egy kertb\u0151l sem hi\u00e1nyozhat.<\/h4>\n<p>FELHASZN\u00c1L\u00c1SA:<\/p>\n<p>Az alapfaj mexik\u00f3i eredet\u0171, gum\u00f3s \u00e9vel\u0151. Hossz\u00fa, keskeny, f\u0171szer\u0171 levelei csoportosan, t\u0151lev\u00e9lr\u00f3zs\u00e1ban \u00e1llnak.<\/p>\n<p>T\u00e1pd\u00fas, j\u00f3 szerkezet\u0171 talajt kedvel.<\/p>\n<p>B\u0151s\u00e9ges v\u00edzell\u00e1t\u00e1st ig\u00e9nyel,<\/p>\n<p>Cser\u00e9pben is nevelhet\u0151.<\/p>\n<p>Kiv\u00e1l\u00f3 v\u00e1gott vir\u00e1g.<\/p>\n<p>A n\u00f6v\u00e9ny nem k\u00e9pes a szabadban \u00e1ttelelni. Ez\u00e9rt \u0151sszel, az els\u0151 fagyok el\u0151tt \u00e1ssuk ki, \u00e9s a hagyma f\u00f6l\u00f6tt 5-10 cm-rel v\u00e1gjuk le a sz\u00e1rat \u00e9s a leveleket. Tartsuk sz\u00e1raz, fagymentes, szell\u0151s helyen a hagym\u00e1t, am\u00edg a sz\u00e1rcsonk besz\u00e1rad.<\/p>\n<p>Ezut\u00e1n tiszt\u00edtsuk meg \u00f3vatosan a talajmarad\u00e9kokt\u00f3l. Ha sz\u00fcks\u00e9ges, ekkor v\u00e1lasszuk le a sarjhagym\u00e1kat.<\/p>\n<p>A sebfel\u00fcletek besz\u00e1rad\u00e1sa ut\u00e1n t\u00e1roljuk sz\u00e1raz, h\u0171v\u00f6s (5-10 fok), szell\u0151s helyen a tavaszi \u00fcltet\u00e9sig.<\/p>\n<p>A t\u00fal nagy t\u00f6vek, gum\u00f3k, szapor\u00edtani k\u00edv\u00e1nt riz\u00f3m\u00e1k sz\u00e9tv\u00e1g\u00e1s\u00e1t, oszt\u00e1s\u00e1t tavasszal, k\u00f6zvetlen\u00fcl az \u00fcltet\u00e9s el\u0151tt v\u00e9gezz\u00fck.<\/p>\n<ul>\n<li>M\u00e9ret: 50-100 cm<\/li>\n<li>Vir\u00e1gz\u00e1s: augusztus\/szeptember<\/li>\n<li>\u00dcltet\u00e9s: m\u00e1rcius\/m\u00e1jus<\/li>\n<li>F\u00e9nyig\u00e9ny: nap<\/li>\n<li>T\u00e9l\u00e1ll\u00f3s\u00e1g: nem<\/li>\n<li>Felhaszn\u00e1l\u00e1s: \u00e9vel\u0151\u00e1gy<\/li>\n<li>Kiszerel\u00e9s: 2 db\/csomag<\/li>\n<\/ul>\n<p><strong>Amennyiben nagyobb mennyis\u00e9gre lenne sz\u00fcks\u00e9g, vegye fel vel\u00fcnk a kapcsolatot \u00e9s beszerezz\u00fck!<\/strong><\/p>\n<p><strong>K\u00e9szlet\u00fcnk napi szinten v\u00e1ltozik, ez\u00e9rt a v\u00e1ltoz\u00e1s jog\u00e1t fenntartjuk!<\/strong><\/p>\n<p>&nbsp;<\/p>\n<p><a href=\"https:\/\/tajkertesz.com\/\">https:\/\/tajkertesz.com\/<\/a><\/p>\n<p><a href=\"https:\/\/www.facebook.com\/tajkertesz\/\">https:\/\/www.facebook.com\/tajkertesz\/<\/a><\/p>\n<h6><span style=\"color: #ffffff;\">FELHASZN\u00c1L\u00c1SA:<\/span><\/h6>\n<h6><span style=\"color: #ffffff;\">Az alapfaj mexik\u00f3i eredet\u0171, gum\u00f3s \u00e9vel\u0151. Hossz\u00fa, keskeny, f\u0171szer\u0171 levelei csoportosan, t\u0151lev\u00e9lr\u00f3zs\u00e1ban \u00e1llnak.<\/span><\/h6>\n<h6><span style=\"color: #ffffff;\">T\u00e1pd\u00fas, j\u00f3 szerkezet\u0171 talajt kedvel.<\/span><\/h6>\n<h6><span style=\"color: #ffffff;\">B\u0151s\u00e9ges v\u00edzell\u00e1t\u00e1st ig\u00e9nyel,<\/span><\/h6>\n<h6><span style=\"color: #ffffff;\">Cser\u00e9pben is nevelhet\u0151.<\/span><\/h6>\n<h6><span style=\"color: #ffffff;\">Kiv\u00e1l\u00f3 v\u00e1gott vir\u00e1g.<\/span><\/h6>\n<h6><span style=\"color: #ffffff;\">A n\u00f6v\u00e9ny nem k\u00e9pes a szabadban \u00e1ttelelni. Ez\u00e9rt \u0151sszel, az els\u0151 fagyok el\u0151tt \u00e1ssuk ki, \u00e9s a hagyma f\u00f6l\u00f6tt 5-10 cm-rel v\u00e1gjuk le a sz\u00e1rat \u00e9s a leveleket. Tartsuk sz\u00e1raz, fagymentes, szell\u0151s helyen a hagym\u00e1t, am\u00edg a sz\u00e1rcsonk besz\u00e1rad.<\/span><\/h6>\n<h6><span style=\"color: #ffffff;\">Ezut\u00e1n tiszt\u00edtsuk meg \u00f3vatosan a talajmarad\u00e9kokt\u00f3l. Ha sz\u00fcks\u00e9ges, ekkor v\u00e1lasszuk le a sarjhagym\u00e1kat.<\/span><\/h6>\n<h6><span style=\"color: #ffffff;\">A sebfel\u00fcletek besz\u00e1rad\u00e1sa ut\u00e1n t\u00e1roljuk sz\u00e1raz, h\u0171v\u00f6s (5-10 fok), szell\u0151s helyen a tavaszi \u00fcltet\u00e9sig.<\/span><\/h6>\n<h6><span style=\"color: #ffffff;\">A t\u00fal nagy t\u00f6vek, gum\u00f3k, szapor\u00edtani k\u00edv\u00e1nt riz\u00f3m\u00e1k sz\u00e9tv\u00e1g\u00e1s\u00e1t, oszt\u00e1s\u00e1t tavasszal, k\u00f6zvetlen\u00fcl az \u00fcltet\u00e9s el\u0151tt v\u00e9gezz\u00fck.<\/span><\/h6>\n<h6><span style=\"color: #ffffff;\">M\u00e9ret: 50-100 cm<\/span><\/h6>\n<h6><span style=\"color: #ffffff;\">Vir\u00e1gz\u00e1s: augusztus\/szeptember<\/span><\/h6>\n<h6><span style=\"color: #ffffff;\">\u00dcltet\u00e9s: m\u00e1rcius\/m\u00e1jus<\/span><\/h6>\n<h6><span style=\"color: #ffffff;\">F\u00e9nyig\u00e9ny: nap<\/span><\/h6>\n<h6><span style=\"color: #ffffff;\">T\u00e9l\u00e1ll\u00f3s\u00e1g: nem<\/span><\/h6>\n<h6><span style=\"color: #ffffff;\">Felhaszn\u00e1l\u00e1s: \u00e9vel\u0151\u00e1gy<\/span><\/h6>\n<h6><span style=\"color: #ffffff;\">Kiszerel\u00e9s: 2 db\/csomag<\/span><\/h6>","protected":false},"excerpt":{"rendered":"<h4 class=\"product_title entry-title\">A Polianthes tuberosa The Pearl \/ Tubar\u00f3zsa b\u0151s\u00e9ges v\u00edzell\u00e1t\u00e1st mellett,cser\u00e9pben is nevelhet\u0151.\u00a0\u00a0Igen er\u0151s \u00e9s k\u00fcl\u00f6nleges illata miatt egy kertb\u0151l sem hi\u00e1nyozhat.<\/h4>","protected":false},"featured_media":12517,"template":"","meta":{"_et_pb_use_builder":"","_et_pb_old_content":"","_et_gb_content_width":""},"product_brand":[],"product_cat":[3857],"product_tag":[3754,3755,3753],"class_list":{"0":"post-12516","1":"product","2":"type-product","3":"status-publish","4":"has-post-thumbnail","6":"product_cat-viraghagyma-dughagyma","7":"product_tag-polianthes-tuberosa-the-pearl","8":"product_tag-polianthes-tuberosa-the-pearl-tubarozsa","9":"product_tag-tubarozsa","11":"first","12":"outofstock","13":"shipping-taxable","14":"purchasable","15":"product-type-simple"},"yoast_head":"<!-- This site is optimized with the Yoast SEO plugin v27.5 - https:\/\/yoast.com\/product\/yoast-seo-wordpress\/ -->\n<title>Polianthes tuberosa The Pearl \/ Tubar\u00f3zsa - T\u00e1jkert\u00e9sz<\/title>\n<meta name=\"description\" content=\"A Polianthes tuberosa The Pearl \/ Tubar\u00f3zsa cser\u00e9pben is nevelhet\u0151.\u00a0\u00a0De igen er\u0151s \u00e9s k\u00fcl\u00f6nleges illata miatt egy kertb\u0151l sem hi\u00e1nyozhat.\" \/>\n<meta name=\"robots\" content=\"index, follow, max-snippet:-1, max-image-preview:large, max-video-preview:-1\" \/>\n<link rel=\"canonical\" href=\"https:\/\/tajkertesz.com\/en_US\/product\/polianthes-tuberosa-the-pearl-tubarozsa\/\" \/>\n<meta property=\"og:locale\" content=\"en_US\" \/>\n<meta property=\"og:type\" content=\"article\" \/>\n<meta property=\"og:title\" content=\"Polianthes tuberosa The Pearl \/ Tubar\u00f3zsa - T\u00e1jkert\u00e9sz\" \/>\n<meta property=\"og:description\" content=\"A Polianthes tuberosa The Pearl \/ Tubar\u00f3zsa cser\u00e9pben is nevelhet\u0151.\u00a0\u00a0De igen er\u0151s \u00e9s k\u00fcl\u00f6nleges illata miatt egy kertb\u0151l sem hi\u00e1nyozhat.\" \/>\n<meta property=\"og:url\" content=\"https:\/\/tajkertesz.com\/en_US\/product\/polianthes-tuberosa-the-pearl-tubarozsa\/\" \/>\n<meta property=\"og:site_name\" content=\"T\u00e1jkert\u00e9sz\" \/>\n<meta property=\"article:publisher\" content=\"https:\/\/www.facebook.com\/Tajkertesz\/\" \/>\n<meta property=\"article:modified_time\" content=\"2026-02-20T13:52:45+00:00\" \/>\n<meta property=\"og:image\" content=\"https:\/\/tajkertesz.com\/wp-content\/uploads\/2022\/02\/polianthes-tubarozsa.jpg\" \/>\n\t<meta property=\"og:image:width\" content=\"370\" \/>\n\t<meta property=\"og:image:height\" content=\"559\" \/>\n\t<meta property=\"og:image:type\" content=\"image\/jpeg\" \/>\n<meta name=\"twitter:card\" content=\"summary_large_image\" \/>\n<meta name=\"twitter:label1\" content=\"Est. reading time\" \/>\n\t<meta name=\"twitter:data1\" content=\"2 minutes\" \/>\n<script type=\"application\/ld+json\" class=\"yoast-schema-graph\">{\"@context\":\"https:\\\/\\\/schema.org\",\"@graph\":[{\"@type\":\"WebPage\",\"@id\":\"https:\\\/\\\/tajkertesz.com\\\/termek\\\/polianthes-tuberosa-the-pearl-tubarozsa\\\/\",\"url\":\"https:\\\/\\\/tajkertesz.com\\\/termek\\\/polianthes-tuberosa-the-pearl-tubarozsa\\\/\",\"name\":\"Polianthes tuberosa The Pearl \\\/ Tubar\u00f3zsa - T\u00e1jkert\u00e9sz\",\"isPartOf\":{\"@id\":\"https:\\\/\\\/tajkertesz.com\\\/#website\"},\"primaryImageOfPage\":{\"@id\":\"https:\\\/\\\/tajkertesz.com\\\/termek\\\/polianthes-tuberosa-the-pearl-tubarozsa\\\/#primaryimage\"},\"image\":{\"@id\":\"https:\\\/\\\/tajkertesz.com\\\/termek\\\/polianthes-tuberosa-the-pearl-tubarozsa\\\/#primaryimage\"},\"thumbnailUrl\":\"https:\\\/\\\/tajkertesz.com\\\/wp-content\\\/uploads\\\/2022\\\/02\\\/polianthes-tubarozsa.jpg\",\"datePublished\":\"2022-02-21T15:03:49+00:00\",\"dateModified\":\"2026-02-20T13:52:45+00:00\",\"description\":\"A Polianthes tuberosa The Pearl \\\/ Tubar\u00f3zsa cser\u00e9pben is nevelhet\u0151.\u00a0\u00a0De igen er\u0151s \u00e9s k\u00fcl\u00f6nleges illata miatt egy kertb\u0151l sem hi\u00e1nyozhat.\",\"breadcrumb\":{\"@id\":\"https:\\\/\\\/tajkertesz.com\\\/termek\\\/polianthes-tuberosa-the-pearl-tubarozsa\\\/#breadcrumb\"},\"inLanguage\":\"en-US\",\"potentialAction\":[{\"@type\":\"ReadAction\",\"target\":[\"https:\\\/\\\/tajkertesz.com\\\/termek\\\/polianthes-tuberosa-the-pearl-tubarozsa\\\/\"]}]},{\"@type\":\"ImageObject\",\"inLanguage\":\"en-US\",\"@id\":\"https:\\\/\\\/tajkertesz.com\\\/termek\\\/polianthes-tuberosa-the-pearl-tubarozsa\\\/#primaryimage\",\"url\":\"https:\\\/\\\/tajkertesz.com\\\/wp-content\\\/uploads\\\/2022\\\/02\\\/polianthes-tubarozsa.jpg\",\"contentUrl\":\"https:\\\/\\\/tajkertesz.com\\\/wp-content\\\/uploads\\\/2022\\\/02\\\/polianthes-tubarozsa.jpg\",\"width\":370,\"height\":559},{\"@type\":\"BreadcrumbList\",\"@id\":\"https:\\\/\\\/tajkertesz.com\\\/termek\\\/polianthes-tuberosa-the-pearl-tubarozsa\\\/#breadcrumb\",\"itemListElement\":[{\"@type\":\"ListItem\",\"position\":1,\"name\":\"Home\",\"item\":\"https:\\\/\\\/tajkertesz.com\\\/\"},{\"@type\":\"ListItem\",\"position\":2,\"name\":\"Kezd\u0151lap\",\"item\":\"https:\\\/\\\/tajkertesz.com\\\/\"},{\"@type\":\"ListItem\",\"position\":3,\"name\":\"Polianthes tuberosa The Pearl \\\/ Tubar\u00f3zsa\"}]},{\"@type\":\"WebSite\",\"@id\":\"https:\\\/\\\/tajkertesz.com\\\/#website\",\"url\":\"https:\\\/\\\/tajkertesz.com\\\/\",\"name\":\"T\u00e1j-Kert\u00e9sz 84 Kft.\",\"description\":\"Kert\u00e9szeti kis- \u00e9s nagykeresked\u00e9s, D\u00edszn\u00f6v\u00e9ny web\u00e1ruh\u00e1z orsz\u00e1gos h\u00e1zhozsz\u00e1ll\u00edt\u00e1ssal!\",\"publisher\":{\"@id\":\"https:\\\/\\\/tajkertesz.com\\\/#organization\"},\"potentialAction\":[{\"@type\":\"SearchAction\",\"target\":{\"@type\":\"EntryPoint\",\"urlTemplate\":\"https:\\\/\\\/tajkertesz.com\\\/?s={search_term_string}\"},\"query-input\":{\"@type\":\"PropertyValueSpecification\",\"valueRequired\":true,\"valueName\":\"search_term_string\"}}],\"inLanguage\":\"en-US\"},{\"@type\":\"Organization\",\"@id\":\"https:\\\/\\\/tajkertesz.com\\\/#organization\",\"name\":\"T\u00e1j-Kert\u00e9sz 84 Kft.\",\"url\":\"https:\\\/\\\/tajkertesz.com\\\/\",\"logo\":{\"@type\":\"ImageObject\",\"inLanguage\":\"en-US\",\"@id\":\"https:\\\/\\\/tajkertesz.com\\\/#\\\/schema\\\/logo\\\/image\\\/\",\"url\":\"https:\\\/\\\/tajkertesz.com\\\/wp-content\\\/uploads\\\/2018\\\/02\\\/logo-2-e1518678052539.png\",\"contentUrl\":\"https:\\\/\\\/tajkertesz.com\\\/wp-content\\\/uploads\\\/2018\\\/02\\\/logo-2-e1518678052539.png\",\"width\":81,\"height\":140,\"caption\":\"T\u00e1j-Kert\u00e9sz 84 Kft.\"},\"image\":{\"@id\":\"https:\\\/\\\/tajkertesz.com\\\/#\\\/schema\\\/logo\\\/image\\\/\"},\"sameAs\":[\"https:\\\/\\\/www.facebook.com\\\/Tajkertesz\\\/\"]}]}<\/script>\n<!-- \/ Yoast SEO plugin. -->","yoast_head_json":{"title":"Polianthes tuberosa The Pearl \/ Tubar\u00f3zsa - T\u00e1jkert\u00e9sz","description":"A Polianthes tuberosa The Pearl \/ Tubar\u00f3zsa cser\u00e9pben is nevelhet\u0151.\u00a0\u00a0De igen er\u0151s \u00e9s k\u00fcl\u00f6nleges illata miatt egy kertb\u0151l sem hi\u00e1nyozhat.","robots":{"index":"index","follow":"follow","max-snippet":"max-snippet:-1","max-image-preview":"max-image-preview:large","max-video-preview":"max-video-preview:-1"},"canonical":"https:\/\/tajkertesz.com\/en_US\/product\/polianthes-tuberosa-the-pearl-tubarozsa\/","og_locale":"en_US","og_type":"article","og_title":"Polianthes tuberosa The Pearl \/ Tubar\u00f3zsa - T\u00e1jkert\u00e9sz","og_description":"A Polianthes tuberosa The Pearl \/ Tubar\u00f3zsa cser\u00e9pben is nevelhet\u0151.\u00a0\u00a0De igen er\u0151s \u00e9s k\u00fcl\u00f6nleges illata miatt egy kertb\u0151l sem hi\u00e1nyozhat.","og_url":"https:\/\/tajkertesz.com\/en_US\/product\/polianthes-tuberosa-the-pearl-tubarozsa\/","og_site_name":"T\u00e1jkert\u00e9sz","article_publisher":"https:\/\/www.facebook.com\/Tajkertesz\/","article_modified_time":"2026-02-20T13:52:45+00:00","og_image":[{"width":370,"height":559,"url":"https:\/\/tajkertesz.com\/wp-content\/uploads\/2022\/02\/polianthes-tubarozsa.jpg","type":"image\/jpeg"}],"twitter_card":"summary_large_image","twitter_misc":{"Est. reading time":"2 minutes"},"schema":{"@context":"https:\/\/schema.org","@graph":[{"@type":"WebPage","@id":"https:\/\/tajkertesz.com\/termek\/polianthes-tuberosa-the-pearl-tubarozsa\/","url":"https:\/\/tajkertesz.com\/termek\/polianthes-tuberosa-the-pearl-tubarozsa\/","name":"Polianthes tuberosa The Pearl \/ Tubar\u00f3zsa - T\u00e1jkert\u00e9sz","isPartOf":{"@id":"https:\/\/tajkertesz.com\/#website"},"primaryImageOfPage":{"@id":"https:\/\/tajkertesz.com\/termek\/polianthes-tuberosa-the-pearl-tubarozsa\/#primaryimage"},"image":{"@id":"https:\/\/tajkertesz.com\/termek\/polianthes-tuberosa-the-pearl-tubarozsa\/#primaryimage"},"thumbnailUrl":"https:\/\/tajkertesz.com\/wp-content\/uploads\/2022\/02\/polianthes-tubarozsa.jpg","datePublished":"2022-02-21T15:03:49+00:00","dateModified":"2026-02-20T13:52:45+00:00","description":"A Polianthes tuberosa The Pearl \/ Tubar\u00f3zsa cser\u00e9pben is nevelhet\u0151.\u00a0\u00a0De igen er\u0151s \u00e9s k\u00fcl\u00f6nleges illata miatt egy kertb\u0151l sem hi\u00e1nyozhat.","breadcrumb":{"@id":"https:\/\/tajkertesz.com\/termek\/polianthes-tuberosa-the-pearl-tubarozsa\/#breadcrumb"},"inLanguage":"en-US","potentialAction":[{"@type":"ReadAction","target":["https:\/\/tajkertesz.com\/termek\/polianthes-tuberosa-the-pearl-tubarozsa\/"]}]},{"@type":"ImageObject","inLanguage":"en-US","@id":"https:\/\/tajkertesz.com\/termek\/polianthes-tuberosa-the-pearl-tubarozsa\/#primaryimage","url":"https:\/\/tajkertesz.com\/wp-content\/uploads\/2022\/02\/polianthes-tubarozsa.jpg","contentUrl":"https:\/\/tajkertesz.com\/wp-content\/uploads\/2022\/02\/polianthes-tubarozsa.jpg","width":370,"height":559},{"@type":"BreadcrumbList","@id":"https:\/\/tajkertesz.com\/termek\/polianthes-tuberosa-the-pearl-tubarozsa\/#breadcrumb","itemListElement":[{"@type":"ListItem","position":1,"name":"Home","item":"https:\/\/tajkertesz.com\/"},{"@type":"ListItem","position":2,"name":"Kezd\u0151lap","item":"https:\/\/tajkertesz.com\/"},{"@type":"ListItem","position":3,"name":"Polianthes tuberosa The Pearl \/ Tubar\u00f3zsa"}]},{"@type":"WebSite","@id":"https:\/\/tajkertesz.com\/#website","url":"https:\/\/tajkertesz.com\/","name":"T\u00e1j-Kert\u00e9sz 84 Kft.","description":"Kert\u00e9szeti kis- \u00e9s nagykeresked\u00e9s, D\u00edszn\u00f6v\u00e9ny web\u00e1ruh\u00e1z orsz\u00e1gos h\u00e1zhozsz\u00e1ll\u00edt\u00e1ssal!","publisher":{"@id":"https:\/\/tajkertesz.com\/#organization"},"potentialAction":[{"@type":"SearchAction","target":{"@type":"EntryPoint","urlTemplate":"https:\/\/tajkertesz.com\/?s={search_term_string}"},"query-input":{"@type":"PropertyValueSpecification","valueRequired":true,"valueName":"search_term_string"}}],"inLanguage":"en-US"},{"@type":"Organization","@id":"https:\/\/tajkertesz.com\/#organization","name":"T\u00e1j-Kert\u00e9sz 84 Kft.","url":"https:\/\/tajkertesz.com\/","logo":{"@type":"ImageObject","inLanguage":"en-US","@id":"https:\/\/tajkertesz.com\/#\/schema\/logo\/image\/","url":"https:\/\/tajkertesz.com\/wp-content\/uploads\/2018\/02\/logo-2-e1518678052539.png","contentUrl":"https:\/\/tajkertesz.com\/wp-content\/uploads\/2018\/02\/logo-2-e1518678052539.png","width":81,"height":140,"caption":"T\u00e1j-Kert\u00e9sz 84 Kft."},"image":{"@id":"https:\/\/tajkertesz.com\/#\/schema\/logo\/image\/"},"sameAs":["https:\/\/www.facebook.com\/Tajkertesz\/"]}]}},"_links":{"self":[{"href":"https:\/\/tajkertesz.com\/en_US\/wp-json\/wp\/v2\/product\/12516","targetHints":{"allow":["GET"]}}],"collection":[{"href":"https:\/\/tajkertesz.com\/en_US\/wp-json\/wp\/v2\/product"}],"about":[{"href":"https:\/\/tajkertesz.com\/en_US\/wp-json\/wp\/v2\/types\/product"}],"wp:featuredmedia":[{"embeddable":true,"href":"https:\/\/tajkertesz.com\/en_US\/wp-json\/wp\/v2\/media\/12517"}],"wp:attachment":[{"href":"https:\/\/tajkertesz.com\/en_US\/wp-json\/wp\/v2\/media?parent=12516"}],"wp:term":[{"taxonomy":"product_brand","embeddable":true,"href":"https:\/\/tajkertesz.com\/en_US\/wp-json\/wp\/v2\/product_brand?post=12516"},{"taxonomy":"product_cat","embeddable":true,"href":"https:\/\/tajkertesz.com\/en_US\/wp-json\/wp\/v2\/product_cat?post=12516"},{"taxonomy":"product_tag","embeddable":true,"href":"https:\/\/tajkertesz.com\/en_US\/wp-json\/wp\/v2\/product_tag?post=12516"}],"curies":[{"name":"wp","href":"https:\/\/api.w.org\/{rel}","templated":true}]}}