{"id":14393,"date":"2022-12-09T07:13:22","date_gmt":"2022-12-09T07:13:22","guid":{"rendered":"https:\/\/tajkertesz.com\/?post_type=product&#038;p=14393"},"modified":"2025-10-11T06:42:34","modified_gmt":"2025-10-11T06:42:34","slug":"araucaria-araucana-chilei-fenyo-2","status":"publish","type":"product","link":"https:\/\/tajkertesz.com\/en_US\/product\/araucaria-araucana-chilei-fenyo-2\/","title":{"rendered":"Araucaria araucana &#8211; Chilei feny\u0151"},"content":{"rendered":"<h2>Araucaria araucana &#8211; Chilei feny\u0151<\/h2>\n<p><span style=\"color: #666666; font-size: 14px;\">Az Araucaria araucana &#8211; Chilei feny\u0151\u00a0 k\u00fcl\u00f6nleges megjelen\u00e9s\u0171, <\/span>\u0151sr\u00e9gi fajta \u00f6r\u00f6kz\u00f6ld<span style=\"color: #666666; font-size: 14px;\">, amely term\u00e9szetes \u00e9l\u0151hely\u00e9n \u2013 a d\u00e9l-chilei Andokban \u2013 ak\u00e1r 30 m\u00e9teresre is megn\u0151. Kert\u00e9szeti k\u00f6r\u00fclm\u00e9nyek k\u00f6z\u00f6tt azonban <\/span>lassan n\u00f6vekszik<span style=\"color: #666666; font-size: 14px;\">, de m\u00e1r fiatalon is figyelemfelkelt\u0151.<\/span><\/p>\n<p data-start=\"1225\" data-end=\"1244\">Araucaria araucana jellemz\u0151i:<\/p>\n<ul data-start=\"1247\" data-end=\"1638\">\n<li data-start=\"1247\" data-end=\"1285\">\n<p data-start=\"1249\" data-end=\"1285\">N\u00f6veked\u00e9s: lass\u00fa, \u00e9vente ~20\u201330 cm<\/p>\n<\/li>\n<li data-start=\"1288\" data-end=\"1340\">\n<p data-start=\"1290\" data-end=\"1340\">V\u00e9gs\u0151 magass\u00e1g: 10\u201315 m (hazai k\u00f6r\u00fclm\u00e9nyek k\u00f6zt)<\/p>\n<\/li>\n<li data-start=\"1343\" data-end=\"1424\">\n<p data-start=\"1345\" data-end=\"1424\">Lombozat: \u00f6r\u00f6kz\u00f6ld, s\u00f6t\u00e9tz\u00f6ld, vastag, hegyes, spir\u00e1lban elhelyezked\u0151 levelek<\/p>\n<\/li>\n<li data-start=\"1427\" data-end=\"1468\">\n<p data-start=\"1429\" data-end=\"1468\">T\u00f6rzs: pikkelyes, szab\u00e1lyosan el\u00e1gaz\u00f3<\/p>\n<\/li>\n<li data-start=\"1471\" data-end=\"1491\">\n<p data-start=\"1473\" data-end=\"1491\">F\u00e9nyig\u00e9ny: napos<\/p>\n<\/li>\n<li data-start=\"1494\" data-end=\"1560\">\n<p data-start=\"1496\" data-end=\"1560\">Talajig\u00e9ny: j\u00f3 v\u00edz\u00e1tereszt\u00e9s\u0171, enyh\u00e9n savany\u00fa vagy semleges pH<\/p>\n<\/li>\n<li data-start=\"1563\" data-end=\"1636\">\n<p data-start=\"1565\" data-end=\"1636\">T\u00e9l\u00e1ll\u00f3s\u00e1g: fiatalon kiss\u00e9 fagy\u00e9rz\u00e9keny, id\u0151sebb korban \u201315 \u00b0C-ig t\u0171r<\/p>\n<\/li>\n<\/ul>\n<p data-start=\"1641\" data-end=\"1780\">\u00dcltet\u00e9skor \u00e9rdemes v\u00e9dett, napos helyet v\u00e1lasztani. Fiatal n\u00f6v\u00e9nyeket aj\u00e1nlott t\u00e9lre takarni vagy fagymentes helyen \u00e1tteleltetni.<\/p>\n<p data-start=\"1785\" data-end=\"1876\">K\u00fcl\u00f6nleges d\u00edszn\u00f6v\u00e9nyk\u00e9nt <strong data-start=\"1811\" data-end=\"1827\">szoliterk\u00e9nt<\/strong> aj\u00e1nlott, de d\u00e9zs\u00e1ban is tarthat\u00f3 fiatal korban.<\/p>\n<p>A n\u00f6v\u00e9ny jelenlegi m\u00e9rete: 15\/20 cm magas 1 literes kont\u00e9nerben.<\/p>\n<h4><strong>\ud83d\udd04 K\u00e9szletinform\u00e1ci\u00f3<\/strong><\/h4>\n<p><strong>K\u00e9szlet\u00fcnk napi szinten v\u00e1ltozik, \u00edgy a webshopban szerepl<\/strong><strong>\u0151<\/strong><strong> term\u00e9kek el\u00e9rhet<\/strong><strong>\u0151<\/strong><strong>s\u00e9ge nem garant\u00e1lt.<br \/>\n\ud83d\udcde A megrendel\u00e9s el<\/strong><strong>\u0151<\/strong><strong>tt k\u00e9rj\u00fck, \u00e9rdekl<\/strong><strong>\u0151<\/strong><strong>dj\u00f6n szem\u00e9lyesen, telefonon vagy e-mailben!<\/strong><\/p>\n<h4><strong>\u27a1\ufe0f Kapcsolat:<\/strong><\/h4>\n<ul>\n<li><strong>Weboldal: <\/strong><a href=\"https:\/\/tajkertesz.com\"><strong>tajkertesz.com<\/strong><\/a><\/li>\n<li><strong>Facebook: <\/strong><a href=\"https:\/\/www.facebook.com\/tajkertesz\/\"><strong>facebook.com\/tajkertesz<\/strong><\/a><\/li>\n<li><strong>Telefonsz\u00e1m, e-mail: +36\/20-319-3770 <\/strong><a href=\"mailto:tajkerteszaruda@gmail.com\"><strong>tajkerteszaruda@gmail.com<\/strong><\/a><\/li>\n<\/ul>\n<h4><strong>\ud83d\ude9a Sz\u00e1ll\u00edt\u00e1si inform\u00e1ci\u00f3k<\/strong><\/h4>\n<p><strong>A megrendelt n\u00f6v\u00e9nyek kisz\u00e1ll\u00edt\u00e1sa az al\u00e1bbi felt\u00e9telek mellett t\u00f6rt\u00e9nik:<\/strong><\/p>\n<h4><strong>\ud83d\udce6 Fut\u00e1rszolg\u00e1latos sz\u00e1ll\u00edt\u00e1s<\/strong><\/h4>\n<ul>\n<li><strong>Maxim\u00e1lis m\u00e9ret: 200 cm (hossz\u00fas\u00e1g)<\/strong><\/li>\n<li><strong>Maxim\u00e1lis s\u00faly: 40 kg<\/strong><\/li>\n<li><strong>Az enn\u00e9l kisebb \u00e9s k\u00f6nnyebb csomagokat fut\u00e1rszolg\u00e1lattal k\u00e9zbes\u00edtj\u00fck a lehet<\/strong><strong>\u0151<\/strong><strong> legbiztons\u00e1gosabb csomagol\u00e1sban.<\/strong><\/li>\n<\/ul>\n<h4><strong>\ud83d\udefb Szem\u00e9lyes \u00e1tv\u00e9tel<\/strong><\/h4>\n<ul>\n<li><strong>1173 Budapest, Bakancsos utca 7. sz\u00e1m alatt nyitvatart\u00e1si id<\/strong><strong>\u0151<\/strong><strong>ben szem\u00e9lyesen \u00e1tvehet<\/strong><strong>\u0151<\/strong><strong> kert\u00e9szeti \u00e1rud\u00e1nkban.<\/strong><\/li>\n<li><strong>K\u00f6lts\u00e9ghat\u00e9kony megold\u00e1s nagyobb, t\u00f6r\u00e9kenyebb vagy t\u00falm\u00e9retes n\u00f6v\u00e9nyek eset\u00e9n.<\/strong><\/li>\n<\/ul>\n<h4><strong>\ud83d\udcde Nagy m\u00e9ret<\/strong><strong>\u0171<\/strong><strong> vagy s\u00faly\u00fa n\u00f6v\u00e9nyek eset\u00e9n<\/strong><\/h4>\n<p><strong>Ha a term\u00e9k:<\/strong><\/p>\n<ul>\n<li><strong>meghaladja a 200 cm hossz\u00fas\u00e1got vagy<\/strong><\/li>\n<li><strong>meghaladja a 40 kg s\u00falyt,<\/strong><\/li>\n<\/ul>\n<p><strong>akkor szem\u00e9lyes \u00e1tv\u00e9tellel vagy egyedi, el<\/strong><strong>\u0151<\/strong><strong>re egyeztetett sz\u00e1ll\u00edt\u00e1si felt\u00e9telek mellett t\u00f6rt\u00e9nik.<br \/>\nK\u00e9rj\u00fck, ilyen esetben rendel\u00e9s el<\/strong><strong>\u0151<\/strong><strong>tt vegye fel vel\u00fcnk a kapcsolatot, hogy a lehet<\/strong><strong>\u0151<\/strong><strong> legmegfelel<\/strong><strong>\u0151<\/strong><strong>bb sz\u00e1ll\u00edt\u00e1si megold\u00e1st k\u00edn\u00e1lhassuk.<\/strong><\/p>\n<p><strong>\ud83d\udd14 Fontos: A n\u00f6v\u00e9nyeket minden esetben igyeksz\u00fcnk gondosan, egyes\u00e9vel csomagolni, azonban a sz\u00e1ll\u00edt\u00e1s sor\u00e1n kisebb eszt\u00e9tikai s\u00e9r\u00fcl\u00e9sek el<\/strong><strong>\u0151<\/strong><strong>fordulhatnak (pl. lev\u00e9lhull\u00e1s). Ez nem min<\/strong><strong>\u0151<\/strong><strong>s\u00fcl hib\u00e1s teljes\u00edt\u00e9snek.<\/strong><\/p>\n<h4><strong>\ud83d\udcf7 Fontos tudni a k\u00e9pekr<\/strong><strong>\u0151<\/strong><strong>l<\/strong><\/h4>\n<p><strong>A webshopban szerepl<\/strong><strong>\u0151<\/strong><strong> k\u00e9pek illusztr\u00e1ci\u00f3k, a n\u00f6v\u00e9nyek term\u00e9szet\u00fckn\u00e9l fogva egyediek, \u00edgy m\u00e9retben, alakban \u00e9s sz\u00ednben minim\u00e1lis elt\u00e9r\u00e9sek el<\/strong><strong>\u0151<\/strong><strong>fordulhatnak a k\u00e9pen l\u00e1that\u00f3 \u00e9s a val\u00f3s p\u00e9ld\u00e1nyok k\u00f6z\u00f6tt.<\/strong><\/p>\n<h4><strong>\ud83e\uddfe \u00c1rak \u00e9s el\u00e1ll\u00e1si jog<\/strong><\/h4>\n<ul>\n<li><strong>Az \u00e1rak egy darab\u00a0n\u00f6v\u00e9nyre vonatkoznak.<\/strong><\/li>\n<li><strong>\u00c9l<\/strong><strong>\u0151<\/strong><strong> n\u00f6v\u00e9nyek rendel\u00e9se eset\u00e9n a 14 napos el\u00e1ll\u00e1s joga nem \u00e9rv\u00e9nyes\u00edthet<\/strong><strong>\u0151<\/strong><strong>, mivel azok romland\u00f3, biol\u00f3giailag \u00e9l<\/strong><strong>\u0151<\/strong><strong> term\u00e9keknek min<\/strong><strong>\u0151<\/strong><strong>s\u00fclnek.<br \/>\n\ud83d\udd12 (17\/1999. (II. 5.) Korm. rendelet 5. \u00a7 c) pontja alapj\u00e1n)<\/strong><\/li>\n<\/ul>\n<h4><strong>\ud83d\udce6 K\u00e9zbes\u00edt\u00e9s ut\u00e1ni teend<\/strong><strong>\u0151<\/strong><strong>k<\/strong><\/h4>\n<p><strong>A k\u00e9zbes\u00edt\u00e9st k\u00f6vet<\/strong><strong>\u0151<\/strong><strong>en a csomagot azonnal bontsuk ki, \u00e9s a n\u00f6v\u00e9nyt helyezz\u00fck el megfelel<\/strong><strong>\u0151<\/strong><strong> k\u00f6rnyezetben.<br \/>\nFontos: ha a n\u00f6v\u00e9ny nem r\u00e9szes\u00fcl megfelel<\/strong><strong>\u0151<\/strong><strong> gondoz\u00e1sban \u00e9s ennek k\u00f6vetkezt\u00e9ben k\u00e1rosodik vagy elpusztul, felel<\/strong><strong>\u0151<\/strong><strong>ss\u00e9get nem tudunk v\u00e1llalni.<\/strong><\/p>\n<p><strong>\u00a0<\/strong><\/p>","protected":false},"excerpt":{"rendered":"<p>K\u00fcl\u00f6nleges, sz\u00far\u00f3s level\u0171 \u00f6r\u00f6kz\u00f6ld d\u00edszfa. Lass\u00fa n\u00f6veked\u00e9s\u0171, napos helyet kedvel. T\u00e9l\u00e1ll\u00f3, de fiatal korban v\u00e9delem sz\u00fcks\u00e9ges.<\/p>\n<p>A n\u00f6v\u00e9ny jelenlegi m\u00e9rete: 15\/20 cm magas 1 literes kont\u00e9nerben.<\/p>","protected":false},"featured_media":14396,"template":"","meta":{"_et_pb_use_builder":"","_et_pb_old_content":"","_et_gb_content_width":""},"product_brand":[],"product_cat":[4078],"product_tag":[1447,24],"class_list":{"0":"post-14393","1":"product","2":"type-product","3":"status-publish","4":"has-post-thumbnail","6":"product_cat-egyeb-fenyofekek","7":"product_tag-fenyo","8":"product_tag-orokzold","10":"first","11":"outofstock","12":"shipping-taxable","13":"product-type-simple"},"yoast_head":"<!-- This site is optimized with the Yoast SEO plugin v27.5 - https:\/\/yoast.com\/product\/yoast-seo-wordpress\/ -->\n<title>Araucaria araucana - Chilei feny\u0151 - T\u00e1jkert\u00e9sz<\/title>\n<meta name=\"description\" content=\"Araucaria araucana - Chilei feny\u0151 K\u00fcl\u00f6nleges, sz\u00far\u00f3s level\u0171 \u00f6r\u00f6kz\u00f6ld d\u00edszfa napos kertekbe. Lass\u00fa n\u00f6veked\u00e9s\u0171, napos helyet kedvel.\" \/>\n<meta name=\"robots\" content=\"index, follow, max-snippet:-1, max-image-preview:large, max-video-preview:-1\" \/>\n<link rel=\"canonical\" href=\"https:\/\/tajkertesz.com\/en_US\/product\/araucaria-araucana-chilei-fenyo-2\/\" \/>\n<meta property=\"og:locale\" content=\"en_US\" \/>\n<meta property=\"og:type\" content=\"article\" \/>\n<meta property=\"og:title\" content=\"Araucaria araucana - Chilei feny\u0151 - T\u00e1jkert\u00e9sz\" \/>\n<meta property=\"og:description\" content=\"Araucaria araucana - Chilei feny\u0151 K\u00fcl\u00f6nleges, sz\u00far\u00f3s level\u0171 \u00f6r\u00f6kz\u00f6ld d\u00edszfa napos kertekbe. Lass\u00fa n\u00f6veked\u00e9s\u0171, napos helyet kedvel.\" \/>\n<meta property=\"og:url\" content=\"https:\/\/tajkertesz.com\/en_US\/product\/araucaria-araucana-chilei-fenyo-2\/\" \/>\n<meta property=\"og:site_name\" content=\"T\u00e1jkert\u00e9sz\" \/>\n<meta property=\"article:publisher\" content=\"https:\/\/www.facebook.com\/Tajkertesz\/\" \/>\n<meta property=\"article:modified_time\" content=\"2025-10-11T06:42:34+00:00\" \/>\n<meta property=\"og:image\" content=\"https:\/\/tajkertesz.com\/wp-content\/uploads\/2022\/12\/20221209_072014-scaled.jpg\" \/>\n\t<meta property=\"og:image:width\" content=\"1154\" \/>\n\t<meta property=\"og:image:height\" content=\"2560\" \/>\n\t<meta property=\"og:image:type\" content=\"image\/jpeg\" \/>\n<meta name=\"twitter:card\" content=\"summary_large_image\" \/>\n<meta name=\"twitter:label1\" content=\"Est. reading time\" \/>\n\t<meta name=\"twitter:data1\" content=\"3 minutes\" \/>\n<script type=\"application\/ld+json\" class=\"yoast-schema-graph\">{\"@context\":\"https:\\\/\\\/schema.org\",\"@graph\":[{\"@type\":\"WebPage\",\"@id\":\"https:\\\/\\\/tajkertesz.com\\\/termek\\\/araucaria-araucana-chilei-fenyo-2\\\/\",\"url\":\"https:\\\/\\\/tajkertesz.com\\\/termek\\\/araucaria-araucana-chilei-fenyo-2\\\/\",\"name\":\"Araucaria araucana - Chilei feny\u0151 - T\u00e1jkert\u00e9sz\",\"isPartOf\":{\"@id\":\"https:\\\/\\\/tajkertesz.com\\\/#website\"},\"primaryImageOfPage\":{\"@id\":\"https:\\\/\\\/tajkertesz.com\\\/termek\\\/araucaria-araucana-chilei-fenyo-2\\\/#primaryimage\"},\"image\":{\"@id\":\"https:\\\/\\\/tajkertesz.com\\\/termek\\\/araucaria-araucana-chilei-fenyo-2\\\/#primaryimage\"},\"thumbnailUrl\":\"https:\\\/\\\/tajkertesz.com\\\/wp-content\\\/uploads\\\/2022\\\/12\\\/20221209_072014-scaled.jpg\",\"datePublished\":\"2022-12-09T07:13:22+00:00\",\"dateModified\":\"2025-10-11T06:42:34+00:00\",\"description\":\"Araucaria araucana - Chilei feny\u0151 K\u00fcl\u00f6nleges, sz\u00far\u00f3s level\u0171 \u00f6r\u00f6kz\u00f6ld d\u00edszfa napos kertekbe. Lass\u00fa n\u00f6veked\u00e9s\u0171, napos helyet kedvel.\",\"breadcrumb\":{\"@id\":\"https:\\\/\\\/tajkertesz.com\\\/termek\\\/araucaria-araucana-chilei-fenyo-2\\\/#breadcrumb\"},\"inLanguage\":\"en-US\",\"potentialAction\":[{\"@type\":\"ReadAction\",\"target\":[\"https:\\\/\\\/tajkertesz.com\\\/termek\\\/araucaria-araucana-chilei-fenyo-2\\\/\"]}]},{\"@type\":\"ImageObject\",\"inLanguage\":\"en-US\",\"@id\":\"https:\\\/\\\/tajkertesz.com\\\/termek\\\/araucaria-araucana-chilei-fenyo-2\\\/#primaryimage\",\"url\":\"https:\\\/\\\/tajkertesz.com\\\/wp-content\\\/uploads\\\/2022\\\/12\\\/20221209_072014-scaled.jpg\",\"contentUrl\":\"https:\\\/\\\/tajkertesz.com\\\/wp-content\\\/uploads\\\/2022\\\/12\\\/20221209_072014-scaled.jpg\",\"width\":1154,\"height\":2560,\"caption\":\"Araucaria araucana - Chilei feny\u0151\"},{\"@type\":\"BreadcrumbList\",\"@id\":\"https:\\\/\\\/tajkertesz.com\\\/termek\\\/araucaria-araucana-chilei-fenyo-2\\\/#breadcrumb\",\"itemListElement\":[{\"@type\":\"ListItem\",\"position\":1,\"name\":\"Home\",\"item\":\"https:\\\/\\\/tajkertesz.com\\\/\"},{\"@type\":\"ListItem\",\"position\":2,\"name\":\"Kezd\u0151lap\",\"item\":\"https:\\\/\\\/tajkertesz.com\\\/\"},{\"@type\":\"ListItem\",\"position\":3,\"name\":\"Araucaria araucana &#8211; Chilei feny\u0151\"}]},{\"@type\":\"WebSite\",\"@id\":\"https:\\\/\\\/tajkertesz.com\\\/#website\",\"url\":\"https:\\\/\\\/tajkertesz.com\\\/\",\"name\":\"T\u00e1j-Kert\u00e9sz 84 Kft.\",\"description\":\"Kert\u00e9szeti kis- \u00e9s nagykeresked\u00e9s, D\u00edszn\u00f6v\u00e9ny web\u00e1ruh\u00e1z orsz\u00e1gos h\u00e1zhozsz\u00e1ll\u00edt\u00e1ssal!\",\"publisher\":{\"@id\":\"https:\\\/\\\/tajkertesz.com\\\/#organization\"},\"potentialAction\":[{\"@type\":\"SearchAction\",\"target\":{\"@type\":\"EntryPoint\",\"urlTemplate\":\"https:\\\/\\\/tajkertesz.com\\\/?s={search_term_string}\"},\"query-input\":{\"@type\":\"PropertyValueSpecification\",\"valueRequired\":true,\"valueName\":\"search_term_string\"}}],\"inLanguage\":\"en-US\"},{\"@type\":\"Organization\",\"@id\":\"https:\\\/\\\/tajkertesz.com\\\/#organization\",\"name\":\"T\u00e1j-Kert\u00e9sz 84 Kft.\",\"url\":\"https:\\\/\\\/tajkertesz.com\\\/\",\"logo\":{\"@type\":\"ImageObject\",\"inLanguage\":\"en-US\",\"@id\":\"https:\\\/\\\/tajkertesz.com\\\/#\\\/schema\\\/logo\\\/image\\\/\",\"url\":\"https:\\\/\\\/tajkertesz.com\\\/wp-content\\\/uploads\\\/2018\\\/02\\\/logo-2-e1518678052539.png\",\"contentUrl\":\"https:\\\/\\\/tajkertesz.com\\\/wp-content\\\/uploads\\\/2018\\\/02\\\/logo-2-e1518678052539.png\",\"width\":81,\"height\":140,\"caption\":\"T\u00e1j-Kert\u00e9sz 84 Kft.\"},\"image\":{\"@id\":\"https:\\\/\\\/tajkertesz.com\\\/#\\\/schema\\\/logo\\\/image\\\/\"},\"sameAs\":[\"https:\\\/\\\/www.facebook.com\\\/Tajkertesz\\\/\"]}]}<\/script>\n<!-- \/ Yoast SEO plugin. -->","yoast_head_json":{"title":"Araucaria araucana - Chilei feny\u0151 - T\u00e1jkert\u00e9sz","description":"Araucaria araucana - Chilei feny\u0151 K\u00fcl\u00f6nleges, sz\u00far\u00f3s level\u0171 \u00f6r\u00f6kz\u00f6ld d\u00edszfa napos kertekbe. Lass\u00fa n\u00f6veked\u00e9s\u0171, napos helyet kedvel.","robots":{"index":"index","follow":"follow","max-snippet":"max-snippet:-1","max-image-preview":"max-image-preview:large","max-video-preview":"max-video-preview:-1"},"canonical":"https:\/\/tajkertesz.com\/en_US\/product\/araucaria-araucana-chilei-fenyo-2\/","og_locale":"en_US","og_type":"article","og_title":"Araucaria araucana - Chilei feny\u0151 - T\u00e1jkert\u00e9sz","og_description":"Araucaria araucana - Chilei feny\u0151 K\u00fcl\u00f6nleges, sz\u00far\u00f3s level\u0171 \u00f6r\u00f6kz\u00f6ld d\u00edszfa napos kertekbe. Lass\u00fa n\u00f6veked\u00e9s\u0171, napos helyet kedvel.","og_url":"https:\/\/tajkertesz.com\/en_US\/product\/araucaria-araucana-chilei-fenyo-2\/","og_site_name":"T\u00e1jkert\u00e9sz","article_publisher":"https:\/\/www.facebook.com\/Tajkertesz\/","article_modified_time":"2025-10-11T06:42:34+00:00","og_image":[{"width":1154,"height":2560,"url":"https:\/\/tajkertesz.com\/wp-content\/uploads\/2022\/12\/20221209_072014-scaled.jpg","type":"image\/jpeg"}],"twitter_card":"summary_large_image","twitter_misc":{"Est. reading time":"3 minutes"},"schema":{"@context":"https:\/\/schema.org","@graph":[{"@type":"WebPage","@id":"https:\/\/tajkertesz.com\/termek\/araucaria-araucana-chilei-fenyo-2\/","url":"https:\/\/tajkertesz.com\/termek\/araucaria-araucana-chilei-fenyo-2\/","name":"Araucaria araucana - Chilei feny\u0151 - T\u00e1jkert\u00e9sz","isPartOf":{"@id":"https:\/\/tajkertesz.com\/#website"},"primaryImageOfPage":{"@id":"https:\/\/tajkertesz.com\/termek\/araucaria-araucana-chilei-fenyo-2\/#primaryimage"},"image":{"@id":"https:\/\/tajkertesz.com\/termek\/araucaria-araucana-chilei-fenyo-2\/#primaryimage"},"thumbnailUrl":"https:\/\/tajkertesz.com\/wp-content\/uploads\/2022\/12\/20221209_072014-scaled.jpg","datePublished":"2022-12-09T07:13:22+00:00","dateModified":"2025-10-11T06:42:34+00:00","description":"Araucaria araucana - Chilei feny\u0151 K\u00fcl\u00f6nleges, sz\u00far\u00f3s level\u0171 \u00f6r\u00f6kz\u00f6ld d\u00edszfa napos kertekbe. Lass\u00fa n\u00f6veked\u00e9s\u0171, napos helyet kedvel.","breadcrumb":{"@id":"https:\/\/tajkertesz.com\/termek\/araucaria-araucana-chilei-fenyo-2\/#breadcrumb"},"inLanguage":"en-US","potentialAction":[{"@type":"ReadAction","target":["https:\/\/tajkertesz.com\/termek\/araucaria-araucana-chilei-fenyo-2\/"]}]},{"@type":"ImageObject","inLanguage":"en-US","@id":"https:\/\/tajkertesz.com\/termek\/araucaria-araucana-chilei-fenyo-2\/#primaryimage","url":"https:\/\/tajkertesz.com\/wp-content\/uploads\/2022\/12\/20221209_072014-scaled.jpg","contentUrl":"https:\/\/tajkertesz.com\/wp-content\/uploads\/2022\/12\/20221209_072014-scaled.jpg","width":1154,"height":2560,"caption":"Araucaria araucana - Chilei feny\u0151"},{"@type":"BreadcrumbList","@id":"https:\/\/tajkertesz.com\/termek\/araucaria-araucana-chilei-fenyo-2\/#breadcrumb","itemListElement":[{"@type":"ListItem","position":1,"name":"Home","item":"https:\/\/tajkertesz.com\/"},{"@type":"ListItem","position":2,"name":"Kezd\u0151lap","item":"https:\/\/tajkertesz.com\/"},{"@type":"ListItem","position":3,"name":"Araucaria araucana &#8211; Chilei feny\u0151"}]},{"@type":"WebSite","@id":"https:\/\/tajkertesz.com\/#website","url":"https:\/\/tajkertesz.com\/","name":"T\u00e1j-Kert\u00e9sz 84 Kft.","description":"Kert\u00e9szeti kis- \u00e9s nagykeresked\u00e9s, D\u00edszn\u00f6v\u00e9ny web\u00e1ruh\u00e1z orsz\u00e1gos h\u00e1zhozsz\u00e1ll\u00edt\u00e1ssal!","publisher":{"@id":"https:\/\/tajkertesz.com\/#organization"},"potentialAction":[{"@type":"SearchAction","target":{"@type":"EntryPoint","urlTemplate":"https:\/\/tajkertesz.com\/?s={search_term_string}"},"query-input":{"@type":"PropertyValueSpecification","valueRequired":true,"valueName":"search_term_string"}}],"inLanguage":"en-US"},{"@type":"Organization","@id":"https:\/\/tajkertesz.com\/#organization","name":"T\u00e1j-Kert\u00e9sz 84 Kft.","url":"https:\/\/tajkertesz.com\/","logo":{"@type":"ImageObject","inLanguage":"en-US","@id":"https:\/\/tajkertesz.com\/#\/schema\/logo\/image\/","url":"https:\/\/tajkertesz.com\/wp-content\/uploads\/2018\/02\/logo-2-e1518678052539.png","contentUrl":"https:\/\/tajkertesz.com\/wp-content\/uploads\/2018\/02\/logo-2-e1518678052539.png","width":81,"height":140,"caption":"T\u00e1j-Kert\u00e9sz 84 Kft."},"image":{"@id":"https:\/\/tajkertesz.com\/#\/schema\/logo\/image\/"},"sameAs":["https:\/\/www.facebook.com\/Tajkertesz\/"]}]}},"_links":{"self":[{"href":"https:\/\/tajkertesz.com\/en_US\/wp-json\/wp\/v2\/product\/14393","targetHints":{"allow":["GET"]}}],"collection":[{"href":"https:\/\/tajkertesz.com\/en_US\/wp-json\/wp\/v2\/product"}],"about":[{"href":"https:\/\/tajkertesz.com\/en_US\/wp-json\/wp\/v2\/types\/product"}],"wp:featuredmedia":[{"embeddable":true,"href":"https:\/\/tajkertesz.com\/en_US\/wp-json\/wp\/v2\/media\/14396"}],"wp:attachment":[{"href":"https:\/\/tajkertesz.com\/en_US\/wp-json\/wp\/v2\/media?parent=14393"}],"wp:term":[{"taxonomy":"product_brand","embeddable":true,"href":"https:\/\/tajkertesz.com\/en_US\/wp-json\/wp\/v2\/product_brand?post=14393"},{"taxonomy":"product_cat","embeddable":true,"href":"https:\/\/tajkertesz.com\/en_US\/wp-json\/wp\/v2\/product_cat?post=14393"},{"taxonomy":"product_tag","embeddable":true,"href":"https:\/\/tajkertesz.com\/en_US\/wp-json\/wp\/v2\/product_tag?post=14393"}],"curies":[{"name":"wp","href":"https:\/\/api.w.org\/{rel}","templated":true}]}}