{"id":1606,"date":"2025-04-09T09:39:12","date_gmt":"2025-04-09T09:39:12","guid":{"rendered":"https:\/\/tajkertesz.com\/?post_type=product&#038;p=1606"},"modified":"2025-05-16T09:27:17","modified_gmt":"2025-05-16T09:27:17","slug":"viburnum-opulus-roseum-labdarozsa-2","status":"publish","type":"product","link":"https:\/\/tajkertesz.com\/en_US\/product\/viburnum-opulus-roseum-labdarozsa-2\/","title":{"rendered":"Viburnum opulus &#8216;Roseum&#8217; &#8211; Labdar\u00f3zsa"},"content":{"rendered":"<h1>Viburnum opulus &#8216;Roseum&#8217; &#8211; Labdar\u00f3zsa<\/h1>\n<p>A Viburnum opulus &#8216;Roseum&#8217; &#8211; Labdar\u00f3zsagy gy\u00f6ny\u00f6r\u0171 d\u00edszcserje, amely a viburnumok k\u00f6z\u00fcl az egyik legn\u00e9pszer\u0171bb \u00e9s legl\u00e1tv\u00e1nyosabb fajta.<\/p>\n<h2>Viburnum opulus &#8216;Roseum&#8217; jellemz\u0151i<\/h2>\n<ul>\n<li class=\"\" data-start=\"390\" data-end=\"519\">\n<p class=\"\" data-start=\"392\" data-end=\"519\">A <em data-start=\"394\" data-end=\"411\">Viburnum opulus<\/em> &#8216;Roseum&#8217; egy k\u00f6zepes m\u00e9ret\u0171 cserje, amely 2-3 m\u00e9ter magasra is megn\u0151het.<\/p>\n<\/li>\n<li class=\"\" data-start=\"520\" data-end=\"630\">\n<p class=\"\" data-start=\"522\" data-end=\"630\">A n\u00f6v\u00e9ny g\u00f6mb\u00f6lyded, s\u0171r\u0171 n\u00f6veked\u00e9s\u0171 form\u00e1t alkot, amely kiv\u00e1l\u00f3 s\u00f6v\u00e9nynek vagy szoliternek is j\u00f3 v\u00e1laszt\u00e1s.<\/p>\n<\/li>\n<li class=\"\" data-start=\"631\" data-end=\"801\">\n<p class=\"\" data-start=\"633\" data-end=\"801\">A levelei nagyok, ov\u00e1lisak, \u00e9l\u00e9nk z\u00f6ldek, \u00e9s \u0151sszel gy\u00f6ny\u00f6r\u0171 piros, narancss\u00e1rga vagy lila sz\u00edn\u00e1rnyalatokra v\u00e1ltoznak, ami m\u00e9g ink\u00e1bb kiemeli a n\u00f6v\u00e9nyt az \u0151szi kertben.<\/p>\n<\/li>\n<li data-start=\"631\" data-end=\"801\">A <em data-start=\"828\" data-end=\"845\">Viburnum opulus<\/em> &#8216;Roseum&#8217; tavasz v\u00e9g\u00e9n, \u00e1ltal\u00e1ban m\u00e1jus-j\u00fanius k\u00f6rny\u00e9k\u00e9n vir\u00e1gzik. A vir\u00e1gzata k\u00fcl\u00f6n\u00f6sen vonz\u00f3: nagy, g\u00f6mb\u00f6lyded alak\u00fa vir\u00e1gz\u00e1sokban jelenik meg, amelyek a n\u00f6v\u00e9nyt h\u00f3feh\u00e9r, szinte labda alak\u00fa vir\u00e1gokkal bor\u00edtj\u00e1k.<\/li>\n<\/ul>\n<h3>A labdar\u00f3zsa gondoz\u00e1sa<\/h3>\n<ul>\n<li class=\"\" data-start=\"1670\" data-end=\"1782\">\n<p class=\"\" data-start=\"1672\" data-end=\"1782\">A <em data-start=\"1674\" data-end=\"1691\">Viburnum opulus<\/em> &#8216;Roseum&#8217; napos vagy f\u00e9l\u00e1rny\u00e9kos helyet kedvel.<\/p>\n<\/li>\n<li class=\"\" data-start=\"1783\" data-end=\"1956\">\n<p class=\"\" data-start=\"1785\" data-end=\"1956\">A n\u00f6v\u00e9ny legjobban a j\u00f3 v\u00edzelvezet\u00e9s\u0171, humuszban gazdag talajban fejl\u0151dik. Az enyh\u00e9n savany\u00fa vagy semleges pH-j\u00fa talajt r\u00e9szes\u00edti el\u0151nyben.<\/p>\n<\/li>\n<li class=\"\" data-start=\"1957\" data-end=\"2088\">\n<p class=\"\" data-start=\"1959\" data-end=\"2088\">A n\u00f6v\u00e9ny viszonylag sz\u00e1razs\u00e1got t\u0171r\u0151, de a legjobb n\u00f6veked\u00e9s \u00e9rdek\u00e9ben rendszeres \u00f6nt\u00f6z\u00e9st ig\u00e9nyel, k\u00fcl\u00f6n\u00f6sen a ny\u00e1ri h\u00f3napokban.<\/p>\n<\/li>\n<\/ul>\n<p><b>K\u00e9szlet\u00fcnk napi szinten v\u00e1ltozik, ez\u00e9rt k\u00e9rj\u00fck, \u00e9rdekl\u0151dj\u00f6n szem\u00e9lyesen, telefonon vagy email-en.<br \/>\nA v\u00e1ltoztat\u00e1s jog\u00e1t fenntartjuk!<\/b><b>\u00a0<\/b><\/p>\n<p><a href=\"https:\/\/tajkertesz.com\/\">https:\/\/tajkertesz.com\/<\/a><\/p>\n<p><a href=\"https:\/\/www.facebook.com\/tajkertesz\/\">https:\/\/www.facebook.com\/tajkertesz\/<\/a><\/p>\n<p>Kisz\u00e1ll\u00edt\u00e1s: 200cm-ig \u00e9s 40 kg-ig a sz\u00e1ll\u00edt\u00e1s fut\u00e1rszolg\u00e1lattal t\u00f6rt\u00e9nik.<\/p>\n<p>Szem\u00e9lyes \u00e1tv\u00e9tel nyitvatart\u00e1si id\u0151ben a 17. ker\u00fclet Bakancsos utca 7. sz\u00e1m alatti Kert\u00e9szeti \u00e1rud\u00e1nkban.<\/p>\n<p>Kert\u00e9p\u00edt\u0151k \u00e9s viszontelad\u00f3k regisztr\u00e1l\u00e1s ut\u00e1n egyedi kedvezm\u00e9nnyel v\u00e1s\u00e1rolhatnak kert\u00e9szeti kis-\u00e9s nagykeresked\u00e9s\u00fcnkben.<\/p>\n<p><strong>Az \u00e1rak egy darab term\u00e9kre vonatkoznak.<\/strong><\/p>\n<p><strong>J\u00f3 tudni!<\/strong><\/p>\n<p>K\u00e9pek-elt\u00e9r\u00e9sek:<\/p>\n<p>A n\u00f6v\u00e9nyekr\u0151l felt\u00f6lt\u00f6tt k\u00e9pek illusztr\u00e1ci\u00f3k. N\u00f6v\u00e9nyekn\u00e9l el\u0151fordulhatnak minim\u00e1lis elt\u00e9r\u00e9sek a k\u00e9peken szerepl\u0151 n\u00f6v\u00e9nyek \u00e9s az \u00e1tvett n\u00f6v\u00e9nyek k\u00f6z\u00f6tt, mivel minden n\u00f6v\u00e9ny egyedi.<\/p>\n<h4>N\u00f6v\u00e9nyek sz\u00e1ll\u00edt\u00e1sa:<\/h4>\n<p>A megrendelt n\u00f6v\u00e9nyeket igyeksz\u00fcnk a lehet\u0151 legbiztons\u00e1gosabban egyes\u00e9vel csomagolni, azonban a sz\u00e1ll\u00edt\u00e1s sor\u00e1n m\u00e9g ennek ellen\u00e9re is\u00a0bek\u00f6vetkezhetnek apr\u00f3bb s\u00e9r\u00fcl\u00e9sek (lev\u00e9l- vagy vir\u00e1ghull\u00e1s).<br \/>\nN\u00f6v\u00e9ny rendel\u00e9s eset\u00e9n k\u00e9rj\u00fck a k\u00e9zbes\u00edt\u00e9st k\u00f6vet\u0151en a lehet\u0151 leghamarabb bonts\u00e1k ki a csomagot.<\/p>\n<p>Abban az esetben, ha a megrendelt n\u00f6v\u00e9ny\u00a0a sz\u00e1ll\u00edt\u00e1st k\u00f6vet\u0151en\u00a0nem megfelel\u0151 gondoz\u00e1sban r\u00e9szes\u00fcl \u00e9s ebb\u0151l kifoly\u00f3lag\u00a0k\u00e1rosodik,\u00a0elpusztul, felel\u0151ss\u00e9get sajnos nem tudunk v\u00e1llalni.<\/p>\n<p>V\u00e1s\u00e1rl\u00e1st\u00f3l val\u00f3 el\u00e1ll\u00e1s \u00e9l\u0151 n\u00f6v\u00e9ny v\u00e1s\u00e1rl\u00e1sa eset\u00e9n:<\/p>\n<p>Az \u00e1ltal\u00e1nos 14 napos el\u00e1ll\u00e1s lehet\u0151s\u00e9ge \u00e9l\u0151 n\u00f6v\u00e9nyekre nem vonatkozik. V\u00e1s\u00e1rl\u00e1st\u00f3l val\u00f3 el\u00e1ll\u00e1sra, visszak\u00fcld\u00e9sre nincs lehet\u0151s\u00e9g.\u00a0(17\/1999. (II. 5.) Korm. rendelet 5c pontja)<\/p>\n<p><strong>K\u00e9rj\u00fck fentiek figyelembev\u00e9tel\u00e9t n\u00f6v\u00e9ny rendel\u00e9se sor\u00e1n!<\/strong><\/p>\n<p>&nbsp;<\/p>","protected":false},"excerpt":{"rendered":"<p>A n\u00f6v\u00e9ny jelenlegi m\u00e9retei: 30\/40 cm magas 3 literes kont\u00e9nerben.<\/p>","protected":false},"featured_media":1605,"template":"","meta":{"_et_pb_use_builder":"","_et_pb_old_content":"","_et_gb_content_width":""},"product_brand":[],"product_cat":[27],"product_tag":[421,420],"class_list":{"0":"post-1606","1":"product","2":"type-product","3":"status-publish","4":"has-post-thumbnail","6":"product_cat-cserjek","7":"product_tag-labdarozsa","8":"product_tag-viburnum-opulus-roseum","10":"first","11":"outofstock","12":"shipping-taxable","13":"product-type-simple"},"yoast_head":"<!-- This site is optimized with the Yoast SEO plugin v27.5 - https:\/\/yoast.com\/product\/yoast-seo-wordpress\/ -->\n<title>Viburnum opulus &#039;Roseum&#039; - Labdar\u00f3zsa - T\u00e1jkert\u00e9sz<\/title>\n<meta name=\"description\" content=\"A Viburnum opulus &#039;Roseum&#039; , Labdar\u00f3zsa 3-4 m -re n\u00f6v\u0151 lombhullat\u00f3 cserje. T\u0151hajt\u00e1sai mereven fel\u00e1ll\u00f3ak ,\u00a0 oldal hajt\u00e1sai \u00edvesen b\u00f3kol\u00f3k.\" \/>\n<meta name=\"robots\" content=\"index, follow, max-snippet:-1, max-image-preview:large, max-video-preview:-1\" \/>\n<link rel=\"canonical\" href=\"https:\/\/tajkertesz.com\/en_US\/product\/viburnum-opulus-roseum-labdarozsa-2\/\" \/>\n<meta property=\"og:locale\" content=\"en_US\" \/>\n<meta property=\"og:type\" content=\"article\" \/>\n<meta property=\"og:title\" content=\"Viburnum opulus &#039;Roseum&#039; - Labdar\u00f3zsa - T\u00e1jkert\u00e9sz\" \/>\n<meta property=\"og:description\" content=\"A Viburnum opulus &#039;Roseum&#039; , Labdar\u00f3zsa 3-4 m -re n\u00f6v\u0151 lombhullat\u00f3 cserje. T\u0151hajt\u00e1sai mereven fel\u00e1ll\u00f3ak ,\u00a0 oldal hajt\u00e1sai \u00edvesen b\u00f3kol\u00f3k.\" \/>\n<meta property=\"og:url\" content=\"https:\/\/tajkertesz.com\/en_US\/product\/viburnum-opulus-roseum-labdarozsa-2\/\" \/>\n<meta property=\"og:site_name\" content=\"T\u00e1jkert\u00e9sz\" \/>\n<meta property=\"article:publisher\" content=\"https:\/\/www.facebook.com\/Tajkertesz\/\" \/>\n<meta property=\"article:modified_time\" content=\"2025-05-16T09:27:17+00:00\" \/>\n<meta property=\"og:image\" content=\"https:\/\/tajkertesz.com\/wp-content\/uploads\/2020\/03\/viburnum-opulus-roseum5.jpg\" \/>\n\t<meta property=\"og:image:width\" content=\"1280\" \/>\n\t<meta property=\"og:image:height\" content=\"1280\" \/>\n\t<meta property=\"og:image:type\" content=\"image\/jpeg\" \/>\n<meta name=\"twitter:card\" content=\"summary_large_image\" \/>\n<meta name=\"twitter:label1\" content=\"Est. reading time\" \/>\n\t<meta name=\"twitter:data1\" content=\"3 minutes\" \/>\n<script type=\"application\/ld+json\" class=\"yoast-schema-graph\">{\"@context\":\"https:\\\/\\\/schema.org\",\"@graph\":[{\"@type\":\"WebPage\",\"@id\":\"https:\\\/\\\/tajkertesz.com\\\/termek\\\/viburnum-opulus-roseum-labdarozsa-2\\\/\",\"url\":\"https:\\\/\\\/tajkertesz.com\\\/termek\\\/viburnum-opulus-roseum-labdarozsa-2\\\/\",\"name\":\"Viburnum opulus 'Roseum' - Labdar\u00f3zsa - T\u00e1jkert\u00e9sz\",\"isPartOf\":{\"@id\":\"https:\\\/\\\/tajkertesz.com\\\/#website\"},\"primaryImageOfPage\":{\"@id\":\"https:\\\/\\\/tajkertesz.com\\\/termek\\\/viburnum-opulus-roseum-labdarozsa-2\\\/#primaryimage\"},\"image\":{\"@id\":\"https:\\\/\\\/tajkertesz.com\\\/termek\\\/viburnum-opulus-roseum-labdarozsa-2\\\/#primaryimage\"},\"thumbnailUrl\":\"https:\\\/\\\/tajkertesz.com\\\/wp-content\\\/uploads\\\/2020\\\/03\\\/viburnum-opulus-roseum5.jpg\",\"datePublished\":\"2025-04-09T09:39:12+00:00\",\"dateModified\":\"2025-05-16T09:27:17+00:00\",\"description\":\"A Viburnum opulus 'Roseum' , Labdar\u00f3zsa 3-4 m -re n\u00f6v\u0151 lombhullat\u00f3 cserje. T\u0151hajt\u00e1sai mereven fel\u00e1ll\u00f3ak ,\u00a0 oldal hajt\u00e1sai \u00edvesen b\u00f3kol\u00f3k.\",\"breadcrumb\":{\"@id\":\"https:\\\/\\\/tajkertesz.com\\\/termek\\\/viburnum-opulus-roseum-labdarozsa-2\\\/#breadcrumb\"},\"inLanguage\":\"en-US\",\"potentialAction\":[{\"@type\":\"ReadAction\",\"target\":[\"https:\\\/\\\/tajkertesz.com\\\/termek\\\/viburnum-opulus-roseum-labdarozsa-2\\\/\"]}]},{\"@type\":\"ImageObject\",\"inLanguage\":\"en-US\",\"@id\":\"https:\\\/\\\/tajkertesz.com\\\/termek\\\/viburnum-opulus-roseum-labdarozsa-2\\\/#primaryimage\",\"url\":\"https:\\\/\\\/tajkertesz.com\\\/wp-content\\\/uploads\\\/2020\\\/03\\\/viburnum-opulus-roseum5.jpg\",\"contentUrl\":\"https:\\\/\\\/tajkertesz.com\\\/wp-content\\\/uploads\\\/2020\\\/03\\\/viburnum-opulus-roseum5.jpg\",\"width\":1280,\"height\":1280,\"caption\":\"Viburnum opulus 'Roseum' - Labdar\u00f3zsa\"},{\"@type\":\"BreadcrumbList\",\"@id\":\"https:\\\/\\\/tajkertesz.com\\\/termek\\\/viburnum-opulus-roseum-labdarozsa-2\\\/#breadcrumb\",\"itemListElement\":[{\"@type\":\"ListItem\",\"position\":1,\"name\":\"Home\",\"item\":\"https:\\\/\\\/tajkertesz.com\\\/\"},{\"@type\":\"ListItem\",\"position\":2,\"name\":\"Kezd\u0151lap\",\"item\":\"https:\\\/\\\/tajkertesz.com\\\/\"},{\"@type\":\"ListItem\",\"position\":3,\"name\":\"Viburnum opulus &#8216;Roseum&#8217; &#8211; Labdar\u00f3zsa\"}]},{\"@type\":\"WebSite\",\"@id\":\"https:\\\/\\\/tajkertesz.com\\\/#website\",\"url\":\"https:\\\/\\\/tajkertesz.com\\\/\",\"name\":\"T\u00e1j-Kert\u00e9sz 84 Kft.\",\"description\":\"Kert\u00e9szeti kis- \u00e9s nagykeresked\u00e9s, D\u00edszn\u00f6v\u00e9ny web\u00e1ruh\u00e1z orsz\u00e1gos h\u00e1zhozsz\u00e1ll\u00edt\u00e1ssal!\",\"publisher\":{\"@id\":\"https:\\\/\\\/tajkertesz.com\\\/#organization\"},\"potentialAction\":[{\"@type\":\"SearchAction\",\"target\":{\"@type\":\"EntryPoint\",\"urlTemplate\":\"https:\\\/\\\/tajkertesz.com\\\/?s={search_term_string}\"},\"query-input\":{\"@type\":\"PropertyValueSpecification\",\"valueRequired\":true,\"valueName\":\"search_term_string\"}}],\"inLanguage\":\"en-US\"},{\"@type\":\"Organization\",\"@id\":\"https:\\\/\\\/tajkertesz.com\\\/#organization\",\"name\":\"T\u00e1j-Kert\u00e9sz 84 Kft.\",\"url\":\"https:\\\/\\\/tajkertesz.com\\\/\",\"logo\":{\"@type\":\"ImageObject\",\"inLanguage\":\"en-US\",\"@id\":\"https:\\\/\\\/tajkertesz.com\\\/#\\\/schema\\\/logo\\\/image\\\/\",\"url\":\"https:\\\/\\\/tajkertesz.com\\\/wp-content\\\/uploads\\\/2018\\\/02\\\/logo-2-e1518678052539.png\",\"contentUrl\":\"https:\\\/\\\/tajkertesz.com\\\/wp-content\\\/uploads\\\/2018\\\/02\\\/logo-2-e1518678052539.png\",\"width\":81,\"height\":140,\"caption\":\"T\u00e1j-Kert\u00e9sz 84 Kft.\"},\"image\":{\"@id\":\"https:\\\/\\\/tajkertesz.com\\\/#\\\/schema\\\/logo\\\/image\\\/\"},\"sameAs\":[\"https:\\\/\\\/www.facebook.com\\\/Tajkertesz\\\/\"]}]}<\/script>\n<!-- \/ Yoast SEO plugin. -->","yoast_head_json":{"title":"Viburnum opulus 'Roseum' - Labdar\u00f3zsa - T\u00e1jkert\u00e9sz","description":"A Viburnum opulus 'Roseum' , Labdar\u00f3zsa 3-4 m -re n\u00f6v\u0151 lombhullat\u00f3 cserje. T\u0151hajt\u00e1sai mereven fel\u00e1ll\u00f3ak ,\u00a0 oldal hajt\u00e1sai \u00edvesen b\u00f3kol\u00f3k.","robots":{"index":"index","follow":"follow","max-snippet":"max-snippet:-1","max-image-preview":"max-image-preview:large","max-video-preview":"max-video-preview:-1"},"canonical":"https:\/\/tajkertesz.com\/en_US\/product\/viburnum-opulus-roseum-labdarozsa-2\/","og_locale":"en_US","og_type":"article","og_title":"Viburnum opulus 'Roseum' - Labdar\u00f3zsa - T\u00e1jkert\u00e9sz","og_description":"A Viburnum opulus 'Roseum' , Labdar\u00f3zsa 3-4 m -re n\u00f6v\u0151 lombhullat\u00f3 cserje. T\u0151hajt\u00e1sai mereven fel\u00e1ll\u00f3ak ,\u00a0 oldal hajt\u00e1sai \u00edvesen b\u00f3kol\u00f3k.","og_url":"https:\/\/tajkertesz.com\/en_US\/product\/viburnum-opulus-roseum-labdarozsa-2\/","og_site_name":"T\u00e1jkert\u00e9sz","article_publisher":"https:\/\/www.facebook.com\/Tajkertesz\/","article_modified_time":"2025-05-16T09:27:17+00:00","og_image":[{"width":1280,"height":1280,"url":"https:\/\/tajkertesz.com\/wp-content\/uploads\/2020\/03\/viburnum-opulus-roseum5.jpg","type":"image\/jpeg"}],"twitter_card":"summary_large_image","twitter_misc":{"Est. reading time":"3 minutes"},"schema":{"@context":"https:\/\/schema.org","@graph":[{"@type":"WebPage","@id":"https:\/\/tajkertesz.com\/termek\/viburnum-opulus-roseum-labdarozsa-2\/","url":"https:\/\/tajkertesz.com\/termek\/viburnum-opulus-roseum-labdarozsa-2\/","name":"Viburnum opulus 'Roseum' - Labdar\u00f3zsa - T\u00e1jkert\u00e9sz","isPartOf":{"@id":"https:\/\/tajkertesz.com\/#website"},"primaryImageOfPage":{"@id":"https:\/\/tajkertesz.com\/termek\/viburnum-opulus-roseum-labdarozsa-2\/#primaryimage"},"image":{"@id":"https:\/\/tajkertesz.com\/termek\/viburnum-opulus-roseum-labdarozsa-2\/#primaryimage"},"thumbnailUrl":"https:\/\/tajkertesz.com\/wp-content\/uploads\/2020\/03\/viburnum-opulus-roseum5.jpg","datePublished":"2025-04-09T09:39:12+00:00","dateModified":"2025-05-16T09:27:17+00:00","description":"A Viburnum opulus 'Roseum' , Labdar\u00f3zsa 3-4 m -re n\u00f6v\u0151 lombhullat\u00f3 cserje. T\u0151hajt\u00e1sai mereven fel\u00e1ll\u00f3ak ,\u00a0 oldal hajt\u00e1sai \u00edvesen b\u00f3kol\u00f3k.","breadcrumb":{"@id":"https:\/\/tajkertesz.com\/termek\/viburnum-opulus-roseum-labdarozsa-2\/#breadcrumb"},"inLanguage":"en-US","potentialAction":[{"@type":"ReadAction","target":["https:\/\/tajkertesz.com\/termek\/viburnum-opulus-roseum-labdarozsa-2\/"]}]},{"@type":"ImageObject","inLanguage":"en-US","@id":"https:\/\/tajkertesz.com\/termek\/viburnum-opulus-roseum-labdarozsa-2\/#primaryimage","url":"https:\/\/tajkertesz.com\/wp-content\/uploads\/2020\/03\/viburnum-opulus-roseum5.jpg","contentUrl":"https:\/\/tajkertesz.com\/wp-content\/uploads\/2020\/03\/viburnum-opulus-roseum5.jpg","width":1280,"height":1280,"caption":"Viburnum opulus 'Roseum' - Labdar\u00f3zsa"},{"@type":"BreadcrumbList","@id":"https:\/\/tajkertesz.com\/termek\/viburnum-opulus-roseum-labdarozsa-2\/#breadcrumb","itemListElement":[{"@type":"ListItem","position":1,"name":"Home","item":"https:\/\/tajkertesz.com\/"},{"@type":"ListItem","position":2,"name":"Kezd\u0151lap","item":"https:\/\/tajkertesz.com\/"},{"@type":"ListItem","position":3,"name":"Viburnum opulus &#8216;Roseum&#8217; &#8211; Labdar\u00f3zsa"}]},{"@type":"WebSite","@id":"https:\/\/tajkertesz.com\/#website","url":"https:\/\/tajkertesz.com\/","name":"T\u00e1j-Kert\u00e9sz 84 Kft.","description":"Kert\u00e9szeti kis- \u00e9s nagykeresked\u00e9s, D\u00edszn\u00f6v\u00e9ny web\u00e1ruh\u00e1z orsz\u00e1gos h\u00e1zhozsz\u00e1ll\u00edt\u00e1ssal!","publisher":{"@id":"https:\/\/tajkertesz.com\/#organization"},"potentialAction":[{"@type":"SearchAction","target":{"@type":"EntryPoint","urlTemplate":"https:\/\/tajkertesz.com\/?s={search_term_string}"},"query-input":{"@type":"PropertyValueSpecification","valueRequired":true,"valueName":"search_term_string"}}],"inLanguage":"en-US"},{"@type":"Organization","@id":"https:\/\/tajkertesz.com\/#organization","name":"T\u00e1j-Kert\u00e9sz 84 Kft.","url":"https:\/\/tajkertesz.com\/","logo":{"@type":"ImageObject","inLanguage":"en-US","@id":"https:\/\/tajkertesz.com\/#\/schema\/logo\/image\/","url":"https:\/\/tajkertesz.com\/wp-content\/uploads\/2018\/02\/logo-2-e1518678052539.png","contentUrl":"https:\/\/tajkertesz.com\/wp-content\/uploads\/2018\/02\/logo-2-e1518678052539.png","width":81,"height":140,"caption":"T\u00e1j-Kert\u00e9sz 84 Kft."},"image":{"@id":"https:\/\/tajkertesz.com\/#\/schema\/logo\/image\/"},"sameAs":["https:\/\/www.facebook.com\/Tajkertesz\/"]}]}},"_links":{"self":[{"href":"https:\/\/tajkertesz.com\/en_US\/wp-json\/wp\/v2\/product\/1606","targetHints":{"allow":["GET"]}}],"collection":[{"href":"https:\/\/tajkertesz.com\/en_US\/wp-json\/wp\/v2\/product"}],"about":[{"href":"https:\/\/tajkertesz.com\/en_US\/wp-json\/wp\/v2\/types\/product"}],"wp:featuredmedia":[{"embeddable":true,"href":"https:\/\/tajkertesz.com\/en_US\/wp-json\/wp\/v2\/media\/1605"}],"wp:attachment":[{"href":"https:\/\/tajkertesz.com\/en_US\/wp-json\/wp\/v2\/media?parent=1606"}],"wp:term":[{"taxonomy":"product_brand","embeddable":true,"href":"https:\/\/tajkertesz.com\/en_US\/wp-json\/wp\/v2\/product_brand?post=1606"},{"taxonomy":"product_cat","embeddable":true,"href":"https:\/\/tajkertesz.com\/en_US\/wp-json\/wp\/v2\/product_cat?post=1606"},{"taxonomy":"product_tag","embeddable":true,"href":"https:\/\/tajkertesz.com\/en_US\/wp-json\/wp\/v2\/product_tag?post=1606"}],"curies":[{"name":"wp","href":"https:\/\/api.w.org\/{rel}","templated":true}]}}