{"id":1607,"date":"2020-03-30T10:01:57","date_gmt":"2020-03-30T10:01:57","guid":{"rendered":"https:\/\/tajkertesz.com\/?post_type=product&#038;p=1607"},"modified":"2023-05-05T07:06:47","modified_gmt":"2023-05-05T07:06:47","slug":"viburnum-pragense-pragai-bangita","status":"publish","type":"product","link":"https:\/\/tajkertesz.com\/en_US\/product\/viburnum-pragense-pragai-bangita\/","title":{"rendered":"Viburnum Pragense , Pr\u00e1gai bangita"},"content":{"rendered":"<p>Viburnum Pragense , Pr\u00e1gai bangita<\/p>\n<p>A Viburnum Pragense , Pr\u00e1gai bangita 2-3 m magas elhajl\u00f3 \u00e1g\u00fa \u00f6r\u00f6kz\u00f6ld cserje.5-10 cm hossz\u00fa elliptikus, f\u00e9nyes s\u00f6t\u00e9tz\u00f6ld level\u0171 , melynek fon\u00e1ka sz\u0151r\u00f6s.<\/p>\n<p>Vir\u00e1ga feh\u00e9r sz\u00edn\u0171 bogerny\u0151ben \u00e1ll\u00f3, m\u00e1jusban ny\u00edl\u00f3.<\/p>\n<p>F\u00e9lsz\u00e1raz, t\u00e1pd\u00fas kerti talajt ig\u00e9nyel. J\u00f3 v\u00e1rost\u0171r\u0151 fajta.<\/p>\n<p>T\u0171z\u0151 napra \u00e9s f\u00e9l\u00e1rny\u00e9kba is \u00fcltethet\u0151.<\/p>\n<p>Kiv\u00e1l\u00f3 szoliter , illetve s\u00f6v\u00e9ny n\u00f6v\u00e9ny.<\/p>\n<p style=\"line-height: 18.0pt; background: white; margin: 0cm 0cm 15.0pt 0cm;\"><span style=\"font-family: 'Ubuntu',serif; color: black;\">El\u00e9rhet\u0151 t\u00f6bbf\u00e9le m\u00e9retben \u00e9s \u00e1rban.<\/span><\/p>\n<p>Jelen term\u00e9k\u00fcnk\u00a0 2 literes cser\u00e9pben\u00a0 Kb: 20 cm magas.<\/p>\n<p style=\"line-height: 18.0pt; background: white; margin: 0cm 0cm 15.0pt 0cm;\"><b><span style=\"font-family: 'Ubuntu',serif; color: black;\">K\u00e9szlet\u00fcnk napi szinten v\u00e1ltozik, ez\u00e9rt k\u00e9rj\u00fck, \u00e9rdekl\u0151dj\u00f6n szem\u00e9lyesen, telefonon vagy email-en.<br \/>\nA v\u00e1ltoztat\u00e1s jog\u00e1t fenntartjuk!\u00a0<\/span><\/b><\/p>\n<p><a href=\"https:\/\/tajkertesz.com\/https:\/\/hu.wikipedia.org\/wiki\/Bangita\">https:\/\/tajkertesz.com\/<\/a><\/p>\n<p><a href=\"https:\/\/hu.wikipedia.org\/wiki\/Bangita\">https:\/\/hu.wikipedia.org\/wiki\/Bangita<\/a><\/p>\n<h6><span style=\"color: #ffffff;\">A Viburnum Pragense , Pr\u00e1gai bangita 2-3 m magas elhajl\u00f3 \u00e1g\u00fa \u00f6r\u00f6kz\u00f6ld cserje.5-10 cm hossz\u00fa elliptikus, f\u00e9nyes s\u00f6t\u00e9tz\u00f6ld level\u0171 , melynek fon\u00e1ka sz\u0151r\u00f6s.<\/span><\/h6>\n<h6><span style=\"color: #ffffff;\">Vir\u00e1ga feh\u00e9r sz\u00edn\u0171 bogerny\u0151ben \u00e1ll\u00f3, m\u00e1jusban ny\u00edl\u00f3.<\/span><\/h6>\n<h6><span style=\"color: #ffffff;\">F\u00e9lsz\u00e1raz, t\u00e1pd\u00fas kerti talajt ig\u00e9nyel. J\u00f3 v\u00e1rost\u0171r\u0151 fajta.<\/span><\/h6>\n<h6><span style=\"color: #ffffff;\">T\u0171z\u0151 napra \u00e9s f\u00e9l\u00e1rny\u00e9kba is \u00fcltethet\u0151.<\/span><\/h6>\n<h6><span style=\"color: #ffffff;\">Kiv\u00e1l\u00f3 szoliter , illetve s\u00f6v\u00e9ny n\u00f6v\u00e9ny.<\/span><\/h6>\n<h6 style=\"line-height: 18.0pt; background: white; margin: 0cm 0cm 15.0pt 0cm;\"><span style=\"font-family: Ubuntu, serif; color: #ffffff;\">El\u00e9rhet\u0151 t\u00f6bbf\u00e9le m\u00e9retben \u00e9s \u00e1rban.<\/span><\/h6>\n<h6 style=\"line-height: 18.0pt; background: white; margin: 0cm 0cm 15.0pt 0cm;\"><span style=\"color: #ffffff;\"><b><span style=\"font-family: Ubuntu, serif;\">K\u00e9szlet\u00fcnk napi szinten v\u00e1ltozik, ez\u00e9rt k\u00e9rj\u00fck, \u00e9rdekl\u0151dj\u00f6n szem\u00e9lyesen, telefonon vagy email-en.<br \/>\nA v\u00e1ltoztat\u00e1s jog\u00e1t fenntartjuk!\u00a0<\/span><\/b><\/span><\/h6>\n<h6><span style=\"color: #ffffff;\"><a style=\"color: #ffffff;\" href=\"https:\/\/tajkertesz.com\/https:\/\/hu.wikipedia.org\/wiki\/Bangita\">https:\/\/tajkertesz.com\/<\/a><\/span><\/h6>\n<p><span id=\"Elterjed\u00e9se\" class=\"mw-headline\" style=\"color: #ffffff;\">Elterjed\u00e9se<\/span><\/p>\n<p><span style=\"color: #ffffff;\"><a style=\"color: #ffffff;\" title=\"Eur\u00f3pa\" href=\"https:\/\/hu.wikipedia.org\/wiki\/Eur%C3%B3pa\">Eur\u00f3p\u00e1ban<\/a>,\u00a0<a style=\"color: #ffffff;\" title=\"\u00c1zsia\" href=\"https:\/\/hu.wikipedia.org\/wiki\/%C3%81zsia\">\u00c1zsi\u00e1ban<\/a>\u00a0\u00e9s\u00a0<a style=\"color: #ffffff;\" title=\"\u00c9szak-Amerika\" href=\"https:\/\/hu.wikipedia.org\/wiki\/%C3%89szak-Amerika\">\u00c9szak-Amerik\u00e1ban<\/a>\u00a0is el\u0151fordul; elterjed\u00e9si ter\u00fclete\u00a0<a style=\"color: #ffffff;\" title=\"D\u00e9l-Amerika\" href=\"https:\/\/hu.wikipedia.org\/wiki\/D%C3%A9l-Amerika\">D\u00e9l-Amerik\u00e1ba<\/a>\u00a0is \u00e1tny\u00falik.<sup id=\"cite_ref-T\u00e9len_vir\u00e1gz\u00f3_bangit\u00e1k_1-0\" class=\"reference\"><a style=\"color: #ffffff;\" href=\"https:\/\/hu.wikipedia.org\/wiki\/Bangita#cite_note-T%C3%A9len_vir%C3%A1gz%C3%B3_bangit%C3%A1k-1\">[1]<\/a><\/sup>\u00a0Legismertebb, Magyarorsz\u00e1gon \u0151shonos fajai:<\/span><\/p>\n<h6><span style=\"color: #ffffff;\"><a style=\"color: #ffffff;\" title=\"K\u00e1nyabangita\" href=\"https:\/\/hu.wikipedia.org\/wiki\/K%C3%A1nyabangita\">k\u00e1nyabangita<\/a>\u00a0(k\u00e1nyafa,\u00a0<i>Viburnum opulus<\/i>); ennek g\u00f6mb\u00f6s vir\u00e1gzat\u00fa v\u00e1ltozata a\u00a0<a class=\"mw-redirect\" style=\"color: #ffffff;\" title=\"Labdar\u00f3zsa\" href=\"https:\/\/hu.wikipedia.org\/wiki\/Labdar%C3%B3zsa\">labdar\u00f3zsa<\/a>;<\/span><\/h6>\n<h6><span style=\"color: #ffffff;\"><a style=\"color: #ffffff;\" title=\"Ostorm\u00e9nfa\" href=\"https:\/\/hu.wikipedia.org\/wiki\/Ostorm%C3%A9nfa\">ostorm\u00e9nfa<\/a>\u00a0(ostorm\u00e9nbangita,\u00a0<i>Viburnum lantana<\/i>)\u00a0<a style=\"color: #ffffff;\" title=\"Karsztbokorerd\u0151\" href=\"https:\/\/hu.wikipedia.org\/wiki\/Karsztbokorerd%C5%91\">karsztbokorerd\u0151kben<\/a>,\u00a0<a class=\"mw-redirect\" style=\"color: #ffffff;\" title=\"Gyerty\u00e1nos t\u00f6lgyes\" href=\"https:\/\/hu.wikipedia.org\/wiki\/Gyerty%C3%A1nos_t%C3%B6lgyes\">gyerty\u00e1nos t\u00f6lgyesekben<\/a>,\u00a0<a class=\"new\" style=\"color: #ffffff;\" title=\"Cseres t\u00f6lgyes (a lap nem l\u00e9tezik)\" href=\"https:\/\/hu.wikipedia.org\/w\/index.php?title=Cseres_t%C3%B6lgyes&amp;action=edit&amp;redlink=1\">cseres t\u00f6lgyesekben<\/a>\u00a0n\u0151.<\/span><\/h6>\n<p><span style=\"color: #ffffff;\"><span id=\"Megjelen.C3.A9se.2C_fel.C3.A9p.C3.ADt.C3.A9se\"><\/span><span id=\"Megjelen\u00e9se,_fel\u00e9p\u00edt\u00e9se\" class=\"mw-headline\">Megjelen\u00e9se, fel\u00e9p\u00edt\u00e9se<\/span><\/span><\/p>\n<h6><span style=\"color: #ffffff;\">Fajai lehetnek lombhullat\u00f3k vagy \u00f6r\u00f6kz\u00f6ldek, f\u00e1k, illetve cserj\u00e9k.<\/span><\/h6>\n<h6><span style=\"color: #ffffff;\">\u00c1tellenesen \u00e1ll\u00f3 levelei \u00e9p sz\u00e9l\u0171ek, fogazottak vagy kar\u00e9josak. Apr\u00f3, feh\u00e9r vagy r\u00f3zsasz\u00edn\u0171, h\u00edmn\u0151s vir\u00e1gai\u00a0<a class=\"new\" style=\"color: #ffffff;\" title=\"\u00c1lerny\u0151 (a lap nem l\u00e9tezik)\" href=\"https:\/\/hu.wikipedia.org\/w\/index.php?title=%C3%81lerny%C5%91&amp;action=edit&amp;redlink=1\">\u00e1lerny\u0151ben<\/a>\u00a0\u00e1llnak.\u00a0<a class=\"mw-redirect\" style=\"color: #ffffff;\" title=\"Csonth\u00e9jas\" href=\"https:\/\/hu.wikipedia.org\/wiki\/Csonth%C3%A9jas\">Csonth\u00e9jas<\/a>, lap\u00edtott term\u00e9se bogy\u00f3szer\u0171.<\/span><\/h6>\n<h6><\/h6>\n","protected":false},"excerpt":{"rendered":"<p>A Viburnum Pragense , Pr\u00e1gai bangita 2-3 m magas elhajl\u00f3 \u00e1g\u00fa \u00f6r\u00f6kz\u00f6ld cserje.5-10 cm hossz\u00fa elliptikus, f\u00e9nyes s\u00f6t\u00e9tz\u00f6ld level\u0171 , melynek fon\u00e1ka sz\u0151r\u00f6s.<\/p>\n<p>Vir\u00e1ga feh\u00e9r sz\u00edn\u0171 bogerny\u0151ben \u00e1ll\u00f3, m\u00e1jusban ny\u00edl\u00f3.<\/p>\n<p>F\u00e9lsz\u00e1raz, t\u00e1pd\u00fas kerti talajt ig\u00e9nyel. J\u00f3 v\u00e1rost\u0171r\u0151 fajta.<\/p>\n<p>T\u0171z\u0151 napra \u00e9s f\u00e9l\u00e1rny\u00e9kba is \u00fcltethet\u0151.<\/p>\n<p>Kiv\u00e1l\u00f3 szoliter , illetve s\u00f6v\u00e9ny n\u00f6v\u00e9ny.<\/p>\n<p>&nbsp;<\/p>","protected":false},"featured_media":1608,"template":"","meta":{"_et_pb_use_builder":"","_et_pb_old_content":"","_et_gb_content_width":""},"product_brand":[],"product_cat":[27],"product_tag":[423,422],"class_list":{"0":"post-1607","1":"product","2":"type-product","3":"status-publish","4":"has-post-thumbnail","6":"product_cat-cserjek","7":"product_tag-pragai-bangita","8":"product_tag-viburnum-pragense","10":"first","11":"outofstock","12":"shipping-taxable","13":"product-type-simple"},"yoast_head":"<!-- This site is optimized with the Yoast SEO plugin v27.5 - https:\/\/yoast.com\/product\/yoast-seo-wordpress\/ -->\n<title>Viburnum Pragense , Pr\u00e1gai bangita - T\u00e1jkert\u00e9sz<\/title>\n<meta name=\"description\" content=\"A Viburnum Pragense , Pr\u00e1gai bangita 2-3 m magas elhajl\u00f3 \u00e1g\u00fa \u00f6r\u00f6kz\u00f6ld cserje.5-10 cm hossz\u00fa elliptikus, f\u00e9nyes s\u00f6t\u00e9tz\u00f6ld level\u0171 , melynek fon\u00e1ka sz\u0151r\u00f6s.\" \/>\n<meta name=\"robots\" content=\"index, follow, max-snippet:-1, max-image-preview:large, max-video-preview:-1\" \/>\n<link rel=\"canonical\" href=\"https:\/\/tajkertesz.com\/en_US\/product\/viburnum-pragense-pragai-bangita\/\" \/>\n<meta property=\"og:locale\" content=\"en_US\" \/>\n<meta property=\"og:type\" content=\"article\" \/>\n<meta property=\"og:title\" content=\"Viburnum Pragense , Pr\u00e1gai bangita - T\u00e1jkert\u00e9sz\" \/>\n<meta property=\"og:description\" content=\"A Viburnum Pragense , Pr\u00e1gai bangita 2-3 m magas elhajl\u00f3 \u00e1g\u00fa \u00f6r\u00f6kz\u00f6ld cserje.5-10 cm hossz\u00fa elliptikus, f\u00e9nyes s\u00f6t\u00e9tz\u00f6ld level\u0171 , melynek fon\u00e1ka sz\u0151r\u00f6s.\" \/>\n<meta property=\"og:url\" content=\"https:\/\/tajkertesz.com\/en_US\/product\/viburnum-pragense-pragai-bangita\/\" \/>\n<meta property=\"og:site_name\" content=\"T\u00e1jkert\u00e9sz\" \/>\n<meta property=\"article:publisher\" content=\"https:\/\/www.facebook.com\/Tajkertesz\/\" \/>\n<meta property=\"article:modified_time\" content=\"2023-05-05T07:06:47+00:00\" \/>\n<meta property=\"og:image\" content=\"https:\/\/tajkertesz.com\/wp-content\/uploads\/2020\/03\/pr\u00e1gai-bangita.jpg\" \/>\n\t<meta property=\"og:image:width\" content=\"564\" \/>\n\t<meta property=\"og:image:height\" content=\"423\" \/>\n\t<meta property=\"og:image:type\" content=\"image\/jpeg\" \/>\n<meta name=\"twitter:card\" content=\"summary_large_image\" \/>\n<meta name=\"twitter:label1\" content=\"Est. reading time\" \/>\n\t<meta name=\"twitter:data1\" content=\"2 minutes\" \/>\n<script type=\"application\/ld+json\" class=\"yoast-schema-graph\">{\"@context\":\"https:\\\/\\\/schema.org\",\"@graph\":[{\"@type\":\"WebPage\",\"@id\":\"https:\\\/\\\/tajkertesz.com\\\/termek\\\/viburnum-pragense-pragai-bangita\\\/\",\"url\":\"https:\\\/\\\/tajkertesz.com\\\/termek\\\/viburnum-pragense-pragai-bangita\\\/\",\"name\":\"Viburnum Pragense , Pr\u00e1gai bangita - T\u00e1jkert\u00e9sz\",\"isPartOf\":{\"@id\":\"https:\\\/\\\/tajkertesz.com\\\/#website\"},\"primaryImageOfPage\":{\"@id\":\"https:\\\/\\\/tajkertesz.com\\\/termek\\\/viburnum-pragense-pragai-bangita\\\/#primaryimage\"},\"image\":{\"@id\":\"https:\\\/\\\/tajkertesz.com\\\/termek\\\/viburnum-pragense-pragai-bangita\\\/#primaryimage\"},\"thumbnailUrl\":\"https:\\\/\\\/tajkertesz.com\\\/wp-content\\\/uploads\\\/2020\\\/03\\\/pr\u00e1gai-bangita.jpg\",\"datePublished\":\"2020-03-30T10:01:57+00:00\",\"dateModified\":\"2023-05-05T07:06:47+00:00\",\"description\":\"A Viburnum Pragense , Pr\u00e1gai bangita 2-3 m magas elhajl\u00f3 \u00e1g\u00fa \u00f6r\u00f6kz\u00f6ld cserje.5-10 cm hossz\u00fa elliptikus, f\u00e9nyes s\u00f6t\u00e9tz\u00f6ld level\u0171 , melynek fon\u00e1ka sz\u0151r\u00f6s.\",\"breadcrumb\":{\"@id\":\"https:\\\/\\\/tajkertesz.com\\\/termek\\\/viburnum-pragense-pragai-bangita\\\/#breadcrumb\"},\"inLanguage\":\"en-US\",\"potentialAction\":[{\"@type\":\"ReadAction\",\"target\":[\"https:\\\/\\\/tajkertesz.com\\\/termek\\\/viburnum-pragense-pragai-bangita\\\/\"]}]},{\"@type\":\"ImageObject\",\"inLanguage\":\"en-US\",\"@id\":\"https:\\\/\\\/tajkertesz.com\\\/termek\\\/viburnum-pragense-pragai-bangita\\\/#primaryimage\",\"url\":\"https:\\\/\\\/tajkertesz.com\\\/wp-content\\\/uploads\\\/2020\\\/03\\\/pr\u00e1gai-bangita.jpg\",\"contentUrl\":\"https:\\\/\\\/tajkertesz.com\\\/wp-content\\\/uploads\\\/2020\\\/03\\\/pr\u00e1gai-bangita.jpg\",\"width\":564,\"height\":423},{\"@type\":\"BreadcrumbList\",\"@id\":\"https:\\\/\\\/tajkertesz.com\\\/termek\\\/viburnum-pragense-pragai-bangita\\\/#breadcrumb\",\"itemListElement\":[{\"@type\":\"ListItem\",\"position\":1,\"name\":\"Home\",\"item\":\"https:\\\/\\\/tajkertesz.com\\\/\"},{\"@type\":\"ListItem\",\"position\":2,\"name\":\"Kezd\u0151lap\",\"item\":\"https:\\\/\\\/tajkertesz.com\\\/\"},{\"@type\":\"ListItem\",\"position\":3,\"name\":\"Viburnum Pragense , Pr\u00e1gai bangita\"}]},{\"@type\":\"WebSite\",\"@id\":\"https:\\\/\\\/tajkertesz.com\\\/#website\",\"url\":\"https:\\\/\\\/tajkertesz.com\\\/\",\"name\":\"T\u00e1j-Kert\u00e9sz 84 Kft.\",\"description\":\"Kert\u00e9szeti kis- \u00e9s nagykeresked\u00e9s, D\u00edszn\u00f6v\u00e9ny web\u00e1ruh\u00e1z orsz\u00e1gos h\u00e1zhozsz\u00e1ll\u00edt\u00e1ssal!\",\"publisher\":{\"@id\":\"https:\\\/\\\/tajkertesz.com\\\/#organization\"},\"potentialAction\":[{\"@type\":\"SearchAction\",\"target\":{\"@type\":\"EntryPoint\",\"urlTemplate\":\"https:\\\/\\\/tajkertesz.com\\\/?s={search_term_string}\"},\"query-input\":{\"@type\":\"PropertyValueSpecification\",\"valueRequired\":true,\"valueName\":\"search_term_string\"}}],\"inLanguage\":\"en-US\"},{\"@type\":\"Organization\",\"@id\":\"https:\\\/\\\/tajkertesz.com\\\/#organization\",\"name\":\"T\u00e1j-Kert\u00e9sz 84 Kft.\",\"url\":\"https:\\\/\\\/tajkertesz.com\\\/\",\"logo\":{\"@type\":\"ImageObject\",\"inLanguage\":\"en-US\",\"@id\":\"https:\\\/\\\/tajkertesz.com\\\/#\\\/schema\\\/logo\\\/image\\\/\",\"url\":\"https:\\\/\\\/tajkertesz.com\\\/wp-content\\\/uploads\\\/2018\\\/02\\\/logo-2-e1518678052539.png\",\"contentUrl\":\"https:\\\/\\\/tajkertesz.com\\\/wp-content\\\/uploads\\\/2018\\\/02\\\/logo-2-e1518678052539.png\",\"width\":81,\"height\":140,\"caption\":\"T\u00e1j-Kert\u00e9sz 84 Kft.\"},\"image\":{\"@id\":\"https:\\\/\\\/tajkertesz.com\\\/#\\\/schema\\\/logo\\\/image\\\/\"},\"sameAs\":[\"https:\\\/\\\/www.facebook.com\\\/Tajkertesz\\\/\"]}]}<\/script>\n<!-- \/ Yoast SEO plugin. -->","yoast_head_json":{"title":"Viburnum Pragense , Pr\u00e1gai bangita - T\u00e1jkert\u00e9sz","description":"A Viburnum Pragense , Pr\u00e1gai bangita 2-3 m magas elhajl\u00f3 \u00e1g\u00fa \u00f6r\u00f6kz\u00f6ld cserje.5-10 cm hossz\u00fa elliptikus, f\u00e9nyes s\u00f6t\u00e9tz\u00f6ld level\u0171 , melynek fon\u00e1ka sz\u0151r\u00f6s.","robots":{"index":"index","follow":"follow","max-snippet":"max-snippet:-1","max-image-preview":"max-image-preview:large","max-video-preview":"max-video-preview:-1"},"canonical":"https:\/\/tajkertesz.com\/en_US\/product\/viburnum-pragense-pragai-bangita\/","og_locale":"en_US","og_type":"article","og_title":"Viburnum Pragense , Pr\u00e1gai bangita - T\u00e1jkert\u00e9sz","og_description":"A Viburnum Pragense , Pr\u00e1gai bangita 2-3 m magas elhajl\u00f3 \u00e1g\u00fa \u00f6r\u00f6kz\u00f6ld cserje.5-10 cm hossz\u00fa elliptikus, f\u00e9nyes s\u00f6t\u00e9tz\u00f6ld level\u0171 , melynek fon\u00e1ka sz\u0151r\u00f6s.","og_url":"https:\/\/tajkertesz.com\/en_US\/product\/viburnum-pragense-pragai-bangita\/","og_site_name":"T\u00e1jkert\u00e9sz","article_publisher":"https:\/\/www.facebook.com\/Tajkertesz\/","article_modified_time":"2023-05-05T07:06:47+00:00","og_image":[{"width":564,"height":423,"url":"https:\/\/tajkertesz.com\/wp-content\/uploads\/2020\/03\/pr\u00e1gai-bangita.jpg","type":"image\/jpeg"}],"twitter_card":"summary_large_image","twitter_misc":{"Est. reading time":"2 minutes"},"schema":{"@context":"https:\/\/schema.org","@graph":[{"@type":"WebPage","@id":"https:\/\/tajkertesz.com\/termek\/viburnum-pragense-pragai-bangita\/","url":"https:\/\/tajkertesz.com\/termek\/viburnum-pragense-pragai-bangita\/","name":"Viburnum Pragense , Pr\u00e1gai bangita - T\u00e1jkert\u00e9sz","isPartOf":{"@id":"https:\/\/tajkertesz.com\/#website"},"primaryImageOfPage":{"@id":"https:\/\/tajkertesz.com\/termek\/viburnum-pragense-pragai-bangita\/#primaryimage"},"image":{"@id":"https:\/\/tajkertesz.com\/termek\/viburnum-pragense-pragai-bangita\/#primaryimage"},"thumbnailUrl":"https:\/\/tajkertesz.com\/wp-content\/uploads\/2020\/03\/pr\u00e1gai-bangita.jpg","datePublished":"2020-03-30T10:01:57+00:00","dateModified":"2023-05-05T07:06:47+00:00","description":"A Viburnum Pragense , Pr\u00e1gai bangita 2-3 m magas elhajl\u00f3 \u00e1g\u00fa \u00f6r\u00f6kz\u00f6ld cserje.5-10 cm hossz\u00fa elliptikus, f\u00e9nyes s\u00f6t\u00e9tz\u00f6ld level\u0171 , melynek fon\u00e1ka sz\u0151r\u00f6s.","breadcrumb":{"@id":"https:\/\/tajkertesz.com\/termek\/viburnum-pragense-pragai-bangita\/#breadcrumb"},"inLanguage":"en-US","potentialAction":[{"@type":"ReadAction","target":["https:\/\/tajkertesz.com\/termek\/viburnum-pragense-pragai-bangita\/"]}]},{"@type":"ImageObject","inLanguage":"en-US","@id":"https:\/\/tajkertesz.com\/termek\/viburnum-pragense-pragai-bangita\/#primaryimage","url":"https:\/\/tajkertesz.com\/wp-content\/uploads\/2020\/03\/pr\u00e1gai-bangita.jpg","contentUrl":"https:\/\/tajkertesz.com\/wp-content\/uploads\/2020\/03\/pr\u00e1gai-bangita.jpg","width":564,"height":423},{"@type":"BreadcrumbList","@id":"https:\/\/tajkertesz.com\/termek\/viburnum-pragense-pragai-bangita\/#breadcrumb","itemListElement":[{"@type":"ListItem","position":1,"name":"Home","item":"https:\/\/tajkertesz.com\/"},{"@type":"ListItem","position":2,"name":"Kezd\u0151lap","item":"https:\/\/tajkertesz.com\/"},{"@type":"ListItem","position":3,"name":"Viburnum Pragense , Pr\u00e1gai bangita"}]},{"@type":"WebSite","@id":"https:\/\/tajkertesz.com\/#website","url":"https:\/\/tajkertesz.com\/","name":"T\u00e1j-Kert\u00e9sz 84 Kft.","description":"Kert\u00e9szeti kis- \u00e9s nagykeresked\u00e9s, D\u00edszn\u00f6v\u00e9ny web\u00e1ruh\u00e1z orsz\u00e1gos h\u00e1zhozsz\u00e1ll\u00edt\u00e1ssal!","publisher":{"@id":"https:\/\/tajkertesz.com\/#organization"},"potentialAction":[{"@type":"SearchAction","target":{"@type":"EntryPoint","urlTemplate":"https:\/\/tajkertesz.com\/?s={search_term_string}"},"query-input":{"@type":"PropertyValueSpecification","valueRequired":true,"valueName":"search_term_string"}}],"inLanguage":"en-US"},{"@type":"Organization","@id":"https:\/\/tajkertesz.com\/#organization","name":"T\u00e1j-Kert\u00e9sz 84 Kft.","url":"https:\/\/tajkertesz.com\/","logo":{"@type":"ImageObject","inLanguage":"en-US","@id":"https:\/\/tajkertesz.com\/#\/schema\/logo\/image\/","url":"https:\/\/tajkertesz.com\/wp-content\/uploads\/2018\/02\/logo-2-e1518678052539.png","contentUrl":"https:\/\/tajkertesz.com\/wp-content\/uploads\/2018\/02\/logo-2-e1518678052539.png","width":81,"height":140,"caption":"T\u00e1j-Kert\u00e9sz 84 Kft."},"image":{"@id":"https:\/\/tajkertesz.com\/#\/schema\/logo\/image\/"},"sameAs":["https:\/\/www.facebook.com\/Tajkertesz\/"]}]}},"_links":{"self":[{"href":"https:\/\/tajkertesz.com\/en_US\/wp-json\/wp\/v2\/product\/1607","targetHints":{"allow":["GET"]}}],"collection":[{"href":"https:\/\/tajkertesz.com\/en_US\/wp-json\/wp\/v2\/product"}],"about":[{"href":"https:\/\/tajkertesz.com\/en_US\/wp-json\/wp\/v2\/types\/product"}],"wp:featuredmedia":[{"embeddable":true,"href":"https:\/\/tajkertesz.com\/en_US\/wp-json\/wp\/v2\/media\/1608"}],"wp:attachment":[{"href":"https:\/\/tajkertesz.com\/en_US\/wp-json\/wp\/v2\/media?parent=1607"}],"wp:term":[{"taxonomy":"product_brand","embeddable":true,"href":"https:\/\/tajkertesz.com\/en_US\/wp-json\/wp\/v2\/product_brand?post=1607"},{"taxonomy":"product_cat","embeddable":true,"href":"https:\/\/tajkertesz.com\/en_US\/wp-json\/wp\/v2\/product_cat?post=1607"},{"taxonomy":"product_tag","embeddable":true,"href":"https:\/\/tajkertesz.com\/en_US\/wp-json\/wp\/v2\/product_tag?post=1607"}],"curies":[{"name":"wp","href":"https:\/\/api.w.org\/{rel}","templated":true}]}}