{"id":16128,"date":"2023-07-24T08:34:35","date_gmt":"2023-07-24T08:34:35","guid":{"rendered":"https:\/\/tajkertesz.com\/?post_type=product&#038;p=16128"},"modified":"2026-02-24T11:57:26","modified_gmt":"2026-02-24T11:57:26","slug":"bambusz-novenyletra-echelle-bamboo-150-x-40-cm","status":"publish","type":"product","link":"https:\/\/tajkertesz.com\/en_US\/product\/bambusz-novenyletra-echelle-bamboo-150-x-40-cm\/","title":{"rendered":"Bambusz n\u00f6v\u00e9nyl\u00e9tra -ECHELLE BAMBOO 150 x 40 cm"},"content":{"rendered":"<p>Bambusz n\u00f6v\u00e9nyl\u00e9tra-ECHELLE BAMBOO 150 x 40 cm<\/p>\n<p>A Bambusz n\u00f6v\u00e9nyl\u00e9tra megfelel\u0151 t\u00e1maszt\u00e1st biztos\u00edt a n\u00f6v\u00e9nyeknek, hogy sz\u00e9pen \u00e9s rendezetten n\u00f6vekedjenek. K\u00f6nny\u0171 \u00e9s tart\u00f3s anyagb\u00f3l k\u00e9sz\u00fclt. Emellett eleg\u00e1ns \u00e9s eszt\u00e9tikus kieg\u00e9sz\u00edt\u0151k lehetnek a kertekben, teraszokon vagy ak\u00e1r a bels\u0151 terekben is.<\/p>\n<p>&#8211; Er\u0151s \u00e9s tart\u00f3s anyaga ellen\u00e1ll a nedvess\u00e9gnek \u00e9s a k\u00fcl\u00f6nf\u00e9le id\u0151j\u00e1r\u00e1si k\u00f6r\u00fclm\u00e9nyeknek.<br \/>\n&#8211; A bambusz k\u00f6rnyezetbar\u00e1t anyag, mivel gyorsan n\u00f6vekszik \u00e9s term\u00e9szetesen \u00fajratermel\u0151dik. A bambusztermeszt\u00e9s kev\u00e9sb\u00e9 terheli a k\u00f6rnyezetet, mint p\u00e9ld\u00e1ul a fa\u00fcltetv\u00e9nyek, \u00edgy a bambuszn\u00f6v\u00e9nyl\u00e9tra seg\u00edt a fenntarthat\u00f3s\u00e1g \u00e9s az \u00f6kol\u00f3giai l\u00e1bnyom cs\u00f6kkent\u00e9se ter\u00e9n is.<br \/>\n&#8211; K\u00f6nny\u0171 s\u00faly\u00e1nak k\u00f6sz\u00f6nhet\u0151en egyszer\u0171en mozgathat\u00f3k \u00e9s hordozhat\u00f3k.<br \/>\n&#8211; A bambuszb\u00f3l k\u00e9sz\u00fclt n\u00f6v\u00e9nyl\u00e9tr\u00e1k st\u00edlusos \u00e9s eleg\u00e1ns kieg\u00e9sz\u00edt\u0151k lehetnek a kertekben, teraszokon vagy ak\u00e1r a bels\u0151 t\u00e9rben is.<br \/>\n&#8211; A k\u00fcl\u00f6nb\u00f6z\u0151 magass\u00e1g\u00fa l\u00e9tr\u00e1k lehet\u0151v\u00e9 teszik a n\u00f6v\u00e9nyek optim\u00e1lis n\u00f6veked\u00e9s\u00e9t \u00e9s rendezett megjelen\u00e9s\u00e9t.<\/p>\n<p>&#8211; Anyaga: bambusz<br \/>\n&#8211; Sz\u00edne: term\u00e9szetes barna<br \/>\n&#8211; F\u00fcgg\u0151leges bambuszok \u00e1tm\u00e9r\u0151je: 10-16 mm<br \/>\n&#8211; V\u00edzszintes bambuszok \u00e1tm\u00e9r\u0151je: 7-10 mm<\/p>\n<p>El\u00e9rhet\u0151 t\u00f6bbf\u00e9le m\u00e9retben \u00e9s \u00e1rban.<br \/>\n&#8211; El\u00e9rhet\u0151 m\u00e9retek:<\/p>\n<p>60 x 20 cm;<\/p>\n<p>90 x 25 cm;<\/p>\n<p>120 x 30 cm;<\/p>\n<p>150 x 40 cm<\/p>\n<p>&nbsp;<\/p>\n<p><strong>K\u00e9szlet\u00fcnk napi szinten v\u00e1ltozik, ez\u00e9rt k\u00e9rj\u00fck, \u00e9rdekl\u0151dj\u00f6n szem\u00e9lyesen, telefonon vagy email-en.<br \/>\nA v\u00e1ltoztat\u00e1s jog\u00e1t fenntartjuk!\u00a0<\/strong><\/p>\n<p>&nbsp;<\/p>\n<p><a href=\"https:\/\/tajkertesz.com\/\">https:\/\/tajkertesz.com\/<\/a><\/p>\n<p><a href=\"https:\/\/www.facebook.com\/tajkertesz\/\">https:\/\/www.facebook.com\/tajkertesz\/<\/a><\/p>\n<p>Kisz\u00e1ll\u00edt\u00e1s: 200cm-ig \u00a0\u00e9s 40 kg-ig a sz\u00e1ll\u00edt\u00e1s fut\u00e1rszolg\u00e1lattal \u00a0t\u00f6rt\u00e9nik.<\/p>\n<p>&nbsp;<\/p>\n<h6>\u00a0<span style=\"color: #ffffff;\">A Bambusz n\u00f6v\u00e9nyl\u00e9tra megfelel\u0151 t\u00e1maszt\u00e1st biztos\u00edt a n\u00f6v\u00e9nyeknek, hogy sz\u00e9pen \u00e9s rendezetten n\u00f6vekedjenek. K\u00f6nny\u0171 \u00e9s tart\u00f3s anyagb\u00f3l k\u00e9sz\u00fclt. Emellett eleg\u00e1ns \u00e9s eszt\u00e9tikus kieg\u00e9sz\u00edt\u0151k lehetnek a kertekben, teraszokon vagy ak\u00e1r a bels\u0151 terekben is. \u00a0Er\u0151s \u00e9s tart\u00f3s anyaga ellen\u00e1ll a nedvess\u00e9gnek \u00e9s a k\u00fcl\u00f6nf\u00e9le id\u0151j\u00e1r\u00e1si k\u00f6r\u00fclm\u00e9nyeknek.- A bambusz k\u00f6rnyezetbar\u00e1t anyag, mivel gyorsan n\u00f6vekszik \u00e9s term\u00e9szetesen \u00fajratermel\u0151dik. A bambusztermeszt\u00e9s kev\u00e9sb\u00e9 terheli a k\u00f6rnyezetet, mint p\u00e9ld\u00e1ul a fa\u00fcltetv\u00e9nyek, \u00edgy a bambuszn\u00f6v\u00e9nyl\u00e9tra seg\u00edt a fenntarthat\u00f3s\u00e1g \u00e9s az \u00f6kol\u00f3giai l\u00e1bnyom cs\u00f6kkent\u00e9se ter\u00e9n is.- K\u00f6nny\u0171 s\u00faly\u00e1nak k\u00f6sz\u00f6nhet\u0151en egyszer\u0171en mozgathat\u00f3k \u00e9s hordozhat\u00f3k.- A bambuszb\u00f3l k\u00e9sz\u00fclt n\u00f6v\u00e9nyl\u00e9tr\u00e1k st\u00edlusos \u00e9s eleg\u00e1ns kieg\u00e9sz\u00edt\u0151k lehetnek a kertekben, teraszokon vagy ak\u00e1r a bels\u0151 t\u00e9rben is.- A k\u00fcl\u00f6nb\u00f6z\u0151 magass\u00e1g\u00fa l\u00e9tr\u00e1k lehet\u0151v\u00e9 teszik a n\u00f6v\u00e9nyek optim\u00e1lis n\u00f6veked\u00e9s\u00e9t \u00e9s rendezett megjelen\u00e9s\u00e9t.<\/span><\/h6>\n<p>&nbsp;<\/p>","protected":false},"excerpt":{"rendered":"<p>A Bambusz n\u00f6v\u00e9nyl\u00e9tra- ECHELLE BAMBOO 150 x 40 cm megfelel\u0151 t\u00e1maszt\u00e1st biztos\u00edt a n\u00f6v\u00e9nyeknek, hogy sz\u00e9pen \u00e9s rendezetten n\u00f6vekedjenek. K\u00f6nny\u0171 \u00e9s tart\u00f3s anyagb\u00f3l k\u00e9sz\u00fclt. Emellett eleg\u00e1ns \u00e9s eszt\u00e9tikus kieg\u00e9sz\u00edt\u0151k lehetnek a kertekben, teraszokon vagy ak\u00e1r a bels\u0151 terekben is.<\/p>\n<p>&#8211; Er\u0151s \u00e9s tart\u00f3s anyaga ellen\u00e1ll a nedvess\u00e9gnek \u00e9s a k\u00fcl\u00f6nf\u00e9le id\u0151j\u00e1r\u00e1si k\u00f6r\u00fclm\u00e9nyeknek.<br \/>\n&#8211; A bambusz k\u00f6rnyezetbar\u00e1t anyag, mivel gyorsan n\u00f6vekszik \u00e9s term\u00e9szetesen \u00fajratermel\u0151dik. A bambusztermeszt\u00e9s kev\u00e9sb\u00e9 terheli a k\u00f6rnyezetet, mint p\u00e9ld\u00e1ul a fa\u00fcltetv\u00e9nyek, \u00edgy a bambuszn\u00f6v\u00e9nyl\u00e9tra seg\u00edt a fenntarthat\u00f3s\u00e1g \u00e9s az \u00f6kol\u00f3giai l\u00e1bnyom cs\u00f6kkent\u00e9se ter\u00e9n is.<\/p>","protected":false},"featured_media":16126,"template":"","meta":{"_et_pb_use_builder":"","_et_pb_old_content":"","_et_gb_content_width":""},"product_brand":[],"product_cat":[3785],"product_tag":[3841,531,4241,4240],"class_list":{"0":"post-16128","1":"product","2":"type-product","3":"status-publish","4":"has-post-thumbnail","6":"product_cat-uj-termekek","7":"product_tag-bamboo","8":"product_tag-bambusz","9":"product_tag-echelle","10":"product_tag-novenyletra","12":"first","13":"instock","14":"shipping-taxable","15":"purchasable","16":"product-type-simple"},"yoast_head":"<!-- This site is optimized with the Yoast SEO plugin v27.5 - https:\/\/yoast.com\/product\/yoast-seo-wordpress\/ -->\n<title>Bambusz n\u00f6v\u00e9nyl\u00e9tra -ECHELLE BAMBOO 150 x 40 cm - T\u00e1jkert\u00e9sz<\/title>\n<meta name=\"description\" content=\"\u00a0A Bambusz n\u00f6v\u00e9nyl\u00e9tra megfelel\u0151 t\u00e1maszt\u00e1st biztos\u00edt a n\u00f6v\u00e9nyeknek, hogy sz\u00e9pen \u00e9s rendezetten n\u00f6vekedjenek. K\u00f6nny\u0171 \u00e9s tart\u00f3s anyagb\u00f3l k\u00e9sz\u00fclt.\" \/>\n<meta name=\"robots\" content=\"index, follow, max-snippet:-1, max-image-preview:large, max-video-preview:-1\" \/>\n<link rel=\"canonical\" href=\"https:\/\/tajkertesz.com\/en_US\/product\/bambusz-novenyletra-echelle-bamboo-150-x-40-cm\/\" \/>\n<meta property=\"og:locale\" content=\"en_US\" \/>\n<meta property=\"og:type\" content=\"article\" \/>\n<meta property=\"og:title\" content=\"Bambusz n\u00f6v\u00e9nyl\u00e9tra -ECHELLE BAMBOO 150 x 40 cm - T\u00e1jkert\u00e9sz\" \/>\n<meta property=\"og:description\" content=\"\u00a0A Bambusz n\u00f6v\u00e9nyl\u00e9tra megfelel\u0151 t\u00e1maszt\u00e1st biztos\u00edt a n\u00f6v\u00e9nyeknek, hogy sz\u00e9pen \u00e9s rendezetten n\u00f6vekedjenek. K\u00f6nny\u0171 \u00e9s tart\u00f3s anyagb\u00f3l k\u00e9sz\u00fclt.\" \/>\n<meta property=\"og:url\" content=\"https:\/\/tajkertesz.com\/en_US\/product\/bambusz-novenyletra-echelle-bamboo-150-x-40-cm\/\" \/>\n<meta property=\"og:site_name\" content=\"T\u00e1jkert\u00e9sz\" \/>\n<meta property=\"article:publisher\" content=\"https:\/\/www.facebook.com\/Tajkertesz\/\" \/>\n<meta property=\"article:modified_time\" content=\"2026-02-24T11:57:26+00:00\" \/>\n<meta property=\"og:image\" content=\"https:\/\/tajkertesz.com\/wp-content\/uploads\/2023\/07\/bambusz-letra.jpg2_-scaled.jpg\" \/>\n\t<meta property=\"og:image:width\" content=\"1707\" \/>\n\t<meta property=\"og:image:height\" content=\"2560\" \/>\n\t<meta property=\"og:image:type\" content=\"image\/jpeg\" \/>\n<meta name=\"twitter:card\" content=\"summary_large_image\" \/>\n<meta name=\"twitter:label1\" content=\"Est. reading time\" \/>\n\t<meta name=\"twitter:data1\" content=\"2 minutes\" \/>\n<script type=\"application\/ld+json\" class=\"yoast-schema-graph\">{\"@context\":\"https:\\\/\\\/schema.org\",\"@graph\":[{\"@type\":\"WebPage\",\"@id\":\"https:\\\/\\\/tajkertesz.com\\\/termek\\\/bambusz-novenyletra-echelle-bamboo-150-x-40-cm\\\/\",\"url\":\"https:\\\/\\\/tajkertesz.com\\\/termek\\\/bambusz-novenyletra-echelle-bamboo-150-x-40-cm\\\/\",\"name\":\"Bambusz n\u00f6v\u00e9nyl\u00e9tra -ECHELLE BAMBOO 150 x 40 cm - T\u00e1jkert\u00e9sz\",\"isPartOf\":{\"@id\":\"https:\\\/\\\/tajkertesz.com\\\/#website\"},\"primaryImageOfPage\":{\"@id\":\"https:\\\/\\\/tajkertesz.com\\\/termek\\\/bambusz-novenyletra-echelle-bamboo-150-x-40-cm\\\/#primaryimage\"},\"image\":{\"@id\":\"https:\\\/\\\/tajkertesz.com\\\/termek\\\/bambusz-novenyletra-echelle-bamboo-150-x-40-cm\\\/#primaryimage\"},\"thumbnailUrl\":\"https:\\\/\\\/tajkertesz.com\\\/wp-content\\\/uploads\\\/2023\\\/07\\\/bambusz-letra.jpg2_-scaled.jpg\",\"datePublished\":\"2023-07-24T08:34:35+00:00\",\"dateModified\":\"2026-02-24T11:57:26+00:00\",\"description\":\"\u00a0A Bambusz n\u00f6v\u00e9nyl\u00e9tra megfelel\u0151 t\u00e1maszt\u00e1st biztos\u00edt a n\u00f6v\u00e9nyeknek, hogy sz\u00e9pen \u00e9s rendezetten n\u00f6vekedjenek. K\u00f6nny\u0171 \u00e9s tart\u00f3s anyagb\u00f3l k\u00e9sz\u00fclt.\",\"breadcrumb\":{\"@id\":\"https:\\\/\\\/tajkertesz.com\\\/termek\\\/bambusz-novenyletra-echelle-bamboo-150-x-40-cm\\\/#breadcrumb\"},\"inLanguage\":\"en-US\",\"potentialAction\":[{\"@type\":\"ReadAction\",\"target\":[\"https:\\\/\\\/tajkertesz.com\\\/termek\\\/bambusz-novenyletra-echelle-bamboo-150-x-40-cm\\\/\"]}]},{\"@type\":\"ImageObject\",\"inLanguage\":\"en-US\",\"@id\":\"https:\\\/\\\/tajkertesz.com\\\/termek\\\/bambusz-novenyletra-echelle-bamboo-150-x-40-cm\\\/#primaryimage\",\"url\":\"https:\\\/\\\/tajkertesz.com\\\/wp-content\\\/uploads\\\/2023\\\/07\\\/bambusz-letra.jpg2_-scaled.jpg\",\"contentUrl\":\"https:\\\/\\\/tajkertesz.com\\\/wp-content\\\/uploads\\\/2023\\\/07\\\/bambusz-letra.jpg2_-scaled.jpg\",\"width\":1707,\"height\":2560},{\"@type\":\"BreadcrumbList\",\"@id\":\"https:\\\/\\\/tajkertesz.com\\\/termek\\\/bambusz-novenyletra-echelle-bamboo-150-x-40-cm\\\/#breadcrumb\",\"itemListElement\":[{\"@type\":\"ListItem\",\"position\":1,\"name\":\"Home\",\"item\":\"https:\\\/\\\/tajkertesz.com\\\/\"},{\"@type\":\"ListItem\",\"position\":2,\"name\":\"Kezd\u0151lap\",\"item\":\"https:\\\/\\\/tajkertesz.com\\\/\"},{\"@type\":\"ListItem\",\"position\":3,\"name\":\"Bambusz n\u00f6v\u00e9nyl\u00e9tra -ECHELLE BAMBOO 150 x 40 cm\"}]},{\"@type\":\"WebSite\",\"@id\":\"https:\\\/\\\/tajkertesz.com\\\/#website\",\"url\":\"https:\\\/\\\/tajkertesz.com\\\/\",\"name\":\"T\u00e1j-Kert\u00e9sz 84 Kft.\",\"description\":\"Kert\u00e9szeti kis- \u00e9s nagykeresked\u00e9s, D\u00edszn\u00f6v\u00e9ny web\u00e1ruh\u00e1z orsz\u00e1gos h\u00e1zhozsz\u00e1ll\u00edt\u00e1ssal!\",\"publisher\":{\"@id\":\"https:\\\/\\\/tajkertesz.com\\\/#organization\"},\"potentialAction\":[{\"@type\":\"SearchAction\",\"target\":{\"@type\":\"EntryPoint\",\"urlTemplate\":\"https:\\\/\\\/tajkertesz.com\\\/?s={search_term_string}\"},\"query-input\":{\"@type\":\"PropertyValueSpecification\",\"valueRequired\":true,\"valueName\":\"search_term_string\"}}],\"inLanguage\":\"en-US\"},{\"@type\":\"Organization\",\"@id\":\"https:\\\/\\\/tajkertesz.com\\\/#organization\",\"name\":\"T\u00e1j-Kert\u00e9sz 84 Kft.\",\"url\":\"https:\\\/\\\/tajkertesz.com\\\/\",\"logo\":{\"@type\":\"ImageObject\",\"inLanguage\":\"en-US\",\"@id\":\"https:\\\/\\\/tajkertesz.com\\\/#\\\/schema\\\/logo\\\/image\\\/\",\"url\":\"https:\\\/\\\/tajkertesz.com\\\/wp-content\\\/uploads\\\/2018\\\/02\\\/logo-2-e1518678052539.png\",\"contentUrl\":\"https:\\\/\\\/tajkertesz.com\\\/wp-content\\\/uploads\\\/2018\\\/02\\\/logo-2-e1518678052539.png\",\"width\":81,\"height\":140,\"caption\":\"T\u00e1j-Kert\u00e9sz 84 Kft.\"},\"image\":{\"@id\":\"https:\\\/\\\/tajkertesz.com\\\/#\\\/schema\\\/logo\\\/image\\\/\"},\"sameAs\":[\"https:\\\/\\\/www.facebook.com\\\/Tajkertesz\\\/\"]}]}<\/script>\n<!-- \/ Yoast SEO plugin. -->","yoast_head_json":{"title":"Bambusz n\u00f6v\u00e9nyl\u00e9tra -ECHELLE BAMBOO 150 x 40 cm - T\u00e1jkert\u00e9sz","description":"\u00a0A Bambusz n\u00f6v\u00e9nyl\u00e9tra megfelel\u0151 t\u00e1maszt\u00e1st biztos\u00edt a n\u00f6v\u00e9nyeknek, hogy sz\u00e9pen \u00e9s rendezetten n\u00f6vekedjenek. K\u00f6nny\u0171 \u00e9s tart\u00f3s anyagb\u00f3l k\u00e9sz\u00fclt.","robots":{"index":"index","follow":"follow","max-snippet":"max-snippet:-1","max-image-preview":"max-image-preview:large","max-video-preview":"max-video-preview:-1"},"canonical":"https:\/\/tajkertesz.com\/en_US\/product\/bambusz-novenyletra-echelle-bamboo-150-x-40-cm\/","og_locale":"en_US","og_type":"article","og_title":"Bambusz n\u00f6v\u00e9nyl\u00e9tra -ECHELLE BAMBOO 150 x 40 cm - T\u00e1jkert\u00e9sz","og_description":"\u00a0A Bambusz n\u00f6v\u00e9nyl\u00e9tra megfelel\u0151 t\u00e1maszt\u00e1st biztos\u00edt a n\u00f6v\u00e9nyeknek, hogy sz\u00e9pen \u00e9s rendezetten n\u00f6vekedjenek. K\u00f6nny\u0171 \u00e9s tart\u00f3s anyagb\u00f3l k\u00e9sz\u00fclt.","og_url":"https:\/\/tajkertesz.com\/en_US\/product\/bambusz-novenyletra-echelle-bamboo-150-x-40-cm\/","og_site_name":"T\u00e1jkert\u00e9sz","article_publisher":"https:\/\/www.facebook.com\/Tajkertesz\/","article_modified_time":"2026-02-24T11:57:26+00:00","og_image":[{"width":1707,"height":2560,"url":"https:\/\/tajkertesz.com\/wp-content\/uploads\/2023\/07\/bambusz-letra.jpg2_-scaled.jpg","type":"image\/jpeg"}],"twitter_card":"summary_large_image","twitter_misc":{"Est. reading time":"2 minutes"},"schema":{"@context":"https:\/\/schema.org","@graph":[{"@type":"WebPage","@id":"https:\/\/tajkertesz.com\/termek\/bambusz-novenyletra-echelle-bamboo-150-x-40-cm\/","url":"https:\/\/tajkertesz.com\/termek\/bambusz-novenyletra-echelle-bamboo-150-x-40-cm\/","name":"Bambusz n\u00f6v\u00e9nyl\u00e9tra -ECHELLE BAMBOO 150 x 40 cm - T\u00e1jkert\u00e9sz","isPartOf":{"@id":"https:\/\/tajkertesz.com\/#website"},"primaryImageOfPage":{"@id":"https:\/\/tajkertesz.com\/termek\/bambusz-novenyletra-echelle-bamboo-150-x-40-cm\/#primaryimage"},"image":{"@id":"https:\/\/tajkertesz.com\/termek\/bambusz-novenyletra-echelle-bamboo-150-x-40-cm\/#primaryimage"},"thumbnailUrl":"https:\/\/tajkertesz.com\/wp-content\/uploads\/2023\/07\/bambusz-letra.jpg2_-scaled.jpg","datePublished":"2023-07-24T08:34:35+00:00","dateModified":"2026-02-24T11:57:26+00:00","description":"\u00a0A Bambusz n\u00f6v\u00e9nyl\u00e9tra megfelel\u0151 t\u00e1maszt\u00e1st biztos\u00edt a n\u00f6v\u00e9nyeknek, hogy sz\u00e9pen \u00e9s rendezetten n\u00f6vekedjenek. K\u00f6nny\u0171 \u00e9s tart\u00f3s anyagb\u00f3l k\u00e9sz\u00fclt.","breadcrumb":{"@id":"https:\/\/tajkertesz.com\/termek\/bambusz-novenyletra-echelle-bamboo-150-x-40-cm\/#breadcrumb"},"inLanguage":"en-US","potentialAction":[{"@type":"ReadAction","target":["https:\/\/tajkertesz.com\/termek\/bambusz-novenyletra-echelle-bamboo-150-x-40-cm\/"]}]},{"@type":"ImageObject","inLanguage":"en-US","@id":"https:\/\/tajkertesz.com\/termek\/bambusz-novenyletra-echelle-bamboo-150-x-40-cm\/#primaryimage","url":"https:\/\/tajkertesz.com\/wp-content\/uploads\/2023\/07\/bambusz-letra.jpg2_-scaled.jpg","contentUrl":"https:\/\/tajkertesz.com\/wp-content\/uploads\/2023\/07\/bambusz-letra.jpg2_-scaled.jpg","width":1707,"height":2560},{"@type":"BreadcrumbList","@id":"https:\/\/tajkertesz.com\/termek\/bambusz-novenyletra-echelle-bamboo-150-x-40-cm\/#breadcrumb","itemListElement":[{"@type":"ListItem","position":1,"name":"Home","item":"https:\/\/tajkertesz.com\/"},{"@type":"ListItem","position":2,"name":"Kezd\u0151lap","item":"https:\/\/tajkertesz.com\/"},{"@type":"ListItem","position":3,"name":"Bambusz n\u00f6v\u00e9nyl\u00e9tra -ECHELLE BAMBOO 150 x 40 cm"}]},{"@type":"WebSite","@id":"https:\/\/tajkertesz.com\/#website","url":"https:\/\/tajkertesz.com\/","name":"T\u00e1j-Kert\u00e9sz 84 Kft.","description":"Kert\u00e9szeti kis- \u00e9s nagykeresked\u00e9s, D\u00edszn\u00f6v\u00e9ny web\u00e1ruh\u00e1z orsz\u00e1gos h\u00e1zhozsz\u00e1ll\u00edt\u00e1ssal!","publisher":{"@id":"https:\/\/tajkertesz.com\/#organization"},"potentialAction":[{"@type":"SearchAction","target":{"@type":"EntryPoint","urlTemplate":"https:\/\/tajkertesz.com\/?s={search_term_string}"},"query-input":{"@type":"PropertyValueSpecification","valueRequired":true,"valueName":"search_term_string"}}],"inLanguage":"en-US"},{"@type":"Organization","@id":"https:\/\/tajkertesz.com\/#organization","name":"T\u00e1j-Kert\u00e9sz 84 Kft.","url":"https:\/\/tajkertesz.com\/","logo":{"@type":"ImageObject","inLanguage":"en-US","@id":"https:\/\/tajkertesz.com\/#\/schema\/logo\/image\/","url":"https:\/\/tajkertesz.com\/wp-content\/uploads\/2018\/02\/logo-2-e1518678052539.png","contentUrl":"https:\/\/tajkertesz.com\/wp-content\/uploads\/2018\/02\/logo-2-e1518678052539.png","width":81,"height":140,"caption":"T\u00e1j-Kert\u00e9sz 84 Kft."},"image":{"@id":"https:\/\/tajkertesz.com\/#\/schema\/logo\/image\/"},"sameAs":["https:\/\/www.facebook.com\/Tajkertesz\/"]}]}},"_links":{"self":[{"href":"https:\/\/tajkertesz.com\/en_US\/wp-json\/wp\/v2\/product\/16128","targetHints":{"allow":["GET"]}}],"collection":[{"href":"https:\/\/tajkertesz.com\/en_US\/wp-json\/wp\/v2\/product"}],"about":[{"href":"https:\/\/tajkertesz.com\/en_US\/wp-json\/wp\/v2\/types\/product"}],"wp:featuredmedia":[{"embeddable":true,"href":"https:\/\/tajkertesz.com\/en_US\/wp-json\/wp\/v2\/media\/16126"}],"wp:attachment":[{"href":"https:\/\/tajkertesz.com\/en_US\/wp-json\/wp\/v2\/media?parent=16128"}],"wp:term":[{"taxonomy":"product_brand","embeddable":true,"href":"https:\/\/tajkertesz.com\/en_US\/wp-json\/wp\/v2\/product_brand?post=16128"},{"taxonomy":"product_cat","embeddable":true,"href":"https:\/\/tajkertesz.com\/en_US\/wp-json\/wp\/v2\/product_cat?post=16128"},{"taxonomy":"product_tag","embeddable":true,"href":"https:\/\/tajkertesz.com\/en_US\/wp-json\/wp\/v2\/product_tag?post=16128"}],"curies":[{"name":"wp","href":"https:\/\/api.w.org\/{rel}","templated":true}]}}