{"id":16954,"date":"2023-09-18T13:40:27","date_gmt":"2023-09-18T13:40:27","guid":{"rendered":"https:\/\/tajkertesz.com\/?post_type=product&#038;p=16954"},"modified":"2024-04-04T12:25:13","modified_gmt":"2024-04-04T12:25:13","slug":"ficus-carica-san-pietro-mirko-fuge","status":"publish","type":"product","link":"https:\/\/tajkertesz.com\/en_US\/product\/ficus-carica-san-pietro-mirko-fuge\/","title":{"rendered":"Ficus carica &#8216;San Pietro Mirko&#8217; F\u00fcge"},"content":{"rendered":"<h2>Ficus carica &#8216;San Pietro Mirko&#8217; F\u00fcge<\/h2>\n<p>A Ficus carica &#8216;San Pietro Mirko&#8217; F\u00fcge 3-4m magasra n\u0151v\u0151 sz\u00e9les felt\u00f6r\u0151 \u00e1gakkal rendelkez\u0151 lombhullat\u00f3 cserje, viszonylag gyorsan n\u0151.<\/p>\n<p><strong>Levele:<\/strong> nagy, 3-5 kar\u00e9j\u00fa.<\/p>\n<p><strong>Term\u00e9se:<\/strong> k\u00f6z\u00e9pnagy, kerekded, h\u00e9ja s\u00e1rg\u00e1sz\u00f6ld, h\u00fasa vil\u00e1gospiros, m\u00e9z\u00e9des, j\u00faliust\u00f3l okt\u00f3berig, \u00e1ltal\u00e1ban k\u00e9t hull\u00e1mban \u00e9rik.<\/p>\n<p>Ig\u00e9nye: j\u00f3 v\u00edzgazd\u00e1lkod\u00e1s\u00fa, t\u00e1panyagd\u00fas talaj, napos, v\u00e9dett, meleg hely.<\/p>\n<p>\u00d6nterm\u00e9keny fajta.<\/p>\n<p>Felhaszn\u00e1l\u00e1sa: gy\u00fcm\u00f6lcse frissen, aszalva, dzsemnek, bornak elk\u00e9sz\u00edtve is fogyaszthat\u00f3.<\/p>\n<p>&nbsp;<\/p>\n<p>&nbsp;<\/p>\n<p>&nbsp;<\/p>","protected":false},"excerpt":{"rendered":"<h3>Ficus carica &#8216;San Pietro Mirko&#8217; F\u00fcge<\/h3>\n<p>Kont\u00e9ner: 2L<\/p>\n<p>N\u00f6v\u00e9ny magass\u00e1ga: kb.40\/50cm.<\/p>\n<p><strong>K\u00f6zeg<\/strong>: t\u0151zegtartalm\u00fa, t\u00e1panyagban d\u00fas f\u00f6ldkever\u00e9kbe \u00fcltesse.<\/p>\n<p><strong>Eg\u00e9sz \u00e9vben \u00fcltethet\u0151 n\u00f6v\u00e9ny!<\/strong><\/p>\n<div id=\"bodyContent\" class=\"mw-body-content\">\n<div id=\"mw-content-text\" class=\"mw-content-ltr\" dir=\"ltr\" lang=\"hu\">\n<div id=\"bodyContent\" class=\"mw-body-content\">\n<div id=\"mw-content-text\" class=\"mw-content-ltr\" dir=\"ltr\" lang=\"hu\">\n<p><b>K\u00e9szlet\u00fcnk napi szinten v\u00e1ltozik, ez\u00e9rt k\u00e9rj\u00fck, \u00e9rdekl\u0151dj\u00f6n szem\u00e9lyesen, telefonon vagy email-en.<\/b><\/p>\n<p>Term\u00e9keinket szem\u00e9lyesen is \u00e1tveheti a h\u00e9t minden napj\u00e1n nyitvatart\u00e1si id\u0151ben!<\/p>\n<p>Kisz\u00e1ll\u00edt\u00e1s: 200 cm \u00e9s 40 kg-ig a sz\u00e1ll\u00edt\u00e1s fut\u00e1rszolg\u00e1lattal t\u00f6rt\u00e9nik.<\/p>\n<\/div>\n<\/div>\n<\/div>\n<\/div>\n<p><b>A v\u00e1ltoztat\u00e1s jog\u00e1t fenntartjuk!\u00a0<\/b><\/p>\n<p>&nbsp;<\/p>","protected":false},"featured_media":16955,"template":"","meta":{"_et_pb_use_builder":"","_et_pb_old_content":"","_et_gb_content_width":""},"product_brand":[],"product_cat":[29],"product_tag":[1592,22],"class_list":{"0":"post-16954","1":"product","2":"type-product","3":"status-publish","4":"has-post-thumbnail","6":"product_cat-gyumolcsfak-gyumolcstermo-novenyek","7":"product_tag-fuge","8":"product_tag-gyumolcs","10":"first","11":"outofstock","12":"shipping-taxable","13":"product-type-simple"},"yoast_head":"<!-- This site is optimized with the Yoast SEO plugin v27.5 - https:\/\/yoast.com\/product\/yoast-seo-wordpress\/ -->\n<title>Ficus carica &#039;San Pietro Mirko&#039; F\u00fcge - T\u00e1jkert\u00e9sz<\/title>\n<meta name=\"description\" content=\"Ficus carica &#039;San Pietro Mirko&#039; F\u00fcge. Rendeljen web\u00e1ruh\u00e1zunkb\u00f3l, vagy j\u00f6jj\u00f6n el szem\u00e9lyesen kert\u00e9szeti \u00e1ruh\u00e1zunkba a h\u00e9t minden napj\u00e1n!\" \/>\n<meta name=\"robots\" content=\"index, follow, max-snippet:-1, max-image-preview:large, max-video-preview:-1\" \/>\n<link rel=\"canonical\" href=\"https:\/\/tajkertesz.com\/en_US\/product\/ficus-carica-san-pietro-mirko-fuge\/\" \/>\n<meta property=\"og:locale\" content=\"en_US\" \/>\n<meta property=\"og:type\" content=\"article\" \/>\n<meta property=\"og:title\" content=\"https:\/\/www.facebook.com\/tajkertesz\" \/>\n<meta property=\"og:description\" content=\"A Ficus carica &#039;San Pietro Mirko&#039; F\u00fcge 3-4m magasra n\u0151v\u0151 sz\u00e9les felt\u00f6r\u0151 \u00e1gakkal rendelkez\u0151 lombhullat\u00f3 cserje, viszonylag gyorsan n\u0151.Levele: nagy, 3-5 kar\u00e9j\u00fa.Term\u00e9se: k\u00f6z\u00e9pnagy, kerekded, h\u00e9ja s\u00e1rg\u00e1sz\u00f6ld, h\u00fasa vil\u00e1gospiros, m\u00e9z\u00e9des, j\u00faliust\u00f3l okt\u00f3berig, \u00e1ltal\u00e1ban k\u00e9t hull\u00e1mban \u00e9rik.Ig\u00e9nye: j\u00f3 v\u00edzgazd\u00e1lkod\u00e1s\u00fa, t\u00e1panyagd\u00fas talaj, napos, v\u00e9dett, meleg hely.\u00d6nterm\u00e9keny fajta.Felhaszn\u00e1l\u00e1sa: gy\u00fcm\u00f6lcse frissen, aszalva, dzsemnek, bornak elk\u00e9sz\u00edtve is fogyaszthat\u00f3.\" \/>\n<meta property=\"og:url\" content=\"https:\/\/tajkertesz.com\/en_US\/product\/ficus-carica-san-pietro-mirko-fuge\/\" \/>\n<meta property=\"og:site_name\" content=\"T\u00e1jkert\u00e9sz\" \/>\n<meta property=\"article:publisher\" content=\"https:\/\/www.facebook.com\/Tajkertesz\/\" \/>\n<meta property=\"article:modified_time\" content=\"2024-04-04T12:25:13+00:00\" \/>\n<meta property=\"og:image\" content=\"https:\/\/tajkertesz.com\/wp-content\/uploads\/2023\/09\/20230918_150017-1-scaled.jpg\" \/>\n\t<meta property=\"og:image:width\" content=\"1154\" \/>\n\t<meta property=\"og:image:height\" content=\"2560\" \/>\n\t<meta property=\"og:image:type\" content=\"image\/jpeg\" \/>\n<meta name=\"twitter:card\" content=\"summary_large_image\" \/>\n<meta name=\"twitter:label1\" content=\"Est. reading time\" \/>\n\t<meta name=\"twitter:data1\" content=\"1 minute\" \/>\n<script type=\"application\/ld+json\" class=\"yoast-schema-graph\">{\"@context\":\"https:\\\/\\\/schema.org\",\"@graph\":[{\"@type\":\"WebPage\",\"@id\":\"https:\\\/\\\/tajkertesz.com\\\/termek\\\/ficus-carica-san-pietro-mirko-fuge\\\/\",\"url\":\"https:\\\/\\\/tajkertesz.com\\\/termek\\\/ficus-carica-san-pietro-mirko-fuge\\\/\",\"name\":\"Ficus carica 'San Pietro Mirko' F\u00fcge - T\u00e1jkert\u00e9sz\",\"isPartOf\":{\"@id\":\"https:\\\/\\\/tajkertesz.com\\\/#website\"},\"primaryImageOfPage\":{\"@id\":\"https:\\\/\\\/tajkertesz.com\\\/termek\\\/ficus-carica-san-pietro-mirko-fuge\\\/#primaryimage\"},\"image\":{\"@id\":\"https:\\\/\\\/tajkertesz.com\\\/termek\\\/ficus-carica-san-pietro-mirko-fuge\\\/#primaryimage\"},\"thumbnailUrl\":\"https:\\\/\\\/tajkertesz.com\\\/wp-content\\\/uploads\\\/2023\\\/09\\\/20230918_150010-1-scaled.jpg\",\"datePublished\":\"2023-09-18T13:40:27+00:00\",\"dateModified\":\"2024-04-04T12:25:13+00:00\",\"description\":\"Ficus carica 'San Pietro Mirko' F\u00fcge. Rendeljen web\u00e1ruh\u00e1zunkb\u00f3l, vagy j\u00f6jj\u00f6n el szem\u00e9lyesen kert\u00e9szeti \u00e1ruh\u00e1zunkba a h\u00e9t minden napj\u00e1n!\",\"breadcrumb\":{\"@id\":\"https:\\\/\\\/tajkertesz.com\\\/termek\\\/ficus-carica-san-pietro-mirko-fuge\\\/#breadcrumb\"},\"inLanguage\":\"en-US\",\"potentialAction\":[{\"@type\":\"ReadAction\",\"target\":[\"https:\\\/\\\/tajkertesz.com\\\/termek\\\/ficus-carica-san-pietro-mirko-fuge\\\/\"]}]},{\"@type\":\"ImageObject\",\"inLanguage\":\"en-US\",\"@id\":\"https:\\\/\\\/tajkertesz.com\\\/termek\\\/ficus-carica-san-pietro-mirko-fuge\\\/#primaryimage\",\"url\":\"https:\\\/\\\/tajkertesz.com\\\/wp-content\\\/uploads\\\/2023\\\/09\\\/20230918_150010-1-scaled.jpg\",\"contentUrl\":\"https:\\\/\\\/tajkertesz.com\\\/wp-content\\\/uploads\\\/2023\\\/09\\\/20230918_150010-1-scaled.jpg\",\"width\":1154,\"height\":2560},{\"@type\":\"BreadcrumbList\",\"@id\":\"https:\\\/\\\/tajkertesz.com\\\/termek\\\/ficus-carica-san-pietro-mirko-fuge\\\/#breadcrumb\",\"itemListElement\":[{\"@type\":\"ListItem\",\"position\":1,\"name\":\"Home\",\"item\":\"https:\\\/\\\/tajkertesz.com\\\/\"},{\"@type\":\"ListItem\",\"position\":2,\"name\":\"Kezd\u0151lap\",\"item\":\"https:\\\/\\\/tajkertesz.com\\\/\"},{\"@type\":\"ListItem\",\"position\":3,\"name\":\"Ficus carica &#8216;San Pietro Mirko&#8217; F\u00fcge\"}]},{\"@type\":\"WebSite\",\"@id\":\"https:\\\/\\\/tajkertesz.com\\\/#website\",\"url\":\"https:\\\/\\\/tajkertesz.com\\\/\",\"name\":\"T\u00e1j-Kert\u00e9sz 84 Kft.\",\"description\":\"Kert\u00e9szeti kis- \u00e9s nagykeresked\u00e9s, D\u00edszn\u00f6v\u00e9ny web\u00e1ruh\u00e1z orsz\u00e1gos h\u00e1zhozsz\u00e1ll\u00edt\u00e1ssal!\",\"publisher\":{\"@id\":\"https:\\\/\\\/tajkertesz.com\\\/#organization\"},\"potentialAction\":[{\"@type\":\"SearchAction\",\"target\":{\"@type\":\"EntryPoint\",\"urlTemplate\":\"https:\\\/\\\/tajkertesz.com\\\/?s={search_term_string}\"},\"query-input\":{\"@type\":\"PropertyValueSpecification\",\"valueRequired\":true,\"valueName\":\"search_term_string\"}}],\"inLanguage\":\"en-US\"},{\"@type\":\"Organization\",\"@id\":\"https:\\\/\\\/tajkertesz.com\\\/#organization\",\"name\":\"T\u00e1j-Kert\u00e9sz 84 Kft.\",\"url\":\"https:\\\/\\\/tajkertesz.com\\\/\",\"logo\":{\"@type\":\"ImageObject\",\"inLanguage\":\"en-US\",\"@id\":\"https:\\\/\\\/tajkertesz.com\\\/#\\\/schema\\\/logo\\\/image\\\/\",\"url\":\"https:\\\/\\\/tajkertesz.com\\\/wp-content\\\/uploads\\\/2018\\\/02\\\/logo-2-e1518678052539.png\",\"contentUrl\":\"https:\\\/\\\/tajkertesz.com\\\/wp-content\\\/uploads\\\/2018\\\/02\\\/logo-2-e1518678052539.png\",\"width\":81,\"height\":140,\"caption\":\"T\u00e1j-Kert\u00e9sz 84 Kft.\"},\"image\":{\"@id\":\"https:\\\/\\\/tajkertesz.com\\\/#\\\/schema\\\/logo\\\/image\\\/\"},\"sameAs\":[\"https:\\\/\\\/www.facebook.com\\\/Tajkertesz\\\/\"]}]}<\/script>\n<!-- \/ Yoast SEO plugin. -->","yoast_head_json":{"title":"Ficus carica 'San Pietro Mirko' F\u00fcge - T\u00e1jkert\u00e9sz","description":"Ficus carica 'San Pietro Mirko' F\u00fcge. Rendeljen web\u00e1ruh\u00e1zunkb\u00f3l, vagy j\u00f6jj\u00f6n el szem\u00e9lyesen kert\u00e9szeti \u00e1ruh\u00e1zunkba a h\u00e9t minden napj\u00e1n!","robots":{"index":"index","follow":"follow","max-snippet":"max-snippet:-1","max-image-preview":"max-image-preview:large","max-video-preview":"max-video-preview:-1"},"canonical":"https:\/\/tajkertesz.com\/en_US\/product\/ficus-carica-san-pietro-mirko-fuge\/","og_locale":"en_US","og_type":"article","og_title":"https:\/\/www.facebook.com\/tajkertesz","og_description":"A Ficus carica 'San Pietro Mirko' F\u00fcge 3-4m magasra n\u0151v\u0151 sz\u00e9les felt\u00f6r\u0151 \u00e1gakkal rendelkez\u0151 lombhullat\u00f3 cserje, viszonylag gyorsan n\u0151.Levele: nagy, 3-5 kar\u00e9j\u00fa.Term\u00e9se: k\u00f6z\u00e9pnagy, kerekded, h\u00e9ja s\u00e1rg\u00e1sz\u00f6ld, h\u00fasa vil\u00e1gospiros, m\u00e9z\u00e9des, j\u00faliust\u00f3l okt\u00f3berig, \u00e1ltal\u00e1ban k\u00e9t hull\u00e1mban \u00e9rik.Ig\u00e9nye: j\u00f3 v\u00edzgazd\u00e1lkod\u00e1s\u00fa, t\u00e1panyagd\u00fas talaj, napos, v\u00e9dett, meleg hely.\u00d6nterm\u00e9keny fajta.Felhaszn\u00e1l\u00e1sa: gy\u00fcm\u00f6lcse frissen, aszalva, dzsemnek, bornak elk\u00e9sz\u00edtve is fogyaszthat\u00f3.","og_url":"https:\/\/tajkertesz.com\/en_US\/product\/ficus-carica-san-pietro-mirko-fuge\/","og_site_name":"T\u00e1jkert\u00e9sz","article_publisher":"https:\/\/www.facebook.com\/Tajkertesz\/","article_modified_time":"2024-04-04T12:25:13+00:00","og_image":[{"width":1154,"height":2560,"url":"https:\/\/tajkertesz.com\/wp-content\/uploads\/2023\/09\/20230918_150017-1-scaled.jpg","type":"image\/jpeg"}],"twitter_card":"summary_large_image","twitter_misc":{"Est. reading time":"1 minute"},"schema":{"@context":"https:\/\/schema.org","@graph":[{"@type":"WebPage","@id":"https:\/\/tajkertesz.com\/termek\/ficus-carica-san-pietro-mirko-fuge\/","url":"https:\/\/tajkertesz.com\/termek\/ficus-carica-san-pietro-mirko-fuge\/","name":"Ficus carica 'San Pietro Mirko' F\u00fcge - T\u00e1jkert\u00e9sz","isPartOf":{"@id":"https:\/\/tajkertesz.com\/#website"},"primaryImageOfPage":{"@id":"https:\/\/tajkertesz.com\/termek\/ficus-carica-san-pietro-mirko-fuge\/#primaryimage"},"image":{"@id":"https:\/\/tajkertesz.com\/termek\/ficus-carica-san-pietro-mirko-fuge\/#primaryimage"},"thumbnailUrl":"https:\/\/tajkertesz.com\/wp-content\/uploads\/2023\/09\/20230918_150010-1-scaled.jpg","datePublished":"2023-09-18T13:40:27+00:00","dateModified":"2024-04-04T12:25:13+00:00","description":"Ficus carica 'San Pietro Mirko' F\u00fcge. Rendeljen web\u00e1ruh\u00e1zunkb\u00f3l, vagy j\u00f6jj\u00f6n el szem\u00e9lyesen kert\u00e9szeti \u00e1ruh\u00e1zunkba a h\u00e9t minden napj\u00e1n!","breadcrumb":{"@id":"https:\/\/tajkertesz.com\/termek\/ficus-carica-san-pietro-mirko-fuge\/#breadcrumb"},"inLanguage":"en-US","potentialAction":[{"@type":"ReadAction","target":["https:\/\/tajkertesz.com\/termek\/ficus-carica-san-pietro-mirko-fuge\/"]}]},{"@type":"ImageObject","inLanguage":"en-US","@id":"https:\/\/tajkertesz.com\/termek\/ficus-carica-san-pietro-mirko-fuge\/#primaryimage","url":"https:\/\/tajkertesz.com\/wp-content\/uploads\/2023\/09\/20230918_150010-1-scaled.jpg","contentUrl":"https:\/\/tajkertesz.com\/wp-content\/uploads\/2023\/09\/20230918_150010-1-scaled.jpg","width":1154,"height":2560},{"@type":"BreadcrumbList","@id":"https:\/\/tajkertesz.com\/termek\/ficus-carica-san-pietro-mirko-fuge\/#breadcrumb","itemListElement":[{"@type":"ListItem","position":1,"name":"Home","item":"https:\/\/tajkertesz.com\/"},{"@type":"ListItem","position":2,"name":"Kezd\u0151lap","item":"https:\/\/tajkertesz.com\/"},{"@type":"ListItem","position":3,"name":"Ficus carica &#8216;San Pietro Mirko&#8217; F\u00fcge"}]},{"@type":"WebSite","@id":"https:\/\/tajkertesz.com\/#website","url":"https:\/\/tajkertesz.com\/","name":"T\u00e1j-Kert\u00e9sz 84 Kft.","description":"Kert\u00e9szeti kis- \u00e9s nagykeresked\u00e9s, D\u00edszn\u00f6v\u00e9ny web\u00e1ruh\u00e1z orsz\u00e1gos h\u00e1zhozsz\u00e1ll\u00edt\u00e1ssal!","publisher":{"@id":"https:\/\/tajkertesz.com\/#organization"},"potentialAction":[{"@type":"SearchAction","target":{"@type":"EntryPoint","urlTemplate":"https:\/\/tajkertesz.com\/?s={search_term_string}"},"query-input":{"@type":"PropertyValueSpecification","valueRequired":true,"valueName":"search_term_string"}}],"inLanguage":"en-US"},{"@type":"Organization","@id":"https:\/\/tajkertesz.com\/#organization","name":"T\u00e1j-Kert\u00e9sz 84 Kft.","url":"https:\/\/tajkertesz.com\/","logo":{"@type":"ImageObject","inLanguage":"en-US","@id":"https:\/\/tajkertesz.com\/#\/schema\/logo\/image\/","url":"https:\/\/tajkertesz.com\/wp-content\/uploads\/2018\/02\/logo-2-e1518678052539.png","contentUrl":"https:\/\/tajkertesz.com\/wp-content\/uploads\/2018\/02\/logo-2-e1518678052539.png","width":81,"height":140,"caption":"T\u00e1j-Kert\u00e9sz 84 Kft."},"image":{"@id":"https:\/\/tajkertesz.com\/#\/schema\/logo\/image\/"},"sameAs":["https:\/\/www.facebook.com\/Tajkertesz\/"]}]}},"_links":{"self":[{"href":"https:\/\/tajkertesz.com\/en_US\/wp-json\/wp\/v2\/product\/16954","targetHints":{"allow":["GET"]}}],"collection":[{"href":"https:\/\/tajkertesz.com\/en_US\/wp-json\/wp\/v2\/product"}],"about":[{"href":"https:\/\/tajkertesz.com\/en_US\/wp-json\/wp\/v2\/types\/product"}],"wp:featuredmedia":[{"embeddable":true,"href":"https:\/\/tajkertesz.com\/en_US\/wp-json\/wp\/v2\/media\/16955"}],"wp:attachment":[{"href":"https:\/\/tajkertesz.com\/en_US\/wp-json\/wp\/v2\/media?parent=16954"}],"wp:term":[{"taxonomy":"product_brand","embeddable":true,"href":"https:\/\/tajkertesz.com\/en_US\/wp-json\/wp\/v2\/product_brand?post=16954"},{"taxonomy":"product_cat","embeddable":true,"href":"https:\/\/tajkertesz.com\/en_US\/wp-json\/wp\/v2\/product_cat?post=16954"},{"taxonomy":"product_tag","embeddable":true,"href":"https:\/\/tajkertesz.com\/en_US\/wp-json\/wp\/v2\/product_tag?post=16954"}],"curies":[{"name":"wp","href":"https:\/\/api.w.org\/{rel}","templated":true}]}}