{"id":17125,"date":"2023-10-03T13:46:40","date_gmt":"2023-10-03T13:46:40","guid":{"rendered":"https:\/\/tajkertesz.com\/?post_type=product&#038;p=17125"},"modified":"2026-04-22T11:07:27","modified_gmt":"2026-04-22T11:07:27","slug":"foldfuro-talajfuro-200mm","status":"publish","type":"product","link":"https:\/\/tajkertesz.com\/en_US\/product\/foldfuro-talajfuro-200mm\/","title":{"rendered":"F\u00f6ldf\u00far\u00f3\/ Talajf\u00far\u00f3 200mm"},"content":{"rendered":"<h2>F\u00f6ldf\u00far\u00f3\/ Talajf\u00far\u00f3 200mm<\/h2>\n<p>F\u00f6ldf\u00far\u00f3\/ Talajf\u00far\u00f3 200mm<\/p>\n<p>Sz\u00e9tszerelhet\u0151 k\u00e9zi f\u00f6lf\u00far\u00f3 200 mm-es t\u00e1rcs\u00e1val. Haszn\u00e1lhatod kar\u00f3k, c\u00f6l\u00f6p\u00f6k vagy keskenyebb oszlopok f\u00f6ldbe val\u00f3 lehelyez\u00e9s\u00e9hez, de kert\u00e9szked\u00e9sn\u00e9l is hasznos lehet a bokrok, facsemet\u00e9k \u00fcltet\u00e9s\u00e9n\u00e9l. Rendeld meg m\u00e9g ma, vedd \u00e1t ak\u00e1r m\u00e1r ma!<\/p>\n<p>Term\u00e9kfelhaszn\u00e1l\u00e1s c\u00e9lja:<br \/>\nKis \u00e1tm\u00e9r\u0151j\u0171, m\u00e9ly g\u00f6dr\u00f6k k\u00e9sz\u00edt\u00e9s\u00e9re alkalmas.<br \/>\nTerm\u00e9k haszn\u00e1lata:<br \/>\nA k\u00e9zi f\u00far\u00f3kkal val\u00f3 munkav\u00e9gz\u00e9sn\u00e9l c\u00e9lszer\u0171 els\u0151 l\u00e9p\u00e9sben kb. 40 cm m\u00e9lyen \u00e1s\u00f3val ki\u00e1sni a<br \/>\ng\u00f6dr\u00f6t, majd innen tov\u00e1bb m\u00e1r k\u00f6nnyebb m\u00e9lyebbre lef\u00farni.<br \/>\nA k\u00e9zi f\u00far\u00f3k egy ac\u00e9lcs\u0151 sz\u00e1r als\u00f3 v\u00e9g\u00e9n kialak\u00edtott v\u00e1g\u00f3\u00e9lb\u0151l \u00e9s a sz\u00e1r fels\u0151 v\u00e9g\u00e9re szerelt, a<br \/>\nforgat\u00e1sukat el\u0151seg\u00edt\u0151 keresztr\u00fadb\u00f3l \u00e1llnak. A f\u00far\u00f3\u00e9l spir\u00e1lis, a csavarmenetre hasonl\u00edt\u00f3<br \/>\nkialak\u00edt\u00e1sa teszi lehet\u0151v\u00e9 a f\u00f6ldbe val\u00f3 bem\u00e9lyed\u00e9st, \u00e9s egy\u00fattal a fellaz\u00edtott f\u00f6ld kiemel\u00e9s\u00e9t a<br \/>\nlyukb\u00f3l.<br \/>\nBiztons\u00e1gi el\u0151\u00edr\u00e1s:<br \/>\nGyermekekt\u0151l t\u00e1vol tartand\u00f3. Hegyes, \u00e9les funkcion\u00e1lis elemmel rendelkezik.<br \/>\nA szersz\u00e1mokat csak rendeltet\u00e9sszer\u0171en szabad haszn\u00e1lni. Amikor \u00e9les, sz\u00far\u00f3s szersz\u00e1mmal<br \/>\ndolgozunk, fokozottan figyelj\u00fcnk oda, vigy\u00e1zzunk saj\u00e1t \u00e9s m\u00e1sok testi \u00e9ps\u00e9g\u00e9re. A haszn\u00e1laton<br \/>\nk\u00edv\u00fcli szersz\u00e1mokat \u00fagy kell letenni, hogy a hegy\u00fck, \u00e9l\u00fck mindig a f\u00f6ld fel\u00e9 legyen ford\u00edtva.<br \/>\nA kerti szersz\u00e1mok amortiz\u00e1ci\u00f3j\u00e1ra \u00e9s folyamatos \u00e1llagroml\u00e1s\u00e1ra \u00e9rdemes odafigyelni, mivel<br \/>\nhaszn\u00e1latuk alkalmi, \u00e9s \u00e1ltal\u00e1ban hossz\u00fa ideig elz\u00e1rva t\u00e1roljuk \u0151ket<\/p>\n<p>El\u00e9rhet\u0151 t\u00f6bbf\u00e9le m\u00e9retben \u00e9s \u00e1rban.<\/p>\n<p><strong>K\u00e9szlet\u00fcnk napi szinten v\u00e1ltozik, ez\u00e9rt k\u00e9rj\u00fck, \u00e9rdekl\u0151dj\u00f6n szem\u00e9lyesen, telefonon vagy email-en.<br \/>\nA v\u00e1ltoztat\u00e1s jog\u00e1t fenntartjuk!\u00a0<\/strong><\/p>\n<p>&nbsp;<\/p>\n<p><a href=\"https:\/\/tajkertesz.com\/\">https:\/\/tajkertesz.com\/<\/a><\/p>\n<p><a href=\"https:\/\/www.facebook.com\/tajkertesz\/\">https:\/\/www.facebook.com\/tajkertesz\/<\/a><\/p>\n<p>Kisz\u00e1ll\u00edt\u00e1s: 200cm-ig \u00a0\u00e9s 40 kg-ig a sz\u00e1ll\u00edt\u00e1s fut\u00e1rszolg\u00e1lattal \u00a0t\u00f6rt\u00e9nik.<\/p>\n<p>Szem\u00e9lyes \u00e1tv\u00e9tel nyitvatart\u00e1si id\u0151ben a 17. ker\u00fclet Bakancsos utca 7. sz\u00e1m alatti Kert\u00e9szeti \u00e1rud\u00e1ban.<\/p>","protected":false},"excerpt":{"rendered":"<h2>F\u00f6ldf\u00far\u00f3\/ Talajf\u00far\u00f3 200mm<\/h2>\n<p>Sz\u00e9tszerelhet\u0151 k\u00e9zi f\u00f6lf\u00far\u00f3 200 mm-es t\u00e1rcs\u00e1val. Haszn\u00e1lhatod kar\u00f3k, c\u00f6l\u00f6p\u00f6k vagy keskenyebb&#8230;<\/p>\n<div id=\"bodyContent\" class=\"mw-body-content\">\n<div id=\"mw-content-text\" class=\"mw-content-ltr\" dir=\"ltr\" lang=\"hu\">\n<div id=\"bodyContent\" class=\"mw-body-content\">\n<div id=\"mw-content-text\" class=\"mw-content-ltr\" dir=\"ltr\" lang=\"hu\">\n<p><b>K\u00e9szlet\u00fcnk napi szinten v\u00e1ltozik, ez\u00e9rt k\u00e9rj\u00fck, \u00e9rdekl\u0151dj\u00f6n szem\u00e9lyesen, telefonon vagy email-en.<\/b><\/p>\n<p>Term\u00e9keinket szem\u00e9lyesen is \u00e1tveheti a h\u00e9t minden napj\u00e1n nyitvatart\u00e1si id\u0151ben!<\/p>\n<p>Kisz\u00e1ll\u00edt\u00e1s: 200 cm \u00e9s 40 kg-ig a sz\u00e1ll\u00edt\u00e1s fut\u00e1rszolg\u00e1lattal t\u00f6rt\u00e9nik.<\/p>\n<\/div>\n<\/div>\n<\/div>\n<\/div>\n<p><b>A v\u00e1ltoztat\u00e1s jog\u00e1t fenntartjuk!\u00a0<\/b><\/p>","protected":false},"featured_media":17126,"template":"","meta":{"_et_pb_use_builder":"","_et_pb_old_content":"","_et_gb_content_width":""},"product_brand":[],"product_cat":[1952],"product_tag":[2878,4888,4887,4886],"class_list":{"0":"post-17125","1":"product","2":"type-product","3":"status-publish","4":"has-post-thumbnail","6":"product_cat-aso-lapat-kapa-gereblye-nyel","7":"product_tag-foldfuro","8":"product_tag-kerti-szerszam","9":"product_tag-lyukfuro","10":"product_tag-talajfuro","12":"first","13":"instock","14":"shipping-taxable","15":"purchasable","16":"product-type-simple"},"yoast_head":"<!-- This site is optimized with the Yoast SEO plugin v27.5 - https:\/\/yoast.com\/product\/yoast-seo-wordpress\/ -->\n<title>F\u00f6ldf\u00far\u00f3\/ Talajf\u00far\u00f3 200mm - T\u00e1jkert\u00e9sz<\/title>\n<meta name=\"description\" content=\"F\u00f6ldf\u00far\u00f3\/ Talajf\u00far\u00f3 200mm. Haszn\u00e1lhatod kar\u00f3k, c\u00f6l\u00f6p\u00f6k vagy keskenyebb oszlopok f\u00f6ldbe val\u00f3 lehelyez\u00e9s\u00e9hez, de kert\u00e9szked\u00e9sn\u00e9l is hasznos lehet a bokrok\" \/>\n<meta name=\"robots\" content=\"index, follow, max-snippet:-1, max-image-preview:large, max-video-preview:-1\" \/>\n<link rel=\"canonical\" href=\"https:\/\/tajkertesz.com\/en_US\/product\/foldfuro-talajfuro-200mm\/\" \/>\n<meta property=\"og:locale\" content=\"en_US\" \/>\n<meta property=\"og:type\" content=\"article\" \/>\n<meta property=\"og:title\" content=\"https:\/\/www.facebook.com\/tajkertesz\" \/>\n<meta property=\"og:description\" content=\"F\u00f6ldf\u00far\u00f3 200mmSz\u00e9tszerelhet\u0151 k\u00e9zi f\u00f6lf\u00far\u00f3 200 mm-es t\u00e1rcs\u00e1val. Haszn\u00e1lhatod kar\u00f3k, c\u00f6l\u00f6p\u00f6k vagy keskenyebb...\" \/>\n<meta property=\"og:url\" content=\"https:\/\/tajkertesz.com\/en_US\/product\/foldfuro-talajfuro-200mm\/\" \/>\n<meta property=\"og:site_name\" content=\"T\u00e1jkert\u00e9sz\" \/>\n<meta property=\"article:publisher\" content=\"https:\/\/www.facebook.com\/Tajkertesz\/\" \/>\n<meta property=\"article:modified_time\" content=\"2026-04-22T11:07:27+00:00\" \/>\n<meta property=\"og:image\" content=\"https:\/\/tajkertesz.com\/wp-content\/uploads\/2023\/10\/200mm-foldfuro.webp\" \/>\n\t<meta property=\"og:image:width\" content=\"1000\" \/>\n\t<meta property=\"og:image:height\" content=\"1000\" \/>\n\t<meta property=\"og:image:type\" content=\"image\/webp\" \/>\n<meta name=\"twitter:card\" content=\"summary_large_image\" \/>\n<meta name=\"twitter:label1\" content=\"Est. reading time\" \/>\n\t<meta name=\"twitter:data1\" content=\"2 minutes\" \/>\n<script type=\"application\/ld+json\" class=\"yoast-schema-graph\">{\"@context\":\"https:\\\/\\\/schema.org\",\"@graph\":[{\"@type\":\"WebPage\",\"@id\":\"https:\\\/\\\/tajkertesz.com\\\/termek\\\/foldfuro-talajfuro-200mm\\\/\",\"url\":\"https:\\\/\\\/tajkertesz.com\\\/termek\\\/foldfuro-talajfuro-200mm\\\/\",\"name\":\"F\u00f6ldf\u00far\u00f3\\\/ Talajf\u00far\u00f3 200mm - T\u00e1jkert\u00e9sz\",\"isPartOf\":{\"@id\":\"https:\\\/\\\/tajkertesz.com\\\/#website\"},\"primaryImageOfPage\":{\"@id\":\"https:\\\/\\\/tajkertesz.com\\\/termek\\\/foldfuro-talajfuro-200mm\\\/#primaryimage\"},\"image\":{\"@id\":\"https:\\\/\\\/tajkertesz.com\\\/termek\\\/foldfuro-talajfuro-200mm\\\/#primaryimage\"},\"thumbnailUrl\":\"https:\\\/\\\/tajkertesz.com\\\/wp-content\\\/uploads\\\/2023\\\/10\\\/200mm-foldfuro.webp\",\"datePublished\":\"2023-10-03T13:46:40+00:00\",\"dateModified\":\"2026-04-22T11:07:27+00:00\",\"description\":\"F\u00f6ldf\u00far\u00f3\\\/ Talajf\u00far\u00f3 200mm. Haszn\u00e1lhatod kar\u00f3k, c\u00f6l\u00f6p\u00f6k vagy keskenyebb oszlopok f\u00f6ldbe val\u00f3 lehelyez\u00e9s\u00e9hez, de kert\u00e9szked\u00e9sn\u00e9l is hasznos lehet a bokrok\",\"breadcrumb\":{\"@id\":\"https:\\\/\\\/tajkertesz.com\\\/termek\\\/foldfuro-talajfuro-200mm\\\/#breadcrumb\"},\"inLanguage\":\"en-US\",\"potentialAction\":[{\"@type\":\"ReadAction\",\"target\":[\"https:\\\/\\\/tajkertesz.com\\\/termek\\\/foldfuro-talajfuro-200mm\\\/\"]}]},{\"@type\":\"ImageObject\",\"inLanguage\":\"en-US\",\"@id\":\"https:\\\/\\\/tajkertesz.com\\\/termek\\\/foldfuro-talajfuro-200mm\\\/#primaryimage\",\"url\":\"https:\\\/\\\/tajkertesz.com\\\/wp-content\\\/uploads\\\/2023\\\/10\\\/200mm-foldfuro.webp\",\"contentUrl\":\"https:\\\/\\\/tajkertesz.com\\\/wp-content\\\/uploads\\\/2023\\\/10\\\/200mm-foldfuro.webp\",\"width\":1000,\"height\":1000},{\"@type\":\"BreadcrumbList\",\"@id\":\"https:\\\/\\\/tajkertesz.com\\\/termek\\\/foldfuro-talajfuro-200mm\\\/#breadcrumb\",\"itemListElement\":[{\"@type\":\"ListItem\",\"position\":1,\"name\":\"Home\",\"item\":\"https:\\\/\\\/tajkertesz.com\\\/\"},{\"@type\":\"ListItem\",\"position\":2,\"name\":\"Kezd\u0151lap\",\"item\":\"https:\\\/\\\/tajkertesz.com\\\/\"},{\"@type\":\"ListItem\",\"position\":3,\"name\":\"F\u00f6ldf\u00far\u00f3\\\/ Talajf\u00far\u00f3 200mm\"}]},{\"@type\":\"WebSite\",\"@id\":\"https:\\\/\\\/tajkertesz.com\\\/#website\",\"url\":\"https:\\\/\\\/tajkertesz.com\\\/\",\"name\":\"T\u00e1j-Kert\u00e9sz 84 Kft.\",\"description\":\"Kert\u00e9szeti kis- \u00e9s nagykeresked\u00e9s, D\u00edszn\u00f6v\u00e9ny web\u00e1ruh\u00e1z orsz\u00e1gos h\u00e1zhozsz\u00e1ll\u00edt\u00e1ssal!\",\"publisher\":{\"@id\":\"https:\\\/\\\/tajkertesz.com\\\/#organization\"},\"potentialAction\":[{\"@type\":\"SearchAction\",\"target\":{\"@type\":\"EntryPoint\",\"urlTemplate\":\"https:\\\/\\\/tajkertesz.com\\\/?s={search_term_string}\"},\"query-input\":{\"@type\":\"PropertyValueSpecification\",\"valueRequired\":true,\"valueName\":\"search_term_string\"}}],\"inLanguage\":\"en-US\"},{\"@type\":\"Organization\",\"@id\":\"https:\\\/\\\/tajkertesz.com\\\/#organization\",\"name\":\"T\u00e1j-Kert\u00e9sz 84 Kft.\",\"url\":\"https:\\\/\\\/tajkertesz.com\\\/\",\"logo\":{\"@type\":\"ImageObject\",\"inLanguage\":\"en-US\",\"@id\":\"https:\\\/\\\/tajkertesz.com\\\/#\\\/schema\\\/logo\\\/image\\\/\",\"url\":\"https:\\\/\\\/tajkertesz.com\\\/wp-content\\\/uploads\\\/2018\\\/02\\\/logo-2-e1518678052539.png\",\"contentUrl\":\"https:\\\/\\\/tajkertesz.com\\\/wp-content\\\/uploads\\\/2018\\\/02\\\/logo-2-e1518678052539.png\",\"width\":81,\"height\":140,\"caption\":\"T\u00e1j-Kert\u00e9sz 84 Kft.\"},\"image\":{\"@id\":\"https:\\\/\\\/tajkertesz.com\\\/#\\\/schema\\\/logo\\\/image\\\/\"},\"sameAs\":[\"https:\\\/\\\/www.facebook.com\\\/Tajkertesz\\\/\"]}]}<\/script>\n<!-- \/ Yoast SEO plugin. -->","yoast_head_json":{"title":"F\u00f6ldf\u00far\u00f3\/ Talajf\u00far\u00f3 200mm - T\u00e1jkert\u00e9sz","description":"F\u00f6ldf\u00far\u00f3\/ Talajf\u00far\u00f3 200mm. Haszn\u00e1lhatod kar\u00f3k, c\u00f6l\u00f6p\u00f6k vagy keskenyebb oszlopok f\u00f6ldbe val\u00f3 lehelyez\u00e9s\u00e9hez, de kert\u00e9szked\u00e9sn\u00e9l is hasznos lehet a bokrok","robots":{"index":"index","follow":"follow","max-snippet":"max-snippet:-1","max-image-preview":"max-image-preview:large","max-video-preview":"max-video-preview:-1"},"canonical":"https:\/\/tajkertesz.com\/en_US\/product\/foldfuro-talajfuro-200mm\/","og_locale":"en_US","og_type":"article","og_title":"https:\/\/www.facebook.com\/tajkertesz","og_description":"F\u00f6ldf\u00far\u00f3 200mmSz\u00e9tszerelhet\u0151 k\u00e9zi f\u00f6lf\u00far\u00f3 200 mm-es t\u00e1rcs\u00e1val. Haszn\u00e1lhatod kar\u00f3k, c\u00f6l\u00f6p\u00f6k vagy keskenyebb...","og_url":"https:\/\/tajkertesz.com\/en_US\/product\/foldfuro-talajfuro-200mm\/","og_site_name":"T\u00e1jkert\u00e9sz","article_publisher":"https:\/\/www.facebook.com\/Tajkertesz\/","article_modified_time":"2026-04-22T11:07:27+00:00","og_image":[{"width":1000,"height":1000,"url":"https:\/\/tajkertesz.com\/wp-content\/uploads\/2023\/10\/200mm-foldfuro.webp","type":"image\/webp"}],"twitter_card":"summary_large_image","twitter_misc":{"Est. reading time":"2 minutes"},"schema":{"@context":"https:\/\/schema.org","@graph":[{"@type":"WebPage","@id":"https:\/\/tajkertesz.com\/termek\/foldfuro-talajfuro-200mm\/","url":"https:\/\/tajkertesz.com\/termek\/foldfuro-talajfuro-200mm\/","name":"F\u00f6ldf\u00far\u00f3\/ Talajf\u00far\u00f3 200mm - T\u00e1jkert\u00e9sz","isPartOf":{"@id":"https:\/\/tajkertesz.com\/#website"},"primaryImageOfPage":{"@id":"https:\/\/tajkertesz.com\/termek\/foldfuro-talajfuro-200mm\/#primaryimage"},"image":{"@id":"https:\/\/tajkertesz.com\/termek\/foldfuro-talajfuro-200mm\/#primaryimage"},"thumbnailUrl":"https:\/\/tajkertesz.com\/wp-content\/uploads\/2023\/10\/200mm-foldfuro.webp","datePublished":"2023-10-03T13:46:40+00:00","dateModified":"2026-04-22T11:07:27+00:00","description":"F\u00f6ldf\u00far\u00f3\/ Talajf\u00far\u00f3 200mm. Haszn\u00e1lhatod kar\u00f3k, c\u00f6l\u00f6p\u00f6k vagy keskenyebb oszlopok f\u00f6ldbe val\u00f3 lehelyez\u00e9s\u00e9hez, de kert\u00e9szked\u00e9sn\u00e9l is hasznos lehet a bokrok","breadcrumb":{"@id":"https:\/\/tajkertesz.com\/termek\/foldfuro-talajfuro-200mm\/#breadcrumb"},"inLanguage":"en-US","potentialAction":[{"@type":"ReadAction","target":["https:\/\/tajkertesz.com\/termek\/foldfuro-talajfuro-200mm\/"]}]},{"@type":"ImageObject","inLanguage":"en-US","@id":"https:\/\/tajkertesz.com\/termek\/foldfuro-talajfuro-200mm\/#primaryimage","url":"https:\/\/tajkertesz.com\/wp-content\/uploads\/2023\/10\/200mm-foldfuro.webp","contentUrl":"https:\/\/tajkertesz.com\/wp-content\/uploads\/2023\/10\/200mm-foldfuro.webp","width":1000,"height":1000},{"@type":"BreadcrumbList","@id":"https:\/\/tajkertesz.com\/termek\/foldfuro-talajfuro-200mm\/#breadcrumb","itemListElement":[{"@type":"ListItem","position":1,"name":"Home","item":"https:\/\/tajkertesz.com\/"},{"@type":"ListItem","position":2,"name":"Kezd\u0151lap","item":"https:\/\/tajkertesz.com\/"},{"@type":"ListItem","position":3,"name":"F\u00f6ldf\u00far\u00f3\/ Talajf\u00far\u00f3 200mm"}]},{"@type":"WebSite","@id":"https:\/\/tajkertesz.com\/#website","url":"https:\/\/tajkertesz.com\/","name":"T\u00e1j-Kert\u00e9sz 84 Kft.","description":"Kert\u00e9szeti kis- \u00e9s nagykeresked\u00e9s, D\u00edszn\u00f6v\u00e9ny web\u00e1ruh\u00e1z orsz\u00e1gos h\u00e1zhozsz\u00e1ll\u00edt\u00e1ssal!","publisher":{"@id":"https:\/\/tajkertesz.com\/#organization"},"potentialAction":[{"@type":"SearchAction","target":{"@type":"EntryPoint","urlTemplate":"https:\/\/tajkertesz.com\/?s={search_term_string}"},"query-input":{"@type":"PropertyValueSpecification","valueRequired":true,"valueName":"search_term_string"}}],"inLanguage":"en-US"},{"@type":"Organization","@id":"https:\/\/tajkertesz.com\/#organization","name":"T\u00e1j-Kert\u00e9sz 84 Kft.","url":"https:\/\/tajkertesz.com\/","logo":{"@type":"ImageObject","inLanguage":"en-US","@id":"https:\/\/tajkertesz.com\/#\/schema\/logo\/image\/","url":"https:\/\/tajkertesz.com\/wp-content\/uploads\/2018\/02\/logo-2-e1518678052539.png","contentUrl":"https:\/\/tajkertesz.com\/wp-content\/uploads\/2018\/02\/logo-2-e1518678052539.png","width":81,"height":140,"caption":"T\u00e1j-Kert\u00e9sz 84 Kft."},"image":{"@id":"https:\/\/tajkertesz.com\/#\/schema\/logo\/image\/"},"sameAs":["https:\/\/www.facebook.com\/Tajkertesz\/"]}]}},"_links":{"self":[{"href":"https:\/\/tajkertesz.com\/en_US\/wp-json\/wp\/v2\/product\/17125","targetHints":{"allow":["GET"]}}],"collection":[{"href":"https:\/\/tajkertesz.com\/en_US\/wp-json\/wp\/v2\/product"}],"about":[{"href":"https:\/\/tajkertesz.com\/en_US\/wp-json\/wp\/v2\/types\/product"}],"wp:featuredmedia":[{"embeddable":true,"href":"https:\/\/tajkertesz.com\/en_US\/wp-json\/wp\/v2\/media\/17126"}],"wp:attachment":[{"href":"https:\/\/tajkertesz.com\/en_US\/wp-json\/wp\/v2\/media?parent=17125"}],"wp:term":[{"taxonomy":"product_brand","embeddable":true,"href":"https:\/\/tajkertesz.com\/en_US\/wp-json\/wp\/v2\/product_brand?post=17125"},{"taxonomy":"product_cat","embeddable":true,"href":"https:\/\/tajkertesz.com\/en_US\/wp-json\/wp\/v2\/product_cat?post=17125"},{"taxonomy":"product_tag","embeddable":true,"href":"https:\/\/tajkertesz.com\/en_US\/wp-json\/wp\/v2\/product_tag?post=17125"}],"curies":[{"name":"wp","href":"https:\/\/api.w.org\/{rel}","templated":true}]}}