{"id":18059,"date":"2023-11-29T10:21:50","date_gmt":"2023-11-29T10:21:50","guid":{"rendered":"https:\/\/tajkertesz.com\/?post_type=product&#038;p=18059"},"modified":"2026-02-25T14:59:42","modified_gmt":"2026-02-25T14:59:42","slug":"taxus-baccata-overeynderii-oszlopos-tiszafa","status":"publish","type":"product","link":"https:\/\/tajkertesz.com\/en_US\/product\/taxus-baccata-overeynderii-oszlopos-tiszafa\/","title":{"rendered":"Taxus baccata \u2018Overeynderii\u2019 &#8211; Oszlopos tiszafa"},"content":{"rendered":"<h1>Taxus baccata \u2018Overeynderii\u2019 &#8211; Oszlopos tiszafa<\/h1>\n<p>A Taxus baccata \u2018Overeynderii\u2019 &#8211; Oszlopos tiszafa egy n\u00e9pszer\u0171 d\u00edszn\u00f6v\u00e9ny, mivel kev\u00e9s gondoz\u00e1st ig\u00e9nyel, t\u00e9len is dekorat\u00edv.<\/p>\n<h2>Taxus baccata \u2018Overeynderii\u2019 jellemz\u0151i:<\/h2>\n<ul>\n<li class=\"\" data-start=\"276\" data-end=\"526\">\n<p class=\"\" data-start=\"279\" data-end=\"526\">\u00a0Az &#8216;Overeynderii&#8217; tiszafa kompakt, oszlopos form\u00e1j\u00fa n\u00f6v\u00e9ny. A n\u00f6v\u00e9ny lass\u00fa n\u00f6veked\u00e9s\u0171, s\u0171r\u0171, sz\u00e9p z\u00f6ld t\u0171levelekkel rendelkezik. A t\u0171levelek a fajt\u00e1ra jellemz\u0151en s\u00f6t\u00e9tz\u00f6ld sz\u00edn\u0171ek, \u00e9s t\u00e9len is megtartj\u00e1k sz\u00edn\u00fcket.<\/p>\n<\/li>\n<li class=\"\" data-start=\"528\" data-end=\"755\">\n<p class=\"\" data-start=\"531\" data-end=\"755\">\u00a0A <em data-start=\"561\" data-end=\"591\">Taxus baccata &#8216;Overeynderii&#8217;<\/em> k\u00f6r\u00fclbel\u00fcl 3-5 m\u00e9ter magasra n\u0151het, de n\u00f6veked\u00e9se viszonylag lass\u00fa.<\/p>\n<\/li>\n<\/ul>\n<h3>Az oszlopos tiszafa gondoz\u00e1sa:<\/h3>\n<ul>\n<li class=\"\" data-start=\"757\" data-end=\"916\">\n<p class=\"\" data-start=\"760\" data-end=\"916\">A &#8216;Overeynderii&#8217; j\u00f3l t\u0171ri a f\u00e9l\u00e1rny\u00e9kot \u00e9s a napos helyeket is.<\/p>\n<\/li>\n<li class=\"\" data-start=\"918\" data-end=\"1152\">\n<p class=\"\" data-start=\"921\" data-end=\"1152\">\u00a0A tiszafa j\u00f3l alkalmazkodik a k\u00fcl\u00f6nb\u00f6z\u0151 talajt\u00edpusokhoz, de a j\u00f3l v\u00edzelvezetett, enyh\u00e9n savany\u00fa vagy semleges talajokban fejl\u0151dik a legjobban. A t\u00fal nedves talajt ker\u00fclj\u00fck, mert hajlamos lehet a gy\u00f6k\u00e9rrothad\u00e1sra.<\/p>\n<\/li>\n<li data-start=\"918\" data-end=\"1152\">A megfelel\u0151 gondoz\u00e1s mellett az \u00e9v minden szak\u00e1ban meg\u0151rzi eszt\u00e9tikus megjelen\u00e9s\u00e9t.<\/li>\n<li data-start=\"918\" data-end=\"1152\">A tiszafa a betegs\u00e9gekkel szemben ellen\u00e1ll\u00f3.<\/li>\n<\/ul>\n<p>&nbsp;<\/p>\n<ul>\n<li class=\"\" data-start=\"847\" data-end=\"1117\"><b>K\u00e9szlet\u00fcnk napi szinten v\u00e1ltozik, ez\u00e9rt k\u00e9rj\u00fck, \u00e9rdekl\u0151dj\u00f6n szem\u00e9lyesen, telefonon vagy email-en.<br \/>\nA v\u00e1ltoztat\u00e1s jog\u00e1t fenntartjuk!<\/b><b>\u00a0 <\/b><a href=\"https:\/\/tajkertesz.com\/\">https:\/\/tajkertesz.com\/<\/a><\/p>\n<p><a href=\"https:\/\/www.facebook.com\/tajkertesz\/\">https:\/\/www.facebook.com\/tajkertesz\/ <\/a><\/p>\n<p>Kisz\u00e1ll\u00edt\u00e1s: 200cm-ig \u00e9s 40 kg-ig a sz\u00e1ll\u00edt\u00e1s fut\u00e1rszolg\u00e1lattal t\u00f6rt\u00e9nik.<\/p>\n<p>Szem\u00e9lyes \u00e1tv\u00e9tel nyitvatart\u00e1si id\u0151ben a 17. ker\u00fclet Bakancsos utca 7. sz\u00e1m alatti Kert\u00e9szeti \u00e1rud\u00e1nkban.<\/p>\n<p>Kert\u00e9p\u00edt\u0151k \u00e9s viszontelad\u00f3k regisztr\u00e1l\u00e1s ut\u00e1n egyedi kedvezm\u00e9nnyel v\u00e1s\u00e1rolhatnak kert\u00e9szeti kis-\u00e9s nagykeresked\u00e9s\u00fcnkben.<\/p>\n<p><strong>Az \u00e1rak egy darab term\u00e9kre vonatkoznak.<\/strong><\/p>\n<p><strong>J\u00f3 tudni!<\/strong><\/p>\n<p>K\u00e9pek-elt\u00e9r\u00e9sek:<\/p>\n<p>A n\u00f6v\u00e9nyekr\u0151l felt\u00f6lt\u00f6tt k\u00e9pek illusztr\u00e1ci\u00f3k. N\u00f6v\u00e9nyekn\u00e9l el\u0151fordulhatnak minim\u00e1lis elt\u00e9r\u00e9sek a k\u00e9peken szerepl\u0151 n\u00f6v\u00e9nyek \u00e9s az \u00e1tvett n\u00f6v\u00e9nyek k\u00f6z\u00f6tt, mivel minden n\u00f6v\u00e9ny egyedi.<\/p>\n<h4>N\u00f6v\u00e9nyek sz\u00e1ll\u00edt\u00e1sa:<\/h4>\n<p>A megrendelt n\u00f6v\u00e9nyeket igyeksz\u00fcnk a lehet\u0151 legbiztons\u00e1gosabban egyes\u00e9vel csomagolni, azonban a sz\u00e1ll\u00edt\u00e1s sor\u00e1n m\u00e9g ennek ellen\u00e9re is\u00a0bek\u00f6vetkezhetnek apr\u00f3bb s\u00e9r\u00fcl\u00e9sek (lev\u00e9l- vagy vir\u00e1ghull\u00e1s).<br \/>\nN\u00f6v\u00e9ny rendel\u00e9s eset\u00e9n k\u00e9rj\u00fck a k\u00e9zbes\u00edt\u00e9st k\u00f6vet\u0151en a lehet\u0151 leghamarabb bonts\u00e1k ki a csomagot.<\/p>\n<p>Abban az esetben, ha a megrendelt n\u00f6v\u00e9ny\u00a0a sz\u00e1ll\u00edt\u00e1st k\u00f6vet\u0151en\u00a0nem megfelel\u0151 gondoz\u00e1sban r\u00e9szes\u00fcl \u00e9s ebb\u0151l kifoly\u00f3lag\u00a0k\u00e1rosodik,\u00a0elpusztul, felel\u0151ss\u00e9get sajnos nem tudunk v\u00e1llalni.<\/p>\n<p>V\u00e1s\u00e1rl\u00e1st\u00f3l val\u00f3 el\u00e1ll\u00e1s \u00e9l\u0151 n\u00f6v\u00e9ny v\u00e1s\u00e1rl\u00e1sa eset\u00e9n:<\/p>\n<p>Az \u00e1ltal\u00e1nos 14 napos el\u00e1ll\u00e1s lehet\u0151s\u00e9ge \u00e9l\u0151 n\u00f6v\u00e9nyekre nem vonatkozik. V\u00e1s\u00e1rl\u00e1st\u00f3l val\u00f3 el\u00e1ll\u00e1sra, visszak\u00fcld\u00e9sre nincs lehet\u0151s\u00e9g.\u00a0(17\/1999. (II. 5.) Korm. rendelet 5c pontja)<\/p>\n<p><strong>K\u00e9rj\u00fck fentiek figyelembev\u00e9tel\u00e9t n\u00f6v\u00e9ny rendel\u00e9se sor\u00e1n!<\/strong><\/p>\n<p>&nbsp;<\/li>\n<\/ul>\n<p>&nbsp;<\/p>","protected":false},"excerpt":{"rendered":"<p>A n\u00f6v\u00e9ny m\u00e9retei: 60\/80 cm magas, 25 literes kont\u00e9nerben.<\/p>","protected":false},"featured_media":13901,"template":"","meta":{"_et_pb_use_builder":"","_et_pb_old_content":"","_et_gb_content_width":""},"product_brand":[],"product_cat":[26],"product_tag":[4486,4485,130,4412,1548],"class_list":{"0":"post-18059","1":"product","2":"type-product","3":"status-publish","4":"has-post-thumbnail","6":"product_cat-orokzold-novenyek","7":"product_tag-overeynderii","8":"product_tag-baccata","9":"product_tag-oszlopos","10":"product_tag-taxus","11":"product_tag-tiszafa","13":"first","14":"outofstock","15":"shipping-taxable","16":"purchasable","17":"product-type-simple"},"yoast_head":"<!-- This site is optimized with the Yoast SEO plugin v27.4 - https:\/\/yoast.com\/product\/yoast-seo-wordpress\/ -->\n<title>Taxus baccata \u2018Overeynderii\u2019 - Oszlopos tiszafa - T\u00e1jkert\u00e9sz<\/title>\n<meta name=\"description\" content=\"Taxus baccata \u2018Overeynderii\u2019 - Oszlopos tiszafa \u00e1gai mereven elfel\u00e9 t\u00f6rnek, 3-5 m magasra n\u00f6v\u0151 sz\u00e9les \u00f6r\u00f6kz\u00f6ld n\u00f6v\u00e9ny. T\u0171levelei s\u00f6t\u00e9tz\u00f6ldek.\" \/>\n<meta name=\"robots\" content=\"index, follow, max-snippet:-1, max-image-preview:large, max-video-preview:-1\" \/>\n<link rel=\"canonical\" href=\"https:\/\/tajkertesz.com\/en_US\/product\/taxus-baccata-overeynderii-oszlopos-tiszafa\/\" \/>\n<meta property=\"og:locale\" content=\"en_US\" \/>\n<meta property=\"og:type\" content=\"article\" \/>\n<meta property=\"og:title\" content=\"Taxus baccata \u2018Overeynderii\u2019 - Oszlopos tiszafa - T\u00e1jkert\u00e9sz\" \/>\n<meta property=\"og:description\" content=\"Taxus baccata \u2018Overeynderii\u2019 - Oszlopos tiszafa \u00e1gai mereven elfel\u00e9 t\u00f6rnek, 3-5 m magasra n\u00f6v\u0151 sz\u00e9les \u00f6r\u00f6kz\u00f6ld n\u00f6v\u00e9ny. T\u0171levelei s\u00f6t\u00e9tz\u00f6ldek.\" \/>\n<meta property=\"og:url\" content=\"https:\/\/tajkertesz.com\/en_US\/product\/taxus-baccata-overeynderii-oszlopos-tiszafa\/\" \/>\n<meta property=\"og:site_name\" content=\"T\u00e1jkert\u00e9sz\" \/>\n<meta property=\"article:publisher\" content=\"https:\/\/www.facebook.com\/Tajkertesz\/\" \/>\n<meta property=\"article:modified_time\" content=\"2026-02-25T14:59:42+00:00\" \/>\n<meta property=\"og:image\" content=\"https:\/\/tajkertesz.com\/wp-content\/uploads\/2022\/10\/20221022_144600-scaled.jpg\" \/>\n\t<meta property=\"og:image:width\" content=\"1154\" \/>\n\t<meta property=\"og:image:height\" content=\"2560\" \/>\n\t<meta property=\"og:image:type\" content=\"image\/jpeg\" \/>\n<meta name=\"twitter:card\" content=\"summary_large_image\" \/>\n<meta name=\"twitter:label1\" content=\"Est. reading time\" \/>\n\t<meta name=\"twitter:data1\" content=\"2 minutes\" \/>\n<script type=\"application\/ld+json\" class=\"yoast-schema-graph\">{\"@context\":\"https:\\\/\\\/schema.org\",\"@graph\":[{\"@type\":\"WebPage\",\"@id\":\"https:\\\/\\\/tajkertesz.com\\\/termek\\\/taxus-baccata-overeynderii-oszlopos-tiszafa\\\/\",\"url\":\"https:\\\/\\\/tajkertesz.com\\\/termek\\\/taxus-baccata-overeynderii-oszlopos-tiszafa\\\/\",\"name\":\"Taxus baccata \u2018Overeynderii\u2019 - Oszlopos tiszafa - T\u00e1jkert\u00e9sz\",\"isPartOf\":{\"@id\":\"https:\\\/\\\/tajkertesz.com\\\/#website\"},\"primaryImageOfPage\":{\"@id\":\"https:\\\/\\\/tajkertesz.com\\\/termek\\\/taxus-baccata-overeynderii-oszlopos-tiszafa\\\/#primaryimage\"},\"image\":{\"@id\":\"https:\\\/\\\/tajkertesz.com\\\/termek\\\/taxus-baccata-overeynderii-oszlopos-tiszafa\\\/#primaryimage\"},\"thumbnailUrl\":\"https:\\\/\\\/tajkertesz.com\\\/wp-content\\\/uploads\\\/2022\\\/10\\\/20221022_144600-scaled.jpg\",\"datePublished\":\"2023-11-29T10:21:50+00:00\",\"dateModified\":\"2026-02-25T14:59:42+00:00\",\"description\":\"Taxus baccata \u2018Overeynderii\u2019 - Oszlopos tiszafa \u00e1gai mereven elfel\u00e9 t\u00f6rnek, 3-5 m magasra n\u00f6v\u0151 sz\u00e9les \u00f6r\u00f6kz\u00f6ld n\u00f6v\u00e9ny. T\u0171levelei s\u00f6t\u00e9tz\u00f6ldek.\",\"breadcrumb\":{\"@id\":\"https:\\\/\\\/tajkertesz.com\\\/termek\\\/taxus-baccata-overeynderii-oszlopos-tiszafa\\\/#breadcrumb\"},\"inLanguage\":\"en-US\",\"potentialAction\":[{\"@type\":\"ReadAction\",\"target\":[\"https:\\\/\\\/tajkertesz.com\\\/termek\\\/taxus-baccata-overeynderii-oszlopos-tiszafa\\\/\"]}]},{\"@type\":\"ImageObject\",\"inLanguage\":\"en-US\",\"@id\":\"https:\\\/\\\/tajkertesz.com\\\/termek\\\/taxus-baccata-overeynderii-oszlopos-tiszafa\\\/#primaryimage\",\"url\":\"https:\\\/\\\/tajkertesz.com\\\/wp-content\\\/uploads\\\/2022\\\/10\\\/20221022_144600-scaled.jpg\",\"contentUrl\":\"https:\\\/\\\/tajkertesz.com\\\/wp-content\\\/uploads\\\/2022\\\/10\\\/20221022_144600-scaled.jpg\",\"width\":1154,\"height\":2560,\"caption\":\"Taxus baccata \u2018Overeynderii\u2019 - Oszlopos tiszafa\"},{\"@type\":\"BreadcrumbList\",\"@id\":\"https:\\\/\\\/tajkertesz.com\\\/termek\\\/taxus-baccata-overeynderii-oszlopos-tiszafa\\\/#breadcrumb\",\"itemListElement\":[{\"@type\":\"ListItem\",\"position\":1,\"name\":\"Home\",\"item\":\"https:\\\/\\\/tajkertesz.com\\\/\"},{\"@type\":\"ListItem\",\"position\":2,\"name\":\"Kezd\u0151lap\",\"item\":\"https:\\\/\\\/tajkertesz.com\\\/\"},{\"@type\":\"ListItem\",\"position\":3,\"name\":\"Taxus baccata \u2018Overeynderii\u2019 &#8211; Oszlopos tiszafa\"}]},{\"@type\":\"WebSite\",\"@id\":\"https:\\\/\\\/tajkertesz.com\\\/#website\",\"url\":\"https:\\\/\\\/tajkertesz.com\\\/\",\"name\":\"T\u00e1j-Kert\u00e9sz 84 Kft.\",\"description\":\"Kert\u00e9szeti kis- \u00e9s nagykeresked\u00e9s, D\u00edszn\u00f6v\u00e9ny web\u00e1ruh\u00e1z orsz\u00e1gos h\u00e1zhozsz\u00e1ll\u00edt\u00e1ssal!\",\"publisher\":{\"@id\":\"https:\\\/\\\/tajkertesz.com\\\/#organization\"},\"potentialAction\":[{\"@type\":\"SearchAction\",\"target\":{\"@type\":\"EntryPoint\",\"urlTemplate\":\"https:\\\/\\\/tajkertesz.com\\\/?s={search_term_string}\"},\"query-input\":{\"@type\":\"PropertyValueSpecification\",\"valueRequired\":true,\"valueName\":\"search_term_string\"}}],\"inLanguage\":\"en-US\"},{\"@type\":\"Organization\",\"@id\":\"https:\\\/\\\/tajkertesz.com\\\/#organization\",\"name\":\"T\u00e1j-Kert\u00e9sz 84 Kft.\",\"url\":\"https:\\\/\\\/tajkertesz.com\\\/\",\"logo\":{\"@type\":\"ImageObject\",\"inLanguage\":\"en-US\",\"@id\":\"https:\\\/\\\/tajkertesz.com\\\/#\\\/schema\\\/logo\\\/image\\\/\",\"url\":\"https:\\\/\\\/tajkertesz.com\\\/wp-content\\\/uploads\\\/2018\\\/02\\\/logo-2-e1518678052539.png\",\"contentUrl\":\"https:\\\/\\\/tajkertesz.com\\\/wp-content\\\/uploads\\\/2018\\\/02\\\/logo-2-e1518678052539.png\",\"width\":81,\"height\":140,\"caption\":\"T\u00e1j-Kert\u00e9sz 84 Kft.\"},\"image\":{\"@id\":\"https:\\\/\\\/tajkertesz.com\\\/#\\\/schema\\\/logo\\\/image\\\/\"},\"sameAs\":[\"https:\\\/\\\/www.facebook.com\\\/Tajkertesz\\\/\"]}]}<\/script>\n<!-- \/ Yoast SEO plugin. -->","yoast_head_json":{"title":"Taxus baccata \u2018Overeynderii\u2019 - Oszlopos tiszafa - T\u00e1jkert\u00e9sz","description":"Taxus baccata \u2018Overeynderii\u2019 - Oszlopos tiszafa \u00e1gai mereven elfel\u00e9 t\u00f6rnek, 3-5 m magasra n\u00f6v\u0151 sz\u00e9les \u00f6r\u00f6kz\u00f6ld n\u00f6v\u00e9ny. T\u0171levelei s\u00f6t\u00e9tz\u00f6ldek.","robots":{"index":"index","follow":"follow","max-snippet":"max-snippet:-1","max-image-preview":"max-image-preview:large","max-video-preview":"max-video-preview:-1"},"canonical":"https:\/\/tajkertesz.com\/en_US\/product\/taxus-baccata-overeynderii-oszlopos-tiszafa\/","og_locale":"en_US","og_type":"article","og_title":"Taxus baccata \u2018Overeynderii\u2019 - Oszlopos tiszafa - T\u00e1jkert\u00e9sz","og_description":"Taxus baccata \u2018Overeynderii\u2019 - Oszlopos tiszafa \u00e1gai mereven elfel\u00e9 t\u00f6rnek, 3-5 m magasra n\u00f6v\u0151 sz\u00e9les \u00f6r\u00f6kz\u00f6ld n\u00f6v\u00e9ny. T\u0171levelei s\u00f6t\u00e9tz\u00f6ldek.","og_url":"https:\/\/tajkertesz.com\/en_US\/product\/taxus-baccata-overeynderii-oszlopos-tiszafa\/","og_site_name":"T\u00e1jkert\u00e9sz","article_publisher":"https:\/\/www.facebook.com\/Tajkertesz\/","article_modified_time":"2026-02-25T14:59:42+00:00","og_image":[{"width":1154,"height":2560,"url":"https:\/\/tajkertesz.com\/wp-content\/uploads\/2022\/10\/20221022_144600-scaled.jpg","type":"image\/jpeg"}],"twitter_card":"summary_large_image","twitter_misc":{"Est. reading time":"2 minutes"},"schema":{"@context":"https:\/\/schema.org","@graph":[{"@type":"WebPage","@id":"https:\/\/tajkertesz.com\/termek\/taxus-baccata-overeynderii-oszlopos-tiszafa\/","url":"https:\/\/tajkertesz.com\/termek\/taxus-baccata-overeynderii-oszlopos-tiszafa\/","name":"Taxus baccata \u2018Overeynderii\u2019 - Oszlopos tiszafa - T\u00e1jkert\u00e9sz","isPartOf":{"@id":"https:\/\/tajkertesz.com\/#website"},"primaryImageOfPage":{"@id":"https:\/\/tajkertesz.com\/termek\/taxus-baccata-overeynderii-oszlopos-tiszafa\/#primaryimage"},"image":{"@id":"https:\/\/tajkertesz.com\/termek\/taxus-baccata-overeynderii-oszlopos-tiszafa\/#primaryimage"},"thumbnailUrl":"https:\/\/tajkertesz.com\/wp-content\/uploads\/2022\/10\/20221022_144600-scaled.jpg","datePublished":"2023-11-29T10:21:50+00:00","dateModified":"2026-02-25T14:59:42+00:00","description":"Taxus baccata \u2018Overeynderii\u2019 - Oszlopos tiszafa \u00e1gai mereven elfel\u00e9 t\u00f6rnek, 3-5 m magasra n\u00f6v\u0151 sz\u00e9les \u00f6r\u00f6kz\u00f6ld n\u00f6v\u00e9ny. T\u0171levelei s\u00f6t\u00e9tz\u00f6ldek.","breadcrumb":{"@id":"https:\/\/tajkertesz.com\/termek\/taxus-baccata-overeynderii-oszlopos-tiszafa\/#breadcrumb"},"inLanguage":"en-US","potentialAction":[{"@type":"ReadAction","target":["https:\/\/tajkertesz.com\/termek\/taxus-baccata-overeynderii-oszlopos-tiszafa\/"]}]},{"@type":"ImageObject","inLanguage":"en-US","@id":"https:\/\/tajkertesz.com\/termek\/taxus-baccata-overeynderii-oszlopos-tiszafa\/#primaryimage","url":"https:\/\/tajkertesz.com\/wp-content\/uploads\/2022\/10\/20221022_144600-scaled.jpg","contentUrl":"https:\/\/tajkertesz.com\/wp-content\/uploads\/2022\/10\/20221022_144600-scaled.jpg","width":1154,"height":2560,"caption":"Taxus baccata \u2018Overeynderii\u2019 - Oszlopos tiszafa"},{"@type":"BreadcrumbList","@id":"https:\/\/tajkertesz.com\/termek\/taxus-baccata-overeynderii-oszlopos-tiszafa\/#breadcrumb","itemListElement":[{"@type":"ListItem","position":1,"name":"Home","item":"https:\/\/tajkertesz.com\/"},{"@type":"ListItem","position":2,"name":"Kezd\u0151lap","item":"https:\/\/tajkertesz.com\/"},{"@type":"ListItem","position":3,"name":"Taxus baccata \u2018Overeynderii\u2019 &#8211; Oszlopos tiszafa"}]},{"@type":"WebSite","@id":"https:\/\/tajkertesz.com\/#website","url":"https:\/\/tajkertesz.com\/","name":"T\u00e1j-Kert\u00e9sz 84 Kft.","description":"Kert\u00e9szeti kis- \u00e9s nagykeresked\u00e9s, D\u00edszn\u00f6v\u00e9ny web\u00e1ruh\u00e1z orsz\u00e1gos h\u00e1zhozsz\u00e1ll\u00edt\u00e1ssal!","publisher":{"@id":"https:\/\/tajkertesz.com\/#organization"},"potentialAction":[{"@type":"SearchAction","target":{"@type":"EntryPoint","urlTemplate":"https:\/\/tajkertesz.com\/?s={search_term_string}"},"query-input":{"@type":"PropertyValueSpecification","valueRequired":true,"valueName":"search_term_string"}}],"inLanguage":"en-US"},{"@type":"Organization","@id":"https:\/\/tajkertesz.com\/#organization","name":"T\u00e1j-Kert\u00e9sz 84 Kft.","url":"https:\/\/tajkertesz.com\/","logo":{"@type":"ImageObject","inLanguage":"en-US","@id":"https:\/\/tajkertesz.com\/#\/schema\/logo\/image\/","url":"https:\/\/tajkertesz.com\/wp-content\/uploads\/2018\/02\/logo-2-e1518678052539.png","contentUrl":"https:\/\/tajkertesz.com\/wp-content\/uploads\/2018\/02\/logo-2-e1518678052539.png","width":81,"height":140,"caption":"T\u00e1j-Kert\u00e9sz 84 Kft."},"image":{"@id":"https:\/\/tajkertesz.com\/#\/schema\/logo\/image\/"},"sameAs":["https:\/\/www.facebook.com\/Tajkertesz\/"]}]}},"_links":{"self":[{"href":"https:\/\/tajkertesz.com\/en_US\/wp-json\/wp\/v2\/product\/18059","targetHints":{"allow":["GET"]}}],"collection":[{"href":"https:\/\/tajkertesz.com\/en_US\/wp-json\/wp\/v2\/product"}],"about":[{"href":"https:\/\/tajkertesz.com\/en_US\/wp-json\/wp\/v2\/types\/product"}],"wp:featuredmedia":[{"embeddable":true,"href":"https:\/\/tajkertesz.com\/en_US\/wp-json\/wp\/v2\/media\/13901"}],"wp:attachment":[{"href":"https:\/\/tajkertesz.com\/en_US\/wp-json\/wp\/v2\/media?parent=18059"}],"wp:term":[{"taxonomy":"product_brand","embeddable":true,"href":"https:\/\/tajkertesz.com\/en_US\/wp-json\/wp\/v2\/product_brand?post=18059"},{"taxonomy":"product_cat","embeddable":true,"href":"https:\/\/tajkertesz.com\/en_US\/wp-json\/wp\/v2\/product_cat?post=18059"},{"taxonomy":"product_tag","embeddable":true,"href":"https:\/\/tajkertesz.com\/en_US\/wp-json\/wp\/v2\/product_tag?post=18059"}],"curies":[{"name":"wp","href":"https:\/\/api.w.org\/{rel}","templated":true}]}}