{"id":18119,"date":"2024-10-12T07:30:22","date_gmt":"2024-10-12T07:30:22","guid":{"rendered":"https:\/\/tajkertesz.com\/?post_type=product&#038;p=18119"},"modified":"2026-02-25T09:45:46","modified_gmt":"2026-02-25T09:45:46","slug":"picea-glauca-conica-cukorsuvegfenyo-4","status":"publish","type":"product","link":"https:\/\/tajkertesz.com\/en_US\/product\/picea-glauca-conica-cukorsuvegfenyo-4\/","title":{"rendered":"Picea glauca &#8216;Conica&#8217; \u2013 Cukors\u00fcvegfeny\u0151"},"content":{"rendered":"<h1 class=\"product-page-heading\">Picea glauca &#8216;Conica&#8217; \u2013 Cukors\u00fcvegfeny\u0151<\/h1>\n<p>A Picea glauca \u2018Conica\u2019, k\u00f6zismert nev\u00e9n cukors\u00fcvegfeny\u0151, egy dekorat\u00edv, t\u00f6rpen\u00f6v\u00e9s\u0171 \u00f6r\u00f6kz\u00f6ld, amely \u00c9szak-Amerik\u00e1ban honos.<\/p>\n<h2>A Picea glauca \u2018Conica\u2019 jellemz\u0151i<\/h2>\n<p>Lass\u00fa n\u00f6veked\u00e9s\u0171, szab\u00e1lyos k\u00fap alak\u00fa n\u00f6v\u00e9ny, amely \u00e1ltal\u00e1ban 1,5-2 m\u00e9ter magasra n\u0151 meg. T\u0171levelei vil\u00e1gosz\u00f6ldek \u00e9s kiss\u00e9 sz\u00far\u00f3sak. A cukors\u00fcvegfeny\u0151 j\u00f3l \u00e9rzi mag\u00e1t f\u00e9l\u00e1rny\u00e9kos helyen, j\u00f3 v\u00edzell\u00e1totts\u00e1g\u00fa, t\u00e1panyagban gazdag talajban12. Fontos a rendszeres \u00f6nt\u00f6z\u00e9s, k\u00fcl\u00f6n\u00f6sen, ha napos helyre \u00fcltetj\u00fck. Gondoz\u00e1sa nem bonyolult, de figyelni kell a megfelel\u0151 v\u00edzell\u00e1t\u00e1sra, mivel a sz\u00e1raz leveg\u0151t \u00e9s a nagy h\u0151s\u00e9get nem kedveli. Szapor\u00edtani dugv\u00e1nyoz\u00e1ssal lehet.<\/p>\n<h3>A cukors\u00fcvegfeny\u0151 ig\u00e9nyei:<\/h3>\n<ol>\n<li><strong>F\u00e9nyviszonyok<\/strong>: F\u00e9l\u00e1rny\u00e9kos helyet kedvel, de elviseli a napos helyeket is, ha megfelel\u0151en \u00f6nt\u00f6zik.<\/li>\n<li><strong>Talaj<\/strong>: J\u00f3 v\u00edzelvezet\u00e9s\u0171, t\u00e1panyagban gazdag talajban fejl\u0151dik a legjobban. A savany\u00fa talajt r\u00e9szes\u00edti el\u0151nyben.<\/li>\n<li><strong>\u00d6nt\u00f6z\u00e9s<\/strong>: Rendszeres \u00f6nt\u00f6z\u00e9st ig\u00e9nyel, k\u00fcl\u00f6n\u00f6sen meleg, sz\u00e1raz id\u0151szakokban. Fontos, hogy a talaj ne sz\u00e1radjon ki teljesen.<\/li>\n<li><strong>H\u0151m\u00e9rs\u00e9klet<\/strong>: A m\u00e9rs\u00e9kelt \u00e9ghajlatot kedveli, \u00e9s j\u00f3l t\u0171ri a hideget. A nagy h\u0151s\u00e9get \u00e9s a sz\u00e1raz leveg\u0151t kev\u00e9sb\u00e9 viseli j\u00f3l.<\/li>\n<li><strong>Sz\u00e9lv\u00e9delem<\/strong>: \u00c9rdemes sz\u00e9lv\u00e9dett helyre \u00fcltetni, mivel a hideg, sz\u00e1r\u00edt\u00f3 szelek k\u00e1ros\u00edthatj\u00e1k.<\/li>\n<\/ol>\n<p>&nbsp;<\/p>\n<p>Kertbe \u00fcltet\u00e9skor javasoljuk a marhatr\u00e1gya haszn\u00e1lat\u00e1t az \u00fcltet\u0151 g\u00f6d\u00f6rbe! <span style=\"color: #ff0000;\"><a style=\"color: #ff0000;\" href=\"https:\/\/tajkertesz.com\/termek\/marhatragya-15-literes\/\">Katt. ide!<\/a><\/span><\/p>\n<p>Valamint a t\u0151zeget:<span style=\"color: #ff0000;\"> <a style=\"color: #ff0000;\" href=\"https:\/\/tajkertesz.com\/termek\/florimo-tozegkocka-25-l\/\">Katt. ide!<\/a><\/span><\/p>\n<p>Balkonl\u00e1d\u00e1ba\/d\u00e9zs\u00e1ba \u00fcltetve az \u00f6r\u00f6kz\u00f6ldeknek val\u00f3 f\u00f6ldet javasoljuk: <span style=\"color: #ff0000;\">Katt. ide.<\/span><\/p>\n<p>Jelenlegi term\u00e9k\u00fcnk 25\/35 cm magas, 2 literes kont\u00e9nerben kaphat\u00f3.<\/p>\n<p><b><span style=\"font-family: 'Ubuntu',serif; color: black;\">K\u00e9szlet\u00fcnk napi szinten v\u00e1ltozik, ez\u00e9rt k\u00e9rj\u00fck, \u00e9rdekl\u0151dj\u00f6n szem\u00e9lyesen, telefonon vagy email-en.<\/span><\/b><\/p>\n<p style=\"line-height: 18.0pt; background: white; margin: 0cm 0cm 15.0pt 0cm;\"><b><span style=\"font-family: 'Ubuntu',serif; color: black;\">A v\u00e1ltoztat\u00e1s jog\u00e1t fenntartjuk!\u00a0<\/span><\/b><\/p>\n<p><a href=\"https:\/\/tajkertesz.com\/\">https:\/\/tajkertesz.com\/<\/a><\/p>\n<p><a href=\"https:\/\/www.facebook.com\/tajkertesz\">https:\/\/www.facebook.com\/tajkertesz<\/a><\/p>\n<p>A n\u00f6v\u00e9nyekr\u0151l felt\u00f6lt\u00f6tt k\u00e9pek illusztr\u00e1ci\u00f3k. N\u00f6v\u00e9nyekn\u00e9l el\u0151fordulhatnak minim\u00e1lis elt\u00e9r\u00e9sek a k\u00e9peken szerepl\u0151 n\u00f6v\u00e9nyek \u00e9s az \u00e1tvett n\u00f6v\u00e9nyek k\u00f6z\u00f6tt, mivel minden n\u00f6v\u00e9ny egyedi.<\/p>\n<p>N\u00f6v\u00e9nyek sz\u00e1ll\u00edt\u00e1sa:<\/p>\n<p>A megrendelt n\u00f6v\u00e9nyeket igyeksz\u00fcnk a lehet\u0151 legbiztons\u00e1gosabban egyes\u00e9vel csomagolni, azonban a sz\u00e1ll\u00edt\u00e1s sor\u00e1n m\u00e9g ennek ellen\u00e9re is\u00a0bek\u00f6vetkezhetnek apr\u00f3bb s\u00e9r\u00fcl\u00e9sek (lev\u00e9l- vagy vir\u00e1ghull\u00e1s).<br \/>\nN\u00f6v\u00e9ny rendel\u00e9s eset\u00e9n k\u00e9rj\u00fck a k\u00e9zbes\u00edt\u00e9st k\u00f6vet\u0151en a lehet\u0151 leghamarabb bonts\u00e1k ki a csomagot.<\/p>\n<p>Abban az esetben, ha a megrendelt n\u00f6v\u00e9ny\u00a0a sz\u00e1ll\u00edt\u00e1st k\u00f6vet\u0151en\u00a0nem megfelel\u0151 gondoz\u00e1sban r\u00e9szes\u00fcl \u00e9s ebb\u0151l kifoly\u00f3lag\u00a0k\u00e1rosodik,\u00a0elpusztul, felel\u0151ss\u00e9get sajnos nem tudunk v\u00e1llalni.<\/p>\n<p>V\u00e1s\u00e1rl\u00e1st\u00f3l val\u00f3 el\u00e1ll\u00e1s \u00e9l\u0151 n\u00f6v\u00e9ny v\u00e1s\u00e1rl\u00e1sa eset\u00e9n:<\/p>\n<p>Az \u00e1ltal\u00e1nos 14 napos el\u00e1ll\u00e1s lehet\u0151s\u00e9ge \u00e9l\u0151 n\u00f6v\u00e9nyekre nem vonatkozik. V\u00e1s\u00e1rl\u00e1st\u00f3l val\u00f3 el\u00e1ll\u00e1sra, visszak\u00fcld\u00e9sre nincs lehet\u0151s\u00e9g.\u00a0(17\/1999. (II. 5.) Korm. rendelet 5c pontja)<\/p>\n<p><strong>K\u00e9rj\u00fck fentiek figyelembev\u00e9tel\u00e9t n\u00f6v\u00e9ny rendel\u00e9se sor\u00e1n!<\/strong><\/p>","protected":false},"excerpt":{"rendered":"<p>Picea glauca &#8216;Conica&#8217; \u2013 Cukors\u00fcvegfeny\u0151<\/p>","protected":false},"featured_media":21345,"template":"","meta":{"_et_pb_use_builder":"","_et_pb_old_content":"","_et_gb_content_width":""},"product_brand":[],"product_cat":[4033],"product_tag":[3383],"class_list":{"0":"post-18119","1":"product","2":"type-product","3":"status-publish","4":"has-post-thumbnail","6":"product_cat-cukorsuveg-fenyok","7":"product_tag-picea-glauca-conica-cukorsuvegfenyo","9":"first","10":"instock","11":"shipping-taxable","12":"purchasable","13":"product-type-simple"},"yoast_head":"<!-- This site is optimized with the Yoast SEO plugin v27.5 - https:\/\/yoast.com\/product\/yoast-seo-wordpress\/ -->\n<title>Picea glauca &#039;Conica&#039; \u2013 Cukors\u00fcvegfeny\u0151 - T\u00e1jkert\u00e9sz<\/title>\n<meta name=\"description\" content=\"Picea glauca &#039;Conica&#039; \u2013 Cukors\u00fcvegfeny\u0151 k\u00f6zismert nev\u00e9n cukors\u00fcvegfeny\u0151, egy dekorat\u00edv, t\u00f6rpen\u00f6v\u00e9s\u0171 \u00f6r\u00f6kz\u00f6ld, amely \u00c9szak-Amerik\u00e1ban honos.\" \/>\n<meta name=\"robots\" content=\"index, follow, max-snippet:-1, max-image-preview:large, max-video-preview:-1\" \/>\n<link rel=\"canonical\" href=\"https:\/\/tajkertesz.com\/en_US\/product\/picea-glauca-conica-cukorsuvegfenyo-4\/\" \/>\n<meta property=\"og:locale\" content=\"en_US\" \/>\n<meta property=\"og:type\" content=\"article\" \/>\n<meta property=\"og:title\" content=\"Picea glauca &#039;Conica&#039; \u2013 Cukors\u00fcvegfeny\u0151 - T\u00e1jkert\u00e9sz\" \/>\n<meta property=\"og:description\" content=\"Picea glauca &#039;Conica&#039; \u2013 Cukors\u00fcvegfeny\u0151 k\u00f6zismert nev\u00e9n cukors\u00fcvegfeny\u0151, egy dekorat\u00edv, t\u00f6rpen\u00f6v\u00e9s\u0171 \u00f6r\u00f6kz\u00f6ld, amely \u00c9szak-Amerik\u00e1ban honos.\" \/>\n<meta property=\"og:url\" content=\"https:\/\/tajkertesz.com\/en_US\/product\/picea-glauca-conica-cukorsuvegfenyo-4\/\" \/>\n<meta property=\"og:site_name\" content=\"T\u00e1jkert\u00e9sz\" \/>\n<meta property=\"article:publisher\" content=\"https:\/\/www.facebook.com\/Tajkertesz\/\" \/>\n<meta property=\"article:modified_time\" content=\"2026-02-25T09:45:46+00:00\" \/>\n<meta property=\"og:image\" content=\"https:\/\/tajkertesz.com\/wp-content\/uploads\/2023\/12\/20241009_082755-scaled.jpg\" \/>\n\t<meta property=\"og:image:width\" content=\"1920\" \/>\n\t<meta property=\"og:image:height\" content=\"2560\" \/>\n\t<meta property=\"og:image:type\" content=\"image\/jpeg\" \/>\n<meta name=\"twitter:card\" content=\"summary_large_image\" \/>\n<meta name=\"twitter:label1\" content=\"Est. reading time\" \/>\n\t<meta name=\"twitter:data1\" content=\"3 minutes\" \/>\n<script type=\"application\/ld+json\" class=\"yoast-schema-graph\">{\"@context\":\"https:\\\/\\\/schema.org\",\"@graph\":[{\"@type\":\"WebPage\",\"@id\":\"https:\\\/\\\/tajkertesz.com\\\/termek\\\/picea-glauca-conica-cukorsuvegfenyo-4\\\/\",\"url\":\"https:\\\/\\\/tajkertesz.com\\\/termek\\\/picea-glauca-conica-cukorsuvegfenyo-4\\\/\",\"name\":\"Picea glauca 'Conica' \u2013 Cukors\u00fcvegfeny\u0151 - T\u00e1jkert\u00e9sz\",\"isPartOf\":{\"@id\":\"https:\\\/\\\/tajkertesz.com\\\/#website\"},\"primaryImageOfPage\":{\"@id\":\"https:\\\/\\\/tajkertesz.com\\\/termek\\\/picea-glauca-conica-cukorsuvegfenyo-4\\\/#primaryimage\"},\"image\":{\"@id\":\"https:\\\/\\\/tajkertesz.com\\\/termek\\\/picea-glauca-conica-cukorsuvegfenyo-4\\\/#primaryimage\"},\"thumbnailUrl\":\"https:\\\/\\\/tajkertesz.com\\\/wp-content\\\/uploads\\\/2023\\\/12\\\/20241009_082755-scaled.jpg\",\"datePublished\":\"2024-10-12T07:30:22+00:00\",\"dateModified\":\"2026-02-25T09:45:46+00:00\",\"description\":\"Picea glauca 'Conica' \u2013 Cukors\u00fcvegfeny\u0151 k\u00f6zismert nev\u00e9n cukors\u00fcvegfeny\u0151, egy dekorat\u00edv, t\u00f6rpen\u00f6v\u00e9s\u0171 \u00f6r\u00f6kz\u00f6ld, amely \u00c9szak-Amerik\u00e1ban honos.\",\"breadcrumb\":{\"@id\":\"https:\\\/\\\/tajkertesz.com\\\/termek\\\/picea-glauca-conica-cukorsuvegfenyo-4\\\/#breadcrumb\"},\"inLanguage\":\"en-US\",\"potentialAction\":[{\"@type\":\"ReadAction\",\"target\":[\"https:\\\/\\\/tajkertesz.com\\\/termek\\\/picea-glauca-conica-cukorsuvegfenyo-4\\\/\"]}]},{\"@type\":\"ImageObject\",\"inLanguage\":\"en-US\",\"@id\":\"https:\\\/\\\/tajkertesz.com\\\/termek\\\/picea-glauca-conica-cukorsuvegfenyo-4\\\/#primaryimage\",\"url\":\"https:\\\/\\\/tajkertesz.com\\\/wp-content\\\/uploads\\\/2023\\\/12\\\/20241009_082755-scaled.jpg\",\"contentUrl\":\"https:\\\/\\\/tajkertesz.com\\\/wp-content\\\/uploads\\\/2023\\\/12\\\/20241009_082755-scaled.jpg\",\"width\":1920,\"height\":2560,\"caption\":\"Picea glauca 'Conica' - Cukors\u00fcvegfeny\u0151\"},{\"@type\":\"BreadcrumbList\",\"@id\":\"https:\\\/\\\/tajkertesz.com\\\/termek\\\/picea-glauca-conica-cukorsuvegfenyo-4\\\/#breadcrumb\",\"itemListElement\":[{\"@type\":\"ListItem\",\"position\":1,\"name\":\"Home\",\"item\":\"https:\\\/\\\/tajkertesz.com\\\/\"},{\"@type\":\"ListItem\",\"position\":2,\"name\":\"Kezd\u0151lap\",\"item\":\"https:\\\/\\\/tajkertesz.com\\\/\"},{\"@type\":\"ListItem\",\"position\":3,\"name\":\"Picea glauca &#8216;Conica&#8217; \u2013 Cukors\u00fcvegfeny\u0151\"}]},{\"@type\":\"WebSite\",\"@id\":\"https:\\\/\\\/tajkertesz.com\\\/#website\",\"url\":\"https:\\\/\\\/tajkertesz.com\\\/\",\"name\":\"T\u00e1j-Kert\u00e9sz 84 Kft.\",\"description\":\"Kert\u00e9szeti kis- \u00e9s nagykeresked\u00e9s, D\u00edszn\u00f6v\u00e9ny web\u00e1ruh\u00e1z orsz\u00e1gos h\u00e1zhozsz\u00e1ll\u00edt\u00e1ssal!\",\"publisher\":{\"@id\":\"https:\\\/\\\/tajkertesz.com\\\/#organization\"},\"potentialAction\":[{\"@type\":\"SearchAction\",\"target\":{\"@type\":\"EntryPoint\",\"urlTemplate\":\"https:\\\/\\\/tajkertesz.com\\\/?s={search_term_string}\"},\"query-input\":{\"@type\":\"PropertyValueSpecification\",\"valueRequired\":true,\"valueName\":\"search_term_string\"}}],\"inLanguage\":\"en-US\"},{\"@type\":\"Organization\",\"@id\":\"https:\\\/\\\/tajkertesz.com\\\/#organization\",\"name\":\"T\u00e1j-Kert\u00e9sz 84 Kft.\",\"url\":\"https:\\\/\\\/tajkertesz.com\\\/\",\"logo\":{\"@type\":\"ImageObject\",\"inLanguage\":\"en-US\",\"@id\":\"https:\\\/\\\/tajkertesz.com\\\/#\\\/schema\\\/logo\\\/image\\\/\",\"url\":\"https:\\\/\\\/tajkertesz.com\\\/wp-content\\\/uploads\\\/2018\\\/02\\\/logo-2-e1518678052539.png\",\"contentUrl\":\"https:\\\/\\\/tajkertesz.com\\\/wp-content\\\/uploads\\\/2018\\\/02\\\/logo-2-e1518678052539.png\",\"width\":81,\"height\":140,\"caption\":\"T\u00e1j-Kert\u00e9sz 84 Kft.\"},\"image\":{\"@id\":\"https:\\\/\\\/tajkertesz.com\\\/#\\\/schema\\\/logo\\\/image\\\/\"},\"sameAs\":[\"https:\\\/\\\/www.facebook.com\\\/Tajkertesz\\\/\"]}]}<\/script>\n<!-- \/ Yoast SEO plugin. -->","yoast_head_json":{"title":"Picea glauca 'Conica' \u2013 Cukors\u00fcvegfeny\u0151 - T\u00e1jkert\u00e9sz","description":"Picea glauca 'Conica' \u2013 Cukors\u00fcvegfeny\u0151 k\u00f6zismert nev\u00e9n cukors\u00fcvegfeny\u0151, egy dekorat\u00edv, t\u00f6rpen\u00f6v\u00e9s\u0171 \u00f6r\u00f6kz\u00f6ld, amely \u00c9szak-Amerik\u00e1ban honos.","robots":{"index":"index","follow":"follow","max-snippet":"max-snippet:-1","max-image-preview":"max-image-preview:large","max-video-preview":"max-video-preview:-1"},"canonical":"https:\/\/tajkertesz.com\/en_US\/product\/picea-glauca-conica-cukorsuvegfenyo-4\/","og_locale":"en_US","og_type":"article","og_title":"Picea glauca 'Conica' \u2013 Cukors\u00fcvegfeny\u0151 - T\u00e1jkert\u00e9sz","og_description":"Picea glauca 'Conica' \u2013 Cukors\u00fcvegfeny\u0151 k\u00f6zismert nev\u00e9n cukors\u00fcvegfeny\u0151, egy dekorat\u00edv, t\u00f6rpen\u00f6v\u00e9s\u0171 \u00f6r\u00f6kz\u00f6ld, amely \u00c9szak-Amerik\u00e1ban honos.","og_url":"https:\/\/tajkertesz.com\/en_US\/product\/picea-glauca-conica-cukorsuvegfenyo-4\/","og_site_name":"T\u00e1jkert\u00e9sz","article_publisher":"https:\/\/www.facebook.com\/Tajkertesz\/","article_modified_time":"2026-02-25T09:45:46+00:00","og_image":[{"width":1920,"height":2560,"url":"https:\/\/tajkertesz.com\/wp-content\/uploads\/2023\/12\/20241009_082755-scaled.jpg","type":"image\/jpeg"}],"twitter_card":"summary_large_image","twitter_misc":{"Est. reading time":"3 minutes"},"schema":{"@context":"https:\/\/schema.org","@graph":[{"@type":"WebPage","@id":"https:\/\/tajkertesz.com\/termek\/picea-glauca-conica-cukorsuvegfenyo-4\/","url":"https:\/\/tajkertesz.com\/termek\/picea-glauca-conica-cukorsuvegfenyo-4\/","name":"Picea glauca 'Conica' \u2013 Cukors\u00fcvegfeny\u0151 - T\u00e1jkert\u00e9sz","isPartOf":{"@id":"https:\/\/tajkertesz.com\/#website"},"primaryImageOfPage":{"@id":"https:\/\/tajkertesz.com\/termek\/picea-glauca-conica-cukorsuvegfenyo-4\/#primaryimage"},"image":{"@id":"https:\/\/tajkertesz.com\/termek\/picea-glauca-conica-cukorsuvegfenyo-4\/#primaryimage"},"thumbnailUrl":"https:\/\/tajkertesz.com\/wp-content\/uploads\/2023\/12\/20241009_082755-scaled.jpg","datePublished":"2024-10-12T07:30:22+00:00","dateModified":"2026-02-25T09:45:46+00:00","description":"Picea glauca 'Conica' \u2013 Cukors\u00fcvegfeny\u0151 k\u00f6zismert nev\u00e9n cukors\u00fcvegfeny\u0151, egy dekorat\u00edv, t\u00f6rpen\u00f6v\u00e9s\u0171 \u00f6r\u00f6kz\u00f6ld, amely \u00c9szak-Amerik\u00e1ban honos.","breadcrumb":{"@id":"https:\/\/tajkertesz.com\/termek\/picea-glauca-conica-cukorsuvegfenyo-4\/#breadcrumb"},"inLanguage":"en-US","potentialAction":[{"@type":"ReadAction","target":["https:\/\/tajkertesz.com\/termek\/picea-glauca-conica-cukorsuvegfenyo-4\/"]}]},{"@type":"ImageObject","inLanguage":"en-US","@id":"https:\/\/tajkertesz.com\/termek\/picea-glauca-conica-cukorsuvegfenyo-4\/#primaryimage","url":"https:\/\/tajkertesz.com\/wp-content\/uploads\/2023\/12\/20241009_082755-scaled.jpg","contentUrl":"https:\/\/tajkertesz.com\/wp-content\/uploads\/2023\/12\/20241009_082755-scaled.jpg","width":1920,"height":2560,"caption":"Picea glauca 'Conica' - Cukors\u00fcvegfeny\u0151"},{"@type":"BreadcrumbList","@id":"https:\/\/tajkertesz.com\/termek\/picea-glauca-conica-cukorsuvegfenyo-4\/#breadcrumb","itemListElement":[{"@type":"ListItem","position":1,"name":"Home","item":"https:\/\/tajkertesz.com\/"},{"@type":"ListItem","position":2,"name":"Kezd\u0151lap","item":"https:\/\/tajkertesz.com\/"},{"@type":"ListItem","position":3,"name":"Picea glauca &#8216;Conica&#8217; \u2013 Cukors\u00fcvegfeny\u0151"}]},{"@type":"WebSite","@id":"https:\/\/tajkertesz.com\/#website","url":"https:\/\/tajkertesz.com\/","name":"T\u00e1j-Kert\u00e9sz 84 Kft.","description":"Kert\u00e9szeti kis- \u00e9s nagykeresked\u00e9s, D\u00edszn\u00f6v\u00e9ny web\u00e1ruh\u00e1z orsz\u00e1gos h\u00e1zhozsz\u00e1ll\u00edt\u00e1ssal!","publisher":{"@id":"https:\/\/tajkertesz.com\/#organization"},"potentialAction":[{"@type":"SearchAction","target":{"@type":"EntryPoint","urlTemplate":"https:\/\/tajkertesz.com\/?s={search_term_string}"},"query-input":{"@type":"PropertyValueSpecification","valueRequired":true,"valueName":"search_term_string"}}],"inLanguage":"en-US"},{"@type":"Organization","@id":"https:\/\/tajkertesz.com\/#organization","name":"T\u00e1j-Kert\u00e9sz 84 Kft.","url":"https:\/\/tajkertesz.com\/","logo":{"@type":"ImageObject","inLanguage":"en-US","@id":"https:\/\/tajkertesz.com\/#\/schema\/logo\/image\/","url":"https:\/\/tajkertesz.com\/wp-content\/uploads\/2018\/02\/logo-2-e1518678052539.png","contentUrl":"https:\/\/tajkertesz.com\/wp-content\/uploads\/2018\/02\/logo-2-e1518678052539.png","width":81,"height":140,"caption":"T\u00e1j-Kert\u00e9sz 84 Kft."},"image":{"@id":"https:\/\/tajkertesz.com\/#\/schema\/logo\/image\/"},"sameAs":["https:\/\/www.facebook.com\/Tajkertesz\/"]}]}},"_links":{"self":[{"href":"https:\/\/tajkertesz.com\/en_US\/wp-json\/wp\/v2\/product\/18119","targetHints":{"allow":["GET"]}}],"collection":[{"href":"https:\/\/tajkertesz.com\/en_US\/wp-json\/wp\/v2\/product"}],"about":[{"href":"https:\/\/tajkertesz.com\/en_US\/wp-json\/wp\/v2\/types\/product"}],"wp:featuredmedia":[{"embeddable":true,"href":"https:\/\/tajkertesz.com\/en_US\/wp-json\/wp\/v2\/media\/21345"}],"wp:attachment":[{"href":"https:\/\/tajkertesz.com\/en_US\/wp-json\/wp\/v2\/media?parent=18119"}],"wp:term":[{"taxonomy":"product_brand","embeddable":true,"href":"https:\/\/tajkertesz.com\/en_US\/wp-json\/wp\/v2\/product_brand?post=18119"},{"taxonomy":"product_cat","embeddable":true,"href":"https:\/\/tajkertesz.com\/en_US\/wp-json\/wp\/v2\/product_cat?post=18119"},{"taxonomy":"product_tag","embeddable":true,"href":"https:\/\/tajkertesz.com\/en_US\/wp-json\/wp\/v2\/product_tag?post=18119"}],"curies":[{"name":"wp","href":"https:\/\/api.w.org\/{rel}","templated":true}]}}