{"id":18749,"date":"2024-01-23T10:37:17","date_gmt":"2024-01-23T10:37:17","guid":{"rendered":"https:\/\/tajkertesz.com\/?post_type=product&#038;p=18749"},"modified":"2026-02-28T11:20:18","modified_gmt":"2026-02-28T11:20:18","slug":"salata-majus-kiralya-fejessalata-drazsirozott","status":"publish","type":"product","link":"https:\/\/tajkertesz.com\/en_US\/product\/salata-majus-kiralya-fejessalata-drazsirozott\/","title":{"rendered":"Sal\u00e1ta M\u00e1jus kir\u00e1lya fejessal\u00e1ta drazs\u00edrozott"},"content":{"rendered":"<h2>Sal\u00e1ta M\u00e1jus kir\u00e1lya fejessal\u00e1ta drazs\u00edrozott<\/h2>\n<p>Sal\u00e1ta M\u00e1jus kir\u00e1lya fejessal\u00e1ta egy kiv\u00e1l\u00f3 min\u0151s\u00e9g\u0171, korai szabadf\u00f6ldi sal\u00e1tavari\u00e1ns. Az \u00e9r\u00e9si id\u0151szaka miatt a fajta neve is utal r\u00e1: m\u00e1r kor\u00e1n a szezonban \u00e9lvezhetj\u00fck friss \u00edz\u00e9t \u00e9s t\u00e1pl\u00e1l\u00f3 tulajdons\u00e1gait. A M\u00e1jus kir\u00e1lya sal\u00e1ta termeszt\u00e9se viszonylag egyszer\u0171. Ebben a fajta is seg\u00edts\u00e9g\u00fcnkre van, hiszen k\u00e9s\u0151bb fejleszti ki magsz\u00e1r\u00e1t, ami miatt kiv\u00e1l\u00f3an alkalmazkodik az \u0151szi \u00e9s tavaszi f\u00f3lia alatti hajt\u00e1sokhoz. Ezen k\u00f6r\u00fclm\u00e9nyek k\u00f6z\u00f6tt is jelent\u0151s term\u00e9st hozhat, \u00edgy hosszabb id\u0151n kereszt\u00fcl \u00e9lvezhet\u0151.<\/p>\n<p>R\u00e9dei Kertimag<\/p>\n<p>Fejessal\u00e1ta\u00a0(Lactuca sativa)<\/p>\n<table>\n<tbody>\n<tr>\n<td colspan=\"2\">\n<table class=\"csoportinfo\" cellspacing=\"0\">\n<tbody>\n<tr class=\"csoportinfofejlec\">\n<td class=\"csoportinfofejlec\" width=\"15%\">magsz\u00e1m\/gramm<\/td>\n<td class=\"csoportinfofejlec\" width=\"19%\">vet\u0151magig\u00e9ny g\/10nm<\/td>\n<td class=\"csoportinfofejlec\" width=\"19%\">vet\u00e9sid\u0151 szabadf\u00f6ldi termeszt\u00e9shez<\/td>\n<td class=\"csoportinfofejlec\" width=\"15%\">vet\u00e9sm\u00e9lys\u00e9g cm<\/td>\n<td class=\"csoportinfofejlec\" width=\"17%\">sor- \u00e9s t\u0151t\u00e1vols\u00e1g cm<\/td>\n<td class=\"csoportinfofejlec\" width=\"15%\">cs\u00edr\u00e1z\u00e1si nap<br \/>\n12-18C fokon<\/td>\n<\/tr>\n<tr class=\"csoportinfotorzs\">\n<td class=\"csoportinfotorzs\">800-1000<\/td>\n<td class=\"csoportinfotorzs\">2<\/td>\n<td class=\"csoportinfotorzs\">III-IV, VIII-IX. h\u00f3nap<\/td>\n<td class=\"csoportinfotorzs\">0,5-1<\/td>\n<td class=\"csoportinfotorzs\">30 x 20<\/td>\n<td class=\"csoportinfotorzs\">5-6 nap<\/td>\n<\/tr>\n<\/tbody>\n<\/table>\n<\/td>\n<\/tr>\n<tr>\n<td colspan=\"2\">\n<p align=\"justify\">A sal\u00e1ta cs\u00edr\u00e1z\u00e1s\u00e1t h\u00e1tr\u00e1ltatja a t\u00fal magas h\u0151m\u00e9rs\u00e9klet (20 \u00b0C felett), ez\u00e9rt m\u00e9g a ny\u00e1ri termeszt\u00e9sre alkalmas fajt\u00e1kat se vess\u00fck el 20 \u00b0C feletti ny\u00e1ri h\u0151s\u00e9gben, ha nem tudunk sz\u00e1mukra folyamatosan nedves talajt biztos\u00edtani.<br \/>\n<b>A sal\u00e1t\u00e1k csoportos\u00edt\u00e1sa:<\/b><br \/>\n<b>Termeszt\u00e9si id\u0151szak szerint:<\/b>\u00a0hajtat\u00e1si (\u0151sz, t\u00e9l, tavasz), szabadf\u00f6ldi (tavasz, ny\u00e1r, \u0151sz), \u00e1ttelel\u0151<br \/>\n<b>A levelek t\u00edpusa szerint:<\/b>\u00a0fejes sal\u00e1ta, j\u00e9gsal\u00e1ta, t\u00e9p\u0151sal\u00e1ta<br \/>\n<b>K\u00fcl\u00f6nleges sal\u00e1taf\u00e9les\u00e9gek:<\/b>\u00a0r\u00f3mai sal\u00e1ta (k\u00f6t\u00f6z\u0151sal\u00e1ta), cik\u00f3ria-, end\u00edvia-, rukkola-, mad\u00e1r-, vagy mezei sal\u00e1ta<br \/>\n<b>Tipp:<\/b>\u00a0a sal\u00e1tapal\u00e1nt\u00e1kat nem szabad m\u00e9lyebbre \u00fcltetni, mint ahogy a pal\u00e1ntanevel\u0151 helyen \u00e1lltak. A sal\u00e1ta j\u00f3 szomsz\u00e9dja a bab, bors\u00f3, uborka, k\u00e1posztaf\u00e9l\u00e9k, retek, paradicsom, hagyma. Ne \u00fcltess\u00fcnk a sal\u00e1ta mell\u00e9 petrezselymet, zellert \u00e9s c\u00e9kl\u00e1t. \u00c1lland\u00f3an tartsuk nedvesen a sal\u00e1t\u00e1t, sz\u00e1razs\u00e1gban hamar magsz\u00e1rat hoz \u00e9s az \u00edze is keser\u0171 lesz. A pal\u00e1nt\u00e1zott sal\u00e1ta hamarabb megy magsz\u00e1rba, mint a helybevetett.<\/p>\n<p><strong>K\u00e9szlet\u00fcnk napi szinten v\u00e1ltozik, ez\u00e9rt k\u00e9rj\u00fck, \u00e9rdekl\u0151dj\u00f6n szem\u00e9lyesen, telefonon vagy email-en.<br \/>\nA v\u00e1ltoztat\u00e1s jog\u00e1t fenntartjuk!\u00a0<\/strong><\/p>\n<p><a href=\"https:\/\/tajkertesz.com\/\">https:\/\/tajkertesz.com\/<\/a><\/p>\n<p><a href=\"https:\/\/www.facebook.com\/tajkertesz\/\">https:\/\/www.facebook.com\/tajkertesz\/<\/a><\/p>\n<p>Kisz\u00e1ll\u00edt\u00e1s: 200cm-ig \u00a0\u00e9s 40 kg-ig a sz\u00e1ll\u00edt\u00e1s fut\u00e1rszolg\u00e1lattal \u00a0t\u00f6rt\u00e9nik!<\/p>\n<p>Szem\u00e9lyes \u00e1tv\u00e9tel nyitvatart\u00e1si id\u0151ben a 17. ker\u00fclet Bakancsos utca 7. sz\u00e1m alatti Kert\u00e9szeti \u00e1rud\u00e1ban<\/p>\n<p>&nbsp;<\/p>\n<p>Szem\u00e9lyes \u00e1tv\u00e9tel ak\u00e1r a mai napon, vagy h\u00e1zhozsz\u00e1ll\u00edt\u00e1s 1-2 napon bel\u00fcl!<\/p>\n<p>&nbsp;<\/p>\n<p>1173.Bp.Bakancsos u.7.<\/p>\n<p><a href=\"https:\/\/www.tajkertesz.com\/\">www.tajkertesz.com<\/a><\/p>\n<p>Kert\u00e9szeti kis-\u00e9s nagykeresked\u00e9s<\/td>\n<\/tr>\n<\/tbody>\n<\/table>","protected":false},"excerpt":{"rendered":"<h2>Sal\u00e1ta M\u00e1jus kir\u00e1lya fejessal\u00e1ta drazs\u00edrozott<\/h2>\n<p>Sal\u00e1ta M\u00e1jus kir\u00e1lya fejessal\u00e1ta egy kiv\u00e1l\u00f3 min\u0151s\u00e9g\u0171, korai szabadf\u00f6ldi sal\u00e1tavari\u00e1ns. Az \u00e9r\u00e9si id\u0151szaka miatt a fajta neve is utal r\u00e1: m\u00e1r kor\u00e1n a szezonban \u00e9lvezhetj\u00fck friss \u00edz\u00e9t \u00e9s t\u00e1pl\u00e1l\u00f3 tulajdons\u00e1gait. A M\u00e1jus kir\u00e1lya sal\u00e1ta termeszt\u00e9se viszonylag egyszer\u0171. Ebben a fajta is seg\u00edts\u00e9g\u00fcnkre van, hiszen k\u00e9s\u0151bb fejleszti ki magsz\u00e1r\u00e1t, ami miatt kiv\u00e1l\u00f3an alkalmazkodik az \u0151szi \u00e9s tavaszi f\u00f3lia alatti hajt\u00e1sokhoz. Ezen k\u00f6r\u00fclm\u00e9nyek k\u00f6z\u00f6tt is jelent\u0151s term\u00e9st hozhat, \u00edgy hosszabb id\u0151n kereszt\u00fcl \u00e9lvezhet\u0151.<\/p>\n<p>R\u00e9dei Kertimag<\/p>\n<p>Fejessal\u00e1ta\u00a0(Lactuca sativa)<\/p>\n<table>\n<tbody>\n<tr>\n<td colspan=\"2\">\n<table class=\"csoportinfo\" cellspacing=\"0\">\n<tbody>\n<tr class=\"csoportinfofejlec\">\n<td class=\"csoportinfofejlec\" width=\"15%\">magsz\u00e1m\/gramm<\/td>\n<td class=\"csoportinfofejlec\" width=\"19%\">vet\u0151magig\u00e9ny g\/10nm<\/td>\n<td class=\"csoportinfofejlec\" width=\"19%\">vet\u00e9sid\u0151 szabadf\u00f6ldi termeszt\u00e9shez<\/td>\n<td class=\"csoportinfofejlec\" width=\"15%\">vet\u00e9sm\u00e9lys\u00e9g cm<\/td>\n<td class=\"csoportinfofejlec\" width=\"17%\">sor- \u00e9s t\u0151t\u00e1vols\u00e1g cm<\/td>\n<td class=\"csoportinfofejlec\" width=\"15%\">cs\u00edr\u00e1z\u00e1si nap<br \/>\n12-18C fokon<\/td>\n<\/tr>\n<tr class=\"csoportinfotorzs\">\n<td class=\"csoportinfotorzs\">800-1000<\/td>\n<td class=\"csoportinfotorzs\">2<\/td>\n<td class=\"csoportinfotorzs\">III-IV, VIII-IX. h\u00f3nap<\/td>\n<td class=\"csoportinfotorzs\">0,5-1<\/td>\n<td class=\"csoportinfotorzs\">30 x 20<\/td>\n<td class=\"csoportinfotorzs\">5-6 nap<\/td>\n<\/tr>\n<\/tbody>\n<\/table>\n<\/td>\n<\/tr>\n<\/tbody>\n<\/table>","protected":false},"featured_media":18752,"template":"","meta":{"_et_pb_use_builder":"","_et_pb_old_content":"","_et_gb_content_width":""},"product_brand":[],"product_cat":[2881],"product_tag":[4691,1248,4115,4138],"class_list":{"0":"post-18749","1":"product","2":"type-product","3":"status-publish","4":"has-post-thumbnail","6":"product_cat-zoldsegnoveny-vetomagok","7":"product_tag-drazsirozott","8":"product_tag-salata","9":"product_tag-vetomag","10":"product_tag-vetomagok","12":"first","13":"instock","14":"shipping-taxable","15":"purchasable","16":"product-type-simple"},"yoast_head":"<!-- This site is optimized with the Yoast SEO plugin v27.4 - https:\/\/yoast.com\/product\/yoast-seo-wordpress\/ -->\n<title>Sal\u00e1ta M\u00e1jus kir\u00e1lya fejessal\u00e1ta drazs\u00edrozott - T\u00e1jkert\u00e9sz<\/title>\n<meta name=\"description\" content=\"Sal\u00e1ta M\u00e1jus kir\u00e1lya fejessal\u00e1ta egy kiv\u00e1l\u00f3 min\u0151s\u00e9g\u0171, korai szabadf\u00f6ldi sal\u00e1tavari\u00e1ns. m\u00e1r kor\u00e1n a szezonban \u00e9lvezhetj\u00fck friss \u00edz\u00e9t.\" \/>\n<meta name=\"robots\" content=\"index, follow, max-snippet:-1, max-image-preview:large, max-video-preview:-1\" \/>\n<link rel=\"canonical\" href=\"https:\/\/tajkertesz.com\/en_US\/product\/salata-majus-kiralya-fejessalata-drazsirozott\/\" \/>\n<meta property=\"og:locale\" content=\"en_US\" \/>\n<meta property=\"og:type\" content=\"article\" \/>\n<meta property=\"og:title\" content=\"Sal\u00e1ta M\u00e1jus kir\u00e1lya fejessal\u00e1ta drazs\u00edrozott - T\u00e1jkert\u00e9sz\" \/>\n<meta property=\"og:description\" content=\"Sal\u00e1ta M\u00e1jus kir\u00e1lya fejessal\u00e1ta egy kiv\u00e1l\u00f3 min\u0151s\u00e9g\u0171, korai szabadf\u00f6ldi sal\u00e1tavari\u00e1ns. m\u00e1r kor\u00e1n a szezonban \u00e9lvezhetj\u00fck friss \u00edz\u00e9t.\" \/>\n<meta property=\"og:url\" content=\"https:\/\/tajkertesz.com\/en_US\/product\/salata-majus-kiralya-fejessalata-drazsirozott\/\" \/>\n<meta property=\"og:site_name\" content=\"T\u00e1jkert\u00e9sz\" \/>\n<meta property=\"article:publisher\" content=\"https:\/\/www.facebook.com\/Tajkertesz\/\" \/>\n<meta property=\"article:modified_time\" content=\"2026-02-28T11:20:18+00:00\" \/>\n<meta property=\"og:image\" content=\"https:\/\/tajkertesz.com\/wp-content\/uploads\/2024\/01\/09-507204-78.jpg\" \/>\n\t<meta property=\"og:image:width\" content=\"504\" \/>\n\t<meta property=\"og:image:height\" content=\"984\" \/>\n\t<meta property=\"og:image:type\" content=\"image\/jpeg\" \/>\n<meta name=\"twitter:card\" content=\"summary_large_image\" \/>\n<meta name=\"twitter:label1\" content=\"Est. reading time\" \/>\n\t<meta name=\"twitter:data1\" content=\"2 minutes\" \/>\n<script type=\"application\/ld+json\" class=\"yoast-schema-graph\">{\"@context\":\"https:\\\/\\\/schema.org\",\"@graph\":[{\"@type\":\"WebPage\",\"@id\":\"https:\\\/\\\/tajkertesz.com\\\/termek\\\/salata-majus-kiralya-fejessalata-drazsirozott\\\/\",\"url\":\"https:\\\/\\\/tajkertesz.com\\\/termek\\\/salata-majus-kiralya-fejessalata-drazsirozott\\\/\",\"name\":\"Sal\u00e1ta M\u00e1jus kir\u00e1lya fejessal\u00e1ta drazs\u00edrozott - T\u00e1jkert\u00e9sz\",\"isPartOf\":{\"@id\":\"https:\\\/\\\/tajkertesz.com\\\/#website\"},\"primaryImageOfPage\":{\"@id\":\"https:\\\/\\\/tajkertesz.com\\\/termek\\\/salata-majus-kiralya-fejessalata-drazsirozott\\\/#primaryimage\"},\"image\":{\"@id\":\"https:\\\/\\\/tajkertesz.com\\\/termek\\\/salata-majus-kiralya-fejessalata-drazsirozott\\\/#primaryimage\"},\"thumbnailUrl\":\"https:\\\/\\\/tajkertesz.com\\\/wp-content\\\/uploads\\\/2024\\\/01\\\/09-507204-78.jpg\",\"datePublished\":\"2024-01-23T10:37:17+00:00\",\"dateModified\":\"2026-02-28T11:20:18+00:00\",\"description\":\"Sal\u00e1ta M\u00e1jus kir\u00e1lya fejessal\u00e1ta egy kiv\u00e1l\u00f3 min\u0151s\u00e9g\u0171, korai szabadf\u00f6ldi sal\u00e1tavari\u00e1ns. m\u00e1r kor\u00e1n a szezonban \u00e9lvezhetj\u00fck friss \u00edz\u00e9t.\",\"breadcrumb\":{\"@id\":\"https:\\\/\\\/tajkertesz.com\\\/termek\\\/salata-majus-kiralya-fejessalata-drazsirozott\\\/#breadcrumb\"},\"inLanguage\":\"en-US\",\"potentialAction\":[{\"@type\":\"ReadAction\",\"target\":[\"https:\\\/\\\/tajkertesz.com\\\/termek\\\/salata-majus-kiralya-fejessalata-drazsirozott\\\/\"]}]},{\"@type\":\"ImageObject\",\"inLanguage\":\"en-US\",\"@id\":\"https:\\\/\\\/tajkertesz.com\\\/termek\\\/salata-majus-kiralya-fejessalata-drazsirozott\\\/#primaryimage\",\"url\":\"https:\\\/\\\/tajkertesz.com\\\/wp-content\\\/uploads\\\/2024\\\/01\\\/09-507204-78.jpg\",\"contentUrl\":\"https:\\\/\\\/tajkertesz.com\\\/wp-content\\\/uploads\\\/2024\\\/01\\\/09-507204-78.jpg\",\"width\":504,\"height\":984},{\"@type\":\"BreadcrumbList\",\"@id\":\"https:\\\/\\\/tajkertesz.com\\\/termek\\\/salata-majus-kiralya-fejessalata-drazsirozott\\\/#breadcrumb\",\"itemListElement\":[{\"@type\":\"ListItem\",\"position\":1,\"name\":\"Home\",\"item\":\"https:\\\/\\\/tajkertesz.com\\\/\"},{\"@type\":\"ListItem\",\"position\":2,\"name\":\"Kezd\u0151lap\",\"item\":\"https:\\\/\\\/tajkertesz.com\\\/\"},{\"@type\":\"ListItem\",\"position\":3,\"name\":\"Sal\u00e1ta M\u00e1jus kir\u00e1lya fejessal\u00e1ta drazs\u00edrozott\"}]},{\"@type\":\"WebSite\",\"@id\":\"https:\\\/\\\/tajkertesz.com\\\/#website\",\"url\":\"https:\\\/\\\/tajkertesz.com\\\/\",\"name\":\"T\u00e1j-Kert\u00e9sz 84 Kft.\",\"description\":\"Kert\u00e9szeti kis- \u00e9s nagykeresked\u00e9s, D\u00edszn\u00f6v\u00e9ny web\u00e1ruh\u00e1z orsz\u00e1gos h\u00e1zhozsz\u00e1ll\u00edt\u00e1ssal!\",\"publisher\":{\"@id\":\"https:\\\/\\\/tajkertesz.com\\\/#organization\"},\"potentialAction\":[{\"@type\":\"SearchAction\",\"target\":{\"@type\":\"EntryPoint\",\"urlTemplate\":\"https:\\\/\\\/tajkertesz.com\\\/?s={search_term_string}\"},\"query-input\":{\"@type\":\"PropertyValueSpecification\",\"valueRequired\":true,\"valueName\":\"search_term_string\"}}],\"inLanguage\":\"en-US\"},{\"@type\":\"Organization\",\"@id\":\"https:\\\/\\\/tajkertesz.com\\\/#organization\",\"name\":\"T\u00e1j-Kert\u00e9sz 84 Kft.\",\"url\":\"https:\\\/\\\/tajkertesz.com\\\/\",\"logo\":{\"@type\":\"ImageObject\",\"inLanguage\":\"en-US\",\"@id\":\"https:\\\/\\\/tajkertesz.com\\\/#\\\/schema\\\/logo\\\/image\\\/\",\"url\":\"https:\\\/\\\/tajkertesz.com\\\/wp-content\\\/uploads\\\/2018\\\/02\\\/logo-2-e1518678052539.png\",\"contentUrl\":\"https:\\\/\\\/tajkertesz.com\\\/wp-content\\\/uploads\\\/2018\\\/02\\\/logo-2-e1518678052539.png\",\"width\":81,\"height\":140,\"caption\":\"T\u00e1j-Kert\u00e9sz 84 Kft.\"},\"image\":{\"@id\":\"https:\\\/\\\/tajkertesz.com\\\/#\\\/schema\\\/logo\\\/image\\\/\"},\"sameAs\":[\"https:\\\/\\\/www.facebook.com\\\/Tajkertesz\\\/\"]}]}<\/script>\n<!-- \/ Yoast SEO plugin. -->","yoast_head_json":{"title":"Sal\u00e1ta M\u00e1jus kir\u00e1lya fejessal\u00e1ta drazs\u00edrozott - T\u00e1jkert\u00e9sz","description":"Sal\u00e1ta M\u00e1jus kir\u00e1lya fejessal\u00e1ta egy kiv\u00e1l\u00f3 min\u0151s\u00e9g\u0171, korai szabadf\u00f6ldi sal\u00e1tavari\u00e1ns. m\u00e1r kor\u00e1n a szezonban \u00e9lvezhetj\u00fck friss \u00edz\u00e9t.","robots":{"index":"index","follow":"follow","max-snippet":"max-snippet:-1","max-image-preview":"max-image-preview:large","max-video-preview":"max-video-preview:-1"},"canonical":"https:\/\/tajkertesz.com\/en_US\/product\/salata-majus-kiralya-fejessalata-drazsirozott\/","og_locale":"en_US","og_type":"article","og_title":"Sal\u00e1ta M\u00e1jus kir\u00e1lya fejessal\u00e1ta drazs\u00edrozott - T\u00e1jkert\u00e9sz","og_description":"Sal\u00e1ta M\u00e1jus kir\u00e1lya fejessal\u00e1ta egy kiv\u00e1l\u00f3 min\u0151s\u00e9g\u0171, korai szabadf\u00f6ldi sal\u00e1tavari\u00e1ns. m\u00e1r kor\u00e1n a szezonban \u00e9lvezhetj\u00fck friss \u00edz\u00e9t.","og_url":"https:\/\/tajkertesz.com\/en_US\/product\/salata-majus-kiralya-fejessalata-drazsirozott\/","og_site_name":"T\u00e1jkert\u00e9sz","article_publisher":"https:\/\/www.facebook.com\/Tajkertesz\/","article_modified_time":"2026-02-28T11:20:18+00:00","og_image":[{"width":504,"height":984,"url":"https:\/\/tajkertesz.com\/wp-content\/uploads\/2024\/01\/09-507204-78.jpg","type":"image\/jpeg"}],"twitter_card":"summary_large_image","twitter_misc":{"Est. reading time":"2 minutes"},"schema":{"@context":"https:\/\/schema.org","@graph":[{"@type":"WebPage","@id":"https:\/\/tajkertesz.com\/termek\/salata-majus-kiralya-fejessalata-drazsirozott\/","url":"https:\/\/tajkertesz.com\/termek\/salata-majus-kiralya-fejessalata-drazsirozott\/","name":"Sal\u00e1ta M\u00e1jus kir\u00e1lya fejessal\u00e1ta drazs\u00edrozott - T\u00e1jkert\u00e9sz","isPartOf":{"@id":"https:\/\/tajkertesz.com\/#website"},"primaryImageOfPage":{"@id":"https:\/\/tajkertesz.com\/termek\/salata-majus-kiralya-fejessalata-drazsirozott\/#primaryimage"},"image":{"@id":"https:\/\/tajkertesz.com\/termek\/salata-majus-kiralya-fejessalata-drazsirozott\/#primaryimage"},"thumbnailUrl":"https:\/\/tajkertesz.com\/wp-content\/uploads\/2024\/01\/09-507204-78.jpg","datePublished":"2024-01-23T10:37:17+00:00","dateModified":"2026-02-28T11:20:18+00:00","description":"Sal\u00e1ta M\u00e1jus kir\u00e1lya fejessal\u00e1ta egy kiv\u00e1l\u00f3 min\u0151s\u00e9g\u0171, korai szabadf\u00f6ldi sal\u00e1tavari\u00e1ns. m\u00e1r kor\u00e1n a szezonban \u00e9lvezhetj\u00fck friss \u00edz\u00e9t.","breadcrumb":{"@id":"https:\/\/tajkertesz.com\/termek\/salata-majus-kiralya-fejessalata-drazsirozott\/#breadcrumb"},"inLanguage":"en-US","potentialAction":[{"@type":"ReadAction","target":["https:\/\/tajkertesz.com\/termek\/salata-majus-kiralya-fejessalata-drazsirozott\/"]}]},{"@type":"ImageObject","inLanguage":"en-US","@id":"https:\/\/tajkertesz.com\/termek\/salata-majus-kiralya-fejessalata-drazsirozott\/#primaryimage","url":"https:\/\/tajkertesz.com\/wp-content\/uploads\/2024\/01\/09-507204-78.jpg","contentUrl":"https:\/\/tajkertesz.com\/wp-content\/uploads\/2024\/01\/09-507204-78.jpg","width":504,"height":984},{"@type":"BreadcrumbList","@id":"https:\/\/tajkertesz.com\/termek\/salata-majus-kiralya-fejessalata-drazsirozott\/#breadcrumb","itemListElement":[{"@type":"ListItem","position":1,"name":"Home","item":"https:\/\/tajkertesz.com\/"},{"@type":"ListItem","position":2,"name":"Kezd\u0151lap","item":"https:\/\/tajkertesz.com\/"},{"@type":"ListItem","position":3,"name":"Sal\u00e1ta M\u00e1jus kir\u00e1lya fejessal\u00e1ta drazs\u00edrozott"}]},{"@type":"WebSite","@id":"https:\/\/tajkertesz.com\/#website","url":"https:\/\/tajkertesz.com\/","name":"T\u00e1j-Kert\u00e9sz 84 Kft.","description":"Kert\u00e9szeti kis- \u00e9s nagykeresked\u00e9s, D\u00edszn\u00f6v\u00e9ny web\u00e1ruh\u00e1z orsz\u00e1gos h\u00e1zhozsz\u00e1ll\u00edt\u00e1ssal!","publisher":{"@id":"https:\/\/tajkertesz.com\/#organization"},"potentialAction":[{"@type":"SearchAction","target":{"@type":"EntryPoint","urlTemplate":"https:\/\/tajkertesz.com\/?s={search_term_string}"},"query-input":{"@type":"PropertyValueSpecification","valueRequired":true,"valueName":"search_term_string"}}],"inLanguage":"en-US"},{"@type":"Organization","@id":"https:\/\/tajkertesz.com\/#organization","name":"T\u00e1j-Kert\u00e9sz 84 Kft.","url":"https:\/\/tajkertesz.com\/","logo":{"@type":"ImageObject","inLanguage":"en-US","@id":"https:\/\/tajkertesz.com\/#\/schema\/logo\/image\/","url":"https:\/\/tajkertesz.com\/wp-content\/uploads\/2018\/02\/logo-2-e1518678052539.png","contentUrl":"https:\/\/tajkertesz.com\/wp-content\/uploads\/2018\/02\/logo-2-e1518678052539.png","width":81,"height":140,"caption":"T\u00e1j-Kert\u00e9sz 84 Kft."},"image":{"@id":"https:\/\/tajkertesz.com\/#\/schema\/logo\/image\/"},"sameAs":["https:\/\/www.facebook.com\/Tajkertesz\/"]}]}},"_links":{"self":[{"href":"https:\/\/tajkertesz.com\/en_US\/wp-json\/wp\/v2\/product\/18749","targetHints":{"allow":["GET"]}}],"collection":[{"href":"https:\/\/tajkertesz.com\/en_US\/wp-json\/wp\/v2\/product"}],"about":[{"href":"https:\/\/tajkertesz.com\/en_US\/wp-json\/wp\/v2\/types\/product"}],"wp:featuredmedia":[{"embeddable":true,"href":"https:\/\/tajkertesz.com\/en_US\/wp-json\/wp\/v2\/media\/18752"}],"wp:attachment":[{"href":"https:\/\/tajkertesz.com\/en_US\/wp-json\/wp\/v2\/media?parent=18749"}],"wp:term":[{"taxonomy":"product_brand","embeddable":true,"href":"https:\/\/tajkertesz.com\/en_US\/wp-json\/wp\/v2\/product_brand?post=18749"},{"taxonomy":"product_cat","embeddable":true,"href":"https:\/\/tajkertesz.com\/en_US\/wp-json\/wp\/v2\/product_cat?post=18749"},{"taxonomy":"product_tag","embeddable":true,"href":"https:\/\/tajkertesz.com\/en_US\/wp-json\/wp\/v2\/product_tag?post=18749"}],"curies":[{"name":"wp","href":"https:\/\/api.w.org\/{rel}","templated":true}]}}