{"id":20372,"date":"2024-05-28T12:08:15","date_gmt":"2024-05-28T12:08:15","guid":{"rendered":"https:\/\/tajkertesz.com\/?post_type=product&#038;p=20372"},"modified":"2024-05-28T12:40:56","modified_gmt":"2024-05-28T12:40:56","slug":"magastorzsu-rozsa-samba-parkrozsa","status":"publish","type":"product","link":"https:\/\/tajkertesz.com\/en_US\/product\/magastorzsu-rozsa-samba-parkrozsa\/","title":{"rendered":"Magast\u00f6rzs\u0171 r\u00f3zsa &#8216;Samba&#8217; &#8211; parkr\u00f3zsa"},"content":{"rendered":"<h1>Magast\u00f6rzs\u0171 r\u00f3zsa &#8216;Samba&#8217; &#8211; parkr\u00f3zsa<\/h1>\n<p>A magast\u00f6rzs\u0171 r\u00f3zsa &#8216;Samba&#8217; &#8211; parkr\u00f3zsa\u00a0 nagy, duplaszirm\u00fa aranys\u00e1rga, v\u00f6r\u00f6s szeg\u00e9llyel. F\u00e9nyesz\u00f6ld level\u0171 fajta mely j\u00faniust\u00f3l okt\u00f3berig vir\u00e1gzik b\u0151s\u00e9gesen.<\/p>\n<p>kb. 100-120 cm t\u00f6rzsre lett oltva. Er\u0151s, bokros n\u00f6veked\u00e9s\u0171, t\u00e9li fagyokkal \u00e9s a betegs\u00e9gekkel szemben ellen\u00e1ll\u00f3 fajta.<\/p>\n<p>&nbsp;<\/p>\n<p>Metsz\u00e9ssel intenz\u00edvebb n\u00f6veked\u00e9st \u00e9s vir\u00e1gz\u00e1st \u00e9r\u00fcnk el. Az els\u0151 \u00e9vben az \u00e1gakat\u00a0 v\u00e1gjuk vissza kb. a fel\u00e9re. K\u00e9s\u0151bbiekben a s\u00e9r\u00fclt, befel\u00e9 n\u00f6v\u0151 \u00e9s a sz\u00e1raz \u00e1gakat metssz\u00fck le a n\u00f6v\u00e9nyr\u0151l.<\/p>\n<p>A r\u00f3zs\u00e1k \u00e1ltal\u00e1ban a napos, szell\u0151s helyeket kedvelik, de n\u00e9h\u00e1ny fajta t\u0171ri a f\u00e9l\u00e1rny\u00e9kot is, \u00e1rny\u00e9kba \u00fcltetve viszont kevesebbet vir\u00e1gzik, vagy egy\u00e1ltal\u00e1n nem hoz vir\u00e1got. Sajnos a t\u0171z\u0151 nap sem annyira j\u00f3 a r\u00f3zs\u00e1nak, mivel ha eg\u00e9sz nap er\u0151s napf\u00e9ny \u00e9ri a leveleket \u00e9s nem mozog a leveg\u0151, a r\u00f3zsa \u00e9rz\u00e9kenyebb\u00e9 v\u00e1lik a k\u00e1rtev\u0151kre. \u00a0A r\u00f3zsa a t\u00e1panyagban gazdag, j\u00f3 v\u00edz\u00e1tereszt\u0151, k\u00f6zepesen k\u00f6t\u00f6tt talajokat r\u00e9szes\u00edti el\u0151nyben, megh\u00e1l\u00e1lja ha a talaja enyh\u00e9n savany\u00fa. A r\u00f3zsa \u00fcltet\u00e9se sor\u00e1n figyelj\u00fcnk oda a megfelel\u0151 helyv\u00e1laszt\u00e1sra \u00e9s a sz\u00e1m\u00e1ra megfelel\u0151 talajra is. \u00d6nt\u00f6zz\u00fck gyakran, ha homokos a talaj, alkalmank\u00e9nt forgassunk bele szerves komposztot. Ha agyagos a talaj, laz\u00edtsuk egy kis homokkal, ha meszes, t\u0151zeget keverj\u00fcnk bele. A r\u00f3zsa mindemellett ig\u00e9nyli az \u00e9ves metsz\u00e9st is. A r\u00f3zsa metsz\u00e9s\u00e9t \u00e9rdemes tavaszra id\u0151z\u00edten\u00fcnk. Lehet\u0151leg m\u00e1rciusban, r\u00fcgypattan\u00e1s el\u0151tt. Mindenk\u00e9ppen t\u00e1vol\u00edtsuk el a befel\u00e9 n\u00f6v\u0151 \u00e1gakat, az elsz\u00e1radt r\u00e9szeket, \u00e9s a gyeng\u00e9bb \u00e1gakat is. Ez\u00e1ltal szell\u0151sebb\u00e9 tudjuk tenni a n\u00f6v\u00e9ny\u00fcnket, \u00edgy ellen\u00e1ll\u00f3bb\u00e1 v\u00e1lik \u00e9s a vir\u00e1gok is nagyobbak lesznek a n\u00f6v\u00e9nyen.<\/p>\n<p>M\u00e9rete: 7 literes kont\u00e9nerben, kb. 1- 1,2 m t\u00f6rzsre oltva.<\/p>\n<p><strong>K\u00e9szlet\u00fcnk napi szinten v\u00e1ltozik, ez\u00e9rt k\u00e9rj\u00fck, \u00e9rdekl\u0151dj\u00f6n szem\u00e9lyesen, telefonon vagy email-en.<br \/>\nA v\u00e1ltoztat\u00e1s jog\u00e1t fenntartjuk!\u00a0<\/strong><\/p>\n<p>&nbsp;<\/p>\n<p><a href=\"https:\/\/tajkertesz.com\/\">https:\/\/tajkertesz.com\/<\/a><\/p>\n<p><a href=\"https:\/\/www.facebook.com\/tajkertesz\/\">https:\/\/www.facebook.com\/tajkertesz\/<\/a><\/p>\n<p>Kisz\u00e1ll\u00edt\u00e1s: 200cm-ig \u00a0\u00e9s 40 kg-ig a sz\u00e1ll\u00edt\u00e1s fut\u00e1rszolg\u00e1lattal \u00a0t\u00f6rt\u00e9nik.<\/p>\n<p>Szem\u00e9lyes \u00e1tv\u00e9tel nyitvatart\u00e1si id\u0151ben a 17. ker\u00fclet Bakancsos utca 7. sz\u00e1m alatti Kert\u00e9szeti \u00e1rud\u00e1nkban.<\/p>","protected":false},"excerpt":{"rendered":"<h1>Magast\u00f6rzs\u0171 r\u00f3zsa &#8216;Samba&#8217; &#8211; parkr\u00f3zsa<\/h1>\n<p>A magast\u00f6rzs\u0171 r\u00f3zsa &#8216;Samba&#8217; &#8211; parkr\u00f3zsa\u00a0 vir\u00e1ga nagy, duplaszirm\u00fa aranys\u00e1rga, v\u00f6r\u00f6s szeg\u00e9llyel. F\u00e9nyesz\u00f6ld level\u0171 fajta mely j\u00faniust\u00f3l okt\u00f3berig vir\u00e1gzik b\u0151s\u00e9gesen.\u00a0.<\/p>\n<p>kb. 100-120 cm t\u00f6rzsre lett oltva. Er\u0151s, bokros n\u00f6veked\u00e9s\u0171, t\u00e9li fagyokkal szemben ellen\u00e1ll\u00f3.<\/p>\n<p>Kora ny\u00e1rt\u00f3l k\u00e9s\u0151 \u0151szig, az els\u0151 fagyokig vir\u00e1gzik.<\/p>\n<p>&nbsp;<\/p>\n<p>Metsz\u00e9ssel intenz\u00edvebb n\u00f6veked\u00e9st \u00e9s vir\u00e1gz\u00e1st \u00e9r\u00fcnk el. Az els\u0151 \u00e9vben az \u00e1gakat\u00a0 v\u00e1gjuk vissza kb. a fel\u00e9re. K\u00e9s\u0151bbiekben a s\u00e9r\u00fclt, befel\u00e9 n\u00f6v\u0151 \u00e9s a sz\u00e1raz \u00e1gakat metssz\u00fck le a n\u00f6v\u00e9nyr\u0151l.<\/p>\n<p>M\u00e9rete: 7 literes kont\u00e9nerben, kb. 1- 1,2 m t\u00f6rzsre oltva.<\/p>\n<p style=\"line-height: 18.0pt; background: white; margin: 0cm 0cm 15.0pt 0cm;\"><b><span style=\"color: black;\">K\u00e9szlet\u00fcnk napi szinten v\u00e1ltozik, ez\u00e9rt k\u00e9rj\u00fck, \u00e9rdekl\u0151dj\u00f6n szem\u00e9lyesen, telefonon vagy email-en.<br \/>\nA v\u00e1ltoztat\u00e1s jog\u00e1t fenntartjuk!\u00a0<\/span><\/b><\/p>","protected":false},"featured_media":20375,"template":"","meta":{"_et_pb_use_builder":"","_et_pb_old_content":"","_et_gb_content_width":""},"product_brand":[],"product_cat":[1286],"product_tag":[483,479,493,1291],"class_list":{"0":"post-20372","1":"product","2":"type-product","3":"status-publish","4":"has-post-thumbnail","6":"product_cat-rozsak","7":"product_tag-rozsa","8":"product_tag-rozsa-magastorzsu","9":"product_tag-rozsafa","10":"product_tag-samba","12":"first","13":"instock","14":"shipping-taxable","15":"purchasable","16":"product-type-simple"},"yoast_head":"<!-- This site is optimized with the Yoast SEO plugin v27.5 - https:\/\/yoast.com\/product\/yoast-seo-wordpress\/ -->\n<title>Magast\u00f6rzs\u0171 r\u00f3zsa &#039;Samba&#039; - parkr\u00f3zsa - T\u00e1jkert\u00e9sz<\/title>\n<meta name=\"description\" content=\"A magast\u00f6rzs\u0171 r\u00f3zsa &#039;Samba&#039; - parkr\u00f3zsa\u00a0 vir\u00e1ga nagy, duplaszirm\u00fa aranys\u00e1rga, v\u00f6r\u00f6s szeg\u00e9llyel. Mely j\u00faniust\u00f3l okt\u00f3berig vir\u00e1gzik b\u0151s\u00e9gesen.\u00a0\" \/>\n<meta name=\"robots\" content=\"index, follow, max-snippet:-1, max-image-preview:large, max-video-preview:-1\" \/>\n<link rel=\"canonical\" href=\"https:\/\/tajkertesz.com\/en_US\/product\/magastorzsu-rozsa-samba-parkrozsa\/\" \/>\n<meta property=\"og:locale\" content=\"en_US\" \/>\n<meta property=\"og:type\" content=\"article\" \/>\n<meta property=\"og:title\" content=\"Magast\u00f6rzs\u0171 r\u00f3zsa &#039;Samba&#039; - parkr\u00f3zsa - T\u00e1jkert\u00e9sz\" \/>\n<meta property=\"og:description\" content=\"A magast\u00f6rzs\u0171 r\u00f3zsa &#039;Samba&#039; - parkr\u00f3zsa\u00a0 vir\u00e1ga nagy, duplaszirm\u00fa aranys\u00e1rga, v\u00f6r\u00f6s szeg\u00e9llyel. Mely j\u00faniust\u00f3l okt\u00f3berig vir\u00e1gzik b\u0151s\u00e9gesen.\u00a0\" \/>\n<meta property=\"og:url\" content=\"https:\/\/tajkertesz.com\/en_US\/product\/magastorzsu-rozsa-samba-parkrozsa\/\" \/>\n<meta property=\"og:site_name\" content=\"T\u00e1jkert\u00e9sz\" \/>\n<meta property=\"article:publisher\" content=\"https:\/\/www.facebook.com\/Tajkertesz\/\" \/>\n<meta property=\"article:modified_time\" content=\"2024-05-28T12:40:56+00:00\" \/>\n<meta property=\"og:image\" content=\"https:\/\/tajkertesz.com\/wp-content\/uploads\/2024\/05\/samba.jpg\" \/>\n\t<meta property=\"og:image:width\" content=\"418\" \/>\n\t<meta property=\"og:image:height\" content=\"928\" \/>\n\t<meta property=\"og:image:type\" content=\"image\/jpeg\" \/>\n<meta name=\"twitter:card\" content=\"summary_large_image\" \/>\n<meta name=\"twitter:label1\" content=\"Est. reading time\" \/>\n\t<meta name=\"twitter:data1\" content=\"2 minutes\" \/>\n<script type=\"application\/ld+json\" class=\"yoast-schema-graph\">{\"@context\":\"https:\\\/\\\/schema.org\",\"@graph\":[{\"@type\":\"WebPage\",\"@id\":\"https:\\\/\\\/tajkertesz.com\\\/termek\\\/magastorzsu-rozsa-samba-parkrozsa\\\/\",\"url\":\"https:\\\/\\\/tajkertesz.com\\\/termek\\\/magastorzsu-rozsa-samba-parkrozsa\\\/\",\"name\":\"Magast\u00f6rzs\u0171 r\u00f3zsa 'Samba' - parkr\u00f3zsa - T\u00e1jkert\u00e9sz\",\"isPartOf\":{\"@id\":\"https:\\\/\\\/tajkertesz.com\\\/#website\"},\"primaryImageOfPage\":{\"@id\":\"https:\\\/\\\/tajkertesz.com\\\/termek\\\/magastorzsu-rozsa-samba-parkrozsa\\\/#primaryimage\"},\"image\":{\"@id\":\"https:\\\/\\\/tajkertesz.com\\\/termek\\\/magastorzsu-rozsa-samba-parkrozsa\\\/#primaryimage\"},\"thumbnailUrl\":\"https:\\\/\\\/tajkertesz.com\\\/wp-content\\\/uploads\\\/2024\\\/05\\\/samba.jpg\",\"datePublished\":\"2024-05-28T12:08:15+00:00\",\"dateModified\":\"2024-05-28T12:40:56+00:00\",\"description\":\"A magast\u00f6rzs\u0171 r\u00f3zsa 'Samba' - parkr\u00f3zsa\u00a0 vir\u00e1ga nagy, duplaszirm\u00fa aranys\u00e1rga, v\u00f6r\u00f6s szeg\u00e9llyel. Mely j\u00faniust\u00f3l okt\u00f3berig vir\u00e1gzik b\u0151s\u00e9gesen.\u00a0\",\"breadcrumb\":{\"@id\":\"https:\\\/\\\/tajkertesz.com\\\/termek\\\/magastorzsu-rozsa-samba-parkrozsa\\\/#breadcrumb\"},\"inLanguage\":\"en-US\",\"potentialAction\":[{\"@type\":\"ReadAction\",\"target\":[\"https:\\\/\\\/tajkertesz.com\\\/termek\\\/magastorzsu-rozsa-samba-parkrozsa\\\/\"]}]},{\"@type\":\"ImageObject\",\"inLanguage\":\"en-US\",\"@id\":\"https:\\\/\\\/tajkertesz.com\\\/termek\\\/magastorzsu-rozsa-samba-parkrozsa\\\/#primaryimage\",\"url\":\"https:\\\/\\\/tajkertesz.com\\\/wp-content\\\/uploads\\\/2024\\\/05\\\/samba.jpg\",\"contentUrl\":\"https:\\\/\\\/tajkertesz.com\\\/wp-content\\\/uploads\\\/2024\\\/05\\\/samba.jpg\",\"width\":418,\"height\":928},{\"@type\":\"BreadcrumbList\",\"@id\":\"https:\\\/\\\/tajkertesz.com\\\/termek\\\/magastorzsu-rozsa-samba-parkrozsa\\\/#breadcrumb\",\"itemListElement\":[{\"@type\":\"ListItem\",\"position\":1,\"name\":\"Home\",\"item\":\"https:\\\/\\\/tajkertesz.com\\\/\"},{\"@type\":\"ListItem\",\"position\":2,\"name\":\"Kezd\u0151lap\",\"item\":\"https:\\\/\\\/tajkertesz.com\\\/\"},{\"@type\":\"ListItem\",\"position\":3,\"name\":\"Magast\u00f6rzs\u0171 r\u00f3zsa &#8216;Samba&#8217; &#8211; parkr\u00f3zsa\"}]},{\"@type\":\"WebSite\",\"@id\":\"https:\\\/\\\/tajkertesz.com\\\/#website\",\"url\":\"https:\\\/\\\/tajkertesz.com\\\/\",\"name\":\"T\u00e1j-Kert\u00e9sz 84 Kft.\",\"description\":\"Kert\u00e9szeti kis- \u00e9s nagykeresked\u00e9s, D\u00edszn\u00f6v\u00e9ny web\u00e1ruh\u00e1z orsz\u00e1gos h\u00e1zhozsz\u00e1ll\u00edt\u00e1ssal!\",\"publisher\":{\"@id\":\"https:\\\/\\\/tajkertesz.com\\\/#organization\"},\"potentialAction\":[{\"@type\":\"SearchAction\",\"target\":{\"@type\":\"EntryPoint\",\"urlTemplate\":\"https:\\\/\\\/tajkertesz.com\\\/?s={search_term_string}\"},\"query-input\":{\"@type\":\"PropertyValueSpecification\",\"valueRequired\":true,\"valueName\":\"search_term_string\"}}],\"inLanguage\":\"en-US\"},{\"@type\":\"Organization\",\"@id\":\"https:\\\/\\\/tajkertesz.com\\\/#organization\",\"name\":\"T\u00e1j-Kert\u00e9sz 84 Kft.\",\"url\":\"https:\\\/\\\/tajkertesz.com\\\/\",\"logo\":{\"@type\":\"ImageObject\",\"inLanguage\":\"en-US\",\"@id\":\"https:\\\/\\\/tajkertesz.com\\\/#\\\/schema\\\/logo\\\/image\\\/\",\"url\":\"https:\\\/\\\/tajkertesz.com\\\/wp-content\\\/uploads\\\/2018\\\/02\\\/logo-2-e1518678052539.png\",\"contentUrl\":\"https:\\\/\\\/tajkertesz.com\\\/wp-content\\\/uploads\\\/2018\\\/02\\\/logo-2-e1518678052539.png\",\"width\":81,\"height\":140,\"caption\":\"T\u00e1j-Kert\u00e9sz 84 Kft.\"},\"image\":{\"@id\":\"https:\\\/\\\/tajkertesz.com\\\/#\\\/schema\\\/logo\\\/image\\\/\"},\"sameAs\":[\"https:\\\/\\\/www.facebook.com\\\/Tajkertesz\\\/\"]}]}<\/script>\n<!-- \/ Yoast SEO plugin. -->","yoast_head_json":{"title":"Magast\u00f6rzs\u0171 r\u00f3zsa 'Samba' - parkr\u00f3zsa - T\u00e1jkert\u00e9sz","description":"A magast\u00f6rzs\u0171 r\u00f3zsa 'Samba' - parkr\u00f3zsa\u00a0 vir\u00e1ga nagy, duplaszirm\u00fa aranys\u00e1rga, v\u00f6r\u00f6s szeg\u00e9llyel. Mely j\u00faniust\u00f3l okt\u00f3berig vir\u00e1gzik b\u0151s\u00e9gesen.\u00a0","robots":{"index":"index","follow":"follow","max-snippet":"max-snippet:-1","max-image-preview":"max-image-preview:large","max-video-preview":"max-video-preview:-1"},"canonical":"https:\/\/tajkertesz.com\/en_US\/product\/magastorzsu-rozsa-samba-parkrozsa\/","og_locale":"en_US","og_type":"article","og_title":"Magast\u00f6rzs\u0171 r\u00f3zsa 'Samba' - parkr\u00f3zsa - T\u00e1jkert\u00e9sz","og_description":"A magast\u00f6rzs\u0171 r\u00f3zsa 'Samba' - parkr\u00f3zsa\u00a0 vir\u00e1ga nagy, duplaszirm\u00fa aranys\u00e1rga, v\u00f6r\u00f6s szeg\u00e9llyel. Mely j\u00faniust\u00f3l okt\u00f3berig vir\u00e1gzik b\u0151s\u00e9gesen.\u00a0","og_url":"https:\/\/tajkertesz.com\/en_US\/product\/magastorzsu-rozsa-samba-parkrozsa\/","og_site_name":"T\u00e1jkert\u00e9sz","article_publisher":"https:\/\/www.facebook.com\/Tajkertesz\/","article_modified_time":"2024-05-28T12:40:56+00:00","og_image":[{"width":418,"height":928,"url":"https:\/\/tajkertesz.com\/wp-content\/uploads\/2024\/05\/samba.jpg","type":"image\/jpeg"}],"twitter_card":"summary_large_image","twitter_misc":{"Est. reading time":"2 minutes"},"schema":{"@context":"https:\/\/schema.org","@graph":[{"@type":"WebPage","@id":"https:\/\/tajkertesz.com\/termek\/magastorzsu-rozsa-samba-parkrozsa\/","url":"https:\/\/tajkertesz.com\/termek\/magastorzsu-rozsa-samba-parkrozsa\/","name":"Magast\u00f6rzs\u0171 r\u00f3zsa 'Samba' - parkr\u00f3zsa - T\u00e1jkert\u00e9sz","isPartOf":{"@id":"https:\/\/tajkertesz.com\/#website"},"primaryImageOfPage":{"@id":"https:\/\/tajkertesz.com\/termek\/magastorzsu-rozsa-samba-parkrozsa\/#primaryimage"},"image":{"@id":"https:\/\/tajkertesz.com\/termek\/magastorzsu-rozsa-samba-parkrozsa\/#primaryimage"},"thumbnailUrl":"https:\/\/tajkertesz.com\/wp-content\/uploads\/2024\/05\/samba.jpg","datePublished":"2024-05-28T12:08:15+00:00","dateModified":"2024-05-28T12:40:56+00:00","description":"A magast\u00f6rzs\u0171 r\u00f3zsa 'Samba' - parkr\u00f3zsa\u00a0 vir\u00e1ga nagy, duplaszirm\u00fa aranys\u00e1rga, v\u00f6r\u00f6s szeg\u00e9llyel. Mely j\u00faniust\u00f3l okt\u00f3berig vir\u00e1gzik b\u0151s\u00e9gesen.\u00a0","breadcrumb":{"@id":"https:\/\/tajkertesz.com\/termek\/magastorzsu-rozsa-samba-parkrozsa\/#breadcrumb"},"inLanguage":"en-US","potentialAction":[{"@type":"ReadAction","target":["https:\/\/tajkertesz.com\/termek\/magastorzsu-rozsa-samba-parkrozsa\/"]}]},{"@type":"ImageObject","inLanguage":"en-US","@id":"https:\/\/tajkertesz.com\/termek\/magastorzsu-rozsa-samba-parkrozsa\/#primaryimage","url":"https:\/\/tajkertesz.com\/wp-content\/uploads\/2024\/05\/samba.jpg","contentUrl":"https:\/\/tajkertesz.com\/wp-content\/uploads\/2024\/05\/samba.jpg","width":418,"height":928},{"@type":"BreadcrumbList","@id":"https:\/\/tajkertesz.com\/termek\/magastorzsu-rozsa-samba-parkrozsa\/#breadcrumb","itemListElement":[{"@type":"ListItem","position":1,"name":"Home","item":"https:\/\/tajkertesz.com\/"},{"@type":"ListItem","position":2,"name":"Kezd\u0151lap","item":"https:\/\/tajkertesz.com\/"},{"@type":"ListItem","position":3,"name":"Magast\u00f6rzs\u0171 r\u00f3zsa &#8216;Samba&#8217; &#8211; parkr\u00f3zsa"}]},{"@type":"WebSite","@id":"https:\/\/tajkertesz.com\/#website","url":"https:\/\/tajkertesz.com\/","name":"T\u00e1j-Kert\u00e9sz 84 Kft.","description":"Kert\u00e9szeti kis- \u00e9s nagykeresked\u00e9s, D\u00edszn\u00f6v\u00e9ny web\u00e1ruh\u00e1z orsz\u00e1gos h\u00e1zhozsz\u00e1ll\u00edt\u00e1ssal!","publisher":{"@id":"https:\/\/tajkertesz.com\/#organization"},"potentialAction":[{"@type":"SearchAction","target":{"@type":"EntryPoint","urlTemplate":"https:\/\/tajkertesz.com\/?s={search_term_string}"},"query-input":{"@type":"PropertyValueSpecification","valueRequired":true,"valueName":"search_term_string"}}],"inLanguage":"en-US"},{"@type":"Organization","@id":"https:\/\/tajkertesz.com\/#organization","name":"T\u00e1j-Kert\u00e9sz 84 Kft.","url":"https:\/\/tajkertesz.com\/","logo":{"@type":"ImageObject","inLanguage":"en-US","@id":"https:\/\/tajkertesz.com\/#\/schema\/logo\/image\/","url":"https:\/\/tajkertesz.com\/wp-content\/uploads\/2018\/02\/logo-2-e1518678052539.png","contentUrl":"https:\/\/tajkertesz.com\/wp-content\/uploads\/2018\/02\/logo-2-e1518678052539.png","width":81,"height":140,"caption":"T\u00e1j-Kert\u00e9sz 84 Kft."},"image":{"@id":"https:\/\/tajkertesz.com\/#\/schema\/logo\/image\/"},"sameAs":["https:\/\/www.facebook.com\/Tajkertesz\/"]}]}},"_links":{"self":[{"href":"https:\/\/tajkertesz.com\/en_US\/wp-json\/wp\/v2\/product\/20372","targetHints":{"allow":["GET"]}}],"collection":[{"href":"https:\/\/tajkertesz.com\/en_US\/wp-json\/wp\/v2\/product"}],"about":[{"href":"https:\/\/tajkertesz.com\/en_US\/wp-json\/wp\/v2\/types\/product"}],"wp:featuredmedia":[{"embeddable":true,"href":"https:\/\/tajkertesz.com\/en_US\/wp-json\/wp\/v2\/media\/20375"}],"wp:attachment":[{"href":"https:\/\/tajkertesz.com\/en_US\/wp-json\/wp\/v2\/media?parent=20372"}],"wp:term":[{"taxonomy":"product_brand","embeddable":true,"href":"https:\/\/tajkertesz.com\/en_US\/wp-json\/wp\/v2\/product_brand?post=20372"},{"taxonomy":"product_cat","embeddable":true,"href":"https:\/\/tajkertesz.com\/en_US\/wp-json\/wp\/v2\/product_cat?post=20372"},{"taxonomy":"product_tag","embeddable":true,"href":"https:\/\/tajkertesz.com\/en_US\/wp-json\/wp\/v2\/product_tag?post=20372"}],"curies":[{"name":"wp","href":"https:\/\/api.w.org\/{rel}","templated":true}]}}