{"id":2146,"date":"2020-09-14T12:17:03","date_gmt":"2020-09-14T12:17:03","guid":{"rendered":"https:\/\/tajkertesz.com\/?post_type=product&#038;p=2146"},"modified":"2026-03-21T07:09:07","modified_gmt":"2026-03-21T07:09:07","slug":"ostara-eper-folytontermo-eper","status":"publish","type":"product","link":"https:\/\/tajkertesz.com\/en_US\/product\/ostara-eper-folytontermo-eper\/","title":{"rendered":"Ostara folytonterm\u0151 eperpal\u00e1nta"},"content":{"rendered":"<h2>Ostara folytonterm\u0151 eperpal\u00e1nta<\/h2>\n<p>Ostara folytonterm\u0151 eperpal\u00e1nta<\/p>\n<h2><strong>Az Ostara eper , folytonterm\u0151 eper egy r\u00e9gi k\u00f6zkedvelt fajta.\u00a0<\/strong><\/h2>\n<h4>\u00a0 Gy\u00fcm\u00f6lcse igen nagy \u00edgy a\u00a0 bogy\u00f3 m\u00e9rete miatt a k\u00f6z\u00e9nagy eprek k\u00f6z\u00e9 sorolhatjuk. Igen \u00a0arom\u00e1s \u00e9s az\u00a0egyik legjobb indahozammal rendelkez\u0151 fajta.<\/h4>\n<p>Betegs\u00e9gekre kev\u00e9sb\u00e9 \u00e9rz\u00e9keny , termeszthet\u0151 szabadf\u00f6ld\u00f6n \u00e9s f\u00f3li\u00e1ban is.<\/p>\n<p>\u00dcltet\u00e9si id\u0151: augusztus- szeptember h\u00f3napokban.<\/p>\n<p style=\"font-weight: 400;\">Napos f\u00e9l\u00e1rny\u00e9kos helyet kedvel.<\/p>\n<p style=\"font-weight: 400;\">A talaj legyen t\u00e1panyagban gazdag, j\u00f3 v\u00edz\u00e1tereszt\u0151 k\u00e9pess\u00e9g\u0171.<\/p>\n<p style=\"font-weight: 400;\">A pang\u00f3 vizes talajt ker\u00fclj\u00fck.<\/p>\n<p style=\"font-weight: 400;\">\u00a020-30cm-es t\u0151t\u00e1vot \u00e9s\u00a0 50-100cm sort\u00e1vot tartsunk a n\u00f6v\u00e9nyek k\u00f6z\u00f6tt.<\/p>\n<p style=\"font-weight: 400;\">A szam\u00f3cat\u00f6veket h\u00e1zikertben 3 \u00e9vig \u00e9rdemes tartani.<\/p>\n<p style=\"font-weight: 400;\">A legt\u00f6bb, legnagyobb, legszebb term\u00e9st azonban az egy\u00e9ves t\u00f6vekr\u0151l szedhet\u00fcnk.<\/p>\n<p style=\"font-weight: 400;\">A szam\u00f3ca megh\u00e1l\u00e1lja a gondos \u00fcltet\u00e9st, nagyon fontos az \u00fcltet\u00e9si m\u00e9lys\u00e9g helyes betart\u00e1sa.<\/p>\n<p style=\"font-weight: 400;\">\u00dcltet\u00e9s ut\u00e1n alaposan \u00f6nt\u00f6zz\u00fck meg a t\u00f6veket.<\/p>\n<p>A t\u00e1panyagut\u00e1np\u00f3tl\u00e1s is igen fontos \u00e9s ehhez sz\u00edvesen aj\u00e1nljuk az Agrecol eper t\u00e1pot.<\/p>\n<p>Jelen term\u00e9k\u00fcnk 9- es cser\u00e9pben kaphat\u00f3 \u00e9s kb:10-20 cm magas<\/p>\n<p><a href=\"https:\/\/tajkertesz.com\/\">https:\/\/tajkertesz.com\/<\/a><\/p>\n<p><a href=\"https:\/\/hu.wikipedia.org\/wiki\/Eper_(n%C3%B6v%C3%A9nyfaj)\">https:\/\/hu.wikipedia.org\/wiki\/Eper_(n%C3%B6v%C3%A9nyfaj)<\/a><\/p>\n<p>Az epret nagy f\u00f6ldrajzi alkalmazkod\u00f3k\u00e9pess\u00e9ge \u00e9s elterjed\u00e9se miatt szinte a vil\u00e1g minden orsz\u00e1g\u00e1ban termesztik. \u00c9vel\u0151, t\u0151r\u00f3zs\u00e1t fejleszt\u0151 n\u00f6v\u00e9ny, az indan\u00f6v\u00e9nyr\u0151l \u00fagy nevezett frig\u00f3 pal\u00e1nt\u00e1kkal szapor\u00edtott egyedek j\u00e1rul\u00e9kos gy\u00f6k\u00e9rrendszert fejlesztenek, melyek sek\u00e9lyen helyezkednek el a talajban. A gy\u00f6k\u00e9rzetet a lev\u00e9lzettel egy r\u00f6vid gy\u00f6k\u00e9rt\u00f6rzs k\u00f6ti \u00f6ssze. Ebb\u0151l fejl\u0151dnek ki a levelek, az ind\u00e1k, a vir\u00e1gok; ezen k\u00edv\u00fcl ez a szerve tartal\u00e9kolja a t\u00e1panyagokat, amely el\u0151seg\u00edti az \u00e1ttelel\u00e9st.<\/p>\n<p>A lombozaton bel\u00fcl h\u00e1romf\u00e9le levelet k\u00fcl\u00f6nb\u00f6ztet\u00fcnk meg: a val\u00f3di, fotoszintetiz\u00e1l\u00f3 lombleveleket, a gy\u00f6k\u00e9rt\u00f6rzs\u00f6n \u00e9s az ind\u00e1kon tal\u00e1lhat\u00f3 alleveleket, valamint a vir\u00e1gzatban elhelyezked\u0151 felleveleket. A t\u0151r\u00f3zs\u00e1t alkot\u00f3 5-7 darab lomblev\u00e9l, h\u00e1rmasan \u00f6sszetett. Sz\u00edn\u00fck, sz\u0151r\u00f6z\u00f6tts\u00e9g\u00fck, alakjuk, fogazotts\u00e1guk, a fajt\u00e1jukra jellemz\u0151. \u00c1tlagosan 50-60 napig \u00e9lnek, majd a legals\u00f3, egyben legid\u0151sebb levelekkel kezdve fokozatosan elhalnak. Mivel ezek a n\u00f6v\u00e9nyen maradnak, gondoskodni kell az elt\u00e1vol\u00edt\u00e1sukr\u00f3l. Az elhal\u00f3 levelek t\u00e1panyagai a gy\u00f6k\u00e9rt\u00f6rzsbe v\u00e1ndorolnak, itt rakt\u00e1roz\u00f3dva seg\u00edtik az \u00e1ttelel\u00e9st. A gy\u00f6k\u00e9rt\u00f6rzs cs\u00facsk\u00f6zeinek oldalr\u00fcgyeib\u0151l fejl\u0151dnek ki az ind\u00e1k. Az ind\u00e1k n\u00f3duszain alakulnak ki az indan\u00f6v\u00e9nyek (amiket az \u00fan. frig\u00f3 pal\u00e1nt\u00e1k k\u00e9sz\u00edt\u00e9s\u00e9hez haszn\u00e1lnak).<\/p>\n<p>Az eper vir\u00e1gzata a gy\u00f6k\u00e9rt\u00f6rzs cs\u00facsr\u00fcgy\u00e9b\u0151l fejl\u0151dik. \u00c1ltal\u00e1ban egy hossz\u00fa t\u0151kocs\u00e1ny v\u00e9g\u00e9n alakulnak ki a v\u00e1ltoz\u00f3 sz\u00e1m\u00fa vir\u00e1gb\u00f3l \u00e1ll\u00f3 bogerny\u0151k. Ezek elt\u00e9r\u0151 id\u0151ben vir\u00e1goznak, \u00edgy nemcsak az \u00e9r\u00e9s\u00fck h\u00faz\u00f3dik el, hanem a bogy\u00f3m\u00e9ret is v\u00e1ltozik. A vir\u00e1goknak 5 cs\u00e9szelevel\u00fck, 5 sziromlevel\u00fck, 3 porz\u00f3k\u00f6r\u00fck \u00e9s sz\u00e1mtalan term\u0151level\u00fck van. Az eper vir\u00e1gai rendszerint h\u00edmn\u0151sek, de lehetnek csak egyivar\u00faak is. A term\u0151k a vacok fel\u00fclet\u00e9n helyezkednek el.<\/p>\n<p>&nbsp;<\/p>","protected":false},"excerpt":{"rendered":"<h4><strong>Az Ostara eper , folytonterm\u0151 eper egy r\u00e9gi k\u00f6zkedvelt fajta.\u00a0<\/strong><\/h4>\n<h4>\u00a0 Gy\u00fcm\u00f6lcse igen nagy \u00edgy a\u00a0 bogy\u00f3 m\u00e9rete miatt a k\u00f6z\u00e9nagy eprek k\u00f6z\u00e9 sorolhatjuk. Igen \u00a0arom\u00e1s \u00e9s az\u00a0egyik legjobb indahozammal rendelkez\u0151 fajta.<\/h4>\n<p>Betegs\u00e9gekre kev\u00e9sb\u00e9 \u00e9rz\u00e9keny , termeszthet\u0151 szabadf\u00f6ld\u00f6n \u00e9s f\u00f3li\u00e1ban is.<\/p>\n<p>\u00dcltet\u00e9si id\u0151: augusztus- szeptember h\u00f3napokban.<\/p>\n<p style=\"font-weight: 400;\">Napos f\u00e9l\u00e1rny\u00e9kos helyet kedvel.<\/p>\n<p style=\"font-weight: 400;\">A talaj legyen t\u00e1panyagban gazdag, j\u00f3 v\u00edz\u00e1tereszt\u0151 k\u00e9pess\u00e9g\u0171.<\/p>\n<p style=\"font-weight: 400;\">A pang\u00f3 vizes talajt ker\u00fclj\u00fck.<\/p>\n<p style=\"font-weight: 400;\">\u00a020-30cm-es t\u0151t\u00e1vot \u00e9s\u00a0 50-100cm sort\u00e1vot tartsunk a n\u00f6v\u00e9nyek k\u00f6z\u00f6tt.<\/p>\n<p style=\"font-weight: 400;\">A szam\u00f3cat\u00f6veket h\u00e1zikertben 3 \u00e9vig \u00e9rdemes tartani.<\/p>\n<p style=\"font-weight: 400;\">A legt\u00f6bb, legnagyobb, legszebb term\u00e9st azonban az egy\u00e9ves t\u00f6vekr\u0151l szedhet\u00fcnk.<\/p>\n<p style=\"font-weight: 400;\">A szam\u00f3ca megh\u00e1l\u00e1lja a gondos \u00fcltet\u00e9st, nagyon fontos az \u00fcltet\u00e9si m\u00e9lys\u00e9g helyes betart\u00e1sa.<\/p>\n<p style=\"font-weight: 400;\">\u00dcltet\u00e9s ut\u00e1n alaposan \u00f6nt\u00f6zz\u00fck meg a t\u00f6veket.<\/p>\n<p>A t\u00e1panyagut\u00e1np\u00f3tl\u00e1s is igen fontos \u00e9s ehhez sz\u00edvesen aj\u00e1nljuk az Agrecol eper t\u00e1pot.<\/p>","protected":false},"featured_media":2147,"template":"","meta":{"_et_pb_use_builder":"","_et_pb_old_content":"","_et_gb_content_width":""},"product_brand":[],"product_cat":[5327],"product_tag":[690,689,691],"class_list":{"0":"post-2146","1":"product","2":"type-product","3":"status-publish","4":"has-post-thumbnail","6":"product_cat-gyumolcstermok","7":"product_tag-eper","8":"product_tag-folytontermo-eper","9":"product_tag-ostara","11":"first","12":"instock","13":"shipping-taxable","14":"purchasable","15":"product-type-simple"},"yoast_head":"<!-- This site is optimized with the Yoast SEO plugin v27.5 - https:\/\/yoast.com\/product\/yoast-seo-wordpress\/ -->\n<title>Ostara folytonterm\u0151 eperpal\u00e1nta - T\u00e1jkert\u00e9sz<\/title>\n<meta name=\"description\" content=\"Az Ostara eper , folytonterm\u0151 eper egy r\u00e9gi k\u00f6zkedvelt fajta.\u00a0\u00a0 Gy\u00fcm\u00f6lcse igen nagy \u00edgy a\u00a0 bogy\u00f3 m\u00e9rete miatt a k\u00f6z\u00e9nagy eprek k\u00f6z\u00e9 sorolhatjuk.\" \/>\n<meta name=\"robots\" content=\"index, follow, max-snippet:-1, max-image-preview:large, max-video-preview:-1\" \/>\n<link rel=\"canonical\" href=\"https:\/\/tajkertesz.com\/en_US\/product\/ostara-eper-folytontermo-eper\/\" \/>\n<meta property=\"og:locale\" content=\"en_US\" \/>\n<meta property=\"og:type\" content=\"article\" \/>\n<meta property=\"og:title\" content=\"Ostara folytonterm\u0151 eperpal\u00e1nta - T\u00e1jkert\u00e9sz\" \/>\n<meta property=\"og:description\" content=\"Az Ostara eper , folytonterm\u0151 eper egy r\u00e9gi k\u00f6zkedvelt fajta.\u00a0\u00a0 Gy\u00fcm\u00f6lcse igen nagy \u00edgy a\u00a0 bogy\u00f3 m\u00e9rete miatt a k\u00f6z\u00e9nagy eprek k\u00f6z\u00e9 sorolhatjuk.\" \/>\n<meta property=\"og:url\" content=\"https:\/\/tajkertesz.com\/en_US\/product\/ostara-eper-folytontermo-eper\/\" \/>\n<meta property=\"og:site_name\" content=\"T\u00e1jkert\u00e9sz\" \/>\n<meta property=\"article:publisher\" content=\"https:\/\/www.facebook.com\/Tajkertesz\/\" \/>\n<meta property=\"article:modified_time\" content=\"2026-03-21T07:09:07+00:00\" \/>\n<meta property=\"og:image\" content=\"https:\/\/tajkertesz.com\/wp-content\/uploads\/2020\/09\/ostara-eper.png\" \/>\n\t<meta property=\"og:image:width\" content=\"329\" \/>\n\t<meta property=\"og:image:height\" content=\"441\" \/>\n\t<meta property=\"og:image:type\" content=\"image\/png\" \/>\n<meta name=\"twitter:card\" content=\"summary_large_image\" \/>\n<meta name=\"twitter:label1\" content=\"Est. reading time\" \/>\n\t<meta name=\"twitter:data1\" content=\"3 minutes\" \/>\n<script type=\"application\/ld+json\" class=\"yoast-schema-graph\">{\"@context\":\"https:\\\/\\\/schema.org\",\"@graph\":[{\"@type\":\"WebPage\",\"@id\":\"https:\\\/\\\/tajkertesz.com\\\/termek\\\/ostara-eper-folytontermo-eper\\\/\",\"url\":\"https:\\\/\\\/tajkertesz.com\\\/termek\\\/ostara-eper-folytontermo-eper\\\/\",\"name\":\"Ostara folytonterm\u0151 eperpal\u00e1nta - T\u00e1jkert\u00e9sz\",\"isPartOf\":{\"@id\":\"https:\\\/\\\/tajkertesz.com\\\/#website\"},\"primaryImageOfPage\":{\"@id\":\"https:\\\/\\\/tajkertesz.com\\\/termek\\\/ostara-eper-folytontermo-eper\\\/#primaryimage\"},\"image\":{\"@id\":\"https:\\\/\\\/tajkertesz.com\\\/termek\\\/ostara-eper-folytontermo-eper\\\/#primaryimage\"},\"thumbnailUrl\":\"https:\\\/\\\/tajkertesz.com\\\/wp-content\\\/uploads\\\/2020\\\/09\\\/ostara-eper.png\",\"datePublished\":\"2020-09-14T12:17:03+00:00\",\"dateModified\":\"2026-03-21T07:09:07+00:00\",\"description\":\"Az Ostara eper , folytonterm\u0151 eper egy r\u00e9gi k\u00f6zkedvelt fajta.\u00a0\u00a0 Gy\u00fcm\u00f6lcse igen nagy \u00edgy a\u00a0 bogy\u00f3 m\u00e9rete miatt a k\u00f6z\u00e9nagy eprek k\u00f6z\u00e9 sorolhatjuk.\",\"breadcrumb\":{\"@id\":\"https:\\\/\\\/tajkertesz.com\\\/termek\\\/ostara-eper-folytontermo-eper\\\/#breadcrumb\"},\"inLanguage\":\"en-US\",\"potentialAction\":[{\"@type\":\"ReadAction\",\"target\":[\"https:\\\/\\\/tajkertesz.com\\\/termek\\\/ostara-eper-folytontermo-eper\\\/\"]}]},{\"@type\":\"ImageObject\",\"inLanguage\":\"en-US\",\"@id\":\"https:\\\/\\\/tajkertesz.com\\\/termek\\\/ostara-eper-folytontermo-eper\\\/#primaryimage\",\"url\":\"https:\\\/\\\/tajkertesz.com\\\/wp-content\\\/uploads\\\/2020\\\/09\\\/ostara-eper.png\",\"contentUrl\":\"https:\\\/\\\/tajkertesz.com\\\/wp-content\\\/uploads\\\/2020\\\/09\\\/ostara-eper.png\",\"width\":329,\"height\":441,\"caption\":\"Ostara folytonterm\u0151 eperpal\u00e1nta\"},{\"@type\":\"BreadcrumbList\",\"@id\":\"https:\\\/\\\/tajkertesz.com\\\/termek\\\/ostara-eper-folytontermo-eper\\\/#breadcrumb\",\"itemListElement\":[{\"@type\":\"ListItem\",\"position\":1,\"name\":\"Home\",\"item\":\"https:\\\/\\\/tajkertesz.com\\\/\"},{\"@type\":\"ListItem\",\"position\":2,\"name\":\"Kezd\u0151lap\",\"item\":\"https:\\\/\\\/tajkertesz.com\\\/\"},{\"@type\":\"ListItem\",\"position\":3,\"name\":\"Ostara folytonterm\u0151 eperpal\u00e1nta\"}]},{\"@type\":\"WebSite\",\"@id\":\"https:\\\/\\\/tajkertesz.com\\\/#website\",\"url\":\"https:\\\/\\\/tajkertesz.com\\\/\",\"name\":\"T\u00e1j-Kert\u00e9sz 84 Kft.\",\"description\":\"Kert\u00e9szeti kis- \u00e9s nagykeresked\u00e9s, D\u00edszn\u00f6v\u00e9ny web\u00e1ruh\u00e1z orsz\u00e1gos h\u00e1zhozsz\u00e1ll\u00edt\u00e1ssal!\",\"publisher\":{\"@id\":\"https:\\\/\\\/tajkertesz.com\\\/#organization\"},\"potentialAction\":[{\"@type\":\"SearchAction\",\"target\":{\"@type\":\"EntryPoint\",\"urlTemplate\":\"https:\\\/\\\/tajkertesz.com\\\/?s={search_term_string}\"},\"query-input\":{\"@type\":\"PropertyValueSpecification\",\"valueRequired\":true,\"valueName\":\"search_term_string\"}}],\"inLanguage\":\"en-US\"},{\"@type\":\"Organization\",\"@id\":\"https:\\\/\\\/tajkertesz.com\\\/#organization\",\"name\":\"T\u00e1j-Kert\u00e9sz 84 Kft.\",\"url\":\"https:\\\/\\\/tajkertesz.com\\\/\",\"logo\":{\"@type\":\"ImageObject\",\"inLanguage\":\"en-US\",\"@id\":\"https:\\\/\\\/tajkertesz.com\\\/#\\\/schema\\\/logo\\\/image\\\/\",\"url\":\"https:\\\/\\\/tajkertesz.com\\\/wp-content\\\/uploads\\\/2018\\\/02\\\/logo-2-e1518678052539.png\",\"contentUrl\":\"https:\\\/\\\/tajkertesz.com\\\/wp-content\\\/uploads\\\/2018\\\/02\\\/logo-2-e1518678052539.png\",\"width\":81,\"height\":140,\"caption\":\"T\u00e1j-Kert\u00e9sz 84 Kft.\"},\"image\":{\"@id\":\"https:\\\/\\\/tajkertesz.com\\\/#\\\/schema\\\/logo\\\/image\\\/\"},\"sameAs\":[\"https:\\\/\\\/www.facebook.com\\\/Tajkertesz\\\/\"]}]}<\/script>\n<!-- \/ Yoast SEO plugin. -->","yoast_head_json":{"title":"Ostara folytonterm\u0151 eperpal\u00e1nta - T\u00e1jkert\u00e9sz","description":"Az Ostara eper , folytonterm\u0151 eper egy r\u00e9gi k\u00f6zkedvelt fajta.\u00a0\u00a0 Gy\u00fcm\u00f6lcse igen nagy \u00edgy a\u00a0 bogy\u00f3 m\u00e9rete miatt a k\u00f6z\u00e9nagy eprek k\u00f6z\u00e9 sorolhatjuk.","robots":{"index":"index","follow":"follow","max-snippet":"max-snippet:-1","max-image-preview":"max-image-preview:large","max-video-preview":"max-video-preview:-1"},"canonical":"https:\/\/tajkertesz.com\/en_US\/product\/ostara-eper-folytontermo-eper\/","og_locale":"en_US","og_type":"article","og_title":"Ostara folytonterm\u0151 eperpal\u00e1nta - T\u00e1jkert\u00e9sz","og_description":"Az Ostara eper , folytonterm\u0151 eper egy r\u00e9gi k\u00f6zkedvelt fajta.\u00a0\u00a0 Gy\u00fcm\u00f6lcse igen nagy \u00edgy a\u00a0 bogy\u00f3 m\u00e9rete miatt a k\u00f6z\u00e9nagy eprek k\u00f6z\u00e9 sorolhatjuk.","og_url":"https:\/\/tajkertesz.com\/en_US\/product\/ostara-eper-folytontermo-eper\/","og_site_name":"T\u00e1jkert\u00e9sz","article_publisher":"https:\/\/www.facebook.com\/Tajkertesz\/","article_modified_time":"2026-03-21T07:09:07+00:00","og_image":[{"width":329,"height":441,"url":"https:\/\/tajkertesz.com\/wp-content\/uploads\/2020\/09\/ostara-eper.png","type":"image\/png"}],"twitter_card":"summary_large_image","twitter_misc":{"Est. reading time":"3 minutes"},"schema":{"@context":"https:\/\/schema.org","@graph":[{"@type":"WebPage","@id":"https:\/\/tajkertesz.com\/termek\/ostara-eper-folytontermo-eper\/","url":"https:\/\/tajkertesz.com\/termek\/ostara-eper-folytontermo-eper\/","name":"Ostara folytonterm\u0151 eperpal\u00e1nta - T\u00e1jkert\u00e9sz","isPartOf":{"@id":"https:\/\/tajkertesz.com\/#website"},"primaryImageOfPage":{"@id":"https:\/\/tajkertesz.com\/termek\/ostara-eper-folytontermo-eper\/#primaryimage"},"image":{"@id":"https:\/\/tajkertesz.com\/termek\/ostara-eper-folytontermo-eper\/#primaryimage"},"thumbnailUrl":"https:\/\/tajkertesz.com\/wp-content\/uploads\/2020\/09\/ostara-eper.png","datePublished":"2020-09-14T12:17:03+00:00","dateModified":"2026-03-21T07:09:07+00:00","description":"Az Ostara eper , folytonterm\u0151 eper egy r\u00e9gi k\u00f6zkedvelt fajta.\u00a0\u00a0 Gy\u00fcm\u00f6lcse igen nagy \u00edgy a\u00a0 bogy\u00f3 m\u00e9rete miatt a k\u00f6z\u00e9nagy eprek k\u00f6z\u00e9 sorolhatjuk.","breadcrumb":{"@id":"https:\/\/tajkertesz.com\/termek\/ostara-eper-folytontermo-eper\/#breadcrumb"},"inLanguage":"en-US","potentialAction":[{"@type":"ReadAction","target":["https:\/\/tajkertesz.com\/termek\/ostara-eper-folytontermo-eper\/"]}]},{"@type":"ImageObject","inLanguage":"en-US","@id":"https:\/\/tajkertesz.com\/termek\/ostara-eper-folytontermo-eper\/#primaryimage","url":"https:\/\/tajkertesz.com\/wp-content\/uploads\/2020\/09\/ostara-eper.png","contentUrl":"https:\/\/tajkertesz.com\/wp-content\/uploads\/2020\/09\/ostara-eper.png","width":329,"height":441,"caption":"Ostara folytonterm\u0151 eperpal\u00e1nta"},{"@type":"BreadcrumbList","@id":"https:\/\/tajkertesz.com\/termek\/ostara-eper-folytontermo-eper\/#breadcrumb","itemListElement":[{"@type":"ListItem","position":1,"name":"Home","item":"https:\/\/tajkertesz.com\/"},{"@type":"ListItem","position":2,"name":"Kezd\u0151lap","item":"https:\/\/tajkertesz.com\/"},{"@type":"ListItem","position":3,"name":"Ostara folytonterm\u0151 eperpal\u00e1nta"}]},{"@type":"WebSite","@id":"https:\/\/tajkertesz.com\/#website","url":"https:\/\/tajkertesz.com\/","name":"T\u00e1j-Kert\u00e9sz 84 Kft.","description":"Kert\u00e9szeti kis- \u00e9s nagykeresked\u00e9s, D\u00edszn\u00f6v\u00e9ny web\u00e1ruh\u00e1z orsz\u00e1gos h\u00e1zhozsz\u00e1ll\u00edt\u00e1ssal!","publisher":{"@id":"https:\/\/tajkertesz.com\/#organization"},"potentialAction":[{"@type":"SearchAction","target":{"@type":"EntryPoint","urlTemplate":"https:\/\/tajkertesz.com\/?s={search_term_string}"},"query-input":{"@type":"PropertyValueSpecification","valueRequired":true,"valueName":"search_term_string"}}],"inLanguage":"en-US"},{"@type":"Organization","@id":"https:\/\/tajkertesz.com\/#organization","name":"T\u00e1j-Kert\u00e9sz 84 Kft.","url":"https:\/\/tajkertesz.com\/","logo":{"@type":"ImageObject","inLanguage":"en-US","@id":"https:\/\/tajkertesz.com\/#\/schema\/logo\/image\/","url":"https:\/\/tajkertesz.com\/wp-content\/uploads\/2018\/02\/logo-2-e1518678052539.png","contentUrl":"https:\/\/tajkertesz.com\/wp-content\/uploads\/2018\/02\/logo-2-e1518678052539.png","width":81,"height":140,"caption":"T\u00e1j-Kert\u00e9sz 84 Kft."},"image":{"@id":"https:\/\/tajkertesz.com\/#\/schema\/logo\/image\/"},"sameAs":["https:\/\/www.facebook.com\/Tajkertesz\/"]}]}},"_links":{"self":[{"href":"https:\/\/tajkertesz.com\/en_US\/wp-json\/wp\/v2\/product\/2146","targetHints":{"allow":["GET"]}}],"collection":[{"href":"https:\/\/tajkertesz.com\/en_US\/wp-json\/wp\/v2\/product"}],"about":[{"href":"https:\/\/tajkertesz.com\/en_US\/wp-json\/wp\/v2\/types\/product"}],"wp:featuredmedia":[{"embeddable":true,"href":"https:\/\/tajkertesz.com\/en_US\/wp-json\/wp\/v2\/media\/2147"}],"wp:attachment":[{"href":"https:\/\/tajkertesz.com\/en_US\/wp-json\/wp\/v2\/media?parent=2146"}],"wp:term":[{"taxonomy":"product_brand","embeddable":true,"href":"https:\/\/tajkertesz.com\/en_US\/wp-json\/wp\/v2\/product_brand?post=2146"},{"taxonomy":"product_cat","embeddable":true,"href":"https:\/\/tajkertesz.com\/en_US\/wp-json\/wp\/v2\/product_cat?post=2146"},{"taxonomy":"product_tag","embeddable":true,"href":"https:\/\/tajkertesz.com\/en_US\/wp-json\/wp\/v2\/product_tag?post=2146"}],"curies":[{"name":"wp","href":"https:\/\/api.w.org\/{rel}","templated":true}]}}