{"id":2297,"date":"2020-10-20T14:42:51","date_gmt":"2020-10-20T14:42:51","guid":{"rendered":"https:\/\/tajkertesz.com\/?post_type=product&#038;p=2297"},"modified":"2026-03-09T11:58:01","modified_gmt":"2026-03-09T11:58:01","slug":"rubus-idaeus-schonemann-malna","status":"publish","type":"product","link":"https:\/\/tajkertesz.com\/en_US\/product\/rubus-idaeus-schonemann-malna\/","title":{"rendered":"Rubus idaeus \u2019Sch\u00f6nemann\u2019 , M\u00e1lna"},"content":{"rendered":"<p>Rubus idaeus \u2019Sch\u00f6nemann\u2019 , M\u00e1lna<\/p>\n<p>Rubus idaeus \u2019Sch\u00f6nemann\u2019 , M\u00e1lna augusztust\u00f3l-okt\u00f3berig hozza nagy, m\u00e9lypiros, \u00e9des term\u00e9s\u00e9t.<\/p>\n<p>Magyarorsz\u00e1gon \u0151shonos, f\u00f6ldalatti tarackokat hajt\u00f3, kb. 2 m magas f\u00e9lcserje. Levelei 3-5, ritk\u00e1n 7 tag\u00faak, fel\u00fcl sim\u00e1k, alul gyapjasak, sz\u00e9l\u00fck f\u0171r\u00e9szfogas.<\/p>\n<p>M\u00e1just\u00f3l augusztusig vir\u00e1gzik. A vir\u00e1gok feh\u00e9rek, laza f\u00fcrt\u00f6kben vagy bug\u00e1ban \u00e1llnak.<\/p>\n<p>V\u00f6r\u00f6s, csonth\u00e9jas bogy\u00f3kb\u00f3l \u00e1ll\u00f3 term\u00e9scsoportja 30-40 nap alatt fejl\u0151dik ki \u00e9s \u00e9rik be, a szederrel ellent\u00e9tben lev\u00e1lik a vack\u00e1r\u00f3l.<\/p>\n<p>Magas v\u00edzig\u00e9ny\u0171, \u00f6nt\u00f6z\u00e9st ig\u00e9nyel. A gyeng\u00e9n savas, t\u00e1panyagban gazdag talajt kedveli. Sarjadz\u00e1ssal szaporodik.<\/p>\n<p>Jelen term\u00e9k\u00fcnk 3 literes kont\u00e9nerben , 60\/80 cm magass\u00e1gban kaphat\u00f3.<\/p>\n<p style=\"line-height: 18.0pt; background: white; margin: 0cm 0cm 15.0pt 0cm;\"><span style=\"font-family: 'Ubuntu',serif; color: black;\">El\u00e9rhet\u0151 t\u00f6bbf\u00e9le m\u00e9retben \u00e9s \u00e1rban.<\/span><\/p>\n<p style=\"line-height: 18.0pt; background: white; margin: 0cm 0cm 15.0pt 0cm;\"><b><span style=\"font-family: 'Ubuntu',serif; color: black;\">K\u00e9szlet\u00fcnk napi szinten v\u00e1ltozik, ez\u00e9rt k\u00e9rj\u00fck, \u00e9rdekl\u0151dj\u00f6n szem\u00e9lyesen, telefonon vagy email-en.<br \/>\nA v\u00e1ltoztat\u00e1s jog\u00e1t fenntartjuk!\u00a0<\/span><\/b><\/p>\n<p><a href=\"https:\/\/tajkertesz.com\/\">https:\/\/tajkertesz.com\/<\/a><\/p>\n<p><a href=\"https:\/\/hu.wikipedia.org\/wiki\/M%C3%A1lna\">https:\/\/hu.wikipedia.org\/wiki\/M%C3%A1lna<\/a><\/p>\n<h6><span style=\"color: #ffffff;\">A latin\u00a0<i>Rubus idaeus<\/i>\u00a0n\u00e9v visszavezethet\u0151\u00a0<a style=\"color: #ffffff;\" title=\"Pedaniosz Dioszkorid\u00e9sz\" href=\"https:\/\/hu.wikipedia.org\/wiki\/Pedaniosz_Dioszkorid%C3%A9sz\">Pedaniosz Dioszkorid\u00e9sz<\/a>\u00a0i. sz. 50-68 k\u00f6z\u00f6tt keletkezett\u00a0<i>De materia medica<\/i><sup id=\"cite_ref-3\" class=\"reference\"><a style=\"color: #ffffff;\" href=\"https:\/\/hu.wikipedia.org\/wiki\/M%C3%A1lna#cite_note-3\">[3]<\/a><\/sup>\u00a0c. m\u0171v\u00e9re, de lehets\u00e9ges, hogy a g\u00f6r\u00f6g orvost\u00f3l,\u00a0<a class=\"new\" style=\"color: #ffffff;\" title=\"Krateuas (a lap nem l\u00e9tezik)\" href=\"https:\/\/hu.wikipedia.org\/w\/index.php?title=Krateuas&amp;action=edit&amp;redlink=1\">Krateuast\u00f3l<\/a>\u00a0sz\u00e1rmazik (kb. i. e. 100)<sup id=\"cite_ref-4\" class=\"reference\"><a style=\"color: #ffffff;\" href=\"https:\/\/hu.wikipedia.org\/wiki\/M%C3%A1lna#cite_note-4\">[4]<\/a><\/sup>\u00a0<a class=\"mw-redirect\" style=\"color: #ffffff;\" title=\"Caius Plinius Caecilius\" href=\"https:\/\/hu.wikipedia.org\/wiki\/Caius_Plinius_Caecilius\">Caius Plinius Caecilius<\/a>\u00a0<i><a class=\"new\" style=\"color: #ffffff;\" title=\"Naturalis historia (a lap nem l\u00e9tezik)\" href=\"https:\/\/hu.wikipedia.org\/w\/index.php?title=Naturalis_historia&amp;action=edit&amp;redlink=1\">Naturalis historia<\/a><\/i>\u00a0(kb. i. sz. 77.) c. m\u0171v\u00e9ben k\u00e9t helyen is eml\u00edti a n\u00f6v\u00e9nyt \u00e9s azt \u00edrja, hogy a g\u00f6r\u00f6g\u00f6k \u201eIdaeus rubus\u201c n\u00e9ven ismerik,<sup id=\"cite_ref-5\" class=\"reference\"><a style=\"color: #ffffff;\" href=\"https:\/\/hu.wikipedia.org\/wiki\/M%C3%A1lna#cite_note-5\">[5]<\/a><\/sup>\u00a0mert csak Id\u00e1ban terem.<sup id=\"cite_ref-6\" class=\"reference\"><a style=\"color: #ffffff;\" href=\"https:\/\/hu.wikipedia.org\/wiki\/M%C3%A1lna#cite_note-6\">[6]<\/a><\/sup>\u00a0A fajta neve val\u00f3sz\u00edn\u0171leg a Tro\u00e1szban (ma T\u00f6r\u00f6korsz\u00e1g ter\u00fclet\u00e9n) l\u00e9v\u0151 Ida-hegys\u00e9gr\u0151l kapta a nev\u00e9t, mert csak ez a hegys\u00e9g fekszik a m\u00e1lna el\u0151fordul\u00e1si ter\u00fclet\u00e9n, mik\u00f6zben a Kr\u00e9t\u00e1ban tal\u00e1lhat\u00f3, Id\u00e1nak is nevezett Psziloritisz-hegys\u00e9g sz\u00e9les k\u00f6rzet\u00e9ben a faj hi\u00e1nyzik.<sup id=\"cite_ref-7\" class=\"reference\"><a style=\"color: #ffffff;\" href=\"https:\/\/hu.wikipedia.org\/wiki\/M%C3%A1lna#cite_note-7\">[7]<\/a><\/sup><\/span><\/h6>\n<h6><span style=\"color: #ffffff;\"><span id=\"El.C5.91fordul.C3.A1s\"><\/span><span id=\"El\u0151fordul\u00e1s\" class=\"mw-headline\">El\u0151fordul\u00e1s<\/span><span class=\"mw-editsection\"><span class=\"mw-editsection-bracket\">[<\/span><a style=\"color: #ffffff;\" title=\"Szakasz szerkeszt\u00e9se: El\u0151fordul\u00e1s\" href=\"https:\/\/hu.wikipedia.org\/w\/index.php?title=M%C3%A1lna&amp;action=edit&amp;section=2\">szerkeszt\u00e9s<\/a><span class=\"mw-editsection-bracket\">]<\/span><\/span><\/span><\/h6>\n<h6><span style=\"color: #ffffff;\">A vad m\u00e1lna Eur\u00f3pa m\u00e9rs\u00e9kelt \u00f6vi r\u00e9sz\u00e9ben a bore\u00e1lis z\u00f3n\u00e1ig \u00e9s Nyugat-Szib\u00e9ri\u00e1ig el\u0151fordul. A mediterr\u00e1n z\u00f3n\u00e1ban d\u00e9l fel\u00e9 haladva megjelen\u00e9se egyre ritk\u00e1bb, \u00e9s a hegys\u00e9gben a mont\u00e1n \u00f6vt\u0151l a szubalpin r\u00e9gi\u00f3khoz k\u00f6t\u0151dik. Az Alpokban 2000\u00a0m magass\u00e1gig megtal\u00e1lhat\u00f3. Telep\u00edtett\u00e9k tov\u00e1bb\u00e1 \u00c9szak-Amerika keleti r\u00e9sz\u00e9n, Gr\u00f6nlandon \u00e9s \u00daj-Z\u00e9landon is.<\/span><\/h6>\n<h6><span style=\"color: #ffffff;\"><span id=\".C3.89l.C5.91hely\"><\/span><span id=\"\u00c9l\u0151hely\" class=\"mw-headline\">\u00c9l\u0151hely<\/span><span class=\"mw-editsection\"><span class=\"mw-editsection-bracket\">[<\/span><a style=\"color: #ffffff;\" title=\"Szakasz szerkeszt\u00e9se: \u00c9l\u0151hely\" href=\"https:\/\/hu.wikipedia.org\/w\/index.php?title=M%C3%A1lna&amp;action=edit&amp;section=3\">szerkeszt\u00e9s<\/a><span class=\"mw-editsection-bracket\">]<\/span><\/span><\/span><\/h6>\n<h6><span style=\"color: #ffffff;\">A m\u00e1lna\u00a0<a style=\"color: #ffffff;\" title=\"Pion\u00edr \u00e9l\u0151l\u00e9ny\" href=\"https:\/\/hu.wikipedia.org\/wiki\/Pion%C3%ADr_%C3%A9l%C5%91l%C3%A9ny\">pion\u00edr \u00e9l\u0151l\u00e9nyk\u00e9nt<\/a>\u00a0megjelenik f\u00e1tlan\u00edtott terepen. F\u00e9l\u00e1rny\u00e9kos fekv\u00e9s\u0171, nitr\u00e1tgazdag talajban teny\u00e9szik, p\u00e9ld\u00e1ul magas p\u00e1ratartalm\u00fa \u00e9s h\u0171v\u00f6s ny\u00e1ri h\u0151m\u00e9rs\u00e9klet\u0171 tiszt\u00e1sokon \u00e9s erd\u0151sz\u00e9leken. A m\u00e1lna nem t\u0171ri a talajvizet, mert \u00e9rz\u00e9keny a gy\u00f6kerek megbeteged\u00e9seire.<sup id=\"cite_ref-Wei\u00df_8-0\" class=\"reference\"><a style=\"color: #ffffff;\" href=\"https:\/\/hu.wikipedia.org\/wiki\/M%C3%A1lna#cite_note-Wei%C3%9F-8\">[8]<\/a><\/sup><\/span><\/h6>\n","protected":false},"excerpt":{"rendered":"<p>Rubus idaeus \u2019Sch\u00f6nemann\u2019 , M\u00e1lna augusztust\u00f3l-okt\u00f3berig hozza nagy, m\u00e9lypiros, \u00e9des term\u00e9s\u00e9t.<\/p>\n<p>Magyarorsz\u00e1gon \u0151shonos, f\u00f6ldalatti tarackokat hajt\u00f3, kb. 2 m magas f\u00e9lcserje. Levelei 3-5, ritk\u00e1n 7 tag\u00faak, fel\u00fcl sim\u00e1k, alul gyapjasak, sz\u00e9l\u00fck f\u0171r\u00e9szfogas.<\/p>\n<p>M\u00e1just\u00f3l augusztusig vir\u00e1gzik. A vir\u00e1gok feh\u00e9rek, laza f\u00fcrt\u00f6kben vagy bug\u00e1ban \u00e1llnak.<\/p>\n<p>V\u00f6r\u00f6s, csonth\u00e9jas bogy\u00f3kb\u00f3l \u00e1ll\u00f3 term\u00e9scsoportja 30-40 nap alatt fejl\u0151dik ki \u00e9s \u00e9rik be, a szederrel ellent\u00e9tben lev\u00e1lik a vack\u00e1r\u00f3l.<\/p>\n<p>Magas v\u00edzig\u00e9ny\u0171, \u00f6nt\u00f6z\u00e9st ig\u00e9nyel. A gyeng\u00e9n savas, t\u00e1panyagban gazdag talajt kedveli. Sarjadz\u00e1ssal szaporodik.<\/p>","protected":false},"featured_media":2300,"template":"","meta":{"_et_pb_use_builder":"","_et_pb_old_content":"","_et_gb_content_width":""},"product_brand":[],"product_cat":[5384],"product_tag":[726,723,751],"class_list":{"0":"post-2297","1":"product","2":"type-product","3":"status-publish","4":"has-post-thumbnail","6":"product_cat-malna","7":"product_tag-malna","8":"product_tag-rubus-idaeus","9":"product_tag-rubus-idaeus-schonemann","11":"first","12":"instock","13":"shipping-taxable","14":"purchasable","15":"product-type-simple"},"yoast_head":"<!-- This site is optimized with the Yoast SEO plugin v27.4 - https:\/\/yoast.com\/product\/yoast-seo-wordpress\/ -->\n<title>Rubus idaeus \u2019Sch\u00f6nemann\u2019 , M\u00e1lna - T\u00e1jkert\u00e9sz<\/title>\n<meta name=\"description\" content=\"Rubus idaeus \u2019Sch\u00f6nemann\u2019 , M\u00e1lna augusztust\u00f3l-okt\u00f3berig hozza nagy, m\u00e9lypiros, \u00e9des term\u00e9s\u00e9t. M\u00e1just\u00f3l augusztusig vir\u00e1gzik.\" \/>\n<meta name=\"robots\" content=\"index, follow, max-snippet:-1, max-image-preview:large, max-video-preview:-1\" \/>\n<link rel=\"canonical\" href=\"https:\/\/tajkertesz.com\/en_US\/product\/rubus-idaeus-schonemann-malna\/\" \/>\n<meta property=\"og:locale\" content=\"en_US\" \/>\n<meta property=\"og:type\" content=\"article\" \/>\n<meta property=\"og:title\" content=\"Rubus idaeus \u2019Sch\u00f6nemann\u2019 , M\u00e1lna - T\u00e1jkert\u00e9sz\" \/>\n<meta property=\"og:description\" content=\"Rubus idaeus \u2019Sch\u00f6nemann\u2019 , M\u00e1lna augusztust\u00f3l-okt\u00f3berig hozza nagy, m\u00e9lypiros, \u00e9des term\u00e9s\u00e9t. M\u00e1just\u00f3l augusztusig vir\u00e1gzik.\" \/>\n<meta property=\"og:url\" content=\"https:\/\/tajkertesz.com\/en_US\/product\/rubus-idaeus-schonemann-malna\/\" \/>\n<meta property=\"og:site_name\" content=\"T\u00e1jkert\u00e9sz\" \/>\n<meta property=\"article:publisher\" content=\"https:\/\/www.facebook.com\/Tajkertesz\/\" \/>\n<meta property=\"article:modified_time\" content=\"2026-03-09T11:58:01+00:00\" \/>\n<meta property=\"og:image\" content=\"https:\/\/tajkertesz.com\/wp-content\/uploads\/2020\/10\/Rubus-idaeus-Schonemann.jpg\" \/>\n\t<meta property=\"og:image:width\" content=\"1000\" \/>\n\t<meta property=\"og:image:height\" content=\"666\" \/>\n\t<meta property=\"og:image:type\" content=\"image\/jpeg\" \/>\n<meta name=\"twitter:card\" content=\"summary_large_image\" \/>\n<meta name=\"twitter:label1\" content=\"Est. reading time\" \/>\n\t<meta name=\"twitter:data1\" content=\"2 minutes\" \/>\n<script type=\"application\/ld+json\" class=\"yoast-schema-graph\">{\"@context\":\"https:\\\/\\\/schema.org\",\"@graph\":[{\"@type\":\"WebPage\",\"@id\":\"https:\\\/\\\/tajkertesz.com\\\/termek\\\/rubus-idaeus-schonemann-malna\\\/\",\"url\":\"https:\\\/\\\/tajkertesz.com\\\/termek\\\/rubus-idaeus-schonemann-malna\\\/\",\"name\":\"Rubus idaeus \u2019Sch\u00f6nemann\u2019 , M\u00e1lna - T\u00e1jkert\u00e9sz\",\"isPartOf\":{\"@id\":\"https:\\\/\\\/tajkertesz.com\\\/#website\"},\"primaryImageOfPage\":{\"@id\":\"https:\\\/\\\/tajkertesz.com\\\/termek\\\/rubus-idaeus-schonemann-malna\\\/#primaryimage\"},\"image\":{\"@id\":\"https:\\\/\\\/tajkertesz.com\\\/termek\\\/rubus-idaeus-schonemann-malna\\\/#primaryimage\"},\"thumbnailUrl\":\"https:\\\/\\\/tajkertesz.com\\\/wp-content\\\/uploads\\\/2020\\\/10\\\/Rubus-idaeus-Schonemann.jpg\",\"datePublished\":\"2020-10-20T14:42:51+00:00\",\"dateModified\":\"2026-03-09T11:58:01+00:00\",\"description\":\"Rubus idaeus \u2019Sch\u00f6nemann\u2019 , M\u00e1lna augusztust\u00f3l-okt\u00f3berig hozza nagy, m\u00e9lypiros, \u00e9des term\u00e9s\u00e9t. M\u00e1just\u00f3l augusztusig vir\u00e1gzik.\",\"breadcrumb\":{\"@id\":\"https:\\\/\\\/tajkertesz.com\\\/termek\\\/rubus-idaeus-schonemann-malna\\\/#breadcrumb\"},\"inLanguage\":\"en-US\",\"potentialAction\":[{\"@type\":\"ReadAction\",\"target\":[\"https:\\\/\\\/tajkertesz.com\\\/termek\\\/rubus-idaeus-schonemann-malna\\\/\"]}]},{\"@type\":\"ImageObject\",\"inLanguage\":\"en-US\",\"@id\":\"https:\\\/\\\/tajkertesz.com\\\/termek\\\/rubus-idaeus-schonemann-malna\\\/#primaryimage\",\"url\":\"https:\\\/\\\/tajkertesz.com\\\/wp-content\\\/uploads\\\/2020\\\/10\\\/Rubus-idaeus-Schonemann.jpg\",\"contentUrl\":\"https:\\\/\\\/tajkertesz.com\\\/wp-content\\\/uploads\\\/2020\\\/10\\\/Rubus-idaeus-Schonemann.jpg\",\"width\":1000,\"height\":666},{\"@type\":\"BreadcrumbList\",\"@id\":\"https:\\\/\\\/tajkertesz.com\\\/termek\\\/rubus-idaeus-schonemann-malna\\\/#breadcrumb\",\"itemListElement\":[{\"@type\":\"ListItem\",\"position\":1,\"name\":\"Home\",\"item\":\"https:\\\/\\\/tajkertesz.com\\\/\"},{\"@type\":\"ListItem\",\"position\":2,\"name\":\"Kezd\u0151lap\",\"item\":\"https:\\\/\\\/tajkertesz.com\\\/\"},{\"@type\":\"ListItem\",\"position\":3,\"name\":\"Rubus idaeus \u2019Sch\u00f6nemann\u2019 , M\u00e1lna\"}]},{\"@type\":\"WebSite\",\"@id\":\"https:\\\/\\\/tajkertesz.com\\\/#website\",\"url\":\"https:\\\/\\\/tajkertesz.com\\\/\",\"name\":\"T\u00e1j-Kert\u00e9sz 84 Kft.\",\"description\":\"Kert\u00e9szeti kis- \u00e9s nagykeresked\u00e9s, D\u00edszn\u00f6v\u00e9ny web\u00e1ruh\u00e1z orsz\u00e1gos h\u00e1zhozsz\u00e1ll\u00edt\u00e1ssal!\",\"publisher\":{\"@id\":\"https:\\\/\\\/tajkertesz.com\\\/#organization\"},\"potentialAction\":[{\"@type\":\"SearchAction\",\"target\":{\"@type\":\"EntryPoint\",\"urlTemplate\":\"https:\\\/\\\/tajkertesz.com\\\/?s={search_term_string}\"},\"query-input\":{\"@type\":\"PropertyValueSpecification\",\"valueRequired\":true,\"valueName\":\"search_term_string\"}}],\"inLanguage\":\"en-US\"},{\"@type\":\"Organization\",\"@id\":\"https:\\\/\\\/tajkertesz.com\\\/#organization\",\"name\":\"T\u00e1j-Kert\u00e9sz 84 Kft.\",\"url\":\"https:\\\/\\\/tajkertesz.com\\\/\",\"logo\":{\"@type\":\"ImageObject\",\"inLanguage\":\"en-US\",\"@id\":\"https:\\\/\\\/tajkertesz.com\\\/#\\\/schema\\\/logo\\\/image\\\/\",\"url\":\"https:\\\/\\\/tajkertesz.com\\\/wp-content\\\/uploads\\\/2018\\\/02\\\/logo-2-e1518678052539.png\",\"contentUrl\":\"https:\\\/\\\/tajkertesz.com\\\/wp-content\\\/uploads\\\/2018\\\/02\\\/logo-2-e1518678052539.png\",\"width\":81,\"height\":140,\"caption\":\"T\u00e1j-Kert\u00e9sz 84 Kft.\"},\"image\":{\"@id\":\"https:\\\/\\\/tajkertesz.com\\\/#\\\/schema\\\/logo\\\/image\\\/\"},\"sameAs\":[\"https:\\\/\\\/www.facebook.com\\\/Tajkertesz\\\/\"]}]}<\/script>\n<!-- \/ Yoast SEO plugin. -->","yoast_head_json":{"title":"Rubus idaeus \u2019Sch\u00f6nemann\u2019 , M\u00e1lna - T\u00e1jkert\u00e9sz","description":"Rubus idaeus \u2019Sch\u00f6nemann\u2019 , M\u00e1lna augusztust\u00f3l-okt\u00f3berig hozza nagy, m\u00e9lypiros, \u00e9des term\u00e9s\u00e9t. M\u00e1just\u00f3l augusztusig vir\u00e1gzik.","robots":{"index":"index","follow":"follow","max-snippet":"max-snippet:-1","max-image-preview":"max-image-preview:large","max-video-preview":"max-video-preview:-1"},"canonical":"https:\/\/tajkertesz.com\/en_US\/product\/rubus-idaeus-schonemann-malna\/","og_locale":"en_US","og_type":"article","og_title":"Rubus idaeus \u2019Sch\u00f6nemann\u2019 , M\u00e1lna - T\u00e1jkert\u00e9sz","og_description":"Rubus idaeus \u2019Sch\u00f6nemann\u2019 , M\u00e1lna augusztust\u00f3l-okt\u00f3berig hozza nagy, m\u00e9lypiros, \u00e9des term\u00e9s\u00e9t. M\u00e1just\u00f3l augusztusig vir\u00e1gzik.","og_url":"https:\/\/tajkertesz.com\/en_US\/product\/rubus-idaeus-schonemann-malna\/","og_site_name":"T\u00e1jkert\u00e9sz","article_publisher":"https:\/\/www.facebook.com\/Tajkertesz\/","article_modified_time":"2026-03-09T11:58:01+00:00","og_image":[{"width":1000,"height":666,"url":"https:\/\/tajkertesz.com\/wp-content\/uploads\/2020\/10\/Rubus-idaeus-Schonemann.jpg","type":"image\/jpeg"}],"twitter_card":"summary_large_image","twitter_misc":{"Est. reading time":"2 minutes"},"schema":{"@context":"https:\/\/schema.org","@graph":[{"@type":"WebPage","@id":"https:\/\/tajkertesz.com\/termek\/rubus-idaeus-schonemann-malna\/","url":"https:\/\/tajkertesz.com\/termek\/rubus-idaeus-schonemann-malna\/","name":"Rubus idaeus \u2019Sch\u00f6nemann\u2019 , M\u00e1lna - T\u00e1jkert\u00e9sz","isPartOf":{"@id":"https:\/\/tajkertesz.com\/#website"},"primaryImageOfPage":{"@id":"https:\/\/tajkertesz.com\/termek\/rubus-idaeus-schonemann-malna\/#primaryimage"},"image":{"@id":"https:\/\/tajkertesz.com\/termek\/rubus-idaeus-schonemann-malna\/#primaryimage"},"thumbnailUrl":"https:\/\/tajkertesz.com\/wp-content\/uploads\/2020\/10\/Rubus-idaeus-Schonemann.jpg","datePublished":"2020-10-20T14:42:51+00:00","dateModified":"2026-03-09T11:58:01+00:00","description":"Rubus idaeus \u2019Sch\u00f6nemann\u2019 , M\u00e1lna augusztust\u00f3l-okt\u00f3berig hozza nagy, m\u00e9lypiros, \u00e9des term\u00e9s\u00e9t. M\u00e1just\u00f3l augusztusig vir\u00e1gzik.","breadcrumb":{"@id":"https:\/\/tajkertesz.com\/termek\/rubus-idaeus-schonemann-malna\/#breadcrumb"},"inLanguage":"en-US","potentialAction":[{"@type":"ReadAction","target":["https:\/\/tajkertesz.com\/termek\/rubus-idaeus-schonemann-malna\/"]}]},{"@type":"ImageObject","inLanguage":"en-US","@id":"https:\/\/tajkertesz.com\/termek\/rubus-idaeus-schonemann-malna\/#primaryimage","url":"https:\/\/tajkertesz.com\/wp-content\/uploads\/2020\/10\/Rubus-idaeus-Schonemann.jpg","contentUrl":"https:\/\/tajkertesz.com\/wp-content\/uploads\/2020\/10\/Rubus-idaeus-Schonemann.jpg","width":1000,"height":666},{"@type":"BreadcrumbList","@id":"https:\/\/tajkertesz.com\/termek\/rubus-idaeus-schonemann-malna\/#breadcrumb","itemListElement":[{"@type":"ListItem","position":1,"name":"Home","item":"https:\/\/tajkertesz.com\/"},{"@type":"ListItem","position":2,"name":"Kezd\u0151lap","item":"https:\/\/tajkertesz.com\/"},{"@type":"ListItem","position":3,"name":"Rubus idaeus \u2019Sch\u00f6nemann\u2019 , M\u00e1lna"}]},{"@type":"WebSite","@id":"https:\/\/tajkertesz.com\/#website","url":"https:\/\/tajkertesz.com\/","name":"T\u00e1j-Kert\u00e9sz 84 Kft.","description":"Kert\u00e9szeti kis- \u00e9s nagykeresked\u00e9s, D\u00edszn\u00f6v\u00e9ny web\u00e1ruh\u00e1z orsz\u00e1gos h\u00e1zhozsz\u00e1ll\u00edt\u00e1ssal!","publisher":{"@id":"https:\/\/tajkertesz.com\/#organization"},"potentialAction":[{"@type":"SearchAction","target":{"@type":"EntryPoint","urlTemplate":"https:\/\/tajkertesz.com\/?s={search_term_string}"},"query-input":{"@type":"PropertyValueSpecification","valueRequired":true,"valueName":"search_term_string"}}],"inLanguage":"en-US"},{"@type":"Organization","@id":"https:\/\/tajkertesz.com\/#organization","name":"T\u00e1j-Kert\u00e9sz 84 Kft.","url":"https:\/\/tajkertesz.com\/","logo":{"@type":"ImageObject","inLanguage":"en-US","@id":"https:\/\/tajkertesz.com\/#\/schema\/logo\/image\/","url":"https:\/\/tajkertesz.com\/wp-content\/uploads\/2018\/02\/logo-2-e1518678052539.png","contentUrl":"https:\/\/tajkertesz.com\/wp-content\/uploads\/2018\/02\/logo-2-e1518678052539.png","width":81,"height":140,"caption":"T\u00e1j-Kert\u00e9sz 84 Kft."},"image":{"@id":"https:\/\/tajkertesz.com\/#\/schema\/logo\/image\/"},"sameAs":["https:\/\/www.facebook.com\/Tajkertesz\/"]}]}},"_links":{"self":[{"href":"https:\/\/tajkertesz.com\/en_US\/wp-json\/wp\/v2\/product\/2297","targetHints":{"allow":["GET"]}}],"collection":[{"href":"https:\/\/tajkertesz.com\/en_US\/wp-json\/wp\/v2\/product"}],"about":[{"href":"https:\/\/tajkertesz.com\/en_US\/wp-json\/wp\/v2\/types\/product"}],"wp:featuredmedia":[{"embeddable":true,"href":"https:\/\/tajkertesz.com\/en_US\/wp-json\/wp\/v2\/media\/2300"}],"wp:attachment":[{"href":"https:\/\/tajkertesz.com\/en_US\/wp-json\/wp\/v2\/media?parent=2297"}],"wp:term":[{"taxonomy":"product_brand","embeddable":true,"href":"https:\/\/tajkertesz.com\/en_US\/wp-json\/wp\/v2\/product_brand?post=2297"},{"taxonomy":"product_cat","embeddable":true,"href":"https:\/\/tajkertesz.com\/en_US\/wp-json\/wp\/v2\/product_cat?post=2297"},{"taxonomy":"product_tag","embeddable":true,"href":"https:\/\/tajkertesz.com\/en_US\/wp-json\/wp\/v2\/product_tag?post=2297"}],"curies":[{"name":"wp","href":"https:\/\/api.w.org\/{rel}","templated":true}]}}