{"id":24252,"date":"2025-08-15T08:29:08","date_gmt":"2025-08-15T08:29:08","guid":{"rendered":"https:\/\/tajkertesz.com\/?post_type=product&#038;p=24252"},"modified":"2026-02-25T09:42:37","modified_gmt":"2026-02-25T09:42:37","slug":"picea-glauca-alberta-globe","status":"publish","type":"product","link":"https:\/\/tajkertesz.com\/en_US\/product\/picea-glauca-alberta-globe\/","title":{"rendered":"Picea glauca &#8216;Alberta Globe&#8217; \u2013 T\u00f6rpe g\u00f6mb lucfeny\u0151"},"content":{"rendered":"<h1>Picea glauca &#8216;Alberta Globe&#8217; \u2013 T\u00f6rpe g\u00f6mb lucfeny\u0151<\/h1>\n<p>A Picea glauca &#8216;Alberta Globe&#8217; \u2013 T\u00f6rpe g\u00f6mb lucfeny\u0151 egy lass\u00fa n\u00f6veked\u00e9s\u0171, kompakt \u00e9s szab\u00e1lyos g\u00f6mb form\u00e1j\u00fa \u00f6r\u00f6kz\u00f6ld d\u00edszn\u00f6v\u00e9ny.<\/p>\n<h2>Picea glauca &#8216;Alberta Globe&#8217; jellemz\u0151i<\/h2>\n<p>A <strong data-start=\"680\" data-end=\"712\">Picea glauca &#8216;Alberta Globe&#8217;<\/strong>, vagyis <strong data-start=\"721\" data-end=\"744\">t\u00f6rpe g\u00f6mb lucfeny\u0151<\/strong>,apr\u00f3, t\u00f6m\u00f6tt t\u0171levelei s\u0171r\u0171 \u00e1grendszert alkotnak, amely az \u00e9v minden id\u0151szak\u00e1ban dekorat\u00edv l\u00e1tv\u00e1nyt ny\u00fajt.<\/p>\n<p data-start=\"931\" data-end=\"1099\">T\u00f6k\u00e9letes v\u00e1laszt\u00e1s <strong data-start=\"951\" data-end=\"1001\">sziklakertbe, kisebb el\u0151kertekbe, balkonl\u00e1d\u00e1ba<\/strong> vagy ak\u00e1r d\u00e9zs\u00e1s nevel\u00e9sre is. T\u00e9l\u00e1ll\u00f3, k\u00f6nnyen gondozhat\u00f3, alacsony karbantart\u00e1si ig\u00e9ny\u0171 n\u00f6v\u00e9ny.<\/p>\n<h3 data-start=\"1101\" data-end=\"1123\">\ud83c\udf3f T\u00f6rpe g\u00f6mb lucfeny\u0151 jellemz\u0151i:<\/h3>\n<ul data-start=\"1124\" data-end=\"1492\">\n<li data-start=\"1124\" data-end=\"1169\">\n<p data-start=\"1126\" data-end=\"1169\"><strong data-start=\"1126\" data-end=\"1140\">Latin n\u00e9v:<\/strong> Picea glauca &#8216;Alberta Globe&#8217;<\/p>\n<\/li>\n<li data-start=\"1170\" data-end=\"1201\">\n<p data-start=\"1172\" data-end=\"1201\"><strong data-start=\"1172\" data-end=\"1185\">Magass\u00e1g:<\/strong> kb. 0,5\u20131 m\u00e9ter<\/p>\n<\/li>\n<li data-start=\"1202\" data-end=\"1252\">\n<p data-start=\"1204\" data-end=\"1252\"><strong data-start=\"1204\" data-end=\"1218\">N\u00f6veked\u00e9s:<\/strong> Lass\u00fa, s\u0171r\u0171, szab\u00e1lyos g\u00f6mb forma<\/p>\n<\/li>\n<li data-start=\"1253\" data-end=\"1294\">\n<p data-start=\"1255\" data-end=\"1294\"><strong data-start=\"1255\" data-end=\"1264\">Lomb:<\/strong> Z\u00f6ld, r\u00f6vid, t\u00f6m\u00f6tt t\u0171levelek<\/p>\n<\/li>\n<li data-start=\"1295\" data-end=\"1339\">\n<p data-start=\"1297\" data-end=\"1339\"><strong data-start=\"1297\" data-end=\"1311\">F\u00e9nyig\u00e9ny:<\/strong> Napos vagy f\u00e9l\u00e1rny\u00e9kos hely<\/p>\n<\/li>\n<li data-start=\"1340\" data-end=\"1400\">\n<p data-start=\"1342\" data-end=\"1400\"><strong data-start=\"1342\" data-end=\"1357\">Talajig\u00e9ny:<\/strong> J\u00f3 v\u00edzelvezet\u00e9s\u0171, t\u00e1panyagban gazdag talaj<\/p>\n<\/li>\n<li data-start=\"1401\" data-end=\"1455\">\n<p data-start=\"1403\" data-end=\"1455\"><strong data-start=\"1403\" data-end=\"1420\">Felhaszn\u00e1l\u00e1s:<\/strong> Sziklakert, balkon, el\u0151kert, d\u00e9zsa<\/p>\n<\/li>\n<li data-start=\"1456\" data-end=\"1492\">\n<p data-start=\"1458\" data-end=\"1492\"><strong data-start=\"1458\" data-end=\"1473\">T\u00e9l\u00e1ll\u00f3s\u00e1g:<\/strong> -30 \u00b0C-ig fagyt\u0171r\u0151<\/p>\n<\/li>\n<\/ul>\n<p data-start=\"1494\" data-end=\"1519\">\ud83c\udf31 \u00dcltet\u00e9si javaslat:<\/p>\n<ul data-start=\"1520\" data-end=\"1610\">\n<li data-start=\"1520\" data-end=\"1552\">\n<p data-start=\"1522\" data-end=\"1552\">\u00dcltethet\u0151 tavasszal \u00e9s \u0151sszel.<\/p>\n<\/li>\n<li data-start=\"1553\" data-end=\"1610\">\n<p data-start=\"1555\" data-end=\"1610\">Cser\u00e9pben nevelve eg\u00e9sz \u00e9vben \u00fcltethet\u0151, ha nincs fagy.<\/p>\n<\/li>\n<\/ul>\n<p>M\u00e9rete: K 3,5 literben,\u00a0 kb:20 cm<\/p>\n<h4><strong>\ud83d\udd04 K\u00e9szletinform\u00e1ci\u00f3<\/strong><\/h4>\n<p><strong>K\u00e9szlet\u00fcnk napi szinten v\u00e1ltozik, \u00edgy a webshopban szerepl<\/strong><strong>\u0151<\/strong><strong> term\u00e9kek el\u00e9rhet<\/strong><strong>\u0151<\/strong><strong>s\u00e9ge nem garant\u00e1lt.<br \/>\n\ud83d\udcde A megrendel\u00e9s el<\/strong><strong>\u0151<\/strong><strong>tt k\u00e9rj\u00fck, \u00e9rdekl<\/strong><strong>\u0151<\/strong><strong>dj\u00f6n szem\u00e9lyesen, telefonon vagy e-mailben!<\/strong><\/p>\n<h4><strong>\u27a1\ufe0f Kapcsolat:<\/strong><\/h4>\n<ul>\n<li><strong>Weboldal: <\/strong><a href=\"https:\/\/tajkertesz.com\"><strong>tajkertesz.com<\/strong><\/a><\/li>\n<li><strong>Facebook: <\/strong><a href=\"https:\/\/www.facebook.com\/tajkertesz\/\"><strong>facebook.com\/tajkertesz<\/strong><\/a><\/li>\n<li><strong>Telefonsz\u00e1m, e-mail: +36\/20-319-3770 <\/strong><a href=\"mailto:tajkerteszaruda@gmail.com\"><strong>tajkerteszaruda@gmail.com<\/strong><\/a><\/li>\n<\/ul>\n<h4><strong>\ud83d\ude9a Sz\u00e1ll\u00edt\u00e1si inform\u00e1ci\u00f3k<\/strong><\/h4>\n<p><strong>A megrendelt n\u00f6v\u00e9nyek kisz\u00e1ll\u00edt\u00e1sa az al\u00e1bbi felt\u00e9telek mellett t\u00f6rt\u00e9nik:<\/strong><\/p>\n<h4><strong>\ud83d\udce6 Fut\u00e1rszolg\u00e1latos sz\u00e1ll\u00edt\u00e1s<\/strong><\/h4>\n<ul>\n<li><strong>Maxim\u00e1lis m\u00e9ret: 200 cm (hossz\u00fas\u00e1g)<\/strong><\/li>\n<li><strong>Maxim\u00e1lis s\u00faly: 40 kg<\/strong><\/li>\n<li><strong>Az enn\u00e9l kisebb \u00e9s k\u00f6nnyebb csomagokat fut\u00e1rszolg\u00e1lattal k\u00e9zbes\u00edtj\u00fck a lehet<\/strong><strong>\u0151<\/strong><strong> legbiztons\u00e1gosabb csomagol\u00e1sban.<\/strong><\/li>\n<\/ul>\n<h4><strong>\ud83d\udefb Szem\u00e9lyes \u00e1tv\u00e9tel<\/strong><\/h4>\n<ul>\n<li><strong>1173 Budapest, Bakancsos utca 7. sz\u00e1m alatt nyitvatart\u00e1si id<\/strong><strong>\u0151<\/strong><strong>ben szem\u00e9lyesen \u00e1tvehet<\/strong><strong>\u0151<\/strong><strong> kert\u00e9szeti \u00e1rud\u00e1nkban.<\/strong><\/li>\n<li><strong>K\u00f6lts\u00e9ghat\u00e9kony megold\u00e1s nagyobb, t\u00f6r\u00e9kenyebb vagy t\u00falm\u00e9retes n\u00f6v\u00e9nyek eset\u00e9n.<\/strong><\/li>\n<\/ul>\n<h4><strong>\ud83d\udcde Nagy m\u00e9ret<\/strong><strong>\u0171<\/strong><strong> vagy s\u00faly\u00fa n\u00f6v\u00e9nyek eset\u00e9n<\/strong><\/h4>\n<p><strong>Ha a term\u00e9k:<\/strong><\/p>\n<ul>\n<li><strong>meghaladja a 200 cm hossz\u00fas\u00e1got vagy<\/strong><\/li>\n<li><strong>meghaladja a 40 kg s\u00falyt,<\/strong><\/li>\n<\/ul>\n<p><strong>akkor szem\u00e9lyes \u00e1tv\u00e9tellel vagy egyedi, el<\/strong><strong>\u0151<\/strong><strong>re egyeztetett sz\u00e1ll\u00edt\u00e1si felt\u00e9telek mellett t\u00f6rt\u00e9nik.<br \/>\nK\u00e9rj\u00fck, ilyen esetben rendel\u00e9s el<\/strong><strong>\u0151<\/strong><strong>tt vegye fel vel\u00fcnk a kapcsolatot, hogy a lehet<\/strong><strong>\u0151<\/strong><strong> legmegfelel<\/strong><strong>\u0151<\/strong><strong>bb sz\u00e1ll\u00edt\u00e1si megold\u00e1st k\u00edn\u00e1lhassuk.<\/strong><\/p>\n<p><strong>\ud83d\udd14 Fontos: A n\u00f6v\u00e9nyeket minden esetben igyeksz\u00fcnk gondosan, egyes\u00e9vel csomagolni, azonban a sz\u00e1ll\u00edt\u00e1s sor\u00e1n kisebb eszt\u00e9tikai s\u00e9r\u00fcl\u00e9sek el<\/strong><strong>\u0151<\/strong><strong>fordulhatnak (pl. lev\u00e9lhull\u00e1s). Ez nem min<\/strong><strong>\u0151<\/strong><strong>s\u00fcl hib\u00e1s teljes\u00edt\u00e9snek.<\/strong><\/p>\n<h4><strong>\ud83d\udcf7 Fontos tudni a k\u00e9pekr<\/strong><strong>\u0151<\/strong><strong>l<\/strong><\/h4>\n<p><strong>A webshopban szerepl<\/strong><strong>\u0151<\/strong><strong> k\u00e9pek illusztr\u00e1ci\u00f3k, a n\u00f6v\u00e9nyek term\u00e9szet\u00fckn\u00e9l fogva egyediek, \u00edgy m\u00e9retben, alakban \u00e9s sz\u00ednben minim\u00e1lis elt\u00e9r\u00e9sek el<\/strong><strong>\u0151<\/strong><strong>fordulhatnak a k\u00e9pen l\u00e1that\u00f3 \u00e9s a val\u00f3s p\u00e9ld\u00e1nyok k\u00f6z\u00f6tt.<\/strong><\/p>\n<h4><strong>\ud83e\uddfe \u00c1rak \u00e9s el\u00e1ll\u00e1si jog<\/strong><\/h4>\n<ul>\n<li><strong>Az \u00e1rak egy darab\u00a0n\u00f6v\u00e9nyre vonatkoznak.<\/strong><\/li>\n<li><strong>\u00c9l<\/strong><strong>\u0151<\/strong><strong> n\u00f6v\u00e9nyek rendel\u00e9se eset\u00e9n a 14 napos el\u00e1ll\u00e1s joga nem \u00e9rv\u00e9nyes\u00edthet<\/strong><strong>\u0151<\/strong><strong>, mivel azok romland\u00f3, biol\u00f3giailag \u00e9l<\/strong><strong>\u0151<\/strong><strong> term\u00e9keknek min<\/strong><strong>\u0151<\/strong><strong>s\u00fclnek.<br \/>\n\ud83d\udd12 (17\/1999. (II. 5.) Korm. rendelet 5. \u00a7 c) pontja alapj\u00e1n)<\/strong><\/li>\n<\/ul>\n<h4><strong>\ud83d\udce6 K\u00e9zbes\u00edt\u00e9s ut\u00e1ni teend<\/strong><strong>\u0151<\/strong><strong>k<\/strong><\/h4>\n<p><strong>A k\u00e9zbes\u00edt\u00e9st k\u00f6vet<\/strong><strong>\u0151<\/strong><strong>en a csomagot azonnal bontsuk ki, \u00e9s a n\u00f6v\u00e9nyt helyezz\u00fck el megfelel<\/strong><strong>\u0151<\/strong><strong> k\u00f6rnyezetben.<br \/>\nFontos: ha a n\u00f6v\u00e9ny nem r\u00e9szes\u00fcl megfelel<\/strong><strong>\u0151<\/strong><strong> gondoz\u00e1sban \u00e9s ennek k\u00f6vetkezt\u00e9ben k\u00e1rosodik vagy elpusztul, felel<\/strong><strong>\u0151<\/strong><strong>ss\u00e9get nem tudunk v\u00e1llalni.<\/strong><\/p>\n<p><strong>\u00a0<\/strong><\/p>","protected":false},"excerpt":{"rendered":"<p>G\u00f6mb alak\u00fa, lass\u00fa n\u00f6veked\u00e9s\u0171 t\u00f6rpe lucfeny\u0151. T\u00f6k\u00e9letes sziklakertbe, balkonl\u00e1d\u00e1ba vagy el\u0151kertbe. Eg\u00e9sz \u00e9vben d\u00edsz\u00edt!<\/p>\n<p>A n\u00f6v\u00e9ny 3.5 literes kont\u00e9nerben kaphat\u00f3.<\/p>","protected":false},"featured_media":24253,"template":"","meta":{"_et_pb_use_builder":"","_et_pb_old_content":"","_et_gb_content_width":""},"product_brand":[],"product_cat":[26],"product_tag":[6396,6403,6116,6397,6399,6401,6398,6402,4473,24,5359,6400,1384],"class_list":{"0":"post-24252","1":"product","2":"type-product","3":"status-publish","4":"has-post-thumbnail","6":"product_cat-orokzold-novenyek","7":"product_tag-alberta","8":"product_tag-dezsas","9":"product_tag-fagyturo","10":"product_tag-globe","11":"product_tag-gomb-fenyo","12":"product_tag-kis","13":"product_tag-lucfenyo","14":"product_tag-novekedesu","15":"product_tag-noveny","16":"product_tag-orokzold","17":"product_tag-picea","18":"product_tag-sziklakerti","19":"product_tag-torpe-fenyo","21":"first","22":"instock","23":"shipping-taxable","24":"purchasable","25":"product-type-simple"},"yoast_head":"<!-- This site is optimized with the Yoast SEO plugin v27.5 - https:\/\/yoast.com\/product\/yoast-seo-wordpress\/ -->\n<title>Picea glauca &#039;Alberta Globe&#039; \u2013 T\u00f6rpe g\u00f6mb lucfeny\u0151 - T\u00e1jkert\u00e9sz<\/title>\n<meta name=\"description\" content=\"A Picea glauca &#039;Alberta Globe&#039; egy t\u00f6rpe, g\u00f6mb alak\u00fa lucfeny\u0151, amely ide\u00e1lis sziklakertbe vagy balkonra. Lass\u00fa n\u00f6veked\u00e9s\u0171, fagyt\u0171r\u0151 \u00f6r\u00f6kz\u00f6ld.\" \/>\n<meta name=\"robots\" content=\"index, follow, max-snippet:-1, max-image-preview:large, max-video-preview:-1\" \/>\n<link rel=\"canonical\" href=\"https:\/\/tajkertesz.com\/en_US\/product\/picea-glauca-alberta-globe\/\" \/>\n<meta property=\"og:locale\" content=\"en_US\" \/>\n<meta property=\"og:type\" content=\"article\" \/>\n<meta property=\"og:title\" content=\"Picea glauca &#039;Alberta Globe&#039; \u2013 T\u00f6rpe g\u00f6mb lucfeny\u0151 - T\u00e1jkert\u00e9sz\" \/>\n<meta property=\"og:description\" content=\"A Picea glauca &#039;Alberta Globe&#039; egy t\u00f6rpe, g\u00f6mb alak\u00fa lucfeny\u0151, amely ide\u00e1lis sziklakertbe vagy balkonra. Lass\u00fa n\u00f6veked\u00e9s\u0171, fagyt\u0171r\u0151 \u00f6r\u00f6kz\u00f6ld.\" \/>\n<meta property=\"og:url\" content=\"https:\/\/tajkertesz.com\/en_US\/product\/picea-glauca-alberta-globe\/\" \/>\n<meta property=\"og:site_name\" content=\"T\u00e1jkert\u00e9sz\" \/>\n<meta property=\"article:publisher\" content=\"https:\/\/www.facebook.com\/Tajkertesz\/\" \/>\n<meta property=\"article:modified_time\" content=\"2026-02-25T09:42:37+00:00\" \/>\n<meta property=\"og:image\" content=\"https:\/\/tajkertesz.com\/wp-content\/uploads\/2025\/08\/image0-41-rotated-e1755343789270.jpeg\" \/>\n\t<meta property=\"og:image:width\" content=\"1005\" \/>\n\t<meta property=\"og:image:height\" content=\"1324\" \/>\n\t<meta property=\"og:image:type\" content=\"image\/jpeg\" \/>\n<meta name=\"twitter:card\" content=\"summary_large_image\" \/>\n<meta name=\"twitter:label1\" content=\"Est. reading time\" \/>\n\t<meta name=\"twitter:data1\" content=\"3 minutes\" \/>\n<script type=\"application\/ld+json\" class=\"yoast-schema-graph\">{\"@context\":\"https:\\\/\\\/schema.org\",\"@graph\":[{\"@type\":\"WebPage\",\"@id\":\"https:\\\/\\\/tajkertesz.com\\\/termek\\\/picea-glauca-alberta-globe\\\/\",\"url\":\"https:\\\/\\\/tajkertesz.com\\\/termek\\\/picea-glauca-alberta-globe\\\/\",\"name\":\"Picea glauca 'Alberta Globe' \u2013 T\u00f6rpe g\u00f6mb lucfeny\u0151 - T\u00e1jkert\u00e9sz\",\"isPartOf\":{\"@id\":\"https:\\\/\\\/tajkertesz.com\\\/#website\"},\"primaryImageOfPage\":{\"@id\":\"https:\\\/\\\/tajkertesz.com\\\/termek\\\/picea-glauca-alberta-globe\\\/#primaryimage\"},\"image\":{\"@id\":\"https:\\\/\\\/tajkertesz.com\\\/termek\\\/picea-glauca-alberta-globe\\\/#primaryimage\"},\"thumbnailUrl\":\"https:\\\/\\\/tajkertesz.com\\\/wp-content\\\/uploads\\\/2025\\\/08\\\/image0-41-rotated-e1755343789270.jpeg\",\"datePublished\":\"2025-08-15T08:29:08+00:00\",\"dateModified\":\"2026-02-25T09:42:37+00:00\",\"description\":\"A Picea glauca 'Alberta Globe' egy t\u00f6rpe, g\u00f6mb alak\u00fa lucfeny\u0151, amely ide\u00e1lis sziklakertbe vagy balkonra. Lass\u00fa n\u00f6veked\u00e9s\u0171, fagyt\u0171r\u0151 \u00f6r\u00f6kz\u00f6ld.\",\"breadcrumb\":{\"@id\":\"https:\\\/\\\/tajkertesz.com\\\/termek\\\/picea-glauca-alberta-globe\\\/#breadcrumb\"},\"inLanguage\":\"en-US\",\"potentialAction\":[{\"@type\":\"ReadAction\",\"target\":[\"https:\\\/\\\/tajkertesz.com\\\/termek\\\/picea-glauca-alberta-globe\\\/\"]}]},{\"@type\":\"ImageObject\",\"inLanguage\":\"en-US\",\"@id\":\"https:\\\/\\\/tajkertesz.com\\\/termek\\\/picea-glauca-alberta-globe\\\/#primaryimage\",\"url\":\"https:\\\/\\\/tajkertesz.com\\\/wp-content\\\/uploads\\\/2025\\\/08\\\/image0-41-rotated-e1755343789270.jpeg\",\"contentUrl\":\"https:\\\/\\\/tajkertesz.com\\\/wp-content\\\/uploads\\\/2025\\\/08\\\/image0-41-rotated-e1755343789270.jpeg\",\"width\":1005,\"height\":1324,\"caption\":\"Picea glauca 'Alberta Globe' \u2013 T\u00f6rpe g\u00f6mb lucfeny\u0151\"},{\"@type\":\"BreadcrumbList\",\"@id\":\"https:\\\/\\\/tajkertesz.com\\\/termek\\\/picea-glauca-alberta-globe\\\/#breadcrumb\",\"itemListElement\":[{\"@type\":\"ListItem\",\"position\":1,\"name\":\"Home\",\"item\":\"https:\\\/\\\/tajkertesz.com\\\/\"},{\"@type\":\"ListItem\",\"position\":2,\"name\":\"Kezd\u0151lap\",\"item\":\"https:\\\/\\\/tajkertesz.com\\\/\"},{\"@type\":\"ListItem\",\"position\":3,\"name\":\"Picea glauca &#8216;Alberta Globe&#8217; \u2013 T\u00f6rpe g\u00f6mb lucfeny\u0151\"}]},{\"@type\":\"WebSite\",\"@id\":\"https:\\\/\\\/tajkertesz.com\\\/#website\",\"url\":\"https:\\\/\\\/tajkertesz.com\\\/\",\"name\":\"T\u00e1j-Kert\u00e9sz 84 Kft.\",\"description\":\"Kert\u00e9szeti kis- \u00e9s nagykeresked\u00e9s, D\u00edszn\u00f6v\u00e9ny web\u00e1ruh\u00e1z orsz\u00e1gos h\u00e1zhozsz\u00e1ll\u00edt\u00e1ssal!\",\"publisher\":{\"@id\":\"https:\\\/\\\/tajkertesz.com\\\/#organization\"},\"potentialAction\":[{\"@type\":\"SearchAction\",\"target\":{\"@type\":\"EntryPoint\",\"urlTemplate\":\"https:\\\/\\\/tajkertesz.com\\\/?s={search_term_string}\"},\"query-input\":{\"@type\":\"PropertyValueSpecification\",\"valueRequired\":true,\"valueName\":\"search_term_string\"}}],\"inLanguage\":\"en-US\"},{\"@type\":\"Organization\",\"@id\":\"https:\\\/\\\/tajkertesz.com\\\/#organization\",\"name\":\"T\u00e1j-Kert\u00e9sz 84 Kft.\",\"url\":\"https:\\\/\\\/tajkertesz.com\\\/\",\"logo\":{\"@type\":\"ImageObject\",\"inLanguage\":\"en-US\",\"@id\":\"https:\\\/\\\/tajkertesz.com\\\/#\\\/schema\\\/logo\\\/image\\\/\",\"url\":\"https:\\\/\\\/tajkertesz.com\\\/wp-content\\\/uploads\\\/2018\\\/02\\\/logo-2-e1518678052539.png\",\"contentUrl\":\"https:\\\/\\\/tajkertesz.com\\\/wp-content\\\/uploads\\\/2018\\\/02\\\/logo-2-e1518678052539.png\",\"width\":81,\"height\":140,\"caption\":\"T\u00e1j-Kert\u00e9sz 84 Kft.\"},\"image\":{\"@id\":\"https:\\\/\\\/tajkertesz.com\\\/#\\\/schema\\\/logo\\\/image\\\/\"},\"sameAs\":[\"https:\\\/\\\/www.facebook.com\\\/Tajkertesz\\\/\"]}]}<\/script>\n<!-- \/ Yoast SEO plugin. -->","yoast_head_json":{"title":"Picea glauca 'Alberta Globe' \u2013 T\u00f6rpe g\u00f6mb lucfeny\u0151 - T\u00e1jkert\u00e9sz","description":"A Picea glauca 'Alberta Globe' egy t\u00f6rpe, g\u00f6mb alak\u00fa lucfeny\u0151, amely ide\u00e1lis sziklakertbe vagy balkonra. Lass\u00fa n\u00f6veked\u00e9s\u0171, fagyt\u0171r\u0151 \u00f6r\u00f6kz\u00f6ld.","robots":{"index":"index","follow":"follow","max-snippet":"max-snippet:-1","max-image-preview":"max-image-preview:large","max-video-preview":"max-video-preview:-1"},"canonical":"https:\/\/tajkertesz.com\/en_US\/product\/picea-glauca-alberta-globe\/","og_locale":"en_US","og_type":"article","og_title":"Picea glauca 'Alberta Globe' \u2013 T\u00f6rpe g\u00f6mb lucfeny\u0151 - T\u00e1jkert\u00e9sz","og_description":"A Picea glauca 'Alberta Globe' egy t\u00f6rpe, g\u00f6mb alak\u00fa lucfeny\u0151, amely ide\u00e1lis sziklakertbe vagy balkonra. Lass\u00fa n\u00f6veked\u00e9s\u0171, fagyt\u0171r\u0151 \u00f6r\u00f6kz\u00f6ld.","og_url":"https:\/\/tajkertesz.com\/en_US\/product\/picea-glauca-alberta-globe\/","og_site_name":"T\u00e1jkert\u00e9sz","article_publisher":"https:\/\/www.facebook.com\/Tajkertesz\/","article_modified_time":"2026-02-25T09:42:37+00:00","og_image":[{"width":1005,"height":1324,"url":"https:\/\/tajkertesz.com\/wp-content\/uploads\/2025\/08\/image0-41-rotated-e1755343789270.jpeg","type":"image\/jpeg"}],"twitter_card":"summary_large_image","twitter_misc":{"Est. reading time":"3 minutes"},"schema":{"@context":"https:\/\/schema.org","@graph":[{"@type":"WebPage","@id":"https:\/\/tajkertesz.com\/termek\/picea-glauca-alberta-globe\/","url":"https:\/\/tajkertesz.com\/termek\/picea-glauca-alberta-globe\/","name":"Picea glauca 'Alberta Globe' \u2013 T\u00f6rpe g\u00f6mb lucfeny\u0151 - T\u00e1jkert\u00e9sz","isPartOf":{"@id":"https:\/\/tajkertesz.com\/#website"},"primaryImageOfPage":{"@id":"https:\/\/tajkertesz.com\/termek\/picea-glauca-alberta-globe\/#primaryimage"},"image":{"@id":"https:\/\/tajkertesz.com\/termek\/picea-glauca-alberta-globe\/#primaryimage"},"thumbnailUrl":"https:\/\/tajkertesz.com\/wp-content\/uploads\/2025\/08\/image0-41-rotated-e1755343789270.jpeg","datePublished":"2025-08-15T08:29:08+00:00","dateModified":"2026-02-25T09:42:37+00:00","description":"A Picea glauca 'Alberta Globe' egy t\u00f6rpe, g\u00f6mb alak\u00fa lucfeny\u0151, amely ide\u00e1lis sziklakertbe vagy balkonra. Lass\u00fa n\u00f6veked\u00e9s\u0171, fagyt\u0171r\u0151 \u00f6r\u00f6kz\u00f6ld.","breadcrumb":{"@id":"https:\/\/tajkertesz.com\/termek\/picea-glauca-alberta-globe\/#breadcrumb"},"inLanguage":"en-US","potentialAction":[{"@type":"ReadAction","target":["https:\/\/tajkertesz.com\/termek\/picea-glauca-alberta-globe\/"]}]},{"@type":"ImageObject","inLanguage":"en-US","@id":"https:\/\/tajkertesz.com\/termek\/picea-glauca-alberta-globe\/#primaryimage","url":"https:\/\/tajkertesz.com\/wp-content\/uploads\/2025\/08\/image0-41-rotated-e1755343789270.jpeg","contentUrl":"https:\/\/tajkertesz.com\/wp-content\/uploads\/2025\/08\/image0-41-rotated-e1755343789270.jpeg","width":1005,"height":1324,"caption":"Picea glauca 'Alberta Globe' \u2013 T\u00f6rpe g\u00f6mb lucfeny\u0151"},{"@type":"BreadcrumbList","@id":"https:\/\/tajkertesz.com\/termek\/picea-glauca-alberta-globe\/#breadcrumb","itemListElement":[{"@type":"ListItem","position":1,"name":"Home","item":"https:\/\/tajkertesz.com\/"},{"@type":"ListItem","position":2,"name":"Kezd\u0151lap","item":"https:\/\/tajkertesz.com\/"},{"@type":"ListItem","position":3,"name":"Picea glauca &#8216;Alberta Globe&#8217; \u2013 T\u00f6rpe g\u00f6mb lucfeny\u0151"}]},{"@type":"WebSite","@id":"https:\/\/tajkertesz.com\/#website","url":"https:\/\/tajkertesz.com\/","name":"T\u00e1j-Kert\u00e9sz 84 Kft.","description":"Kert\u00e9szeti kis- \u00e9s nagykeresked\u00e9s, D\u00edszn\u00f6v\u00e9ny web\u00e1ruh\u00e1z orsz\u00e1gos h\u00e1zhozsz\u00e1ll\u00edt\u00e1ssal!","publisher":{"@id":"https:\/\/tajkertesz.com\/#organization"},"potentialAction":[{"@type":"SearchAction","target":{"@type":"EntryPoint","urlTemplate":"https:\/\/tajkertesz.com\/?s={search_term_string}"},"query-input":{"@type":"PropertyValueSpecification","valueRequired":true,"valueName":"search_term_string"}}],"inLanguage":"en-US"},{"@type":"Organization","@id":"https:\/\/tajkertesz.com\/#organization","name":"T\u00e1j-Kert\u00e9sz 84 Kft.","url":"https:\/\/tajkertesz.com\/","logo":{"@type":"ImageObject","inLanguage":"en-US","@id":"https:\/\/tajkertesz.com\/#\/schema\/logo\/image\/","url":"https:\/\/tajkertesz.com\/wp-content\/uploads\/2018\/02\/logo-2-e1518678052539.png","contentUrl":"https:\/\/tajkertesz.com\/wp-content\/uploads\/2018\/02\/logo-2-e1518678052539.png","width":81,"height":140,"caption":"T\u00e1j-Kert\u00e9sz 84 Kft."},"image":{"@id":"https:\/\/tajkertesz.com\/#\/schema\/logo\/image\/"},"sameAs":["https:\/\/www.facebook.com\/Tajkertesz\/"]}]}},"_links":{"self":[{"href":"https:\/\/tajkertesz.com\/en_US\/wp-json\/wp\/v2\/product\/24252","targetHints":{"allow":["GET"]}}],"collection":[{"href":"https:\/\/tajkertesz.com\/en_US\/wp-json\/wp\/v2\/product"}],"about":[{"href":"https:\/\/tajkertesz.com\/en_US\/wp-json\/wp\/v2\/types\/product"}],"wp:featuredmedia":[{"embeddable":true,"href":"https:\/\/tajkertesz.com\/en_US\/wp-json\/wp\/v2\/media\/24253"}],"wp:attachment":[{"href":"https:\/\/tajkertesz.com\/en_US\/wp-json\/wp\/v2\/media?parent=24252"}],"wp:term":[{"taxonomy":"product_brand","embeddable":true,"href":"https:\/\/tajkertesz.com\/en_US\/wp-json\/wp\/v2\/product_brand?post=24252"},{"taxonomy":"product_cat","embeddable":true,"href":"https:\/\/tajkertesz.com\/en_US\/wp-json\/wp\/v2\/product_cat?post=24252"},{"taxonomy":"product_tag","embeddable":true,"href":"https:\/\/tajkertesz.com\/en_US\/wp-json\/wp\/v2\/product_tag?post=24252"}],"curies":[{"name":"wp","href":"https:\/\/api.w.org\/{rel}","templated":true}]}}