{"id":24764,"date":"2025-09-30T13:53:47","date_gmt":"2025-09-30T13:53:47","guid":{"rendered":"https:\/\/tajkertesz.com\/?post_type=product&#038;p=24764"},"modified":"2026-04-02T09:55:16","modified_gmt":"2026-04-02T09:55:16","slug":"poncirus-trifoliata-telallo-vadcitrom","status":"publish","type":"product","link":"https:\/\/tajkertesz.com\/en_US\/product\/poncirus-trifoliata-telallo-vadcitrom\/","title":{"rendered":"Poncirus trifoliata \u2013 T\u00e9l\u00e1ll\u00f3 vadcitrom"},"content":{"rendered":"<h1>Poncirus trifoliata \u2013 T\u00e9l\u00e1ll\u00f3 vadcitrom<\/h1>\n<p data-start=\"875\" data-end=\"1091\">A <strong data-start=\"877\" data-end=\"900\">Poncirus trifoliata<\/strong>, k\u00f6zismertebb nev\u00e9n <strong data-start=\"921\" data-end=\"942\">t\u00e9l\u00e1ll\u00f3 vadcitrom<\/strong>, egy k\u00fcl\u00f6nleges, <strong data-start=\"960\" data-end=\"981\">-20\u00b0C-ig fagyt\u0171r\u0151<\/strong> citrusf\u00e9le, amely <strong data-start=\"1000\" data-end=\"1030\">d\u00edszn\u00f6v\u00e9nyk\u00e9nt, s\u00f6v\u00e9nyk\u00e9nt<\/strong>, de ak\u00e1r <strong data-start=\"1040\" data-end=\"1073\">citrusf\u00e9l\u00e9k olt\u00e1si alanyak\u00e9nt<\/strong> is hasznos\u00edthat\u00f3.<\/p>\n<p data-start=\"1093\" data-end=\"1421\">A n\u00f6v\u00e9ny jellemz\u0151je a <strong data-start=\"1115\" data-end=\"1150\">h\u00e1romkar\u00e9j\u00fa (trifoli\u00e1t\u00e1s) lev\u00e9l<\/strong>, az er\u0151s, <strong data-start=\"1161\" data-end=\"1187\">t\u00f6vises hajt\u00e1srendszer<\/strong>, valamint az illatos, tavasszal ny\u00edl\u00f3 feh\u00e9r vir\u00e1gok, melyeket \u0151sszel <strong data-start=\"1257\" data-end=\"1294\">apr\u00f3, s\u00e1rga, sz\u0151r\u00f6s h\u00e9j\u00fa term\u00e9sek<\/strong> k\u00f6vetnek. B\u00e1r a term\u00e9s ehet\u0151, rendk\u00edv\u00fcl <strong data-start=\"1335\" data-end=\"1359\">savany\u00fa \u00e9s keserny\u00e9s<\/strong>, ink\u00e1bb lekv\u00e1rnak, kand\u00edroz\u00e1sra vagy dekor\u00e1ci\u00f3nak haszn\u00e1lj\u00e1k.<\/p>\n<hr data-start=\"1423\" data-end=\"1426\" \/>\n<h4 data-start=\"1428\" data-end=\"1450\">\ud83c\udf33 F\u0151bb jellemz\u0151k:<\/h4>\n<ul data-start=\"1452\" data-end=\"1992\">\n<li data-start=\"1452\" data-end=\"1488\">\n<p data-start=\"1454\" data-end=\"1488\"><strong data-start=\"1454\" data-end=\"1468\">Latin n\u00e9v:<\/strong> Poncirus trifoliata<\/p>\n<\/li>\n<li data-start=\"1489\" data-end=\"1524\">\n<p data-start=\"1491\" data-end=\"1524\"><strong data-start=\"1491\" data-end=\"1506\">Magyar n\u00e9v:<\/strong> T\u00e9l\u00e1ll\u00f3 vadcitrom<\/p>\n<\/li>\n<li data-start=\"1525\" data-end=\"1551\">\n<p data-start=\"1527\" data-end=\"1551\"><strong data-start=\"1527\" data-end=\"1541\">Fagyt\u0171r\u00e9s:<\/strong> -15\u201320 \u00b0C<\/p>\n<\/li>\n<li data-start=\"1552\" data-end=\"1617\">\n<p data-start=\"1554\" data-end=\"1617\"><strong data-start=\"1554\" data-end=\"1568\">N\u00f6veked\u00e9s:<\/strong> Er\u0151teljes, t\u00f6vises, s\u0171r\u0171 el\u00e1gaz\u00e1s\u00fa bokor vagy fa<\/p>\n<\/li>\n<li data-start=\"1618\" data-end=\"1656\">\n<p data-start=\"1620\" data-end=\"1656\"><strong data-start=\"1620\" data-end=\"1630\">Vir\u00e1g:<\/strong> Feh\u00e9r, illatos, tavasszal<\/p>\n<\/li>\n<li data-start=\"1657\" data-end=\"1721\">\n<p data-start=\"1659\" data-end=\"1721\"><strong data-start=\"1659\" data-end=\"1670\">Term\u00e9s:<\/strong> Kis m\u00e9ret\u0171, g\u00f6mb\u00f6ly\u0171, s\u00e1rga sz\u00edn\u0171, ehet\u0151 de fanyar<\/p>\n<\/li>\n<li data-start=\"1722\" data-end=\"1793\">\n<p data-start=\"1724\" data-end=\"1793\"><strong data-start=\"1724\" data-end=\"1741\">Felhaszn\u00e1l\u00e1s:<\/strong> D\u00edszn\u00f6v\u00e9ny, s\u00f6v\u00e9ny, citrus alany, lekv\u00e1r, dekor\u00e1ci\u00f3<\/p>\n<\/li>\n<li data-start=\"1794\" data-end=\"1815\">\n<p data-start=\"1796\" data-end=\"1815\"><strong data-start=\"1796\" data-end=\"1809\">Magass\u00e1g:<\/strong> 2\u20134 m<\/p>\n<\/li>\n<li data-start=\"1816\" data-end=\"1873\">\n<p data-start=\"1818\" data-end=\"1873\"><strong data-start=\"1818\" data-end=\"1828\">Talaj:<\/strong> J\u00f3 v\u00edzelvezet\u00e9s\u0171, semleges vagy enyh\u00e9n savas<\/p>\n<\/li>\n<li data-start=\"1874\" data-end=\"1920\">\n<p data-start=\"1876\" data-end=\"1920\"><strong data-start=\"1876\" data-end=\"1890\">F\u00e9nyig\u00e9ny:<\/strong> Magas, napos helyre \u00fcltetend\u0151<\/p>\n<\/li>\n<li data-start=\"1921\" data-end=\"1992\">\n<p data-start=\"1923\" data-end=\"1992\"><strong data-start=\"1923\" data-end=\"1938\">T\u00e9l\u00e1ll\u00f3s\u00e1g:<\/strong> Kiv\u00e1l\u00f3 \u2013 haz\u00e1nk nagy r\u00e9sz\u00e9n szabadf\u00f6ldben is tarthat\u00f3<\/p>\n<\/li>\n<\/ul>\n<hr data-start=\"1994\" data-end=\"1997\" \/>\n<h4 data-start=\"1999\" data-end=\"2024\">\ud83c\udf31 Telep\u00edt\u00e9si tan\u00e1cs:<\/h4>\n<p data-start=\"2026\" data-end=\"2231\">A <strong data-start=\"2028\" data-end=\"2051\">Poncirus trifoliata<\/strong> j\u00f3l alkalmazkodik, de legjobban napos, v\u00e9dett fekv\u00e9sben \u00e9rzi mag\u00e1t. Fontos a j\u00f3 v\u00edzelvezet\u00e9s\u0171 talaj. A fiatal n\u00f6v\u00e9nyek els\u0151 1-2 \u00e9v\u00e9ben takar\u00e1ssal \u00e9rdemes \u00f3vni az extr\u00e9m fagyokt\u00f3l.<\/p>\n<h4><strong>\ud83d\udd04 K\u00e9szletinform\u00e1ci\u00f3<\/strong><\/h4>\n<p><strong>K\u00e9szlet\u00fcnk napi szinten v\u00e1ltozik, \u00edgy a webshopban szerepl<\/strong><strong>\u0151<\/strong><strong>\u00a0term\u00e9kek el\u00e9rhet<\/strong><strong>\u0151<\/strong><strong>s\u00e9ge nem garant\u00e1lt.<br \/>\n\ud83d\udcde A megrendel\u00e9s el<\/strong><strong>\u0151<\/strong><strong>tt k\u00e9rj\u00fck, \u00e9rdekl<\/strong><strong>\u0151<\/strong><strong>dj\u00f6n szem\u00e9lyesen, telefonon vagy e-mailben!<\/strong><\/p>\n<h4><strong>\u27a1\ufe0f Kapcsolat:<\/strong><\/h4>\n<ul>\n<li><strong>Weboldal:\u00a0<\/strong><a href=\"https:\/\/tajkertesz.com\/\"><strong>tajkertesz.com<\/strong><\/a><\/li>\n<li><strong>Facebook:\u00a0<\/strong><a href=\"https:\/\/www.facebook.com\/tajkertesz\/\"><strong>facebook.com\/tajkertesz<\/strong><\/a><\/li>\n<li><strong>Telefonsz\u00e1m, e-mail: +36\/20-319-3770\u00a0<\/strong><a href=\"mailto:tajkerteszaruda@gmail.com\"><strong>tajkerteszaruda@gmail.com<\/strong><\/a><\/li>\n<\/ul>\n<h4><strong>\ud83d\ude9a Sz\u00e1ll\u00edt\u00e1si inform\u00e1ci\u00f3k<\/strong><\/h4>\n<p><strong>A megrendelt n\u00f6v\u00e9nyek kisz\u00e1ll\u00edt\u00e1sa az al\u00e1bbi felt\u00e9telek mellett t\u00f6rt\u00e9nik:<\/strong><\/p>\n<h4><strong>\ud83d\udce6 Fut\u00e1rszolg\u00e1latos sz\u00e1ll\u00edt\u00e1s<\/strong><\/h4>\n<ul>\n<li><strong>Maxim\u00e1lis m\u00e9ret: 200 cm (hossz\u00fas\u00e1g)<\/strong><\/li>\n<li><strong>Maxim\u00e1lis s\u00faly: 40 kg<\/strong><\/li>\n<li><strong>Az enn\u00e9l kisebb \u00e9s k\u00f6nnyebb csomagokat fut\u00e1rszolg\u00e1lattal k\u00e9zbes\u00edtj\u00fck a lehet<\/strong><strong>\u0151<\/strong><strong>\u00a0legbiztons\u00e1gosabb csomagol\u00e1sban.<\/strong><\/li>\n<\/ul>\n<h4><strong>\ud83d\udefb Szem\u00e9lyes \u00e1tv\u00e9tel<\/strong><\/h4>\n<ul>\n<li><strong>1173 Budapest, Bakancsos utca 7. sz\u00e1m alatt nyitvatart\u00e1si id<\/strong><strong>\u0151<\/strong><strong>ben szem\u00e9lyesen \u00e1tvehet<\/strong><strong>\u0151<\/strong><strong>\u00a0kert\u00e9szeti \u00e1rud\u00e1nkban.<\/strong><\/li>\n<li><strong>K\u00f6lts\u00e9ghat\u00e9kony megold\u00e1s nagyobb, t\u00f6r\u00e9kenyebb vagy t\u00falm\u00e9retes n\u00f6v\u00e9nyek eset\u00e9n.<\/strong><\/li>\n<\/ul>\n<h4><strong>\ud83d\udcde Nagy m\u00e9ret<\/strong><strong>\u0171<\/strong><strong>\u00a0vagy s\u00faly\u00fa n\u00f6v\u00e9nyek eset\u00e9n<\/strong><\/h4>\n<p><strong>Ha a term\u00e9k:<\/strong><\/p>\n<ul>\n<li><strong>meghaladja a 200 cm hossz\u00fas\u00e1got vagy<\/strong><\/li>\n<li><strong>meghaladja a 40 kg s\u00falyt,<\/strong><\/li>\n<\/ul>\n<p><strong>akkor szem\u00e9lyes \u00e1tv\u00e9tellel vagy egyedi, el<\/strong><strong>\u0151<\/strong><strong>re egyeztetett sz\u00e1ll\u00edt\u00e1si felt\u00e9telek mellett t\u00f6rt\u00e9nik.<br \/>\nK\u00e9rj\u00fck, ilyen esetben rendel\u00e9s el<\/strong><strong>\u0151<\/strong><strong>tt vegye fel vel\u00fcnk a kapcsolatot, hogy a lehet<\/strong><strong>\u0151<\/strong><strong>\u00a0legmegfelel<\/strong><strong>\u0151<\/strong><strong>bb sz\u00e1ll\u00edt\u00e1si megold\u00e1st k\u00edn\u00e1lhassuk.<\/strong><\/p>\n<p><strong>\ud83d\udd14 Fontos: A n\u00f6v\u00e9nyeket minden esetben igyeksz\u00fcnk gondosan, egyes\u00e9vel csomagolni, azonban a sz\u00e1ll\u00edt\u00e1s sor\u00e1n kisebb eszt\u00e9tikai s\u00e9r\u00fcl\u00e9sek el<\/strong><strong>\u0151<\/strong><strong>fordulhatnak (pl. lev\u00e9lhull\u00e1s). Ez nem min<\/strong><strong>\u0151<\/strong><strong>s\u00fcl hib\u00e1s teljes\u00edt\u00e9snek.<\/strong><\/p>\n<h4><strong>\ud83d\udcf7 Fontos tudni a k\u00e9pekr<\/strong><strong>\u0151<\/strong><strong>l<\/strong><\/h4>\n<p><strong>A webshopban szerepl<\/strong><strong>\u0151<\/strong><strong>\u00a0k\u00e9pek illusztr\u00e1ci\u00f3k, a n\u00f6v\u00e9nyek term\u00e9szet\u00fckn\u00e9l fogva egyediek, \u00edgy m\u00e9retben, alakban \u00e9s sz\u00ednben minim\u00e1lis elt\u00e9r\u00e9sek el<\/strong><strong>\u0151<\/strong><strong>fordulhatnak a k\u00e9pen l\u00e1that\u00f3 \u00e9s a val\u00f3s p\u00e9ld\u00e1nyok k\u00f6z\u00f6tt.<\/strong><\/p>\n<h4><strong>\ud83e\uddfe \u00c1rak \u00e9s el\u00e1ll\u00e1si jog<\/strong><\/h4>\n<ul>\n<li><strong>Az \u00e1rak egy darab\u00a0n\u00f6v\u00e9nyre vonatkoznak.<\/strong><\/li>\n<li><strong>\u00c9l<\/strong><strong>\u0151<\/strong><strong>\u00a0n\u00f6v\u00e9nyek rendel\u00e9se eset\u00e9n a 14 napos el\u00e1ll\u00e1s joga nem \u00e9rv\u00e9nyes\u00edthet<\/strong><strong>\u0151<\/strong><strong>, mivel azok romland\u00f3, biol\u00f3giailag \u00e9l<\/strong><strong>\u0151<\/strong><strong>\u00a0term\u00e9keknek min<\/strong><strong>\u0151<\/strong><strong>s\u00fclnek.<br \/>\n\ud83d\udd12 (17\/1999. (II. 5.) Korm. rendelet 5. \u00a7 c) pontja alapj\u00e1n)<\/strong><\/li>\n<\/ul>\n<h4><strong>\ud83d\udce6 K\u00e9zbes\u00edt\u00e9s ut\u00e1ni teend<\/strong><strong>\u0151<\/strong><strong>k<\/strong><\/h4>\n<p><strong>A k\u00e9zbes\u00edt\u00e9st k\u00f6vet<\/strong><strong>\u0151<\/strong><strong>en a csomagot azonnal bontsuk ki, \u00e9s a n\u00f6v\u00e9nyt helyezz\u00fck el megfelel<\/strong><strong>\u0151<\/strong><strong>\u00a0k\u00f6rnyezetben.<br \/>\nFontos: ha a n\u00f6v\u00e9ny nem r\u00e9szes\u00fcl megfelel<\/strong><strong>\u0151<\/strong><strong>\u00a0gondoz\u00e1sban \u00e9s ennek k\u00f6vetkezt\u00e9ben k\u00e1rosodik vagy elpusztul, felel<\/strong><strong>\u0151<\/strong><strong>ss\u00e9get nem tudunk v\u00e1llalni.<\/strong><\/p>\n<p>&nbsp;<\/p>","protected":false},"excerpt":{"rendered":"<p>T\u00e9l\u00e1ll\u00f3, t\u00f6vises citrusf\u00e9le, mely kiv\u00e1l\u00f3 alany citrusok olt\u00e1s\u00e1hoz, vagy k\u00fcl\u00f6nleges d\u00edszn\u00f6v\u00e9nyk\u00e9nt is nevelhet\u0151. -20\u00b0C-ig fagyt\u0171r\u0151, s\u00f6v\u00e9nynek is alkalmas.<\/p>\n<p>M\u00e9rete:40-50 cm magas, 2 literes kont\u00e9nerben.<\/p>","protected":false},"featured_media":24765,"template":"","meta":{"_et_pb_use_builder":"","_et_pb_old_content":"","_et_gb_content_width":""},"product_brand":[],"product_cat":[5357],"product_tag":[7045,7046,7048,7049,5104,7042,763,7044,7047,7043],"class_list":{"0":"post-24764","1":"product","2":"type-product","3":"status-publish","4":"has-post-thumbnail","6":"product_cat-mediterran-gyumolcsuk","7":"product_tag-citrus-alany","8":"product_tag-citrusfa-oltas","9":"product_tag-egzotikus-noveny","10":"product_tag-kert-kulonlegesseg","11":"product_tag-mediterran-noveny","12":"product_tag-poncirus-trifoliata","13":"product_tag-sovenynoveny","14":"product_tag-telallo-citrus","15":"product_tag-tovises-disznoveny","16":"product_tag-vadcitrom","18":"first","19":"instock","20":"shipping-taxable","21":"purchasable","22":"product-type-simple"},"yoast_head":"<!-- This site is optimized with the Yoast SEO plugin v27.5 - https:\/\/yoast.com\/product\/yoast-seo-wordpress\/ -->\n<title>Poncirus trifoliata \u2013 T\u00e9l\u00e1ll\u00f3 vadcitrom - T\u00e1jkert\u00e9sz<\/title>\n<meta name=\"description\" content=\"Poncirus trifoliata \u2013 T\u00e9l\u00e1ll\u00f3 vadcitrom \u2013 t\u00e9l\u00e1ll\u00f3 vadcitrom csemete citrus alanynak vagy d\u00edszn\u00f6v\u00e9nynek. Fagy\u00e1ll\u00f3, illatos vir\u00e1g\u00fa, t\u00f6vises n\u00f6v\u00e9ny.\" \/>\n<meta name=\"robots\" content=\"index, follow, max-snippet:-1, max-image-preview:large, max-video-preview:-1\" \/>\n<link rel=\"canonical\" href=\"https:\/\/tajkertesz.com\/en_US\/product\/poncirus-trifoliata-telallo-vadcitrom\/\" \/>\n<meta property=\"og:locale\" content=\"en_US\" \/>\n<meta property=\"og:type\" content=\"article\" \/>\n<meta property=\"og:title\" content=\"Poncirus trifoliata \u2013 T\u00e9l\u00e1ll\u00f3 vadcitrom - T\u00e1jkert\u00e9sz\" \/>\n<meta property=\"og:description\" content=\"Poncirus trifoliata \u2013 T\u00e9l\u00e1ll\u00f3 vadcitrom \u2013 t\u00e9l\u00e1ll\u00f3 vadcitrom csemete citrus alanynak vagy d\u00edszn\u00f6v\u00e9nynek. Fagy\u00e1ll\u00f3, illatos vir\u00e1g\u00fa, t\u00f6vises n\u00f6v\u00e9ny.\" \/>\n<meta property=\"og:url\" content=\"https:\/\/tajkertesz.com\/en_US\/product\/poncirus-trifoliata-telallo-vadcitrom\/\" \/>\n<meta property=\"og:site_name\" content=\"T\u00e1jkert\u00e9sz\" \/>\n<meta property=\"article:publisher\" content=\"https:\/\/www.facebook.com\/Tajkertesz\/\" \/>\n<meta property=\"article:modified_time\" content=\"2026-04-02T09:55:16+00:00\" \/>\n<meta property=\"og:image\" content=\"https:\/\/tajkertesz.com\/wp-content\/uploads\/2025\/09\/poncirus-trifoliata-citrus2.jpg\" \/>\n\t<meta property=\"og:image:width\" content=\"675\" \/>\n\t<meta property=\"og:image:height\" content=\"507\" \/>\n\t<meta property=\"og:image:type\" content=\"image\/jpeg\" \/>\n<meta name=\"twitter:card\" content=\"summary_large_image\" \/>\n<meta name=\"twitter:label1\" content=\"Est. reading time\" \/>\n\t<meta name=\"twitter:data1\" content=\"3 minutes\" \/>\n<script type=\"application\/ld+json\" class=\"yoast-schema-graph\">{\"@context\":\"https:\\\/\\\/schema.org\",\"@graph\":[{\"@type\":\"WebPage\",\"@id\":\"https:\\\/\\\/tajkertesz.com\\\/termek\\\/poncirus-trifoliata-telallo-vadcitrom\\\/\",\"url\":\"https:\\\/\\\/tajkertesz.com\\\/termek\\\/poncirus-trifoliata-telallo-vadcitrom\\\/\",\"name\":\"Poncirus trifoliata \u2013 T\u00e9l\u00e1ll\u00f3 vadcitrom - T\u00e1jkert\u00e9sz\",\"isPartOf\":{\"@id\":\"https:\\\/\\\/tajkertesz.com\\\/#website\"},\"primaryImageOfPage\":{\"@id\":\"https:\\\/\\\/tajkertesz.com\\\/termek\\\/poncirus-trifoliata-telallo-vadcitrom\\\/#primaryimage\"},\"image\":{\"@id\":\"https:\\\/\\\/tajkertesz.com\\\/termek\\\/poncirus-trifoliata-telallo-vadcitrom\\\/#primaryimage\"},\"thumbnailUrl\":\"https:\\\/\\\/tajkertesz.com\\\/wp-content\\\/uploads\\\/2025\\\/09\\\/poncirus-trifoliata-citrus2.jpg\",\"datePublished\":\"2025-09-30T13:53:47+00:00\",\"dateModified\":\"2026-04-02T09:55:16+00:00\",\"description\":\"Poncirus trifoliata \u2013 T\u00e9l\u00e1ll\u00f3 vadcitrom \u2013 t\u00e9l\u00e1ll\u00f3 vadcitrom csemete citrus alanynak vagy d\u00edszn\u00f6v\u00e9nynek. Fagy\u00e1ll\u00f3, illatos vir\u00e1g\u00fa, t\u00f6vises n\u00f6v\u00e9ny.\",\"breadcrumb\":{\"@id\":\"https:\\\/\\\/tajkertesz.com\\\/termek\\\/poncirus-trifoliata-telallo-vadcitrom\\\/#breadcrumb\"},\"inLanguage\":\"en-US\",\"potentialAction\":[{\"@type\":\"ReadAction\",\"target\":[\"https:\\\/\\\/tajkertesz.com\\\/termek\\\/poncirus-trifoliata-telallo-vadcitrom\\\/\"]}]},{\"@type\":\"ImageObject\",\"inLanguage\":\"en-US\",\"@id\":\"https:\\\/\\\/tajkertesz.com\\\/termek\\\/poncirus-trifoliata-telallo-vadcitrom\\\/#primaryimage\",\"url\":\"https:\\\/\\\/tajkertesz.com\\\/wp-content\\\/uploads\\\/2025\\\/09\\\/poncirus-trifoliata-citrus2.jpg\",\"contentUrl\":\"https:\\\/\\\/tajkertesz.com\\\/wp-content\\\/uploads\\\/2025\\\/09\\\/poncirus-trifoliata-citrus2.jpg\",\"width\":675,\"height\":507,\"caption\":\"Poncirus trifoliata \u2013 T\u00e9l\u00e1ll\u00f3 vadcitrom\"},{\"@type\":\"BreadcrumbList\",\"@id\":\"https:\\\/\\\/tajkertesz.com\\\/termek\\\/poncirus-trifoliata-telallo-vadcitrom\\\/#breadcrumb\",\"itemListElement\":[{\"@type\":\"ListItem\",\"position\":1,\"name\":\"Home\",\"item\":\"https:\\\/\\\/tajkertesz.com\\\/\"},{\"@type\":\"ListItem\",\"position\":2,\"name\":\"Kezd\u0151lap\",\"item\":\"https:\\\/\\\/tajkertesz.com\\\/\"},{\"@type\":\"ListItem\",\"position\":3,\"name\":\"Poncirus trifoliata \u2013 T\u00e9l\u00e1ll\u00f3 vadcitrom\"}]},{\"@type\":\"WebSite\",\"@id\":\"https:\\\/\\\/tajkertesz.com\\\/#website\",\"url\":\"https:\\\/\\\/tajkertesz.com\\\/\",\"name\":\"T\u00e1j-Kert\u00e9sz 84 Kft.\",\"description\":\"Kert\u00e9szeti kis- \u00e9s nagykeresked\u00e9s, D\u00edszn\u00f6v\u00e9ny web\u00e1ruh\u00e1z orsz\u00e1gos h\u00e1zhozsz\u00e1ll\u00edt\u00e1ssal!\",\"publisher\":{\"@id\":\"https:\\\/\\\/tajkertesz.com\\\/#organization\"},\"potentialAction\":[{\"@type\":\"SearchAction\",\"target\":{\"@type\":\"EntryPoint\",\"urlTemplate\":\"https:\\\/\\\/tajkertesz.com\\\/?s={search_term_string}\"},\"query-input\":{\"@type\":\"PropertyValueSpecification\",\"valueRequired\":true,\"valueName\":\"search_term_string\"}}],\"inLanguage\":\"en-US\"},{\"@type\":\"Organization\",\"@id\":\"https:\\\/\\\/tajkertesz.com\\\/#organization\",\"name\":\"T\u00e1j-Kert\u00e9sz 84 Kft.\",\"url\":\"https:\\\/\\\/tajkertesz.com\\\/\",\"logo\":{\"@type\":\"ImageObject\",\"inLanguage\":\"en-US\",\"@id\":\"https:\\\/\\\/tajkertesz.com\\\/#\\\/schema\\\/logo\\\/image\\\/\",\"url\":\"https:\\\/\\\/tajkertesz.com\\\/wp-content\\\/uploads\\\/2018\\\/02\\\/logo-2-e1518678052539.png\",\"contentUrl\":\"https:\\\/\\\/tajkertesz.com\\\/wp-content\\\/uploads\\\/2018\\\/02\\\/logo-2-e1518678052539.png\",\"width\":81,\"height\":140,\"caption\":\"T\u00e1j-Kert\u00e9sz 84 Kft.\"},\"image\":{\"@id\":\"https:\\\/\\\/tajkertesz.com\\\/#\\\/schema\\\/logo\\\/image\\\/\"},\"sameAs\":[\"https:\\\/\\\/www.facebook.com\\\/Tajkertesz\\\/\"]}]}<\/script>\n<!-- \/ Yoast SEO plugin. -->","yoast_head_json":{"title":"Poncirus trifoliata \u2013 T\u00e9l\u00e1ll\u00f3 vadcitrom - T\u00e1jkert\u00e9sz","description":"Poncirus trifoliata \u2013 T\u00e9l\u00e1ll\u00f3 vadcitrom \u2013 t\u00e9l\u00e1ll\u00f3 vadcitrom csemete citrus alanynak vagy d\u00edszn\u00f6v\u00e9nynek. Fagy\u00e1ll\u00f3, illatos vir\u00e1g\u00fa, t\u00f6vises n\u00f6v\u00e9ny.","robots":{"index":"index","follow":"follow","max-snippet":"max-snippet:-1","max-image-preview":"max-image-preview:large","max-video-preview":"max-video-preview:-1"},"canonical":"https:\/\/tajkertesz.com\/en_US\/product\/poncirus-trifoliata-telallo-vadcitrom\/","og_locale":"en_US","og_type":"article","og_title":"Poncirus trifoliata \u2013 T\u00e9l\u00e1ll\u00f3 vadcitrom - T\u00e1jkert\u00e9sz","og_description":"Poncirus trifoliata \u2013 T\u00e9l\u00e1ll\u00f3 vadcitrom \u2013 t\u00e9l\u00e1ll\u00f3 vadcitrom csemete citrus alanynak vagy d\u00edszn\u00f6v\u00e9nynek. Fagy\u00e1ll\u00f3, illatos vir\u00e1g\u00fa, t\u00f6vises n\u00f6v\u00e9ny.","og_url":"https:\/\/tajkertesz.com\/en_US\/product\/poncirus-trifoliata-telallo-vadcitrom\/","og_site_name":"T\u00e1jkert\u00e9sz","article_publisher":"https:\/\/www.facebook.com\/Tajkertesz\/","article_modified_time":"2026-04-02T09:55:16+00:00","og_image":[{"width":675,"height":507,"url":"https:\/\/tajkertesz.com\/wp-content\/uploads\/2025\/09\/poncirus-trifoliata-citrus2.jpg","type":"image\/jpeg"}],"twitter_card":"summary_large_image","twitter_misc":{"Est. reading time":"3 minutes"},"schema":{"@context":"https:\/\/schema.org","@graph":[{"@type":"WebPage","@id":"https:\/\/tajkertesz.com\/termek\/poncirus-trifoliata-telallo-vadcitrom\/","url":"https:\/\/tajkertesz.com\/termek\/poncirus-trifoliata-telallo-vadcitrom\/","name":"Poncirus trifoliata \u2013 T\u00e9l\u00e1ll\u00f3 vadcitrom - T\u00e1jkert\u00e9sz","isPartOf":{"@id":"https:\/\/tajkertesz.com\/#website"},"primaryImageOfPage":{"@id":"https:\/\/tajkertesz.com\/termek\/poncirus-trifoliata-telallo-vadcitrom\/#primaryimage"},"image":{"@id":"https:\/\/tajkertesz.com\/termek\/poncirus-trifoliata-telallo-vadcitrom\/#primaryimage"},"thumbnailUrl":"https:\/\/tajkertesz.com\/wp-content\/uploads\/2025\/09\/poncirus-trifoliata-citrus2.jpg","datePublished":"2025-09-30T13:53:47+00:00","dateModified":"2026-04-02T09:55:16+00:00","description":"Poncirus trifoliata \u2013 T\u00e9l\u00e1ll\u00f3 vadcitrom \u2013 t\u00e9l\u00e1ll\u00f3 vadcitrom csemete citrus alanynak vagy d\u00edszn\u00f6v\u00e9nynek. Fagy\u00e1ll\u00f3, illatos vir\u00e1g\u00fa, t\u00f6vises n\u00f6v\u00e9ny.","breadcrumb":{"@id":"https:\/\/tajkertesz.com\/termek\/poncirus-trifoliata-telallo-vadcitrom\/#breadcrumb"},"inLanguage":"en-US","potentialAction":[{"@type":"ReadAction","target":["https:\/\/tajkertesz.com\/termek\/poncirus-trifoliata-telallo-vadcitrom\/"]}]},{"@type":"ImageObject","inLanguage":"en-US","@id":"https:\/\/tajkertesz.com\/termek\/poncirus-trifoliata-telallo-vadcitrom\/#primaryimage","url":"https:\/\/tajkertesz.com\/wp-content\/uploads\/2025\/09\/poncirus-trifoliata-citrus2.jpg","contentUrl":"https:\/\/tajkertesz.com\/wp-content\/uploads\/2025\/09\/poncirus-trifoliata-citrus2.jpg","width":675,"height":507,"caption":"Poncirus trifoliata \u2013 T\u00e9l\u00e1ll\u00f3 vadcitrom"},{"@type":"BreadcrumbList","@id":"https:\/\/tajkertesz.com\/termek\/poncirus-trifoliata-telallo-vadcitrom\/#breadcrumb","itemListElement":[{"@type":"ListItem","position":1,"name":"Home","item":"https:\/\/tajkertesz.com\/"},{"@type":"ListItem","position":2,"name":"Kezd\u0151lap","item":"https:\/\/tajkertesz.com\/"},{"@type":"ListItem","position":3,"name":"Poncirus trifoliata \u2013 T\u00e9l\u00e1ll\u00f3 vadcitrom"}]},{"@type":"WebSite","@id":"https:\/\/tajkertesz.com\/#website","url":"https:\/\/tajkertesz.com\/","name":"T\u00e1j-Kert\u00e9sz 84 Kft.","description":"Kert\u00e9szeti kis- \u00e9s nagykeresked\u00e9s, D\u00edszn\u00f6v\u00e9ny web\u00e1ruh\u00e1z orsz\u00e1gos h\u00e1zhozsz\u00e1ll\u00edt\u00e1ssal!","publisher":{"@id":"https:\/\/tajkertesz.com\/#organization"},"potentialAction":[{"@type":"SearchAction","target":{"@type":"EntryPoint","urlTemplate":"https:\/\/tajkertesz.com\/?s={search_term_string}"},"query-input":{"@type":"PropertyValueSpecification","valueRequired":true,"valueName":"search_term_string"}}],"inLanguage":"en-US"},{"@type":"Organization","@id":"https:\/\/tajkertesz.com\/#organization","name":"T\u00e1j-Kert\u00e9sz 84 Kft.","url":"https:\/\/tajkertesz.com\/","logo":{"@type":"ImageObject","inLanguage":"en-US","@id":"https:\/\/tajkertesz.com\/#\/schema\/logo\/image\/","url":"https:\/\/tajkertesz.com\/wp-content\/uploads\/2018\/02\/logo-2-e1518678052539.png","contentUrl":"https:\/\/tajkertesz.com\/wp-content\/uploads\/2018\/02\/logo-2-e1518678052539.png","width":81,"height":140,"caption":"T\u00e1j-Kert\u00e9sz 84 Kft."},"image":{"@id":"https:\/\/tajkertesz.com\/#\/schema\/logo\/image\/"},"sameAs":["https:\/\/www.facebook.com\/Tajkertesz\/"]}]}},"_links":{"self":[{"href":"https:\/\/tajkertesz.com\/en_US\/wp-json\/wp\/v2\/product\/24764","targetHints":{"allow":["GET"]}}],"collection":[{"href":"https:\/\/tajkertesz.com\/en_US\/wp-json\/wp\/v2\/product"}],"about":[{"href":"https:\/\/tajkertesz.com\/en_US\/wp-json\/wp\/v2\/types\/product"}],"wp:featuredmedia":[{"embeddable":true,"href":"https:\/\/tajkertesz.com\/en_US\/wp-json\/wp\/v2\/media\/24765"}],"wp:attachment":[{"href":"https:\/\/tajkertesz.com\/en_US\/wp-json\/wp\/v2\/media?parent=24764"}],"wp:term":[{"taxonomy":"product_brand","embeddable":true,"href":"https:\/\/tajkertesz.com\/en_US\/wp-json\/wp\/v2\/product_brand?post=24764"},{"taxonomy":"product_cat","embeddable":true,"href":"https:\/\/tajkertesz.com\/en_US\/wp-json\/wp\/v2\/product_cat?post=24764"},{"taxonomy":"product_tag","embeddable":true,"href":"https:\/\/tajkertesz.com\/en_US\/wp-json\/wp\/v2\/product_tag?post=24764"}],"curies":[{"name":"wp","href":"https:\/\/api.w.org\/{rel}","templated":true}]}}