{"id":24851,"date":"2025-10-10T14:07:58","date_gmt":"2025-10-10T14:07:58","guid":{"rendered":"https:\/\/tajkertesz.com\/?post_type=product&#038;p=24851"},"modified":"2026-02-27T14:21:16","modified_gmt":"2026-02-27T14:21:16","slug":"carya-illionensis-pawnee-pekandio","status":"publish","type":"product","link":"https:\/\/tajkertesz.com\/en_US\/product\/carya-illionensis-pawnee-pekandio\/","title":{"rendered":"Carya illionensis &#8216;Pawnee&#8217; &#8211; Pek\u00e1ndi\u00f3"},"content":{"rendered":"<h1 data-start=\"962\" data-end=\"1252\">Carya illionensis &#8216;Pawnee&#8217; &#8211; Pek\u00e1ndi\u00f3<\/h1>\n<p data-start=\"962\" data-end=\"1252\">A Carya illionensis &#8216;Pawnee&#8217; &#8211; Pek\u00e1ndi\u00f3\u00a0 egy kiemelked\u0151 min\u0151s\u00e9g\u0171\u00a0fajta, amely rendk\u00edv\u00fcl fagyt\u0171r\u0151, \u00e9s k\u00fcl\u00f6n\u00f6sen alkalmas hidegebb \u00e9ghajlat\u00fa ter\u00fcleteken t\u00f6rt\u00e9n\u0151 \u00fcltet\u00e9sre. Ez a fajt\u00e1j\u00fa di\u00f3fa k\u00fcl\u00f6n\u00f6sen gazdag \u00e9s finom \u00edz\u0171 term\u00e9seket hoz, amely az egyik legkeresettebb a piacon.<\/p>\n<h4 data-start=\"1254\" data-end=\"1278\">\u00dcltet\u00e9s \u00e9s Gondoz\u00e1s<\/h4>\n<ul data-start=\"1279\" data-end=\"1722\">\n<li data-start=\"1279\" data-end=\"1507\">\n<p data-start=\"1281\" data-end=\"1507\">\u00dcltet\u00e9s: A Carya illionensis &#8216;Pawnee&#8217; csemet\u00e9t napos, j\u00f3l szell\u0151z\u0151 helyre \u00fcltess\u00fck. Ide\u00e1lis a laza, j\u00f3l v\u00edzelvezet\u0151 talajban val\u00f3 nevelked\u00e9s.<\/p>\n<\/li>\n<li data-start=\"1508\" data-end=\"1623\">\n<p data-start=\"1510\" data-end=\"1623\">T\u00e1panyagig\u00e9ny: K\u00fcl\u00f6n\u00f6sen fontos sz\u00e1m\u00e1ra a gazdag t\u00e1panyag\u00fa talaj, de ker\u00fclj\u00fck a t\u00falzott m\u0171tr\u00e1gya haszn\u00e1lat\u00e1t.<\/p>\n<\/li>\n<li data-start=\"1624\" data-end=\"1722\">\n<p data-start=\"1626\" data-end=\"1722\">\u00d6nt\u00f6z\u00e9s: A fiatal f\u00e1k sz\u00e1m\u00e1ra rendszeres \u00f6nt\u00f6z\u00e9s sz\u00fcks\u00e9ges, k\u00fcl\u00f6n\u00f6sen a sz\u00e1raz id\u0151szakokban.<\/p>\n<\/li>\n<\/ul>\n<h4 data-start=\"1724\" data-end=\"1758\">N\u00f6veked\u00e9si Jellemz\u0151k \u00e9s M\u00e9ret<\/h4>\n<p data-start=\"1759\" data-end=\"1951\">A Pawnee pek\u00e1ndi\u00f3fa \u00e9vr\u0151l \u00e9vre egyre nagyobb \u00e9s er\u0151sebb n\u00f6v\u00e9ny lesz, v\u00e9gs\u0151 magass\u00e1ga el\u00e9rheti a 6-9 m\u00e9tert. A fa rendk\u00edv\u00fcl gyors n\u00f6veked\u00e9s\u0171, \u00e9s kb. 5-7 \u00e9v ut\u00e1n kezd el term\u0151re fordulni.<\/p>\n<h4 data-start=\"1953\" data-end=\"1983\">Fagyt\u0171r\u00e9s:<\/h4>\n<p data-start=\"1984\" data-end=\"2128\">Ez a fajta k\u00fcl\u00f6n\u00f6sen fagyt\u0171r\u0151, \u00e9s -20\u00b0C k\u00f6r\u00fcli h\u0151m\u00e9rs\u00e9kletekig is j\u00f3l b\u00edrja a hideget.<\/p>\n<h4 data-start=\"2130\" data-end=\"2166\">Term\u0151re Fordul\u00e1s \u00e9s Betakar\u00edt\u00e1s<\/h4>\n<p data-start=\"2167\" data-end=\"2387\">A Carya illionensis &#8216;Pawnee&#8217; f\u00e1k gyorsan term\u0151re fordulnak, \u00e9s nagy mennyis\u00e9get terem.<\/p>\n<p data-start=\"2167\" data-end=\"2387\">R\u00e9szben \u00f6nterm\u00e9keny , de a b\u0151s\u00e9ges term\u00e9e \u00e9rdek\u00e9ben aj\u00e1nlott keresztbe porz\u00f3 p\u00e1rral egy\u00fctt \u00fcltetni.<\/p>\n<p data-start=\"2167\" data-end=\"2387\">Aj\u00e1nlott porz\u00f3p\u00e1r: Desirable<\/p>\n<p data-start=\"2167\" data-end=\"2387\">\u00a0A di\u00f3k sz\u00fcretel\u00e9se \u0151sszel t\u00f6rt\u00e9nik (szept-okt) amikor a h\u00e9j k\u00f6nnyen lev\u00e1lik a term\u00e9sr\u0151l.<\/p>\n<p>&nbsp;<\/p>\n<p>&nbsp;<\/p>\n<h4><strong>\ud83d\udd04 K\u00e9szletinform\u00e1ci\u00f3<\/strong><\/h4>\n<p><strong>K\u00e9szlet\u00fcnk napi szinten v\u00e1ltozik, \u00edgy a webshopban szerepl<\/strong><strong>\u0151<\/strong><strong> term\u00e9kek el\u00e9rhet<\/strong><strong>\u0151<\/strong><strong>s\u00e9ge nem garant\u00e1lt.<br \/>\n\ud83d\udcde A megrendel\u00e9s el<\/strong><strong>\u0151<\/strong><strong>tt k\u00e9rj\u00fck, \u00e9rdekl<\/strong><strong>\u0151<\/strong><strong>dj\u00f6n szem\u00e9lyesen, telefonon vagy e-mailben!<\/strong><\/p>\n<h4><strong>\u27a1\ufe0f Kapcsolat:<\/strong><\/h4>\n<ul>\n<li><strong>Weboldal: <\/strong><a href=\"https:\/\/tajkertesz.com\"><strong>tajkertesz.com<\/strong><\/a><\/li>\n<li><strong>Facebook: <\/strong><a href=\"https:\/\/www.facebook.com\/tajkertesz\/\"><strong>facebook.com\/tajkertesz<\/strong><\/a><\/li>\n<li><strong>Telefonsz\u00e1m, e-mail: +36\/20-319-3770 <\/strong><a href=\"mailto:tajkerteszaruda@gmail.com\"><strong>tajkerteszaruda@gmail.com<\/strong><\/a><\/li>\n<\/ul>\n<h4><strong>\ud83d\ude9a Sz\u00e1ll\u00edt\u00e1si inform\u00e1ci\u00f3k<\/strong><\/h4>\n<p><strong>A megrendelt n\u00f6v\u00e9nyek kisz\u00e1ll\u00edt\u00e1sa az al\u00e1bbi felt\u00e9telek mellett t\u00f6rt\u00e9nik:<\/strong><\/p>\n<h4><strong>\ud83d\udce6 Fut\u00e1rszolg\u00e1latos sz\u00e1ll\u00edt\u00e1s<\/strong><\/h4>\n<ul>\n<li><strong>Maxim\u00e1lis m\u00e9ret: 200 cm (hossz\u00fas\u00e1g)<\/strong><\/li>\n<li><strong>Maxim\u00e1lis s\u00faly: 40 kg<\/strong><\/li>\n<li><strong>Az enn\u00e9l kisebb \u00e9s k\u00f6nnyebb csomagokat fut\u00e1rszolg\u00e1lattal k\u00e9zbes\u00edtj\u00fck a lehet<\/strong><strong>\u0151<\/strong><strong> legbiztons\u00e1gosabb csomagol\u00e1sban.<\/strong><\/li>\n<\/ul>\n<h4><strong>\ud83d\udefb Szem\u00e9lyes \u00e1tv\u00e9tel<\/strong><\/h4>\n<ul>\n<li><strong>1173 Budapest, Bakancsos utca 7. sz\u00e1m alatt nyitvatart\u00e1si id<\/strong><strong>\u0151<\/strong><strong>ben szem\u00e9lyesen \u00e1tvehet<\/strong><strong>\u0151<\/strong><strong> kert\u00e9szeti \u00e1rud\u00e1nkban.<\/strong><\/li>\n<li><strong>K\u00f6lts\u00e9ghat\u00e9kony megold\u00e1s nagyobb, t\u00f6r\u00e9kenyebb vagy t\u00falm\u00e9retes n\u00f6v\u00e9nyek eset\u00e9n.<\/strong><\/li>\n<\/ul>\n<h4><strong>\ud83d\udcde Nagy m\u00e9ret<\/strong><strong>\u0171<\/strong><strong> vagy s\u00faly\u00fa n\u00f6v\u00e9nyek eset\u00e9n<\/strong><\/h4>\n<p><strong>Ha a term\u00e9k:<\/strong><\/p>\n<ul>\n<li><strong>meghaladja a 200 cm hossz\u00fas\u00e1got vagy<\/strong><\/li>\n<li><strong>meghaladja a 40 kg s\u00falyt,<\/strong><\/li>\n<\/ul>\n<p><strong>akkor szem\u00e9lyes \u00e1tv\u00e9tellel vagy egyedi, el<\/strong><strong>\u0151<\/strong><strong>re egyeztetett sz\u00e1ll\u00edt\u00e1si felt\u00e9telek mellett t\u00f6rt\u00e9nik.<br \/>\nK\u00e9rj\u00fck, ilyen esetben rendel\u00e9s el<\/strong><strong>\u0151<\/strong><strong>tt vegye fel vel\u00fcnk a kapcsolatot, hogy a lehet<\/strong><strong>\u0151<\/strong><strong> legmegfelel<\/strong><strong>\u0151<\/strong><strong>bb sz\u00e1ll\u00edt\u00e1si megold\u00e1st k\u00edn\u00e1lhassuk.<\/strong><\/p>\n<p><strong>\ud83d\udd14 Fontos: A n\u00f6v\u00e9nyeket minden esetben igyeksz\u00fcnk gondosan, egyes\u00e9vel csomagolni, azonban a sz\u00e1ll\u00edt\u00e1s sor\u00e1n kisebb eszt\u00e9tikai s\u00e9r\u00fcl\u00e9sek el<\/strong><strong>\u0151<\/strong><strong>fordulhatnak (pl. lev\u00e9lhull\u00e1s). Ez nem min<\/strong><strong>\u0151<\/strong><strong>s\u00fcl hib\u00e1s teljes\u00edt\u00e9snek.<\/strong><\/p>\n<h4><strong>\ud83d\udcf7 Fontos tudni a k\u00e9pekr<\/strong><strong>\u0151<\/strong><strong>l<\/strong><\/h4>\n<p><strong>A webshopban szerepl<\/strong><strong>\u0151<\/strong><strong> k\u00e9pek illusztr\u00e1ci\u00f3k, a n\u00f6v\u00e9nyek term\u00e9szet\u00fckn\u00e9l fogva egyediek, \u00edgy m\u00e9retben, alakban \u00e9s sz\u00ednben minim\u00e1lis elt\u00e9r\u00e9sek el<\/strong><strong>\u0151<\/strong><strong>fordulhatnak a k\u00e9pen l\u00e1that\u00f3 \u00e9s a val\u00f3s p\u00e9ld\u00e1nyok k\u00f6z\u00f6tt.<\/strong><\/p>\n<h4><strong>\ud83e\uddfe \u00c1rak \u00e9s el\u00e1ll\u00e1si jog<\/strong><\/h4>\n<ul>\n<li><strong>Az \u00e1rak egy darab\u00a0n\u00f6v\u00e9nyre vonatkoznak.<\/strong><\/li>\n<li><strong>\u00c9l<\/strong><strong>\u0151<\/strong><strong> n\u00f6v\u00e9nyek rendel\u00e9se eset\u00e9n a 14 napos el\u00e1ll\u00e1s joga nem \u00e9rv\u00e9nyes\u00edthet<\/strong><strong>\u0151<\/strong><strong>, mivel azok romland\u00f3, biol\u00f3giailag \u00e9l<\/strong><strong>\u0151<\/strong><strong> term\u00e9keknek min<\/strong><strong>\u0151<\/strong><strong>s\u00fclnek.<br \/>\n\ud83d\udd12 (17\/1999. (II. 5.) Korm. rendelet 5. \u00a7 c) pontja alapj\u00e1n)<\/strong><\/li>\n<\/ul>\n<h4><strong>\ud83d\udce6 K\u00e9zbes\u00edt\u00e9s ut\u00e1ni teend<\/strong><strong>\u0151<\/strong><strong>k<\/strong><\/h4>\n<p><strong>A k\u00e9zbes\u00edt\u00e9st k\u00f6vet<\/strong><strong>\u0151<\/strong><strong>en a csomagot azonnal bontsuk ki, \u00e9s a n\u00f6v\u00e9nyt helyezz\u00fck el megfelel<\/strong><strong>\u0151<\/strong><strong> k\u00f6rnyezetben.<br \/>\nFontos: ha a n\u00f6v\u00e9ny nem r\u00e9szes\u00fcl megfelel<\/strong><strong>\u0151<\/strong><strong> gondoz\u00e1sban \u00e9s ennek k\u00f6vetkezt\u00e9ben k\u00e1rosodik vagy elpusztul, felel<\/strong><strong>\u0151<\/strong><strong>ss\u00e9get nem tudunk v\u00e1llalni.<\/strong><\/p>\n<p><strong>\u00a0<\/strong><\/p>","protected":false},"excerpt":{"rendered":"<p>A <strong data-start=\"79\" data-end=\"109\">Carya illionensis &#8216;Pawnee&#8217;<\/strong> egy fagyt\u0171r\u0151 <strong data-start=\"123\" data-end=\"138\">pek\u00e1ndi\u00f3fa<\/strong>, amely ide\u00e1lis v\u00e1laszt\u00e1s hidegebb \u00e9ghajlat\u00fa ter\u00fcletekre is, mivel j\u00f3l b\u00edrja a fagyos teleket.<\/p>\n<p>M\u00e9rete: 125-150 cm magas, 5.6 literes kont\u00e9nerben.<\/p>","protected":false},"featured_media":24855,"template":"","meta":{"_et_pb_use_builder":"","_et_pb_old_content":"","_et_gb_content_width":""},"product_brand":[],"product_cat":[29,5357],"product_tag":[7155,7026,7154,7158,7157,7156,5346,7153,7024],"class_list":{"0":"post-24851","1":"product","2":"type-product","3":"status-publish","4":"has-post-thumbnail","6":"product_cat-gyumolcsfak-gyumolcstermo-novenyek","7":"product_cat-mediterran-gyumolcsuk","8":"product_tag-carya","9":"product_tag-diofa-csemete","10":"product_tag-fagyturo-fa","11":"product_tag-fak-es-csemetek","12":"product_tag-hozamu-diofa","13":"product_tag-illionensis","14":"product_tag-novenyek","15":"product_tag-pecan","16":"product_tag-pekandio","18":"first","19":"instock","20":"shipping-taxable","21":"purchasable","22":"product-type-simple"},"yoast_head":"<!-- This site is optimized with the Yoast SEO plugin v27.5 - https:\/\/yoast.com\/product\/yoast-seo-wordpress\/ -->\n<title>Carya illionensis &#039;Pawnee&#039; - Pek\u00e1ndi\u00f3 - T\u00e1jkert\u00e9sz<\/title>\n<meta name=\"description\" content=\"A Carya illionensis &#039;Pawnee&#039; -pek\u00e1ndi\u00f3 csemete fagyt\u0171r\u0151, gyorsan n\u00f6vekv\u0151 fa, amely \u00edzletes term\u00e9st hoz. \u00dcltet\u00e9s, gondoz\u00e1s \u00e9s tippek a sikeres termeszt\u00e9shez.\" \/>\n<meta name=\"robots\" content=\"index, follow, max-snippet:-1, max-image-preview:large, max-video-preview:-1\" \/>\n<link rel=\"canonical\" href=\"https:\/\/tajkertesz.com\/en_US\/product\/carya-illionensis-pawnee-pekandio\/\" \/>\n<meta property=\"og:locale\" content=\"en_US\" \/>\n<meta property=\"og:type\" content=\"article\" \/>\n<meta property=\"og:title\" content=\"Carya illionensis &#039;Pawnee&#039; - Pek\u00e1ndi\u00f3 - T\u00e1jkert\u00e9sz\" \/>\n<meta property=\"og:description\" content=\"A Carya illionensis &#039;Pawnee&#039; -pek\u00e1ndi\u00f3 csemete fagyt\u0171r\u0151, gyorsan n\u00f6vekv\u0151 fa, amely \u00edzletes term\u00e9st hoz. \u00dcltet\u00e9s, gondoz\u00e1s \u00e9s tippek a sikeres termeszt\u00e9shez.\" \/>\n<meta property=\"og:url\" content=\"https:\/\/tajkertesz.com\/en_US\/product\/carya-illionensis-pawnee-pekandio\/\" \/>\n<meta property=\"og:site_name\" content=\"T\u00e1jkert\u00e9sz\" \/>\n<meta property=\"article:publisher\" content=\"https:\/\/www.facebook.com\/Tajkertesz\/\" \/>\n<meta property=\"article:modified_time\" content=\"2026-02-27T14:21:16+00:00\" \/>\n<meta property=\"og:image\" content=\"https:\/\/tajkertesz.com\/wp-content\/uploads\/2025\/10\/image5-rotated-e1770377784626.jpeg\" \/>\n\t<meta property=\"og:image:width\" content=\"685\" \/>\n\t<meta property=\"og:image:height\" content=\"1683\" \/>\n\t<meta property=\"og:image:type\" content=\"image\/jpeg\" \/>\n<meta name=\"twitter:card\" content=\"summary_large_image\" \/>\n<meta name=\"twitter:label1\" content=\"Est. reading time\" \/>\n\t<meta name=\"twitter:data1\" content=\"3 minutes\" \/>\n<script type=\"application\/ld+json\" class=\"yoast-schema-graph\">{\"@context\":\"https:\\\/\\\/schema.org\",\"@graph\":[{\"@type\":\"WebPage\",\"@id\":\"https:\\\/\\\/tajkertesz.com\\\/termek\\\/carya-illionensis-pawnee-pekandio\\\/\",\"url\":\"https:\\\/\\\/tajkertesz.com\\\/termek\\\/carya-illionensis-pawnee-pekandio\\\/\",\"name\":\"Carya illionensis 'Pawnee' - Pek\u00e1ndi\u00f3 - T\u00e1jkert\u00e9sz\",\"isPartOf\":{\"@id\":\"https:\\\/\\\/tajkertesz.com\\\/#website\"},\"primaryImageOfPage\":{\"@id\":\"https:\\\/\\\/tajkertesz.com\\\/termek\\\/carya-illionensis-pawnee-pekandio\\\/#primaryimage\"},\"image\":{\"@id\":\"https:\\\/\\\/tajkertesz.com\\\/termek\\\/carya-illionensis-pawnee-pekandio\\\/#primaryimage\"},\"thumbnailUrl\":\"https:\\\/\\\/tajkertesz.com\\\/wp-content\\\/uploads\\\/2025\\\/10\\\/image5-rotated-e1770377784626.jpeg\",\"datePublished\":\"2025-10-10T14:07:58+00:00\",\"dateModified\":\"2026-02-27T14:21:16+00:00\",\"description\":\"A Carya illionensis 'Pawnee' -pek\u00e1ndi\u00f3 csemete fagyt\u0171r\u0151, gyorsan n\u00f6vekv\u0151 fa, amely \u00edzletes term\u00e9st hoz. \u00dcltet\u00e9s, gondoz\u00e1s \u00e9s tippek a sikeres termeszt\u00e9shez.\",\"breadcrumb\":{\"@id\":\"https:\\\/\\\/tajkertesz.com\\\/termek\\\/carya-illionensis-pawnee-pekandio\\\/#breadcrumb\"},\"inLanguage\":\"en-US\",\"potentialAction\":[{\"@type\":\"ReadAction\",\"target\":[\"https:\\\/\\\/tajkertesz.com\\\/termek\\\/carya-illionensis-pawnee-pekandio\\\/\"]}]},{\"@type\":\"ImageObject\",\"inLanguage\":\"en-US\",\"@id\":\"https:\\\/\\\/tajkertesz.com\\\/termek\\\/carya-illionensis-pawnee-pekandio\\\/#primaryimage\",\"url\":\"https:\\\/\\\/tajkertesz.com\\\/wp-content\\\/uploads\\\/2025\\\/10\\\/image5-rotated-e1770377784626.jpeg\",\"contentUrl\":\"https:\\\/\\\/tajkertesz.com\\\/wp-content\\\/uploads\\\/2025\\\/10\\\/image5-rotated-e1770377784626.jpeg\",\"width\":685,\"height\":1683,\"caption\":\"Carya illinoiensis `Mohawk` - Pek\u00e1ndi\u00f3 oltv\u00e1ny\"},{\"@type\":\"BreadcrumbList\",\"@id\":\"https:\\\/\\\/tajkertesz.com\\\/termek\\\/carya-illionensis-pawnee-pekandio\\\/#breadcrumb\",\"itemListElement\":[{\"@type\":\"ListItem\",\"position\":1,\"name\":\"Home\",\"item\":\"https:\\\/\\\/tajkertesz.com\\\/\"},{\"@type\":\"ListItem\",\"position\":2,\"name\":\"Kezd\u0151lap\",\"item\":\"https:\\\/\\\/tajkertesz.com\\\/\"},{\"@type\":\"ListItem\",\"position\":3,\"name\":\"Carya illionensis &#8216;Pawnee&#8217; &#8211; Pek\u00e1ndi\u00f3\"}]},{\"@type\":\"WebSite\",\"@id\":\"https:\\\/\\\/tajkertesz.com\\\/#website\",\"url\":\"https:\\\/\\\/tajkertesz.com\\\/\",\"name\":\"T\u00e1j-Kert\u00e9sz 84 Kft.\",\"description\":\"Kert\u00e9szeti kis- \u00e9s nagykeresked\u00e9s, D\u00edszn\u00f6v\u00e9ny web\u00e1ruh\u00e1z orsz\u00e1gos h\u00e1zhozsz\u00e1ll\u00edt\u00e1ssal!\",\"publisher\":{\"@id\":\"https:\\\/\\\/tajkertesz.com\\\/#organization\"},\"potentialAction\":[{\"@type\":\"SearchAction\",\"target\":{\"@type\":\"EntryPoint\",\"urlTemplate\":\"https:\\\/\\\/tajkertesz.com\\\/?s={search_term_string}\"},\"query-input\":{\"@type\":\"PropertyValueSpecification\",\"valueRequired\":true,\"valueName\":\"search_term_string\"}}],\"inLanguage\":\"en-US\"},{\"@type\":\"Organization\",\"@id\":\"https:\\\/\\\/tajkertesz.com\\\/#organization\",\"name\":\"T\u00e1j-Kert\u00e9sz 84 Kft.\",\"url\":\"https:\\\/\\\/tajkertesz.com\\\/\",\"logo\":{\"@type\":\"ImageObject\",\"inLanguage\":\"en-US\",\"@id\":\"https:\\\/\\\/tajkertesz.com\\\/#\\\/schema\\\/logo\\\/image\\\/\",\"url\":\"https:\\\/\\\/tajkertesz.com\\\/wp-content\\\/uploads\\\/2018\\\/02\\\/logo-2-e1518678052539.png\",\"contentUrl\":\"https:\\\/\\\/tajkertesz.com\\\/wp-content\\\/uploads\\\/2018\\\/02\\\/logo-2-e1518678052539.png\",\"width\":81,\"height\":140,\"caption\":\"T\u00e1j-Kert\u00e9sz 84 Kft.\"},\"image\":{\"@id\":\"https:\\\/\\\/tajkertesz.com\\\/#\\\/schema\\\/logo\\\/image\\\/\"},\"sameAs\":[\"https:\\\/\\\/www.facebook.com\\\/Tajkertesz\\\/\"]}]}<\/script>\n<!-- \/ Yoast SEO plugin. -->","yoast_head_json":{"title":"Carya illionensis 'Pawnee' - Pek\u00e1ndi\u00f3 - T\u00e1jkert\u00e9sz","description":"A Carya illionensis 'Pawnee' -pek\u00e1ndi\u00f3 csemete fagyt\u0171r\u0151, gyorsan n\u00f6vekv\u0151 fa, amely \u00edzletes term\u00e9st hoz. \u00dcltet\u00e9s, gondoz\u00e1s \u00e9s tippek a sikeres termeszt\u00e9shez.","robots":{"index":"index","follow":"follow","max-snippet":"max-snippet:-1","max-image-preview":"max-image-preview:large","max-video-preview":"max-video-preview:-1"},"canonical":"https:\/\/tajkertesz.com\/en_US\/product\/carya-illionensis-pawnee-pekandio\/","og_locale":"en_US","og_type":"article","og_title":"Carya illionensis 'Pawnee' - Pek\u00e1ndi\u00f3 - T\u00e1jkert\u00e9sz","og_description":"A Carya illionensis 'Pawnee' -pek\u00e1ndi\u00f3 csemete fagyt\u0171r\u0151, gyorsan n\u00f6vekv\u0151 fa, amely \u00edzletes term\u00e9st hoz. \u00dcltet\u00e9s, gondoz\u00e1s \u00e9s tippek a sikeres termeszt\u00e9shez.","og_url":"https:\/\/tajkertesz.com\/en_US\/product\/carya-illionensis-pawnee-pekandio\/","og_site_name":"T\u00e1jkert\u00e9sz","article_publisher":"https:\/\/www.facebook.com\/Tajkertesz\/","article_modified_time":"2026-02-27T14:21:16+00:00","og_image":[{"width":685,"height":1683,"url":"https:\/\/tajkertesz.com\/wp-content\/uploads\/2025\/10\/image5-rotated-e1770377784626.jpeg","type":"image\/jpeg"}],"twitter_card":"summary_large_image","twitter_misc":{"Est. reading time":"3 minutes"},"schema":{"@context":"https:\/\/schema.org","@graph":[{"@type":"WebPage","@id":"https:\/\/tajkertesz.com\/termek\/carya-illionensis-pawnee-pekandio\/","url":"https:\/\/tajkertesz.com\/termek\/carya-illionensis-pawnee-pekandio\/","name":"Carya illionensis 'Pawnee' - Pek\u00e1ndi\u00f3 - T\u00e1jkert\u00e9sz","isPartOf":{"@id":"https:\/\/tajkertesz.com\/#website"},"primaryImageOfPage":{"@id":"https:\/\/tajkertesz.com\/termek\/carya-illionensis-pawnee-pekandio\/#primaryimage"},"image":{"@id":"https:\/\/tajkertesz.com\/termek\/carya-illionensis-pawnee-pekandio\/#primaryimage"},"thumbnailUrl":"https:\/\/tajkertesz.com\/wp-content\/uploads\/2025\/10\/image5-rotated-e1770377784626.jpeg","datePublished":"2025-10-10T14:07:58+00:00","dateModified":"2026-02-27T14:21:16+00:00","description":"A Carya illionensis 'Pawnee' -pek\u00e1ndi\u00f3 csemete fagyt\u0171r\u0151, gyorsan n\u00f6vekv\u0151 fa, amely \u00edzletes term\u00e9st hoz. \u00dcltet\u00e9s, gondoz\u00e1s \u00e9s tippek a sikeres termeszt\u00e9shez.","breadcrumb":{"@id":"https:\/\/tajkertesz.com\/termek\/carya-illionensis-pawnee-pekandio\/#breadcrumb"},"inLanguage":"en-US","potentialAction":[{"@type":"ReadAction","target":["https:\/\/tajkertesz.com\/termek\/carya-illionensis-pawnee-pekandio\/"]}]},{"@type":"ImageObject","inLanguage":"en-US","@id":"https:\/\/tajkertesz.com\/termek\/carya-illionensis-pawnee-pekandio\/#primaryimage","url":"https:\/\/tajkertesz.com\/wp-content\/uploads\/2025\/10\/image5-rotated-e1770377784626.jpeg","contentUrl":"https:\/\/tajkertesz.com\/wp-content\/uploads\/2025\/10\/image5-rotated-e1770377784626.jpeg","width":685,"height":1683,"caption":"Carya illinoiensis `Mohawk` - Pek\u00e1ndi\u00f3 oltv\u00e1ny"},{"@type":"BreadcrumbList","@id":"https:\/\/tajkertesz.com\/termek\/carya-illionensis-pawnee-pekandio\/#breadcrumb","itemListElement":[{"@type":"ListItem","position":1,"name":"Home","item":"https:\/\/tajkertesz.com\/"},{"@type":"ListItem","position":2,"name":"Kezd\u0151lap","item":"https:\/\/tajkertesz.com\/"},{"@type":"ListItem","position":3,"name":"Carya illionensis &#8216;Pawnee&#8217; &#8211; Pek\u00e1ndi\u00f3"}]},{"@type":"WebSite","@id":"https:\/\/tajkertesz.com\/#website","url":"https:\/\/tajkertesz.com\/","name":"T\u00e1j-Kert\u00e9sz 84 Kft.","description":"Kert\u00e9szeti kis- \u00e9s nagykeresked\u00e9s, D\u00edszn\u00f6v\u00e9ny web\u00e1ruh\u00e1z orsz\u00e1gos h\u00e1zhozsz\u00e1ll\u00edt\u00e1ssal!","publisher":{"@id":"https:\/\/tajkertesz.com\/#organization"},"potentialAction":[{"@type":"SearchAction","target":{"@type":"EntryPoint","urlTemplate":"https:\/\/tajkertesz.com\/?s={search_term_string}"},"query-input":{"@type":"PropertyValueSpecification","valueRequired":true,"valueName":"search_term_string"}}],"inLanguage":"en-US"},{"@type":"Organization","@id":"https:\/\/tajkertesz.com\/#organization","name":"T\u00e1j-Kert\u00e9sz 84 Kft.","url":"https:\/\/tajkertesz.com\/","logo":{"@type":"ImageObject","inLanguage":"en-US","@id":"https:\/\/tajkertesz.com\/#\/schema\/logo\/image\/","url":"https:\/\/tajkertesz.com\/wp-content\/uploads\/2018\/02\/logo-2-e1518678052539.png","contentUrl":"https:\/\/tajkertesz.com\/wp-content\/uploads\/2018\/02\/logo-2-e1518678052539.png","width":81,"height":140,"caption":"T\u00e1j-Kert\u00e9sz 84 Kft."},"image":{"@id":"https:\/\/tajkertesz.com\/#\/schema\/logo\/image\/"},"sameAs":["https:\/\/www.facebook.com\/Tajkertesz\/"]}]}},"_links":{"self":[{"href":"https:\/\/tajkertesz.com\/en_US\/wp-json\/wp\/v2\/product\/24851","targetHints":{"allow":["GET"]}}],"collection":[{"href":"https:\/\/tajkertesz.com\/en_US\/wp-json\/wp\/v2\/product"}],"about":[{"href":"https:\/\/tajkertesz.com\/en_US\/wp-json\/wp\/v2\/types\/product"}],"wp:featuredmedia":[{"embeddable":true,"href":"https:\/\/tajkertesz.com\/en_US\/wp-json\/wp\/v2\/media\/24855"}],"wp:attachment":[{"href":"https:\/\/tajkertesz.com\/en_US\/wp-json\/wp\/v2\/media?parent=24851"}],"wp:term":[{"taxonomy":"product_brand","embeddable":true,"href":"https:\/\/tajkertesz.com\/en_US\/wp-json\/wp\/v2\/product_brand?post=24851"},{"taxonomy":"product_cat","embeddable":true,"href":"https:\/\/tajkertesz.com\/en_US\/wp-json\/wp\/v2\/product_cat?post=24851"},{"taxonomy":"product_tag","embeddable":true,"href":"https:\/\/tajkertesz.com\/en_US\/wp-json\/wp\/v2\/product_tag?post=24851"}],"curies":[{"name":"wp","href":"https:\/\/api.w.org\/{rel}","templated":true}]}}