{"id":24902,"date":"2025-10-14T11:32:59","date_gmt":"2025-10-14T11:32:59","guid":{"rendered":"https:\/\/tajkertesz.com\/?post_type=product&#038;p=24902"},"modified":"2026-02-22T11:27:51","modified_gmt":"2026-02-22T11:27:51","slug":"malus-domestica-gold-sensation-oszlopos-almafa","status":"publish","type":"product","link":"https:\/\/tajkertesz.com\/en_US\/product\/malus-domestica-gold-sensation-oszlopos-almafa\/","title":{"rendered":"Malus domestica &#8216;Gold Sensation&#8217; \u2013 Oszlopos almafa"},"content":{"rendered":"<h1>Malus domestica &#8216;Gold Sensation&#8217; \u2013 Oszlopos almafa<\/h1>\n<p>A Malus domestica &#8216;Gold Sensation&#8217; \u2013 Oszlopos almafa \u00a0kiv\u00e1l\u00f3an alkalmas kis kertekbe, teraszokra vagy ak\u00e1r nagyobb cserepekbe is. Kompakt form\u00e1j\u00e1nak k\u00f6sz\u00f6nhet\u0151en ide\u00e1lis v\u00e1laszt\u00e1s olyan helyekre, ahol a hely sz\u0171k\u00f6s, de a gy\u00fcm\u00f6lcstermeszt\u00e9s \u00e9lm\u00e9nye nem hi\u00e1nyozhat.<\/p>\n<p data-start=\"990\" data-end=\"1177\">A fajta k\u00fcl\u00f6nlegess\u00e9ge az <strong data-start=\"1016\" data-end=\"1044\">aranys\u00e1rga h\u00e9j\u00fa gy\u00fcm\u00f6lcs<\/strong>, amely k\u00f6zepes m\u00e9ret\u0171, roppan\u00f3s \u00e1llag\u00fa \u00e9s \u00e9desk\u00e9s-savanyk\u00e1s \u00edzvil\u00e1g\u00fa. A term\u00e9s friss fogyaszt\u00e1sra, s\u00fct\u00e9sre \u00e9s t\u00e1rol\u00e1sra is alkalmas.<\/p>\n<p data-start=\"1179\" data-end=\"1193\"><strong data-start=\"1179\" data-end=\"1193\">Jellemz\u0151k:<\/strong><\/p>\n<ul data-start=\"1194\" data-end=\"1583\">\n<li data-start=\"1194\" data-end=\"1255\">\n<p data-start=\"1196\" data-end=\"1255\"><strong data-start=\"1196\" data-end=\"1217\">N\u00f6veked\u00e9si forma:<\/strong> Oszlopos (minim\u00e1lis oldalhajt\u00e1sokkal)<\/p>\n<\/li>\n<li data-start=\"1256\" data-end=\"1304\">\n<p data-start=\"1258\" data-end=\"1304\"><strong data-start=\"1258\" data-end=\"1272\">\u00c9r\u00e9si id\u0151:<\/strong> Szeptember v\u00e9ge \u2013 okt\u00f3ber eleje<\/p>\n<\/li>\n<li data-start=\"1305\" data-end=\"1361\">\n<p data-start=\"1307\" data-end=\"1361\"><strong data-start=\"1307\" data-end=\"1320\">Gy\u00fcm\u00f6lcs:<\/strong> S\u00e1rg\u00e1s-arany h\u00e9j\u00fa, kellemes \u00edz\u0171, zamatos<\/p>\n<\/li>\n<li data-start=\"1362\" data-end=\"1446\">\n<p data-start=\"1364\" data-end=\"1446\"><strong data-start=\"1364\" data-end=\"1377\">Beporz\u00e1s:<\/strong> \u00d6nterm\u00e9keny, de m\u00e1s fajt\u00e1kkal egy\u00fctt m\u00e9g jobb term\u00e9shozamot biztos\u00edt<\/p>\n<\/li>\n<li data-start=\"1447\" data-end=\"1519\">\n<p data-start=\"1449\" data-end=\"1519\"><strong data-start=\"1449\" data-end=\"1463\">Helyig\u00e9ny:<\/strong> Minim\u00e1lis \u2013 balkonl\u00e1d\u00e1ban vagy kont\u00e9nerben is nevelhet\u0151<\/p>\n<\/li>\n<li data-start=\"1520\" data-end=\"1583\">\n<p data-start=\"1522\" data-end=\"1583\"><strong data-start=\"1522\" data-end=\"1539\">Ellen\u00e1ll\u00f3s\u00e1g:<\/strong> J\u00f3 ellen\u00e1ll\u00f3 k\u00e9pess\u00e9g betegs\u00e9gekkel szemben<\/p>\n<\/li>\n<\/ul>\n<p>&nbsp;<\/p>\n<h4><strong>\ud83d\udd04 K\u00e9szletinform\u00e1ci\u00f3<\/strong><\/h4>\n<p><strong>K\u00e9szlet\u00fcnk napi szinten v\u00e1ltozik, \u00edgy a webshopban szerepl<\/strong><strong>\u0151<\/strong><strong>\u00a0term\u00e9kek el\u00e9rhet<\/strong><strong>\u0151<\/strong><strong>s\u00e9ge nem garant\u00e1lt.<br \/>\n\ud83d\udcde A megrendel\u00e9s el<\/strong><strong>\u0151<\/strong><strong>tt k\u00e9rj\u00fck, \u00e9rdekl<\/strong><strong>\u0151<\/strong><strong>dj\u00f6n szem\u00e9lyesen, telefonon vagy e-mailben!<\/strong><\/p>\n<h4><strong>\u27a1\ufe0f Kapcsolat:<\/strong><\/h4>\n<ul>\n<li><strong>Weboldal:\u00a0<\/strong><a href=\"https:\/\/tajkertesz.com\/\"><strong>tajkertesz.com<\/strong><\/a><\/li>\n<li><strong>Facebook:\u00a0<\/strong><a href=\"https:\/\/www.facebook.com\/tajkertesz\/\"><strong>facebook.com\/tajkertesz<\/strong><\/a><\/li>\n<li><strong>Telefonsz\u00e1m, e-mail: +36\/20-319-3770\u00a0<\/strong><a href=\"mailto:tajkerteszaruda@gmail.com\"><strong>tajkerteszaruda@gmail.com<\/strong><\/a><\/li>\n<\/ul>\n<h4><strong>\ud83d\ude9a Sz\u00e1ll\u00edt\u00e1si inform\u00e1ci\u00f3k<\/strong><\/h4>\n<p><strong>A megrendelt n\u00f6v\u00e9nyek kisz\u00e1ll\u00edt\u00e1sa az al\u00e1bbi felt\u00e9telek mellett t\u00f6rt\u00e9nik:<\/strong><\/p>\n<h4><strong>\ud83d\udce6 Fut\u00e1rszolg\u00e1latos sz\u00e1ll\u00edt\u00e1s<\/strong><\/h4>\n<ul>\n<li><strong>Maxim\u00e1lis m\u00e9ret: 200 cm (hossz\u00fas\u00e1g)<\/strong><\/li>\n<li><strong>Maxim\u00e1lis s\u00faly: 40 kg<\/strong><\/li>\n<li><strong>Az enn\u00e9l kisebb \u00e9s k\u00f6nnyebb csomagokat fut\u00e1rszolg\u00e1lattal k\u00e9zbes\u00edtj\u00fck a lehet<\/strong><strong>\u0151<\/strong><strong>\u00a0legbiztons\u00e1gosabb csomagol\u00e1sban.<\/strong><\/li>\n<\/ul>\n<h4><strong>\ud83d\udefb Szem\u00e9lyes \u00e1tv\u00e9tel<\/strong><\/h4>\n<ul>\n<li><strong>1173 Budapest, Bakancsos utca 7. sz\u00e1m alatt nyitvatart\u00e1si id<\/strong><strong>\u0151<\/strong><strong>ben szem\u00e9lyesen \u00e1tvehet<\/strong><strong>\u0151<\/strong><strong>\u00a0kert\u00e9szeti \u00e1rud\u00e1nkban.<\/strong><\/li>\n<li><strong>K\u00f6lts\u00e9ghat\u00e9kony megold\u00e1s nagyobb, t\u00f6r\u00e9kenyebb vagy t\u00falm\u00e9retes n\u00f6v\u00e9nyek eset\u00e9n.<\/strong><\/li>\n<\/ul>\n<h4><strong>\ud83d\udcde Nagy m\u00e9ret<\/strong><strong>\u0171<\/strong><strong>\u00a0vagy s\u00faly\u00fa n\u00f6v\u00e9nyek eset\u00e9n<\/strong><\/h4>\n<p><strong>Ha a term\u00e9k:<\/strong><\/p>\n<ul>\n<li><strong>meghaladja a 200 cm hossz\u00fas\u00e1got vagy<\/strong><\/li>\n<li><strong>meghaladja a 40 kg s\u00falyt,<\/strong><\/li>\n<\/ul>\n<p><strong>akkor szem\u00e9lyes \u00e1tv\u00e9tellel vagy egyedi, el<\/strong><strong>\u0151<\/strong><strong>re egyeztetett sz\u00e1ll\u00edt\u00e1si felt\u00e9telek mellett t\u00f6rt\u00e9nik.<br \/>\nK\u00e9rj\u00fck, ilyen esetben rendel\u00e9s el<\/strong><strong>\u0151<\/strong><strong>tt vegye fel vel\u00fcnk a kapcsolatot, hogy a lehet<\/strong><strong>\u0151<\/strong><strong>\u00a0legmegfelel<\/strong><strong>\u0151<\/strong><strong>bb sz\u00e1ll\u00edt\u00e1si megold\u00e1st k\u00edn\u00e1lhassuk.<\/strong><\/p>\n<p><strong>\ud83d\udd14 Fontos: A n\u00f6v\u00e9nyeket minden esetben igyeksz\u00fcnk gondosan, egyes\u00e9vel csomagolni, azonban a sz\u00e1ll\u00edt\u00e1s sor\u00e1n kisebb eszt\u00e9tikai s\u00e9r\u00fcl\u00e9sek el<\/strong><strong>\u0151<\/strong><strong>fordulhatnak (pl. lev\u00e9lhull\u00e1s). Ez nem min<\/strong><strong>\u0151<\/strong><strong>s\u00fcl hib\u00e1s teljes\u00edt\u00e9snek.<\/strong><\/p>\n<h4><strong>\ud83d\udcf7 Fontos tudni a k\u00e9pekr<\/strong><strong>\u0151<\/strong><strong>l<\/strong><\/h4>\n<p><strong>A webshopban szerepl<\/strong><strong>\u0151<\/strong><strong>\u00a0k\u00e9pek illusztr\u00e1ci\u00f3k, a n\u00f6v\u00e9nyek term\u00e9szet\u00fckn\u00e9l fogva egyediek, \u00edgy m\u00e9retben, alakban \u00e9s sz\u00ednben minim\u00e1lis elt\u00e9r\u00e9sek el<\/strong><strong>\u0151<\/strong><strong>fordulhatnak a k\u00e9pen l\u00e1that\u00f3 \u00e9s a val\u00f3s p\u00e9ld\u00e1nyok k\u00f6z\u00f6tt.<\/strong><\/p>\n<h4><strong>\ud83e\uddfe \u00c1rak \u00e9s el\u00e1ll\u00e1si jog<\/strong><\/h4>\n<ul>\n<li><strong>Az \u00e1rak egy darab\u00a0n\u00f6v\u00e9nyre vonatkoznak.<\/strong><\/li>\n<li><strong>\u00c9l<\/strong><strong>\u0151<\/strong><strong>\u00a0n\u00f6v\u00e9nyek rendel\u00e9se eset\u00e9n a 14 napos el\u00e1ll\u00e1s joga nem \u00e9rv\u00e9nyes\u00edthet<\/strong><strong>\u0151<\/strong><strong>, mivel azok romland\u00f3, biol\u00f3giailag \u00e9l<\/strong><strong>\u0151<\/strong><strong>\u00a0term\u00e9keknek min<\/strong><strong>\u0151<\/strong><strong>s\u00fclnek.<br \/>\n\ud83d\udd12 (17\/1999. (II. 5.) Korm. rendelet 5. \u00a7 c) pontja alapj\u00e1n)<\/strong><\/li>\n<\/ul>\n<h4><strong>\ud83d\udce6 K\u00e9zbes\u00edt\u00e9s ut\u00e1ni teend<\/strong><strong>\u0151<\/strong><strong>k<\/strong><\/h4>\n<p><strong>A k\u00e9zbes\u00edt\u00e9st k\u00f6vet<\/strong><strong>\u0151<\/strong><strong>en a csomagot azonnal bontsuk ki, \u00e9s a n\u00f6v\u00e9nyt helyezz\u00fck el megfelel<\/strong><strong>\u0151<\/strong><strong>\u00a0k\u00f6rnyezetben.<br \/>\nFontos: ha a n\u00f6v\u00e9ny nem r\u00e9szes\u00fcl megfelel<\/strong><strong>\u0151<\/strong><strong>\u00a0gondoz\u00e1sban \u00e9s ennek k\u00f6vetkezt\u00e9ben k\u00e1rosodik vagy elpusztul, felel<\/strong><strong>\u0151<\/strong><strong>ss\u00e9get nem tudunk v\u00e1llalni.<\/strong><\/p>","protected":false},"excerpt":{"rendered":"<p>Helytakar\u00e9kos, oszlopos n\u00f6veked\u00e9s\u0171 <strong data-start=\"523\" data-end=\"550\">\u2018Gold Sensation\u2019 almafa<\/strong>, aranys\u00e1rga, zamatos term\u00e9ssel. T\u00f6k\u00e9letes v\u00e1laszt\u00e1s balkonra, kisebb kertekbe, kont\u00e9neres nevel\u00e9shez.<\/p>\n<p>M\u00e9rete: 90-100 cm, 5 literes kont\u00e9nerben.<\/p>","protected":false},"featured_media":24903,"template":"","meta":{"_et_pb_use_builder":"","_et_pb_old_content":"","_et_gb_content_width":""},"product_brand":[],"product_cat":[5290],"product_tag":[5404,7193,7196,7197,6840,5477,7195,7191,6879],"class_list":{"0":"post-24902","1":"product","2":"type-product","3":"status-publish","4":"has-post-thumbnail","6":"product_cat-alma","7":"product_tag-almafa","8":"product_tag-balkon-gyumolcsfa","9":"product_tag-gold-sensation","10":"product_tag-kis-helyre-valo-gyumolcsfa","11":"product_tag-konteneres-gyumolcsfa","12":"product_tag-malus-domestica","13":"product_tag-ontermekeny-almafa","14":"product_tag-oszlopos-almafa","15":"product_tag-sarga-alma","17":"first","18":"instock","19":"shipping-taxable","20":"purchasable","21":"product-type-simple"},"yoast_head":"<!-- This site is optimized with the Yoast SEO plugin v27.5 - https:\/\/yoast.com\/product\/yoast-seo-wordpress\/ -->\n<title>Malus domestica &#039;Gold Sensation&#039; \u2013 Oszlopos almafa - T\u00e1jkert\u00e9sz<\/title>\n<meta name=\"description\" content=\"A Malus domestica &#039;Gold Sensation&#039; \u2013 Oszlopos almafa almafa kis helyre. Balkonra, kont\u00e9nerbe is \u00fcltethet\u0151, zamatos, aranys\u00e1rga gy\u00fcm\u00f6lcs\u00f6kkel.\" \/>\n<meta name=\"robots\" content=\"index, follow, max-snippet:-1, max-image-preview:large, max-video-preview:-1\" \/>\n<link rel=\"canonical\" href=\"https:\/\/tajkertesz.com\/en_US\/product\/malus-domestica-gold-sensation-oszlopos-almafa\/\" \/>\n<meta property=\"og:locale\" content=\"en_US\" \/>\n<meta property=\"og:type\" content=\"article\" \/>\n<meta property=\"og:title\" content=\"Malus domestica &#039;Gold Sensation&#039; \u2013 Oszlopos almafa - T\u00e1jkert\u00e9sz\" \/>\n<meta property=\"og:description\" content=\"A Malus domestica &#039;Gold Sensation&#039; \u2013 Oszlopos almafa almafa kis helyre. Balkonra, kont\u00e9nerbe is \u00fcltethet\u0151, zamatos, aranys\u00e1rga gy\u00fcm\u00f6lcs\u00f6kkel.\" \/>\n<meta property=\"og:url\" content=\"https:\/\/tajkertesz.com\/en_US\/product\/malus-domestica-gold-sensation-oszlopos-almafa\/\" \/>\n<meta property=\"og:site_name\" content=\"T\u00e1jkert\u00e9sz\" \/>\n<meta property=\"article:publisher\" content=\"https:\/\/www.facebook.com\/Tajkertesz\/\" \/>\n<meta property=\"article:modified_time\" content=\"2026-02-22T11:27:51+00:00\" \/>\n<meta property=\"og:image\" content=\"https:\/\/tajkertesz.com\/wp-content\/uploads\/2025\/10\/malys-gold-sensation.jpg\" \/>\n\t<meta property=\"og:image:width\" content=\"291\" \/>\n\t<meta property=\"og:image:height\" content=\"360\" \/>\n\t<meta property=\"og:image:type\" content=\"image\/jpeg\" \/>\n<meta name=\"twitter:card\" content=\"summary_large_image\" \/>\n<meta name=\"twitter:label1\" content=\"Est. reading time\" \/>\n\t<meta name=\"twitter:data1\" content=\"3 minutes\" \/>\n<script type=\"application\/ld+json\" class=\"yoast-schema-graph\">{\"@context\":\"https:\\\/\\\/schema.org\",\"@graph\":[{\"@type\":\"WebPage\",\"@id\":\"https:\\\/\\\/tajkertesz.com\\\/termek\\\/malus-domestica-gold-sensation-oszlopos-almafa\\\/\",\"url\":\"https:\\\/\\\/tajkertesz.com\\\/termek\\\/malus-domestica-gold-sensation-oszlopos-almafa\\\/\",\"name\":\"Malus domestica 'Gold Sensation' \u2013 Oszlopos almafa - T\u00e1jkert\u00e9sz\",\"isPartOf\":{\"@id\":\"https:\\\/\\\/tajkertesz.com\\\/#website\"},\"primaryImageOfPage\":{\"@id\":\"https:\\\/\\\/tajkertesz.com\\\/termek\\\/malus-domestica-gold-sensation-oszlopos-almafa\\\/#primaryimage\"},\"image\":{\"@id\":\"https:\\\/\\\/tajkertesz.com\\\/termek\\\/malus-domestica-gold-sensation-oszlopos-almafa\\\/#primaryimage\"},\"thumbnailUrl\":\"https:\\\/\\\/tajkertesz.com\\\/wp-content\\\/uploads\\\/2025\\\/10\\\/malys-gold-sensation.jpg\",\"datePublished\":\"2025-10-14T11:32:59+00:00\",\"dateModified\":\"2026-02-22T11:27:51+00:00\",\"description\":\"A Malus domestica 'Gold Sensation' \u2013 Oszlopos almafa almafa kis helyre. Balkonra, kont\u00e9nerbe is \u00fcltethet\u0151, zamatos, aranys\u00e1rga gy\u00fcm\u00f6lcs\u00f6kkel.\",\"breadcrumb\":{\"@id\":\"https:\\\/\\\/tajkertesz.com\\\/termek\\\/malus-domestica-gold-sensation-oszlopos-almafa\\\/#breadcrumb\"},\"inLanguage\":\"en-US\",\"potentialAction\":[{\"@type\":\"ReadAction\",\"target\":[\"https:\\\/\\\/tajkertesz.com\\\/termek\\\/malus-domestica-gold-sensation-oszlopos-almafa\\\/\"]}]},{\"@type\":\"ImageObject\",\"inLanguage\":\"en-US\",\"@id\":\"https:\\\/\\\/tajkertesz.com\\\/termek\\\/malus-domestica-gold-sensation-oszlopos-almafa\\\/#primaryimage\",\"url\":\"https:\\\/\\\/tajkertesz.com\\\/wp-content\\\/uploads\\\/2025\\\/10\\\/malys-gold-sensation.jpg\",\"contentUrl\":\"https:\\\/\\\/tajkertesz.com\\\/wp-content\\\/uploads\\\/2025\\\/10\\\/malys-gold-sensation.jpg\",\"width\":291,\"height\":360,\"caption\":\"Malus domestica 'Gold Sensation' \u2013 Oszlopos almafa\"},{\"@type\":\"BreadcrumbList\",\"@id\":\"https:\\\/\\\/tajkertesz.com\\\/termek\\\/malus-domestica-gold-sensation-oszlopos-almafa\\\/#breadcrumb\",\"itemListElement\":[{\"@type\":\"ListItem\",\"position\":1,\"name\":\"Home\",\"item\":\"https:\\\/\\\/tajkertesz.com\\\/\"},{\"@type\":\"ListItem\",\"position\":2,\"name\":\"Kezd\u0151lap\",\"item\":\"https:\\\/\\\/tajkertesz.com\\\/\"},{\"@type\":\"ListItem\",\"position\":3,\"name\":\"Malus domestica &#8216;Gold Sensation&#8217; \u2013 Oszlopos almafa\"}]},{\"@type\":\"WebSite\",\"@id\":\"https:\\\/\\\/tajkertesz.com\\\/#website\",\"url\":\"https:\\\/\\\/tajkertesz.com\\\/\",\"name\":\"T\u00e1j-Kert\u00e9sz 84 Kft.\",\"description\":\"Kert\u00e9szeti kis- \u00e9s nagykeresked\u00e9s, D\u00edszn\u00f6v\u00e9ny web\u00e1ruh\u00e1z orsz\u00e1gos h\u00e1zhozsz\u00e1ll\u00edt\u00e1ssal!\",\"publisher\":{\"@id\":\"https:\\\/\\\/tajkertesz.com\\\/#organization\"},\"potentialAction\":[{\"@type\":\"SearchAction\",\"target\":{\"@type\":\"EntryPoint\",\"urlTemplate\":\"https:\\\/\\\/tajkertesz.com\\\/?s={search_term_string}\"},\"query-input\":{\"@type\":\"PropertyValueSpecification\",\"valueRequired\":true,\"valueName\":\"search_term_string\"}}],\"inLanguage\":\"en-US\"},{\"@type\":\"Organization\",\"@id\":\"https:\\\/\\\/tajkertesz.com\\\/#organization\",\"name\":\"T\u00e1j-Kert\u00e9sz 84 Kft.\",\"url\":\"https:\\\/\\\/tajkertesz.com\\\/\",\"logo\":{\"@type\":\"ImageObject\",\"inLanguage\":\"en-US\",\"@id\":\"https:\\\/\\\/tajkertesz.com\\\/#\\\/schema\\\/logo\\\/image\\\/\",\"url\":\"https:\\\/\\\/tajkertesz.com\\\/wp-content\\\/uploads\\\/2018\\\/02\\\/logo-2-e1518678052539.png\",\"contentUrl\":\"https:\\\/\\\/tajkertesz.com\\\/wp-content\\\/uploads\\\/2018\\\/02\\\/logo-2-e1518678052539.png\",\"width\":81,\"height\":140,\"caption\":\"T\u00e1j-Kert\u00e9sz 84 Kft.\"},\"image\":{\"@id\":\"https:\\\/\\\/tajkertesz.com\\\/#\\\/schema\\\/logo\\\/image\\\/\"},\"sameAs\":[\"https:\\\/\\\/www.facebook.com\\\/Tajkertesz\\\/\"]}]}<\/script>\n<!-- \/ Yoast SEO plugin. -->","yoast_head_json":{"title":"Malus domestica 'Gold Sensation' \u2013 Oszlopos almafa - T\u00e1jkert\u00e9sz","description":"A Malus domestica 'Gold Sensation' \u2013 Oszlopos almafa almafa kis helyre. Balkonra, kont\u00e9nerbe is \u00fcltethet\u0151, zamatos, aranys\u00e1rga gy\u00fcm\u00f6lcs\u00f6kkel.","robots":{"index":"index","follow":"follow","max-snippet":"max-snippet:-1","max-image-preview":"max-image-preview:large","max-video-preview":"max-video-preview:-1"},"canonical":"https:\/\/tajkertesz.com\/en_US\/product\/malus-domestica-gold-sensation-oszlopos-almafa\/","og_locale":"en_US","og_type":"article","og_title":"Malus domestica 'Gold Sensation' \u2013 Oszlopos almafa - T\u00e1jkert\u00e9sz","og_description":"A Malus domestica 'Gold Sensation' \u2013 Oszlopos almafa almafa kis helyre. Balkonra, kont\u00e9nerbe is \u00fcltethet\u0151, zamatos, aranys\u00e1rga gy\u00fcm\u00f6lcs\u00f6kkel.","og_url":"https:\/\/tajkertesz.com\/en_US\/product\/malus-domestica-gold-sensation-oszlopos-almafa\/","og_site_name":"T\u00e1jkert\u00e9sz","article_publisher":"https:\/\/www.facebook.com\/Tajkertesz\/","article_modified_time":"2026-02-22T11:27:51+00:00","og_image":[{"width":291,"height":360,"url":"https:\/\/tajkertesz.com\/wp-content\/uploads\/2025\/10\/malys-gold-sensation.jpg","type":"image\/jpeg"}],"twitter_card":"summary_large_image","twitter_misc":{"Est. reading time":"3 minutes"},"schema":{"@context":"https:\/\/schema.org","@graph":[{"@type":"WebPage","@id":"https:\/\/tajkertesz.com\/termek\/malus-domestica-gold-sensation-oszlopos-almafa\/","url":"https:\/\/tajkertesz.com\/termek\/malus-domestica-gold-sensation-oszlopos-almafa\/","name":"Malus domestica 'Gold Sensation' \u2013 Oszlopos almafa - T\u00e1jkert\u00e9sz","isPartOf":{"@id":"https:\/\/tajkertesz.com\/#website"},"primaryImageOfPage":{"@id":"https:\/\/tajkertesz.com\/termek\/malus-domestica-gold-sensation-oszlopos-almafa\/#primaryimage"},"image":{"@id":"https:\/\/tajkertesz.com\/termek\/malus-domestica-gold-sensation-oszlopos-almafa\/#primaryimage"},"thumbnailUrl":"https:\/\/tajkertesz.com\/wp-content\/uploads\/2025\/10\/malys-gold-sensation.jpg","datePublished":"2025-10-14T11:32:59+00:00","dateModified":"2026-02-22T11:27:51+00:00","description":"A Malus domestica 'Gold Sensation' \u2013 Oszlopos almafa almafa kis helyre. Balkonra, kont\u00e9nerbe is \u00fcltethet\u0151, zamatos, aranys\u00e1rga gy\u00fcm\u00f6lcs\u00f6kkel.","breadcrumb":{"@id":"https:\/\/tajkertesz.com\/termek\/malus-domestica-gold-sensation-oszlopos-almafa\/#breadcrumb"},"inLanguage":"en-US","potentialAction":[{"@type":"ReadAction","target":["https:\/\/tajkertesz.com\/termek\/malus-domestica-gold-sensation-oszlopos-almafa\/"]}]},{"@type":"ImageObject","inLanguage":"en-US","@id":"https:\/\/tajkertesz.com\/termek\/malus-domestica-gold-sensation-oszlopos-almafa\/#primaryimage","url":"https:\/\/tajkertesz.com\/wp-content\/uploads\/2025\/10\/malys-gold-sensation.jpg","contentUrl":"https:\/\/tajkertesz.com\/wp-content\/uploads\/2025\/10\/malys-gold-sensation.jpg","width":291,"height":360,"caption":"Malus domestica 'Gold Sensation' \u2013 Oszlopos almafa"},{"@type":"BreadcrumbList","@id":"https:\/\/tajkertesz.com\/termek\/malus-domestica-gold-sensation-oszlopos-almafa\/#breadcrumb","itemListElement":[{"@type":"ListItem","position":1,"name":"Home","item":"https:\/\/tajkertesz.com\/"},{"@type":"ListItem","position":2,"name":"Kezd\u0151lap","item":"https:\/\/tajkertesz.com\/"},{"@type":"ListItem","position":3,"name":"Malus domestica &#8216;Gold Sensation&#8217; \u2013 Oszlopos almafa"}]},{"@type":"WebSite","@id":"https:\/\/tajkertesz.com\/#website","url":"https:\/\/tajkertesz.com\/","name":"T\u00e1j-Kert\u00e9sz 84 Kft.","description":"Kert\u00e9szeti kis- \u00e9s nagykeresked\u00e9s, D\u00edszn\u00f6v\u00e9ny web\u00e1ruh\u00e1z orsz\u00e1gos h\u00e1zhozsz\u00e1ll\u00edt\u00e1ssal!","publisher":{"@id":"https:\/\/tajkertesz.com\/#organization"},"potentialAction":[{"@type":"SearchAction","target":{"@type":"EntryPoint","urlTemplate":"https:\/\/tajkertesz.com\/?s={search_term_string}"},"query-input":{"@type":"PropertyValueSpecification","valueRequired":true,"valueName":"search_term_string"}}],"inLanguage":"en-US"},{"@type":"Organization","@id":"https:\/\/tajkertesz.com\/#organization","name":"T\u00e1j-Kert\u00e9sz 84 Kft.","url":"https:\/\/tajkertesz.com\/","logo":{"@type":"ImageObject","inLanguage":"en-US","@id":"https:\/\/tajkertesz.com\/#\/schema\/logo\/image\/","url":"https:\/\/tajkertesz.com\/wp-content\/uploads\/2018\/02\/logo-2-e1518678052539.png","contentUrl":"https:\/\/tajkertesz.com\/wp-content\/uploads\/2018\/02\/logo-2-e1518678052539.png","width":81,"height":140,"caption":"T\u00e1j-Kert\u00e9sz 84 Kft."},"image":{"@id":"https:\/\/tajkertesz.com\/#\/schema\/logo\/image\/"},"sameAs":["https:\/\/www.facebook.com\/Tajkertesz\/"]}]}},"_links":{"self":[{"href":"https:\/\/tajkertesz.com\/en_US\/wp-json\/wp\/v2\/product\/24902","targetHints":{"allow":["GET"]}}],"collection":[{"href":"https:\/\/tajkertesz.com\/en_US\/wp-json\/wp\/v2\/product"}],"about":[{"href":"https:\/\/tajkertesz.com\/en_US\/wp-json\/wp\/v2\/types\/product"}],"wp:featuredmedia":[{"embeddable":true,"href":"https:\/\/tajkertesz.com\/en_US\/wp-json\/wp\/v2\/media\/24903"}],"wp:attachment":[{"href":"https:\/\/tajkertesz.com\/en_US\/wp-json\/wp\/v2\/media?parent=24902"}],"wp:term":[{"taxonomy":"product_brand","embeddable":true,"href":"https:\/\/tajkertesz.com\/en_US\/wp-json\/wp\/v2\/product_brand?post=24902"},{"taxonomy":"product_cat","embeddable":true,"href":"https:\/\/tajkertesz.com\/en_US\/wp-json\/wp\/v2\/product_cat?post=24902"},{"taxonomy":"product_tag","embeddable":true,"href":"https:\/\/tajkertesz.com\/en_US\/wp-json\/wp\/v2\/product_tag?post=24902"}],"curies":[{"name":"wp","href":"https:\/\/api.w.org\/{rel}","templated":true}]}}