{"id":24947,"date":"2025-10-18T13:32:27","date_gmt":"2025-10-18T13:32:27","guid":{"rendered":"https:\/\/tajkertesz.com\/?post_type=product&#038;p=24947"},"modified":"2025-10-18T13:32:32","modified_gmt":"2025-10-18T13:32:32","slug":"euonymus-alatus-compactus-torpe-szarnyas-kecskerago","status":"publish","type":"product","link":"https:\/\/tajkertesz.com\/en_US\/product\/euonymus-alatus-compactus-torpe-szarnyas-kecskerago\/","title":{"rendered":"Euonymus\u202falatus \u2018Compactus\u2019 \u2013 T\u00f6rpe sz\u00e1rnyas kecsker\u00e1g\u00f3"},"content":{"rendered":"<h1 data-start=\"229\" data-end=\"552\">Euonymus\u202falatus \u2018Compactus\u2019 \u2013 T\u00f6rpe sz\u00e1rnyas kecsker\u00e1g\u00f3<\/h1>\n<p data-start=\"229\" data-end=\"552\">A <em data-start=\"231\" data-end=\"260\">Euonymus alatus &#8216;Compactus&#8217;<\/em> \u2013 vagyis a <strong data-start=\"272\" data-end=\"301\">t\u00f6rpe sz\u00e1rnyas kecsker\u00e1g\u00f3<\/strong> \u2013 egy alacsony n\u00f6veked\u00e9s\u0171, kompakt lombhullat\u00f3 cserje, amely k\u00fcl\u00f6n\u00f6sen az \u0151szi id\u0151szakban ny\u00fajt l\u00e1tv\u00e1nyos d\u00edsz\u00edt\u0151\u00e9rt\u00e9ket. A n\u00f6v\u00e9ny legismertebb tulajdons\u00e1ga az \u00e9l\u00e9nk <strong data-start=\"468\" data-end=\"497\">b\u00edborv\u00f6r\u00f6s \u0151szi lombsz\u00edne<\/strong>, amely szinte vil\u00e1g\u00edt a kertben a h\u0171v\u00f6sebb h\u00f3napokban.<\/p>\n<p data-start=\"554\" data-end=\"793\">Nev\u00e9t az \u00e1gakon megjelen\u0151 apr\u00f3, sz\u00e1rnyszer\u0171 kin\u00f6v\u00e9sekr\u0151l \u2013 az \u00fagynevezett \u201eparasz\u00e1rnyakr\u00f3l\u201d \u2013 kapta, amelyek eg\u00e9sz \u00e9vben karakteress\u00e9 teszik a megjelen\u00e9s\u00e9t. Form\u00e1ja szab\u00e1lyos, s\u0171r\u0171 \u00e1grendszer\u0171, \u00e9s metsz\u00e9s n\u00e9lk\u00fcl is meg\u0151rzi kompakt alakj\u00e1t.<\/p>\n<p data-start=\"795\" data-end=\"814\"><strong data-start=\"795\" data-end=\"814\">F\u0151bb jellemz\u0151k:<\/strong><\/p>\n<ul data-start=\"815\" data-end=\"1072\">\n<li data-start=\"815\" data-end=\"866\">\n<p data-start=\"817\" data-end=\"866\">V\u00e9gs\u0151 magass\u00e1ga \u00e9s sz\u00e9less\u00e9ge kb. <strong data-start=\"851\" data-end=\"866\">1\u20131,5 m\u00e9ter<\/strong><\/p>\n<\/li>\n<li data-start=\"867\" data-end=\"917\">\n<p data-start=\"869\" data-end=\"917\">Lassan n\u00f6v\u0151, <strong data-start=\"882\" data-end=\"911\">karbantart\u00e1st nem ig\u00e9nyl\u0151<\/strong> fajta<\/p>\n<\/li>\n<li data-start=\"918\" data-end=\"977\">\n<p data-start=\"920\" data-end=\"977\">Ny\u00e1ron z\u00f6ld lombozat, <strong data-start=\"942\" data-end=\"977\">\u0151sszel ragyog\u00f3 v\u00f6r\u00f6s \u00e1rnyalatok<\/strong><\/p>\n<\/li>\n<li data-start=\"978\" data-end=\"1023\">\n<p data-start=\"980\" data-end=\"1023\">K\u00e9s\u0151 \u0151sszel apr\u00f3, pirosas tokterm\u00e9seket hoz<\/p>\n<\/li>\n<li data-start=\"1024\" data-end=\"1072\">\n<p data-start=\"1026\" data-end=\"1072\"><strong data-start=\"1026\" data-end=\"1037\">T\u00e9l\u00e1ll\u00f3<\/strong>, j\u00f3l viseli a magyarorsz\u00e1gi kl\u00edm\u00e1t<\/p>\n<\/li>\n<\/ul>\n<p data-start=\"1074\" data-end=\"1420\"><strong data-start=\"1074\" data-end=\"1109\">\u00dcltet\u00e9si \u00e9s gondoz\u00e1si tan\u00e1csok:<\/strong><br \/>\nA n\u00f6v\u00e9ny <strong data-start=\"1119\" data-end=\"1145\">napos vagy f\u00e9l\u00e1rny\u00e9kos<\/strong> helyen fejl\u0151dik a legszebben, \u00e9s az \u0151szi lombsz\u00ednez\u0151d\u00e9se is intenz\u00edvebb, ha elegend\u0151 f\u00e9nyt kap. Talajig\u00e9nye szer\u00e9ny \u2013 a <strong data-start=\"1266\" data-end=\"1314\">j\u00f3 v\u00edz\u00e1tereszt\u0151 k\u00e9pess\u00e9g\u0171, k\u00f6z\u00e9pk\u00f6t\u00f6tt talaj<\/strong> ide\u00e1lis sz\u00e1m\u00e1ra. A pang\u00f3 vizet nem szereti, \u00edgy \u00e9rdemes dombor\u00fa \u00e1gy\u00e1sba vagy enyh\u00e9n emelt helyre \u00fcltetni.<\/p>\n<p data-start=\"1422\" data-end=\"1616\">Metszeni \u00e1ltal\u00e1ban nem sz\u00fcks\u00e9ges, de j\u00f3l t\u0171ri az alak\u00edt\u00e1st, ha form\u00e1zni szeretn\u00e9nk. Fiatal n\u00f6v\u00e9nyeket az els\u0151 \u00e9v(ek)ben \u00e9rdemes rendszeresen \u00f6nt\u00f6zni, k\u00e9s\u0151bb j\u00f3l b\u00edrja a sz\u00e1razabb id\u0151szakokat is.<\/p>\n<h4><strong>\ud83d\udd04 K\u00e9szletinform\u00e1ci\u00f3<\/strong><\/h4>\n<p><strong>K\u00e9szlet\u00fcnk napi szinten v\u00e1ltozik, \u00edgy a webshopban szerepl<\/strong><strong>\u0151<\/strong><strong>\u00a0term\u00e9kek el\u00e9rhet<\/strong><strong>\u0151<\/strong><strong>s\u00e9ge nem garant\u00e1lt.<br \/>\n\ud83d\udcde A megrendel\u00e9s el<\/strong><strong>\u0151<\/strong><strong>tt k\u00e9rj\u00fck, \u00e9rdekl<\/strong><strong>\u0151<\/strong><strong>dj\u00f6n szem\u00e9lyesen, telefonon vagy e-mailben!<\/strong><\/p>\n<h4><strong>\u27a1\ufe0f Kapcsolat:<\/strong><\/h4>\n<ul>\n<li><strong>Weboldal:\u00a0<\/strong><a href=\"https:\/\/tajkertesz.com\/\"><strong>tajkertesz.com<\/strong><\/a><\/li>\n<li><strong>Facebook:\u00a0<\/strong><a href=\"https:\/\/www.facebook.com\/tajkertesz\/\"><strong>facebook.com\/tajkertesz<\/strong><\/a><\/li>\n<li><strong>Telefonsz\u00e1m, e-mail: +36\/20-319-3770\u00a0<\/strong><a href=\"mailto:tajkerteszaruda@gmail.com\"><strong>tajkerteszaruda@gmail.com<\/strong><\/a><\/li>\n<\/ul>\n<h4><strong>\ud83d\ude9a Sz\u00e1ll\u00edt\u00e1si inform\u00e1ci\u00f3k<\/strong><\/h4>\n<p><strong>A megrendelt n\u00f6v\u00e9nyek kisz\u00e1ll\u00edt\u00e1sa az al\u00e1bbi felt\u00e9telek mellett t\u00f6rt\u00e9nik:<\/strong><\/p>\n<h4><strong>\ud83d\udce6 Fut\u00e1rszolg\u00e1latos sz\u00e1ll\u00edt\u00e1s<\/strong><\/h4>\n<ul>\n<li><strong>Maxim\u00e1lis m\u00e9ret: 200 cm (hossz\u00fas\u00e1g)<\/strong><\/li>\n<li><strong>Maxim\u00e1lis s\u00faly: 40 kg<\/strong><\/li>\n<li><strong>Az enn\u00e9l kisebb \u00e9s k\u00f6nnyebb csomagokat fut\u00e1rszolg\u00e1lattal k\u00e9zbes\u00edtj\u00fck a lehet<\/strong><strong>\u0151<\/strong><strong>\u00a0legbiztons\u00e1gosabb csomagol\u00e1sban.<\/strong><\/li>\n<\/ul>\n<h4><strong>\ud83d\udefb Szem\u00e9lyes \u00e1tv\u00e9tel<\/strong><\/h4>\n<ul>\n<li><strong>1173 Budapest, Bakancsos utca 7. sz\u00e1m alatt nyitvatart\u00e1si id<\/strong><strong>\u0151<\/strong><strong>ben szem\u00e9lyesen \u00e1tvehet<\/strong><strong>\u0151<\/strong><strong>\u00a0kert\u00e9szeti \u00e1rud\u00e1nkban.<\/strong><\/li>\n<li><strong>K\u00f6lts\u00e9ghat\u00e9kony megold\u00e1s nagyobb, t\u00f6r\u00e9kenyebb vagy t\u00falm\u00e9retes n\u00f6v\u00e9nyek eset\u00e9n.<\/strong><\/li>\n<\/ul>\n<h4><strong>\ud83d\udcde Nagy m\u00e9ret<\/strong><strong>\u0171<\/strong><strong>\u00a0vagy s\u00faly\u00fa n\u00f6v\u00e9nyek eset\u00e9n<\/strong><\/h4>\n<p><strong>Ha a term\u00e9k:<\/strong><\/p>\n<ul>\n<li><strong>meghaladja a 200 cm hossz\u00fas\u00e1got vagy<\/strong><\/li>\n<li><strong>meghaladja a 40 kg s\u00falyt,<\/strong><\/li>\n<\/ul>\n<p><strong>akkor szem\u00e9lyes \u00e1tv\u00e9tellel vagy egyedi, el<\/strong><strong>\u0151<\/strong><strong>re egyeztetett sz\u00e1ll\u00edt\u00e1si felt\u00e9telek mellett t\u00f6rt\u00e9nik.<br \/>\nK\u00e9rj\u00fck, ilyen esetben rendel\u00e9s el<\/strong><strong>\u0151<\/strong><strong>tt vegye fel vel\u00fcnk a kapcsolatot, hogy a lehet<\/strong><strong>\u0151<\/strong><strong>\u00a0legmegfelel<\/strong><strong>\u0151<\/strong><strong>bb sz\u00e1ll\u00edt\u00e1si megold\u00e1st k\u00edn\u00e1lhassuk.<\/strong><\/p>\n<p><strong>\ud83d\udd14 Fontos: A n\u00f6v\u00e9nyeket minden esetben igyeksz\u00fcnk gondosan, egyes\u00e9vel csomagolni, azonban a sz\u00e1ll\u00edt\u00e1s sor\u00e1n kisebb eszt\u00e9tikai s\u00e9r\u00fcl\u00e9sek el<\/strong><strong>\u0151<\/strong><strong>fordulhatnak (pl. lev\u00e9lhull\u00e1s). Ez nem min<\/strong><strong>\u0151<\/strong><strong>s\u00fcl hib\u00e1s teljes\u00edt\u00e9snek.<\/strong><\/p>\n<h4><strong>\ud83d\udcf7 Fontos tudni a k\u00e9pekr<\/strong><strong>\u0151<\/strong><strong>l<\/strong><\/h4>\n<p><strong>A webshopban szerepl<\/strong><strong>\u0151<\/strong><strong>\u00a0k\u00e9pek illusztr\u00e1ci\u00f3k, a n\u00f6v\u00e9nyek term\u00e9szet\u00fckn\u00e9l fogva egyediek, \u00edgy m\u00e9retben, alakban \u00e9s sz\u00ednben minim\u00e1lis elt\u00e9r\u00e9sek el<\/strong><strong>\u0151<\/strong><strong>fordulhatnak a k\u00e9pen l\u00e1that\u00f3 \u00e9s a val\u00f3s p\u00e9ld\u00e1nyok k\u00f6z\u00f6tt.<\/strong><\/p>\n<h4><strong>\ud83e\uddfe \u00c1rak \u00e9s el\u00e1ll\u00e1si jog<\/strong><\/h4>\n<ul>\n<li><strong>Az \u00e1rak egy darab\u00a0n\u00f6v\u00e9nyre vonatkoznak.<\/strong><\/li>\n<li><strong>\u00c9l<\/strong><strong>\u0151<\/strong><strong>\u00a0n\u00f6v\u00e9nyek rendel\u00e9se eset\u00e9n a 14 napos el\u00e1ll\u00e1s joga nem \u00e9rv\u00e9nyes\u00edthet<\/strong><strong>\u0151<\/strong><strong>, mivel azok romland\u00f3, biol\u00f3giailag \u00e9l<\/strong><strong>\u0151<\/strong><strong>\u00a0term\u00e9keknek min<\/strong><strong>\u0151<\/strong><strong>s\u00fclnek.<br \/>\n\ud83d\udd12 (17\/1999. (II. 5.) Korm. rendelet 5. \u00a7 c) pontja alapj\u00e1n)<\/strong><\/li>\n<\/ul>\n<h4><strong>\ud83d\udce6 K\u00e9zbes\u00edt\u00e9s ut\u00e1ni teend<\/strong><strong>\u0151<\/strong><strong>k<\/strong><\/h4>\n<p><strong>A k\u00e9zbes\u00edt\u00e9st k\u00f6vet<\/strong><strong>\u0151<\/strong><strong>en a csomagot azonnal bontsuk ki, \u00e9s a n\u00f6v\u00e9nyt helyezz\u00fck el megfelel<\/strong><strong>\u0151<\/strong><strong>\u00a0k\u00f6rnyezetben.<br \/>\nFontos: ha a n\u00f6v\u00e9ny nem r\u00e9szes\u00fcl megfelel<\/strong><strong>\u0151<\/strong><strong>\u00a0gondoz\u00e1sban \u00e9s ennek k\u00f6vetkezt\u00e9ben k\u00e1rosodik vagy elpusztul, felel<\/strong><strong>\u0151<\/strong><strong>ss\u00e9get nem tudunk v\u00e1llalni.<\/strong><\/p>","protected":false},"excerpt":{"rendered":"<p>A\u202fzEuonymus\u202falatus \u2018Compactus\u2019 kiv\u00e1l\u00f3 v\u00e1laszt\u00e1s d\u00edszkertekbe: t\u00f6rpe, lassan n\u00f6v\u0151 lombhullat\u00f3 cserje, amely intenz\u00edv piros\u2011v\u00f6r\u00f6s \u0151szi lombsz\u00edn\u00e9vel\u202f\u00e9s dekorat\u00edv term\u00e9s\u00e9vel k\u00fcl\u00f6nleges hangulatot ad.<br data-start=\"618\" data-end=\"621\" \/>Ide\u00e1lis szoliternek, \u00e1gy\u00e1sszeg\u00e9lynek vagy kont\u00e9neres nevel\u00e9sre.<\/p>\n<p>M\u00e9rete: 25\/30 cm magas, 2 literes kont\u00e9nerben.<\/p>\n<p>&nbsp;<\/p>","protected":false},"featured_media":24948,"template":"","meta":{"_et_pb_use_builder":"","_et_pb_old_content":"","_et_gb_content_width":""},"product_brand":[],"product_cat":[27],"product_tag":[7234,54,7233,6407,6128,5875,6586,7232,7235,6583],"class_list":{"0":"post-24947","1":"product","2":"type-product","3":"status-publish","4":"has-post-thumbnail","6":"product_cat-cserjek","7":"product_tag-compactus","8":"product_tag-disznoveny","9":"product_tag-euonymus-alatus","10":"product_tag-kertbe","11":"product_tag-konteneres-noveny","12":"product_tag-lombhullato-cserje","13":"product_tag-oszi-lombszin","14":"product_tag-szarnyas-kecskerago","15":"product_tag-szoliter-cserje","16":"product_tag-torpe-diszcserje","18":"first","19":"instock","20":"shipping-taxable","21":"purchasable","22":"product-type-simple"},"yoast_head":"<!-- This site is optimized with the Yoast SEO plugin v27.5 - https:\/\/yoast.com\/product\/yoast-seo-wordpress\/ -->\n<title>Euonymus\u202falatus \u2018Compactus\u2019 \u2013 T\u00f6rpe sz\u00e1rnyas kecsker\u00e1g\u00f3 - T\u00e1jkert\u00e9sz<\/title>\n<meta name=\"description\" content=\"Euonymus\u202falatus \u2018Compactus\u2019 t\u00f6rpe sz\u00e1rnyas kecsker\u00e1g\u00f3 kompakt lombhullat\u00f3 cserje, intenz\u00edv piros\u2011v\u00f6r\u00f6s \u0151szi lombokkal, ide\u00e1lis d\u00edszn\u00f6v\u00e9ny kertekbe\" \/>\n<meta name=\"robots\" content=\"index, follow, max-snippet:-1, max-image-preview:large, max-video-preview:-1\" \/>\n<link rel=\"canonical\" href=\"https:\/\/tajkertesz.com\/en_US\/product\/euonymus-alatus-compactus-torpe-szarnyas-kecskerago\/\" \/>\n<meta property=\"og:locale\" content=\"en_US\" \/>\n<meta property=\"og:type\" content=\"article\" \/>\n<meta property=\"og:title\" content=\"Euonymus\u202falatus \u2018Compactus\u2019 \u2013 T\u00f6rpe sz\u00e1rnyas kecsker\u00e1g\u00f3 - T\u00e1jkert\u00e9sz\" \/>\n<meta property=\"og:description\" content=\"Euonymus\u202falatus \u2018Compactus\u2019 t\u00f6rpe sz\u00e1rnyas kecsker\u00e1g\u00f3 kompakt lombhullat\u00f3 cserje, intenz\u00edv piros\u2011v\u00f6r\u00f6s \u0151szi lombokkal, ide\u00e1lis d\u00edszn\u00f6v\u00e9ny kertekbe\" \/>\n<meta property=\"og:url\" content=\"https:\/\/tajkertesz.com\/en_US\/product\/euonymus-alatus-compactus-torpe-szarnyas-kecskerago\/\" \/>\n<meta property=\"og:site_name\" content=\"T\u00e1jkert\u00e9sz\" \/>\n<meta property=\"article:publisher\" content=\"https:\/\/www.facebook.com\/Tajkertesz\/\" \/>\n<meta property=\"article:modified_time\" content=\"2025-10-18T13:32:32+00:00\" \/>\n<meta property=\"og:image\" content=\"https:\/\/tajkertesz.com\/wp-content\/uploads\/2025\/10\/FLSEUO34797.jpg\" \/>\n\t<meta property=\"og:image:width\" content=\"1000\" \/>\n\t<meta property=\"og:image:height\" content=\"1000\" \/>\n\t<meta property=\"og:image:type\" content=\"image\/jpeg\" \/>\n<meta name=\"twitter:card\" content=\"summary_large_image\" \/>\n<meta name=\"twitter:label1\" content=\"Est. reading time\" \/>\n\t<meta name=\"twitter:data1\" content=\"3 minutes\" \/>\n<script type=\"application\/ld+json\" class=\"yoast-schema-graph\">{\"@context\":\"https:\\\/\\\/schema.org\",\"@graph\":[{\"@type\":\"WebPage\",\"@id\":\"https:\\\/\\\/tajkertesz.com\\\/termek\\\/euonymus-alatus-compactus-torpe-szarnyas-kecskerago\\\/\",\"url\":\"https:\\\/\\\/tajkertesz.com\\\/termek\\\/euonymus-alatus-compactus-torpe-szarnyas-kecskerago\\\/\",\"name\":\"Euonymus\u202falatus \u2018Compactus\u2019 \u2013 T\u00f6rpe sz\u00e1rnyas kecsker\u00e1g\u00f3 - T\u00e1jkert\u00e9sz\",\"isPartOf\":{\"@id\":\"https:\\\/\\\/tajkertesz.com\\\/#website\"},\"primaryImageOfPage\":{\"@id\":\"https:\\\/\\\/tajkertesz.com\\\/termek\\\/euonymus-alatus-compactus-torpe-szarnyas-kecskerago\\\/#primaryimage\"},\"image\":{\"@id\":\"https:\\\/\\\/tajkertesz.com\\\/termek\\\/euonymus-alatus-compactus-torpe-szarnyas-kecskerago\\\/#primaryimage\"},\"thumbnailUrl\":\"https:\\\/\\\/tajkertesz.com\\\/wp-content\\\/uploads\\\/2025\\\/10\\\/FLSEUO34797.jpg\",\"datePublished\":\"2025-10-18T13:32:27+00:00\",\"dateModified\":\"2025-10-18T13:32:32+00:00\",\"description\":\"Euonymus\u202falatus \u2018Compactus\u2019 t\u00f6rpe sz\u00e1rnyas kecsker\u00e1g\u00f3 kompakt lombhullat\u00f3 cserje, intenz\u00edv piros\u2011v\u00f6r\u00f6s \u0151szi lombokkal, ide\u00e1lis d\u00edszn\u00f6v\u00e9ny kertekbe\",\"breadcrumb\":{\"@id\":\"https:\\\/\\\/tajkertesz.com\\\/termek\\\/euonymus-alatus-compactus-torpe-szarnyas-kecskerago\\\/#breadcrumb\"},\"inLanguage\":\"en-US\",\"potentialAction\":[{\"@type\":\"ReadAction\",\"target\":[\"https:\\\/\\\/tajkertesz.com\\\/termek\\\/euonymus-alatus-compactus-torpe-szarnyas-kecskerago\\\/\"]}]},{\"@type\":\"ImageObject\",\"inLanguage\":\"en-US\",\"@id\":\"https:\\\/\\\/tajkertesz.com\\\/termek\\\/euonymus-alatus-compactus-torpe-szarnyas-kecskerago\\\/#primaryimage\",\"url\":\"https:\\\/\\\/tajkertesz.com\\\/wp-content\\\/uploads\\\/2025\\\/10\\\/FLSEUO34797.jpg\",\"contentUrl\":\"https:\\\/\\\/tajkertesz.com\\\/wp-content\\\/uploads\\\/2025\\\/10\\\/FLSEUO34797.jpg\",\"width\":1000,\"height\":1000,\"caption\":\"Euonymus\u202falatus \u2018Compactus\u2019 \u2013 T\u00f6rpe sz\u00e1rnyas kecsker\u00e1g\u00f3\"},{\"@type\":\"BreadcrumbList\",\"@id\":\"https:\\\/\\\/tajkertesz.com\\\/termek\\\/euonymus-alatus-compactus-torpe-szarnyas-kecskerago\\\/#breadcrumb\",\"itemListElement\":[{\"@type\":\"ListItem\",\"position\":1,\"name\":\"Home\",\"item\":\"https:\\\/\\\/tajkertesz.com\\\/\"},{\"@type\":\"ListItem\",\"position\":2,\"name\":\"Kezd\u0151lap\",\"item\":\"https:\\\/\\\/tajkertesz.com\\\/\"},{\"@type\":\"ListItem\",\"position\":3,\"name\":\"Euonymus\u202falatus \u2018Compactus\u2019 \u2013 T\u00f6rpe sz\u00e1rnyas kecsker\u00e1g\u00f3\"}]},{\"@type\":\"WebSite\",\"@id\":\"https:\\\/\\\/tajkertesz.com\\\/#website\",\"url\":\"https:\\\/\\\/tajkertesz.com\\\/\",\"name\":\"T\u00e1j-Kert\u00e9sz 84 Kft.\",\"description\":\"Kert\u00e9szeti kis- \u00e9s nagykeresked\u00e9s, D\u00edszn\u00f6v\u00e9ny web\u00e1ruh\u00e1z orsz\u00e1gos h\u00e1zhozsz\u00e1ll\u00edt\u00e1ssal!\",\"publisher\":{\"@id\":\"https:\\\/\\\/tajkertesz.com\\\/#organization\"},\"potentialAction\":[{\"@type\":\"SearchAction\",\"target\":{\"@type\":\"EntryPoint\",\"urlTemplate\":\"https:\\\/\\\/tajkertesz.com\\\/?s={search_term_string}\"},\"query-input\":{\"@type\":\"PropertyValueSpecification\",\"valueRequired\":true,\"valueName\":\"search_term_string\"}}],\"inLanguage\":\"en-US\"},{\"@type\":\"Organization\",\"@id\":\"https:\\\/\\\/tajkertesz.com\\\/#organization\",\"name\":\"T\u00e1j-Kert\u00e9sz 84 Kft.\",\"url\":\"https:\\\/\\\/tajkertesz.com\\\/\",\"logo\":{\"@type\":\"ImageObject\",\"inLanguage\":\"en-US\",\"@id\":\"https:\\\/\\\/tajkertesz.com\\\/#\\\/schema\\\/logo\\\/image\\\/\",\"url\":\"https:\\\/\\\/tajkertesz.com\\\/wp-content\\\/uploads\\\/2018\\\/02\\\/logo-2-e1518678052539.png\",\"contentUrl\":\"https:\\\/\\\/tajkertesz.com\\\/wp-content\\\/uploads\\\/2018\\\/02\\\/logo-2-e1518678052539.png\",\"width\":81,\"height\":140,\"caption\":\"T\u00e1j-Kert\u00e9sz 84 Kft.\"},\"image\":{\"@id\":\"https:\\\/\\\/tajkertesz.com\\\/#\\\/schema\\\/logo\\\/image\\\/\"},\"sameAs\":[\"https:\\\/\\\/www.facebook.com\\\/Tajkertesz\\\/\"]}]}<\/script>\n<!-- \/ Yoast SEO plugin. -->","yoast_head_json":{"title":"Euonymus\u202falatus \u2018Compactus\u2019 \u2013 T\u00f6rpe sz\u00e1rnyas kecsker\u00e1g\u00f3 - T\u00e1jkert\u00e9sz","description":"Euonymus\u202falatus \u2018Compactus\u2019 t\u00f6rpe sz\u00e1rnyas kecsker\u00e1g\u00f3 kompakt lombhullat\u00f3 cserje, intenz\u00edv piros\u2011v\u00f6r\u00f6s \u0151szi lombokkal, ide\u00e1lis d\u00edszn\u00f6v\u00e9ny kertekbe","robots":{"index":"index","follow":"follow","max-snippet":"max-snippet:-1","max-image-preview":"max-image-preview:large","max-video-preview":"max-video-preview:-1"},"canonical":"https:\/\/tajkertesz.com\/en_US\/product\/euonymus-alatus-compactus-torpe-szarnyas-kecskerago\/","og_locale":"en_US","og_type":"article","og_title":"Euonymus\u202falatus \u2018Compactus\u2019 \u2013 T\u00f6rpe sz\u00e1rnyas kecsker\u00e1g\u00f3 - T\u00e1jkert\u00e9sz","og_description":"Euonymus\u202falatus \u2018Compactus\u2019 t\u00f6rpe sz\u00e1rnyas kecsker\u00e1g\u00f3 kompakt lombhullat\u00f3 cserje, intenz\u00edv piros\u2011v\u00f6r\u00f6s \u0151szi lombokkal, ide\u00e1lis d\u00edszn\u00f6v\u00e9ny kertekbe","og_url":"https:\/\/tajkertesz.com\/en_US\/product\/euonymus-alatus-compactus-torpe-szarnyas-kecskerago\/","og_site_name":"T\u00e1jkert\u00e9sz","article_publisher":"https:\/\/www.facebook.com\/Tajkertesz\/","article_modified_time":"2025-10-18T13:32:32+00:00","og_image":[{"width":1000,"height":1000,"url":"https:\/\/tajkertesz.com\/wp-content\/uploads\/2025\/10\/FLSEUO34797.jpg","type":"image\/jpeg"}],"twitter_card":"summary_large_image","twitter_misc":{"Est. reading time":"3 minutes"},"schema":{"@context":"https:\/\/schema.org","@graph":[{"@type":"WebPage","@id":"https:\/\/tajkertesz.com\/termek\/euonymus-alatus-compactus-torpe-szarnyas-kecskerago\/","url":"https:\/\/tajkertesz.com\/termek\/euonymus-alatus-compactus-torpe-szarnyas-kecskerago\/","name":"Euonymus\u202falatus \u2018Compactus\u2019 \u2013 T\u00f6rpe sz\u00e1rnyas kecsker\u00e1g\u00f3 - T\u00e1jkert\u00e9sz","isPartOf":{"@id":"https:\/\/tajkertesz.com\/#website"},"primaryImageOfPage":{"@id":"https:\/\/tajkertesz.com\/termek\/euonymus-alatus-compactus-torpe-szarnyas-kecskerago\/#primaryimage"},"image":{"@id":"https:\/\/tajkertesz.com\/termek\/euonymus-alatus-compactus-torpe-szarnyas-kecskerago\/#primaryimage"},"thumbnailUrl":"https:\/\/tajkertesz.com\/wp-content\/uploads\/2025\/10\/FLSEUO34797.jpg","datePublished":"2025-10-18T13:32:27+00:00","dateModified":"2025-10-18T13:32:32+00:00","description":"Euonymus\u202falatus \u2018Compactus\u2019 t\u00f6rpe sz\u00e1rnyas kecsker\u00e1g\u00f3 kompakt lombhullat\u00f3 cserje, intenz\u00edv piros\u2011v\u00f6r\u00f6s \u0151szi lombokkal, ide\u00e1lis d\u00edszn\u00f6v\u00e9ny kertekbe","breadcrumb":{"@id":"https:\/\/tajkertesz.com\/termek\/euonymus-alatus-compactus-torpe-szarnyas-kecskerago\/#breadcrumb"},"inLanguage":"en-US","potentialAction":[{"@type":"ReadAction","target":["https:\/\/tajkertesz.com\/termek\/euonymus-alatus-compactus-torpe-szarnyas-kecskerago\/"]}]},{"@type":"ImageObject","inLanguage":"en-US","@id":"https:\/\/tajkertesz.com\/termek\/euonymus-alatus-compactus-torpe-szarnyas-kecskerago\/#primaryimage","url":"https:\/\/tajkertesz.com\/wp-content\/uploads\/2025\/10\/FLSEUO34797.jpg","contentUrl":"https:\/\/tajkertesz.com\/wp-content\/uploads\/2025\/10\/FLSEUO34797.jpg","width":1000,"height":1000,"caption":"Euonymus\u202falatus \u2018Compactus\u2019 \u2013 T\u00f6rpe sz\u00e1rnyas kecsker\u00e1g\u00f3"},{"@type":"BreadcrumbList","@id":"https:\/\/tajkertesz.com\/termek\/euonymus-alatus-compactus-torpe-szarnyas-kecskerago\/#breadcrumb","itemListElement":[{"@type":"ListItem","position":1,"name":"Home","item":"https:\/\/tajkertesz.com\/"},{"@type":"ListItem","position":2,"name":"Kezd\u0151lap","item":"https:\/\/tajkertesz.com\/"},{"@type":"ListItem","position":3,"name":"Euonymus\u202falatus \u2018Compactus\u2019 \u2013 T\u00f6rpe sz\u00e1rnyas kecsker\u00e1g\u00f3"}]},{"@type":"WebSite","@id":"https:\/\/tajkertesz.com\/#website","url":"https:\/\/tajkertesz.com\/","name":"T\u00e1j-Kert\u00e9sz 84 Kft.","description":"Kert\u00e9szeti kis- \u00e9s nagykeresked\u00e9s, D\u00edszn\u00f6v\u00e9ny web\u00e1ruh\u00e1z orsz\u00e1gos h\u00e1zhozsz\u00e1ll\u00edt\u00e1ssal!","publisher":{"@id":"https:\/\/tajkertesz.com\/#organization"},"potentialAction":[{"@type":"SearchAction","target":{"@type":"EntryPoint","urlTemplate":"https:\/\/tajkertesz.com\/?s={search_term_string}"},"query-input":{"@type":"PropertyValueSpecification","valueRequired":true,"valueName":"search_term_string"}}],"inLanguage":"en-US"},{"@type":"Organization","@id":"https:\/\/tajkertesz.com\/#organization","name":"T\u00e1j-Kert\u00e9sz 84 Kft.","url":"https:\/\/tajkertesz.com\/","logo":{"@type":"ImageObject","inLanguage":"en-US","@id":"https:\/\/tajkertesz.com\/#\/schema\/logo\/image\/","url":"https:\/\/tajkertesz.com\/wp-content\/uploads\/2018\/02\/logo-2-e1518678052539.png","contentUrl":"https:\/\/tajkertesz.com\/wp-content\/uploads\/2018\/02\/logo-2-e1518678052539.png","width":81,"height":140,"caption":"T\u00e1j-Kert\u00e9sz 84 Kft."},"image":{"@id":"https:\/\/tajkertesz.com\/#\/schema\/logo\/image\/"},"sameAs":["https:\/\/www.facebook.com\/Tajkertesz\/"]}]}},"_links":{"self":[{"href":"https:\/\/tajkertesz.com\/en_US\/wp-json\/wp\/v2\/product\/24947","targetHints":{"allow":["GET"]}}],"collection":[{"href":"https:\/\/tajkertesz.com\/en_US\/wp-json\/wp\/v2\/product"}],"about":[{"href":"https:\/\/tajkertesz.com\/en_US\/wp-json\/wp\/v2\/types\/product"}],"wp:featuredmedia":[{"embeddable":true,"href":"https:\/\/tajkertesz.com\/en_US\/wp-json\/wp\/v2\/media\/24948"}],"wp:attachment":[{"href":"https:\/\/tajkertesz.com\/en_US\/wp-json\/wp\/v2\/media?parent=24947"}],"wp:term":[{"taxonomy":"product_brand","embeddable":true,"href":"https:\/\/tajkertesz.com\/en_US\/wp-json\/wp\/v2\/product_brand?post=24947"},{"taxonomy":"product_cat","embeddable":true,"href":"https:\/\/tajkertesz.com\/en_US\/wp-json\/wp\/v2\/product_cat?post=24947"},{"taxonomy":"product_tag","embeddable":true,"href":"https:\/\/tajkertesz.com\/en_US\/wp-json\/wp\/v2\/product_tag?post=24947"}],"curies":[{"name":"wp","href":"https:\/\/api.w.org\/{rel}","templated":true}]}}