{"id":24999,"date":"2025-10-22T08:27:34","date_gmt":"2025-10-22T08:27:34","guid":{"rendered":"https:\/\/tajkertesz.com\/?post_type=product&#038;p=24999"},"modified":"2026-02-21T13:59:07","modified_gmt":"2026-02-21T13:59:07","slug":"rubus-fruticosus-thornless-evergreen-tuskenelkuli-szeder","status":"publish","type":"product","link":"https:\/\/tajkertesz.com\/en_US\/product\/rubus-fruticosus-thornless-evergreen-tuskenelkuli-szeder\/","title":{"rendered":"Rubus fruticosus &#8216;Thornless Evergreen&#8217; \u2013 T\u00fcsken\u00e9lk\u00fcli szeder"},"content":{"rendered":"<h1>Rubus fruticosus &#8216;Thornless Evergreen&#8217; \u2013 T\u00fcsken\u00e9lk\u00fcli szeder<\/h1>\n<p data-start=\"515\" data-end=\"786\">A <strong data-start=\"517\" data-end=\"559\">Rubus fruticosus &#8216;Thornless Evergreen&#8217;<\/strong> egy k\u00fcl\u00f6nleges, <strong data-start=\"576\" data-end=\"591\">t\u00f6vismentes<\/strong> \u00e9s <strong data-start=\"595\" data-end=\"607\">\u00f6r\u00f6kz\u00f6ld<\/strong> szederfajta, amely hossz\u00fa term\u00e9shoz\u00e1si id\u0151szak\u00e1val \u00e9s kiv\u00e1l\u00f3 \u00edz\u0171 gy\u00fcm\u00f6lcseivel t\u0171nik ki. Lombozata eg\u00e9sz \u00e9vben d\u00edsz\u00edti a kertet, mivel levelei a t\u00e9li id\u0151szakban sem hullanak le.<\/p>\n<p data-start=\"788\" data-end=\"974\">Term\u00e9se nagy m\u00e9ret\u0171, fekete, f\u00e9nyes bogy\u00f3, amely \u00e9desk\u00e9s-savanyk\u00e1s \u00edz\u0171, rendk\u00edv\u00fcl sokoldal\u00faan felhaszn\u00e1lhat\u00f3: friss fogyaszt\u00e1sra, lekv\u00e1rnak, s\u00fctem\u00e9nyekhez vagy fagyaszt\u00e1sra is t\u00f6k\u00e9letes.<\/p>\n<h4 data-start=\"976\" data-end=\"995\">F\u0151bb jellemz\u0151k:<\/h4>\n<ul data-start=\"996\" data-end=\"1360\">\n<li data-start=\"996\" data-end=\"1040\">\n<p data-start=\"998\" data-end=\"1040\"><strong data-start=\"998\" data-end=\"1012\">\u00c9r\u00e9si id\u0151:<\/strong> j\u00falius v\u00e9g\u00e9t\u0151l szeptemberig<\/p>\n<\/li>\n<li data-start=\"1041\" data-end=\"1082\">\n<p data-start=\"1043\" data-end=\"1082\"><strong data-start=\"1043\" data-end=\"1054\">Term\u00e9s:<\/strong> nagy, fekete, f\u00e9nyes bogy\u00f3k<\/p>\n<\/li>\n<li data-start=\"1083\" data-end=\"1117\">\n<p data-start=\"1085\" data-end=\"1117\"><strong data-start=\"1085\" data-end=\"1096\">T\u00fcsk\u00e9k:<\/strong> teljesen t\u00f6vismentes<\/p>\n<\/li>\n<li data-start=\"1118\" data-end=\"1158\">\n<p data-start=\"1120\" data-end=\"1158\"><strong data-start=\"1120\" data-end=\"1133\">Lombozat:<\/strong> \u00f6r\u00f6kz\u00f6ld, d\u00edsz\u00edt\u0151 \u00e9rt\u00e9k\u0171<\/p>\n<\/li>\n<li data-start=\"1159\" data-end=\"1224\">\n<p data-start=\"1161\" data-end=\"1224\"><strong data-start=\"1161\" data-end=\"1175\">N\u00f6veked\u00e9s:<\/strong> er\u0151teljes, t\u00e1maszt\u00e9kot ig\u00e9nyel (pl. futtat\u00f3r\u00e1cs)<\/p>\n<\/li>\n<li data-start=\"1225\" data-end=\"1274\">\n<p data-start=\"1227\" data-end=\"1274\"><strong data-start=\"1227\" data-end=\"1241\">F\u00e9nyig\u00e9ny:<\/strong> napos, f\u00e9l\u00e1rny\u00e9kos helyet kedvel<\/p>\n<\/li>\n<li data-start=\"1275\" data-end=\"1323\">\n<p data-start=\"1277\" data-end=\"1323\"><strong data-start=\"1277\" data-end=\"1287\">Talaj:<\/strong> j\u00f3 v\u00edzelvezet\u00e9s\u0171, t\u00e1panyagd\u00fas talaj<\/p>\n<\/li>\n<li data-start=\"1324\" data-end=\"1360\">\n<p data-start=\"1326\" data-end=\"1360\"><strong data-start=\"1326\" data-end=\"1342\">Fagy\u00e1ll\u00f3s\u00e1g:<\/strong> -15 \u00b0C-ig t\u00e9l\u00e1ll\u00f3<\/p>\n<\/li>\n<\/ul>\n<p data-start=\"1362\" data-end=\"1487\">A &#8216;Thornless Evergreen&#8217; ide\u00e1lis v\u00e1laszt\u00e1s, ha szeretn\u00e9l egy sz\u00e9p, dekorat\u00edv, m\u00e9gis praktikus gy\u00fcm\u00f6lcsterm\u0151 bokrot a kertedbe.<\/p>\n<h4><strong>\ud83d\udd04 K\u00e9szletinform\u00e1ci\u00f3<\/strong><\/h4>\n<p><strong>K\u00e9szlet\u00fcnk napi szinten v\u00e1ltozik, \u00edgy a webshopban szerepl<\/strong><strong>\u0151<\/strong><strong>\u00a0term\u00e9kek el\u00e9rhet<\/strong><strong>\u0151<\/strong><strong>s\u00e9ge nem garant\u00e1lt.<br \/>\n\ud83d\udcde A megrendel\u00e9s el<\/strong><strong>\u0151<\/strong><strong>tt k\u00e9rj\u00fck, \u00e9rdekl<\/strong><strong>\u0151<\/strong><strong>dj\u00f6n szem\u00e9lyesen, telefonon vagy e-mailben!<\/strong><\/p>\n<h4><strong>\u27a1\ufe0f Kapcsolat:<\/strong><\/h4>\n<ul>\n<li><strong>Weboldal:\u00a0<\/strong><a href=\"https:\/\/tajkertesz.com\/\"><strong>tajkertesz.com<\/strong><\/a><\/li>\n<li><strong>Facebook:\u00a0<\/strong><a href=\"https:\/\/www.facebook.com\/tajkertesz\/\"><strong>facebook.com\/tajkertesz<\/strong><\/a><\/li>\n<li><strong>Telefonsz\u00e1m, e-mail: +36\/20-319-3770\u00a0<\/strong><a href=\"mailto:tajkerteszaruda@gmail.com\"><strong>tajkerteszaruda@gmail.com<\/strong><\/a><\/li>\n<\/ul>\n<h4><strong>\ud83d\ude9a Sz\u00e1ll\u00edt\u00e1si inform\u00e1ci\u00f3k<\/strong><\/h4>\n<p><strong>A megrendelt n\u00f6v\u00e9nyek kisz\u00e1ll\u00edt\u00e1sa az al\u00e1bbi felt\u00e9telek mellett t\u00f6rt\u00e9nik:<\/strong><\/p>\n<h4><strong>\ud83d\udce6 Fut\u00e1rszolg\u00e1latos sz\u00e1ll\u00edt\u00e1s<\/strong><\/h4>\n<ul>\n<li><strong>Maxim\u00e1lis m\u00e9ret: 200 cm (hossz\u00fas\u00e1g)<\/strong><\/li>\n<li><strong>Maxim\u00e1lis s\u00faly: 40 kg<\/strong><\/li>\n<li><strong>Az enn\u00e9l kisebb \u00e9s k\u00f6nnyebb csomagokat fut\u00e1rszolg\u00e1lattal k\u00e9zbes\u00edtj\u00fck a lehet<\/strong><strong>\u0151<\/strong><strong>\u00a0legbiztons\u00e1gosabb csomagol\u00e1sban.<\/strong><\/li>\n<\/ul>\n<h4><strong>\ud83d\udefb Szem\u00e9lyes \u00e1tv\u00e9tel<\/strong><\/h4>\n<ul>\n<li><strong>1173 Budapest, Bakancsos utca 7. sz\u00e1m alatt nyitvatart\u00e1si id<\/strong><strong>\u0151<\/strong><strong>ben szem\u00e9lyesen \u00e1tvehet<\/strong><strong>\u0151<\/strong><strong>\u00a0kert\u00e9szeti \u00e1rud\u00e1nkban.<\/strong><\/li>\n<li><strong>K\u00f6lts\u00e9ghat\u00e9kony megold\u00e1s nagyobb, t\u00f6r\u00e9kenyebb vagy t\u00falm\u00e9retes n\u00f6v\u00e9nyek eset\u00e9n.<\/strong><\/li>\n<\/ul>\n<h4><strong>\ud83d\udcde Nagy m\u00e9ret<\/strong><strong>\u0171<\/strong><strong>\u00a0vagy s\u00faly\u00fa n\u00f6v\u00e9nyek eset\u00e9n<\/strong><\/h4>\n<p><strong>Ha a term\u00e9k:<\/strong><\/p>\n<ul>\n<li><strong>meghaladja a 200 cm hossz\u00fas\u00e1got vagy<\/strong><\/li>\n<li><strong>meghaladja a 40 kg s\u00falyt,<\/strong><\/li>\n<\/ul>\n<p><strong>akkor szem\u00e9lyes \u00e1tv\u00e9tellel vagy egyedi, el<\/strong><strong>\u0151<\/strong><strong>re egyeztetett sz\u00e1ll\u00edt\u00e1si felt\u00e9telek mellett t\u00f6rt\u00e9nik.<br \/>\nK\u00e9rj\u00fck, ilyen esetben rendel\u00e9s el<\/strong><strong>\u0151<\/strong><strong>tt vegye fel vel\u00fcnk a kapcsolatot, hogy a lehet<\/strong><strong>\u0151<\/strong><strong>\u00a0legmegfelel<\/strong><strong>\u0151<\/strong><strong>bb sz\u00e1ll\u00edt\u00e1si megold\u00e1st k\u00edn\u00e1lhassuk.<\/strong><\/p>\n<p><strong>\ud83d\udd14 Fontos: A n\u00f6v\u00e9nyeket minden esetben igyeksz\u00fcnk gondosan, egyes\u00e9vel csomagolni, azonban a sz\u00e1ll\u00edt\u00e1s sor\u00e1n kisebb eszt\u00e9tikai s\u00e9r\u00fcl\u00e9sek el<\/strong><strong>\u0151<\/strong><strong>fordulhatnak (pl. lev\u00e9lhull\u00e1s). Ez nem min<\/strong><strong>\u0151<\/strong><strong>s\u00fcl hib\u00e1s teljes\u00edt\u00e9snek.<\/strong><\/p>\n<h4><strong>\ud83d\udcf7 Fontos tudni a k\u00e9pekr<\/strong><strong>\u0151<\/strong><strong>l<\/strong><\/h4>\n<p><strong>A webshopban szerepl<\/strong><strong>\u0151<\/strong><strong>\u00a0k\u00e9pek illusztr\u00e1ci\u00f3k, a n\u00f6v\u00e9nyek term\u00e9szet\u00fckn\u00e9l fogva egyediek, \u00edgy m\u00e9retben, alakban \u00e9s sz\u00ednben minim\u00e1lis elt\u00e9r\u00e9sek el<\/strong><strong>\u0151<\/strong><strong>fordulhatnak a k\u00e9pen l\u00e1that\u00f3 \u00e9s a val\u00f3s p\u00e9ld\u00e1nyok k\u00f6z\u00f6tt.<\/strong><\/p>\n<h4><strong>\ud83e\uddfe \u00c1rak \u00e9s el\u00e1ll\u00e1si jog<\/strong><\/h4>\n<ul>\n<li><strong>Az \u00e1rak egy darab\u00a0n\u00f6v\u00e9nyre vonatkoznak.<\/strong><\/li>\n<li><strong>\u00c9l<\/strong><strong>\u0151<\/strong><strong>\u00a0n\u00f6v\u00e9nyek rendel\u00e9se eset\u00e9n a 14 napos el\u00e1ll\u00e1s joga nem \u00e9rv\u00e9nyes\u00edthet<\/strong><strong>\u0151<\/strong><strong>, mivel azok romland\u00f3, biol\u00f3giailag \u00e9l<\/strong><strong>\u0151<\/strong><strong>\u00a0term\u00e9keknek min<\/strong><strong>\u0151<\/strong><strong>s\u00fclnek.<br \/>\n\ud83d\udd12 (17\/1999. (II. 5.) Korm. rendelet 5. \u00a7 c) pontja alapj\u00e1n)<\/strong><\/li>\n<\/ul>\n<h4><strong>\ud83d\udce6 K\u00e9zbes\u00edt\u00e9s ut\u00e1ni teend<\/strong><strong>\u0151<\/strong><strong>k<\/strong><\/h4>\n<p><strong>A k\u00e9zbes\u00edt\u00e9st k\u00f6vet<\/strong><strong>\u0151<\/strong><strong>en a csomagot azonnal bontsuk ki, \u00e9s a n\u00f6v\u00e9nyt helyezz\u00fck el megfelel<\/strong><strong>\u0151<\/strong><strong>\u00a0k\u00f6rnyezetben.<br \/>\nFontos: ha a n\u00f6v\u00e9ny nem r\u00e9szes\u00fcl megfelel<\/strong><strong>\u0151<\/strong><strong>\u00a0gondoz\u00e1sban \u00e9s ennek k\u00f6vetkezt\u00e9ben k\u00e1rosodik vagy elpusztul, felel<\/strong><strong>\u0151<\/strong><strong>ss\u00e9get nem tudunk v\u00e1llalni.<\/strong><\/p>\n<p><strong>\u00a0<\/strong><\/p>","protected":false},"excerpt":{"rendered":"<p>T\u00f6vismentes, \u00f6r\u00f6kz\u00f6ld szederfajta nagy, l\u00e9d\u00fas fekete bogy\u00f3kkal. J\u00faliust\u00f3l szeptemberig hozza term\u00e9s\u00e9t. Dekorat\u00edv \u00e9s term\u00e9keny gy\u00fcm\u00f6lcsterm\u0151 bokor.<\/p>\n<p>M\u00e9rete: 60 cm magas, 2 literes kont\u00e9nerben.<\/p>","protected":false},"featured_media":25000,"template":"","meta":{"_et_pb_use_builder":"","_et_pb_old_content":"","_et_gb_content_width":""},"product_brand":[],"product_cat":[5327],"product_tag":[7055,7100,6394,7298,742,746,7296,7297],"class_list":{"0":"post-24999","1":"product","2":"type-product","3":"status-publish","4":"has-post-thumbnail","6":"product_cat-gyumolcstermok","7":"product_tag-bogyos-gyumolcs","8":"product_tag-gyumolcstermo-bokor","9":"product_tag-kerti-noveny","10":"product_tag-orokzold-szeder","11":"product_tag-rubus-fruticosus","12":"product_tag-szeder","13":"product_tag-thornless-evergreen","14":"product_tag-tovismentes-szeder","16":"first","17":"instock","18":"shipping-taxable","19":"purchasable","20":"product-type-simple"},"yoast_head":"<!-- This site is optimized with the Yoast SEO plugin v27.5 - https:\/\/yoast.com\/product\/yoast-seo-wordpress\/ -->\n<title>Rubus fruticosus &#039;Thornless Evergreen&#039; \u2013 T\u00fcsken\u00e9lk\u00fcli szeder - T\u00e1jkert\u00e9sz<\/title>\n<meta name=\"description\" content=\"Rubus fruticosus &#039;Thornless Evergreen&#039; \u2013 T\u00fcsken\u00e9lk\u00fcli szeder nagy, fekete bogy\u00f3kat terem j\u00faliust\u00f3l. Kiv\u00e1l\u00f3 \u00edz\u0171, d\u00edsz\u00edt\u0151\u00e9rt\u00e9k\u0171 bokor.\" \/>\n<meta name=\"robots\" content=\"index, follow, max-snippet:-1, max-image-preview:large, max-video-preview:-1\" \/>\n<link rel=\"canonical\" href=\"https:\/\/tajkertesz.com\/en_US\/product\/rubus-fruticosus-thornless-evergreen-tuskenelkuli-szeder\/\" \/>\n<meta property=\"og:locale\" content=\"en_US\" \/>\n<meta property=\"og:type\" content=\"article\" \/>\n<meta property=\"og:title\" content=\"Rubus fruticosus &#039;Thornless Evergreen&#039; \u2013 T\u00fcsken\u00e9lk\u00fcli szeder - T\u00e1jkert\u00e9sz\" \/>\n<meta property=\"og:description\" content=\"Rubus fruticosus &#039;Thornless Evergreen&#039; \u2013 T\u00fcsken\u00e9lk\u00fcli szeder nagy, fekete bogy\u00f3kat terem j\u00faliust\u00f3l. Kiv\u00e1l\u00f3 \u00edz\u0171, d\u00edsz\u00edt\u0151\u00e9rt\u00e9k\u0171 bokor.\" \/>\n<meta property=\"og:url\" content=\"https:\/\/tajkertesz.com\/en_US\/product\/rubus-fruticosus-thornless-evergreen-tuskenelkuli-szeder\/\" \/>\n<meta property=\"og:site_name\" content=\"T\u00e1jkert\u00e9sz\" \/>\n<meta property=\"article:publisher\" content=\"https:\/\/www.facebook.com\/Tajkertesz\/\" \/>\n<meta property=\"article:modified_time\" content=\"2026-02-21T13:59:07+00:00\" \/>\n<meta property=\"og:image\" content=\"https:\/\/tajkertesz.com\/wp-content\/uploads\/2025\/10\/rubus-fruticosus-thornless-evergreen.jpg\" \/>\n\t<meta property=\"og:image:width\" content=\"954\" \/>\n\t<meta property=\"og:image:height\" content=\"1272\" \/>\n\t<meta property=\"og:image:type\" content=\"image\/jpeg\" \/>\n<meta name=\"twitter:card\" content=\"summary_large_image\" \/>\n<meta name=\"twitter:label1\" content=\"Est. reading time\" \/>\n\t<meta name=\"twitter:data1\" content=\"3 minutes\" \/>\n<script type=\"application\/ld+json\" class=\"yoast-schema-graph\">{\"@context\":\"https:\\\/\\\/schema.org\",\"@graph\":[{\"@type\":\"WebPage\",\"@id\":\"https:\\\/\\\/tajkertesz.com\\\/termek\\\/rubus-fruticosus-thornless-evergreen-tuskenelkuli-szeder\\\/\",\"url\":\"https:\\\/\\\/tajkertesz.com\\\/termek\\\/rubus-fruticosus-thornless-evergreen-tuskenelkuli-szeder\\\/\",\"name\":\"Rubus fruticosus 'Thornless Evergreen' \u2013 T\u00fcsken\u00e9lk\u00fcli szeder - T\u00e1jkert\u00e9sz\",\"isPartOf\":{\"@id\":\"https:\\\/\\\/tajkertesz.com\\\/#website\"},\"primaryImageOfPage\":{\"@id\":\"https:\\\/\\\/tajkertesz.com\\\/termek\\\/rubus-fruticosus-thornless-evergreen-tuskenelkuli-szeder\\\/#primaryimage\"},\"image\":{\"@id\":\"https:\\\/\\\/tajkertesz.com\\\/termek\\\/rubus-fruticosus-thornless-evergreen-tuskenelkuli-szeder\\\/#primaryimage\"},\"thumbnailUrl\":\"https:\\\/\\\/tajkertesz.com\\\/wp-content\\\/uploads\\\/2025\\\/10\\\/rubus-fruticosus-thornless-evergreen.jpg\",\"datePublished\":\"2025-10-22T08:27:34+00:00\",\"dateModified\":\"2026-02-21T13:59:07+00:00\",\"description\":\"Rubus fruticosus 'Thornless Evergreen' \u2013 T\u00fcsken\u00e9lk\u00fcli szeder nagy, fekete bogy\u00f3kat terem j\u00faliust\u00f3l. Kiv\u00e1l\u00f3 \u00edz\u0171, d\u00edsz\u00edt\u0151\u00e9rt\u00e9k\u0171 bokor.\",\"breadcrumb\":{\"@id\":\"https:\\\/\\\/tajkertesz.com\\\/termek\\\/rubus-fruticosus-thornless-evergreen-tuskenelkuli-szeder\\\/#breadcrumb\"},\"inLanguage\":\"en-US\",\"potentialAction\":[{\"@type\":\"ReadAction\",\"target\":[\"https:\\\/\\\/tajkertesz.com\\\/termek\\\/rubus-fruticosus-thornless-evergreen-tuskenelkuli-szeder\\\/\"]}]},{\"@type\":\"ImageObject\",\"inLanguage\":\"en-US\",\"@id\":\"https:\\\/\\\/tajkertesz.com\\\/termek\\\/rubus-fruticosus-thornless-evergreen-tuskenelkuli-szeder\\\/#primaryimage\",\"url\":\"https:\\\/\\\/tajkertesz.com\\\/wp-content\\\/uploads\\\/2025\\\/10\\\/rubus-fruticosus-thornless-evergreen.jpg\",\"contentUrl\":\"https:\\\/\\\/tajkertesz.com\\\/wp-content\\\/uploads\\\/2025\\\/10\\\/rubus-fruticosus-thornless-evergreen.jpg\",\"width\":954,\"height\":1272,\"caption\":\"Rubus fruticosus 'Thornless Evergreen' \u2013 T\u00fcsken\u00e9lk\u00fcli, \u00f6r\u00f6kz\u00f6ld szeder\"},{\"@type\":\"BreadcrumbList\",\"@id\":\"https:\\\/\\\/tajkertesz.com\\\/termek\\\/rubus-fruticosus-thornless-evergreen-tuskenelkuli-szeder\\\/#breadcrumb\",\"itemListElement\":[{\"@type\":\"ListItem\",\"position\":1,\"name\":\"Home\",\"item\":\"https:\\\/\\\/tajkertesz.com\\\/\"},{\"@type\":\"ListItem\",\"position\":2,\"name\":\"Kezd\u0151lap\",\"item\":\"https:\\\/\\\/tajkertesz.com\\\/\"},{\"@type\":\"ListItem\",\"position\":3,\"name\":\"Rubus fruticosus &#8216;Thornless Evergreen&#8217; \u2013 T\u00fcsken\u00e9lk\u00fcli szeder\"}]},{\"@type\":\"WebSite\",\"@id\":\"https:\\\/\\\/tajkertesz.com\\\/#website\",\"url\":\"https:\\\/\\\/tajkertesz.com\\\/\",\"name\":\"T\u00e1j-Kert\u00e9sz 84 Kft.\",\"description\":\"Kert\u00e9szeti kis- \u00e9s nagykeresked\u00e9s, D\u00edszn\u00f6v\u00e9ny web\u00e1ruh\u00e1z orsz\u00e1gos h\u00e1zhozsz\u00e1ll\u00edt\u00e1ssal!\",\"publisher\":{\"@id\":\"https:\\\/\\\/tajkertesz.com\\\/#organization\"},\"potentialAction\":[{\"@type\":\"SearchAction\",\"target\":{\"@type\":\"EntryPoint\",\"urlTemplate\":\"https:\\\/\\\/tajkertesz.com\\\/?s={search_term_string}\"},\"query-input\":{\"@type\":\"PropertyValueSpecification\",\"valueRequired\":true,\"valueName\":\"search_term_string\"}}],\"inLanguage\":\"en-US\"},{\"@type\":\"Organization\",\"@id\":\"https:\\\/\\\/tajkertesz.com\\\/#organization\",\"name\":\"T\u00e1j-Kert\u00e9sz 84 Kft.\",\"url\":\"https:\\\/\\\/tajkertesz.com\\\/\",\"logo\":{\"@type\":\"ImageObject\",\"inLanguage\":\"en-US\",\"@id\":\"https:\\\/\\\/tajkertesz.com\\\/#\\\/schema\\\/logo\\\/image\\\/\",\"url\":\"https:\\\/\\\/tajkertesz.com\\\/wp-content\\\/uploads\\\/2018\\\/02\\\/logo-2-e1518678052539.png\",\"contentUrl\":\"https:\\\/\\\/tajkertesz.com\\\/wp-content\\\/uploads\\\/2018\\\/02\\\/logo-2-e1518678052539.png\",\"width\":81,\"height\":140,\"caption\":\"T\u00e1j-Kert\u00e9sz 84 Kft.\"},\"image\":{\"@id\":\"https:\\\/\\\/tajkertesz.com\\\/#\\\/schema\\\/logo\\\/image\\\/\"},\"sameAs\":[\"https:\\\/\\\/www.facebook.com\\\/Tajkertesz\\\/\"]}]}<\/script>\n<!-- \/ Yoast SEO plugin. -->","yoast_head_json":{"title":"Rubus fruticosus 'Thornless Evergreen' \u2013 T\u00fcsken\u00e9lk\u00fcli szeder - T\u00e1jkert\u00e9sz","description":"Rubus fruticosus 'Thornless Evergreen' \u2013 T\u00fcsken\u00e9lk\u00fcli szeder nagy, fekete bogy\u00f3kat terem j\u00faliust\u00f3l. Kiv\u00e1l\u00f3 \u00edz\u0171, d\u00edsz\u00edt\u0151\u00e9rt\u00e9k\u0171 bokor.","robots":{"index":"index","follow":"follow","max-snippet":"max-snippet:-1","max-image-preview":"max-image-preview:large","max-video-preview":"max-video-preview:-1"},"canonical":"https:\/\/tajkertesz.com\/en_US\/product\/rubus-fruticosus-thornless-evergreen-tuskenelkuli-szeder\/","og_locale":"en_US","og_type":"article","og_title":"Rubus fruticosus 'Thornless Evergreen' \u2013 T\u00fcsken\u00e9lk\u00fcli szeder - T\u00e1jkert\u00e9sz","og_description":"Rubus fruticosus 'Thornless Evergreen' \u2013 T\u00fcsken\u00e9lk\u00fcli szeder nagy, fekete bogy\u00f3kat terem j\u00faliust\u00f3l. Kiv\u00e1l\u00f3 \u00edz\u0171, d\u00edsz\u00edt\u0151\u00e9rt\u00e9k\u0171 bokor.","og_url":"https:\/\/tajkertesz.com\/en_US\/product\/rubus-fruticosus-thornless-evergreen-tuskenelkuli-szeder\/","og_site_name":"T\u00e1jkert\u00e9sz","article_publisher":"https:\/\/www.facebook.com\/Tajkertesz\/","article_modified_time":"2026-02-21T13:59:07+00:00","og_image":[{"width":954,"height":1272,"url":"https:\/\/tajkertesz.com\/wp-content\/uploads\/2025\/10\/rubus-fruticosus-thornless-evergreen.jpg","type":"image\/jpeg"}],"twitter_card":"summary_large_image","twitter_misc":{"Est. reading time":"3 minutes"},"schema":{"@context":"https:\/\/schema.org","@graph":[{"@type":"WebPage","@id":"https:\/\/tajkertesz.com\/termek\/rubus-fruticosus-thornless-evergreen-tuskenelkuli-szeder\/","url":"https:\/\/tajkertesz.com\/termek\/rubus-fruticosus-thornless-evergreen-tuskenelkuli-szeder\/","name":"Rubus fruticosus 'Thornless Evergreen' \u2013 T\u00fcsken\u00e9lk\u00fcli szeder - T\u00e1jkert\u00e9sz","isPartOf":{"@id":"https:\/\/tajkertesz.com\/#website"},"primaryImageOfPage":{"@id":"https:\/\/tajkertesz.com\/termek\/rubus-fruticosus-thornless-evergreen-tuskenelkuli-szeder\/#primaryimage"},"image":{"@id":"https:\/\/tajkertesz.com\/termek\/rubus-fruticosus-thornless-evergreen-tuskenelkuli-szeder\/#primaryimage"},"thumbnailUrl":"https:\/\/tajkertesz.com\/wp-content\/uploads\/2025\/10\/rubus-fruticosus-thornless-evergreen.jpg","datePublished":"2025-10-22T08:27:34+00:00","dateModified":"2026-02-21T13:59:07+00:00","description":"Rubus fruticosus 'Thornless Evergreen' \u2013 T\u00fcsken\u00e9lk\u00fcli szeder nagy, fekete bogy\u00f3kat terem j\u00faliust\u00f3l. Kiv\u00e1l\u00f3 \u00edz\u0171, d\u00edsz\u00edt\u0151\u00e9rt\u00e9k\u0171 bokor.","breadcrumb":{"@id":"https:\/\/tajkertesz.com\/termek\/rubus-fruticosus-thornless-evergreen-tuskenelkuli-szeder\/#breadcrumb"},"inLanguage":"en-US","potentialAction":[{"@type":"ReadAction","target":["https:\/\/tajkertesz.com\/termek\/rubus-fruticosus-thornless-evergreen-tuskenelkuli-szeder\/"]}]},{"@type":"ImageObject","inLanguage":"en-US","@id":"https:\/\/tajkertesz.com\/termek\/rubus-fruticosus-thornless-evergreen-tuskenelkuli-szeder\/#primaryimage","url":"https:\/\/tajkertesz.com\/wp-content\/uploads\/2025\/10\/rubus-fruticosus-thornless-evergreen.jpg","contentUrl":"https:\/\/tajkertesz.com\/wp-content\/uploads\/2025\/10\/rubus-fruticosus-thornless-evergreen.jpg","width":954,"height":1272,"caption":"Rubus fruticosus 'Thornless Evergreen' \u2013 T\u00fcsken\u00e9lk\u00fcli, \u00f6r\u00f6kz\u00f6ld szeder"},{"@type":"BreadcrumbList","@id":"https:\/\/tajkertesz.com\/termek\/rubus-fruticosus-thornless-evergreen-tuskenelkuli-szeder\/#breadcrumb","itemListElement":[{"@type":"ListItem","position":1,"name":"Home","item":"https:\/\/tajkertesz.com\/"},{"@type":"ListItem","position":2,"name":"Kezd\u0151lap","item":"https:\/\/tajkertesz.com\/"},{"@type":"ListItem","position":3,"name":"Rubus fruticosus &#8216;Thornless Evergreen&#8217; \u2013 T\u00fcsken\u00e9lk\u00fcli szeder"}]},{"@type":"WebSite","@id":"https:\/\/tajkertesz.com\/#website","url":"https:\/\/tajkertesz.com\/","name":"T\u00e1j-Kert\u00e9sz 84 Kft.","description":"Kert\u00e9szeti kis- \u00e9s nagykeresked\u00e9s, D\u00edszn\u00f6v\u00e9ny web\u00e1ruh\u00e1z orsz\u00e1gos h\u00e1zhozsz\u00e1ll\u00edt\u00e1ssal!","publisher":{"@id":"https:\/\/tajkertesz.com\/#organization"},"potentialAction":[{"@type":"SearchAction","target":{"@type":"EntryPoint","urlTemplate":"https:\/\/tajkertesz.com\/?s={search_term_string}"},"query-input":{"@type":"PropertyValueSpecification","valueRequired":true,"valueName":"search_term_string"}}],"inLanguage":"en-US"},{"@type":"Organization","@id":"https:\/\/tajkertesz.com\/#organization","name":"T\u00e1j-Kert\u00e9sz 84 Kft.","url":"https:\/\/tajkertesz.com\/","logo":{"@type":"ImageObject","inLanguage":"en-US","@id":"https:\/\/tajkertesz.com\/#\/schema\/logo\/image\/","url":"https:\/\/tajkertesz.com\/wp-content\/uploads\/2018\/02\/logo-2-e1518678052539.png","contentUrl":"https:\/\/tajkertesz.com\/wp-content\/uploads\/2018\/02\/logo-2-e1518678052539.png","width":81,"height":140,"caption":"T\u00e1j-Kert\u00e9sz 84 Kft."},"image":{"@id":"https:\/\/tajkertesz.com\/#\/schema\/logo\/image\/"},"sameAs":["https:\/\/www.facebook.com\/Tajkertesz\/"]}]}},"_links":{"self":[{"href":"https:\/\/tajkertesz.com\/en_US\/wp-json\/wp\/v2\/product\/24999","targetHints":{"allow":["GET"]}}],"collection":[{"href":"https:\/\/tajkertesz.com\/en_US\/wp-json\/wp\/v2\/product"}],"about":[{"href":"https:\/\/tajkertesz.com\/en_US\/wp-json\/wp\/v2\/types\/product"}],"wp:featuredmedia":[{"embeddable":true,"href":"https:\/\/tajkertesz.com\/en_US\/wp-json\/wp\/v2\/media\/25000"}],"wp:attachment":[{"href":"https:\/\/tajkertesz.com\/en_US\/wp-json\/wp\/v2\/media?parent=24999"}],"wp:term":[{"taxonomy":"product_brand","embeddable":true,"href":"https:\/\/tajkertesz.com\/en_US\/wp-json\/wp\/v2\/product_brand?post=24999"},{"taxonomy":"product_cat","embeddable":true,"href":"https:\/\/tajkertesz.com\/en_US\/wp-json\/wp\/v2\/product_cat?post=24999"},{"taxonomy":"product_tag","embeddable":true,"href":"https:\/\/tajkertesz.com\/en_US\/wp-json\/wp\/v2\/product_tag?post=24999"}],"curies":[{"name":"wp","href":"https:\/\/api.w.org\/{rel}","templated":true}]}}