{"id":25134,"date":"2025-10-31T11:30:53","date_gmt":"2025-10-31T11:30:53","guid":{"rendered":"https:\/\/tajkertesz.com\/?post_type=product&#038;p=25134"},"modified":"2026-02-27T14:21:35","modified_gmt":"2026-02-27T14:21:35","slug":"carya-illinoinensis-pekandio","status":"publish","type":"product","link":"https:\/\/tajkertesz.com\/en_US\/product\/carya-illinoinensis-pekandio\/","title":{"rendered":"Carya illinoinensis \u2013 Pek\u00e1ndi\u00f3"},"content":{"rendered":"<h1>Carya illinoinensis \u2013 Pek\u00e1ndi\u00f3<\/h1>\n<p data-start=\"999\" data-end=\"1241\">A <strong data-start=\"1001\" data-end=\"1024\">Carya illinoinensis<\/strong>, vagyis <strong data-start=\"1033\" data-end=\"1045\">pek\u00e1ndi\u00f3<\/strong>, az <strong data-start=\"1050\" data-end=\"1087\">\u00c9szak-Amerik\u00e1b\u00f3l sz\u00e1rmaz\u00f3 di\u00f3f\u00e9le<\/strong>, amely egyre kedveltebb a magyar kertekben is. F\u00e1ja mutat\u00f3s, hossz\u00fa \u00e9let\u0171, term\u00e9se pedig a di\u00f3hoz hasonl\u00f3, de <strong data-start=\"1198\" data-end=\"1238\">\u00e9desebb, arom\u00e1sabb \u00e9s v\u00e9konyabb h\u00e9j\u00fa<\/strong>.<\/p>\n<h2>Carya illinoinensis jellemz\u0151i<\/h2>\n<ul data-start=\"1271\" data-end=\"1804\">\n<li data-start=\"1271\" data-end=\"1353\">\n<p data-start=\"1273\" data-end=\"1353\"><strong data-start=\"1273\" data-end=\"1286\">Magass\u00e1g:<\/strong> kifejlett kor\u00e1ban 10\u201320 m\u00e9ter (metsz\u00e9ssel j\u00f3l kord\u00e1ban tarthat\u00f3)<\/p>\n<\/li>\n<li data-start=\"1356\" data-end=\"1425\">\n<p data-start=\"1358\" data-end=\"1425\"><strong data-start=\"1358\" data-end=\"1369\">Term\u00e9s:<\/strong> hossz\u00fak\u00e1s, vil\u00e1gosbarna, v\u00e9kony h\u00e9j\u00fa, k\u00f6nnyen t\u00f6rhet\u0151<\/p>\n<\/li>\n<li data-start=\"1428\" data-end=\"1479\">\n<p data-start=\"1430\" data-end=\"1479\"><strong data-start=\"1430\" data-end=\"1437\">\u00cdz:<\/strong> \u00e9des, vajasan arom\u00e1s, di\u00f3ra eml\u00e9keztet\u0151<\/p>\n<\/li>\n<li data-start=\"1482\" data-end=\"1519\">\n<p data-start=\"1484\" data-end=\"1519\"><strong data-start=\"1484\" data-end=\"1498\">\u00c9r\u00e9si id\u0151:<\/strong> okt\u00f3ber \u2013 november<\/p>\n<\/li>\n<li data-start=\"1522\" data-end=\"1586\">\n<p data-start=\"1524\" data-end=\"1586\"><strong data-start=\"1524\" data-end=\"1540\">Term\u00e9shozam:<\/strong> magas, ha megfelel\u0151 porz\u00f3val egy\u00fctt \u00fcltetik<\/p>\n<\/li>\n<li data-start=\"1589\" data-end=\"1618\">\n<p data-start=\"1591\" data-end=\"1618\"><strong data-start=\"1591\" data-end=\"1605\">F\u00e9nyig\u00e9ny:<\/strong> napos hely<\/p>\n<\/li>\n<li data-start=\"1621\" data-end=\"1711\">\n<p data-start=\"1623\" data-end=\"1711\"><strong data-start=\"1623\" data-end=\"1638\">Talajig\u00e9ny:<\/strong> j\u00f3 v\u00edzell\u00e1t\u00e1s\u00fa, t\u00e1panyagban gazdag, semleges vagy enyh\u00e9n savany\u00fa talaj<\/p>\n<\/li>\n<li data-start=\"1714\" data-end=\"1801\">\n<p data-start=\"1716\" data-end=\"1801\"><strong data-start=\"1716\" data-end=\"1731\">T\u00e9l\u00e1ll\u00f3s\u00e1g:<\/strong> j\u00f3, <strong data-start=\"1736\" data-end=\"1758\">-25 \u00b0C-ig fagyt\u0171r\u0151<\/strong>, d\u00e9li fekv\u00e9sben k\u00fcl\u00f6n\u00f6sen j\u00f3l \u00e9rzi mag\u00e1t<\/p>\n<\/li>\n<\/ul>\n<p data-start=\"1807\" data-end=\"2156\"><strong data-start=\"1807\" data-end=\"1831\">Gondoz\u00e1s \u00e9s \u00fcltet\u00e9s:<\/strong><br data-start=\"1831\" data-end=\"1834\" \/>A pek\u00e1ndi\u00f3 <strong data-start=\"1847\" data-end=\"1871\">napos, meleg fekv\u00e9st<\/strong> ig\u00e9nyel. \u00dcltet\u00e9skor gondoskodj <strong data-start=\"1903\" data-end=\"1946\">t\u00e1panyagban gazdag, m\u00e9lyr\u00e9teg\u0171 talajr\u00f3l<\/strong>, mert gy\u00f6k\u00e9rzete m\u00e9lyre hatol. A fiatal f\u00e1kat az els\u0151 \u00e9vekben rendszeresen \u00f6nt\u00f6zd. A legt\u00f6bb fajta <strong data-start=\"2046\" data-end=\"2057\">k\u00e9tlaki<\/strong>, \u00edgy <strong data-start=\"2063\" data-end=\"2087\">legal\u00e1bb k\u00e9t p\u00e9ld\u00e1ny<\/strong> (k\u00e9t k\u00fcl\u00f6nb\u00f6z\u0151 fajta) telep\u00edt\u00e9se biztos\u00edtja a jobb term\u00e9keny\u00fcl\u00e9st.<\/p>\n<p data-start=\"2162\" data-end=\"2335\"><strong data-start=\"2162\" data-end=\"2179\">Felhaszn\u00e1l\u00e1s:<\/strong> a pek\u00e1ndi\u00f3 \u00edzletes, <strong data-start=\"2200\" data-end=\"2229\">\u00e9desebb \u00e9s kev\u00e9sb\u00e9 keser\u0171<\/strong>, mint a k\u00f6z\u00f6ns\u00e9ges di\u00f3. S\u00fctem\u00e9nyekbe, m\u00fczlibe, sal\u00e1t\u00e1ba, vagy mag\u00e1ban fogyasztva is k\u00fcl\u00f6nleges csemege.<\/p>\n<p data-start=\"2341\" data-end=\"2482\">A <strong data-start=\"2343\" data-end=\"2366\">Carya illinoinensis<\/strong> nemcsak term\u00e9s\u00e9\u00e9rt, hanem <strong data-start=\"2393\" data-end=\"2420\">impoz\u00e1ns megjelen\u00e9s\u00e9\u00e9rt<\/strong> is \u00fcltethet\u0151 d\u00edszfa \u2013 \u0151sszel s\u00e1rg\u00e1s-arany sz\u00ednekben pomp\u00e1zik.<\/p>\n<h4><strong>\ud83d\udd04 K\u00e9szletinform\u00e1ci\u00f3<\/strong><\/h4>\n<p><strong>K\u00e9szlet\u00fcnk napi szinten v\u00e1ltozik, \u00edgy a webshopban szerepl<\/strong><strong>\u0151<\/strong><strong>\u00a0term\u00e9kek el\u00e9rhet<\/strong><strong>\u0151<\/strong><strong>s\u00e9ge nem garant\u00e1lt.<br \/>\n\ud83d\udcde A megrendel\u00e9s el<\/strong><strong>\u0151<\/strong><strong>tt k\u00e9rj\u00fck, \u00e9rdekl<\/strong><strong>\u0151<\/strong><strong>dj\u00f6n szem\u00e9lyesen, telefonon vagy e-mailben!<\/strong><\/p>\n<h4><strong>\u27a1\ufe0f Kapcsolat:<\/strong><\/h4>\n<ul>\n<li><strong>Weboldal:\u00a0<\/strong><a href=\"https:\/\/tajkertesz.com\/\"><strong>tajkertesz.com<\/strong><\/a><\/li>\n<li><strong>Facebook:\u00a0<\/strong><a href=\"https:\/\/www.facebook.com\/tajkertesz\/\"><strong>facebook.com\/tajkertesz<\/strong><\/a><\/li>\n<li><strong>Telefonsz\u00e1m, e-mail: +36\/20-319-3770\u00a0<\/strong><a href=\"mailto:tajkerteszaruda@gmail.com\"><strong>tajkerteszaruda@gmail.com<\/strong><\/a><\/li>\n<\/ul>\n<h4><strong>\ud83d\ude9a Sz\u00e1ll\u00edt\u00e1si inform\u00e1ci\u00f3k<\/strong><\/h4>\n<p><strong>A megrendelt n\u00f6v\u00e9nyek kisz\u00e1ll\u00edt\u00e1sa az al\u00e1bbi felt\u00e9telek mellett t\u00f6rt\u00e9nik:<\/strong><\/p>\n<h4><strong>\ud83d\udce6 Fut\u00e1rszolg\u00e1latos sz\u00e1ll\u00edt\u00e1s<\/strong><\/h4>\n<ul>\n<li><strong>Maxim\u00e1lis m\u00e9ret: 200 cm (hossz\u00fas\u00e1g)<\/strong><\/li>\n<li><strong>Maxim\u00e1lis s\u00faly: 40 kg<\/strong><\/li>\n<li><strong>Az enn\u00e9l kisebb \u00e9s k\u00f6nnyebb csomagokat fut\u00e1rszolg\u00e1lattal k\u00e9zbes\u00edtj\u00fck a lehet<\/strong><strong>\u0151<\/strong><strong>\u00a0legbiztons\u00e1gosabb csomagol\u00e1sban.<\/strong><\/li>\n<\/ul>\n<h4><strong>\ud83d\udefb Szem\u00e9lyes \u00e1tv\u00e9tel<\/strong><\/h4>\n<ul>\n<li><strong>1173 Budapest, Bakancsos utca 7. sz\u00e1m alatt nyitvatart\u00e1si id<\/strong><strong>\u0151<\/strong><strong>ben szem\u00e9lyesen \u00e1tvehet<\/strong><strong>\u0151<\/strong><strong>\u00a0kert\u00e9szeti \u00e1rud\u00e1nkban.<\/strong><\/li>\n<li><strong>K\u00f6lts\u00e9ghat\u00e9kony megold\u00e1s nagyobb, t\u00f6r\u00e9kenyebb vagy t\u00falm\u00e9retes n\u00f6v\u00e9nyek eset\u00e9n.<\/strong><\/li>\n<\/ul>\n<h4><strong>\ud83d\udcde Nagy m\u00e9ret<\/strong><strong>\u0171<\/strong><strong>\u00a0vagy s\u00faly\u00fa n\u00f6v\u00e9nyek eset\u00e9n<\/strong><\/h4>\n<p><strong>Ha a term\u00e9k:<\/strong><\/p>\n<ul>\n<li><strong>meghaladja a 200 cm hossz\u00fas\u00e1got vagy<\/strong><\/li>\n<li><strong>meghaladja a 40 kg s\u00falyt,<\/strong><\/li>\n<\/ul>\n<p><strong>akkor szem\u00e9lyes \u00e1tv\u00e9tellel vagy egyedi, el<\/strong><strong>\u0151<\/strong><strong>re egyeztetett sz\u00e1ll\u00edt\u00e1si felt\u00e9telek mellett t\u00f6rt\u00e9nik.<br \/>\nK\u00e9rj\u00fck, ilyen esetben rendel\u00e9s el<\/strong><strong>\u0151<\/strong><strong>tt vegye fel vel\u00fcnk a kapcsolatot, hogy a lehet<\/strong><strong>\u0151<\/strong><strong>\u00a0legmegfelel<\/strong><strong>\u0151<\/strong><strong>bb sz\u00e1ll\u00edt\u00e1si megold\u00e1st k\u00edn\u00e1lhassuk.<\/strong><\/p>\n<p><strong>\ud83d\udd14 Fontos: A n\u00f6v\u00e9nyeket minden esetben igyeksz\u00fcnk gondosan, egyes\u00e9vel csomagolni, azonban a sz\u00e1ll\u00edt\u00e1s sor\u00e1n kisebb eszt\u00e9tikai s\u00e9r\u00fcl\u00e9sek el<\/strong><strong>\u0151<\/strong><strong>fordulhatnak (pl. lev\u00e9lhull\u00e1s). Ez nem min<\/strong><strong>\u0151<\/strong><strong>s\u00fcl hib\u00e1s teljes\u00edt\u00e9snek.<\/strong><\/p>\n<h4><strong>\ud83d\udcf7 Fontos tudni a k\u00e9pekr<\/strong><strong>\u0151<\/strong><strong>l<\/strong><\/h4>\n<p><strong>A webshopban szerepl<\/strong><strong>\u0151<\/strong><strong>\u00a0k\u00e9pek illusztr\u00e1ci\u00f3k, a n\u00f6v\u00e9nyek term\u00e9szet\u00fckn\u00e9l fogva egyediek, \u00edgy m\u00e9retben, alakban \u00e9s sz\u00ednben minim\u00e1lis elt\u00e9r\u00e9sek el<\/strong><strong>\u0151<\/strong><strong>fordulhatnak a k\u00e9pen l\u00e1that\u00f3 \u00e9s a val\u00f3s p\u00e9ld\u00e1nyok k\u00f6z\u00f6tt.<\/strong><\/p>\n<h4><strong>\ud83e\uddfe \u00c1rak \u00e9s el\u00e1ll\u00e1si jog<\/strong><\/h4>\n<ul>\n<li><strong>Az \u00e1rak egy darab\u00a0n\u00f6v\u00e9nyre vonatkoznak.<\/strong><\/li>\n<li><strong>\u00c9l<\/strong><strong>\u0151<\/strong><strong>\u00a0n\u00f6v\u00e9nyek rendel\u00e9se eset\u00e9n a 14 napos el\u00e1ll\u00e1s joga nem \u00e9rv\u00e9nyes\u00edthet<\/strong><strong>\u0151<\/strong><strong>, mivel azok romland\u00f3, biol\u00f3giailag \u00e9l<\/strong><strong>\u0151<\/strong><strong>\u00a0term\u00e9keknek min<\/strong><strong>\u0151<\/strong><strong>s\u00fclnek.<br \/>\n\ud83d\udd12 (17\/1999. (II. 5.) Korm. rendelet 5. \u00a7 c) pontja alapj\u00e1n)<\/strong><\/li>\n<\/ul>\n<h4><strong>\ud83d\udce6 K\u00e9zbes\u00edt\u00e9s ut\u00e1ni teend<\/strong><strong>\u0151<\/strong><strong>k<\/strong><\/h4>\n<p><strong>A k\u00e9zbes\u00edt\u00e9st k\u00f6vet<\/strong><strong>\u0151<\/strong><strong>en a csomagot azonnal bontsuk ki, \u00e9s a n\u00f6v\u00e9nyt helyezz\u00fck el megfelel<\/strong><strong>\u0151<\/strong><strong>\u00a0k\u00f6rnyezetben.<br \/>\nFontos: ha a n\u00f6v\u00e9ny nem r\u00e9szes\u00fcl megfelel<\/strong><strong>\u0151<\/strong><strong>\u00a0gondoz\u00e1sban \u00e9s ennek k\u00f6vetkezt\u00e9ben k\u00e1rosodik vagy elpusztul, felel<\/strong><strong>\u0151<\/strong><strong>ss\u00e9get nem tudunk v\u00e1llalni.<\/strong><\/p>","protected":false},"excerpt":{"rendered":"<p>A <strong data-start=\"700\" data-end=\"734\">pek\u00e1ndi\u00f3 (Carya illinoinensis)<\/strong> egy k\u00fcl\u00f6nleges, <strong data-start=\"751\" data-end=\"779\">\u00e9des, olajos magv\u00fa di\u00f3fa<\/strong>, amely <strong data-start=\"787\" data-end=\"819\">hazai kl\u00edm\u00e1n is j\u00f3l tarthat\u00f3<\/strong>. Nagy, sima h\u00e9j\u00fa, hossz\u00fak\u00e1s term\u00e9se \u00edzletes \u00e9s k\u00f6nnyen tiszt\u00edthat\u00f3. L\u00e1tv\u00e1nyos lombhullat\u00f3 fa, amely <strong data-start=\"920\" data-end=\"962\">term\u00e9s\u00e9vel \u00e9s d\u00edsz\u00e9rt\u00e9k\u00e9vel is \u00e9rt\u00e9kes<\/strong>.<\/p>\n<p>M\u00e9rete: 15\/20cm magas, 1,5 literes kont\u00e9nerben.<\/p>","protected":false},"featured_media":24935,"template":"","meta":{"_et_pb_use_builder":"","_et_pb_old_content":"","_et_gb_content_width":""},"product_brand":[],"product_cat":[5302],"product_tag":[7433,7221,7436,7434,5137,7437,7027,7435,7432,7024],"class_list":{"0":"post-25134","1":"product","2":"type-product","3":"status-publish","4":"has-post-thumbnail","6":"product_cat-diofa","7":"product_tag-amerikai-dio","8":"product_tag-carya-illinoinensis","9":"product_tag-csemete","10":"product_tag-dio-palanta","11":"product_tag-diofa","12":"product_tag-edes-dio","13":"product_tag-fagyallo-dio","14":"product_tag-gyumolcstermo-fa","15":"product_tag-kulonleges-gyumolcsfa","16":"product_tag-pekandio","18":"first","19":"outofstock","20":"shipping-taxable","21":"product-type-simple"},"yoast_head":"<!-- This site is optimized with the Yoast SEO plugin v27.5 - https:\/\/yoast.com\/product\/yoast-seo-wordpress\/ -->\n<title>Carya illinoinensis \u2013 Pek\u00e1ndi\u00f3 - T\u00e1jkert\u00e9sz<\/title>\n<meta name=\"description\" content=\"Carya illinoinensis \u2013 Pek\u00e1ndi\u00f3 \u00e9des, v\u00e9kony h\u00e9j\u00fa term\u00e9ssel. D\u00edsz- \u00e9s gy\u00fcm\u00f6lcsfa egyben, hazai kl\u00edm\u00e1ra is ide\u00e1lis. Gyors sz\u00e1ll\u00edt\u00e1s, kiv\u00e1l\u00f3 min\u0151s\u00e9g!\" \/>\n<meta name=\"robots\" content=\"index, follow, max-snippet:-1, max-image-preview:large, max-video-preview:-1\" \/>\n<link rel=\"canonical\" href=\"https:\/\/tajkertesz.com\/en_US\/product\/carya-illinoinensis-pekandio\/\" \/>\n<meta property=\"og:locale\" content=\"en_US\" \/>\n<meta property=\"og:type\" content=\"article\" \/>\n<meta property=\"og:title\" content=\"Carya illinoinensis \u2013 Pek\u00e1ndi\u00f3 - T\u00e1jkert\u00e9sz\" \/>\n<meta property=\"og:description\" content=\"Carya illinoinensis \u2013 Pek\u00e1ndi\u00f3 \u00e9des, v\u00e9kony h\u00e9j\u00fa term\u00e9ssel. D\u00edsz- \u00e9s gy\u00fcm\u00f6lcsfa egyben, hazai kl\u00edm\u00e1ra is ide\u00e1lis. Gyors sz\u00e1ll\u00edt\u00e1s, kiv\u00e1l\u00f3 min\u0151s\u00e9g!\" \/>\n<meta property=\"og:url\" content=\"https:\/\/tajkertesz.com\/en_US\/product\/carya-illinoinensis-pekandio\/\" \/>\n<meta property=\"og:site_name\" content=\"T\u00e1jkert\u00e9sz\" \/>\n<meta property=\"article:publisher\" content=\"https:\/\/www.facebook.com\/Tajkertesz\/\" \/>\n<meta property=\"article:modified_time\" content=\"2026-02-27T14:21:35+00:00\" \/>\n<meta property=\"og:image\" content=\"https:\/\/tajkertesz.com\/wp-content\/uploads\/2025\/10\/Carya-illinoinensis-Choctaw-Noix-de-Pecan-Pacanier-copyright-1003561-3.jpg\" \/>\n\t<meta property=\"og:image:width\" content=\"425\" \/>\n\t<meta property=\"og:image:height\" content=\"404\" \/>\n\t<meta property=\"og:image:type\" content=\"image\/jpeg\" \/>\n<meta name=\"twitter:card\" content=\"summary_large_image\" \/>\n<meta name=\"twitter:label1\" content=\"Est. reading time\" \/>\n\t<meta name=\"twitter:data1\" content=\"3 minutes\" \/>\n<script type=\"application\/ld+json\" class=\"yoast-schema-graph\">{\"@context\":\"https:\\\/\\\/schema.org\",\"@graph\":[{\"@type\":\"WebPage\",\"@id\":\"https:\\\/\\\/tajkertesz.com\\\/termek\\\/carya-illinoinensis-pekandio\\\/\",\"url\":\"https:\\\/\\\/tajkertesz.com\\\/termek\\\/carya-illinoinensis-pekandio\\\/\",\"name\":\"Carya illinoinensis \u2013 Pek\u00e1ndi\u00f3 - T\u00e1jkert\u00e9sz\",\"isPartOf\":{\"@id\":\"https:\\\/\\\/tajkertesz.com\\\/#website\"},\"primaryImageOfPage\":{\"@id\":\"https:\\\/\\\/tajkertesz.com\\\/termek\\\/carya-illinoinensis-pekandio\\\/#primaryimage\"},\"image\":{\"@id\":\"https:\\\/\\\/tajkertesz.com\\\/termek\\\/carya-illinoinensis-pekandio\\\/#primaryimage\"},\"thumbnailUrl\":\"https:\\\/\\\/tajkertesz.com\\\/wp-content\\\/uploads\\\/2025\\\/10\\\/Carya-illinoinensis-Choctaw-Noix-de-Pecan-Pacanier-copyright-1003561-3.jpg\",\"datePublished\":\"2025-10-31T11:30:53+00:00\",\"dateModified\":\"2026-02-27T14:21:35+00:00\",\"description\":\"Carya illinoinensis \u2013 Pek\u00e1ndi\u00f3 \u00e9des, v\u00e9kony h\u00e9j\u00fa term\u00e9ssel. D\u00edsz- \u00e9s gy\u00fcm\u00f6lcsfa egyben, hazai kl\u00edm\u00e1ra is ide\u00e1lis. Gyors sz\u00e1ll\u00edt\u00e1s, kiv\u00e1l\u00f3 min\u0151s\u00e9g!\",\"breadcrumb\":{\"@id\":\"https:\\\/\\\/tajkertesz.com\\\/termek\\\/carya-illinoinensis-pekandio\\\/#breadcrumb\"},\"inLanguage\":\"en-US\",\"potentialAction\":[{\"@type\":\"ReadAction\",\"target\":[\"https:\\\/\\\/tajkertesz.com\\\/termek\\\/carya-illinoinensis-pekandio\\\/\"]}]},{\"@type\":\"ImageObject\",\"inLanguage\":\"en-US\",\"@id\":\"https:\\\/\\\/tajkertesz.com\\\/termek\\\/carya-illinoinensis-pekandio\\\/#primaryimage\",\"url\":\"https:\\\/\\\/tajkertesz.com\\\/wp-content\\\/uploads\\\/2025\\\/10\\\/Carya-illinoinensis-Choctaw-Noix-de-Pecan-Pacanier-copyright-1003561-3.jpg\",\"contentUrl\":\"https:\\\/\\\/tajkertesz.com\\\/wp-content\\\/uploads\\\/2025\\\/10\\\/Carya-illinoinensis-Choctaw-Noix-de-Pecan-Pacanier-copyright-1003561-3.jpg\",\"width\":425,\"height\":404,\"caption\":\"Carya illinoinensis 'Choctaw' \u2013 Pek\u00e1ndi\u00f3\"},{\"@type\":\"BreadcrumbList\",\"@id\":\"https:\\\/\\\/tajkertesz.com\\\/termek\\\/carya-illinoinensis-pekandio\\\/#breadcrumb\",\"itemListElement\":[{\"@type\":\"ListItem\",\"position\":1,\"name\":\"Home\",\"item\":\"https:\\\/\\\/tajkertesz.com\\\/\"},{\"@type\":\"ListItem\",\"position\":2,\"name\":\"Kezd\u0151lap\",\"item\":\"https:\\\/\\\/tajkertesz.com\\\/\"},{\"@type\":\"ListItem\",\"position\":3,\"name\":\"Carya illinoinensis \u2013 Pek\u00e1ndi\u00f3\"}]},{\"@type\":\"WebSite\",\"@id\":\"https:\\\/\\\/tajkertesz.com\\\/#website\",\"url\":\"https:\\\/\\\/tajkertesz.com\\\/\",\"name\":\"T\u00e1j-Kert\u00e9sz 84 Kft.\",\"description\":\"Kert\u00e9szeti kis- \u00e9s nagykeresked\u00e9s, D\u00edszn\u00f6v\u00e9ny web\u00e1ruh\u00e1z orsz\u00e1gos h\u00e1zhozsz\u00e1ll\u00edt\u00e1ssal!\",\"publisher\":{\"@id\":\"https:\\\/\\\/tajkertesz.com\\\/#organization\"},\"potentialAction\":[{\"@type\":\"SearchAction\",\"target\":{\"@type\":\"EntryPoint\",\"urlTemplate\":\"https:\\\/\\\/tajkertesz.com\\\/?s={search_term_string}\"},\"query-input\":{\"@type\":\"PropertyValueSpecification\",\"valueRequired\":true,\"valueName\":\"search_term_string\"}}],\"inLanguage\":\"en-US\"},{\"@type\":\"Organization\",\"@id\":\"https:\\\/\\\/tajkertesz.com\\\/#organization\",\"name\":\"T\u00e1j-Kert\u00e9sz 84 Kft.\",\"url\":\"https:\\\/\\\/tajkertesz.com\\\/\",\"logo\":{\"@type\":\"ImageObject\",\"inLanguage\":\"en-US\",\"@id\":\"https:\\\/\\\/tajkertesz.com\\\/#\\\/schema\\\/logo\\\/image\\\/\",\"url\":\"https:\\\/\\\/tajkertesz.com\\\/wp-content\\\/uploads\\\/2018\\\/02\\\/logo-2-e1518678052539.png\",\"contentUrl\":\"https:\\\/\\\/tajkertesz.com\\\/wp-content\\\/uploads\\\/2018\\\/02\\\/logo-2-e1518678052539.png\",\"width\":81,\"height\":140,\"caption\":\"T\u00e1j-Kert\u00e9sz 84 Kft.\"},\"image\":{\"@id\":\"https:\\\/\\\/tajkertesz.com\\\/#\\\/schema\\\/logo\\\/image\\\/\"},\"sameAs\":[\"https:\\\/\\\/www.facebook.com\\\/Tajkertesz\\\/\"]}]}<\/script>\n<!-- \/ Yoast SEO plugin. -->","yoast_head_json":{"title":"Carya illinoinensis \u2013 Pek\u00e1ndi\u00f3 - T\u00e1jkert\u00e9sz","description":"Carya illinoinensis \u2013 Pek\u00e1ndi\u00f3 \u00e9des, v\u00e9kony h\u00e9j\u00fa term\u00e9ssel. D\u00edsz- \u00e9s gy\u00fcm\u00f6lcsfa egyben, hazai kl\u00edm\u00e1ra is ide\u00e1lis. Gyors sz\u00e1ll\u00edt\u00e1s, kiv\u00e1l\u00f3 min\u0151s\u00e9g!","robots":{"index":"index","follow":"follow","max-snippet":"max-snippet:-1","max-image-preview":"max-image-preview:large","max-video-preview":"max-video-preview:-1"},"canonical":"https:\/\/tajkertesz.com\/en_US\/product\/carya-illinoinensis-pekandio\/","og_locale":"en_US","og_type":"article","og_title":"Carya illinoinensis \u2013 Pek\u00e1ndi\u00f3 - T\u00e1jkert\u00e9sz","og_description":"Carya illinoinensis \u2013 Pek\u00e1ndi\u00f3 \u00e9des, v\u00e9kony h\u00e9j\u00fa term\u00e9ssel. D\u00edsz- \u00e9s gy\u00fcm\u00f6lcsfa egyben, hazai kl\u00edm\u00e1ra is ide\u00e1lis. Gyors sz\u00e1ll\u00edt\u00e1s, kiv\u00e1l\u00f3 min\u0151s\u00e9g!","og_url":"https:\/\/tajkertesz.com\/en_US\/product\/carya-illinoinensis-pekandio\/","og_site_name":"T\u00e1jkert\u00e9sz","article_publisher":"https:\/\/www.facebook.com\/Tajkertesz\/","article_modified_time":"2026-02-27T14:21:35+00:00","og_image":[{"width":425,"height":404,"url":"https:\/\/tajkertesz.com\/wp-content\/uploads\/2025\/10\/Carya-illinoinensis-Choctaw-Noix-de-Pecan-Pacanier-copyright-1003561-3.jpg","type":"image\/jpeg"}],"twitter_card":"summary_large_image","twitter_misc":{"Est. reading time":"3 minutes"},"schema":{"@context":"https:\/\/schema.org","@graph":[{"@type":"WebPage","@id":"https:\/\/tajkertesz.com\/termek\/carya-illinoinensis-pekandio\/","url":"https:\/\/tajkertesz.com\/termek\/carya-illinoinensis-pekandio\/","name":"Carya illinoinensis \u2013 Pek\u00e1ndi\u00f3 - T\u00e1jkert\u00e9sz","isPartOf":{"@id":"https:\/\/tajkertesz.com\/#website"},"primaryImageOfPage":{"@id":"https:\/\/tajkertesz.com\/termek\/carya-illinoinensis-pekandio\/#primaryimage"},"image":{"@id":"https:\/\/tajkertesz.com\/termek\/carya-illinoinensis-pekandio\/#primaryimage"},"thumbnailUrl":"https:\/\/tajkertesz.com\/wp-content\/uploads\/2025\/10\/Carya-illinoinensis-Choctaw-Noix-de-Pecan-Pacanier-copyright-1003561-3.jpg","datePublished":"2025-10-31T11:30:53+00:00","dateModified":"2026-02-27T14:21:35+00:00","description":"Carya illinoinensis \u2013 Pek\u00e1ndi\u00f3 \u00e9des, v\u00e9kony h\u00e9j\u00fa term\u00e9ssel. D\u00edsz- \u00e9s gy\u00fcm\u00f6lcsfa egyben, hazai kl\u00edm\u00e1ra is ide\u00e1lis. Gyors sz\u00e1ll\u00edt\u00e1s, kiv\u00e1l\u00f3 min\u0151s\u00e9g!","breadcrumb":{"@id":"https:\/\/tajkertesz.com\/termek\/carya-illinoinensis-pekandio\/#breadcrumb"},"inLanguage":"en-US","potentialAction":[{"@type":"ReadAction","target":["https:\/\/tajkertesz.com\/termek\/carya-illinoinensis-pekandio\/"]}]},{"@type":"ImageObject","inLanguage":"en-US","@id":"https:\/\/tajkertesz.com\/termek\/carya-illinoinensis-pekandio\/#primaryimage","url":"https:\/\/tajkertesz.com\/wp-content\/uploads\/2025\/10\/Carya-illinoinensis-Choctaw-Noix-de-Pecan-Pacanier-copyright-1003561-3.jpg","contentUrl":"https:\/\/tajkertesz.com\/wp-content\/uploads\/2025\/10\/Carya-illinoinensis-Choctaw-Noix-de-Pecan-Pacanier-copyright-1003561-3.jpg","width":425,"height":404,"caption":"Carya illinoinensis 'Choctaw' \u2013 Pek\u00e1ndi\u00f3"},{"@type":"BreadcrumbList","@id":"https:\/\/tajkertesz.com\/termek\/carya-illinoinensis-pekandio\/#breadcrumb","itemListElement":[{"@type":"ListItem","position":1,"name":"Home","item":"https:\/\/tajkertesz.com\/"},{"@type":"ListItem","position":2,"name":"Kezd\u0151lap","item":"https:\/\/tajkertesz.com\/"},{"@type":"ListItem","position":3,"name":"Carya illinoinensis \u2013 Pek\u00e1ndi\u00f3"}]},{"@type":"WebSite","@id":"https:\/\/tajkertesz.com\/#website","url":"https:\/\/tajkertesz.com\/","name":"T\u00e1j-Kert\u00e9sz 84 Kft.","description":"Kert\u00e9szeti kis- \u00e9s nagykeresked\u00e9s, D\u00edszn\u00f6v\u00e9ny web\u00e1ruh\u00e1z orsz\u00e1gos h\u00e1zhozsz\u00e1ll\u00edt\u00e1ssal!","publisher":{"@id":"https:\/\/tajkertesz.com\/#organization"},"potentialAction":[{"@type":"SearchAction","target":{"@type":"EntryPoint","urlTemplate":"https:\/\/tajkertesz.com\/?s={search_term_string}"},"query-input":{"@type":"PropertyValueSpecification","valueRequired":true,"valueName":"search_term_string"}}],"inLanguage":"en-US"},{"@type":"Organization","@id":"https:\/\/tajkertesz.com\/#organization","name":"T\u00e1j-Kert\u00e9sz 84 Kft.","url":"https:\/\/tajkertesz.com\/","logo":{"@type":"ImageObject","inLanguage":"en-US","@id":"https:\/\/tajkertesz.com\/#\/schema\/logo\/image\/","url":"https:\/\/tajkertesz.com\/wp-content\/uploads\/2018\/02\/logo-2-e1518678052539.png","contentUrl":"https:\/\/tajkertesz.com\/wp-content\/uploads\/2018\/02\/logo-2-e1518678052539.png","width":81,"height":140,"caption":"T\u00e1j-Kert\u00e9sz 84 Kft."},"image":{"@id":"https:\/\/tajkertesz.com\/#\/schema\/logo\/image\/"},"sameAs":["https:\/\/www.facebook.com\/Tajkertesz\/"]}]}},"_links":{"self":[{"href":"https:\/\/tajkertesz.com\/en_US\/wp-json\/wp\/v2\/product\/25134","targetHints":{"allow":["GET"]}}],"collection":[{"href":"https:\/\/tajkertesz.com\/en_US\/wp-json\/wp\/v2\/product"}],"about":[{"href":"https:\/\/tajkertesz.com\/en_US\/wp-json\/wp\/v2\/types\/product"}],"wp:featuredmedia":[{"embeddable":true,"href":"https:\/\/tajkertesz.com\/en_US\/wp-json\/wp\/v2\/media\/24935"}],"wp:attachment":[{"href":"https:\/\/tajkertesz.com\/en_US\/wp-json\/wp\/v2\/media?parent=25134"}],"wp:term":[{"taxonomy":"product_brand","embeddable":true,"href":"https:\/\/tajkertesz.com\/en_US\/wp-json\/wp\/v2\/product_brand?post=25134"},{"taxonomy":"product_cat","embeddable":true,"href":"https:\/\/tajkertesz.com\/en_US\/wp-json\/wp\/v2\/product_cat?post=25134"},{"taxonomy":"product_tag","embeddable":true,"href":"https:\/\/tajkertesz.com\/en_US\/wp-json\/wp\/v2\/product_tag?post=25134"}],"curies":[{"name":"wp","href":"https:\/\/api.w.org\/{rel}","templated":true}]}}