{"id":25452,"date":"2025-11-29T14:22:16","date_gmt":"2025-11-29T14:22:16","guid":{"rendered":"https:\/\/tajkertesz.com\/?post_type=product&#038;p=25452"},"modified":"2026-02-24T13:15:38","modified_gmt":"2026-02-24T13:15:38","slug":"ilex-verticillata-mocsari-magyal-2","status":"publish","type":"product","link":"https:\/\/tajkertesz.com\/en_US\/product\/ilex-verticillata-mocsari-magyal-2\/","title":{"rendered":"Ilex verticillata &#8211; Mocs\u00e1ri magyal"},"content":{"rendered":"<h1>Ilex verticillata &#8211; Mocs\u00e1ri magyal<\/h1>\n<p data-start=\"1107\" data-end=\"1370\">Az Ilex verticillata &#8211; Mocs\u00e1ri magyal egy lombhullat\u00f3 d\u00edszcserje, amely k\u00fcl\u00f6n\u00f6sen a t\u00e9li h\u00f3napokban ny\u00fajt l\u00e1tv\u00e1nyos megjelen\u00e9st \u00e9l\u00e9nkpiros bogy\u00f3ival. Ez a dekorat\u00edv n\u00f6v\u00e9ny ide\u00e1lis v\u00e1laszt\u00e1s kertek, parkok vagy ak\u00e1r t\u00e9li dekor\u00e1ci\u00f3k sz\u00ednes\u00edt\u00e9s\u00e9re.<\/p>\n<p data-start=\"1372\" data-end=\"1628\">A t\u00e9li bogy\u00f3 rendk\u00edv\u00fcl ellen\u00e1ll\u00f3, j\u00f3l b\u00edrja a hideget, \u00e9s szereti a nedves, savany\u00fa talajt. Tavasszal z\u00f6ld lombozattal d\u00edsz\u00edt, m\u00edg \u0151sszel lehullajtott levelei ut\u00e1n a bogy\u00f3k m\u00e9g h\u00f3napokig a n\u00f6v\u00e9nyen maradnak, vonzva a madarakat \u00e9s \u00e9letet hozva a t\u00e9li t\u00e1jba.<\/p>\n<h4 data-start=\"1630\" data-end=\"1649\">F\u0151bb jellemz\u0151k:<\/h4>\n<ul data-start=\"1650\" data-end=\"1913\">\n<li data-start=\"1650\" data-end=\"1677\">\n<p data-start=\"1652\" data-end=\"1677\"><strong data-start=\"1652\" data-end=\"1664\">Magass\u00e1g<\/strong>: 1,5\u20133 m\u00e9ter<\/p>\n<\/li>\n<li data-start=\"1678\" data-end=\"1728\">\n<p data-start=\"1680\" data-end=\"1728\"><strong data-start=\"1680\" data-end=\"1692\">Vir\u00e1gz\u00e1s<\/strong>: j\u00fanius\u2013j\u00falius (apr\u00f3 feh\u00e9r vir\u00e1gok)<\/p>\n<\/li>\n<li data-start=\"1729\" data-end=\"1779\">\n<p data-start=\"1731\" data-end=\"1779\"><strong data-start=\"1731\" data-end=\"1741\">Term\u00e9s<\/strong>: f\u00e9nyes, piros bogy\u00f3k \u0151sszel \u00e9s t\u00e9len<\/p>\n<\/li>\n<li data-start=\"1780\" data-end=\"1824\">\n<p data-start=\"1782\" data-end=\"1824\"><strong data-start=\"1782\" data-end=\"1795\">F\u00e9nyig\u00e9ny<\/strong>: napos vagy f\u00e9l\u00e1rny\u00e9kos hely<\/p>\n<\/li>\n<li data-start=\"1825\" data-end=\"1877\">\n<p data-start=\"1827\" data-end=\"1877\"><strong data-start=\"1827\" data-end=\"1836\">Talaj<\/strong>: savany\u00fa, nedves, j\u00f3 v\u00edzelvezet\u00e9s\u0171 talaj<\/p>\n<\/li>\n<li data-start=\"1878\" data-end=\"1913\">\n<p data-start=\"1880\" data-end=\"1913\"><strong data-start=\"1880\" data-end=\"1894\">T\u00e9l\u00e1ll\u00f3s\u00e1g<\/strong>: kiv\u00e1l\u00f3 (-30\u00b0C-ig)<\/p>\n<\/li>\n<\/ul>\n<p data-start=\"1915\" data-end=\"2068\"><strong data-start=\"1915\" data-end=\"1923\">Tipp<\/strong>: A bogy\u00f3k kialakul\u00e1s\u00e1hoz sz\u00fcks\u00e9g van h\u00edm \u00e9s n\u0151ivar\u00fa p\u00e9ld\u00e1nyokra is. A beporz\u00e1s \u00e9rdek\u00e9ben legal\u00e1bb egy h\u00edm egyedet is \u00e9rdemes \u00fcltetni a k\u00f6zel\u00e9be.<\/p>\n<p data-start=\"2070\" data-end=\"2190\">Ez a n\u00f6v\u00e9ny nemcsak eszt\u00e9tikai \u00e9lm\u00e9nyt ny\u00fajt, de a biodiverzit\u00e1st is seg\u00edti \u2013 ide\u00e1lis v\u00e1laszt\u00e1s term\u00e9szetbar\u00e1t kertekbe!<\/p>\n<p data-start=\"2070\" data-end=\"2190\">N\u0151 ivar\u00fa fajt\u00e1k:<\/p>\n<p data-start=\"2070\" data-end=\"2190\">Ilex verticillata &#8216;Winter Red&#8217; Gy\u00fcm\u00f6lcse narancsv\u00f6r\u00f6s<br \/>\nIlex verticillata &#8216;Afterglow&#8217; Gy\u00fcm\u00f6lcse narancsv\u00f6r\u00f6s<br \/>\nIlex verticillata &#8216;Red Sprite&#8217; Nagy, piros gy\u00fcm\u00f6lcs<br \/>\nIlex verticillata &#8216;Spravy&#8217; &#8222;Berry Heavy&#8221; Gy\u00fcm\u00f6lcse narancsv\u00f6r\u00f6s<br \/>\nIlex verticillata &#8216;Spriber&#8217; &#8222;Berry Nice&#8221; \u00c9l\u00e9nk piros gy\u00fcm\u00f6lcs<br \/>\nIlex verticillata &#8216;Winter Gold&#8217; A gy\u00fcm\u00f6lcs narancss\u00e1rga.<\/p>\n<p data-start=\"2070\" data-end=\"2190\">H\u00edm ivar\u00fa fajt\u00e1k (beporz\u00f3; nincs gy\u00fcm\u00f6lcs)<\/p>\n<p data-start=\"2070\" data-end=\"2190\">Ilex verticillata &#8216;Southern Gentleman&#8217;<br \/>\nIlex verticillata &#8222;Jim Dandy&#8221;<\/p>\n<h4><strong>\ud83d\udd04 K\u00e9szletinform\u00e1ci\u00f3<\/strong><\/h4>\n<p><strong>K\u00e9szlet\u00fcnk napi szinten v\u00e1ltozik, \u00edgy a webshopban szerepl<\/strong><strong>\u0151<\/strong><strong>\u00a0term\u00e9kek el\u00e9rhet<\/strong><strong>\u0151<\/strong><strong>s\u00e9ge nem garant\u00e1lt.<br \/>\n\ud83d\udcde A megrendel\u00e9s el<\/strong><strong>\u0151<\/strong><strong>tt k\u00e9rj\u00fck, \u00e9rdekl<\/strong><strong>\u0151<\/strong><strong>dj\u00f6n szem\u00e9lyesen, telefonon vagy e-mailben!<\/strong><\/p>\n<h4><strong>\u27a1\ufe0f Kapcsolat:<\/strong><\/h4>\n<ul>\n<li><strong>Weboldal:\u00a0<\/strong><a href=\"https:\/\/tajkertesz.com\/\"><strong>tajkertesz.com<\/strong><\/a><\/li>\n<li><strong>Facebook:\u00a0<\/strong><a href=\"https:\/\/www.facebook.com\/tajkertesz\/\"><strong>facebook.com\/tajkertesz<\/strong><\/a><\/li>\n<li><strong>Telefonsz\u00e1m, e-mail: +36\/20-319-3770\u00a0<\/strong><a href=\"mailto:tajkerteszaruda@gmail.com\"><strong>tajkerteszaruda@gmail.com<\/strong><\/a><\/li>\n<\/ul>\n<h4><strong>\ud83d\ude9a Sz\u00e1ll\u00edt\u00e1si inform\u00e1ci\u00f3k<\/strong><\/h4>\n<p><strong>A megrendelt n\u00f6v\u00e9nyek kisz\u00e1ll\u00edt\u00e1sa az al\u00e1bbi felt\u00e9telek mellett t\u00f6rt\u00e9nik:<\/strong><\/p>\n<h4><strong>\ud83d\udce6 Fut\u00e1rszolg\u00e1latos sz\u00e1ll\u00edt\u00e1s<\/strong><\/h4>\n<ul>\n<li><strong>Maxim\u00e1lis m\u00e9ret: 200 cm (hossz\u00fas\u00e1g)<\/strong><\/li>\n<li><strong>Maxim\u00e1lis s\u00faly: 40 kg<\/strong><\/li>\n<li><strong>Az enn\u00e9l kisebb \u00e9s k\u00f6nnyebb csomagokat fut\u00e1rszolg\u00e1lattal k\u00e9zbes\u00edtj\u00fck a lehet<\/strong><strong>\u0151<\/strong><strong>\u00a0legbiztons\u00e1gosabb csomagol\u00e1sban.<\/strong><\/li>\n<\/ul>\n<h4><strong>\ud83d\udefb Szem\u00e9lyes \u00e1tv\u00e9tel<\/strong><\/h4>\n<ul>\n<li><strong>1173 Budapest, Bakancsos utca 7. sz\u00e1m alatt nyitvatart\u00e1si id<\/strong><strong>\u0151<\/strong><strong>ben szem\u00e9lyesen \u00e1tvehet<\/strong><strong>\u0151<\/strong><strong>\u00a0kert\u00e9szeti \u00e1rud\u00e1nkban.<\/strong><\/li>\n<li><strong>K\u00f6lts\u00e9ghat\u00e9kony megold\u00e1s nagyobb, t\u00f6r\u00e9kenyebb vagy t\u00falm\u00e9retes n\u00f6v\u00e9nyek eset\u00e9n.<\/strong><\/li>\n<\/ul>\n<h4><strong>\ud83d\udcde Nagy m\u00e9ret<\/strong><strong>\u0171<\/strong><strong>\u00a0vagy s\u00faly\u00fa n\u00f6v\u00e9nyek eset\u00e9n<\/strong><\/h4>\n<p><strong>Ha a term\u00e9k:<\/strong><\/p>\n<ul>\n<li><strong>meghaladja a 200 cm hossz\u00fas\u00e1got vagy<\/strong><\/li>\n<li><strong>meghaladja a 40 kg s\u00falyt,<\/strong><\/li>\n<\/ul>\n<p><strong>akkor szem\u00e9lyes \u00e1tv\u00e9tellel vagy egyedi, el<\/strong><strong>\u0151<\/strong><strong>re egyeztetett sz\u00e1ll\u00edt\u00e1si felt\u00e9telek mellett t\u00f6rt\u00e9nik.<br \/>\nK\u00e9rj\u00fck, ilyen esetben rendel\u00e9s el<\/strong><strong>\u0151<\/strong><strong>tt vegye fel vel\u00fcnk a kapcsolatot, hogy a lehet<\/strong><strong>\u0151<\/strong><strong>\u00a0legmegfelel<\/strong><strong>\u0151<\/strong><strong>bb sz\u00e1ll\u00edt\u00e1si megold\u00e1st k\u00edn\u00e1lhassuk.<\/strong><\/p>\n<p><strong>\ud83d\udd14 Fontos: A n\u00f6v\u00e9nyeket minden esetben igyeksz\u00fcnk gondosan, egyes\u00e9vel csomagolni, azonban a sz\u00e1ll\u00edt\u00e1s sor\u00e1n kisebb eszt\u00e9tikai s\u00e9r\u00fcl\u00e9sek el<\/strong><strong>\u0151<\/strong><strong>fordulhatnak (pl. lev\u00e9lhull\u00e1s). Ez nem min<\/strong><strong>\u0151<\/strong><strong>s\u00fcl hib\u00e1s teljes\u00edt\u00e9snek.<\/strong><\/p>\n<h4><strong>\ud83d\udcf7 Fontos tudni a k\u00e9pekr<\/strong><strong>\u0151<\/strong><strong>l<\/strong><\/h4>\n<p><strong>A webshopban szerepl<\/strong><strong>\u0151<\/strong><strong>\u00a0k\u00e9pek illusztr\u00e1ci\u00f3k, a n\u00f6v\u00e9nyek term\u00e9szet\u00fckn\u00e9l fogva egyediek, \u00edgy m\u00e9retben, alakban \u00e9s sz\u00ednben minim\u00e1lis elt\u00e9r\u00e9sek el<\/strong><strong>\u0151<\/strong><strong>fordulhatnak a k\u00e9pen l\u00e1that\u00f3 \u00e9s a val\u00f3s p\u00e9ld\u00e1nyok k\u00f6z\u00f6tt.<\/strong><\/p>\n<h4><strong>\ud83e\uddfe \u00c1rak \u00e9s el\u00e1ll\u00e1si jog<\/strong><\/h4>\n<ul>\n<li><strong>Az \u00e1rak egy darab\u00a0n\u00f6v\u00e9nyre vonatkoznak.<\/strong><\/li>\n<li><strong>\u00c9l<\/strong><strong>\u0151<\/strong><strong>\u00a0n\u00f6v\u00e9nyek rendel\u00e9se eset\u00e9n a 14 napos el\u00e1ll\u00e1s joga nem \u00e9rv\u00e9nyes\u00edthet<\/strong><strong>\u0151<\/strong><strong>, mivel azok romland\u00f3, biol\u00f3giailag \u00e9l<\/strong><strong>\u0151<\/strong><strong>\u00a0term\u00e9keknek min<\/strong><strong>\u0151<\/strong><strong>s\u00fclnek.<br \/>\n\ud83d\udd12 (17\/1999. (II. 5.) Korm. rendelet 5. \u00a7 c) pontja alapj\u00e1n)<\/strong><\/li>\n<\/ul>\n<h4><strong>\ud83d\udce6 K\u00e9zbes\u00edt\u00e9s ut\u00e1ni teend<\/strong><strong>\u0151<\/strong><strong>k<\/strong><\/h4>\n<p><strong>A k\u00e9zbes\u00edt\u00e9st k\u00f6vet<\/strong><strong>\u0151<\/strong><strong>en a csomagot azonnal bontsuk ki, \u00e9s a n\u00f6v\u00e9nyt helyezz\u00fck el megfelel<\/strong><strong>\u0151<\/strong><strong>\u00a0k\u00f6rnyezetben.<br \/>\nFontos: ha a n\u00f6v\u00e9ny nem r\u00e9szes\u00fcl megfelel<\/strong><strong>\u0151<\/strong><strong>\u00a0gondoz\u00e1sban \u00e9s ennek k\u00f6vetkezt\u00e9ben k\u00e1rosodik vagy elpusztul, felel<\/strong><strong>\u0151<\/strong><strong>ss\u00e9get nem tudunk v\u00e1llalni.<\/strong><\/p>\n<p><strong>\u00a0<\/strong><\/p>","protected":false},"excerpt":{"rendered":"<p>Lombhullat\u00f3 d\u00edszcserje \u00e9l\u00e9nkpiros bogy\u00f3kkal, ide\u00e1lis t\u00e9li dekor\u00e1ci\u00f3hoz. Ig\u00e9nytelen, t\u00e9l\u00e1ll\u00f3 n\u00f6v\u00e9ny, napos vagy f\u00e9l\u00e1rny\u00e9kos helyre.<\/p>\n<p>M\u00e9rete:50-55 cm magas, 2 literes kont\u00e9nerben.<\/p>","protected":false},"featured_media":25453,"template":"","meta":{"_et_pb_use_builder":"","_et_pb_old_content":"","_et_gb_content_width":""},"product_brand":[],"product_cat":[27],"product_tag":[7269,5849,7266,5915,6179,6553,6519,5879,7267,7268],"class_list":{"0":"post-25452","1":"product","2":"type-product","3":"status-publish","4":"has-post-thumbnail","6":"product_cat-cserjek","7":"product_tag-dekorativ-cserje","8":"product_tag-diszcserje","9":"product_tag-ilex-verticillata","10":"product_tag-lombhullato-diszcserje","11":"product_tag-madarbarat-kert","12":"product_tag-piros-bogyos-noveny","13":"product_tag-savanyu-talajt-kedvelo-noveny","14":"product_tag-telallo-noveny","15":"product_tag-teli-bogyo","16":"product_tag-winterberry","18":"first","19":"instock","20":"sale","21":"shipping-taxable","22":"purchasable","23":"product-type-simple"},"yoast_head":"<!-- This site is optimized with the Yoast SEO plugin v27.4 - https:\/\/yoast.com\/product\/yoast-seo-wordpress\/ -->\n<title>Ilex verticillata - Mocs\u00e1ri magyal - T\u00e1jkert\u00e9sz<\/title>\n<meta name=\"description\" content=\"L\u00e1tv\u00e1nyos d\u00edszcserje piros bogy\u00f3kkal \u2013 az Ilex verticillata - Mocs\u00e1ri magyal t\u00e9l\u00e1ll\u00f3, mad\u00e1rbar\u00e1t n\u00f6v\u00e9ny savany\u00fa talajra. Fedezd fel webshopunkban!\" \/>\n<meta name=\"robots\" content=\"index, follow, max-snippet:-1, max-image-preview:large, max-video-preview:-1\" \/>\n<link rel=\"canonical\" href=\"https:\/\/tajkertesz.com\/en_US\/product\/ilex-verticillata-mocsari-magyal-2\/\" \/>\n<meta property=\"og:locale\" content=\"en_US\" \/>\n<meta property=\"og:type\" content=\"article\" \/>\n<meta property=\"og:title\" content=\"Ilex verticillata - Mocs\u00e1ri magyal - T\u00e1jkert\u00e9sz\" \/>\n<meta property=\"og:description\" content=\"L\u00e1tv\u00e1nyos d\u00edszcserje piros bogy\u00f3kkal \u2013 az Ilex verticillata - Mocs\u00e1ri magyal t\u00e9l\u00e1ll\u00f3, mad\u00e1rbar\u00e1t n\u00f6v\u00e9ny savany\u00fa talajra. Fedezd fel webshopunkban!\" \/>\n<meta property=\"og:url\" content=\"https:\/\/tajkertesz.com\/en_US\/product\/ilex-verticillata-mocsari-magyal-2\/\" \/>\n<meta property=\"og:site_name\" content=\"T\u00e1jkert\u00e9sz\" \/>\n<meta property=\"article:publisher\" content=\"https:\/\/www.facebook.com\/Tajkertesz\/\" \/>\n<meta property=\"article:modified_time\" content=\"2026-02-24T13:15:38+00:00\" \/>\n<meta property=\"og:image\" content=\"https:\/\/tajkertesz.com\/wp-content\/uploads\/2025\/11\/20251129_081148-1-scaled.jpg\" \/>\n\t<meta property=\"og:image:width\" content=\"1386\" \/>\n\t<meta property=\"og:image:height\" content=\"2560\" \/>\n\t<meta property=\"og:image:type\" content=\"image\/jpeg\" \/>\n<meta name=\"twitter:card\" content=\"summary_large_image\" \/>\n<meta name=\"twitter:label1\" content=\"Est. reading time\" \/>\n\t<meta name=\"twitter:data1\" content=\"4 minutes\" \/>\n<script type=\"application\/ld+json\" class=\"yoast-schema-graph\">{\"@context\":\"https:\\\/\\\/schema.org\",\"@graph\":[{\"@type\":\"WebPage\",\"@id\":\"https:\\\/\\\/tajkertesz.com\\\/termek\\\/ilex-verticillata-mocsari-magyal-2\\\/\",\"url\":\"https:\\\/\\\/tajkertesz.com\\\/termek\\\/ilex-verticillata-mocsari-magyal-2\\\/\",\"name\":\"Ilex verticillata - Mocs\u00e1ri magyal - T\u00e1jkert\u00e9sz\",\"isPartOf\":{\"@id\":\"https:\\\/\\\/tajkertesz.com\\\/#website\"},\"primaryImageOfPage\":{\"@id\":\"https:\\\/\\\/tajkertesz.com\\\/termek\\\/ilex-verticillata-mocsari-magyal-2\\\/#primaryimage\"},\"image\":{\"@id\":\"https:\\\/\\\/tajkertesz.com\\\/termek\\\/ilex-verticillata-mocsari-magyal-2\\\/#primaryimage\"},\"thumbnailUrl\":\"https:\\\/\\\/tajkertesz.com\\\/wp-content\\\/uploads\\\/2025\\\/11\\\/20251129_081148-1-scaled.jpg\",\"datePublished\":\"2025-11-29T14:22:16+00:00\",\"dateModified\":\"2026-02-24T13:15:38+00:00\",\"description\":\"L\u00e1tv\u00e1nyos d\u00edszcserje piros bogy\u00f3kkal \u2013 az Ilex verticillata - Mocs\u00e1ri magyal t\u00e9l\u00e1ll\u00f3, mad\u00e1rbar\u00e1t n\u00f6v\u00e9ny savany\u00fa talajra. Fedezd fel webshopunkban!\",\"breadcrumb\":{\"@id\":\"https:\\\/\\\/tajkertesz.com\\\/termek\\\/ilex-verticillata-mocsari-magyal-2\\\/#breadcrumb\"},\"inLanguage\":\"en-US\",\"potentialAction\":[{\"@type\":\"ReadAction\",\"target\":[\"https:\\\/\\\/tajkertesz.com\\\/termek\\\/ilex-verticillata-mocsari-magyal-2\\\/\"]}]},{\"@type\":\"ImageObject\",\"inLanguage\":\"en-US\",\"@id\":\"https:\\\/\\\/tajkertesz.com\\\/termek\\\/ilex-verticillata-mocsari-magyal-2\\\/#primaryimage\",\"url\":\"https:\\\/\\\/tajkertesz.com\\\/wp-content\\\/uploads\\\/2025\\\/11\\\/20251129_081148-1-scaled.jpg\",\"contentUrl\":\"https:\\\/\\\/tajkertesz.com\\\/wp-content\\\/uploads\\\/2025\\\/11\\\/20251129_081148-1-scaled.jpg\",\"width\":1386,\"height\":2560,\"caption\":\"Ilex verticillata - Mocs\u00e1ri magyal\"},{\"@type\":\"BreadcrumbList\",\"@id\":\"https:\\\/\\\/tajkertesz.com\\\/termek\\\/ilex-verticillata-mocsari-magyal-2\\\/#breadcrumb\",\"itemListElement\":[{\"@type\":\"ListItem\",\"position\":1,\"name\":\"Home\",\"item\":\"https:\\\/\\\/tajkertesz.com\\\/\"},{\"@type\":\"ListItem\",\"position\":2,\"name\":\"Kezd\u0151lap\",\"item\":\"https:\\\/\\\/tajkertesz.com\\\/\"},{\"@type\":\"ListItem\",\"position\":3,\"name\":\"Ilex verticillata &#8211; Mocs\u00e1ri magyal\"}]},{\"@type\":\"WebSite\",\"@id\":\"https:\\\/\\\/tajkertesz.com\\\/#website\",\"url\":\"https:\\\/\\\/tajkertesz.com\\\/\",\"name\":\"T\u00e1j-Kert\u00e9sz 84 Kft.\",\"description\":\"Kert\u00e9szeti kis- \u00e9s nagykeresked\u00e9s, D\u00edszn\u00f6v\u00e9ny web\u00e1ruh\u00e1z orsz\u00e1gos h\u00e1zhozsz\u00e1ll\u00edt\u00e1ssal!\",\"publisher\":{\"@id\":\"https:\\\/\\\/tajkertesz.com\\\/#organization\"},\"potentialAction\":[{\"@type\":\"SearchAction\",\"target\":{\"@type\":\"EntryPoint\",\"urlTemplate\":\"https:\\\/\\\/tajkertesz.com\\\/?s={search_term_string}\"},\"query-input\":{\"@type\":\"PropertyValueSpecification\",\"valueRequired\":true,\"valueName\":\"search_term_string\"}}],\"inLanguage\":\"en-US\"},{\"@type\":\"Organization\",\"@id\":\"https:\\\/\\\/tajkertesz.com\\\/#organization\",\"name\":\"T\u00e1j-Kert\u00e9sz 84 Kft.\",\"url\":\"https:\\\/\\\/tajkertesz.com\\\/\",\"logo\":{\"@type\":\"ImageObject\",\"inLanguage\":\"en-US\",\"@id\":\"https:\\\/\\\/tajkertesz.com\\\/#\\\/schema\\\/logo\\\/image\\\/\",\"url\":\"https:\\\/\\\/tajkertesz.com\\\/wp-content\\\/uploads\\\/2018\\\/02\\\/logo-2-e1518678052539.png\",\"contentUrl\":\"https:\\\/\\\/tajkertesz.com\\\/wp-content\\\/uploads\\\/2018\\\/02\\\/logo-2-e1518678052539.png\",\"width\":81,\"height\":140,\"caption\":\"T\u00e1j-Kert\u00e9sz 84 Kft.\"},\"image\":{\"@id\":\"https:\\\/\\\/tajkertesz.com\\\/#\\\/schema\\\/logo\\\/image\\\/\"},\"sameAs\":[\"https:\\\/\\\/www.facebook.com\\\/Tajkertesz\\\/\"]}]}<\/script>\n<!-- \/ Yoast SEO plugin. -->","yoast_head_json":{"title":"Ilex verticillata - Mocs\u00e1ri magyal - T\u00e1jkert\u00e9sz","description":"L\u00e1tv\u00e1nyos d\u00edszcserje piros bogy\u00f3kkal \u2013 az Ilex verticillata - Mocs\u00e1ri magyal t\u00e9l\u00e1ll\u00f3, mad\u00e1rbar\u00e1t n\u00f6v\u00e9ny savany\u00fa talajra. Fedezd fel webshopunkban!","robots":{"index":"index","follow":"follow","max-snippet":"max-snippet:-1","max-image-preview":"max-image-preview:large","max-video-preview":"max-video-preview:-1"},"canonical":"https:\/\/tajkertesz.com\/en_US\/product\/ilex-verticillata-mocsari-magyal-2\/","og_locale":"en_US","og_type":"article","og_title":"Ilex verticillata - Mocs\u00e1ri magyal - T\u00e1jkert\u00e9sz","og_description":"L\u00e1tv\u00e1nyos d\u00edszcserje piros bogy\u00f3kkal \u2013 az Ilex verticillata - Mocs\u00e1ri magyal t\u00e9l\u00e1ll\u00f3, mad\u00e1rbar\u00e1t n\u00f6v\u00e9ny savany\u00fa talajra. Fedezd fel webshopunkban!","og_url":"https:\/\/tajkertesz.com\/en_US\/product\/ilex-verticillata-mocsari-magyal-2\/","og_site_name":"T\u00e1jkert\u00e9sz","article_publisher":"https:\/\/www.facebook.com\/Tajkertesz\/","article_modified_time":"2026-02-24T13:15:38+00:00","og_image":[{"width":1386,"height":2560,"url":"https:\/\/tajkertesz.com\/wp-content\/uploads\/2025\/11\/20251129_081148-1-scaled.jpg","type":"image\/jpeg"}],"twitter_card":"summary_large_image","twitter_misc":{"Est. reading time":"4 minutes"},"schema":{"@context":"https:\/\/schema.org","@graph":[{"@type":"WebPage","@id":"https:\/\/tajkertesz.com\/termek\/ilex-verticillata-mocsari-magyal-2\/","url":"https:\/\/tajkertesz.com\/termek\/ilex-verticillata-mocsari-magyal-2\/","name":"Ilex verticillata - Mocs\u00e1ri magyal - T\u00e1jkert\u00e9sz","isPartOf":{"@id":"https:\/\/tajkertesz.com\/#website"},"primaryImageOfPage":{"@id":"https:\/\/tajkertesz.com\/termek\/ilex-verticillata-mocsari-magyal-2\/#primaryimage"},"image":{"@id":"https:\/\/tajkertesz.com\/termek\/ilex-verticillata-mocsari-magyal-2\/#primaryimage"},"thumbnailUrl":"https:\/\/tajkertesz.com\/wp-content\/uploads\/2025\/11\/20251129_081148-1-scaled.jpg","datePublished":"2025-11-29T14:22:16+00:00","dateModified":"2026-02-24T13:15:38+00:00","description":"L\u00e1tv\u00e1nyos d\u00edszcserje piros bogy\u00f3kkal \u2013 az Ilex verticillata - Mocs\u00e1ri magyal t\u00e9l\u00e1ll\u00f3, mad\u00e1rbar\u00e1t n\u00f6v\u00e9ny savany\u00fa talajra. Fedezd fel webshopunkban!","breadcrumb":{"@id":"https:\/\/tajkertesz.com\/termek\/ilex-verticillata-mocsari-magyal-2\/#breadcrumb"},"inLanguage":"en-US","potentialAction":[{"@type":"ReadAction","target":["https:\/\/tajkertesz.com\/termek\/ilex-verticillata-mocsari-magyal-2\/"]}]},{"@type":"ImageObject","inLanguage":"en-US","@id":"https:\/\/tajkertesz.com\/termek\/ilex-verticillata-mocsari-magyal-2\/#primaryimage","url":"https:\/\/tajkertesz.com\/wp-content\/uploads\/2025\/11\/20251129_081148-1-scaled.jpg","contentUrl":"https:\/\/tajkertesz.com\/wp-content\/uploads\/2025\/11\/20251129_081148-1-scaled.jpg","width":1386,"height":2560,"caption":"Ilex verticillata - Mocs\u00e1ri magyal"},{"@type":"BreadcrumbList","@id":"https:\/\/tajkertesz.com\/termek\/ilex-verticillata-mocsari-magyal-2\/#breadcrumb","itemListElement":[{"@type":"ListItem","position":1,"name":"Home","item":"https:\/\/tajkertesz.com\/"},{"@type":"ListItem","position":2,"name":"Kezd\u0151lap","item":"https:\/\/tajkertesz.com\/"},{"@type":"ListItem","position":3,"name":"Ilex verticillata &#8211; Mocs\u00e1ri magyal"}]},{"@type":"WebSite","@id":"https:\/\/tajkertesz.com\/#website","url":"https:\/\/tajkertesz.com\/","name":"T\u00e1j-Kert\u00e9sz 84 Kft.","description":"Kert\u00e9szeti kis- \u00e9s nagykeresked\u00e9s, D\u00edszn\u00f6v\u00e9ny web\u00e1ruh\u00e1z orsz\u00e1gos h\u00e1zhozsz\u00e1ll\u00edt\u00e1ssal!","publisher":{"@id":"https:\/\/tajkertesz.com\/#organization"},"potentialAction":[{"@type":"SearchAction","target":{"@type":"EntryPoint","urlTemplate":"https:\/\/tajkertesz.com\/?s={search_term_string}"},"query-input":{"@type":"PropertyValueSpecification","valueRequired":true,"valueName":"search_term_string"}}],"inLanguage":"en-US"},{"@type":"Organization","@id":"https:\/\/tajkertesz.com\/#organization","name":"T\u00e1j-Kert\u00e9sz 84 Kft.","url":"https:\/\/tajkertesz.com\/","logo":{"@type":"ImageObject","inLanguage":"en-US","@id":"https:\/\/tajkertesz.com\/#\/schema\/logo\/image\/","url":"https:\/\/tajkertesz.com\/wp-content\/uploads\/2018\/02\/logo-2-e1518678052539.png","contentUrl":"https:\/\/tajkertesz.com\/wp-content\/uploads\/2018\/02\/logo-2-e1518678052539.png","width":81,"height":140,"caption":"T\u00e1j-Kert\u00e9sz 84 Kft."},"image":{"@id":"https:\/\/tajkertesz.com\/#\/schema\/logo\/image\/"},"sameAs":["https:\/\/www.facebook.com\/Tajkertesz\/"]}]}},"_links":{"self":[{"href":"https:\/\/tajkertesz.com\/en_US\/wp-json\/wp\/v2\/product\/25452","targetHints":{"allow":["GET"]}}],"collection":[{"href":"https:\/\/tajkertesz.com\/en_US\/wp-json\/wp\/v2\/product"}],"about":[{"href":"https:\/\/tajkertesz.com\/en_US\/wp-json\/wp\/v2\/types\/product"}],"wp:featuredmedia":[{"embeddable":true,"href":"https:\/\/tajkertesz.com\/en_US\/wp-json\/wp\/v2\/media\/25453"}],"wp:attachment":[{"href":"https:\/\/tajkertesz.com\/en_US\/wp-json\/wp\/v2\/media?parent=25452"}],"wp:term":[{"taxonomy":"product_brand","embeddable":true,"href":"https:\/\/tajkertesz.com\/en_US\/wp-json\/wp\/v2\/product_brand?post=25452"},{"taxonomy":"product_cat","embeddable":true,"href":"https:\/\/tajkertesz.com\/en_US\/wp-json\/wp\/v2\/product_cat?post=25452"},{"taxonomy":"product_tag","embeddable":true,"href":"https:\/\/tajkertesz.com\/en_US\/wp-json\/wp\/v2\/product_tag?post=25452"}],"curies":[{"name":"wp","href":"https:\/\/api.w.org\/{rel}","templated":true}]}}