{"id":25574,"date":"2025-12-09T11:04:48","date_gmt":"2025-12-09T11:04:48","guid":{"rendered":"https:\/\/tajkertesz.com\/?post_type=product&#038;p=25574"},"modified":"2026-02-21T13:10:07","modified_gmt":"2026-02-21T13:10:07","slug":"punica-granatum-gyumolcstermo-granatalma-2","status":"publish","type":"product","link":"https:\/\/tajkertesz.com\/en_US\/product\/punica-granatum-gyumolcstermo-granatalma-2\/","title":{"rendered":"Punica granatum &#8211; Gy\u00fcm\u00f6lcsterm\u0151 gr\u00e1n\u00e1talma"},"content":{"rendered":"<div class=\"product-name col-md-12 nopadding\">\n<div class=\"product-name col-md-12 nopadding\">\n<h1 class=\"LC20lb DKV0Md\">Punica granatum &#8211; Gy\u00fcm\u00f6lcsterm\u0151 gr\u00e1n\u00e1talma<\/h1>\n<\/div>\n<div class=\"product-name-latin col-md-12 nopadding\"><\/div>\n<\/div>\n<div>\n<p data-start=\"444\" data-end=\"773\">A Punica granatum &#8211; Gy\u00fcm\u00f6lcsterm\u0151 gr\u00e1n\u00e1talma\u00a0egy rendk\u00edv\u00fcl dekorat\u00edv \u00e9s hasznos gy\u00fcm\u00f6lcsterm\u0151 n\u00f6v\u00e9ny. Sz\u00e1rmaz\u00e1si helye K\u00f6z\u00e9p-\u00c1zsia, de a mediterr\u00e1n t\u00e9rs\u00e9gekben is r\u00e9g\u00f3ta kedvelt. N\u00e1lunk is egyre t\u00f6bben nevelik <strong data-start=\"664\" data-end=\"695\">cser\u00e9pben vagy szabadf\u00f6ld\u00f6n<\/strong>, hiszen j\u00f3l alkalmazkodik, \u00e9s ak\u00e1r a mi \u00e9ghajlatunkon is k\u00e9pes term\u00e9st hozni.<\/p>\n<h2 data-start=\"444\" data-end=\"773\">Punica granatum &#8211; Gy\u00fcm\u00f6lcsterm\u0151 gr\u00e1n\u00e1talma jellemz\u0151i<\/h2>\n<p data-start=\"775\" data-end=\"1040\">A gr\u00e1n\u00e1talma gy\u00fcm\u00f6lcse vitaminokban gazdag, antioxid\u00e1ns hat\u00e1s\u00fa, \u00e9s frissen fogyasztva, l\u00e9k\u00e9nt vagy sal\u00e1t\u00e1kban is k\u00fcl\u00f6nlegesen finom. A n\u00f6v\u00e9ny vir\u00e1gz\u00e1sa is leny\u0171g\u00f6z\u0151 \u2013 ny\u00e1ron hozza \u00e9l\u00e9nkpiros vir\u00e1gait, melyekb\u0151l \u0151sszel fejl\u0151dnek ki a g\u00f6mb\u00f6ly\u0171, \u00e9l\u00e9nkpiros gy\u00fcm\u00f6lcs\u00f6k.<\/p>\n<ul data-start=\"1060\" data-end=\"1439\">\n<li data-start=\"1060\" data-end=\"1088\">\n<p data-start=\"1062\" data-end=\"1088\">Fajta: <strong data-start=\"1069\" data-end=\"1088\">Punica granatum<\/strong><\/p>\n<\/li>\n<li data-start=\"1089\" data-end=\"1125\">\n<p data-start=\"1091\" data-end=\"1125\">Eredet: K\u00f6z\u00e9p-\u00c1zsia, Mediterr\u00e1neum<\/p>\n<\/li>\n<li data-start=\"1126\" data-end=\"1184\">\n<p data-start=\"1128\" data-end=\"1184\">Term\u00e9s: L\u00e9d\u00fas, piros, magos gy\u00fcm\u00f6lcs (10\u201315 cm \u00e1tm\u00e9r\u0151j\u0171)<\/p>\n<\/li>\n<li data-start=\"1185\" data-end=\"1240\">\n<p data-start=\"1187\" data-end=\"1240\">Vir\u00e1gz\u00e1s: Ny\u00e1r elej\u00e9n \u2013 piros, trombita alak\u00fa vir\u00e1gok<\/p>\n<\/li>\n<li data-start=\"1241\" data-end=\"1288\">\n<p data-start=\"1243\" data-end=\"1288\">F\u00e9nyig\u00e9ny: Nagyon magas, napos hely sz\u00fcks\u00e9ges<\/p>\n<\/li>\n<li data-start=\"1289\" data-end=\"1346\">\n<p data-start=\"1291\" data-end=\"1346\">V\u00edzig\u00e9ny: K\u00f6zepes \u2013 sz\u00e1razs\u00e1gt\u0171r\u0151, de \u00f6nt\u00f6z\u00e9st megh\u00e1l\u00e1l<\/p>\n<\/li>\n<li data-start=\"1347\" data-end=\"1403\">\n<p data-start=\"1349\" data-end=\"1403\">Teleltet\u00e9s: Fiatal korban teleltet\u00e9st ig\u00e9nyel (5\u201310\u00b0C)<\/p>\n<\/li>\n<li data-start=\"1404\" data-end=\"1439\">\n<p data-start=\"1406\" data-end=\"1439\">M\u00e9ret: Cser\u00e9pben 1,5\u20132 m\u00e9terre n\u0151<\/p>\n<\/li>\n<\/ul>\n<p data-start=\"1441\" data-end=\"1552\">\ud83c\udf4e <strong data-start=\"1444\" data-end=\"1552\">Eg\u00e9szs\u00e9ges \u00e9s mutat\u00f3s \u2013 a gr\u00e1n\u00e1talma az egyik legjobb v\u00e1laszt\u00e1s egzotikus, ehet\u0151 term\u00e9s\u0171<\/strong><\/p>\n<h4><strong>\ud83d\udd04 K\u00e9szletinform\u00e1ci\u00f3<\/strong><\/h4>\n<p><strong>K\u00e9szlet\u00fcnk napi szinten v\u00e1ltozik, \u00edgy a webshopban szerepl<\/strong><strong>\u0151<\/strong><strong>\u00a0term\u00e9kek el\u00e9rhet<\/strong><strong>\u0151<\/strong><strong>s\u00e9ge nem garant\u00e1lt.<br \/>\n\ud83d\udcde A megrendel\u00e9s el<\/strong><strong>\u0151<\/strong><strong>tt k\u00e9rj\u00fck, \u00e9rdekl<\/strong><strong>\u0151<\/strong><strong>dj\u00f6n szem\u00e9lyesen, telefonon vagy e-mailben!<\/strong><\/p>\n<h4><strong>\u27a1\ufe0f Kapcsolat:<\/strong><\/h4>\n<ul>\n<li><strong>Weboldal:\u00a0<\/strong><a href=\"https:\/\/tajkertesz.com\/\"><strong>tajkertesz.com<\/strong><\/a><\/li>\n<li><strong>Facebook:\u00a0<\/strong><a href=\"https:\/\/www.facebook.com\/tajkertesz\/\"><strong>facebook.com\/tajkertesz<\/strong><\/a><\/li>\n<li><strong>Telefonsz\u00e1m, e-mail: +36\/20-319-3770\u00a0<\/strong><a href=\"mailto:tajkerteszaruda@gmail.com\"><strong>tajkerteszaruda@gmail.com<\/strong><\/a><\/li>\n<\/ul>\n<h4><strong>\ud83d\ude9a Sz\u00e1ll\u00edt\u00e1si inform\u00e1ci\u00f3k<\/strong><\/h4>\n<p><strong>A megrendelt n\u00f6v\u00e9nyek kisz\u00e1ll\u00edt\u00e1sa az al\u00e1bbi felt\u00e9telek mellett t\u00f6rt\u00e9nik:<\/strong><\/p>\n<h4><strong>\ud83d\udce6 Fut\u00e1rszolg\u00e1latos sz\u00e1ll\u00edt\u00e1s<\/strong><\/h4>\n<ul>\n<li><strong>Maxim\u00e1lis m\u00e9ret: 200 cm (hossz\u00fas\u00e1g)<\/strong><\/li>\n<li><strong>Maxim\u00e1lis s\u00faly: 40 kg<\/strong><\/li>\n<li><strong>Az enn\u00e9l kisebb \u00e9s k\u00f6nnyebb csomagokat fut\u00e1rszolg\u00e1lattal k\u00e9zbes\u00edtj\u00fck a lehet<\/strong><strong>\u0151<\/strong><strong>\u00a0legbiztons\u00e1gosabb csomagol\u00e1sban.<\/strong><\/li>\n<\/ul>\n<h4><strong>\ud83d\udefb Szem\u00e9lyes \u00e1tv\u00e9tel<\/strong><\/h4>\n<ul>\n<li><strong>1173 Budapest, Bakancsos utca 7. sz\u00e1m alatt nyitvatart\u00e1si id<\/strong><strong>\u0151<\/strong><strong>ben szem\u00e9lyesen \u00e1tvehet<\/strong><strong>\u0151<\/strong><strong>\u00a0kert\u00e9szeti \u00e1rud\u00e1nkban.<\/strong><\/li>\n<li><strong>K\u00f6lts\u00e9ghat\u00e9kony megold\u00e1s nagyobb, t\u00f6r\u00e9kenyebb vagy t\u00falm\u00e9retes n\u00f6v\u00e9nyek eset\u00e9n.<\/strong><\/li>\n<\/ul>\n<h4><strong>\ud83d\udcde Nagy m\u00e9ret<\/strong><strong>\u0171<\/strong><strong>\u00a0vagy s\u00faly\u00fa n\u00f6v\u00e9nyek eset\u00e9n<\/strong><\/h4>\n<p><strong>Ha a term\u00e9k:<\/strong><\/p>\n<ul>\n<li><strong>meghaladja a 200 cm hossz\u00fas\u00e1got vagy<\/strong><\/li>\n<li><strong>meghaladja a 40 kg s\u00falyt,<\/strong><\/li>\n<\/ul>\n<p><strong>akkor szem\u00e9lyes \u00e1tv\u00e9tellel vagy egyedi, el<\/strong><strong>\u0151<\/strong><strong>re egyeztetett sz\u00e1ll\u00edt\u00e1si felt\u00e9telek mellett t\u00f6rt\u00e9nik.<br \/>\nK\u00e9rj\u00fck, ilyen esetben rendel\u00e9s el<\/strong><strong>\u0151<\/strong><strong>tt vegye fel vel\u00fcnk a kapcsolatot, hogy a lehet<\/strong><strong>\u0151<\/strong><strong>\u00a0legmegfelel<\/strong><strong>\u0151<\/strong><strong>bb sz\u00e1ll\u00edt\u00e1si megold\u00e1st k\u00edn\u00e1lhassuk.<\/strong><\/p>\n<p><strong>\ud83d\udd14 Fontos: A n\u00f6v\u00e9nyeket minden esetben igyeksz\u00fcnk gondosan, egyes\u00e9vel csomagolni, azonban a sz\u00e1ll\u00edt\u00e1s sor\u00e1n kisebb eszt\u00e9tikai s\u00e9r\u00fcl\u00e9sek el<\/strong><strong>\u0151<\/strong><strong>fordulhatnak (pl. lev\u00e9lhull\u00e1s). Ez nem min<\/strong><strong>\u0151<\/strong><strong>s\u00fcl hib\u00e1s teljes\u00edt\u00e9snek.<\/strong><\/p>\n<h4><strong>\ud83d\udcf7 Fontos tudni a k\u00e9pekr<\/strong><strong>\u0151<\/strong><strong>l<\/strong><\/h4>\n<p><strong>A webshopban szerepl<\/strong><strong>\u0151<\/strong><strong>\u00a0k\u00e9pek illusztr\u00e1ci\u00f3k, a n\u00f6v\u00e9nyek term\u00e9szet\u00fckn\u00e9l fogva egyediek, \u00edgy m\u00e9retben, alakban \u00e9s sz\u00ednben minim\u00e1lis elt\u00e9r\u00e9sek el<\/strong><strong>\u0151<\/strong><strong>fordulhatnak a k\u00e9pen l\u00e1that\u00f3 \u00e9s a val\u00f3s p\u00e9ld\u00e1nyok k\u00f6z\u00f6tt.<\/strong><\/p>\n<h4><strong>\ud83e\uddfe \u00c1rak \u00e9s el\u00e1ll\u00e1si jog<\/strong><\/h4>\n<ul>\n<li><strong>Az \u00e1rak egy darab\u00a0n\u00f6v\u00e9nyre vonatkoznak.<\/strong><\/li>\n<li><strong>\u00c9l<\/strong><strong>\u0151<\/strong><strong>\u00a0n\u00f6v\u00e9nyek rendel\u00e9se eset\u00e9n a 14 napos el\u00e1ll\u00e1s joga nem \u00e9rv\u00e9nyes\u00edthet<\/strong><strong>\u0151<\/strong><strong>, mivel azok romland\u00f3, biol\u00f3giailag \u00e9l<\/strong><strong>\u0151<\/strong><strong>\u00a0term\u00e9keknek min<\/strong><strong>\u0151<\/strong><strong>s\u00fclnek.<br \/>\n\ud83d\udd12 (17\/1999. (II. 5.) Korm. rendelet 5. \u00a7 c) pontja alapj\u00e1n)<\/strong><\/li>\n<\/ul>\n<h4><strong>\ud83d\udce6 K\u00e9zbes\u00edt\u00e9s ut\u00e1ni teend<\/strong><strong>\u0151<\/strong><strong>k<\/strong><\/h4>\n<p><strong>A k\u00e9zbes\u00edt\u00e9st k\u00f6vet<\/strong><strong>\u0151<\/strong><strong>en a csomagot azonnal bontsuk ki, \u00e9s a n\u00f6v\u00e9nyt helyezz\u00fck el megfelel<\/strong><strong>\u0151<\/strong><strong>\u00a0k\u00f6rnyezetben.<br \/>\nFontos: ha a n\u00f6v\u00e9ny nem r\u00e9szes\u00fcl megfelel<\/strong><strong>\u0151<\/strong><strong>\u00a0gondoz\u00e1sban \u00e9s ennek k\u00f6vetkezt\u00e9ben k\u00e1rosodik vagy elpusztul, felel<\/strong><strong>\u0151<\/strong><strong>ss\u00e9get nem tudunk v\u00e1llalni.<\/strong><\/p>\n<p data-start=\"1441\" data-end=\"1552\">\n<\/div>","protected":false},"excerpt":{"rendered":"<p>Punica granatum &#8211; Gy\u00fcm\u00f6lcsterm\u0151 gr\u00e1n\u00e1talma \u2013 gy\u00fcm\u00f6lcsterm\u0151 egzotikus n\u00f6v\u00e9ny cser\u00e9pben. V\u00e1s\u00e1rold meg most, nevelj saj\u00e1t gr\u00e1n\u00e1talm\u00e1t otthonodban!<\/p>\n<p>M\u00e9rete: 180 cm t\u00f6rzsre oltva,8\/10 t\u00f6rzsk\u00f6rm\u00e9ret, 35 literes kont\u00e9nerben.<\/p>\n<h3>M\u00e9rete miatt GLS fut\u00e1rszolg\u00e1lattal nem sz\u00e1ll\u00edthat\u00f3.<\/h3>\n<p>&nbsp;<\/p>","protected":false},"featured_media":8524,"template":"","meta":{"_et_pb_use_builder":"","_et_pb_old_content":"","_et_gb_content_width":""},"product_brand":[],"product_cat":[5357],"product_tag":[7069,7070,7048,5288,7067,7071,7068,7072,7061,5104,5286],"class_list":{"0":"post-25574","1":"product","2":"type-product","3":"status-publish","4":"has-post-thumbnail","6":"product_cat-mediterran-gyumolcsuk","7":"product_tag-antioxidans-gyumolcs","8":"product_tag-cserepben-nevelheto-gyumolcs","9":"product_tag-egzotikus-noveny","10":"product_tag-granatalma","11":"product_tag-granatalma-fa","12":"product_tag-granatalma-ultetes","13":"product_tag-granatalma-vasarlas","14":"product_tag-gyumolcsfa-cserepben","15":"product_tag-gyumolcstermo-noveny","16":"product_tag-mediterran-noveny","17":"product_tag-punica-granatum","19":"first","20":"instock","21":"shipping-taxable","22":"purchasable","23":"product-type-simple"},"yoast_head":"<!-- This site is optimized with the Yoast SEO plugin v27.5 - https:\/\/yoast.com\/product\/yoast-seo-wordpress\/ -->\n<title>Punica granatum - Gy\u00fcm\u00f6lcsterm\u0151 gr\u00e1n\u00e1talma - T\u00e1jkert\u00e9sz<\/title>\n<meta name=\"description\" content=\"Punica granatum - Gy\u00fcm\u00f6lcsterm\u0151 gr\u00e1n\u00e1talma 3-3,5 m\u00e9ter magas cserje. Vir\u00e1gai \u00e9l\u00e9nk narancs-pirosak. M\u00e1jus-j\u00faniusban vir\u00e1gzik.\" \/>\n<meta name=\"robots\" content=\"index, follow, max-snippet:-1, max-image-preview:large, max-video-preview:-1\" \/>\n<link rel=\"canonical\" href=\"https:\/\/tajkertesz.com\/en_US\/product\/punica-granatum-gyumolcstermo-granatalma-2\/\" \/>\n<meta property=\"og:locale\" content=\"en_US\" \/>\n<meta property=\"og:type\" content=\"article\" \/>\n<meta property=\"og:title\" content=\"Punica granatum - Gy\u00fcm\u00f6lcsterm\u0151 gr\u00e1n\u00e1talma - T\u00e1jkert\u00e9sz\" \/>\n<meta property=\"og:description\" content=\"Punica granatum - Gy\u00fcm\u00f6lcsterm\u0151 gr\u00e1n\u00e1talma 3-3,5 m\u00e9ter magas cserje. Vir\u00e1gai \u00e9l\u00e9nk narancs-pirosak. M\u00e1jus-j\u00faniusban vir\u00e1gzik.\" \/>\n<meta property=\"og:url\" content=\"https:\/\/tajkertesz.com\/en_US\/product\/punica-granatum-gyumolcstermo-granatalma-2\/\" \/>\n<meta property=\"og:site_name\" content=\"T\u00e1jkert\u00e9sz\" \/>\n<meta property=\"article:publisher\" content=\"https:\/\/www.facebook.com\/Tajkertesz\/\" \/>\n<meta property=\"article:modified_time\" content=\"2026-02-21T13:10:07+00:00\" \/>\n<meta property=\"og:image\" content=\"https:\/\/tajkertesz.com\/wp-content\/uploads\/2021\/08\/Punica-granatum.jpg\" \/>\n\t<meta property=\"og:image:width\" content=\"400\" \/>\n\t<meta property=\"og:image:height\" content=\"400\" \/>\n\t<meta property=\"og:image:type\" content=\"image\/jpeg\" \/>\n<meta name=\"twitter:card\" content=\"summary_large_image\" \/>\n<meta name=\"twitter:label1\" content=\"Est. reading time\" \/>\n\t<meta name=\"twitter:data1\" content=\"3 minutes\" \/>\n<script type=\"application\/ld+json\" class=\"yoast-schema-graph\">{\"@context\":\"https:\\\/\\\/schema.org\",\"@graph\":[{\"@type\":\"WebPage\",\"@id\":\"https:\\\/\\\/tajkertesz.com\\\/termek\\\/punica-granatum-gyumolcstermo-granatalma-2\\\/\",\"url\":\"https:\\\/\\\/tajkertesz.com\\\/termek\\\/punica-granatum-gyumolcstermo-granatalma-2\\\/\",\"name\":\"Punica granatum - Gy\u00fcm\u00f6lcsterm\u0151 gr\u00e1n\u00e1talma - T\u00e1jkert\u00e9sz\",\"isPartOf\":{\"@id\":\"https:\\\/\\\/tajkertesz.com\\\/#website\"},\"primaryImageOfPage\":{\"@id\":\"https:\\\/\\\/tajkertesz.com\\\/termek\\\/punica-granatum-gyumolcstermo-granatalma-2\\\/#primaryimage\"},\"image\":{\"@id\":\"https:\\\/\\\/tajkertesz.com\\\/termek\\\/punica-granatum-gyumolcstermo-granatalma-2\\\/#primaryimage\"},\"thumbnailUrl\":\"https:\\\/\\\/tajkertesz.com\\\/wp-content\\\/uploads\\\/2021\\\/08\\\/Punica-granatum.jpg\",\"datePublished\":\"2025-12-09T11:04:48+00:00\",\"dateModified\":\"2026-02-21T13:10:07+00:00\",\"description\":\"Punica granatum - Gy\u00fcm\u00f6lcsterm\u0151 gr\u00e1n\u00e1talma 3-3,5 m\u00e9ter magas cserje. Vir\u00e1gai \u00e9l\u00e9nk narancs-pirosak. M\u00e1jus-j\u00faniusban vir\u00e1gzik.\",\"breadcrumb\":{\"@id\":\"https:\\\/\\\/tajkertesz.com\\\/termek\\\/punica-granatum-gyumolcstermo-granatalma-2\\\/#breadcrumb\"},\"inLanguage\":\"en-US\",\"potentialAction\":[{\"@type\":\"ReadAction\",\"target\":[\"https:\\\/\\\/tajkertesz.com\\\/termek\\\/punica-granatum-gyumolcstermo-granatalma-2\\\/\"]}]},{\"@type\":\"ImageObject\",\"inLanguage\":\"en-US\",\"@id\":\"https:\\\/\\\/tajkertesz.com\\\/termek\\\/punica-granatum-gyumolcstermo-granatalma-2\\\/#primaryimage\",\"url\":\"https:\\\/\\\/tajkertesz.com\\\/wp-content\\\/uploads\\\/2021\\\/08\\\/Punica-granatum.jpg\",\"contentUrl\":\"https:\\\/\\\/tajkertesz.com\\\/wp-content\\\/uploads\\\/2021\\\/08\\\/Punica-granatum.jpg\",\"width\":400,\"height\":400,\"caption\":\"Punica granatum - Gy\u00fcm\u00f6lcsterm\u0151 gr\u00e1n\u00e1talma\"},{\"@type\":\"BreadcrumbList\",\"@id\":\"https:\\\/\\\/tajkertesz.com\\\/termek\\\/punica-granatum-gyumolcstermo-granatalma-2\\\/#breadcrumb\",\"itemListElement\":[{\"@type\":\"ListItem\",\"position\":1,\"name\":\"Home\",\"item\":\"https:\\\/\\\/tajkertesz.com\\\/\"},{\"@type\":\"ListItem\",\"position\":2,\"name\":\"Kezd\u0151lap\",\"item\":\"https:\\\/\\\/tajkertesz.com\\\/\"},{\"@type\":\"ListItem\",\"position\":3,\"name\":\"Punica granatum &#8211; Gy\u00fcm\u00f6lcsterm\u0151 gr\u00e1n\u00e1talma\"}]},{\"@type\":\"WebSite\",\"@id\":\"https:\\\/\\\/tajkertesz.com\\\/#website\",\"url\":\"https:\\\/\\\/tajkertesz.com\\\/\",\"name\":\"T\u00e1j-Kert\u00e9sz 84 Kft.\",\"description\":\"Kert\u00e9szeti kis- \u00e9s nagykeresked\u00e9s, D\u00edszn\u00f6v\u00e9ny web\u00e1ruh\u00e1z orsz\u00e1gos h\u00e1zhozsz\u00e1ll\u00edt\u00e1ssal!\",\"publisher\":{\"@id\":\"https:\\\/\\\/tajkertesz.com\\\/#organization\"},\"potentialAction\":[{\"@type\":\"SearchAction\",\"target\":{\"@type\":\"EntryPoint\",\"urlTemplate\":\"https:\\\/\\\/tajkertesz.com\\\/?s={search_term_string}\"},\"query-input\":{\"@type\":\"PropertyValueSpecification\",\"valueRequired\":true,\"valueName\":\"search_term_string\"}}],\"inLanguage\":\"en-US\"},{\"@type\":\"Organization\",\"@id\":\"https:\\\/\\\/tajkertesz.com\\\/#organization\",\"name\":\"T\u00e1j-Kert\u00e9sz 84 Kft.\",\"url\":\"https:\\\/\\\/tajkertesz.com\\\/\",\"logo\":{\"@type\":\"ImageObject\",\"inLanguage\":\"en-US\",\"@id\":\"https:\\\/\\\/tajkertesz.com\\\/#\\\/schema\\\/logo\\\/image\\\/\",\"url\":\"https:\\\/\\\/tajkertesz.com\\\/wp-content\\\/uploads\\\/2018\\\/02\\\/logo-2-e1518678052539.png\",\"contentUrl\":\"https:\\\/\\\/tajkertesz.com\\\/wp-content\\\/uploads\\\/2018\\\/02\\\/logo-2-e1518678052539.png\",\"width\":81,\"height\":140,\"caption\":\"T\u00e1j-Kert\u00e9sz 84 Kft.\"},\"image\":{\"@id\":\"https:\\\/\\\/tajkertesz.com\\\/#\\\/schema\\\/logo\\\/image\\\/\"},\"sameAs\":[\"https:\\\/\\\/www.facebook.com\\\/Tajkertesz\\\/\"]}]}<\/script>\n<!-- \/ Yoast SEO plugin. -->","yoast_head_json":{"title":"Punica granatum - Gy\u00fcm\u00f6lcsterm\u0151 gr\u00e1n\u00e1talma - T\u00e1jkert\u00e9sz","description":"Punica granatum - Gy\u00fcm\u00f6lcsterm\u0151 gr\u00e1n\u00e1talma 3-3,5 m\u00e9ter magas cserje. Vir\u00e1gai \u00e9l\u00e9nk narancs-pirosak. M\u00e1jus-j\u00faniusban vir\u00e1gzik.","robots":{"index":"index","follow":"follow","max-snippet":"max-snippet:-1","max-image-preview":"max-image-preview:large","max-video-preview":"max-video-preview:-1"},"canonical":"https:\/\/tajkertesz.com\/en_US\/product\/punica-granatum-gyumolcstermo-granatalma-2\/","og_locale":"en_US","og_type":"article","og_title":"Punica granatum - Gy\u00fcm\u00f6lcsterm\u0151 gr\u00e1n\u00e1talma - T\u00e1jkert\u00e9sz","og_description":"Punica granatum - Gy\u00fcm\u00f6lcsterm\u0151 gr\u00e1n\u00e1talma 3-3,5 m\u00e9ter magas cserje. Vir\u00e1gai \u00e9l\u00e9nk narancs-pirosak. M\u00e1jus-j\u00faniusban vir\u00e1gzik.","og_url":"https:\/\/tajkertesz.com\/en_US\/product\/punica-granatum-gyumolcstermo-granatalma-2\/","og_site_name":"T\u00e1jkert\u00e9sz","article_publisher":"https:\/\/www.facebook.com\/Tajkertesz\/","article_modified_time":"2026-02-21T13:10:07+00:00","og_image":[{"width":400,"height":400,"url":"https:\/\/tajkertesz.com\/wp-content\/uploads\/2021\/08\/Punica-granatum.jpg","type":"image\/jpeg"}],"twitter_card":"summary_large_image","twitter_misc":{"Est. reading time":"3 minutes"},"schema":{"@context":"https:\/\/schema.org","@graph":[{"@type":"WebPage","@id":"https:\/\/tajkertesz.com\/termek\/punica-granatum-gyumolcstermo-granatalma-2\/","url":"https:\/\/tajkertesz.com\/termek\/punica-granatum-gyumolcstermo-granatalma-2\/","name":"Punica granatum - Gy\u00fcm\u00f6lcsterm\u0151 gr\u00e1n\u00e1talma - T\u00e1jkert\u00e9sz","isPartOf":{"@id":"https:\/\/tajkertesz.com\/#website"},"primaryImageOfPage":{"@id":"https:\/\/tajkertesz.com\/termek\/punica-granatum-gyumolcstermo-granatalma-2\/#primaryimage"},"image":{"@id":"https:\/\/tajkertesz.com\/termek\/punica-granatum-gyumolcstermo-granatalma-2\/#primaryimage"},"thumbnailUrl":"https:\/\/tajkertesz.com\/wp-content\/uploads\/2021\/08\/Punica-granatum.jpg","datePublished":"2025-12-09T11:04:48+00:00","dateModified":"2026-02-21T13:10:07+00:00","description":"Punica granatum - Gy\u00fcm\u00f6lcsterm\u0151 gr\u00e1n\u00e1talma 3-3,5 m\u00e9ter magas cserje. Vir\u00e1gai \u00e9l\u00e9nk narancs-pirosak. M\u00e1jus-j\u00faniusban vir\u00e1gzik.","breadcrumb":{"@id":"https:\/\/tajkertesz.com\/termek\/punica-granatum-gyumolcstermo-granatalma-2\/#breadcrumb"},"inLanguage":"en-US","potentialAction":[{"@type":"ReadAction","target":["https:\/\/tajkertesz.com\/termek\/punica-granatum-gyumolcstermo-granatalma-2\/"]}]},{"@type":"ImageObject","inLanguage":"en-US","@id":"https:\/\/tajkertesz.com\/termek\/punica-granatum-gyumolcstermo-granatalma-2\/#primaryimage","url":"https:\/\/tajkertesz.com\/wp-content\/uploads\/2021\/08\/Punica-granatum.jpg","contentUrl":"https:\/\/tajkertesz.com\/wp-content\/uploads\/2021\/08\/Punica-granatum.jpg","width":400,"height":400,"caption":"Punica granatum - Gy\u00fcm\u00f6lcsterm\u0151 gr\u00e1n\u00e1talma"},{"@type":"BreadcrumbList","@id":"https:\/\/tajkertesz.com\/termek\/punica-granatum-gyumolcstermo-granatalma-2\/#breadcrumb","itemListElement":[{"@type":"ListItem","position":1,"name":"Home","item":"https:\/\/tajkertesz.com\/"},{"@type":"ListItem","position":2,"name":"Kezd\u0151lap","item":"https:\/\/tajkertesz.com\/"},{"@type":"ListItem","position":3,"name":"Punica granatum &#8211; Gy\u00fcm\u00f6lcsterm\u0151 gr\u00e1n\u00e1talma"}]},{"@type":"WebSite","@id":"https:\/\/tajkertesz.com\/#website","url":"https:\/\/tajkertesz.com\/","name":"T\u00e1j-Kert\u00e9sz 84 Kft.","description":"Kert\u00e9szeti kis- \u00e9s nagykeresked\u00e9s, D\u00edszn\u00f6v\u00e9ny web\u00e1ruh\u00e1z orsz\u00e1gos h\u00e1zhozsz\u00e1ll\u00edt\u00e1ssal!","publisher":{"@id":"https:\/\/tajkertesz.com\/#organization"},"potentialAction":[{"@type":"SearchAction","target":{"@type":"EntryPoint","urlTemplate":"https:\/\/tajkertesz.com\/?s={search_term_string}"},"query-input":{"@type":"PropertyValueSpecification","valueRequired":true,"valueName":"search_term_string"}}],"inLanguage":"en-US"},{"@type":"Organization","@id":"https:\/\/tajkertesz.com\/#organization","name":"T\u00e1j-Kert\u00e9sz 84 Kft.","url":"https:\/\/tajkertesz.com\/","logo":{"@type":"ImageObject","inLanguage":"en-US","@id":"https:\/\/tajkertesz.com\/#\/schema\/logo\/image\/","url":"https:\/\/tajkertesz.com\/wp-content\/uploads\/2018\/02\/logo-2-e1518678052539.png","contentUrl":"https:\/\/tajkertesz.com\/wp-content\/uploads\/2018\/02\/logo-2-e1518678052539.png","width":81,"height":140,"caption":"T\u00e1j-Kert\u00e9sz 84 Kft."},"image":{"@id":"https:\/\/tajkertesz.com\/#\/schema\/logo\/image\/"},"sameAs":["https:\/\/www.facebook.com\/Tajkertesz\/"]}]}},"_links":{"self":[{"href":"https:\/\/tajkertesz.com\/en_US\/wp-json\/wp\/v2\/product\/25574","targetHints":{"allow":["GET"]}}],"collection":[{"href":"https:\/\/tajkertesz.com\/en_US\/wp-json\/wp\/v2\/product"}],"about":[{"href":"https:\/\/tajkertesz.com\/en_US\/wp-json\/wp\/v2\/types\/product"}],"wp:featuredmedia":[{"embeddable":true,"href":"https:\/\/tajkertesz.com\/en_US\/wp-json\/wp\/v2\/media\/8524"}],"wp:attachment":[{"href":"https:\/\/tajkertesz.com\/en_US\/wp-json\/wp\/v2\/media?parent=25574"}],"wp:term":[{"taxonomy":"product_brand","embeddable":true,"href":"https:\/\/tajkertesz.com\/en_US\/wp-json\/wp\/v2\/product_brand?post=25574"},{"taxonomy":"product_cat","embeddable":true,"href":"https:\/\/tajkertesz.com\/en_US\/wp-json\/wp\/v2\/product_cat?post=25574"},{"taxonomy":"product_tag","embeddable":true,"href":"https:\/\/tajkertesz.com\/en_US\/wp-json\/wp\/v2\/product_tag?post=25574"}],"curies":[{"name":"wp","href":"https:\/\/api.w.org\/{rel}","templated":true}]}}