{"id":25591,"date":"2025-12-09T15:16:15","date_gmt":"2025-12-09T15:16:15","guid":{"rendered":"https:\/\/tajkertesz.com\/?post_type=product&#038;p=25591"},"modified":"2025-12-09T15:16:20","modified_gmt":"2025-12-09T15:16:20","slug":"punica-granatum-nana-gracilis-torpe-disz-granatalma","status":"publish","type":"product","link":"https:\/\/tajkertesz.com\/en_US\/product\/punica-granatum-nana-gracilis-torpe-disz-granatalma\/","title":{"rendered":"Punica granatum &#8216;Nana Gracilis&#8217; &#8211; T\u00f6rpe d\u00edsz-gr\u00e1n\u00e1talma"},"content":{"rendered":"<h1>Punica granatum &#8216;Nana Gracilis&#8217; &#8211; T\u00f6rpe d\u00edsz-gr\u00e1n\u00e1talma<\/h1>\n<p>A Punica granatum &#8216;Nana Gracilis&#8217; &#8211; T\u00f6rpe d\u00edsz-gr\u00e1n\u00e1talma egy rendk\u00edv\u00fcl mutat\u00f3s, kis termet\u0171 <strong data-start=\"568\" data-end=\"588\">t\u00f6rpe gr\u00e1n\u00e1talma<\/strong> fajta, amely ide\u00e1lis v\u00e1laszt\u00e1s teraszokra, balkonokra, kisebb kertekbe \u00e9s bonsai nevel\u00e9shez is. Kompakt form\u00e1ja, apr\u00f3 levelei \u00e9s gazdag vir\u00e1gz\u00e1sa miatt kedvelt d\u00edszn\u00f6v\u00e9ny, de apr\u00f3, narancsv\u00f6r\u00f6s gy\u00fcm\u00f6lcs\u00f6ket is hoz, amelyek ehet\u0151k, b\u00e1r kisebb m\u00e9ret\u0171ek, mint a nagy fajt\u00e1k\u00e9.<\/p>\n<h2>Punica granatum &#8216;Nana Gracilis&#8217; &#8211; T\u00f6rpe d\u00edsz-gr\u00e1n\u00e1talma jellemz\u0151i<\/h2>\n<p data-start=\"863\" data-end=\"1080\">Ny\u00e1ron folyamatosan <strong data-start=\"883\" data-end=\"915\">\u00e9l\u00e9nk narancspiros vir\u00e1gokat<\/strong> hoz, amelyek igazi mediterr\u00e1n hangulatot var\u00e1zsolnak. A n\u00f6v\u00e9ny lass\u00fa n\u00f6veked\u00e9s\u0171, j\u00f3l alak\u00edthat\u00f3 \u00e9s rendk\u00edv\u00fcl dekorat\u00edv. D\u00e9zs\u00e1ban tarthat\u00f3, k\u00f6nnyen gondozhat\u00f3 fajta.<\/p>\n<p data-start=\"1082\" data-end=\"1217\">A \u2018Nana Gracilis\u2019 meleg- \u00e9s napf\u00e9nykedvel\u0151 n\u00f6v\u00e9ny, fagy\u00e9rz\u00e9kenyebb, mint a nagy fajt\u00e1k, ez\u00e9rt t\u00e9len fagymentes, vil\u00e1gos helyet ig\u00e9nyel.<\/p>\n<p data-start=\"1219\" data-end=\"1236\"><strong data-start=\"1219\" data-end=\"1236\">F\u0151bb el\u0151ny\u00f6k:<\/strong><\/p>\n<ul data-start=\"1237\" data-end=\"1526\">\n<li data-start=\"1237\" data-end=\"1299\">\n<p data-start=\"1239\" data-end=\"1299\">\ud83c\udf3f <strong data-start=\"1242\" data-end=\"1270\">T\u00f6rpe, kompakt n\u00f6veked\u00e9s<\/strong> \u2013 ak\u00e1r bonsai is nevelhet\u0151<\/p>\n<\/li>\n<li data-start=\"1300\" data-end=\"1342\">\n<p data-start=\"1302\" data-end=\"1342\">\ud83c\udf3a Gazdag, \u00e9l\u00e9nk narancspiros vir\u00e1gz\u00e1s<\/p>\n<\/li>\n<li data-start=\"1343\" data-end=\"1383\">\n<p data-start=\"1345\" data-end=\"1383\">\ud83c\udf4e Apr\u00f3, d\u00edszes gy\u00fcm\u00f6lcs\u00f6k \u2013 ehet\u0151ek<\/p>\n<\/li>\n<li data-start=\"1384\" data-end=\"1442\">\n<p data-start=\"1386\" data-end=\"1442\">\ud83e\udeb4 T\u00f6k\u00e9letes d\u00e9zs\u00e1s tart\u00e1sra, teraszra, ablakp\u00e1rk\u00e1nyra<\/p>\n<\/li>\n<li data-start=\"1443\" data-end=\"1488\">\n<p data-start=\"1445\" data-end=\"1488\">\ud83c\udf1e Magas f\u00e9nyig\u00e9ny, mediterr\u00e1n megjelen\u00e9s<\/p>\n<\/li>\n<li data-start=\"1489\" data-end=\"1526\">\n<p data-start=\"1491\" data-end=\"1526\">\ud83c\udfe1 Kis kertekbe, erk\u00e9lyekre ide\u00e1lis<\/p>\n<\/li>\n<\/ul>\n<p data-start=\"1528\" data-end=\"1791\"><strong data-start=\"1528\" data-end=\"1562\">Ide\u00e1lis termeszt\u00e9si k\u00f6rnyezet:<\/strong> napos, vil\u00e1gos hely; terasz, balkon, belt\u00e9ri vil\u00e1gos t\u00e9likert.<br data-start=\"1625\" data-end=\"1628\" \/><strong data-start=\"1628\" data-end=\"1638\">Talaj:<\/strong> j\u00f3 v\u00edz\u00e1tereszt\u0151, enyh\u00e9n homokos, t\u00e1panyagban gazdag.<br data-start=\"1691\" data-end=\"1694\" \/><strong data-start=\"1694\" data-end=\"1707\">Vir\u00e1gz\u00e1s:<\/strong> m\u00e1just\u00f3l szeptemberig folyamatosan.<br data-start=\"1743\" data-end=\"1746\" \/><strong data-start=\"1746\" data-end=\"1759\">Gy\u00fcm\u00f6lcs:<\/strong> apr\u00f3, narancs-piros, dekorat\u00edv.<\/p>\n<h4><strong>\ud83d\udd04 K\u00e9szletinform\u00e1ci\u00f3<\/strong><\/h4>\n<p><strong>K\u00e9szlet\u00fcnk napi szinten v\u00e1ltozik, \u00edgy a webshopban szerepl<\/strong><strong>\u0151<\/strong><strong>\u00a0term\u00e9kek el\u00e9rhet<\/strong><strong>\u0151<\/strong><strong>s\u00e9ge nem garant\u00e1lt.<br \/>\n\ud83d\udcde A megrendel\u00e9s el<\/strong><strong>\u0151<\/strong><strong>tt k\u00e9rj\u00fck, \u00e9rdekl<\/strong><strong>\u0151<\/strong><strong>dj\u00f6n szem\u00e9lyesen, telefonon vagy e-mailben!<\/strong><\/p>\n<h4><strong>\u27a1\ufe0f Kapcsolat:<\/strong><\/h4>\n<ul>\n<li><strong>Weboldal:\u00a0<\/strong><a href=\"https:\/\/tajkertesz.com\/\"><strong>tajkertesz.com<\/strong><\/a><\/li>\n<li><strong>Facebook:\u00a0<\/strong><a href=\"https:\/\/www.facebook.com\/tajkertesz\/\"><strong>facebook.com\/tajkertesz<\/strong><\/a><\/li>\n<li><strong>Telefonsz\u00e1m, e-mail: +36\/20-319-3770\u00a0<\/strong><a href=\"mailto:tajkerteszaruda@gmail.com\"><strong>tajkerteszaruda@gmail.com<\/strong><\/a><\/li>\n<\/ul>\n<h4><strong>\ud83d\ude9a Sz\u00e1ll\u00edt\u00e1si inform\u00e1ci\u00f3k<\/strong><\/h4>\n<p><strong>A megrendelt n\u00f6v\u00e9nyek kisz\u00e1ll\u00edt\u00e1sa az al\u00e1bbi felt\u00e9telek mellett t\u00f6rt\u00e9nik:<\/strong><\/p>\n<h4><strong>\ud83d\udce6 Fut\u00e1rszolg\u00e1latos sz\u00e1ll\u00edt\u00e1s<\/strong><\/h4>\n<ul>\n<li><strong>Maxim\u00e1lis m\u00e9ret: 200 cm (hossz\u00fas\u00e1g)<\/strong><\/li>\n<li><strong>Maxim\u00e1lis s\u00faly: 40 kg<\/strong><\/li>\n<li><strong>Az enn\u00e9l kisebb \u00e9s k\u00f6nnyebb csomagokat fut\u00e1rszolg\u00e1lattal k\u00e9zbes\u00edtj\u00fck a lehet<\/strong><strong>\u0151<\/strong><strong>\u00a0legbiztons\u00e1gosabb csomagol\u00e1sban.<\/strong><\/li>\n<\/ul>\n<h4><strong>\ud83d\udefb Szem\u00e9lyes \u00e1tv\u00e9tel<\/strong><\/h4>\n<ul>\n<li><strong>1173 Budapest, Bakancsos utca 7. sz\u00e1m alatt nyitvatart\u00e1si id<\/strong><strong>\u0151<\/strong><strong>ben szem\u00e9lyesen \u00e1tvehet<\/strong><strong>\u0151<\/strong><strong>\u00a0kert\u00e9szeti \u00e1rud\u00e1nkban.<\/strong><\/li>\n<li><strong>K\u00f6lts\u00e9ghat\u00e9kony megold\u00e1s nagyobb, t\u00f6r\u00e9kenyebb vagy t\u00falm\u00e9retes n\u00f6v\u00e9nyek eset\u00e9n.<\/strong><\/li>\n<\/ul>\n<h4><strong>\ud83d\udcde Nagy m\u00e9ret<\/strong><strong>\u0171<\/strong><strong>\u00a0vagy s\u00faly\u00fa n\u00f6v\u00e9nyek eset\u00e9n<\/strong><\/h4>\n<p><strong>Ha a term\u00e9k:<\/strong><\/p>\n<ul>\n<li><strong>meghaladja a 200 cm hossz\u00fas\u00e1got vagy<\/strong><\/li>\n<li><strong>meghaladja a 40 kg s\u00falyt,<\/strong><\/li>\n<\/ul>\n<p><strong>akkor szem\u00e9lyes \u00e1tv\u00e9tellel vagy egyedi, el<\/strong><strong>\u0151<\/strong><strong>re egyeztetett sz\u00e1ll\u00edt\u00e1si felt\u00e9telek mellett t\u00f6rt\u00e9nik.<br \/>\nK\u00e9rj\u00fck, ilyen esetben rendel\u00e9s el<\/strong><strong>\u0151<\/strong><strong>tt vegye fel vel\u00fcnk a kapcsolatot, hogy a lehet<\/strong><strong>\u0151<\/strong><strong>\u00a0legmegfelel<\/strong><strong>\u0151<\/strong><strong>bb sz\u00e1ll\u00edt\u00e1si megold\u00e1st k\u00edn\u00e1lhassuk.<\/strong><\/p>\n<p><strong>\ud83d\udd14 Fontos: A n\u00f6v\u00e9nyeket minden esetben igyeksz\u00fcnk gondosan, egyes\u00e9vel csomagolni, azonban a sz\u00e1ll\u00edt\u00e1s sor\u00e1n kisebb eszt\u00e9tikai s\u00e9r\u00fcl\u00e9sek el<\/strong><strong>\u0151<\/strong><strong>fordulhatnak (pl. lev\u00e9lhull\u00e1s). Ez nem min<\/strong><strong>\u0151<\/strong><strong>s\u00fcl hib\u00e1s teljes\u00edt\u00e9snek.<\/strong><\/p>\n<h4><strong>\ud83d\udcf7 Fontos tudni a k\u00e9pekr<\/strong><strong>\u0151<\/strong><strong>l<\/strong><\/h4>\n<p><strong>A webshopban szerepl<\/strong><strong>\u0151<\/strong><strong>\u00a0k\u00e9pek illusztr\u00e1ci\u00f3k, a n\u00f6v\u00e9nyek term\u00e9szet\u00fckn\u00e9l fogva egyediek, \u00edgy m\u00e9retben, alakban \u00e9s sz\u00ednben minim\u00e1lis elt\u00e9r\u00e9sek el<\/strong><strong>\u0151<\/strong><strong>fordulhatnak a k\u00e9pen l\u00e1that\u00f3 \u00e9s a val\u00f3s p\u00e9ld\u00e1nyok k\u00f6z\u00f6tt.<\/strong><\/p>\n<h4><strong>\ud83e\uddfe \u00c1rak \u00e9s el\u00e1ll\u00e1si jog<\/strong><\/h4>\n<ul>\n<li><strong>Az \u00e1rak egy darab\u00a0n\u00f6v\u00e9nyre vonatkoznak.<\/strong><\/li>\n<li><strong>\u00c9l<\/strong><strong>\u0151<\/strong><strong>\u00a0n\u00f6v\u00e9nyek rendel\u00e9se eset\u00e9n a 14 napos el\u00e1ll\u00e1s joga nem \u00e9rv\u00e9nyes\u00edthet<\/strong><strong>\u0151<\/strong><strong>, mivel azok romland\u00f3, biol\u00f3giailag \u00e9l<\/strong><strong>\u0151<\/strong><strong>\u00a0term\u00e9keknek min<\/strong><strong>\u0151<\/strong><strong>s\u00fclnek.<br \/>\n\ud83d\udd12 (17\/1999. (II. 5.) Korm. rendelet 5. \u00a7 c) pontja alapj\u00e1n)<\/strong><\/li>\n<\/ul>\n<h4><strong>\ud83d\udce6 K\u00e9zbes\u00edt\u00e9s ut\u00e1ni teend<\/strong><strong>\u0151<\/strong><strong>k<\/strong><\/h4>\n<p><strong>A k\u00e9zbes\u00edt\u00e9st k\u00f6vet<\/strong><strong>\u0151<\/strong><strong>en a csomagot azonnal bontsuk ki, \u00e9s a n\u00f6v\u00e9nyt helyezz\u00fck el megfelel<\/strong><strong>\u0151<\/strong><strong>\u00a0k\u00f6rnyezetben.<br \/>\nFontos: ha a n\u00f6v\u00e9ny nem r\u00e9szes\u00fcl megfelel<\/strong><strong>\u0151<\/strong><strong>\u00a0gondoz\u00e1sban \u00e9s ennek k\u00f6vetkezt\u00e9ben k\u00e1rosodik vagy elpusztul, felel<\/strong><strong>\u0151<\/strong><strong>ss\u00e9get nem tudunk v\u00e1llalni.<\/strong><\/p>\n<p><strong>\u00a0<\/strong><\/p>\n<p>&nbsp;<\/p>","protected":false},"excerpt":{"rendered":"<p>T\u00f6rpe n\u00f6v\u00e9s\u0171, gazdagon vir\u00e1gz\u00f3 d\u00edsz-gr\u00e1n\u00e1talma apr\u00f3 ehet\u0151 gy\u00fcm\u00f6lcs\u00f6kkel. D\u00e9zs\u00e1ban, balkonon \u00e9s bonsainak is kiv\u00e1l\u00f3.<\/p>\n<p>M\u00e9rete: kb.40\/60 cm magas, 5 literes kont\u00e9nerben<\/p>\n<h4><strong>\ud83d\udd04 K\u00e9szletinform\u00e1ci\u00f3<\/strong><\/h4>\n<p><strong>K\u00e9szlet\u00fcnk napi szinten v\u00e1ltozik, \u00edgy a webshopban szerepl<\/strong><strong>\u0151<\/strong><strong>\u00a0term\u00e9kek el\u00e9rhet<\/strong><strong>\u0151<\/strong><strong>s\u00e9ge nem garant\u00e1lt.<br \/>\n\ud83d\udcde A megrendel\u00e9s el<\/strong><strong>\u0151<\/strong><strong>tt k\u00e9rj\u00fck, \u00e9rdekl<\/strong><strong>\u0151<\/strong><strong>dj\u00f6n szem\u00e9lyesen, telefonon vagy e-mailben!<\/strong><\/p>\n<h4><strong>\u27a1\ufe0f Kapcsolat:<\/strong><\/h4>\n<ul>\n<li><strong>Weboldal:\u00a0<\/strong><a href=\"https:\/\/tajkertesz.com\/\"><strong>tajkertesz.com<\/strong><\/a><\/li>\n<li><strong>Facebook:\u00a0<\/strong><a href=\"https:\/\/www.facebook.com\/tajkertesz\/\"><strong>facebook.com\/tajkertesz<\/strong><\/a><\/li>\n<li><strong>Telefonsz\u00e1m, e-mail: +36\/20-319-3770\u00a0<\/strong><a href=\"mailto:tajkerteszaruda@gmail.com\"><strong>tajkerteszaruda@gmail.com<\/strong><\/a><\/li>\n<\/ul>","protected":false},"featured_media":25592,"template":"","meta":{"_et_pb_use_builder":"","_et_pb_old_content":"","_et_gb_content_width":""},"product_brand":[],"product_cat":[27],"product_tag":[7670,6283,7231,6057,54,6128,5104,7668,5286,7669],"class_list":{"0":"post-25591","1":"product","2":"type-product","3":"status-publish","4":"has-post-thumbnail","6":"product_cat-cserjek","7":"product_tag-apro-gyumolcsu-granatalma","8":"product_tag-balkon-noveny","9":"product_tag-bonsai-alap","10":"product_tag-dezsas-noveny","11":"product_tag-disznoveny","12":"product_tag-konteneres-noveny","13":"product_tag-mediterran-noveny","14":"product_tag-nana-gracilis","15":"product_tag-punica-granatum","16":"product_tag-torpe-granatalma","18":"first","19":"instock","20":"shipping-taxable","21":"purchasable","22":"product-type-simple"},"yoast_head":"<!-- This site is optimized with the Yoast SEO plugin v27.5 - https:\/\/yoast.com\/product\/yoast-seo-wordpress\/ -->\n<title>Punica granatum &#039;Nana Gracilis&#039; - T\u00f6rpe d\u00edsz-gr\u00e1n\u00e1talma - T\u00e1jkert\u00e9sz<\/title>\n<meta name=\"description\" content=\"Punica granatum &#039;Nana Gracilis&#039; - T\u00f6rpe d\u00edsz-gr\u00e1n\u00e1talma gazdagon vir\u00e1gz\u00f3 cserje. Apr\u00f3 ehet\u0151 gy\u00fcm\u00f6lcs\u00f6ket hoz, d\u00e9zs\u00e1ban \u00e9s bonsainak is kiv\u00e1l\u00f3.\" \/>\n<meta name=\"robots\" content=\"index, follow, max-snippet:-1, max-image-preview:large, max-video-preview:-1\" \/>\n<link rel=\"canonical\" href=\"https:\/\/tajkertesz.com\/en_US\/product\/punica-granatum-nana-gracilis-torpe-disz-granatalma\/\" \/>\n<meta property=\"og:locale\" content=\"en_US\" \/>\n<meta property=\"og:type\" content=\"article\" \/>\n<meta property=\"og:title\" content=\"Punica granatum &#039;Nana Gracilis&#039; - T\u00f6rpe d\u00edsz-gr\u00e1n\u00e1talma - T\u00e1jkert\u00e9sz\" \/>\n<meta property=\"og:description\" content=\"Punica granatum &#039;Nana Gracilis&#039; - T\u00f6rpe d\u00edsz-gr\u00e1n\u00e1talma gazdagon vir\u00e1gz\u00f3 cserje. Apr\u00f3 ehet\u0151 gy\u00fcm\u00f6lcs\u00f6ket hoz, d\u00e9zs\u00e1ban \u00e9s bonsainak is kiv\u00e1l\u00f3.\" \/>\n<meta property=\"og:url\" content=\"https:\/\/tajkertesz.com\/en_US\/product\/punica-granatum-nana-gracilis-torpe-disz-granatalma\/\" \/>\n<meta property=\"og:site_name\" content=\"T\u00e1jkert\u00e9sz\" \/>\n<meta property=\"article:publisher\" content=\"https:\/\/www.facebook.com\/Tajkertesz\/\" \/>\n<meta property=\"article:modified_time\" content=\"2025-12-09T15:16:20+00:00\" \/>\n<meta property=\"og:image\" content=\"https:\/\/tajkertesz.com\/wp-content\/uploads\/2025\/12\/Melograno-Nano-Punica-Granatum-Nana-Gracilis-1024x512-984x492-1.jpg\" \/>\n\t<meta property=\"og:image:width\" content=\"553\" \/>\n\t<meta property=\"og:image:height\" content=\"447\" \/>\n\t<meta property=\"og:image:type\" content=\"image\/jpeg\" \/>\n<meta name=\"twitter:card\" content=\"summary_large_image\" \/>\n<meta name=\"twitter:label1\" content=\"Est. reading time\" \/>\n\t<meta name=\"twitter:data1\" content=\"3 minutes\" \/>\n<script type=\"application\/ld+json\" class=\"yoast-schema-graph\">{\"@context\":\"https:\\\/\\\/schema.org\",\"@graph\":[{\"@type\":\"WebPage\",\"@id\":\"https:\\\/\\\/tajkertesz.com\\\/termek\\\/punica-granatum-nana-gracilis-torpe-disz-granatalma\\\/\",\"url\":\"https:\\\/\\\/tajkertesz.com\\\/termek\\\/punica-granatum-nana-gracilis-torpe-disz-granatalma\\\/\",\"name\":\"Punica granatum 'Nana Gracilis' - T\u00f6rpe d\u00edsz-gr\u00e1n\u00e1talma - T\u00e1jkert\u00e9sz\",\"isPartOf\":{\"@id\":\"https:\\\/\\\/tajkertesz.com\\\/#website\"},\"primaryImageOfPage\":{\"@id\":\"https:\\\/\\\/tajkertesz.com\\\/termek\\\/punica-granatum-nana-gracilis-torpe-disz-granatalma\\\/#primaryimage\"},\"image\":{\"@id\":\"https:\\\/\\\/tajkertesz.com\\\/termek\\\/punica-granatum-nana-gracilis-torpe-disz-granatalma\\\/#primaryimage\"},\"thumbnailUrl\":\"https:\\\/\\\/tajkertesz.com\\\/wp-content\\\/uploads\\\/2025\\\/12\\\/Melograno-Nano-Punica-Granatum-Nana-Gracilis-1024x512-984x492-1.jpg\",\"datePublished\":\"2025-12-09T15:16:15+00:00\",\"dateModified\":\"2025-12-09T15:16:20+00:00\",\"description\":\"Punica granatum 'Nana Gracilis' - T\u00f6rpe d\u00edsz-gr\u00e1n\u00e1talma gazdagon vir\u00e1gz\u00f3 cserje. Apr\u00f3 ehet\u0151 gy\u00fcm\u00f6lcs\u00f6ket hoz, d\u00e9zs\u00e1ban \u00e9s bonsainak is kiv\u00e1l\u00f3.\",\"breadcrumb\":{\"@id\":\"https:\\\/\\\/tajkertesz.com\\\/termek\\\/punica-granatum-nana-gracilis-torpe-disz-granatalma\\\/#breadcrumb\"},\"inLanguage\":\"en-US\",\"potentialAction\":[{\"@type\":\"ReadAction\",\"target\":[\"https:\\\/\\\/tajkertesz.com\\\/termek\\\/punica-granatum-nana-gracilis-torpe-disz-granatalma\\\/\"]}]},{\"@type\":\"ImageObject\",\"inLanguage\":\"en-US\",\"@id\":\"https:\\\/\\\/tajkertesz.com\\\/termek\\\/punica-granatum-nana-gracilis-torpe-disz-granatalma\\\/#primaryimage\",\"url\":\"https:\\\/\\\/tajkertesz.com\\\/wp-content\\\/uploads\\\/2025\\\/12\\\/Melograno-Nano-Punica-Granatum-Nana-Gracilis-1024x512-984x492-1.jpg\",\"contentUrl\":\"https:\\\/\\\/tajkertesz.com\\\/wp-content\\\/uploads\\\/2025\\\/12\\\/Melograno-Nano-Punica-Granatum-Nana-Gracilis-1024x512-984x492-1.jpg\",\"width\":553,\"height\":447,\"caption\":\"Punica granatum 'Nana Gracilis' - T\u00f6rpe d\u00edsz-gr\u00e1n\u00e1talma\"},{\"@type\":\"BreadcrumbList\",\"@id\":\"https:\\\/\\\/tajkertesz.com\\\/termek\\\/punica-granatum-nana-gracilis-torpe-disz-granatalma\\\/#breadcrumb\",\"itemListElement\":[{\"@type\":\"ListItem\",\"position\":1,\"name\":\"Home\",\"item\":\"https:\\\/\\\/tajkertesz.com\\\/\"},{\"@type\":\"ListItem\",\"position\":2,\"name\":\"Kezd\u0151lap\",\"item\":\"https:\\\/\\\/tajkertesz.com\\\/\"},{\"@type\":\"ListItem\",\"position\":3,\"name\":\"Punica granatum &#8216;Nana Gracilis&#8217; &#8211; T\u00f6rpe d\u00edsz-gr\u00e1n\u00e1talma\"}]},{\"@type\":\"WebSite\",\"@id\":\"https:\\\/\\\/tajkertesz.com\\\/#website\",\"url\":\"https:\\\/\\\/tajkertesz.com\\\/\",\"name\":\"T\u00e1j-Kert\u00e9sz 84 Kft.\",\"description\":\"Kert\u00e9szeti kis- \u00e9s nagykeresked\u00e9s, D\u00edszn\u00f6v\u00e9ny web\u00e1ruh\u00e1z orsz\u00e1gos h\u00e1zhozsz\u00e1ll\u00edt\u00e1ssal!\",\"publisher\":{\"@id\":\"https:\\\/\\\/tajkertesz.com\\\/#organization\"},\"potentialAction\":[{\"@type\":\"SearchAction\",\"target\":{\"@type\":\"EntryPoint\",\"urlTemplate\":\"https:\\\/\\\/tajkertesz.com\\\/?s={search_term_string}\"},\"query-input\":{\"@type\":\"PropertyValueSpecification\",\"valueRequired\":true,\"valueName\":\"search_term_string\"}}],\"inLanguage\":\"en-US\"},{\"@type\":\"Organization\",\"@id\":\"https:\\\/\\\/tajkertesz.com\\\/#organization\",\"name\":\"T\u00e1j-Kert\u00e9sz 84 Kft.\",\"url\":\"https:\\\/\\\/tajkertesz.com\\\/\",\"logo\":{\"@type\":\"ImageObject\",\"inLanguage\":\"en-US\",\"@id\":\"https:\\\/\\\/tajkertesz.com\\\/#\\\/schema\\\/logo\\\/image\\\/\",\"url\":\"https:\\\/\\\/tajkertesz.com\\\/wp-content\\\/uploads\\\/2018\\\/02\\\/logo-2-e1518678052539.png\",\"contentUrl\":\"https:\\\/\\\/tajkertesz.com\\\/wp-content\\\/uploads\\\/2018\\\/02\\\/logo-2-e1518678052539.png\",\"width\":81,\"height\":140,\"caption\":\"T\u00e1j-Kert\u00e9sz 84 Kft.\"},\"image\":{\"@id\":\"https:\\\/\\\/tajkertesz.com\\\/#\\\/schema\\\/logo\\\/image\\\/\"},\"sameAs\":[\"https:\\\/\\\/www.facebook.com\\\/Tajkertesz\\\/\"]}]}<\/script>\n<!-- \/ Yoast SEO plugin. -->","yoast_head_json":{"title":"Punica granatum 'Nana Gracilis' - T\u00f6rpe d\u00edsz-gr\u00e1n\u00e1talma - T\u00e1jkert\u00e9sz","description":"Punica granatum 'Nana Gracilis' - T\u00f6rpe d\u00edsz-gr\u00e1n\u00e1talma gazdagon vir\u00e1gz\u00f3 cserje. Apr\u00f3 ehet\u0151 gy\u00fcm\u00f6lcs\u00f6ket hoz, d\u00e9zs\u00e1ban \u00e9s bonsainak is kiv\u00e1l\u00f3.","robots":{"index":"index","follow":"follow","max-snippet":"max-snippet:-1","max-image-preview":"max-image-preview:large","max-video-preview":"max-video-preview:-1"},"canonical":"https:\/\/tajkertesz.com\/en_US\/product\/punica-granatum-nana-gracilis-torpe-disz-granatalma\/","og_locale":"en_US","og_type":"article","og_title":"Punica granatum 'Nana Gracilis' - T\u00f6rpe d\u00edsz-gr\u00e1n\u00e1talma - T\u00e1jkert\u00e9sz","og_description":"Punica granatum 'Nana Gracilis' - T\u00f6rpe d\u00edsz-gr\u00e1n\u00e1talma gazdagon vir\u00e1gz\u00f3 cserje. Apr\u00f3 ehet\u0151 gy\u00fcm\u00f6lcs\u00f6ket hoz, d\u00e9zs\u00e1ban \u00e9s bonsainak is kiv\u00e1l\u00f3.","og_url":"https:\/\/tajkertesz.com\/en_US\/product\/punica-granatum-nana-gracilis-torpe-disz-granatalma\/","og_site_name":"T\u00e1jkert\u00e9sz","article_publisher":"https:\/\/www.facebook.com\/Tajkertesz\/","article_modified_time":"2025-12-09T15:16:20+00:00","og_image":[{"width":553,"height":447,"url":"https:\/\/tajkertesz.com\/wp-content\/uploads\/2025\/12\/Melograno-Nano-Punica-Granatum-Nana-Gracilis-1024x512-984x492-1.jpg","type":"image\/jpeg"}],"twitter_card":"summary_large_image","twitter_misc":{"Est. reading time":"3 minutes"},"schema":{"@context":"https:\/\/schema.org","@graph":[{"@type":"WebPage","@id":"https:\/\/tajkertesz.com\/termek\/punica-granatum-nana-gracilis-torpe-disz-granatalma\/","url":"https:\/\/tajkertesz.com\/termek\/punica-granatum-nana-gracilis-torpe-disz-granatalma\/","name":"Punica granatum 'Nana Gracilis' - T\u00f6rpe d\u00edsz-gr\u00e1n\u00e1talma - T\u00e1jkert\u00e9sz","isPartOf":{"@id":"https:\/\/tajkertesz.com\/#website"},"primaryImageOfPage":{"@id":"https:\/\/tajkertesz.com\/termek\/punica-granatum-nana-gracilis-torpe-disz-granatalma\/#primaryimage"},"image":{"@id":"https:\/\/tajkertesz.com\/termek\/punica-granatum-nana-gracilis-torpe-disz-granatalma\/#primaryimage"},"thumbnailUrl":"https:\/\/tajkertesz.com\/wp-content\/uploads\/2025\/12\/Melograno-Nano-Punica-Granatum-Nana-Gracilis-1024x512-984x492-1.jpg","datePublished":"2025-12-09T15:16:15+00:00","dateModified":"2025-12-09T15:16:20+00:00","description":"Punica granatum 'Nana Gracilis' - T\u00f6rpe d\u00edsz-gr\u00e1n\u00e1talma gazdagon vir\u00e1gz\u00f3 cserje. Apr\u00f3 ehet\u0151 gy\u00fcm\u00f6lcs\u00f6ket hoz, d\u00e9zs\u00e1ban \u00e9s bonsainak is kiv\u00e1l\u00f3.","breadcrumb":{"@id":"https:\/\/tajkertesz.com\/termek\/punica-granatum-nana-gracilis-torpe-disz-granatalma\/#breadcrumb"},"inLanguage":"en-US","potentialAction":[{"@type":"ReadAction","target":["https:\/\/tajkertesz.com\/termek\/punica-granatum-nana-gracilis-torpe-disz-granatalma\/"]}]},{"@type":"ImageObject","inLanguage":"en-US","@id":"https:\/\/tajkertesz.com\/termek\/punica-granatum-nana-gracilis-torpe-disz-granatalma\/#primaryimage","url":"https:\/\/tajkertesz.com\/wp-content\/uploads\/2025\/12\/Melograno-Nano-Punica-Granatum-Nana-Gracilis-1024x512-984x492-1.jpg","contentUrl":"https:\/\/tajkertesz.com\/wp-content\/uploads\/2025\/12\/Melograno-Nano-Punica-Granatum-Nana-Gracilis-1024x512-984x492-1.jpg","width":553,"height":447,"caption":"Punica granatum 'Nana Gracilis' - T\u00f6rpe d\u00edsz-gr\u00e1n\u00e1talma"},{"@type":"BreadcrumbList","@id":"https:\/\/tajkertesz.com\/termek\/punica-granatum-nana-gracilis-torpe-disz-granatalma\/#breadcrumb","itemListElement":[{"@type":"ListItem","position":1,"name":"Home","item":"https:\/\/tajkertesz.com\/"},{"@type":"ListItem","position":2,"name":"Kezd\u0151lap","item":"https:\/\/tajkertesz.com\/"},{"@type":"ListItem","position":3,"name":"Punica granatum &#8216;Nana Gracilis&#8217; &#8211; T\u00f6rpe d\u00edsz-gr\u00e1n\u00e1talma"}]},{"@type":"WebSite","@id":"https:\/\/tajkertesz.com\/#website","url":"https:\/\/tajkertesz.com\/","name":"T\u00e1j-Kert\u00e9sz 84 Kft.","description":"Kert\u00e9szeti kis- \u00e9s nagykeresked\u00e9s, D\u00edszn\u00f6v\u00e9ny web\u00e1ruh\u00e1z orsz\u00e1gos h\u00e1zhozsz\u00e1ll\u00edt\u00e1ssal!","publisher":{"@id":"https:\/\/tajkertesz.com\/#organization"},"potentialAction":[{"@type":"SearchAction","target":{"@type":"EntryPoint","urlTemplate":"https:\/\/tajkertesz.com\/?s={search_term_string}"},"query-input":{"@type":"PropertyValueSpecification","valueRequired":true,"valueName":"search_term_string"}}],"inLanguage":"en-US"},{"@type":"Organization","@id":"https:\/\/tajkertesz.com\/#organization","name":"T\u00e1j-Kert\u00e9sz 84 Kft.","url":"https:\/\/tajkertesz.com\/","logo":{"@type":"ImageObject","inLanguage":"en-US","@id":"https:\/\/tajkertesz.com\/#\/schema\/logo\/image\/","url":"https:\/\/tajkertesz.com\/wp-content\/uploads\/2018\/02\/logo-2-e1518678052539.png","contentUrl":"https:\/\/tajkertesz.com\/wp-content\/uploads\/2018\/02\/logo-2-e1518678052539.png","width":81,"height":140,"caption":"T\u00e1j-Kert\u00e9sz 84 Kft."},"image":{"@id":"https:\/\/tajkertesz.com\/#\/schema\/logo\/image\/"},"sameAs":["https:\/\/www.facebook.com\/Tajkertesz\/"]}]}},"_links":{"self":[{"href":"https:\/\/tajkertesz.com\/en_US\/wp-json\/wp\/v2\/product\/25591","targetHints":{"allow":["GET"]}}],"collection":[{"href":"https:\/\/tajkertesz.com\/en_US\/wp-json\/wp\/v2\/product"}],"about":[{"href":"https:\/\/tajkertesz.com\/en_US\/wp-json\/wp\/v2\/types\/product"}],"wp:featuredmedia":[{"embeddable":true,"href":"https:\/\/tajkertesz.com\/en_US\/wp-json\/wp\/v2\/media\/25592"}],"wp:attachment":[{"href":"https:\/\/tajkertesz.com\/en_US\/wp-json\/wp\/v2\/media?parent=25591"}],"wp:term":[{"taxonomy":"product_brand","embeddable":true,"href":"https:\/\/tajkertesz.com\/en_US\/wp-json\/wp\/v2\/product_brand?post=25591"},{"taxonomy":"product_cat","embeddable":true,"href":"https:\/\/tajkertesz.com\/en_US\/wp-json\/wp\/v2\/product_cat?post=25591"},{"taxonomy":"product_tag","embeddable":true,"href":"https:\/\/tajkertesz.com\/en_US\/wp-json\/wp\/v2\/product_tag?post=25591"}],"curies":[{"name":"wp","href":"https:\/\/api.w.org\/{rel}","templated":true}]}}