{"id":3728,"date":"2021-04-28T09:58:36","date_gmt":"2021-04-28T09:58:36","guid":{"rendered":"https:\/\/tajkertesz.com\/?post_type=product&#038;p=3728"},"modified":"2026-02-24T13:04:35","modified_gmt":"2026-02-24T13:04:35","slug":"euonymus-japonicus-bravo-japan-kecskerago","status":"publish","type":"product","link":"https:\/\/tajkertesz.com\/en_US\/product\/euonymus-japonicus-bravo-japan-kecskerago\/","title":{"rendered":"Euonymus japonicus \u2018Bravo\u2019 \u2013 Jap\u00e1n kecsker\u00e1g\u00f3"},"content":{"rendered":"<h1>Euonymus japonicus \u2018Bravo\u2019 \u2013 Jap\u00e1n kecsker\u00e1g\u00f3<\/h1>\n<p data-start=\"501\" data-end=\"739\">Az Euonymus japonicus \u2018Bravo\u2019 \u2013 Jap\u00e1n kecsker\u00e1g\u00f3\u00a0k\u00f6zepes n\u00f6veked\u00e9s\u0171, s\u0171r\u0171 lomb\u00fa, \u00f6r\u00f6kz\u00f6ld d\u00edszcserje. Nagyobb m\u00e9ret\u0171, b\u0151rszer\u0171 levelei z\u00f6ld alapon kr\u00e9mfeh\u00e9r tark\u00e1zotts\u00e1g\u00faak, amelyek eg\u00e9sz \u00e9vben mutat\u00f3sak.<\/p>\n<p data-start=\"741\" data-end=\"985\">Kiv\u00e1l\u00f3 v\u00e1laszt\u00e1s <strong data-start=\"758\" data-end=\"796\">ny\u00edrt vagy szabadon n\u00f6v\u0151 s\u00f6v\u00e9nynek<\/strong>, <strong data-start=\"798\" data-end=\"821\">szoliter n\u00f6v\u00e9nyk\u00e9nt<\/strong>, valamint <strong data-start=\"832\" data-end=\"852\">d\u00e9zs\u00e1ban nevelve<\/strong> teraszokra \u00e9s bej\u00e1ratok mell\u00e9. J\u00f3l t\u0171ri a metsz\u00e9st, \u00edgy form\u00e1ra alak\u00edthat\u00f3. Napos \u00e9s f\u00e9l\u00e1rny\u00e9kos fekv\u00e9sben egyar\u00e1nt sz\u00e9pen fejl\u0151dik.<\/p>\n<p data-start=\"987\" data-end=\"1104\">Fagyt\u0171r\u00e9se j\u00f3, de er\u0151sebb teleken fiatal korban v\u00e9dett fekv\u00e9st ig\u00e9nyelhet. Ellen\u00e1ll\u00f3, kev\u00e9s gondoz\u00e1st ig\u00e9nyl\u0151 n\u00f6v\u00e9ny.<\/p>\n<hr data-start=\"1106\" data-end=\"1109\" \/>\n<h2 data-start=\"1111\" data-end=\"1144\">Euonymus japonicus \u2018Bravo\u2019 jellemz\u0151i:<\/h2>\n<ul data-start=\"1145\" data-end=\"1369\">\n<li data-start=\"1145\" data-end=\"1183\">\n<p data-start=\"1147\" data-end=\"1183\">\ud83c\udf3f \u00d6r\u00f6kz\u00f6ld, feh\u00e9r-z\u00f6ld tarka lomb<\/p>\n<\/li>\n<li data-start=\"1184\" data-end=\"1225\">\n<p data-start=\"1186\" data-end=\"1225\">\ud83c\udf31 K\u00f6zepes n\u00f6veked\u00e9s, s\u0171r\u0171 \u00e1grendszer<\/p>\n<\/li>\n<li data-start=\"1226\" data-end=\"1265\">\n<p data-start=\"1228\" data-end=\"1265\">\u2702\ufe0f J\u00f3l metszhet\u0151, s\u00f6v\u00e9nynek ide\u00e1lis<\/p>\n<\/li>\n<li data-start=\"1266\" data-end=\"1305\">\n<p data-start=\"1268\" data-end=\"1305\">\u2600\ufe0f Napos\u2013f\u00e9l\u00e1rny\u00e9kos fekv\u00e9st kedvel<\/p>\n<\/li>\n<li data-start=\"1306\" data-end=\"1325\">\n<p data-start=\"1308\" data-end=\"1325\">\u2744\ufe0f J\u00f3 fagyt\u0171r\u00e9s<\/p>\n<\/li>\n<li data-start=\"1326\" data-end=\"1369\">\n<p data-start=\"1328\" data-end=\"1369\">\ud83e\udeb4 Szabadf\u00f6ldbe \u00e9s d\u00e9zs\u00e1ba is \u00fcltethet\u0151<\/p>\n<\/li>\n<\/ul>\n<p data-start=\"997\" data-end=\"1145\">.<\/p>\n<h4><strong>\ud83d\udd04 K\u00e9szletinform\u00e1ci\u00f3<\/strong><\/h4>\n<p><strong>K\u00e9szlet\u00fcnk napi szinten v\u00e1ltozik, \u00edgy a webshopban szerepl<\/strong><strong>\u0151<\/strong><strong>\u00a0term\u00e9kek el\u00e9rhet<\/strong><strong>\u0151<\/strong><strong>s\u00e9ge nem garant\u00e1lt.<br \/>\n\ud83d\udcde A megrendel\u00e9s el<\/strong><strong>\u0151<\/strong><strong>tt k\u00e9rj\u00fck, \u00e9rdekl<\/strong><strong>\u0151<\/strong><strong>dj\u00f6n szem\u00e9lyesen, telefonon vagy e-mailben!<\/strong><\/p>\n<h4><strong>\u27a1\ufe0f Kapcsolat:<\/strong><\/h4>\n<ul>\n<li><strong>Weboldal:\u00a0<\/strong><a href=\"https:\/\/tajkertesz.com\/\"><strong>tajkertesz.com<\/strong><\/a><\/li>\n<li><strong>Facebook:\u00a0<\/strong><a href=\"https:\/\/www.facebook.com\/tajkertesz\/\"><strong>facebook.com\/tajkertesz<\/strong><\/a><\/li>\n<li><strong>Telefonsz\u00e1m, e-mail: +36\/20-319-3770\u00a0<\/strong><a href=\"mailto:tajkerteszaruda@gmail.com\"><strong>tajkerteszaruda@gmail.com<\/strong><\/a><\/li>\n<\/ul>\n<h4><strong>\ud83d\ude9a Sz\u00e1ll\u00edt\u00e1si inform\u00e1ci\u00f3k<\/strong><\/h4>\n<p><strong>A megrendelt n\u00f6v\u00e9nyek kisz\u00e1ll\u00edt\u00e1sa az al\u00e1bbi felt\u00e9telek mellett t\u00f6rt\u00e9nik:<\/strong><\/p>\n<h4><strong>\ud83d\udce6 Fut\u00e1rszolg\u00e1latos sz\u00e1ll\u00edt\u00e1s<\/strong><\/h4>\n<ul>\n<li><strong>Maxim\u00e1lis m\u00e9ret: 200 cm (hossz\u00fas\u00e1g)<\/strong><\/li>\n<li><strong>Maxim\u00e1lis s\u00faly: 40 kg<\/strong><\/li>\n<li><strong>Az enn\u00e9l kisebb \u00e9s k\u00f6nnyebb csomagokat fut\u00e1rszolg\u00e1lattal k\u00e9zbes\u00edtj\u00fck a lehet<\/strong><strong>\u0151<\/strong><strong>\u00a0legbiztons\u00e1gosabb csomagol\u00e1sban.<\/strong><\/li>\n<\/ul>\n<h4><strong>\ud83d\udefb Szem\u00e9lyes \u00e1tv\u00e9tel<\/strong><\/h4>\n<ul>\n<li><strong>1173 Budapest, Bakancsos utca 7. sz\u00e1m alatt nyitvatart\u00e1si id<\/strong><strong>\u0151<\/strong><strong>ben szem\u00e9lyesen \u00e1tvehet<\/strong><strong>\u0151<\/strong><strong>\u00a0kert\u00e9szeti \u00e1rud\u00e1nkban.<\/strong><\/li>\n<li><strong>K\u00f6lts\u00e9ghat\u00e9kony megold\u00e1s nagyobb, t\u00f6r\u00e9kenyebb vagy t\u00falm\u00e9retes n\u00f6v\u00e9nyek eset\u00e9n.<\/strong><\/li>\n<\/ul>\n<h4><strong>\ud83d\udcde Nagy m\u00e9ret<\/strong><strong>\u0171<\/strong><strong>\u00a0vagy s\u00faly\u00fa n\u00f6v\u00e9nyek eset\u00e9n<\/strong><\/h4>\n<p><strong>Ha a term\u00e9k:<\/strong><\/p>\n<ul>\n<li><strong>meghaladja a 200 cm hossz\u00fas\u00e1got vagy<\/strong><\/li>\n<li><strong>meghaladja a 40 kg s\u00falyt,<\/strong><\/li>\n<\/ul>\n<p><strong>akkor szem\u00e9lyes \u00e1tv\u00e9tellel vagy egyedi, el<\/strong><strong>\u0151<\/strong><strong>re egyeztetett sz\u00e1ll\u00edt\u00e1si felt\u00e9telek mellett t\u00f6rt\u00e9nik.<br \/>\nK\u00e9rj\u00fck, ilyen esetben rendel\u00e9s el<\/strong><strong>\u0151<\/strong><strong>tt vegye fel vel\u00fcnk a kapcsolatot, hogy a lehet<\/strong><strong>\u0151<\/strong><strong>\u00a0legmegfelel<\/strong><strong>\u0151<\/strong><strong>bb sz\u00e1ll\u00edt\u00e1si megold\u00e1st k\u00edn\u00e1lhassuk.<\/strong><\/p>\n<p><strong>\ud83d\udd14 Fontos: A n\u00f6v\u00e9nyeket minden esetben igyeksz\u00fcnk gondosan, egyes\u00e9vel csomagolni, azonban a sz\u00e1ll\u00edt\u00e1s sor\u00e1n kisebb eszt\u00e9tikai s\u00e9r\u00fcl\u00e9sek el<\/strong><strong>\u0151<\/strong><strong>fordulhatnak (pl. lev\u00e9lhull\u00e1s). Ez nem min<\/strong><strong>\u0151<\/strong><strong>s\u00fcl hib\u00e1s teljes\u00edt\u00e9snek.<\/strong><\/p>\n<h4><strong>\ud83d\udcf7 Fontos tudni a k\u00e9pekr<\/strong><strong>\u0151<\/strong><strong>l<\/strong><\/h4>\n<p><strong>A webshopban szerepl<\/strong><strong>\u0151<\/strong><strong>\u00a0k\u00e9pek illusztr\u00e1ci\u00f3k, a n\u00f6v\u00e9nyek term\u00e9szet\u00fckn\u00e9l fogva egyediek, \u00edgy m\u00e9retben, alakban \u00e9s sz\u00ednben minim\u00e1lis elt\u00e9r\u00e9sek el<\/strong><strong>\u0151<\/strong><strong>fordulhatnak a k\u00e9pen l\u00e1that\u00f3 \u00e9s a val\u00f3s p\u00e9ld\u00e1nyok k\u00f6z\u00f6tt.<\/strong><\/p>\n<h4><strong>\ud83e\uddfe \u00c1rak \u00e9s el\u00e1ll\u00e1si jog<\/strong><\/h4>\n<ul>\n<li><strong>Az \u00e1rak egy darab\u00a0n\u00f6v\u00e9nyre vonatkoznak.<\/strong><\/li>\n<li><strong>\u00c9l<\/strong><strong>\u0151<\/strong><strong>\u00a0n\u00f6v\u00e9nyek rendel\u00e9se eset\u00e9n a 14 napos el\u00e1ll\u00e1s joga nem \u00e9rv\u00e9nyes\u00edthet<\/strong><strong>\u0151<\/strong><strong>, mivel azok romland\u00f3, biol\u00f3giailag \u00e9l<\/strong><strong>\u0151<\/strong><strong>\u00a0term\u00e9keknek min<\/strong><strong>\u0151<\/strong><strong>s\u00fclnek.<br \/>\n\ud83d\udd12 (17\/1999. (II. 5.) Korm. rendelet 5. \u00a7 c) pontja alapj\u00e1n)<\/strong><\/li>\n<\/ul>\n<h4><strong>\ud83d\udce6 K\u00e9zbes\u00edt\u00e9s ut\u00e1ni teend<\/strong><strong>\u0151<\/strong><strong>k<\/strong><\/h4>\n<p><strong>A k\u00e9zbes\u00edt\u00e9st k\u00f6vet<\/strong><strong>\u0151<\/strong><strong>en a csomagot azonnal bontsuk ki, \u00e9s a n\u00f6v\u00e9nyt helyezz\u00fck el megfelel<\/strong><strong>\u0151<\/strong><strong>\u00a0k\u00f6rnyezetben.<br \/>\nFontos: ha a n\u00f6v\u00e9ny nem r\u00e9szes\u00fcl megfelel<\/strong><strong>\u0151<\/strong><strong>\u00a0gondoz\u00e1sban \u00e9s ennek k\u00f6vetkezt\u00e9ben k\u00e1rosodik vagy elpusztul, felel<\/strong><strong>\u0151<\/strong><strong>ss\u00e9get nem tudunk v\u00e1llalni.<\/strong><\/p>","protected":false},"excerpt":{"rendered":"<p data-start=\"251\" data-end=\"459\">Az <strong data-start=\"254\" data-end=\"284\">Euonymus japonicus \u2018Bravo\u2019<\/strong> \u00f6r\u00f6kz\u00f6ld jap\u00e1n kecsker\u00e1g\u00f3, kr\u00e9mfeh\u00e9rrel tark\u00edtott, f\u00e9nyes levelekkel. Kiv\u00e1l\u00f3 v\u00e1laszt\u00e1s s\u00f6v\u00e9nynek, szoliter n\u00f6v\u00e9nynek \u00e9s d\u00e9zs\u00e1s nevel\u00e9sre, eg\u00e9sz \u00e9vben dekorat\u00edv megjelen\u00e9ssel.<\/p>\n<p data-start=\"251\" data-end=\"459\">M\u00e9rete:\u00a0 50\/60 cm magas, 10 literes kont\u00e9nerben.<\/p>","protected":false},"featured_media":20491,"template":"","meta":{"_et_pb_use_builder":"","_et_pb_old_content":"","_et_gb_content_width":""},"product_brand":[],"product_cat":[27,26],"product_tag":[7863,5189,4931,6324,4994,763,6513],"class_list":{"0":"post-3728","1":"product","2":"type-product","3":"status-publish","4":"has-post-thumbnail","6":"product_cat-cserjek","7":"product_cat-orokzold-novenyek","8":"product_tag-bravo-kecskerago","9":"product_tag-euonymus-japonicus","10":"product_tag-japan-kecskerago","11":"product_tag-kerti-disznoveny","12":"product_tag-orokzold-cserje","13":"product_tag-sovenynoveny","14":"product_tag-tarka-levelu-noveny","16":"first","17":"instock","18":"shipping-taxable","19":"purchasable","20":"product-type-simple"},"yoast_head":"<!-- This site is optimized with the Yoast SEO plugin v27.5 - https:\/\/yoast.com\/product\/yoast-seo-wordpress\/ -->\n<title>Euonymus japonicus \u2018Bravo\u2019 \u2013 Jap\u00e1n kecsker\u00e1g\u00f3 - T\u00e1jkert\u00e9sz<\/title>\n<meta name=\"description\" content=\"A Euonymus japonicus \u2018Bravo\u2019 \u2013 Jap\u00e1n kecsker\u00e1g\u00f3 \u00f6r\u00f6kz\u00f6ld, kr\u00e9mfeh\u00e9r tarka levelekkel. S\u00f6v\u00e9nynek, szoliternek \u00e9s d\u00e9zs\u00e1ba is ide\u00e1lis.\" \/>\n<meta name=\"robots\" content=\"index, follow, max-snippet:-1, max-image-preview:large, max-video-preview:-1\" \/>\n<link rel=\"canonical\" href=\"https:\/\/tajkertesz.com\/en_US\/product\/euonymus-japonicus-bravo-japan-kecskerago\/\" \/>\n<meta property=\"og:locale\" content=\"en_US\" \/>\n<meta property=\"og:type\" content=\"article\" \/>\n<meta property=\"og:title\" content=\"Euonymus japonicus \u2018Bravo\u2019 \u2013 Jap\u00e1n kecsker\u00e1g\u00f3 - T\u00e1jkert\u00e9sz\" \/>\n<meta property=\"og:description\" content=\"A Euonymus japonicus \u2018Bravo\u2019 \u2013 Jap\u00e1n kecsker\u00e1g\u00f3 \u00f6r\u00f6kz\u00f6ld, kr\u00e9mfeh\u00e9r tarka levelekkel. S\u00f6v\u00e9nynek, szoliternek \u00e9s d\u00e9zs\u00e1ba is ide\u00e1lis.\" \/>\n<meta property=\"og:url\" content=\"https:\/\/tajkertesz.com\/en_US\/product\/euonymus-japonicus-bravo-japan-kecskerago\/\" \/>\n<meta property=\"og:site_name\" content=\"T\u00e1jkert\u00e9sz\" \/>\n<meta property=\"article:publisher\" content=\"https:\/\/www.facebook.com\/Tajkertesz\/\" \/>\n<meta property=\"article:modified_time\" content=\"2026-02-24T13:04:35+00:00\" \/>\n<meta property=\"og:image\" content=\"https:\/\/tajkertesz.com\/wp-content\/uploads\/2021\/04\/EUOJABR.jpg\" \/>\n\t<meta property=\"og:image:width\" content=\"450\" \/>\n\t<meta property=\"og:image:height\" content=\"600\" \/>\n\t<meta property=\"og:image:type\" content=\"image\/jpeg\" \/>\n<meta name=\"twitter:card\" content=\"summary_large_image\" \/>\n<meta name=\"twitter:label1\" content=\"Est. reading time\" \/>\n\t<meta name=\"twitter:data1\" content=\"3 minutes\" \/>\n<script type=\"application\/ld+json\" class=\"yoast-schema-graph\">{\"@context\":\"https:\\\/\\\/schema.org\",\"@graph\":[{\"@type\":\"WebPage\",\"@id\":\"https:\\\/\\\/tajkertesz.com\\\/termek\\\/euonymus-japonicus-bravo-japan-kecskerago\\\/\",\"url\":\"https:\\\/\\\/tajkertesz.com\\\/termek\\\/euonymus-japonicus-bravo-japan-kecskerago\\\/\",\"name\":\"Euonymus japonicus \u2018Bravo\u2019 \u2013 Jap\u00e1n kecsker\u00e1g\u00f3 - T\u00e1jkert\u00e9sz\",\"isPartOf\":{\"@id\":\"https:\\\/\\\/tajkertesz.com\\\/#website\"},\"primaryImageOfPage\":{\"@id\":\"https:\\\/\\\/tajkertesz.com\\\/termek\\\/euonymus-japonicus-bravo-japan-kecskerago\\\/#primaryimage\"},\"image\":{\"@id\":\"https:\\\/\\\/tajkertesz.com\\\/termek\\\/euonymus-japonicus-bravo-japan-kecskerago\\\/#primaryimage\"},\"thumbnailUrl\":\"https:\\\/\\\/tajkertesz.com\\\/wp-content\\\/uploads\\\/2021\\\/04\\\/EUOJABR.jpg\",\"datePublished\":\"2021-04-28T09:58:36+00:00\",\"dateModified\":\"2026-02-24T13:04:35+00:00\",\"description\":\"A Euonymus japonicus \u2018Bravo\u2019 \u2013 Jap\u00e1n kecsker\u00e1g\u00f3 \u00f6r\u00f6kz\u00f6ld, kr\u00e9mfeh\u00e9r tarka levelekkel. S\u00f6v\u00e9nynek, szoliternek \u00e9s d\u00e9zs\u00e1ba is ide\u00e1lis.\",\"breadcrumb\":{\"@id\":\"https:\\\/\\\/tajkertesz.com\\\/termek\\\/euonymus-japonicus-bravo-japan-kecskerago\\\/#breadcrumb\"},\"inLanguage\":\"en-US\",\"potentialAction\":[{\"@type\":\"ReadAction\",\"target\":[\"https:\\\/\\\/tajkertesz.com\\\/termek\\\/euonymus-japonicus-bravo-japan-kecskerago\\\/\"]}]},{\"@type\":\"ImageObject\",\"inLanguage\":\"en-US\",\"@id\":\"https:\\\/\\\/tajkertesz.com\\\/termek\\\/euonymus-japonicus-bravo-japan-kecskerago\\\/#primaryimage\",\"url\":\"https:\\\/\\\/tajkertesz.com\\\/wp-content\\\/uploads\\\/2021\\\/04\\\/EUOJABR.jpg\",\"contentUrl\":\"https:\\\/\\\/tajkertesz.com\\\/wp-content\\\/uploads\\\/2021\\\/04\\\/EUOJABR.jpg\",\"width\":450,\"height\":600,\"caption\":\"Euonymus japonicus \u2018Bravo\u2019 \u2013 Jap\u00e1n kecsker\u00e1g\u00f3\"},{\"@type\":\"BreadcrumbList\",\"@id\":\"https:\\\/\\\/tajkertesz.com\\\/termek\\\/euonymus-japonicus-bravo-japan-kecskerago\\\/#breadcrumb\",\"itemListElement\":[{\"@type\":\"ListItem\",\"position\":1,\"name\":\"Home\",\"item\":\"https:\\\/\\\/tajkertesz.com\\\/\"},{\"@type\":\"ListItem\",\"position\":2,\"name\":\"Kezd\u0151lap\",\"item\":\"https:\\\/\\\/tajkertesz.com\\\/\"},{\"@type\":\"ListItem\",\"position\":3,\"name\":\"Euonymus japonicus \u2018Bravo\u2019 \u2013 Jap\u00e1n kecsker\u00e1g\u00f3\"}]},{\"@type\":\"WebSite\",\"@id\":\"https:\\\/\\\/tajkertesz.com\\\/#website\",\"url\":\"https:\\\/\\\/tajkertesz.com\\\/\",\"name\":\"T\u00e1j-Kert\u00e9sz 84 Kft.\",\"description\":\"Kert\u00e9szeti kis- \u00e9s nagykeresked\u00e9s, D\u00edszn\u00f6v\u00e9ny web\u00e1ruh\u00e1z orsz\u00e1gos h\u00e1zhozsz\u00e1ll\u00edt\u00e1ssal!\",\"publisher\":{\"@id\":\"https:\\\/\\\/tajkertesz.com\\\/#organization\"},\"potentialAction\":[{\"@type\":\"SearchAction\",\"target\":{\"@type\":\"EntryPoint\",\"urlTemplate\":\"https:\\\/\\\/tajkertesz.com\\\/?s={search_term_string}\"},\"query-input\":{\"@type\":\"PropertyValueSpecification\",\"valueRequired\":true,\"valueName\":\"search_term_string\"}}],\"inLanguage\":\"en-US\"},{\"@type\":\"Organization\",\"@id\":\"https:\\\/\\\/tajkertesz.com\\\/#organization\",\"name\":\"T\u00e1j-Kert\u00e9sz 84 Kft.\",\"url\":\"https:\\\/\\\/tajkertesz.com\\\/\",\"logo\":{\"@type\":\"ImageObject\",\"inLanguage\":\"en-US\",\"@id\":\"https:\\\/\\\/tajkertesz.com\\\/#\\\/schema\\\/logo\\\/image\\\/\",\"url\":\"https:\\\/\\\/tajkertesz.com\\\/wp-content\\\/uploads\\\/2018\\\/02\\\/logo-2-e1518678052539.png\",\"contentUrl\":\"https:\\\/\\\/tajkertesz.com\\\/wp-content\\\/uploads\\\/2018\\\/02\\\/logo-2-e1518678052539.png\",\"width\":81,\"height\":140,\"caption\":\"T\u00e1j-Kert\u00e9sz 84 Kft.\"},\"image\":{\"@id\":\"https:\\\/\\\/tajkertesz.com\\\/#\\\/schema\\\/logo\\\/image\\\/\"},\"sameAs\":[\"https:\\\/\\\/www.facebook.com\\\/Tajkertesz\\\/\"]}]}<\/script>\n<!-- \/ Yoast SEO plugin. -->","yoast_head_json":{"title":"Euonymus japonicus \u2018Bravo\u2019 \u2013 Jap\u00e1n kecsker\u00e1g\u00f3 - T\u00e1jkert\u00e9sz","description":"A Euonymus japonicus \u2018Bravo\u2019 \u2013 Jap\u00e1n kecsker\u00e1g\u00f3 \u00f6r\u00f6kz\u00f6ld, kr\u00e9mfeh\u00e9r tarka levelekkel. S\u00f6v\u00e9nynek, szoliternek \u00e9s d\u00e9zs\u00e1ba is ide\u00e1lis.","robots":{"index":"index","follow":"follow","max-snippet":"max-snippet:-1","max-image-preview":"max-image-preview:large","max-video-preview":"max-video-preview:-1"},"canonical":"https:\/\/tajkertesz.com\/en_US\/product\/euonymus-japonicus-bravo-japan-kecskerago\/","og_locale":"en_US","og_type":"article","og_title":"Euonymus japonicus \u2018Bravo\u2019 \u2013 Jap\u00e1n kecsker\u00e1g\u00f3 - T\u00e1jkert\u00e9sz","og_description":"A Euonymus japonicus \u2018Bravo\u2019 \u2013 Jap\u00e1n kecsker\u00e1g\u00f3 \u00f6r\u00f6kz\u00f6ld, kr\u00e9mfeh\u00e9r tarka levelekkel. S\u00f6v\u00e9nynek, szoliternek \u00e9s d\u00e9zs\u00e1ba is ide\u00e1lis.","og_url":"https:\/\/tajkertesz.com\/en_US\/product\/euonymus-japonicus-bravo-japan-kecskerago\/","og_site_name":"T\u00e1jkert\u00e9sz","article_publisher":"https:\/\/www.facebook.com\/Tajkertesz\/","article_modified_time":"2026-02-24T13:04:35+00:00","og_image":[{"width":450,"height":600,"url":"https:\/\/tajkertesz.com\/wp-content\/uploads\/2021\/04\/EUOJABR.jpg","type":"image\/jpeg"}],"twitter_card":"summary_large_image","twitter_misc":{"Est. reading time":"3 minutes"},"schema":{"@context":"https:\/\/schema.org","@graph":[{"@type":"WebPage","@id":"https:\/\/tajkertesz.com\/termek\/euonymus-japonicus-bravo-japan-kecskerago\/","url":"https:\/\/tajkertesz.com\/termek\/euonymus-japonicus-bravo-japan-kecskerago\/","name":"Euonymus japonicus \u2018Bravo\u2019 \u2013 Jap\u00e1n kecsker\u00e1g\u00f3 - T\u00e1jkert\u00e9sz","isPartOf":{"@id":"https:\/\/tajkertesz.com\/#website"},"primaryImageOfPage":{"@id":"https:\/\/tajkertesz.com\/termek\/euonymus-japonicus-bravo-japan-kecskerago\/#primaryimage"},"image":{"@id":"https:\/\/tajkertesz.com\/termek\/euonymus-japonicus-bravo-japan-kecskerago\/#primaryimage"},"thumbnailUrl":"https:\/\/tajkertesz.com\/wp-content\/uploads\/2021\/04\/EUOJABR.jpg","datePublished":"2021-04-28T09:58:36+00:00","dateModified":"2026-02-24T13:04:35+00:00","description":"A Euonymus japonicus \u2018Bravo\u2019 \u2013 Jap\u00e1n kecsker\u00e1g\u00f3 \u00f6r\u00f6kz\u00f6ld, kr\u00e9mfeh\u00e9r tarka levelekkel. S\u00f6v\u00e9nynek, szoliternek \u00e9s d\u00e9zs\u00e1ba is ide\u00e1lis.","breadcrumb":{"@id":"https:\/\/tajkertesz.com\/termek\/euonymus-japonicus-bravo-japan-kecskerago\/#breadcrumb"},"inLanguage":"en-US","potentialAction":[{"@type":"ReadAction","target":["https:\/\/tajkertesz.com\/termek\/euonymus-japonicus-bravo-japan-kecskerago\/"]}]},{"@type":"ImageObject","inLanguage":"en-US","@id":"https:\/\/tajkertesz.com\/termek\/euonymus-japonicus-bravo-japan-kecskerago\/#primaryimage","url":"https:\/\/tajkertesz.com\/wp-content\/uploads\/2021\/04\/EUOJABR.jpg","contentUrl":"https:\/\/tajkertesz.com\/wp-content\/uploads\/2021\/04\/EUOJABR.jpg","width":450,"height":600,"caption":"Euonymus japonicus \u2018Bravo\u2019 \u2013 Jap\u00e1n kecsker\u00e1g\u00f3"},{"@type":"BreadcrumbList","@id":"https:\/\/tajkertesz.com\/termek\/euonymus-japonicus-bravo-japan-kecskerago\/#breadcrumb","itemListElement":[{"@type":"ListItem","position":1,"name":"Home","item":"https:\/\/tajkertesz.com\/"},{"@type":"ListItem","position":2,"name":"Kezd\u0151lap","item":"https:\/\/tajkertesz.com\/"},{"@type":"ListItem","position":3,"name":"Euonymus japonicus \u2018Bravo\u2019 \u2013 Jap\u00e1n kecsker\u00e1g\u00f3"}]},{"@type":"WebSite","@id":"https:\/\/tajkertesz.com\/#website","url":"https:\/\/tajkertesz.com\/","name":"T\u00e1j-Kert\u00e9sz 84 Kft.","description":"Kert\u00e9szeti kis- \u00e9s nagykeresked\u00e9s, D\u00edszn\u00f6v\u00e9ny web\u00e1ruh\u00e1z orsz\u00e1gos h\u00e1zhozsz\u00e1ll\u00edt\u00e1ssal!","publisher":{"@id":"https:\/\/tajkertesz.com\/#organization"},"potentialAction":[{"@type":"SearchAction","target":{"@type":"EntryPoint","urlTemplate":"https:\/\/tajkertesz.com\/?s={search_term_string}"},"query-input":{"@type":"PropertyValueSpecification","valueRequired":true,"valueName":"search_term_string"}}],"inLanguage":"en-US"},{"@type":"Organization","@id":"https:\/\/tajkertesz.com\/#organization","name":"T\u00e1j-Kert\u00e9sz 84 Kft.","url":"https:\/\/tajkertesz.com\/","logo":{"@type":"ImageObject","inLanguage":"en-US","@id":"https:\/\/tajkertesz.com\/#\/schema\/logo\/image\/","url":"https:\/\/tajkertesz.com\/wp-content\/uploads\/2018\/02\/logo-2-e1518678052539.png","contentUrl":"https:\/\/tajkertesz.com\/wp-content\/uploads\/2018\/02\/logo-2-e1518678052539.png","width":81,"height":140,"caption":"T\u00e1j-Kert\u00e9sz 84 Kft."},"image":{"@id":"https:\/\/tajkertesz.com\/#\/schema\/logo\/image\/"},"sameAs":["https:\/\/www.facebook.com\/Tajkertesz\/"]}]}},"_links":{"self":[{"href":"https:\/\/tajkertesz.com\/en_US\/wp-json\/wp\/v2\/product\/3728","targetHints":{"allow":["GET"]}}],"collection":[{"href":"https:\/\/tajkertesz.com\/en_US\/wp-json\/wp\/v2\/product"}],"about":[{"href":"https:\/\/tajkertesz.com\/en_US\/wp-json\/wp\/v2\/types\/product"}],"wp:featuredmedia":[{"embeddable":true,"href":"https:\/\/tajkertesz.com\/en_US\/wp-json\/wp\/v2\/media\/20491"}],"wp:attachment":[{"href":"https:\/\/tajkertesz.com\/en_US\/wp-json\/wp\/v2\/media?parent=3728"}],"wp:term":[{"taxonomy":"product_brand","embeddable":true,"href":"https:\/\/tajkertesz.com\/en_US\/wp-json\/wp\/v2\/product_brand?post=3728"},{"taxonomy":"product_cat","embeddable":true,"href":"https:\/\/tajkertesz.com\/en_US\/wp-json\/wp\/v2\/product_cat?post=3728"},{"taxonomy":"product_tag","embeddable":true,"href":"https:\/\/tajkertesz.com\/en_US\/wp-json\/wp\/v2\/product_tag?post=3728"}],"curies":[{"name":"wp","href":"https:\/\/api.w.org\/{rel}","templated":true}]}}