{"id":3777,"date":"2021-04-29T12:32:26","date_gmt":"2021-04-29T12:32:26","guid":{"rendered":"https:\/\/tajkertesz.com\/?post_type=product&#038;p=3777"},"modified":"2026-02-25T12:40:26","modified_gmt":"2026-02-25T12:40:26","slug":"pinus-strobus-breviflora-torpe-fenyo-200-220-cm-magas","status":"publish","type":"product","link":"https:\/\/tajkertesz.com\/en_US\/product\/pinus-strobus-breviflora-torpe-fenyo-200-220-cm-magas\/","title":{"rendered":"Pinus strobus &#8216;Breviflora&#8217; &#8211; T\u00f6rpe feny\u0151 200\/220 cm magas"},"content":{"rendered":"<p>Pinus strobus &#8216;Breviflora&#8217; &#8211; T\u00f6rpe feny\u0151 200\/220 cm magas<\/p>\n<p>T\u00f6rzs magass\u00e1ga:150cm<\/p>\n<p>Korona m\u00e9rete: 80cm<\/p>\n<p>&nbsp;<\/p>\n<p>&nbsp;<\/p>\n<p><strong>A Pinus strobus &#8216;Breviflora&#8217; &#8211; T\u00f6rpe feny\u0151 200\/220 cm magas <\/strong>egy\u00a0<span class=\"enciDesc\">kicsi, egyenes, t\u00f6m\u00f6r \u00f6r\u00f6kz\u00f6ld fa, t\u0171level\u0171. K\u00e9rge s\u00f6t\u00e9tlila-barna vagy sz\u00fcrke-barna, pikkelyes. A lombkoron\u00e1ja sz\u00e9les, gyakran szab\u00e1lytalan. Az \u00e1gak v\u00edzszintesen ter\u00fclnek el. J\u00f3l tartja a t\u0171ket \u00e9s s\u0171r\u0171 g\u00f6mb\u00f6ly\u0171 form\u00e1t tart fenn. <\/span>K\u00f6nnyen tarthat\u00f3 savas, k\u00f6zepes nedvess\u00e9gtartalm\u00fa talajban, naps\u00fct\u00e9ses helyen. El\u0151nyben r\u00e9szes\u00edti a term\u00e9keny talajt \u00e9s a h\u0171v\u00f6s, p\u00e1r\u00e1s \u00e9ghajlatot.\u00a0Nem toler\u00e1lja az agyagos talajokat.<\/p>\n<p id=\"NetPS-PlantLAPara2\">Ez a cserje id\u0151nk\u00e9nt karbantart\u00e1st ig\u00e9nyel. Ha metsz\u00e9sre van sz\u00fcks\u00e9g, akkor aj\u00e1nlatos az aktu\u00e1lis szezon \u00faj n\u00f6veked\u00e9s\u00e9t csak visszav\u00e1gni.<\/p>\n<h4><em>Pinus strobus<\/em>, \u00e1ltal\u00e1ban hossz\u00fa \u00e9let\u0171, amelynek \u0151shonos az Egyes\u00fclt \u00c1llamok \u00e9szakkeleti r\u00e9sz\u00e9n \u00e9s Kanad\u00e1ban (Maine \u00e9s Michigan \u00e1llamfa). \u00a0A korona m\u00e9ret\u00e9t \u00e9s alakj\u00e1t metsz\u00e9ssel lehet szab\u00e1lyozni. A k\u00e9kessz\u00f6ld t\u0171k (5 &#8222;hossz\u00faak) puha tapint\u00e1s\u00faak \u00e9s \u00f6t\u00f6s k\u00f6tegekben jelennek meg.<\/h4>\n<div id=\"MainContentPlaceHolder_GardenUsesRow\" class=\"row\">\n<p>&nbsp;<\/p>\n<\/div>\n<p><a href=\"https:\/\/www.facebook.com\/tajkertesz\">https:\/\/www.facebook.com\/tajkertesz<\/a><\/p>\n<p><a href=\"https:\/\/tajkertesz.com\/\">https:\/\/tajkertesz.com\/<\/a><\/p>\n<p>&nbsp;<\/p>","protected":false},"excerpt":{"rendered":"<p><strong>A Pinus strobus &#8216;Breviflora&#8217; &#8211; T\u00f6rpe feny\u0151 200\/220 cm magas <\/strong>egy\u00a0<span class=\"enciDesc\">kicsi, egyenes, t\u00f6m\u00f6r \u00f6r\u00f6kz\u00f6ld fa, t\u0171level\u0171. K\u00e9rge s\u00f6t\u00e9tlila-barna vagy sz\u00fcrke-barna, pikkelyes. A lombkoron\u00e1ja sz\u00e9les, gyakran szab\u00e1lytalan. Az \u00e1gak v\u00edzszintesen ter\u00fclnek el. J\u00f3l tartja a t\u0171ket \u00e9s s\u0171r\u0171 g\u00f6mb\u00f6ly\u0171 form\u00e1t tart fenn. <\/span>K\u00f6nnyen tarthat\u00f3 savas, k\u00f6zepes nedvess\u00e9gtartalm\u00fa talajban, naps\u00fct\u00e9ses helyen. El\u0151nyben r\u00e9szes\u00edti a term\u00e9keny talajt \u00e9s a h\u0171v\u00f6s, p\u00e1r\u00e1s \u00e9ghajlatot.\u00a0Nem toler\u00e1lja az agyagos talajokat.<\/p>\n<p>T\u00f6rzs magass\u00e1ga:150cm<\/p>\n<p>Korona m\u00e9rete: 80cm<\/p>","protected":false},"featured_media":20636,"template":"","meta":{"_et_pb_use_builder":"","_et_pb_old_content":"","_et_gb_content_width":""},"product_brand":[],"product_cat":[4078,26],"product_tag":[5201,4403,1384],"class_list":{"0":"post-3777","1":"product","2":"type-product","3":"status-publish","4":"has-post-thumbnail","6":"product_cat-egyeb-fenyofekek","7":"product_cat-orokzold-novenyek","8":"product_tag-breviflora","9":"product_tag-pinus","10":"product_tag-torpe-fenyo","12":"first","13":"instock","14":"shipping-taxable","15":"purchasable","16":"product-type-simple"},"yoast_head":"<!-- This site is optimized with the Yoast SEO plugin v27.5 - https:\/\/yoast.com\/product\/yoast-seo-wordpress\/ -->\n<title>Pinus strobus &#039;Breviflora&#039; - T\u00f6rpe feny\u0151 200\/220 cm magas - T\u00e1jkert\u00e9sz<\/title>\n<meta name=\"description\" content=\"A Pinus strobus &#039;Breviflora&#039; - T\u00f6rpe feny\u0151 200\/220 cm magas egy\u00a0kicsi, egyenes, t\u00f6m\u00f6r \u00f6r\u00f6kz\u00f6ld fa, t\u0171level\u0171. K\u00e9rge s\u00f6t\u00e9tlila-barna vagy sz\u00fcrke\" \/>\n<meta name=\"robots\" content=\"index, follow, max-snippet:-1, max-image-preview:large, max-video-preview:-1\" \/>\n<link rel=\"canonical\" href=\"https:\/\/tajkertesz.com\/en_US\/product\/pinus-strobus-breviflora-torpe-fenyo-200-220-cm-magas\/\" \/>\n<meta property=\"og:locale\" content=\"en_US\" \/>\n<meta property=\"og:type\" content=\"article\" \/>\n<meta property=\"og:title\" content=\"Pinus strobus &#039;Breviflora&#039; - T\u00f6rpe feny\u0151 200\/220 cm magas - T\u00e1jkert\u00e9sz\" \/>\n<meta property=\"og:description\" content=\"A Pinus strobus &#039;Breviflora&#039; - T\u00f6rpe feny\u0151 200\/220 cm magas egy\u00a0kicsi, egyenes, t\u00f6m\u00f6r \u00f6r\u00f6kz\u00f6ld fa, t\u0171level\u0171. K\u00e9rge s\u00f6t\u00e9tlila-barna vagy sz\u00fcrke\" \/>\n<meta property=\"og:url\" content=\"https:\/\/tajkertesz.com\/en_US\/product\/pinus-strobus-breviflora-torpe-fenyo-200-220-cm-magas\/\" \/>\n<meta property=\"og:site_name\" content=\"T\u00e1jkert\u00e9sz\" \/>\n<meta property=\"article:publisher\" content=\"https:\/\/www.facebook.com\/Tajkertesz\/\" \/>\n<meta property=\"article:modified_time\" content=\"2026-02-25T12:40:26+00:00\" \/>\n<meta property=\"og:image\" content=\"https:\/\/tajkertesz.com\/wp-content\/uploads\/2021\/04\/20240701_121141.jpg\" \/>\n\t<meta property=\"og:image:width\" content=\"418\" \/>\n\t<meta property=\"og:image:height\" content=\"928\" \/>\n\t<meta property=\"og:image:type\" content=\"image\/jpeg\" \/>\n<meta name=\"twitter:card\" content=\"summary_large_image\" \/>\n<meta name=\"twitter:label1\" content=\"Est. reading time\" \/>\n\t<meta name=\"twitter:data1\" content=\"1 minute\" \/>\n<script type=\"application\/ld+json\" class=\"yoast-schema-graph\">{\"@context\":\"https:\\\/\\\/schema.org\",\"@graph\":[{\"@type\":\"WebPage\",\"@id\":\"https:\\\/\\\/tajkertesz.com\\\/termek\\\/pinus-strobus-breviflora-torpe-fenyo-200-220-cm-magas\\\/\",\"url\":\"https:\\\/\\\/tajkertesz.com\\\/termek\\\/pinus-strobus-breviflora-torpe-fenyo-200-220-cm-magas\\\/\",\"name\":\"Pinus strobus 'Breviflora' - T\u00f6rpe feny\u0151 200\\\/220 cm magas - T\u00e1jkert\u00e9sz\",\"isPartOf\":{\"@id\":\"https:\\\/\\\/tajkertesz.com\\\/#website\"},\"primaryImageOfPage\":{\"@id\":\"https:\\\/\\\/tajkertesz.com\\\/termek\\\/pinus-strobus-breviflora-torpe-fenyo-200-220-cm-magas\\\/#primaryimage\"},\"image\":{\"@id\":\"https:\\\/\\\/tajkertesz.com\\\/termek\\\/pinus-strobus-breviflora-torpe-fenyo-200-220-cm-magas\\\/#primaryimage\"},\"thumbnailUrl\":\"https:\\\/\\\/tajkertesz.com\\\/wp-content\\\/uploads\\\/2021\\\/04\\\/20240701_121141.jpg\",\"datePublished\":\"2021-04-29T12:32:26+00:00\",\"dateModified\":\"2026-02-25T12:40:26+00:00\",\"description\":\"A Pinus strobus 'Breviflora' - T\u00f6rpe feny\u0151 200\\\/220 cm magas egy\u00a0kicsi, egyenes, t\u00f6m\u00f6r \u00f6r\u00f6kz\u00f6ld fa, t\u0171level\u0171. K\u00e9rge s\u00f6t\u00e9tlila-barna vagy sz\u00fcrke\",\"breadcrumb\":{\"@id\":\"https:\\\/\\\/tajkertesz.com\\\/termek\\\/pinus-strobus-breviflora-torpe-fenyo-200-220-cm-magas\\\/#breadcrumb\"},\"inLanguage\":\"en-US\",\"potentialAction\":[{\"@type\":\"ReadAction\",\"target\":[\"https:\\\/\\\/tajkertesz.com\\\/termek\\\/pinus-strobus-breviflora-torpe-fenyo-200-220-cm-magas\\\/\"]}]},{\"@type\":\"ImageObject\",\"inLanguage\":\"en-US\",\"@id\":\"https:\\\/\\\/tajkertesz.com\\\/termek\\\/pinus-strobus-breviflora-torpe-fenyo-200-220-cm-magas\\\/#primaryimage\",\"url\":\"https:\\\/\\\/tajkertesz.com\\\/wp-content\\\/uploads\\\/2021\\\/04\\\/20240701_121141.jpg\",\"contentUrl\":\"https:\\\/\\\/tajkertesz.com\\\/wp-content\\\/uploads\\\/2021\\\/04\\\/20240701_121141.jpg\",\"width\":418,\"height\":928},{\"@type\":\"BreadcrumbList\",\"@id\":\"https:\\\/\\\/tajkertesz.com\\\/termek\\\/pinus-strobus-breviflora-torpe-fenyo-200-220-cm-magas\\\/#breadcrumb\",\"itemListElement\":[{\"@type\":\"ListItem\",\"position\":1,\"name\":\"Home\",\"item\":\"https:\\\/\\\/tajkertesz.com\\\/\"},{\"@type\":\"ListItem\",\"position\":2,\"name\":\"Kezd\u0151lap\",\"item\":\"https:\\\/\\\/tajkertesz.com\\\/\"},{\"@type\":\"ListItem\",\"position\":3,\"name\":\"Pinus strobus &#8216;Breviflora&#8217; &#8211; T\u00f6rpe feny\u0151 200\\\/220 cm magas\"}]},{\"@type\":\"WebSite\",\"@id\":\"https:\\\/\\\/tajkertesz.com\\\/#website\",\"url\":\"https:\\\/\\\/tajkertesz.com\\\/\",\"name\":\"T\u00e1j-Kert\u00e9sz 84 Kft.\",\"description\":\"Kert\u00e9szeti kis- \u00e9s nagykeresked\u00e9s, D\u00edszn\u00f6v\u00e9ny web\u00e1ruh\u00e1z orsz\u00e1gos h\u00e1zhozsz\u00e1ll\u00edt\u00e1ssal!\",\"publisher\":{\"@id\":\"https:\\\/\\\/tajkertesz.com\\\/#organization\"},\"potentialAction\":[{\"@type\":\"SearchAction\",\"target\":{\"@type\":\"EntryPoint\",\"urlTemplate\":\"https:\\\/\\\/tajkertesz.com\\\/?s={search_term_string}\"},\"query-input\":{\"@type\":\"PropertyValueSpecification\",\"valueRequired\":true,\"valueName\":\"search_term_string\"}}],\"inLanguage\":\"en-US\"},{\"@type\":\"Organization\",\"@id\":\"https:\\\/\\\/tajkertesz.com\\\/#organization\",\"name\":\"T\u00e1j-Kert\u00e9sz 84 Kft.\",\"url\":\"https:\\\/\\\/tajkertesz.com\\\/\",\"logo\":{\"@type\":\"ImageObject\",\"inLanguage\":\"en-US\",\"@id\":\"https:\\\/\\\/tajkertesz.com\\\/#\\\/schema\\\/logo\\\/image\\\/\",\"url\":\"https:\\\/\\\/tajkertesz.com\\\/wp-content\\\/uploads\\\/2018\\\/02\\\/logo-2-e1518678052539.png\",\"contentUrl\":\"https:\\\/\\\/tajkertesz.com\\\/wp-content\\\/uploads\\\/2018\\\/02\\\/logo-2-e1518678052539.png\",\"width\":81,\"height\":140,\"caption\":\"T\u00e1j-Kert\u00e9sz 84 Kft.\"},\"image\":{\"@id\":\"https:\\\/\\\/tajkertesz.com\\\/#\\\/schema\\\/logo\\\/image\\\/\"},\"sameAs\":[\"https:\\\/\\\/www.facebook.com\\\/Tajkertesz\\\/\"]}]}<\/script>\n<!-- \/ Yoast SEO plugin. -->","yoast_head_json":{"title":"Pinus strobus 'Breviflora' - T\u00f6rpe feny\u0151 200\/220 cm magas - T\u00e1jkert\u00e9sz","description":"A Pinus strobus 'Breviflora' - T\u00f6rpe feny\u0151 200\/220 cm magas egy\u00a0kicsi, egyenes, t\u00f6m\u00f6r \u00f6r\u00f6kz\u00f6ld fa, t\u0171level\u0171. K\u00e9rge s\u00f6t\u00e9tlila-barna vagy sz\u00fcrke","robots":{"index":"index","follow":"follow","max-snippet":"max-snippet:-1","max-image-preview":"max-image-preview:large","max-video-preview":"max-video-preview:-1"},"canonical":"https:\/\/tajkertesz.com\/en_US\/product\/pinus-strobus-breviflora-torpe-fenyo-200-220-cm-magas\/","og_locale":"en_US","og_type":"article","og_title":"Pinus strobus 'Breviflora' - T\u00f6rpe feny\u0151 200\/220 cm magas - T\u00e1jkert\u00e9sz","og_description":"A Pinus strobus 'Breviflora' - T\u00f6rpe feny\u0151 200\/220 cm magas egy\u00a0kicsi, egyenes, t\u00f6m\u00f6r \u00f6r\u00f6kz\u00f6ld fa, t\u0171level\u0171. K\u00e9rge s\u00f6t\u00e9tlila-barna vagy sz\u00fcrke","og_url":"https:\/\/tajkertesz.com\/en_US\/product\/pinus-strobus-breviflora-torpe-fenyo-200-220-cm-magas\/","og_site_name":"T\u00e1jkert\u00e9sz","article_publisher":"https:\/\/www.facebook.com\/Tajkertesz\/","article_modified_time":"2026-02-25T12:40:26+00:00","og_image":[{"width":418,"height":928,"url":"https:\/\/tajkertesz.com\/wp-content\/uploads\/2021\/04\/20240701_121141.jpg","type":"image\/jpeg"}],"twitter_card":"summary_large_image","twitter_misc":{"Est. reading time":"1 minute"},"schema":{"@context":"https:\/\/schema.org","@graph":[{"@type":"WebPage","@id":"https:\/\/tajkertesz.com\/termek\/pinus-strobus-breviflora-torpe-fenyo-200-220-cm-magas\/","url":"https:\/\/tajkertesz.com\/termek\/pinus-strobus-breviflora-torpe-fenyo-200-220-cm-magas\/","name":"Pinus strobus 'Breviflora' - T\u00f6rpe feny\u0151 200\/220 cm magas - T\u00e1jkert\u00e9sz","isPartOf":{"@id":"https:\/\/tajkertesz.com\/#website"},"primaryImageOfPage":{"@id":"https:\/\/tajkertesz.com\/termek\/pinus-strobus-breviflora-torpe-fenyo-200-220-cm-magas\/#primaryimage"},"image":{"@id":"https:\/\/tajkertesz.com\/termek\/pinus-strobus-breviflora-torpe-fenyo-200-220-cm-magas\/#primaryimage"},"thumbnailUrl":"https:\/\/tajkertesz.com\/wp-content\/uploads\/2021\/04\/20240701_121141.jpg","datePublished":"2021-04-29T12:32:26+00:00","dateModified":"2026-02-25T12:40:26+00:00","description":"A Pinus strobus 'Breviflora' - T\u00f6rpe feny\u0151 200\/220 cm magas egy\u00a0kicsi, egyenes, t\u00f6m\u00f6r \u00f6r\u00f6kz\u00f6ld fa, t\u0171level\u0171. K\u00e9rge s\u00f6t\u00e9tlila-barna vagy sz\u00fcrke","breadcrumb":{"@id":"https:\/\/tajkertesz.com\/termek\/pinus-strobus-breviflora-torpe-fenyo-200-220-cm-magas\/#breadcrumb"},"inLanguage":"en-US","potentialAction":[{"@type":"ReadAction","target":["https:\/\/tajkertesz.com\/termek\/pinus-strobus-breviflora-torpe-fenyo-200-220-cm-magas\/"]}]},{"@type":"ImageObject","inLanguage":"en-US","@id":"https:\/\/tajkertesz.com\/termek\/pinus-strobus-breviflora-torpe-fenyo-200-220-cm-magas\/#primaryimage","url":"https:\/\/tajkertesz.com\/wp-content\/uploads\/2021\/04\/20240701_121141.jpg","contentUrl":"https:\/\/tajkertesz.com\/wp-content\/uploads\/2021\/04\/20240701_121141.jpg","width":418,"height":928},{"@type":"BreadcrumbList","@id":"https:\/\/tajkertesz.com\/termek\/pinus-strobus-breviflora-torpe-fenyo-200-220-cm-magas\/#breadcrumb","itemListElement":[{"@type":"ListItem","position":1,"name":"Home","item":"https:\/\/tajkertesz.com\/"},{"@type":"ListItem","position":2,"name":"Kezd\u0151lap","item":"https:\/\/tajkertesz.com\/"},{"@type":"ListItem","position":3,"name":"Pinus strobus &#8216;Breviflora&#8217; &#8211; T\u00f6rpe feny\u0151 200\/220 cm magas"}]},{"@type":"WebSite","@id":"https:\/\/tajkertesz.com\/#website","url":"https:\/\/tajkertesz.com\/","name":"T\u00e1j-Kert\u00e9sz 84 Kft.","description":"Kert\u00e9szeti kis- \u00e9s nagykeresked\u00e9s, D\u00edszn\u00f6v\u00e9ny web\u00e1ruh\u00e1z orsz\u00e1gos h\u00e1zhozsz\u00e1ll\u00edt\u00e1ssal!","publisher":{"@id":"https:\/\/tajkertesz.com\/#organization"},"potentialAction":[{"@type":"SearchAction","target":{"@type":"EntryPoint","urlTemplate":"https:\/\/tajkertesz.com\/?s={search_term_string}"},"query-input":{"@type":"PropertyValueSpecification","valueRequired":true,"valueName":"search_term_string"}}],"inLanguage":"en-US"},{"@type":"Organization","@id":"https:\/\/tajkertesz.com\/#organization","name":"T\u00e1j-Kert\u00e9sz 84 Kft.","url":"https:\/\/tajkertesz.com\/","logo":{"@type":"ImageObject","inLanguage":"en-US","@id":"https:\/\/tajkertesz.com\/#\/schema\/logo\/image\/","url":"https:\/\/tajkertesz.com\/wp-content\/uploads\/2018\/02\/logo-2-e1518678052539.png","contentUrl":"https:\/\/tajkertesz.com\/wp-content\/uploads\/2018\/02\/logo-2-e1518678052539.png","width":81,"height":140,"caption":"T\u00e1j-Kert\u00e9sz 84 Kft."},"image":{"@id":"https:\/\/tajkertesz.com\/#\/schema\/logo\/image\/"},"sameAs":["https:\/\/www.facebook.com\/Tajkertesz\/"]}]}},"_links":{"self":[{"href":"https:\/\/tajkertesz.com\/en_US\/wp-json\/wp\/v2\/product\/3777","targetHints":{"allow":["GET"]}}],"collection":[{"href":"https:\/\/tajkertesz.com\/en_US\/wp-json\/wp\/v2\/product"}],"about":[{"href":"https:\/\/tajkertesz.com\/en_US\/wp-json\/wp\/v2\/types\/product"}],"wp:featuredmedia":[{"embeddable":true,"href":"https:\/\/tajkertesz.com\/en_US\/wp-json\/wp\/v2\/media\/20636"}],"wp:attachment":[{"href":"https:\/\/tajkertesz.com\/en_US\/wp-json\/wp\/v2\/media?parent=3777"}],"wp:term":[{"taxonomy":"product_brand","embeddable":true,"href":"https:\/\/tajkertesz.com\/en_US\/wp-json\/wp\/v2\/product_brand?post=3777"},{"taxonomy":"product_cat","embeddable":true,"href":"https:\/\/tajkertesz.com\/en_US\/wp-json\/wp\/v2\/product_cat?post=3777"},{"taxonomy":"product_tag","embeddable":true,"href":"https:\/\/tajkertesz.com\/en_US\/wp-json\/wp\/v2\/product_tag?post=3777"}],"curies":[{"name":"wp","href":"https:\/\/api.w.org\/{rel}","templated":true}]}}