{"id":4960,"date":"2021-05-18T06:17:36","date_gmt":"2021-05-18T06:17:36","guid":{"rendered":"https:\/\/tajkertesz.com\/?post_type=product&#038;p=4960"},"modified":"2026-02-24T10:06:04","modified_gmt":"2026-02-24T10:06:04","slug":"cedrus-libani-fastigiata-oszlopos-libanoni-cedrus-kb-250-300-cm","status":"publish","type":"product","link":"https:\/\/tajkertesz.com\/en_US\/product\/cedrus-libani-fastigiata-oszlopos-libanoni-cedrus-kb-250-300-cm\/","title":{"rendered":"Cedrus libani `Fastigiata`- Oszlopos Libanoni c\u00e9drus kb. 250\/300 cm"},"content":{"rendered":"<h3>Cedrus libani `Fastigiata`- Oszlopos Libanoni c\u00e9drus kb. 250\/300 cm<\/h3>\n<div id=\"mw-fr-revisiontag\" class=\"flaggedrevs_short flaggedrevs_stable_synced plainlinks noprint\">\n<div class=\"flaggedrevs_short_basic\">\n<div id=\"mw-fr-revisiontag\" class=\"flaggedrevs_short flaggedrevs_stable_synced plainlinks noprint\">\n<div class=\"flaggedrevs_short_basic\"><\/div>\n<\/div>\n<\/div>\n<\/div>\n<p><span id=\"Megjelen\u00e9se,_fel\u00e9p\u00edt\u00e9se\" class=\"mw-headline\">Cedrus libani `Fastigiata`- Oszlopos Libanoni c\u00e9drus kb. 250\/300 cm Megjelen\u00e9se, fel\u00e9p\u00edt\u00e9se:<\/span><\/p>\n<p>K\u00f6zepes vagy magas fa (15\u201340\u00a0m). T\u00f6rzse \u00e1ltal\u00e1ban hamar t\u00f6bb mell\u00e9kt\u00f6rzsre \u00e1gazik, id\u0151s kor\u00e1ban \u00f3ri\u00e1s erny\u0151t form\u00e1l. A fiatal p\u00e9ld\u00e1nyok koron\u00e1ja t\u00f6bbnyire k\u00fapos, az id\u0151sebbek\u00e9 kiter\u00fcl \u00e9s sz\u00e9lesen ellaposodik. Az els\u0151 \u00e9ves \u00e1gak meredeken felfel\u00e9 n\u0151nek, de a cs\u00facsuk kiss\u00e9 lehajlik \u2013 az alattuk sorakoz\u00f3 \u00e1gak v\u00edzszintesen, sz\u00e9lesen sz\u00e9tter\u00fclnek.<\/p>\n<p>K\u00e9rge fiatalon sz\u00fcrke, sima, id\u0151vel s\u0171r\u0171n, pikkelyesen berepedezik. 2\u20133,5 cm hossz\u00fa, hegyes t\u0171levelei rendszerint f\u00e9nyes z\u00f6ldek. A hossz\u00fahajt\u00e1sokon a t\u0171k mag\u00e1nyosan sz\u00f3rtan n\u0151nek, a t\u00f6rpehajt\u00e1sokon pedig 20\u201336 tag\u00fa csokrokban. A 4-5\u2013cm hossz\u00fa, hengeres, fel\u00e1ll\u00f3 porz\u00f3s toboz eleinte vil\u00e1gosz\u00f6ld, a r\u00f6vid kocs\u00e1nyos, ugyancsak fel\u00e1ll\u00f3 term\u0151s toboz z\u00f6ld; \u0151sszel mindkett\u0151 megbarnul. Az \u00e9rett tobozok 7\u201312 cm hossz\u00faak \u00e9s 3\u20136 cm vastagok hirtelen kisz\u00e9lesed\u0151k, a cs\u00facsuk bes\u00fcllyed (\u201ehord\u00f3 alak\u00faak\u201d). A tobozok a harmadik \u00e9vben \u00e9rnek vil\u00e1gosbarn\u00e1ra. \u00c9r\u00e9skor lev\u00e1lnak, lepotyognak a tobozpikkelyek, \u00e9s a hajt\u00e1son csak a csupasz tengely marad meg. A magok terjed\u00e9s\u00e9t sz\u00e1rnyas f\u00fcggel\u00e9kek seg\u00edtik.<\/p>\n<p>Szereti a meleg, napos helyeket. Semleges vagy savany\u00fa talajon fejl\u0151dik a legszebben. A meszes helyeket nem szereti. J\u00f3 sz\u00e1razs\u00e1gt\u0171r\u0151, de fiatalon megh\u00e1l\u00e1lja a rendszeres \u00f6nt\u00f6z\u00e9st.<\/p>\n<p>K\u00fcl\u00f6nleges megjelen\u00e9s\u00e9vel mediterr\u00e1n hangulatot k\u00f6lcs\u00f6n\u00f6z a kertnek.<\/p>\n<p><a href=\"https:\/\/www.facebook.com\/tajkertesz\">https:\/\/www.facebook.com\/tajkertesz<\/a><\/p>\n<p><a href=\"https:\/\/tajkertesz.com\/\">https:\/\/tajkertesz.com\/<\/a><\/p>\n<h2><span id=\"\u00c9letm\u00f3dja,_\u00e9l\u0151helye\" class=\"mw-headline\" style=\"color: #ffffff;\">\u00c9letm\u00f3dja, \u00e9l\u0151helye:<\/span><\/h2>\n<p><span style=\"color: #ffffff;\">Lassan n\u00f6v\u0151 fa. A kiirtott erd\u0151k hely\u00e9n az \u00fajulat nem tudja megv\u00e9deni a talajt az er\u00f3zi\u00f3t\u00f3l, ez\u00e9rt a K\u00f6zel- Keleten egykori nagy erd\u0151s\u00e9get kop\u00e1r karsztfenns\u00edkok, sziklagyepek v\u00e1ltott\u00e1k fel.<\/span><\/p>\n<p><span style=\"color: #ffffff;\">F\u00e9nyig\u00e9nyes; a sz\u00e1razs\u00e1got j\u00f3l t\u0171ri. Szinte b\u00e1rmilyen talajon meg\u00e9l. Az alapv\u00e1ltozat a v\u00e9dett, napos helyeket kedveli, mert fagy\u00e9rz\u00e9keny \u2013 \u00e9ppen ez\u00e9rt Magyarorsz\u00e1gon kev\u00e9s a kifejlett p\u00e9ld\u00e1ny. Az eur\u00f3pai kertekbe a 17. sz\u00e1zad elej\u00e9t\u0151l telep\u00edtik.<\/span><\/p>\n<p>Jelen term\u00e9k\u00fcnk : kb. 250\/300 cm magas<\/p>\n<p>&nbsp;<\/p>\n<p>Sz\u00e1ll\u00edt\u00e1s fut\u00e1rszolg\u00e1lattal 200 cm \u00e9s 40 Kg-ig lehets\u00e9ges, e felett egyedi aj\u00e1nlat sz\u00fcks\u00e9ges.<\/p>","protected":false},"excerpt":{"rendered":"<h3>Cedrus libani `Fastigiata`- Oszlopos Libanoni c\u00e9drus kb. 250\/300 cm Megjelen\u00e9se, fel\u00e9p\u00edt\u00e9se:<\/h3>\n<p>K\u00f6zepes vagy magas fa (15\u201340\u00a0m). T\u00f6rzse \u00e1ltal\u00e1ban hamar t\u00f6bb mell\u00e9kt\u00f6rzsre \u00e1gazik, id\u0151s kor\u00e1ban \u00f3ri\u00e1s erny\u0151t form\u00e1l. A fiatal p\u00e9ld\u00e1nyok koron\u00e1ja t\u00f6bbnyire k\u00fapos, az id\u0151sebbek\u00e9 kiter\u00fcl \u00e9s sz\u00e9lesen ellaposodik. Az els\u0151 \u00e9ves \u00e1gak meredeken felfel\u00e9 n\u0151nek, de a cs\u00facsuk kiss\u00e9 lehajlik \u2013 az alattuk sorakoz\u00f3 \u00e1gak v\u00edzszintesen, sz\u00e9lesen sz\u00e9tter\u00fclnek.<\/p>\n<p>A term\u00e9k Gls fut\u00e1rszolg\u00e1lattal nem sz\u00e1ll\u00edthat\u00f3!<\/p>","protected":false},"featured_media":4975,"template":"","meta":{"_et_pb_use_builder":"","_et_pb_old_content":"","_et_gb_content_width":""},"product_brand":[],"product_cat":[26],"product_tag":[1387,1551],"class_list":{"0":"post-4960","1":"product","2":"type-product","3":"status-publish","4":"has-post-thumbnail","6":"product_cat-orokzold-novenyek","7":"product_tag-cedrus","8":"product_tag-libanoni","10":"first","11":"instock","12":"shipping-taxable","13":"purchasable","14":"product-type-simple"},"yoast_head":"<!-- This site is optimized with the Yoast SEO plugin v27.5 - https:\/\/yoast.com\/product\/yoast-seo-wordpress\/ -->\n<title>Cedrus libani `Fastigiata`- Oszlopos Libanoni c\u00e9drus kb. 250\/300 cm - T\u00e1jkert\u00e9sz<\/title>\n<meta name=\"description\" content=\"Cedrus libani `Fastigiata`- Oszlopos Libanoni c\u00e9drus kb. 250\/300 cm Megjelen\u00e9se, fel\u00e9p\u00edt\u00e9se:K\u00f6zepes vagy magas fa (15\u201340\u00a0m). T\u00f6rzse \u00e1ltal\u00e1ban\" \/>\n<meta name=\"robots\" content=\"index, follow, max-snippet:-1, max-image-preview:large, max-video-preview:-1\" \/>\n<link rel=\"canonical\" href=\"https:\/\/tajkertesz.com\/en_US\/product\/cedrus-libani-fastigiata-oszlopos-libanoni-cedrus-kb-250-300-cm\/\" \/>\n<meta property=\"og:locale\" content=\"en_US\" \/>\n<meta property=\"og:type\" content=\"article\" \/>\n<meta property=\"og:title\" content=\"Cedrus libani `Fastigiata`- Oszlopos Libanoni c\u00e9drus kb. 250\/300 cm - T\u00e1jkert\u00e9sz\" \/>\n<meta property=\"og:description\" content=\"Cedrus libani `Fastigiata`- Oszlopos Libanoni c\u00e9drus kb. 250\/300 cm Megjelen\u00e9se, fel\u00e9p\u00edt\u00e9se:K\u00f6zepes vagy magas fa (15\u201340\u00a0m). T\u00f6rzse \u00e1ltal\u00e1ban\" \/>\n<meta property=\"og:url\" content=\"https:\/\/tajkertesz.com\/en_US\/product\/cedrus-libani-fastigiata-oszlopos-libanoni-cedrus-kb-250-300-cm\/\" \/>\n<meta property=\"og:site_name\" content=\"T\u00e1jkert\u00e9sz\" \/>\n<meta property=\"article:publisher\" content=\"https:\/\/www.facebook.com\/Tajkertesz\/\" \/>\n<meta property=\"article:modified_time\" content=\"2026-02-24T10:06:04+00:00\" \/>\n<meta property=\"og:image\" content=\"https:\/\/tajkertesz.com\/wp-content\/uploads\/2021\/05\/IMG_20210518_090658-cut-adjust-contrast_fe1cyao5_1.jpg\" \/>\n\t<meta property=\"og:image:width\" content=\"350\" \/>\n\t<meta property=\"og:image:height\" content=\"600\" \/>\n\t<meta property=\"og:image:type\" content=\"image\/jpeg\" \/>\n<meta name=\"twitter:card\" content=\"summary_large_image\" \/>\n<meta name=\"twitter:label1\" content=\"Est. reading time\" \/>\n\t<meta name=\"twitter:data1\" content=\"2 minutes\" \/>\n<script type=\"application\/ld+json\" class=\"yoast-schema-graph\">{\"@context\":\"https:\\\/\\\/schema.org\",\"@graph\":[{\"@type\":\"WebPage\",\"@id\":\"https:\\\/\\\/tajkertesz.com\\\/termek\\\/cedrus-libani-fastigiata-oszlopos-libanoni-cedrus-kb-250-300-cm\\\/\",\"url\":\"https:\\\/\\\/tajkertesz.com\\\/termek\\\/cedrus-libani-fastigiata-oszlopos-libanoni-cedrus-kb-250-300-cm\\\/\",\"name\":\"Cedrus libani `Fastigiata`- Oszlopos Libanoni c\u00e9drus kb. 250\\\/300 cm - T\u00e1jkert\u00e9sz\",\"isPartOf\":{\"@id\":\"https:\\\/\\\/tajkertesz.com\\\/#website\"},\"primaryImageOfPage\":{\"@id\":\"https:\\\/\\\/tajkertesz.com\\\/termek\\\/cedrus-libani-fastigiata-oszlopos-libanoni-cedrus-kb-250-300-cm\\\/#primaryimage\"},\"image\":{\"@id\":\"https:\\\/\\\/tajkertesz.com\\\/termek\\\/cedrus-libani-fastigiata-oszlopos-libanoni-cedrus-kb-250-300-cm\\\/#primaryimage\"},\"thumbnailUrl\":\"https:\\\/\\\/tajkertesz.com\\\/wp-content\\\/uploads\\\/2021\\\/05\\\/IMG_20210518_090658-cut-adjust-contrast_fe1cyao5_1.jpg\",\"datePublished\":\"2021-05-18T06:17:36+00:00\",\"dateModified\":\"2026-02-24T10:06:04+00:00\",\"description\":\"Cedrus libani `Fastigiata`- Oszlopos Libanoni c\u00e9drus kb. 250\\\/300 cm Megjelen\u00e9se, fel\u00e9p\u00edt\u00e9se:K\u00f6zepes vagy magas fa (15\u201340\u00a0m). T\u00f6rzse \u00e1ltal\u00e1ban\",\"breadcrumb\":{\"@id\":\"https:\\\/\\\/tajkertesz.com\\\/termek\\\/cedrus-libani-fastigiata-oszlopos-libanoni-cedrus-kb-250-300-cm\\\/#breadcrumb\"},\"inLanguage\":\"en-US\",\"potentialAction\":[{\"@type\":\"ReadAction\",\"target\":[\"https:\\\/\\\/tajkertesz.com\\\/termek\\\/cedrus-libani-fastigiata-oszlopos-libanoni-cedrus-kb-250-300-cm\\\/\"]}]},{\"@type\":\"ImageObject\",\"inLanguage\":\"en-US\",\"@id\":\"https:\\\/\\\/tajkertesz.com\\\/termek\\\/cedrus-libani-fastigiata-oszlopos-libanoni-cedrus-kb-250-300-cm\\\/#primaryimage\",\"url\":\"https:\\\/\\\/tajkertesz.com\\\/wp-content\\\/uploads\\\/2021\\\/05\\\/IMG_20210518_090658-cut-adjust-contrast_fe1cyao5_1.jpg\",\"contentUrl\":\"https:\\\/\\\/tajkertesz.com\\\/wp-content\\\/uploads\\\/2021\\\/05\\\/IMG_20210518_090658-cut-adjust-contrast_fe1cyao5_1.jpg\",\"width\":350,\"height\":600},{\"@type\":\"BreadcrumbList\",\"@id\":\"https:\\\/\\\/tajkertesz.com\\\/termek\\\/cedrus-libani-fastigiata-oszlopos-libanoni-cedrus-kb-250-300-cm\\\/#breadcrumb\",\"itemListElement\":[{\"@type\":\"ListItem\",\"position\":1,\"name\":\"Home\",\"item\":\"https:\\\/\\\/tajkertesz.com\\\/\"},{\"@type\":\"ListItem\",\"position\":2,\"name\":\"Kezd\u0151lap\",\"item\":\"https:\\\/\\\/tajkertesz.com\\\/\"},{\"@type\":\"ListItem\",\"position\":3,\"name\":\"Cedrus libani `Fastigiata`- Oszlopos Libanoni c\u00e9drus kb. 250\\\/300 cm\"}]},{\"@type\":\"WebSite\",\"@id\":\"https:\\\/\\\/tajkertesz.com\\\/#website\",\"url\":\"https:\\\/\\\/tajkertesz.com\\\/\",\"name\":\"T\u00e1j-Kert\u00e9sz 84 Kft.\",\"description\":\"Kert\u00e9szeti kis- \u00e9s nagykeresked\u00e9s, D\u00edszn\u00f6v\u00e9ny web\u00e1ruh\u00e1z orsz\u00e1gos h\u00e1zhozsz\u00e1ll\u00edt\u00e1ssal!\",\"publisher\":{\"@id\":\"https:\\\/\\\/tajkertesz.com\\\/#organization\"},\"potentialAction\":[{\"@type\":\"SearchAction\",\"target\":{\"@type\":\"EntryPoint\",\"urlTemplate\":\"https:\\\/\\\/tajkertesz.com\\\/?s={search_term_string}\"},\"query-input\":{\"@type\":\"PropertyValueSpecification\",\"valueRequired\":true,\"valueName\":\"search_term_string\"}}],\"inLanguage\":\"en-US\"},{\"@type\":\"Organization\",\"@id\":\"https:\\\/\\\/tajkertesz.com\\\/#organization\",\"name\":\"T\u00e1j-Kert\u00e9sz 84 Kft.\",\"url\":\"https:\\\/\\\/tajkertesz.com\\\/\",\"logo\":{\"@type\":\"ImageObject\",\"inLanguage\":\"en-US\",\"@id\":\"https:\\\/\\\/tajkertesz.com\\\/#\\\/schema\\\/logo\\\/image\\\/\",\"url\":\"https:\\\/\\\/tajkertesz.com\\\/wp-content\\\/uploads\\\/2018\\\/02\\\/logo-2-e1518678052539.png\",\"contentUrl\":\"https:\\\/\\\/tajkertesz.com\\\/wp-content\\\/uploads\\\/2018\\\/02\\\/logo-2-e1518678052539.png\",\"width\":81,\"height\":140,\"caption\":\"T\u00e1j-Kert\u00e9sz 84 Kft.\"},\"image\":{\"@id\":\"https:\\\/\\\/tajkertesz.com\\\/#\\\/schema\\\/logo\\\/image\\\/\"},\"sameAs\":[\"https:\\\/\\\/www.facebook.com\\\/Tajkertesz\\\/\"]}]}<\/script>\n<!-- \/ Yoast SEO plugin. -->","yoast_head_json":{"title":"Cedrus libani `Fastigiata`- Oszlopos Libanoni c\u00e9drus kb. 250\/300 cm - T\u00e1jkert\u00e9sz","description":"Cedrus libani `Fastigiata`- Oszlopos Libanoni c\u00e9drus kb. 250\/300 cm Megjelen\u00e9se, fel\u00e9p\u00edt\u00e9se:K\u00f6zepes vagy magas fa (15\u201340\u00a0m). T\u00f6rzse \u00e1ltal\u00e1ban","robots":{"index":"index","follow":"follow","max-snippet":"max-snippet:-1","max-image-preview":"max-image-preview:large","max-video-preview":"max-video-preview:-1"},"canonical":"https:\/\/tajkertesz.com\/en_US\/product\/cedrus-libani-fastigiata-oszlopos-libanoni-cedrus-kb-250-300-cm\/","og_locale":"en_US","og_type":"article","og_title":"Cedrus libani `Fastigiata`- Oszlopos Libanoni c\u00e9drus kb. 250\/300 cm - T\u00e1jkert\u00e9sz","og_description":"Cedrus libani `Fastigiata`- Oszlopos Libanoni c\u00e9drus kb. 250\/300 cm Megjelen\u00e9se, fel\u00e9p\u00edt\u00e9se:K\u00f6zepes vagy magas fa (15\u201340\u00a0m). T\u00f6rzse \u00e1ltal\u00e1ban","og_url":"https:\/\/tajkertesz.com\/en_US\/product\/cedrus-libani-fastigiata-oszlopos-libanoni-cedrus-kb-250-300-cm\/","og_site_name":"T\u00e1jkert\u00e9sz","article_publisher":"https:\/\/www.facebook.com\/Tajkertesz\/","article_modified_time":"2026-02-24T10:06:04+00:00","og_image":[{"width":350,"height":600,"url":"https:\/\/tajkertesz.com\/wp-content\/uploads\/2021\/05\/IMG_20210518_090658-cut-adjust-contrast_fe1cyao5_1.jpg","type":"image\/jpeg"}],"twitter_card":"summary_large_image","twitter_misc":{"Est. reading time":"2 minutes"},"schema":{"@context":"https:\/\/schema.org","@graph":[{"@type":"WebPage","@id":"https:\/\/tajkertesz.com\/termek\/cedrus-libani-fastigiata-oszlopos-libanoni-cedrus-kb-250-300-cm\/","url":"https:\/\/tajkertesz.com\/termek\/cedrus-libani-fastigiata-oszlopos-libanoni-cedrus-kb-250-300-cm\/","name":"Cedrus libani `Fastigiata`- Oszlopos Libanoni c\u00e9drus kb. 250\/300 cm - T\u00e1jkert\u00e9sz","isPartOf":{"@id":"https:\/\/tajkertesz.com\/#website"},"primaryImageOfPage":{"@id":"https:\/\/tajkertesz.com\/termek\/cedrus-libani-fastigiata-oszlopos-libanoni-cedrus-kb-250-300-cm\/#primaryimage"},"image":{"@id":"https:\/\/tajkertesz.com\/termek\/cedrus-libani-fastigiata-oszlopos-libanoni-cedrus-kb-250-300-cm\/#primaryimage"},"thumbnailUrl":"https:\/\/tajkertesz.com\/wp-content\/uploads\/2021\/05\/IMG_20210518_090658-cut-adjust-contrast_fe1cyao5_1.jpg","datePublished":"2021-05-18T06:17:36+00:00","dateModified":"2026-02-24T10:06:04+00:00","description":"Cedrus libani `Fastigiata`- Oszlopos Libanoni c\u00e9drus kb. 250\/300 cm Megjelen\u00e9se, fel\u00e9p\u00edt\u00e9se:K\u00f6zepes vagy magas fa (15\u201340\u00a0m). T\u00f6rzse \u00e1ltal\u00e1ban","breadcrumb":{"@id":"https:\/\/tajkertesz.com\/termek\/cedrus-libani-fastigiata-oszlopos-libanoni-cedrus-kb-250-300-cm\/#breadcrumb"},"inLanguage":"en-US","potentialAction":[{"@type":"ReadAction","target":["https:\/\/tajkertesz.com\/termek\/cedrus-libani-fastigiata-oszlopos-libanoni-cedrus-kb-250-300-cm\/"]}]},{"@type":"ImageObject","inLanguage":"en-US","@id":"https:\/\/tajkertesz.com\/termek\/cedrus-libani-fastigiata-oszlopos-libanoni-cedrus-kb-250-300-cm\/#primaryimage","url":"https:\/\/tajkertesz.com\/wp-content\/uploads\/2021\/05\/IMG_20210518_090658-cut-adjust-contrast_fe1cyao5_1.jpg","contentUrl":"https:\/\/tajkertesz.com\/wp-content\/uploads\/2021\/05\/IMG_20210518_090658-cut-adjust-contrast_fe1cyao5_1.jpg","width":350,"height":600},{"@type":"BreadcrumbList","@id":"https:\/\/tajkertesz.com\/termek\/cedrus-libani-fastigiata-oszlopos-libanoni-cedrus-kb-250-300-cm\/#breadcrumb","itemListElement":[{"@type":"ListItem","position":1,"name":"Home","item":"https:\/\/tajkertesz.com\/"},{"@type":"ListItem","position":2,"name":"Kezd\u0151lap","item":"https:\/\/tajkertesz.com\/"},{"@type":"ListItem","position":3,"name":"Cedrus libani `Fastigiata`- Oszlopos Libanoni c\u00e9drus kb. 250\/300 cm"}]},{"@type":"WebSite","@id":"https:\/\/tajkertesz.com\/#website","url":"https:\/\/tajkertesz.com\/","name":"T\u00e1j-Kert\u00e9sz 84 Kft.","description":"Kert\u00e9szeti kis- \u00e9s nagykeresked\u00e9s, D\u00edszn\u00f6v\u00e9ny web\u00e1ruh\u00e1z orsz\u00e1gos h\u00e1zhozsz\u00e1ll\u00edt\u00e1ssal!","publisher":{"@id":"https:\/\/tajkertesz.com\/#organization"},"potentialAction":[{"@type":"SearchAction","target":{"@type":"EntryPoint","urlTemplate":"https:\/\/tajkertesz.com\/?s={search_term_string}"},"query-input":{"@type":"PropertyValueSpecification","valueRequired":true,"valueName":"search_term_string"}}],"inLanguage":"en-US"},{"@type":"Organization","@id":"https:\/\/tajkertesz.com\/#organization","name":"T\u00e1j-Kert\u00e9sz 84 Kft.","url":"https:\/\/tajkertesz.com\/","logo":{"@type":"ImageObject","inLanguage":"en-US","@id":"https:\/\/tajkertesz.com\/#\/schema\/logo\/image\/","url":"https:\/\/tajkertesz.com\/wp-content\/uploads\/2018\/02\/logo-2-e1518678052539.png","contentUrl":"https:\/\/tajkertesz.com\/wp-content\/uploads\/2018\/02\/logo-2-e1518678052539.png","width":81,"height":140,"caption":"T\u00e1j-Kert\u00e9sz 84 Kft."},"image":{"@id":"https:\/\/tajkertesz.com\/#\/schema\/logo\/image\/"},"sameAs":["https:\/\/www.facebook.com\/Tajkertesz\/"]}]}},"_links":{"self":[{"href":"https:\/\/tajkertesz.com\/en_US\/wp-json\/wp\/v2\/product\/4960","targetHints":{"allow":["GET"]}}],"collection":[{"href":"https:\/\/tajkertesz.com\/en_US\/wp-json\/wp\/v2\/product"}],"about":[{"href":"https:\/\/tajkertesz.com\/en_US\/wp-json\/wp\/v2\/types\/product"}],"wp:featuredmedia":[{"embeddable":true,"href":"https:\/\/tajkertesz.com\/en_US\/wp-json\/wp\/v2\/media\/4975"}],"wp:attachment":[{"href":"https:\/\/tajkertesz.com\/en_US\/wp-json\/wp\/v2\/media?parent=4960"}],"wp:term":[{"taxonomy":"product_brand","embeddable":true,"href":"https:\/\/tajkertesz.com\/en_US\/wp-json\/wp\/v2\/product_brand?post=4960"},{"taxonomy":"product_cat","embeddable":true,"href":"https:\/\/tajkertesz.com\/en_US\/wp-json\/wp\/v2\/product_cat?post=4960"},{"taxonomy":"product_tag","embeddable":true,"href":"https:\/\/tajkertesz.com\/en_US\/wp-json\/wp\/v2\/product_tag?post=4960"}],"curies":[{"name":"wp","href":"https:\/\/api.w.org\/{rel}","templated":true}]}}