{"id":5232,"date":"2021-05-21T11:22:10","date_gmt":"2021-05-21T11:22:10","guid":{"rendered":"https:\/\/tajkertesz.com\/?post_type=product&#038;p=5232"},"modified":"2026-04-28T14:50:40","modified_gmt":"2026-04-28T14:50:40","slug":"rubus-fruticosus-dirksen-thornless-tusketlen-fekete-szeder","status":"publish","type":"product","link":"https:\/\/tajkertesz.com\/en_US\/product\/rubus-fruticosus-dirksen-thornless-tusketlen-fekete-szeder\/","title":{"rendered":"Rubus fruticosus &#8216;Dirksen Thornless&#8217; &#8211; T\u00fcsk\u00e9tlen fekete szeder"},"content":{"rendered":"<h1 class=\"product-page-heading\">Rubus fruticosus &#8216;Dirksen Thornless&#8217; &#8211; T\u00fcsk\u00e9tlen fekete szeder<\/h1>\n<p class=\"product-page-heading\">A Rubus fruticosus &#8216;Dirksen Thornless&#8217; &#8211; T\u00fcsk\u00e9tlen fekete szeder<\/p>\n<p data-start=\"598\" data-end=\"881\">amelyet er\u0151s n\u00f6veked\u00e9se, hatalmas term\u00e9shozama \u00e9s k\u00f6nny\u0171 kezelhet\u0151s\u00e9ge miatt kedvelnek. T\u00fcsk\u00e9tlens\u00e9ge k\u00fcl\u00f6n\u00f6sen alkalmass\u00e1 teszi csal\u00e1di kertekbe is, mivel szed\u00e9se teljesen s\u00e9r\u00fcl\u00e9smentes \u00e9s k\u00e9nyelmes.<\/p>\n<p data-start=\"883\" data-end=\"1008\">A bogy\u00f3k nagyok, f\u00e9nyesek, arom\u00e1sak \u00e9s l\u00e9d\u00fasak. Frissen fogyasztva, fagyasztva, lekv\u00e1rnak vagy sz\u00f6rpnek is kiv\u00e1l\u00f3an alkalmas.<\/p>\n<h2 data-start=\"1010\" data-end=\"1035\">\ud83c\udf31Rubus fruticosus &#8216;Dirksen Thornless&#8217;<strong data-start=\"1017\" data-end=\"1035\"> jellemz\u0151i<\/strong><\/h2>\n<ul data-start=\"1036\" data-end=\"1455\">\n<li data-start=\"1036\" data-end=\"1096\">\n<p data-start=\"1038\" data-end=\"1096\"><strong data-start=\"1038\" data-end=\"1056\">N\u00f6v\u00e9ny t\u00edpusa:<\/strong> lombhullat\u00f3 gy\u00fcm\u00f6lcsterm\u0151 k\u00fasz\u00f3cserje<\/p>\n<\/li>\n<li data-start=\"1097\" data-end=\"1137\">\n<p data-start=\"1099\" data-end=\"1137\"><strong data-start=\"1099\" data-end=\"1116\">T\u00fcsk\u00e9tlens\u00e9g:<\/strong> teljesen t\u00fcsk\u00e9tlen<\/p>\n<\/li>\n<li data-start=\"1138\" data-end=\"1190\">\n<p data-start=\"1140\" data-end=\"1190\"><strong data-start=\"1140\" data-end=\"1149\">\u00c9r\u00e9s:<\/strong> j\u00falius v\u00e9g\u00e9t\u0151l szeptemberig elh\u00faz\u00f3d\u00f3an<\/p>\n<\/li>\n<li data-start=\"1191\" data-end=\"1231\">\n<p data-start=\"1193\" data-end=\"1231\"><strong data-start=\"1193\" data-end=\"1208\">Bogy\u00f3m\u00e9ret:<\/strong> nagy, f\u00e9nyes, fekete<\/p>\n<\/li>\n<li data-start=\"1232\" data-end=\"1256\">\n<p data-start=\"1234\" data-end=\"1256\"><strong data-start=\"1234\" data-end=\"1241\">\u00cdz:<\/strong> \u00e9des, arom\u00e1s<\/p>\n<\/li>\n<li data-start=\"1257\" data-end=\"1309\">\n<p data-start=\"1259\" data-end=\"1309\"><strong data-start=\"1259\" data-end=\"1273\">N\u00f6veked\u00e9s:<\/strong> er\u0151teljes, hossz\u00fa vessz\u0151ket nevel<\/p>\n<\/li>\n<li data-start=\"1310\" data-end=\"1348\">\n<p data-start=\"1312\" data-end=\"1348\"><strong data-start=\"1312\" data-end=\"1328\">Term\u00e9shozam:<\/strong> kiemelked\u0151en nagy<\/p>\n<\/li>\n<li data-start=\"1349\" data-end=\"1375\">\n<p data-start=\"1351\" data-end=\"1375\"><strong data-start=\"1351\" data-end=\"1360\">F\u00e9ny:<\/strong> napos fekv\u00e9s<\/p>\n<\/li>\n<li data-start=\"1376\" data-end=\"1432\">\n<p data-start=\"1378\" data-end=\"1432\"><strong data-start=\"1378\" data-end=\"1388\">Talaj:<\/strong> j\u00f3 v\u00edz\u00e1tereszt\u0151, t\u00e1panyagban gazdag talaj<\/p>\n<\/li>\n<li data-start=\"1433\" data-end=\"1455\">\n<p data-start=\"1435\" data-end=\"1455\"><strong data-start=\"1435\" data-end=\"1450\">T\u00e9l\u00e1ll\u00f3s\u00e1g:<\/strong> j\u00f3<\/p>\n<\/li>\n<\/ul>\n<h3 data-start=\"1457\" data-end=\"1509\"><strong data-start=\"1464\" data-end=\"1509\">Mi\u00e9rt j\u00f3 v\u00e1laszt\u00e1s a &#8216;Dirksen Thornless&#8217;?<\/strong><\/h3>\n<ul data-start=\"1510\" data-end=\"1746\">\n<li data-start=\"1510\" data-end=\"1549\">\n<p data-start=\"1512\" data-end=\"1549\"><strong data-start=\"1512\" data-end=\"1532\">100% t\u00fcskementes<\/strong>, k\u00f6nny\u0171 szed\u00e9s<\/p>\n<\/li>\n<li data-start=\"1550\" data-end=\"1576\">\n<p data-start=\"1552\" data-end=\"1576\">Hatalmas, l\u00e9d\u00fas bogy\u00f3k<\/p>\n<\/li>\n<li data-start=\"1577\" data-end=\"1616\">\n<p data-start=\"1579\" data-end=\"1616\">Rendk\u00edv\u00fcl b\u0151term\u0151, megb\u00edzhat\u00f3 fajta<\/p>\n<\/li>\n<li data-start=\"1617\" data-end=\"1673\">\n<p data-start=\"1619\" data-end=\"1673\">Er\u0151teljes n\u00f6veked\u00e9s \u2013 gyorsan kialakul\u00f3 term\u0151fel\u00fclet<\/p>\n<\/li>\n<li data-start=\"1674\" data-end=\"1709\">\n<p data-start=\"1676\" data-end=\"1709\">Betegs\u00e9gekkel szemben ellen\u00e1ll\u00f3<\/p>\n<\/li>\n<li data-start=\"1710\" data-end=\"1746\">\n<p data-start=\"1712\" data-end=\"1746\">Frissen \u00e9s feldolgozva is kiv\u00e1l\u00f3<\/p>\n<\/li>\n<\/ul>\n<h4 data-start=\"1748\" data-end=\"1778\">\ud83c\udf3f <strong data-start=\"1755\" data-end=\"1778\">\u00dcltet\u00e9s \u00e9s gondoz\u00e1s<\/strong><\/h4>\n<ul data-start=\"1779\" data-end=\"2086\">\n<li data-start=\"1779\" data-end=\"1842\">\n<p data-start=\"1781\" data-end=\"1842\"><strong data-start=\"1781\" data-end=\"1796\">T\u00e1mrendszer<\/strong> kialak\u00edt\u00e1sa aj\u00e1nlott a hossz\u00fa vessz\u0151k miatt<\/p>\n<\/li>\n<li data-start=\"1843\" data-end=\"1907\">\n<p data-start=\"1845\" data-end=\"1907\"><strong data-start=\"1845\" data-end=\"1857\">Metsz\u00e9s:<\/strong> a letermett vessz\u0151ket \u0151sszel el kell t\u00e1vol\u00edtani<\/p>\n<\/li>\n<li data-start=\"1908\" data-end=\"1962\">\n<p data-start=\"1910\" data-end=\"1962\"><strong data-start=\"1910\" data-end=\"1922\">\u00d6nt\u00f6z\u00e9s:<\/strong> rendszeres, f\u0151k\u00e9nt term\u00e9sk\u00f6t\u00e9s idej\u00e9n<\/p>\n<\/li>\n<li data-start=\"1963\" data-end=\"2023\">\n<p data-start=\"1965\" data-end=\"2023\"><strong data-start=\"1965\" data-end=\"1978\">T\u00e1panyag:<\/strong> szerves t\u00e1p vagy bogy\u00f3soknak val\u00f3 m\u0171tr\u00e1gya<\/p>\n<\/li>\n<li data-start=\"2024\" data-end=\"2086\">\n<p data-start=\"2026\" data-end=\"2086\"><strong data-start=\"2026\" data-end=\"2040\">Mulcsoz\u00e1s:<\/strong> aj\u00e1nlott a talaj nedvess\u00e9g\u00e9nek meg\u0151rz\u00e9s\u00e9hez<\/p>\n<h4><strong>\ud83d\udd04 K\u00e9szletinform\u00e1ci\u00f3<\/strong><\/h4>\n<p><strong>K\u00e9szlet\u00fcnk napi szinten v\u00e1ltozik, \u00edgy a webshopban szerepl<\/strong><strong>\u0151<\/strong><strong>\u00a0term\u00e9kek el\u00e9rhet<\/strong><strong>\u0151<\/strong><strong>s\u00e9ge nem garant\u00e1lt.<br \/>\n\ud83d\udcde A megrendel\u00e9s el<\/strong><strong>\u0151<\/strong><strong>tt k\u00e9rj\u00fck, \u00e9rdekl<\/strong><strong>\u0151<\/strong><strong>dj\u00f6n szem\u00e9lyesen, telefonon vagy e-mailben!<\/strong><\/p>\n<h4><strong>\u27a1\ufe0f Kapcsolat:<\/strong><\/h4>\n<ul>\n<li><strong>Weboldal:\u00a0<\/strong><a href=\"https:\/\/tajkertesz.com\/\"><strong>tajkertesz.com<\/strong><\/a><\/li>\n<li><strong>Facebook:\u00a0<\/strong><a href=\"https:\/\/www.facebook.com\/tajkertesz\/\"><strong>facebook.com\/tajkertesz<\/strong><\/a><\/li>\n<li><strong>Telefonsz\u00e1m, e-mail: +36\/20-319-3770\u00a0<\/strong><a href=\"mailto:tajkerteszaruda@gmail.com\"><strong>tajkerteszaruda@gmail.com<\/strong><\/a><\/li>\n<\/ul>\n<h4><strong>\ud83d\ude9a Sz\u00e1ll\u00edt\u00e1si inform\u00e1ci\u00f3k<\/strong><\/h4>\n<p><strong>A megrendelt n\u00f6v\u00e9nyek kisz\u00e1ll\u00edt\u00e1sa az al\u00e1bbi felt\u00e9telek mellett t\u00f6rt\u00e9nik:<\/strong><\/p>\n<h4><strong>\ud83d\udce6 Fut\u00e1rszolg\u00e1latos sz\u00e1ll\u00edt\u00e1s<\/strong><\/h4>\n<ul>\n<li><strong>Maxim\u00e1lis m\u00e9ret: 200 cm (hossz\u00fas\u00e1g)<\/strong><\/li>\n<li><strong>Maxim\u00e1lis s\u00faly: 40 kg<\/strong><\/li>\n<li><strong>Az enn\u00e9l kisebb \u00e9s k\u00f6nnyebb csomagokat fut\u00e1rszolg\u00e1lattal k\u00e9zbes\u00edtj\u00fck a lehet<\/strong><strong>\u0151<\/strong><strong>\u00a0legbiztons\u00e1gosabb csomagol\u00e1sban.<\/strong><\/li>\n<\/ul>\n<h4><strong>\ud83d\udefb Szem\u00e9lyes \u00e1tv\u00e9tel<\/strong><\/h4>\n<ul>\n<li><strong>1173 Budapest, Bakancsos utca 7. sz\u00e1m alatt nyitvatart\u00e1si id<\/strong><strong>\u0151<\/strong><strong>ben szem\u00e9lyesen \u00e1tvehet<\/strong><strong>\u0151<\/strong><strong>\u00a0kert\u00e9szeti \u00e1rud\u00e1nkban.<\/strong><\/li>\n<li><strong>K\u00f6lts\u00e9ghat\u00e9kony megold\u00e1s nagyobb, t\u00f6r\u00e9kenyebb vagy t\u00falm\u00e9retes n\u00f6v\u00e9nyek eset\u00e9n.<\/strong><\/li>\n<\/ul>\n<h4><strong>\ud83d\udcde Nagy m\u00e9ret<\/strong><strong>\u0171<\/strong><strong>\u00a0vagy s\u00faly\u00fa n\u00f6v\u00e9nyek eset\u00e9n<\/strong><\/h4>\n<p><strong>Ha a term\u00e9k:<\/strong><\/p>\n<ul>\n<li><strong>meghaladja a 200 cm hossz\u00fas\u00e1got vagy<\/strong><\/li>\n<li><strong>meghaladja a 40 kg s\u00falyt,<\/strong><\/li>\n<\/ul>\n<p><strong>akkor szem\u00e9lyes \u00e1tv\u00e9tellel vagy egyedi, el<\/strong><strong>\u0151<\/strong><strong>re egyeztetett sz\u00e1ll\u00edt\u00e1si felt\u00e9telek mellett t\u00f6rt\u00e9nik.<br \/>\nK\u00e9rj\u00fck, ilyen esetben rendel\u00e9s el<\/strong><strong>\u0151<\/strong><strong>tt vegye fel vel\u00fcnk a kapcsolatot, hogy a lehet<\/strong><strong>\u0151<\/strong><strong>\u00a0legmegfelel<\/strong><strong>\u0151<\/strong><strong>bb sz\u00e1ll\u00edt\u00e1si megold\u00e1st k\u00edn\u00e1lhassuk.<\/strong><\/p>\n<p><strong>\ud83d\udd14 Fontos: A n\u00f6v\u00e9nyeket minden esetben igyeksz\u00fcnk gondosan, egyes\u00e9vel csomagolni, azonban a sz\u00e1ll\u00edt\u00e1s sor\u00e1n kisebb eszt\u00e9tikai s\u00e9r\u00fcl\u00e9sek el<\/strong><strong>\u0151<\/strong><strong>fordulhatnak (pl. lev\u00e9lhull\u00e1s). Ez nem min<\/strong><strong>\u0151<\/strong><strong>s\u00fcl hib\u00e1s teljes\u00edt\u00e9snek.<\/strong><\/p>\n<h4><strong>\ud83d\udcf7 Fontos tudni a k\u00e9pekr<\/strong><strong>\u0151<\/strong><strong>l<\/strong><\/h4>\n<p><strong>A webshopban szerepl<\/strong><strong>\u0151<\/strong><strong>\u00a0k\u00e9pek illusztr\u00e1ci\u00f3k, a n\u00f6v\u00e9nyek term\u00e9szet\u00fckn\u00e9l fogva egyediek, \u00edgy m\u00e9retben, alakban \u00e9s sz\u00ednben minim\u00e1lis elt\u00e9r\u00e9sek el<\/strong><strong>\u0151<\/strong><strong>fordulhatnak a k\u00e9pen l\u00e1that\u00f3 \u00e9s a val\u00f3s p\u00e9ld\u00e1nyok k\u00f6z\u00f6tt.<\/strong><\/p>\n<h4><strong>\ud83e\uddfe \u00c1rak \u00e9s el\u00e1ll\u00e1si jog<\/strong><\/h4>\n<ul>\n<li><strong>Az \u00e1rak egy darab\u00a0n\u00f6v\u00e9nyre vonatkoznak.<\/strong><\/li>\n<li><strong>\u00c9l<\/strong><strong>\u0151<\/strong><strong>\u00a0n\u00f6v\u00e9nyek rendel\u00e9se eset\u00e9n a 14 napos el\u00e1ll\u00e1s joga nem \u00e9rv\u00e9nyes\u00edthet<\/strong><strong>\u0151<\/strong><strong>, mivel azok romland\u00f3, biol\u00f3giailag \u00e9l<\/strong><strong>\u0151<\/strong><strong>\u00a0term\u00e9keknek min<\/strong><strong>\u0151<\/strong><strong>s\u00fclnek.<br \/>\n\ud83d\udd12 (17\/1999. (II. 5.) Korm. rendelet 5. \u00a7 c) pontja alapj\u00e1n)<\/strong><\/li>\n<\/ul>\n<h4><strong>\ud83d\udce6 K\u00e9zbes\u00edt\u00e9s ut\u00e1ni teend<\/strong><strong>\u0151<\/strong><strong>k<\/strong><\/h4>\n<p><strong>A k\u00e9zbes\u00edt\u00e9st k\u00f6vet<\/strong><strong>\u0151<\/strong><strong>en a csomagot azonnal bontsuk ki, \u00e9s a n\u00f6v\u00e9nyt helyezz\u00fck el megfelel<\/strong><strong>\u0151<\/strong><strong>\u00a0k\u00f6rnyezetben.<br \/>\nFontos: ha a n\u00f6v\u00e9ny nem r\u00e9szes\u00fcl megfelel<\/strong><strong>\u0151<\/strong><strong>\u00a0gondoz\u00e1sban \u00e9s ennek k\u00f6vetkezt\u00e9ben k\u00e1rosodik vagy elpusztul, felel<\/strong><strong>\u0151<\/strong><strong>ss\u00e9get nem tudunk v\u00e1llalni.<\/strong><\/p>\n<p><strong>\u00a0<\/strong><\/li>\n<\/ul>\n<p>&nbsp;<\/p>","protected":false},"excerpt":{"rendered":"<p data-start=\"307\" data-end=\"535\">A Rubus fruticosus &#8216;Dirksen Thornless&#8217; t\u00fcsk\u00e9tlen fekete szeder nagy, \u00e9des, arom\u00e1s bogy\u00f3kat terem. Er\u0151teljes n\u00f6veked\u00e9s\u0171, rendk\u00edv\u00fcl b\u0151term\u0151, betegs\u00e9geknek j\u00f3l ellen\u00e1ll\u00f3 fajta, amely h\u00e1zikerti \u00e9s \u00fcltetv\u00e9nyes termeszt\u00e9sre is kiv\u00e1l\u00f3.<\/p>\n<p data-start=\"307\" data-end=\"535\">M\u00e9rete: 50\/60 cm magas, 1,5 literes kont\u00e9nerben.<\/p>","protected":false},"featured_media":5233,"template":"","meta":{"_et_pb_use_builder":"","_et_pb_old_content":"","_et_gb_content_width":""},"product_brand":[],"product_cat":[29],"product_tag":[7055,7450,741,7061,7739,7738,7740,7741,7449,7742],"class_list":{"0":"post-5232","1":"product","2":"type-product","3":"status-publish","4":"has-post-thumbnail","6":"product_cat-gyumolcsfak-gyumolcstermo-novenyek","7":"product_tag-bogyos-gyumolcs","8":"product_tag-botermo-szeder","9":"product_tag-fekete-szeder","10":"product_tag-gyumolcstermo-noveny","11":"product_tag-nagy-bogyoju-szeder","12":"product_tag-rubus-fruticosus-dirksen-thornless","13":"product_tag-szeder-fajta","14":"product_tag-tusketlen-gyumolcstermo","15":"product_tag-tusketlen-szeder","16":"product_tag-ultetvenybe-valo-szeder","18":"first","19":"outofstock","20":"shipping-taxable","21":"product-type-simple"},"yoast_head":"<!-- This site is optimized with the Yoast SEO plugin v27.5 - https:\/\/yoast.com\/product\/yoast-seo-wordpress\/ -->\n<title>Rubus fruticosus &#039;Dirksen Thornless&#039; - T\u00fcsk\u00e9tlen fekete szeder - T\u00e1jkert\u00e9sz<\/title>\n<meta name=\"description\" content=\"Rubus fruticosus &#039;Dirksen Thornless&#039; t\u00fcsk\u00e9tlen fekete szeder nagy, \u00e9des bogy\u00f3kkal. Rendk\u00edv\u00fcl b\u0151term\u0151, k\u00f6nnyen kezelhet\u0151 fajta h\u00e1zikertbe \u00e9s \u00fcltetv\u00e9nybe.\" \/>\n<meta name=\"robots\" content=\"index, follow, max-snippet:-1, max-image-preview:large, max-video-preview:-1\" \/>\n<link rel=\"canonical\" href=\"https:\/\/tajkertesz.com\/en_US\/product\/rubus-fruticosus-dirksen-thornless-tusketlen-fekete-szeder\/\" \/>\n<meta property=\"og:locale\" content=\"en_US\" \/>\n<meta property=\"og:type\" content=\"article\" \/>\n<meta property=\"og:title\" content=\"Rubus fruticosus &#039;Dirksen Thornless&#039; - T\u00fcsk\u00e9tlen fekete szeder - T\u00e1jkert\u00e9sz\" \/>\n<meta property=\"og:description\" content=\"Rubus fruticosus &#039;Dirksen Thornless&#039; t\u00fcsk\u00e9tlen fekete szeder nagy, \u00e9des bogy\u00f3kkal. Rendk\u00edv\u00fcl b\u0151term\u0151, k\u00f6nnyen kezelhet\u0151 fajta h\u00e1zikertbe \u00e9s \u00fcltetv\u00e9nybe.\" \/>\n<meta property=\"og:url\" content=\"https:\/\/tajkertesz.com\/en_US\/product\/rubus-fruticosus-dirksen-thornless-tusketlen-fekete-szeder\/\" \/>\n<meta property=\"og:site_name\" content=\"T\u00e1jkert\u00e9sz\" \/>\n<meta property=\"article:publisher\" content=\"https:\/\/www.facebook.com\/Tajkertesz\/\" \/>\n<meta property=\"article:modified_time\" content=\"2026-04-28T14:50:40+00:00\" \/>\n<meta property=\"og:image\" content=\"https:\/\/tajkertesz.com\/wp-content\/uploads\/2021\/05\/brombeere-dirksen-thornless-m101250_h_0.jpg\" \/>\n\t<meta property=\"og:image:width\" content=\"880\" \/>\n\t<meta property=\"og:image:height\" content=\"893\" \/>\n\t<meta property=\"og:image:type\" content=\"image\/jpeg\" \/>\n<meta name=\"twitter:card\" content=\"summary_large_image\" \/>\n<meta name=\"twitter:label1\" content=\"Est. reading time\" \/>\n\t<meta name=\"twitter:data1\" content=\"3 minutes\" \/>\n<script type=\"application\/ld+json\" class=\"yoast-schema-graph\">{\"@context\":\"https:\\\/\\\/schema.org\",\"@graph\":[{\"@type\":\"WebPage\",\"@id\":\"https:\\\/\\\/tajkertesz.com\\\/termek\\\/rubus-fruticosus-dirksen-thornless-tusketlen-fekete-szeder\\\/\",\"url\":\"https:\\\/\\\/tajkertesz.com\\\/termek\\\/rubus-fruticosus-dirksen-thornless-tusketlen-fekete-szeder\\\/\",\"name\":\"Rubus fruticosus 'Dirksen Thornless' - T\u00fcsk\u00e9tlen fekete szeder - T\u00e1jkert\u00e9sz\",\"isPartOf\":{\"@id\":\"https:\\\/\\\/tajkertesz.com\\\/#website\"},\"primaryImageOfPage\":{\"@id\":\"https:\\\/\\\/tajkertesz.com\\\/termek\\\/rubus-fruticosus-dirksen-thornless-tusketlen-fekete-szeder\\\/#primaryimage\"},\"image\":{\"@id\":\"https:\\\/\\\/tajkertesz.com\\\/termek\\\/rubus-fruticosus-dirksen-thornless-tusketlen-fekete-szeder\\\/#primaryimage\"},\"thumbnailUrl\":\"https:\\\/\\\/tajkertesz.com\\\/wp-content\\\/uploads\\\/2021\\\/05\\\/brombeere-dirksen-thornless-m101250_h_0.jpg\",\"datePublished\":\"2021-05-21T11:22:10+00:00\",\"dateModified\":\"2026-04-28T14:50:40+00:00\",\"description\":\"Rubus fruticosus 'Dirksen Thornless' t\u00fcsk\u00e9tlen fekete szeder nagy, \u00e9des bogy\u00f3kkal. Rendk\u00edv\u00fcl b\u0151term\u0151, k\u00f6nnyen kezelhet\u0151 fajta h\u00e1zikertbe \u00e9s \u00fcltetv\u00e9nybe.\",\"breadcrumb\":{\"@id\":\"https:\\\/\\\/tajkertesz.com\\\/termek\\\/rubus-fruticosus-dirksen-thornless-tusketlen-fekete-szeder\\\/#breadcrumb\"},\"inLanguage\":\"en-US\",\"potentialAction\":[{\"@type\":\"ReadAction\",\"target\":[\"https:\\\/\\\/tajkertesz.com\\\/termek\\\/rubus-fruticosus-dirksen-thornless-tusketlen-fekete-szeder\\\/\"]}]},{\"@type\":\"ImageObject\",\"inLanguage\":\"en-US\",\"@id\":\"https:\\\/\\\/tajkertesz.com\\\/termek\\\/rubus-fruticosus-dirksen-thornless-tusketlen-fekete-szeder\\\/#primaryimage\",\"url\":\"https:\\\/\\\/tajkertesz.com\\\/wp-content\\\/uploads\\\/2021\\\/05\\\/brombeere-dirksen-thornless-m101250_h_0.jpg\",\"contentUrl\":\"https:\\\/\\\/tajkertesz.com\\\/wp-content\\\/uploads\\\/2021\\\/05\\\/brombeere-dirksen-thornless-m101250_h_0.jpg\",\"width\":880,\"height\":893,\"caption\":\"Rubus fruticosus 'Dirksen Thornless' - T\u00fcsk\u00e9tlen fekete szeder\"},{\"@type\":\"BreadcrumbList\",\"@id\":\"https:\\\/\\\/tajkertesz.com\\\/termek\\\/rubus-fruticosus-dirksen-thornless-tusketlen-fekete-szeder\\\/#breadcrumb\",\"itemListElement\":[{\"@type\":\"ListItem\",\"position\":1,\"name\":\"Home\",\"item\":\"https:\\\/\\\/tajkertesz.com\\\/\"},{\"@type\":\"ListItem\",\"position\":2,\"name\":\"Kezd\u0151lap\",\"item\":\"https:\\\/\\\/tajkertesz.com\\\/\"},{\"@type\":\"ListItem\",\"position\":3,\"name\":\"Rubus fruticosus &#8216;Dirksen Thornless&#8217; &#8211; T\u00fcsk\u00e9tlen fekete szeder\"}]},{\"@type\":\"WebSite\",\"@id\":\"https:\\\/\\\/tajkertesz.com\\\/#website\",\"url\":\"https:\\\/\\\/tajkertesz.com\\\/\",\"name\":\"T\u00e1j-Kert\u00e9sz 84 Kft.\",\"description\":\"Kert\u00e9szeti kis- \u00e9s nagykeresked\u00e9s, D\u00edszn\u00f6v\u00e9ny web\u00e1ruh\u00e1z orsz\u00e1gos h\u00e1zhozsz\u00e1ll\u00edt\u00e1ssal!\",\"publisher\":{\"@id\":\"https:\\\/\\\/tajkertesz.com\\\/#organization\"},\"potentialAction\":[{\"@type\":\"SearchAction\",\"target\":{\"@type\":\"EntryPoint\",\"urlTemplate\":\"https:\\\/\\\/tajkertesz.com\\\/?s={search_term_string}\"},\"query-input\":{\"@type\":\"PropertyValueSpecification\",\"valueRequired\":true,\"valueName\":\"search_term_string\"}}],\"inLanguage\":\"en-US\"},{\"@type\":\"Organization\",\"@id\":\"https:\\\/\\\/tajkertesz.com\\\/#organization\",\"name\":\"T\u00e1j-Kert\u00e9sz 84 Kft.\",\"url\":\"https:\\\/\\\/tajkertesz.com\\\/\",\"logo\":{\"@type\":\"ImageObject\",\"inLanguage\":\"en-US\",\"@id\":\"https:\\\/\\\/tajkertesz.com\\\/#\\\/schema\\\/logo\\\/image\\\/\",\"url\":\"https:\\\/\\\/tajkertesz.com\\\/wp-content\\\/uploads\\\/2018\\\/02\\\/logo-2-e1518678052539.png\",\"contentUrl\":\"https:\\\/\\\/tajkertesz.com\\\/wp-content\\\/uploads\\\/2018\\\/02\\\/logo-2-e1518678052539.png\",\"width\":81,\"height\":140,\"caption\":\"T\u00e1j-Kert\u00e9sz 84 Kft.\"},\"image\":{\"@id\":\"https:\\\/\\\/tajkertesz.com\\\/#\\\/schema\\\/logo\\\/image\\\/\"},\"sameAs\":[\"https:\\\/\\\/www.facebook.com\\\/Tajkertesz\\\/\"]}]}<\/script>\n<!-- \/ Yoast SEO plugin. -->","yoast_head_json":{"title":"Rubus fruticosus 'Dirksen Thornless' - T\u00fcsk\u00e9tlen fekete szeder - T\u00e1jkert\u00e9sz","description":"Rubus fruticosus 'Dirksen Thornless' t\u00fcsk\u00e9tlen fekete szeder nagy, \u00e9des bogy\u00f3kkal. Rendk\u00edv\u00fcl b\u0151term\u0151, k\u00f6nnyen kezelhet\u0151 fajta h\u00e1zikertbe \u00e9s \u00fcltetv\u00e9nybe.","robots":{"index":"index","follow":"follow","max-snippet":"max-snippet:-1","max-image-preview":"max-image-preview:large","max-video-preview":"max-video-preview:-1"},"canonical":"https:\/\/tajkertesz.com\/en_US\/product\/rubus-fruticosus-dirksen-thornless-tusketlen-fekete-szeder\/","og_locale":"en_US","og_type":"article","og_title":"Rubus fruticosus 'Dirksen Thornless' - T\u00fcsk\u00e9tlen fekete szeder - T\u00e1jkert\u00e9sz","og_description":"Rubus fruticosus 'Dirksen Thornless' t\u00fcsk\u00e9tlen fekete szeder nagy, \u00e9des bogy\u00f3kkal. Rendk\u00edv\u00fcl b\u0151term\u0151, k\u00f6nnyen kezelhet\u0151 fajta h\u00e1zikertbe \u00e9s \u00fcltetv\u00e9nybe.","og_url":"https:\/\/tajkertesz.com\/en_US\/product\/rubus-fruticosus-dirksen-thornless-tusketlen-fekete-szeder\/","og_site_name":"T\u00e1jkert\u00e9sz","article_publisher":"https:\/\/www.facebook.com\/Tajkertesz\/","article_modified_time":"2026-04-28T14:50:40+00:00","og_image":[{"width":880,"height":893,"url":"https:\/\/tajkertesz.com\/wp-content\/uploads\/2021\/05\/brombeere-dirksen-thornless-m101250_h_0.jpg","type":"image\/jpeg"}],"twitter_card":"summary_large_image","twitter_misc":{"Est. reading time":"3 minutes"},"schema":{"@context":"https:\/\/schema.org","@graph":[{"@type":"WebPage","@id":"https:\/\/tajkertesz.com\/termek\/rubus-fruticosus-dirksen-thornless-tusketlen-fekete-szeder\/","url":"https:\/\/tajkertesz.com\/termek\/rubus-fruticosus-dirksen-thornless-tusketlen-fekete-szeder\/","name":"Rubus fruticosus 'Dirksen Thornless' - T\u00fcsk\u00e9tlen fekete szeder - T\u00e1jkert\u00e9sz","isPartOf":{"@id":"https:\/\/tajkertesz.com\/#website"},"primaryImageOfPage":{"@id":"https:\/\/tajkertesz.com\/termek\/rubus-fruticosus-dirksen-thornless-tusketlen-fekete-szeder\/#primaryimage"},"image":{"@id":"https:\/\/tajkertesz.com\/termek\/rubus-fruticosus-dirksen-thornless-tusketlen-fekete-szeder\/#primaryimage"},"thumbnailUrl":"https:\/\/tajkertesz.com\/wp-content\/uploads\/2021\/05\/brombeere-dirksen-thornless-m101250_h_0.jpg","datePublished":"2021-05-21T11:22:10+00:00","dateModified":"2026-04-28T14:50:40+00:00","description":"Rubus fruticosus 'Dirksen Thornless' t\u00fcsk\u00e9tlen fekete szeder nagy, \u00e9des bogy\u00f3kkal. Rendk\u00edv\u00fcl b\u0151term\u0151, k\u00f6nnyen kezelhet\u0151 fajta h\u00e1zikertbe \u00e9s \u00fcltetv\u00e9nybe.","breadcrumb":{"@id":"https:\/\/tajkertesz.com\/termek\/rubus-fruticosus-dirksen-thornless-tusketlen-fekete-szeder\/#breadcrumb"},"inLanguage":"en-US","potentialAction":[{"@type":"ReadAction","target":["https:\/\/tajkertesz.com\/termek\/rubus-fruticosus-dirksen-thornless-tusketlen-fekete-szeder\/"]}]},{"@type":"ImageObject","inLanguage":"en-US","@id":"https:\/\/tajkertesz.com\/termek\/rubus-fruticosus-dirksen-thornless-tusketlen-fekete-szeder\/#primaryimage","url":"https:\/\/tajkertesz.com\/wp-content\/uploads\/2021\/05\/brombeere-dirksen-thornless-m101250_h_0.jpg","contentUrl":"https:\/\/tajkertesz.com\/wp-content\/uploads\/2021\/05\/brombeere-dirksen-thornless-m101250_h_0.jpg","width":880,"height":893,"caption":"Rubus fruticosus 'Dirksen Thornless' - T\u00fcsk\u00e9tlen fekete szeder"},{"@type":"BreadcrumbList","@id":"https:\/\/tajkertesz.com\/termek\/rubus-fruticosus-dirksen-thornless-tusketlen-fekete-szeder\/#breadcrumb","itemListElement":[{"@type":"ListItem","position":1,"name":"Home","item":"https:\/\/tajkertesz.com\/"},{"@type":"ListItem","position":2,"name":"Kezd\u0151lap","item":"https:\/\/tajkertesz.com\/"},{"@type":"ListItem","position":3,"name":"Rubus fruticosus &#8216;Dirksen Thornless&#8217; &#8211; T\u00fcsk\u00e9tlen fekete szeder"}]},{"@type":"WebSite","@id":"https:\/\/tajkertesz.com\/#website","url":"https:\/\/tajkertesz.com\/","name":"T\u00e1j-Kert\u00e9sz 84 Kft.","description":"Kert\u00e9szeti kis- \u00e9s nagykeresked\u00e9s, D\u00edszn\u00f6v\u00e9ny web\u00e1ruh\u00e1z orsz\u00e1gos h\u00e1zhozsz\u00e1ll\u00edt\u00e1ssal!","publisher":{"@id":"https:\/\/tajkertesz.com\/#organization"},"potentialAction":[{"@type":"SearchAction","target":{"@type":"EntryPoint","urlTemplate":"https:\/\/tajkertesz.com\/?s={search_term_string}"},"query-input":{"@type":"PropertyValueSpecification","valueRequired":true,"valueName":"search_term_string"}}],"inLanguage":"en-US"},{"@type":"Organization","@id":"https:\/\/tajkertesz.com\/#organization","name":"T\u00e1j-Kert\u00e9sz 84 Kft.","url":"https:\/\/tajkertesz.com\/","logo":{"@type":"ImageObject","inLanguage":"en-US","@id":"https:\/\/tajkertesz.com\/#\/schema\/logo\/image\/","url":"https:\/\/tajkertesz.com\/wp-content\/uploads\/2018\/02\/logo-2-e1518678052539.png","contentUrl":"https:\/\/tajkertesz.com\/wp-content\/uploads\/2018\/02\/logo-2-e1518678052539.png","width":81,"height":140,"caption":"T\u00e1j-Kert\u00e9sz 84 Kft."},"image":{"@id":"https:\/\/tajkertesz.com\/#\/schema\/logo\/image\/"},"sameAs":["https:\/\/www.facebook.com\/Tajkertesz\/"]}]}},"_links":{"self":[{"href":"https:\/\/tajkertesz.com\/en_US\/wp-json\/wp\/v2\/product\/5232","targetHints":{"allow":["GET"]}}],"collection":[{"href":"https:\/\/tajkertesz.com\/en_US\/wp-json\/wp\/v2\/product"}],"about":[{"href":"https:\/\/tajkertesz.com\/en_US\/wp-json\/wp\/v2\/types\/product"}],"wp:featuredmedia":[{"embeddable":true,"href":"https:\/\/tajkertesz.com\/en_US\/wp-json\/wp\/v2\/media\/5233"}],"wp:attachment":[{"href":"https:\/\/tajkertesz.com\/en_US\/wp-json\/wp\/v2\/media?parent=5232"}],"wp:term":[{"taxonomy":"product_brand","embeddable":true,"href":"https:\/\/tajkertesz.com\/en_US\/wp-json\/wp\/v2\/product_brand?post=5232"},{"taxonomy":"product_cat","embeddable":true,"href":"https:\/\/tajkertesz.com\/en_US\/wp-json\/wp\/v2\/product_cat?post=5232"},{"taxonomy":"product_tag","embeddable":true,"href":"https:\/\/tajkertesz.com\/en_US\/wp-json\/wp\/v2\/product_tag?post=5232"}],"curies":[{"name":"wp","href":"https:\/\/api.w.org\/{rel}","templated":true}]}}