{"id":5738,"date":"2025-03-28T11:29:13","date_gmt":"2025-03-28T11:29:13","guid":{"rendered":"https:\/\/tajkertesz.com\/?post_type=product&#038;p=5738"},"modified":"2025-03-27T15:10:15","modified_gmt":"2025-03-27T15:10:15","slug":"cornus-alba-sibirica-voros-vesszeju-som","status":"publish","type":"product","link":"https:\/\/tajkertesz.com\/en_US\/product\/cornus-alba-sibirica-voros-vesszeju-som\/","title":{"rendered":"Cornus alba &#8216;Sibirica&#8217; &#8211; V\u00f6r\u00f6s vesszej\u0171 som"},"content":{"rendered":"<h1 class=\"product-page-heading\">Cornus alba &#8216;Sibirica&#8217; &#8211; V\u00f6r\u00f6s vesszej\u0171 som<\/h1>\n<p class=\"product-page-heading\"><span style=\"color: #000000;\">A Cornus alba &#8216;Sibirica&#8217; &#8211; V\u00f6r\u00f6s vesszej\u0171 som egy gyorsan n\u00f6v\u0151, lombhullat\u00f3 cserje, amely k\u00fcl\u00f6n\u00f6sen vonz\u00f3 a t\u00e9li id\u0151szakban \u00e9l\u00e9nkpiros hajt\u00e1saival.\u00a0<\/span><\/p>\n<h2 class=\"product-page-heading\">Cornus alba &#8216;Sibirica&#8217; jellemz\u0151i<\/h2>\n<p class=\"product-page-heading\"><span style=\"color: #000000;\"> A egy <\/span>Cornus alba &#8216;Sibirica&#8217; <span style=\"color: #000000;\">fel\u00e1ll\u00f3 \u00e1g\u00fa <span class=\"autohelp\" style=\"box-sizing: border-box; cursor: pointer;\">d\u00edszcserje<\/span>. <\/span><\/p>\n<p class=\"product-page-heading\"><span style=\"color: #000000;\">Hajt\u00e1sai, vessz\u0151i f\u00e9nyl\u0151-pirosak, lombja \u0151sszel k\u00e1rminpirosra sz\u00ednez\u0151dik.<\/span><\/p>\n<p class=\"product-page-heading\"><span style=\"color: #000000;\">\u00a0<span class=\"autohelp\" style=\"box-sizing: border-box; cursor: pointer;\">D\u00edszcserje<\/span>k\u00e9nt haszn\u00e1lva\u00a0f\u00e9nyl\u0151-piros \u00e1gai, \u0151szt\u0151l k\u00e9s\u0151 t\u00e9lig k\u00fcl\u00f6n\u00f6sen pomp\u00e1s l\u00e1tv\u00e1nyt ny\u00fajtanak.\u00a0<\/span><\/p>\n<p class=\"product-page-heading\"><span style=\"color: #000000;\">Maximum 3 m\u00e9teres magass\u00e1got \u00e9r el. A fiatal hajt\u00e1sok \u00e9l\u00e9nkebb v\u00f6r\u00f6sek, mint az \u00f6regebb hajt\u00e1sok. <\/span><\/p>\n<p class=\"product-page-heading\"><span style=\"color: #000000;\">Mutat\u00f3s, s\u00e1rg\u00e1s-feh\u00e9r vir\u00e1gai hajt\u00e1sv\u00e9geken, lapos \u00e1lerny\u0151kben ny\u00edlnak, m\u00e1just\u00f3l n\u00e9ha ny\u00e1r k\u00f6zep\u00e9n vir\u00e1gzanak, enyh\u00e9n illatosak. Term\u00e9se k\u00e9kes-feh\u00e9r \u00e1rnyalat\u00fa <\/span><\/p>\n<h3 class=\"product-page-heading\">A v\u00f6r\u00f6s vesszej\u0171 som gondoz\u00e1sa<\/h3>\n<p>Napos vagy f\u00e9l\u00e1rny\u00e9kos helyet \u00e9s j\u00f3l v\u00edzelvezetett talajt ig\u00e9nyel. A legintenz\u00edvebb sz\u00edn\u0171 hajt\u00e1sokat a teljes naps\u00fct\u00e9sben \u00e9rhetj\u00fck el.<\/p>\n<p class=\"product-page-heading\"><span style=\"color: #000000;\">T\u00e9l\u00e1ll\u00f3s\u00e1ga kiv\u00e1l\u00f3, ak\u00e1r -40\u00b0C-ot is b\u00edrja. <\/span><\/p>\n<p>Kedveli a nedves talajt, de alkalmazkodik k\u00fcl\u00f6nb\u00f6z\u0151 talajviszonyokhoz. A rendszeres \u00f6nt\u00f6z\u00e9s k\u00fcl\u00f6n\u00f6sen a fiatal n\u00f6v\u00e9nyek sz\u00e1m\u00e1ra fontos.<\/p>\n<h4><strong>A n\u00f6v\u00e9ny jelenlegi m\u00e9rete: 20-40 cm magas 19 cm-es cser\u00e9pben.<\/strong><\/h4>\n<p><b>K\u00e9szlet\u00fcnk napi szinten v\u00e1ltozik, ez\u00e9rt k\u00e9rj\u00fck, \u00e9rdekl\u0151dj\u00f6n szem\u00e9lyesen, telefonon vagy email-en.<br \/>\nA v\u00e1ltoztat\u00e1s jog\u00e1t fenntartjuk!<\/b><b>\u00a0 <\/b><\/p>\n<p><a href=\"https:\/\/tajkertesz.com\/\">https:\/\/tajkertesz.com\/<\/a><\/p>\n<p><a href=\"https:\/\/www.facebook.com\/tajkertesz\/\">https:\/\/www.facebook.com\/tajkertesz\/ <\/a><\/p>\n<p>Kisz\u00e1ll\u00edt\u00e1s: 200cm-ig \u00e9s 40 kg-ig a sz\u00e1ll\u00edt\u00e1s fut\u00e1rszolg\u00e1lattal t\u00f6rt\u00e9nik.<\/p>\n<p>Szem\u00e9lyes \u00e1tv\u00e9tel nyitvatart\u00e1si id\u0151ben a 17. ker\u00fclet Bakancsos utca 7. sz\u00e1m alatti Kert\u00e9szeti \u00e1rud\u00e1nkban.<\/p>\n<p>Kert\u00e9p\u00edt\u0151k \u00e9s viszontelad\u00f3k regisztr\u00e1l\u00e1s ut\u00e1n egyedi kedvezm\u00e9nnyel v\u00e1s\u00e1rolhatnak kert\u00e9szeti kis-\u00e9s nagykeresked\u00e9s\u00fcnkben.<\/p>\n<p><strong>Az \u00e1rak egy darab term\u00e9kre vonatkoznak.<\/strong><\/p>\n<p><strong>J\u00f3 tudni!<\/strong><\/p>\n<p>K\u00e9pek-elt\u00e9r\u00e9sek:<\/p>\n<p>A n\u00f6v\u00e9nyekr\u0151l felt\u00f6lt\u00f6tt k\u00e9pek illusztr\u00e1ci\u00f3k. N\u00f6v\u00e9nyekn\u00e9l el\u0151fordulhatnak minim\u00e1lis elt\u00e9r\u00e9sek a k\u00e9peken szerepl\u0151 n\u00f6v\u00e9nyek \u00e9s az \u00e1tvett n\u00f6v\u00e9nyek k\u00f6z\u00f6tt, mivel minden n\u00f6v\u00e9ny egyedi.<\/p>\n<h4>N\u00f6v\u00e9nyek sz\u00e1ll\u00edt\u00e1sa:<\/h4>\n<p>A megrendelt n\u00f6v\u00e9nyeket igyeksz\u00fcnk a lehet\u0151 legbiztons\u00e1gosabban egyes\u00e9vel csomagolni, azonban a sz\u00e1ll\u00edt\u00e1s sor\u00e1n m\u00e9g ennek ellen\u00e9re is\u00a0bek\u00f6vetkezhetnek apr\u00f3bb s\u00e9r\u00fcl\u00e9sek (lev\u00e9l- vagy vir\u00e1ghull\u00e1s).<br \/>\nN\u00f6v\u00e9ny rendel\u00e9s eset\u00e9n k\u00e9rj\u00fck a k\u00e9zbes\u00edt\u00e9st k\u00f6vet\u0151en a lehet\u0151 leghamarabb bonts\u00e1k ki a csomagot.<\/p>\n<p>Abban az esetben, ha a megrendelt n\u00f6v\u00e9ny\u00a0a sz\u00e1ll\u00edt\u00e1st k\u00f6vet\u0151en\u00a0nem megfelel\u0151 gondoz\u00e1sban r\u00e9szes\u00fcl \u00e9s ebb\u0151l kifoly\u00f3lag\u00a0k\u00e1rosodik,\u00a0elpusztul, felel\u0151ss\u00e9get sajnos nem tudunk v\u00e1llalni.<\/p>\n<p>V\u00e1s\u00e1rl\u00e1st\u00f3l val\u00f3 el\u00e1ll\u00e1s \u00e9l\u0151 n\u00f6v\u00e9ny v\u00e1s\u00e1rl\u00e1sa eset\u00e9n:<\/p>\n<p>Az \u00e1ltal\u00e1nos 14 napos el\u00e1ll\u00e1s lehet\u0151s\u00e9ge \u00e9l\u0151 n\u00f6v\u00e9nyekre nem vonatkozik. V\u00e1s\u00e1rl\u00e1st\u00f3l val\u00f3 el\u00e1ll\u00e1sra, visszak\u00fcld\u00e9sre nincs lehet\u0151s\u00e9g.\u00a0(17\/1999. (II. 5.) Korm. rendelet 5c pontja)<\/p>\n<p><strong>K\u00e9rj\u00fck fentiek figyelembev\u00e9tel\u00e9t n\u00f6v\u00e9ny rendel\u00e9se sor\u00e1n!<\/strong><\/p>\n<p>&nbsp;<\/p>","protected":false},"excerpt":{"rendered":"<h1 class=\"product-page-heading\"><span class=\"product-page-product-name\">Cornus alba &#8216;Sibirica&#8217; &#8211; Feh\u00e9r vir\u00e1g\u00fa, v\u00f6r\u00f6s vesszej\u0171 som<\/span><\/h1>\n<p class=\"product-page-heading\"><span class=\"product-page-product-name\">Cornus alba &#8216;Sibirica&#8217; &#8211; Feh\u00e9r vir\u00e1g\u00fa, v\u00f6r\u00f6s vesszej\u0171 som <\/span><span style=\"color: #000000;\">A\u00a0szib\u00e9riai feh\u00e9r som\u00a0fel\u00e1ll\u00f3 \u00e1g\u00fa\u00a0<span class=\"autohelp\" style=\"box-sizing: border-box; cursor: pointer;\">d\u00edszcserje<\/span>. Hajt\u00e1sai, vessz\u0151i f\u00e9nyl\u0151-pirosak, lombja \u0151sszel k\u00e1rminpirosra sz\u00ednez\u0151dik.\u00a0<span class=\"autohelp\" style=\"box-sizing: border-box; cursor: pointer;\">D\u00edszcserje<\/span>k\u00e9nt haszn\u00e1lva\u00a0f\u00e9nyl\u0151-piros \u00e1gai, \u0151szt\u0151l k\u00e9s\u0151 t\u00e9lig k\u00fcl\u00f6n\u00f6sen pomp\u00e1s l\u00e1tv\u00e1nyt ny\u00fajtanak.\u00a0Maximum 3 m\u00e9teres magass\u00e1got \u00e9r el. A fiatal hajt\u00e1sok \u00e9l\u00e9nkebb v\u00f6r\u00f6sek, mint az \u00f6regebb hajt\u00e1sok. Mutat\u00f3s, s\u00e1rg\u00e1s-feh\u00e9r vir\u00e1gai hajt\u00e1sv\u00e9geken, lapos \u00e1lerny\u0151kben ny\u00edlnak, m\u00e1just\u00f3l n\u00e9ha ny\u00e1r k\u00f6zep\u00e9n vir\u00e1gzanak, enyh\u00e9n illatosak. Term\u00e9se k\u00e9kes-feh\u00e9r \u00e1rnyalat\u00faA\u00a0szib\u00e9riai feh\u00e9r som kisebb sz\u00e1razs\u00e1got m\u00e9g elvisel\u0151. T\u00e9l\u00e1ll\u00f3s\u00e1ga kiv\u00e1l\u00f3, ak\u00e1r\u00a0-40\u00b0C-ot is b\u00edrja. F\u00e9nyig\u00e9nyes, legfeljebb m\u00e9g a f\u00e9l\u00e1rny\u00e9kot viseli el. T\u00e1panyagban gazdag, j\u00f3 v\u00edzelvezet\u00e9s\u0171 talajokon \u00e9rzi j\u00f3l mag\u00e1t.<\/span><\/p>","protected":false},"featured_media":5739,"template":"","meta":{"_et_pb_use_builder":"","_et_pb_old_content":"","_et_gb_content_width":""},"product_brand":[],"product_cat":[27],"product_tag":[1755,1756],"class_list":{"0":"post-5738","1":"product","2":"type-product","3":"status-publish","4":"has-post-thumbnail","6":"product_cat-cserjek","7":"product_tag-cornus-alba-sibirica-feher-viragu","8":"product_tag-voros-vesszeju-som","10":"first","11":"instock","12":"shipping-taxable","13":"purchasable","14":"product-type-simple"},"yoast_head":"<!-- This site is optimized with the Yoast SEO plugin v27.5 - https:\/\/yoast.com\/product\/yoast-seo-wordpress\/ -->\n<title>Cornus alba &#039;Sibirica&#039; - V\u00f6r\u00f6s vesszej\u0171 som - T\u00e1jkert\u00e9sz<\/title>\n<meta name=\"description\" content=\"Cornus alba &#039;Sibirica&#039; - V\u00f6r\u00f6s vesszej\u0171 som A\u00a0szib\u00e9riai feh\u00e9r som\u00a0fel\u00e1ll\u00f3 \u00e1g\u00fa\u00a0d\u00edszcserje. Hajt\u00e1sai, vessz\u0151i f\u00e9nyl\u0151-pirosak,\" \/>\n<meta name=\"robots\" content=\"index, follow, max-snippet:-1, max-image-preview:large, max-video-preview:-1\" \/>\n<link rel=\"canonical\" href=\"https:\/\/tajkertesz.com\/en_US\/product\/cornus-alba-sibirica-voros-vesszeju-som\/\" \/>\n<meta property=\"og:locale\" content=\"en_US\" \/>\n<meta property=\"og:type\" content=\"article\" \/>\n<meta property=\"og:title\" content=\"Cornus alba &#039;Sibirica&#039; - V\u00f6r\u00f6s vesszej\u0171 som - T\u00e1jkert\u00e9sz\" \/>\n<meta property=\"og:description\" content=\"Cornus alba &#039;Sibirica&#039; - V\u00f6r\u00f6s vesszej\u0171 som A\u00a0szib\u00e9riai feh\u00e9r som\u00a0fel\u00e1ll\u00f3 \u00e1g\u00fa\u00a0d\u00edszcserje. Hajt\u00e1sai, vessz\u0151i f\u00e9nyl\u0151-pirosak,\" \/>\n<meta property=\"og:url\" content=\"https:\/\/tajkertesz.com\/en_US\/product\/cornus-alba-sibirica-voros-vesszeju-som\/\" \/>\n<meta property=\"og:site_name\" content=\"T\u00e1jkert\u00e9sz\" \/>\n<meta property=\"article:publisher\" content=\"https:\/\/www.facebook.com\/Tajkertesz\/\" \/>\n<meta property=\"og:image\" content=\"https:\/\/tajkertesz.com\/wp-content\/uploads\/2021\/05\/11-1.jpg\" \/>\n\t<meta property=\"og:image:width\" content=\"654\" \/>\n\t<meta property=\"og:image:height\" content=\"459\" \/>\n\t<meta property=\"og:image:type\" content=\"image\/jpeg\" \/>\n<meta name=\"twitter:card\" content=\"summary_large_image\" \/>\n<meta name=\"twitter:label1\" content=\"Est. reading time\" \/>\n\t<meta name=\"twitter:data1\" content=\"2 minutes\" \/>\n<script type=\"application\/ld+json\" class=\"yoast-schema-graph\">{\"@context\":\"https:\\\/\\\/schema.org\",\"@graph\":[{\"@type\":\"WebPage\",\"@id\":\"https:\\\/\\\/tajkertesz.com\\\/termek\\\/cornus-alba-sibirica-voros-vesszeju-som\\\/\",\"url\":\"https:\\\/\\\/tajkertesz.com\\\/termek\\\/cornus-alba-sibirica-voros-vesszeju-som\\\/\",\"name\":\"Cornus alba 'Sibirica' - V\u00f6r\u00f6s vesszej\u0171 som - T\u00e1jkert\u00e9sz\",\"isPartOf\":{\"@id\":\"https:\\\/\\\/tajkertesz.com\\\/#website\"},\"primaryImageOfPage\":{\"@id\":\"https:\\\/\\\/tajkertesz.com\\\/termek\\\/cornus-alba-sibirica-voros-vesszeju-som\\\/#primaryimage\"},\"image\":{\"@id\":\"https:\\\/\\\/tajkertesz.com\\\/termek\\\/cornus-alba-sibirica-voros-vesszeju-som\\\/#primaryimage\"},\"thumbnailUrl\":\"https:\\\/\\\/tajkertesz.com\\\/wp-content\\\/uploads\\\/2021\\\/05\\\/11-1.jpg\",\"datePublished\":\"2025-03-28T11:29:13+00:00\",\"description\":\"Cornus alba 'Sibirica' - V\u00f6r\u00f6s vesszej\u0171 som A\u00a0szib\u00e9riai feh\u00e9r som\u00a0fel\u00e1ll\u00f3 \u00e1g\u00fa\u00a0d\u00edszcserje. Hajt\u00e1sai, vessz\u0151i f\u00e9nyl\u0151-pirosak,\",\"breadcrumb\":{\"@id\":\"https:\\\/\\\/tajkertesz.com\\\/termek\\\/cornus-alba-sibirica-voros-vesszeju-som\\\/#breadcrumb\"},\"inLanguage\":\"en-US\",\"potentialAction\":[{\"@type\":\"ReadAction\",\"target\":[\"https:\\\/\\\/tajkertesz.com\\\/termek\\\/cornus-alba-sibirica-voros-vesszeju-som\\\/\"]}]},{\"@type\":\"ImageObject\",\"inLanguage\":\"en-US\",\"@id\":\"https:\\\/\\\/tajkertesz.com\\\/termek\\\/cornus-alba-sibirica-voros-vesszeju-som\\\/#primaryimage\",\"url\":\"https:\\\/\\\/tajkertesz.com\\\/wp-content\\\/uploads\\\/2021\\\/05\\\/11-1.jpg\",\"contentUrl\":\"https:\\\/\\\/tajkertesz.com\\\/wp-content\\\/uploads\\\/2021\\\/05\\\/11-1.jpg\",\"width\":654,\"height\":459,\"caption\":\"Cornus alba 'Sibirica' - V\u00f6r\u00f6s vesszej\u0171 som\"},{\"@type\":\"BreadcrumbList\",\"@id\":\"https:\\\/\\\/tajkertesz.com\\\/termek\\\/cornus-alba-sibirica-voros-vesszeju-som\\\/#breadcrumb\",\"itemListElement\":[{\"@type\":\"ListItem\",\"position\":1,\"name\":\"Home\",\"item\":\"https:\\\/\\\/tajkertesz.com\\\/\"},{\"@type\":\"ListItem\",\"position\":2,\"name\":\"Kezd\u0151lap\",\"item\":\"https:\\\/\\\/tajkertesz.com\\\/\"},{\"@type\":\"ListItem\",\"position\":3,\"name\":\"Cornus alba &#8216;Sibirica&#8217; &#8211; V\u00f6r\u00f6s vesszej\u0171 som\"}]},{\"@type\":\"WebSite\",\"@id\":\"https:\\\/\\\/tajkertesz.com\\\/#website\",\"url\":\"https:\\\/\\\/tajkertesz.com\\\/\",\"name\":\"T\u00e1j-Kert\u00e9sz 84 Kft.\",\"description\":\"Kert\u00e9szeti kis- \u00e9s nagykeresked\u00e9s, D\u00edszn\u00f6v\u00e9ny web\u00e1ruh\u00e1z orsz\u00e1gos h\u00e1zhozsz\u00e1ll\u00edt\u00e1ssal!\",\"publisher\":{\"@id\":\"https:\\\/\\\/tajkertesz.com\\\/#organization\"},\"potentialAction\":[{\"@type\":\"SearchAction\",\"target\":{\"@type\":\"EntryPoint\",\"urlTemplate\":\"https:\\\/\\\/tajkertesz.com\\\/?s={search_term_string}\"},\"query-input\":{\"@type\":\"PropertyValueSpecification\",\"valueRequired\":true,\"valueName\":\"search_term_string\"}}],\"inLanguage\":\"en-US\"},{\"@type\":\"Organization\",\"@id\":\"https:\\\/\\\/tajkertesz.com\\\/#organization\",\"name\":\"T\u00e1j-Kert\u00e9sz 84 Kft.\",\"url\":\"https:\\\/\\\/tajkertesz.com\\\/\",\"logo\":{\"@type\":\"ImageObject\",\"inLanguage\":\"en-US\",\"@id\":\"https:\\\/\\\/tajkertesz.com\\\/#\\\/schema\\\/logo\\\/image\\\/\",\"url\":\"https:\\\/\\\/tajkertesz.com\\\/wp-content\\\/uploads\\\/2018\\\/02\\\/logo-2-e1518678052539.png\",\"contentUrl\":\"https:\\\/\\\/tajkertesz.com\\\/wp-content\\\/uploads\\\/2018\\\/02\\\/logo-2-e1518678052539.png\",\"width\":81,\"height\":140,\"caption\":\"T\u00e1j-Kert\u00e9sz 84 Kft.\"},\"image\":{\"@id\":\"https:\\\/\\\/tajkertesz.com\\\/#\\\/schema\\\/logo\\\/image\\\/\"},\"sameAs\":[\"https:\\\/\\\/www.facebook.com\\\/Tajkertesz\\\/\"]}]}<\/script>\n<!-- \/ Yoast SEO plugin. -->","yoast_head_json":{"title":"Cornus alba 'Sibirica' - V\u00f6r\u00f6s vesszej\u0171 som - T\u00e1jkert\u00e9sz","description":"Cornus alba 'Sibirica' - V\u00f6r\u00f6s vesszej\u0171 som A\u00a0szib\u00e9riai feh\u00e9r som\u00a0fel\u00e1ll\u00f3 \u00e1g\u00fa\u00a0d\u00edszcserje. Hajt\u00e1sai, vessz\u0151i f\u00e9nyl\u0151-pirosak,","robots":{"index":"index","follow":"follow","max-snippet":"max-snippet:-1","max-image-preview":"max-image-preview:large","max-video-preview":"max-video-preview:-1"},"canonical":"https:\/\/tajkertesz.com\/en_US\/product\/cornus-alba-sibirica-voros-vesszeju-som\/","og_locale":"en_US","og_type":"article","og_title":"Cornus alba 'Sibirica' - V\u00f6r\u00f6s vesszej\u0171 som - T\u00e1jkert\u00e9sz","og_description":"Cornus alba 'Sibirica' - V\u00f6r\u00f6s vesszej\u0171 som A\u00a0szib\u00e9riai feh\u00e9r som\u00a0fel\u00e1ll\u00f3 \u00e1g\u00fa\u00a0d\u00edszcserje. Hajt\u00e1sai, vessz\u0151i f\u00e9nyl\u0151-pirosak,","og_url":"https:\/\/tajkertesz.com\/en_US\/product\/cornus-alba-sibirica-voros-vesszeju-som\/","og_site_name":"T\u00e1jkert\u00e9sz","article_publisher":"https:\/\/www.facebook.com\/Tajkertesz\/","og_image":[{"width":654,"height":459,"url":"https:\/\/tajkertesz.com\/wp-content\/uploads\/2021\/05\/11-1.jpg","type":"image\/jpeg"}],"twitter_card":"summary_large_image","twitter_misc":{"Est. reading time":"2 minutes"},"schema":{"@context":"https:\/\/schema.org","@graph":[{"@type":"WebPage","@id":"https:\/\/tajkertesz.com\/termek\/cornus-alba-sibirica-voros-vesszeju-som\/","url":"https:\/\/tajkertesz.com\/termek\/cornus-alba-sibirica-voros-vesszeju-som\/","name":"Cornus alba 'Sibirica' - V\u00f6r\u00f6s vesszej\u0171 som - T\u00e1jkert\u00e9sz","isPartOf":{"@id":"https:\/\/tajkertesz.com\/#website"},"primaryImageOfPage":{"@id":"https:\/\/tajkertesz.com\/termek\/cornus-alba-sibirica-voros-vesszeju-som\/#primaryimage"},"image":{"@id":"https:\/\/tajkertesz.com\/termek\/cornus-alba-sibirica-voros-vesszeju-som\/#primaryimage"},"thumbnailUrl":"https:\/\/tajkertesz.com\/wp-content\/uploads\/2021\/05\/11-1.jpg","datePublished":"2025-03-28T11:29:13+00:00","description":"Cornus alba 'Sibirica' - V\u00f6r\u00f6s vesszej\u0171 som A\u00a0szib\u00e9riai feh\u00e9r som\u00a0fel\u00e1ll\u00f3 \u00e1g\u00fa\u00a0d\u00edszcserje. Hajt\u00e1sai, vessz\u0151i f\u00e9nyl\u0151-pirosak,","breadcrumb":{"@id":"https:\/\/tajkertesz.com\/termek\/cornus-alba-sibirica-voros-vesszeju-som\/#breadcrumb"},"inLanguage":"en-US","potentialAction":[{"@type":"ReadAction","target":["https:\/\/tajkertesz.com\/termek\/cornus-alba-sibirica-voros-vesszeju-som\/"]}]},{"@type":"ImageObject","inLanguage":"en-US","@id":"https:\/\/tajkertesz.com\/termek\/cornus-alba-sibirica-voros-vesszeju-som\/#primaryimage","url":"https:\/\/tajkertesz.com\/wp-content\/uploads\/2021\/05\/11-1.jpg","contentUrl":"https:\/\/tajkertesz.com\/wp-content\/uploads\/2021\/05\/11-1.jpg","width":654,"height":459,"caption":"Cornus alba 'Sibirica' - V\u00f6r\u00f6s vesszej\u0171 som"},{"@type":"BreadcrumbList","@id":"https:\/\/tajkertesz.com\/termek\/cornus-alba-sibirica-voros-vesszeju-som\/#breadcrumb","itemListElement":[{"@type":"ListItem","position":1,"name":"Home","item":"https:\/\/tajkertesz.com\/"},{"@type":"ListItem","position":2,"name":"Kezd\u0151lap","item":"https:\/\/tajkertesz.com\/"},{"@type":"ListItem","position":3,"name":"Cornus alba &#8216;Sibirica&#8217; &#8211; V\u00f6r\u00f6s vesszej\u0171 som"}]},{"@type":"WebSite","@id":"https:\/\/tajkertesz.com\/#website","url":"https:\/\/tajkertesz.com\/","name":"T\u00e1j-Kert\u00e9sz 84 Kft.","description":"Kert\u00e9szeti kis- \u00e9s nagykeresked\u00e9s, D\u00edszn\u00f6v\u00e9ny web\u00e1ruh\u00e1z orsz\u00e1gos h\u00e1zhozsz\u00e1ll\u00edt\u00e1ssal!","publisher":{"@id":"https:\/\/tajkertesz.com\/#organization"},"potentialAction":[{"@type":"SearchAction","target":{"@type":"EntryPoint","urlTemplate":"https:\/\/tajkertesz.com\/?s={search_term_string}"},"query-input":{"@type":"PropertyValueSpecification","valueRequired":true,"valueName":"search_term_string"}}],"inLanguage":"en-US"},{"@type":"Organization","@id":"https:\/\/tajkertesz.com\/#organization","name":"T\u00e1j-Kert\u00e9sz 84 Kft.","url":"https:\/\/tajkertesz.com\/","logo":{"@type":"ImageObject","inLanguage":"en-US","@id":"https:\/\/tajkertesz.com\/#\/schema\/logo\/image\/","url":"https:\/\/tajkertesz.com\/wp-content\/uploads\/2018\/02\/logo-2-e1518678052539.png","contentUrl":"https:\/\/tajkertesz.com\/wp-content\/uploads\/2018\/02\/logo-2-e1518678052539.png","width":81,"height":140,"caption":"T\u00e1j-Kert\u00e9sz 84 Kft."},"image":{"@id":"https:\/\/tajkertesz.com\/#\/schema\/logo\/image\/"},"sameAs":["https:\/\/www.facebook.com\/Tajkertesz\/"]}]}},"_links":{"self":[{"href":"https:\/\/tajkertesz.com\/en_US\/wp-json\/wp\/v2\/product\/5738","targetHints":{"allow":["GET"]}}],"collection":[{"href":"https:\/\/tajkertesz.com\/en_US\/wp-json\/wp\/v2\/product"}],"about":[{"href":"https:\/\/tajkertesz.com\/en_US\/wp-json\/wp\/v2\/types\/product"}],"wp:featuredmedia":[{"embeddable":true,"href":"https:\/\/tajkertesz.com\/en_US\/wp-json\/wp\/v2\/media\/5739"}],"wp:attachment":[{"href":"https:\/\/tajkertesz.com\/en_US\/wp-json\/wp\/v2\/media?parent=5738"}],"wp:term":[{"taxonomy":"product_brand","embeddable":true,"href":"https:\/\/tajkertesz.com\/en_US\/wp-json\/wp\/v2\/product_brand?post=5738"},{"taxonomy":"product_cat","embeddable":true,"href":"https:\/\/tajkertesz.com\/en_US\/wp-json\/wp\/v2\/product_cat?post=5738"},{"taxonomy":"product_tag","embeddable":true,"href":"https:\/\/tajkertesz.com\/en_US\/wp-json\/wp\/v2\/product_tag?post=5738"}],"curies":[{"name":"wp","href":"https:\/\/api.w.org\/{rel}","templated":true}]}}