{"id":6319,"date":"2021-06-11T09:20:16","date_gmt":"2021-06-11T09:20:16","guid":{"rendered":"https:\/\/tajkertesz.com\/?post_type=product&#038;p=6319"},"modified":"2025-08-03T10:10:09","modified_gmt":"2025-08-03T10:10:09","slug":"gyuszuvirag-digitalis-barackszinu","status":"publish","type":"product","link":"https:\/\/tajkertesz.com\/en_US\/product\/gyuszuvirag-digitalis-barackszinu\/","title":{"rendered":"Gy\u0171sz\u0171vir\u00e1g (Digitalis) &#8211; baracksz\u00edn\u0171"},"content":{"rendered":"<h3>Gy\u0171sz\u0171vir\u00e1g (Digitalis) &#8211; baracksz\u00edn\u0171<\/h3>\n<p>&nbsp;<\/p>\n<p>Gy\u0171sz\u0171vir\u00e1g (Digitalis) &#8211; baracksz\u00edn\u0171 az ajakos vir\u00e1g\u00faak rendj\u00e9hez \u00e9s az \u00fatif\u0171f\u00e9l\u00e9k csal\u00e1dj\u00e1hoz tartoz\u00f3 nemzets\u00e9g. Magyarorsz\u00e1gon is el\u0151fordul\u00f3 k\u00e9t\u00e9ves n\u00f6v\u00e9ny. Els\u0151 \u00e9vben a t\u0151r\u00f3zs\u00e1ja fejl\u0151dik ki \u00e9s m\u00e1sodik \u00e9vben vir\u00e1gzik. Sz\u00e1ra egy m\u00e9ter magasra n\u00f6v\u0151, levelei sz\u00f3rt \u00e1ll\u00e1s\u00faak, t\u0151levelei kezdetben t\u00f6m\u00f6tt lev\u00e9lr\u00f3zs\u00e1t alkotnak, \u00e9s vir\u00e1gz\u00e1skor elhervadnak. A vir\u00e1gok a sz\u00e1r cs\u00facs\u00e1n f\u00fcrt\u00f6kben helyezkednek el, melyeknek sz\u00edne z\u00f6ldess\u00e1rga, feh\u00e9res, olykor lil\u00e1san erezett. A n\u00f6v\u00e9ny m\u00e1jus-j\u00faniusban vir\u00e1gzik.A gyapjas gy\u0171sz\u0171vir\u00e1g a p\u00e1r\u00e1s, napos helyet szereti, j\u00f3l fejl\u0151dik homoktalajon is, de a meszes, t\u00e1pd\u00fas talaj a legalkalmasabb sz\u00e1m\u00e1ra. Lehet\u0151leg f\u00e9l\u00e1rny\u00e9kos helyre \u00fcltess\u00fck, de \u00e1rny\u00e9kban, s\u0151t f\u00e1k alatt is meg\u00e9l. A nyirkos t\u00e1panyagban gazdag talajt kedveli.<\/p>\n<p>kb. 15-20 cm<\/p>\n<p>K\u00e9szlet\u00fcnk napi szinten v\u00e1ltozik \u00edgy a v\u00e1ltoz\u00e1s jog\u00e1t fenntartjuk.<\/p>\n<p><strong>Csak szem\u00e9lyes \u00e1tv\u00e9tellel lehets\u00e9ges valamelyik kert\u00e9szet\u00fcnkben!<\/strong><\/p>\n<p>&nbsp;<\/p>\n<p><a href=\"https:\/\/tajkertesz.com\/\">https:\/\/tajkertesz.com\/<\/a><\/p>\n<p><a href=\"https:\/\/www.facebook.com\/tajkertesz\">https:\/\/www.facebook.com\/tajkertesz<\/a><\/p>\n<h6><span style=\"color: #ffffff;\">A\u00a0<b>bazsar\u00f3zsa<\/b>\u00a0<i>(Paeonia)<\/i>\u00a0a\u00a0<a class=\"mw-redirect\" style=\"color: #ffffff;\" title=\"Bazsar\u00f3zsaf\u00e9l\u00e9k\" href=\"https:\/\/hu.wikipedia.org\/wiki\/Bazsar%C3%B3zsaf%C3%A9l%C3%A9k\">bazsar\u00f3zsaf\u00e9l\u00e9k<\/a>\u00a0<i>(Paeoniaceae)<\/i>\u00a0<a style=\"color: #ffffff;\" title=\"Csal\u00e1d (rendszertan)\" href=\"https:\/\/hu.wikipedia.org\/wiki\/Csal%C3%A1d_(rendszertan)\">csal\u00e1dj\u00e1ba<\/a>\u00a0tartoz\u00f3\u00a0<a style=\"color: #ffffff;\" title=\"Nemzets\u00e9g (rendszertan)\" href=\"https:\/\/hu.wikipedia.org\/wiki\/Nemzets%C3%A9g_(rendszertan)\">n\u00f6v\u00e9nynemzets\u00e9g<\/a>, melyet kor\u00e1bban a\u00a0<a style=\"color: #ffffff;\" title=\"Bogl\u00e1rkaf\u00e9l\u00e9k\" href=\"https:\/\/hu.wikipedia.org\/wiki\/Bogl%C3%A1rkaf%C3%A9l%C3%A9k\">bogl\u00e1rkaf\u00e9l\u00e9k<\/a>\u00a0<i>(Ranunculaceae)<\/i>\u00a0csal\u00e1dj\u00e1ba soroltak. A nemzets\u00e9g tov\u00e1bbi nevei:\u00a0<b>pe\u00f3nia<\/b>,<sup id=\"cite_ref-Priszter_1999_1-0\" class=\"reference\"><a style=\"color: #ffffff;\" href=\"https:\/\/hu.wikipedia.org\/wiki\/Bazsar%C3%B3zsa_(n%C3%B6v%C3%A9nynemzets%C3%A9g)#cite_note-Priszter_1999-1\">[1]<\/a><\/sup>\u00a0<b>bazsar\u00f3zsacserje<\/b>.<sup id=\"cite_ref-Priszter_1999_1-1\" class=\"reference\"><a style=\"color: #ffffff;\" href=\"https:\/\/hu.wikipedia.org\/wiki\/Bazsar%C3%B3zsa_(n%C3%B6v%C3%A9nynemzets%C3%A9g)#cite_note-Priszter_1999-1\">[1]<\/a><\/sup>\u00a0Kb. 33 faj Eur\u00e1zsi\u00e1ban, egy pedig \u00c9szak-Amerik\u00e1ban honos.<\/span><\/h6>\n<h6><span style=\"color: #ffffff;\">A bazsar\u00f3zs\u00e1k nem k\u00f6zeli rokonaik a\u00a0<a style=\"color: #ffffff;\" title=\"R\u00f3zsa\" href=\"https:\/\/hu.wikipedia.org\/wiki\/R%C3%B3zsa\">r\u00f3zs\u00e1knak<\/a>\u00a0<i>(Rosa spp.)<\/i>, nev\u00fckben a\u00a0<i>r\u00f3zsa<\/i>\u00a0sz\u00f3t az azok\u00e9hoz hasonl\u00f3 vir\u00e1gaikr\u00f3l kaphatt\u00e1k.<\/span><\/h6>\n<h6><span style=\"color: #ffffff;\"><i>Bazsar\u00f3zs\u00e1<\/i>nak nevezik egyr\u00e9szt a\u00a0<i>Paeonia<\/i>\u00a0nemzets\u00e9get, m\u00e1sr\u00e9szt a\u00a0<a style=\"color: #ffffff;\" title=\"Kerti bazsar\u00f3zsa\" href=\"https:\/\/hu.wikipedia.org\/wiki\/Kerti_bazsar%C3%B3zsa\">kerti bazsar\u00f3zsa<\/a>\u00a0leggyakrabban termesztett fajt\u00e1j\u00e1t, a p\u00fcnk\u00f6sdir\u00f3zs\u00e1t\u00a0<i>(Paeonia officinalis<\/i>\u00a0subsp.\u00a0<i>officinalis<\/i>\u00a0cv.\u00a0<i>Rubra plena)<\/i>\u00a0is.<sup id=\"cite_ref-Priszter_1999_1-2\" class=\"reference\"><a style=\"color: #ffffff;\" href=\"https:\/\/hu.wikipedia.org\/wiki\/Bazsar%C3%B3zsa_(n%C3%B6v%C3%A9nynemzets%C3%A9g)#cite_note-Priszter_1999-1\">[1]<\/a><\/sup><\/span><\/h6>\n<h6><span id=\"Tulajdons.C3.A1gai\" style=\"color: #ffffff;\">T\u00f6bbs\u00e9g\u00e9ben lombhullat\u00f3 l\u00e1gy sz\u00e1r\u00fa fajok, de vannak cserje termet\u0171ek is, ez ut\u00f3bbiak mind K\u00edn\u00e1ban \u00e9lnek. Leveleik sz\u00f3rt \u00e1ll\u00e1s\u00faak, p\u00e1ratlanul sz\u00e1rnyasan \u00f6sszetettek. Vir\u00e1gaik \u00e1ltal\u00e1ban mag\u00e1nyosan \u00e1llnak, nagyok, feh\u00e9r, s\u00e1rga, r\u00f3zsasz\u00edn, piros vagy lil\u00e1s sz\u00edn\u0171ek. Term\u00e9se a hasi oldalon felny\u00edl\u00f3 t\u00fcsz\u0151, magja nagy, piros vagy fekete.<span id=\"back:Toth\" class=\"dokulink\"><sup id=\"cite_ref-Toth_-_-_-_-_-_-_-_-_-_-_-_2-0\" class=\"reference\"><a style=\"color: #ffffff;\" href=\"https:\/\/hu.wikipedia.org\/wiki\/Bazsar%C3%B3zsa_(n%C3%B6v%C3%A9nynemzets%C3%A9g)#cite_note-Toth_-_-_-_-_-_-_-_-_-_-_--2\">[<\/a><\/sup><\/span><\/span><\/h6>\n<h6><span style=\"color: #ffffff;\">A bazsar\u00f3zsa vagy peonia napf\u00e9nykedvel\u0151 n\u00f6v\u00e9ny, ez\u00e9rt olyan helyre \u00fcltess\u00fck a kertben, ahol eg\u00e9sz nap, de minimum 8 \u00f3r\u00e1n \u00e1t s\u00fcti a nap. T\u00e1panyagban gazdag talajban fejl\u0151dik a legjobban \u00e9s el\u0151nyben r\u00e9szes\u00edti a gyeng\u00e9n meszes\u00a0talajokat. \u00a0Teh\u00e1t j\u00f3 szerkezet\u0171, humuszban gazdag talajban, napos helyen vir\u00e1gzik a legszebben.<\/span><\/h6>\n","protected":false},"excerpt":{"rendered":"<h3>Gy\u0171sz\u0171vir\u00e1g (Digitalis) &#8211; baracksz\u00edn\u0171<\/h3>\n<p>&nbsp;<\/p>\n<p>Gy\u0171sz\u0171vir\u00e1g (Digitalis) &#8211; baracksz\u00edn\u0171 az ajakos vir\u00e1g\u00faak rendj\u00e9hez \u00e9s az \u00fatif\u0171f\u00e9l\u00e9k csal\u00e1dj\u00e1hoz tartoz\u00f3 nemzets\u00e9g. Magyarorsz\u00e1gon is el\u0151fordul\u00f3 k\u00e9t\u00e9ves n\u00f6v\u00e9ny. Els\u0151 \u00e9vben a t\u0151r\u00f3zs\u00e1ja fejl\u0151dik ki \u00e9s m\u00e1sodik \u00e9vben vir\u00e1gzik. Sz\u00e1ra egy m\u00e9ter magasra n\u00f6v\u0151, levelei sz\u00f3rt \u00e1ll\u00e1s\u00faak, t\u0151levelei kezdetben t\u00f6m\u00f6tt lev\u00e9lr\u00f3zs\u00e1t alkotnak, \u00e9s vir\u00e1gz\u00e1skor elhervadnak. A vir\u00e1gok a sz\u00e1r cs\u00facs\u00e1n f\u00fcrt\u00f6kben helyezkednek el, melyeknek sz\u00edne z\u00f6ldess\u00e1rga, feh\u00e9res, olykor lil\u00e1san erezett. A n\u00f6v\u00e9ny m\u00e1jus-j\u00faniusban vir\u00e1gzik.A gyapjas gy\u0171sz\u0171vir\u00e1g a p\u00e1r\u00e1s, napos helyet szereti, j\u00f3l fejl\u0151dik homoktalajon is, de a meszes, t\u00e1pd\u00fas talaj a legalkalmasabb sz\u00e1m\u00e1ra. Lehet\u0151leg f\u00e9l\u00e1rny\u00e9kos helyre \u00fcltess\u00fck, de \u00e1rny\u00e9kban, s\u0151t f\u00e1k alatt is meg\u00e9l. A nyirkos t\u00e1panyagban gazdag talajt kedveli.<\/p>","protected":false},"featured_media":6322,"template":"","meta":{"_et_pb_use_builder":"","_et_pb_old_content":"","_et_gb_content_width":""},"product_brand":[],"product_cat":[433],"product_tag":[1830],"class_list":{"0":"post-6319","1":"product","2":"type-product","3":"status-publish","4":"has-post-thumbnail","6":"product_cat-evelo-novenyek","7":"product_tag-gyuszuvirag-digitalis-barackszinu","9":"first","10":"outofstock","11":"shipping-taxable","12":"product-type-simple"},"yoast_head":"<!-- This site is optimized with the Yoast SEO plugin v27.5 - https:\/\/yoast.com\/product\/yoast-seo-wordpress\/ -->\n<title>Gy\u0171sz\u0171vir\u00e1g (Digitalis) - baracksz\u00edn\u0171 - T\u00e1jkert\u00e9sz<\/title>\n<meta name=\"description\" content=\"Gy\u0171sz\u0171vir\u00e1g (Digitalis) - baracksz\u00edn\u0171 az ajakos vir\u00e1g\u00faak rendj\u00e9hez \u00e9s az \u00fatif\u0171f\u00e9l\u00e9k csal\u00e1dj\u00e1hoz tartoz\u00f3 nemzets\u00e9g. Magyarorsz\u00e1gon is\" \/>\n<meta name=\"robots\" content=\"index, follow, max-snippet:-1, max-image-preview:large, max-video-preview:-1\" \/>\n<link rel=\"canonical\" href=\"https:\/\/tajkertesz.com\/en_US\/product\/gyuszuvirag-digitalis-barackszinu\/\" \/>\n<meta property=\"og:locale\" content=\"en_US\" \/>\n<meta property=\"og:type\" content=\"article\" \/>\n<meta property=\"og:title\" content=\"Gy\u0171sz\u0171vir\u00e1g (Digitalis) - baracksz\u00edn\u0171 - T\u00e1jkert\u00e9sz\" \/>\n<meta property=\"og:description\" content=\"Gy\u0171sz\u0171vir\u00e1g (Digitalis) - baracksz\u00edn\u0171 az ajakos vir\u00e1g\u00faak rendj\u00e9hez \u00e9s az \u00fatif\u0171f\u00e9l\u00e9k csal\u00e1dj\u00e1hoz tartoz\u00f3 nemzets\u00e9g. Magyarorsz\u00e1gon is\" \/>\n<meta property=\"og:url\" content=\"https:\/\/tajkertesz.com\/en_US\/product\/gyuszuvirag-digitalis-barackszinu\/\" \/>\n<meta property=\"og:site_name\" content=\"T\u00e1jkert\u00e9sz\" \/>\n<meta property=\"article:publisher\" content=\"https:\/\/www.facebook.com\/Tajkertesz\/\" \/>\n<meta property=\"article:modified_time\" content=\"2025-08-03T10:10:09+00:00\" \/>\n<meta property=\"og:image\" content=\"https:\/\/tajkertesz.com\/wp-content\/uploads\/2021\/06\/IMG_20210611_092758.jpg\" \/>\n\t<meta property=\"og:image:width\" content=\"384\" \/>\n\t<meta property=\"og:image:height\" content=\"480\" \/>\n\t<meta property=\"og:image:type\" content=\"image\/jpeg\" \/>\n<meta name=\"twitter:card\" content=\"summary_large_image\" \/>\n<meta name=\"twitter:label1\" content=\"Est. reading time\" \/>\n\t<meta name=\"twitter:data1\" content=\"2 minutes\" \/>\n<script type=\"application\/ld+json\" class=\"yoast-schema-graph\">{\"@context\":\"https:\\\/\\\/schema.org\",\"@graph\":[{\"@type\":\"WebPage\",\"@id\":\"https:\\\/\\\/tajkertesz.com\\\/termek\\\/gyuszuvirag-digitalis-barackszinu\\\/\",\"url\":\"https:\\\/\\\/tajkertesz.com\\\/termek\\\/gyuszuvirag-digitalis-barackszinu\\\/\",\"name\":\"Gy\u0171sz\u0171vir\u00e1g (Digitalis) - baracksz\u00edn\u0171 - T\u00e1jkert\u00e9sz\",\"isPartOf\":{\"@id\":\"https:\\\/\\\/tajkertesz.com\\\/#website\"},\"primaryImageOfPage\":{\"@id\":\"https:\\\/\\\/tajkertesz.com\\\/termek\\\/gyuszuvirag-digitalis-barackszinu\\\/#primaryimage\"},\"image\":{\"@id\":\"https:\\\/\\\/tajkertesz.com\\\/termek\\\/gyuszuvirag-digitalis-barackszinu\\\/#primaryimage\"},\"thumbnailUrl\":\"https:\\\/\\\/tajkertesz.com\\\/wp-content\\\/uploads\\\/2021\\\/06\\\/IMG_20210611_092758.jpg\",\"datePublished\":\"2021-06-11T09:20:16+00:00\",\"dateModified\":\"2025-08-03T10:10:09+00:00\",\"description\":\"Gy\u0171sz\u0171vir\u00e1g (Digitalis) - baracksz\u00edn\u0171 az ajakos vir\u00e1g\u00faak rendj\u00e9hez \u00e9s az \u00fatif\u0171f\u00e9l\u00e9k csal\u00e1dj\u00e1hoz tartoz\u00f3 nemzets\u00e9g. Magyarorsz\u00e1gon is\",\"breadcrumb\":{\"@id\":\"https:\\\/\\\/tajkertesz.com\\\/termek\\\/gyuszuvirag-digitalis-barackszinu\\\/#breadcrumb\"},\"inLanguage\":\"en-US\",\"potentialAction\":[{\"@type\":\"ReadAction\",\"target\":[\"https:\\\/\\\/tajkertesz.com\\\/termek\\\/gyuszuvirag-digitalis-barackszinu\\\/\"]}]},{\"@type\":\"ImageObject\",\"inLanguage\":\"en-US\",\"@id\":\"https:\\\/\\\/tajkertesz.com\\\/termek\\\/gyuszuvirag-digitalis-barackszinu\\\/#primaryimage\",\"url\":\"https:\\\/\\\/tajkertesz.com\\\/wp-content\\\/uploads\\\/2021\\\/06\\\/IMG_20210611_092758.jpg\",\"contentUrl\":\"https:\\\/\\\/tajkertesz.com\\\/wp-content\\\/uploads\\\/2021\\\/06\\\/IMG_20210611_092758.jpg\",\"width\":384,\"height\":480,\"caption\":\"hdr\"},{\"@type\":\"BreadcrumbList\",\"@id\":\"https:\\\/\\\/tajkertesz.com\\\/termek\\\/gyuszuvirag-digitalis-barackszinu\\\/#breadcrumb\",\"itemListElement\":[{\"@type\":\"ListItem\",\"position\":1,\"name\":\"Home\",\"item\":\"https:\\\/\\\/tajkertesz.com\\\/\"},{\"@type\":\"ListItem\",\"position\":2,\"name\":\"Kezd\u0151lap\",\"item\":\"https:\\\/\\\/tajkertesz.com\\\/\"},{\"@type\":\"ListItem\",\"position\":3,\"name\":\"Gy\u0171sz\u0171vir\u00e1g (Digitalis) &#8211; baracksz\u00edn\u0171\"}]},{\"@type\":\"WebSite\",\"@id\":\"https:\\\/\\\/tajkertesz.com\\\/#website\",\"url\":\"https:\\\/\\\/tajkertesz.com\\\/\",\"name\":\"T\u00e1j-Kert\u00e9sz 84 Kft.\",\"description\":\"Kert\u00e9szeti kis- \u00e9s nagykeresked\u00e9s, D\u00edszn\u00f6v\u00e9ny web\u00e1ruh\u00e1z orsz\u00e1gos h\u00e1zhozsz\u00e1ll\u00edt\u00e1ssal!\",\"publisher\":{\"@id\":\"https:\\\/\\\/tajkertesz.com\\\/#organization\"},\"potentialAction\":[{\"@type\":\"SearchAction\",\"target\":{\"@type\":\"EntryPoint\",\"urlTemplate\":\"https:\\\/\\\/tajkertesz.com\\\/?s={search_term_string}\"},\"query-input\":{\"@type\":\"PropertyValueSpecification\",\"valueRequired\":true,\"valueName\":\"search_term_string\"}}],\"inLanguage\":\"en-US\"},{\"@type\":\"Organization\",\"@id\":\"https:\\\/\\\/tajkertesz.com\\\/#organization\",\"name\":\"T\u00e1j-Kert\u00e9sz 84 Kft.\",\"url\":\"https:\\\/\\\/tajkertesz.com\\\/\",\"logo\":{\"@type\":\"ImageObject\",\"inLanguage\":\"en-US\",\"@id\":\"https:\\\/\\\/tajkertesz.com\\\/#\\\/schema\\\/logo\\\/image\\\/\",\"url\":\"https:\\\/\\\/tajkertesz.com\\\/wp-content\\\/uploads\\\/2018\\\/02\\\/logo-2-e1518678052539.png\",\"contentUrl\":\"https:\\\/\\\/tajkertesz.com\\\/wp-content\\\/uploads\\\/2018\\\/02\\\/logo-2-e1518678052539.png\",\"width\":81,\"height\":140,\"caption\":\"T\u00e1j-Kert\u00e9sz 84 Kft.\"},\"image\":{\"@id\":\"https:\\\/\\\/tajkertesz.com\\\/#\\\/schema\\\/logo\\\/image\\\/\"},\"sameAs\":[\"https:\\\/\\\/www.facebook.com\\\/Tajkertesz\\\/\"]}]}<\/script>\n<!-- \/ Yoast SEO plugin. -->","yoast_head_json":{"title":"Gy\u0171sz\u0171vir\u00e1g (Digitalis) - baracksz\u00edn\u0171 - T\u00e1jkert\u00e9sz","description":"Gy\u0171sz\u0171vir\u00e1g (Digitalis) - baracksz\u00edn\u0171 az ajakos vir\u00e1g\u00faak rendj\u00e9hez \u00e9s az \u00fatif\u0171f\u00e9l\u00e9k csal\u00e1dj\u00e1hoz tartoz\u00f3 nemzets\u00e9g. Magyarorsz\u00e1gon is","robots":{"index":"index","follow":"follow","max-snippet":"max-snippet:-1","max-image-preview":"max-image-preview:large","max-video-preview":"max-video-preview:-1"},"canonical":"https:\/\/tajkertesz.com\/en_US\/product\/gyuszuvirag-digitalis-barackszinu\/","og_locale":"en_US","og_type":"article","og_title":"Gy\u0171sz\u0171vir\u00e1g (Digitalis) - baracksz\u00edn\u0171 - T\u00e1jkert\u00e9sz","og_description":"Gy\u0171sz\u0171vir\u00e1g (Digitalis) - baracksz\u00edn\u0171 az ajakos vir\u00e1g\u00faak rendj\u00e9hez \u00e9s az \u00fatif\u0171f\u00e9l\u00e9k csal\u00e1dj\u00e1hoz tartoz\u00f3 nemzets\u00e9g. Magyarorsz\u00e1gon is","og_url":"https:\/\/tajkertesz.com\/en_US\/product\/gyuszuvirag-digitalis-barackszinu\/","og_site_name":"T\u00e1jkert\u00e9sz","article_publisher":"https:\/\/www.facebook.com\/Tajkertesz\/","article_modified_time":"2025-08-03T10:10:09+00:00","og_image":[{"width":384,"height":480,"url":"https:\/\/tajkertesz.com\/wp-content\/uploads\/2021\/06\/IMG_20210611_092758.jpg","type":"image\/jpeg"}],"twitter_card":"summary_large_image","twitter_misc":{"Est. reading time":"2 minutes"},"schema":{"@context":"https:\/\/schema.org","@graph":[{"@type":"WebPage","@id":"https:\/\/tajkertesz.com\/termek\/gyuszuvirag-digitalis-barackszinu\/","url":"https:\/\/tajkertesz.com\/termek\/gyuszuvirag-digitalis-barackszinu\/","name":"Gy\u0171sz\u0171vir\u00e1g (Digitalis) - baracksz\u00edn\u0171 - T\u00e1jkert\u00e9sz","isPartOf":{"@id":"https:\/\/tajkertesz.com\/#website"},"primaryImageOfPage":{"@id":"https:\/\/tajkertesz.com\/termek\/gyuszuvirag-digitalis-barackszinu\/#primaryimage"},"image":{"@id":"https:\/\/tajkertesz.com\/termek\/gyuszuvirag-digitalis-barackszinu\/#primaryimage"},"thumbnailUrl":"https:\/\/tajkertesz.com\/wp-content\/uploads\/2021\/06\/IMG_20210611_092758.jpg","datePublished":"2021-06-11T09:20:16+00:00","dateModified":"2025-08-03T10:10:09+00:00","description":"Gy\u0171sz\u0171vir\u00e1g (Digitalis) - baracksz\u00edn\u0171 az ajakos vir\u00e1g\u00faak rendj\u00e9hez \u00e9s az \u00fatif\u0171f\u00e9l\u00e9k csal\u00e1dj\u00e1hoz tartoz\u00f3 nemzets\u00e9g. Magyarorsz\u00e1gon is","breadcrumb":{"@id":"https:\/\/tajkertesz.com\/termek\/gyuszuvirag-digitalis-barackszinu\/#breadcrumb"},"inLanguage":"en-US","potentialAction":[{"@type":"ReadAction","target":["https:\/\/tajkertesz.com\/termek\/gyuszuvirag-digitalis-barackszinu\/"]}]},{"@type":"ImageObject","inLanguage":"en-US","@id":"https:\/\/tajkertesz.com\/termek\/gyuszuvirag-digitalis-barackszinu\/#primaryimage","url":"https:\/\/tajkertesz.com\/wp-content\/uploads\/2021\/06\/IMG_20210611_092758.jpg","contentUrl":"https:\/\/tajkertesz.com\/wp-content\/uploads\/2021\/06\/IMG_20210611_092758.jpg","width":384,"height":480,"caption":"hdr"},{"@type":"BreadcrumbList","@id":"https:\/\/tajkertesz.com\/termek\/gyuszuvirag-digitalis-barackszinu\/#breadcrumb","itemListElement":[{"@type":"ListItem","position":1,"name":"Home","item":"https:\/\/tajkertesz.com\/"},{"@type":"ListItem","position":2,"name":"Kezd\u0151lap","item":"https:\/\/tajkertesz.com\/"},{"@type":"ListItem","position":3,"name":"Gy\u0171sz\u0171vir\u00e1g (Digitalis) &#8211; baracksz\u00edn\u0171"}]},{"@type":"WebSite","@id":"https:\/\/tajkertesz.com\/#website","url":"https:\/\/tajkertesz.com\/","name":"T\u00e1j-Kert\u00e9sz 84 Kft.","description":"Kert\u00e9szeti kis- \u00e9s nagykeresked\u00e9s, D\u00edszn\u00f6v\u00e9ny web\u00e1ruh\u00e1z orsz\u00e1gos h\u00e1zhozsz\u00e1ll\u00edt\u00e1ssal!","publisher":{"@id":"https:\/\/tajkertesz.com\/#organization"},"potentialAction":[{"@type":"SearchAction","target":{"@type":"EntryPoint","urlTemplate":"https:\/\/tajkertesz.com\/?s={search_term_string}"},"query-input":{"@type":"PropertyValueSpecification","valueRequired":true,"valueName":"search_term_string"}}],"inLanguage":"en-US"},{"@type":"Organization","@id":"https:\/\/tajkertesz.com\/#organization","name":"T\u00e1j-Kert\u00e9sz 84 Kft.","url":"https:\/\/tajkertesz.com\/","logo":{"@type":"ImageObject","inLanguage":"en-US","@id":"https:\/\/tajkertesz.com\/#\/schema\/logo\/image\/","url":"https:\/\/tajkertesz.com\/wp-content\/uploads\/2018\/02\/logo-2-e1518678052539.png","contentUrl":"https:\/\/tajkertesz.com\/wp-content\/uploads\/2018\/02\/logo-2-e1518678052539.png","width":81,"height":140,"caption":"T\u00e1j-Kert\u00e9sz 84 Kft."},"image":{"@id":"https:\/\/tajkertesz.com\/#\/schema\/logo\/image\/"},"sameAs":["https:\/\/www.facebook.com\/Tajkertesz\/"]}]}},"_links":{"self":[{"href":"https:\/\/tajkertesz.com\/en_US\/wp-json\/wp\/v2\/product\/6319","targetHints":{"allow":["GET"]}}],"collection":[{"href":"https:\/\/tajkertesz.com\/en_US\/wp-json\/wp\/v2\/product"}],"about":[{"href":"https:\/\/tajkertesz.com\/en_US\/wp-json\/wp\/v2\/types\/product"}],"wp:featuredmedia":[{"embeddable":true,"href":"https:\/\/tajkertesz.com\/en_US\/wp-json\/wp\/v2\/media\/6322"}],"wp:attachment":[{"href":"https:\/\/tajkertesz.com\/en_US\/wp-json\/wp\/v2\/media?parent=6319"}],"wp:term":[{"taxonomy":"product_brand","embeddable":true,"href":"https:\/\/tajkertesz.com\/en_US\/wp-json\/wp\/v2\/product_brand?post=6319"},{"taxonomy":"product_cat","embeddable":true,"href":"https:\/\/tajkertesz.com\/en_US\/wp-json\/wp\/v2\/product_cat?post=6319"},{"taxonomy":"product_tag","embeddable":true,"href":"https:\/\/tajkertesz.com\/en_US\/wp-json\/wp\/v2\/product_tag?post=6319"}],"curies":[{"name":"wp","href":"https:\/\/api.w.org\/{rel}","templated":true}]}}